{"id":2740,"date":"2007-10-29T00:00:00","date_gmt":"2007-10-29T00:00:00","guid":{"rendered":"https:\/\/newsroom.ferrovial.com\/news\/el-consejo-de-ministros-aprueba-la-nueva-normativa-de-proteccion-frente-al-ruido\/"},"modified":"2022-12-21T11:15:24","modified_gmt":"2022-12-21T10:15:24","slug":"el-consejo-de-ministros-aprueba-la-nueva-normativa-de-proteccion-frente-al-ruido","status":"publish","type":"new","link":"https:\/\/newsroom.ferrovial.com\/es\/noticias\/el-consejo-de-ministros-aprueba-la-nueva-normativa-de-proteccion-frente-al-ruido\/","title":{"rendered":"El Consejo de Ministros aprueba la nueva normativa de protecci\u00f3n frente al ruido"},"content":{"rendered":"    <section class=\"wysiwyg text-editor \" id=\"\">\n        <div class=\"container container--narrow container--p-10\">\n            <p>(<a href=\"http:\/\/www.construarea.com\/Construarea\/\" target=\"_blank\"><span style=\"text-decoration: underline;\">www.construarea.com<\/span><\/a>).- Tras el visto bueno del Consejo de la Sostenibilidad y el dictamen favorable del Consejo de Estado, el Consejo de Ministros ha dado luz verde al Real Decreto por el que se aprueba el Documento B\u00e1sico de Protecci\u00f3n Frente al Ruido que completa el C\u00f3digo T\u00e9cnico de la Edificaci\u00f3n aprobado por el Ministerio de Vivienda en marzo de 2006.<\/p>\n<p>La nueva normativa, que se aplicar\u00e1 a los edificios nuevos, tanto los destinados a viviendas, como los de uso sanitario, docente, administrativo, sociocultural, etc., introduce elementos novedosos sobre materiales y t\u00e9cnicas de construcci\u00f3n para lograr edificios m\u00e1s libres de contaminaci\u00f3n ac\u00fastica.<\/p>\n<p>Su aplicaci\u00f3n, por tanto, pondr\u00e1 fin a las molestias por ruidos generados tanto en el exterior como en el interior de las viviendas que actualmente padecen casi un tercio de los hogares espa\u00f1oles. Unas molestias causantes de patolog\u00edas como el trastorno del sue\u00f1o, p\u00e9rdida de atenci\u00f3n y rendimiento, cambios de conducta, etc. y que pueden llegar incluso a causar riesgos para la salud y problemas de estr\u00e9s.<\/p>\n<p><strong>Novedades del Documento B\u00e1sico Protecci\u00f3n frente al ruido<\/strong><\/p>\n<p><strong><\/strong>El principal objetivo de la nueva normativa es solucionar las carencias de la legislaci\u00f3n actual vigente en cuanto a las condiciones ac\u00fasticas de la edificaci\u00f3n para reducir los riesgos y molestias provocados por el ruido a sus usarios.<\/p>\n<p>Las principales medidas del Documento B\u00e1sico de Protecci\u00f3n frente al ruido son:<\/p>\n<ul>\n<li>Mejora de los niveles de aislamiento incrementando las exigencias hasta en m\u00e1s de tres veces, equipar\u00e1ndonos al resto de pa\u00edses de nuestro comunitario. As\u00ed, se aumentan los niveles de aislamiento a ruido a\u00e9reo (m\u00fasica, gritos, voces&#8230;) y a ruido de impacto (golpes, taconeos&#8230;) exigidos entre recintos pasando de 45 decibelios en laboratorio a 50 decibelios efectivos, es decir, en comportamiento real<\/li>\n<li>Verificaci\u00f3n del cumplimiento de las exigencias de aislamiento mediante par\u00e1metros verificables en una medici\u00f3n in situ.<\/li>\n<li>Las exigencias afectar\u00e1n a todos los elementos constructivos que conforman un recinto (tabiques, forjados, cubiertas y fachadas) y no s\u00f3lo al elemento de separaci\u00f3n entre los recintos como ven\u00eda siendo hasta ahora. &#8211; Se regula el eco y las malas condiciones ac\u00fasticas, cuantificando el tiempo de reverberaci\u00f3n en recintos como aulas, comedores, restaurantes y salas de conferencias.<\/li>\n<li>Se introducen nuevas reglas constructivas para disminuir el ruido de las instalaciones de fontaner\u00eda y saneamiento (bajantes, ascensores, etc.) y m\u00e9todos y pr\u00e1cticas para minimizar la transmisi\u00f3n de ruido y vibraciones provocadas por las instalaciones.<\/li>\n<\/ul>\n<p><strong>Innovaci\u00f3n en materiales y sistemas constructivos<\/strong><\/p>\n<p><strong><\/strong>Adem\u00e1s, con la puesta en marcha de este documento se impulsar\u00e1n nuevas investigaciones que desarrollar\u00e1n diversos y mejores materiales y sistemas de aislamiento ac\u00fastico que proporcionar\u00e1n protecci\u00f3n frente al ruido a los ocupantes de los edificios sin deteriorar el ambiente ac\u00fastico del entorno.<\/p>\n<p>Se fomenta por tanto, la innovaci\u00f3n y el desarrollo tecnol\u00f3gico tanto en los procedimientos de edificaci\u00f3n como en los materiales de construcci\u00f3n aplicables a soluciones constructivas ac\u00fasticas.<\/p>\n<p><strong>Motivos para la revisi\u00f3n de la normativa actual<\/strong><\/p>\n<p><strong><\/strong>Con la aprobaci\u00f3n de estas nuevas exigencias el Gobierno realiza una gran reforma en materia de edificaci\u00f3n sobre contaminaci\u00f3n ac\u00fastica situando a Espa\u00f1a entre los pa\u00edses m\u00e1s innovadores en materia de edificaci\u00f3n.<\/p>\n<p>Los principales motivos para la revisi\u00f3n de la normativa actual son:<\/p>\n<ul>\n<li>La necesidad de adaptaci\u00f3n a la nueva reglamentaci\u00f3n europea (Directiva de Productos de Construcci\u00f3n) y a otras leyes estatales (Ley del Ruido o la Ley de Ordenaci\u00f3n de la Edificaci\u00f3n).<\/li>\n<li>La nueva normativa surge como respuesta a la mayor concienciaci\u00f3n social con los problemas del ruido y a la demanda ciudadana de mayor confort ac\u00fastico de las viviendas. (Seg\u00fan el censo de poblaci\u00f3n y viviendas del INE -2001-, m\u00e1s de 13 millones de espa\u00f1oles tienen problemas de ruidos en su vivienda).<\/li>\n<li>En este sentido, la normativa actual vigente s\u00f3lo contempla el aislamiento ac\u00fastico, dejando otros aspectos sin regular como el aislamiento de la fachada en funci\u00f3n del ruido exterior, el ruido reverberante en determinados locales, o la posibilidad de verificaci\u00f3n de los niveles de ruido con medidas in situ.<\/li>\n<li>Adem\u00e1s, la anterior normativa no permit\u00eda la comprobaci\u00f3n de sus exigencias mediante mediciones efectivas, ya que el an\u00e1lisis del aislamiento de los elementos constructivos en proyecto (como ven\u00eda siendo hasta ahora) no refleja el comportamiento y el aislamiento real de las soluciones constructivas. Ahora, con la aplicaci\u00f3n de este documento b\u00e1sico se podr\u00e1n realizar en los edificios mediciones que comprueben el cumplimiento de las nuevas exigencias.<\/li>\n<\/ul>\n<p><strong>Relaci\u00f3n entre el Documento B\u00e1sico de Protecci\u00f3n y la Ley del Ruido<\/strong><\/p>\n<p><strong><\/strong>El desarrollo reglamentario de la Ley del Ruido tiene importantes repercusiones en este documento b\u00e1sico, puesto que en aqu\u00e9lla se establecen objetivos de calidad ac\u00fastica, a trav\u00e9s de los \u00edndices de inmisi\u00f3n de ruido y vibraciones, que deben cumplirse incluso en el interior de los edificios y a los que hemos tenido que dar respuesta en nuestro documento, con las exigencias de aislamiento ac\u00fastico de las fachadas de los edificios. Para ello, ambos departamentos, Ministerio de Vivienda y Ministerio de Medio Ambiente, han estado colaborando estrechamente y coordinando sus documentos desde el inicio de la redacci\u00f3n de los mismos.<\/p>\n<p>El Documento B\u00e1sico entrar\u00e1 en vigor al d\u00eda siguiente de su publicaci\u00f3n en el BOE. No obstante, para permitir la adaptaci\u00f3n al mismo del sector de la edificaci\u00f3n, se establece un periodo de aplicaci\u00f3n voluntaria de doce meses durante los cuales podr\u00e1 aplicarse, si se prefiere, la Norma B\u00e1sica de la Edificaci\u00f3n NBE CA-88, sobre Condiciones ac\u00fasticas en los edificios, actualmente vigente.<\/p>\n<p>Se estima que la entrada en vigor del Documento B\u00e1sico de Protecci\u00f3n frente al ruido supondr\u00e1 tan s\u00f3lo un incremento medio del coste de construcci\u00f3n de entre un 0,33 y un 0,75%.<\/p>\n<p><strong>El C\u00f3digo T\u00e9cnico de la Edificaci\u00f3n<\/strong><\/p>\n<p><strong><\/strong>El C\u00f3digo T\u00e9cnico de la Edificaci\u00f3n entr\u00f3 en vigor el 29 de septiembre de 2006 siendo entonces de obligado cumplimiento los Documentos B\u00e1sicos correspondientes a Seguridad en caso de Incendio, Seguridad de Utilizaci\u00f3n y Ahorro de Energ\u00eda. Posteriormente, el 29 de marzo se sumaron a la normativa el Documento de Seguridad Estructural, donde se establecen cuestiones relacionadas con las bases de c\u00e1lculo, la edificaci\u00f3n, los cimientos y las estructuras de acero, y el Documento de Salubridad, donde se regulan aspectos como la protecci\u00f3n frente a la humedad, la recogida y evacuaci\u00f3n de residuos o la calidad del aire interior.<\/p>\n<p>Con su aprobaci\u00f3n el Gobierno da respuesta a la demanda social de mayor calidad y garant\u00eda en la edificaci\u00f3n, potenciando la eficiencia energ\u00e9tica y el uso de las energ\u00edas renovables e incentivando la competitividad y productividad de las empresas dedicadas a la edificaci\u00f3n.<\/p>\n        <\/div>\n    <\/section>\n","protected":false},"excerpt":{"rendered":"","protected":false},"featured_media":0,"menu_order":0,"comment_status":"closed","ping_status":"closed","template":"","nivel-2":[936],"nivel-5":[],"nivel-1":[],"nivel-3":[],"nivel-4":[],"class_list":["post-2740","new","type-new","status-publish","hentry","nivel-2-conservacion-del-medio-ambiente"],"acf":[],"yoast_head":"<title>El Consejo de Ministros aprueba la nueva normativa de protecci\u00f3n frente al ruido Sala de prensa Ferrovial | \u00daltimas noticias<\/title>\n<meta name=\"description\" content=\"Sala de prensa Ferrovial | \u00daltimas noticias\" \/>\n<meta name=\"robots\" content=\"index, follow, max-snippet:-1, max-image-preview:large, max-video-preview:-1\" \/>\n<link rel=\"canonical\" href=\"https:\/\/newsroom.ferrovial.com\/es\/noticias\/el-consejo-de-ministros-aprueba-la-nueva-normativa-de-proteccion-frente-al-ruido\/\" \/>\n<meta property=\"og:locale\" content=\"es_ES\" \/>\n<meta property=\"og:type\" content=\"article\" \/>\n<meta property=\"og:title\" content=\"El Consejo de Ministros aprueba la nueva normativa de protecci\u00f3n frente al ruido Sala de prensa Ferrovial | \u00daltimas noticias\" \/>\n<meta property=\"og:description\" content=\"Sala de prensa Ferrovial | \u00daltimas noticias\" \/>\n<meta property=\"og:url\" content=\"https:\/\/newsroom.ferrovial.com\/es\/noticias\/el-consejo-de-ministros-aprueba-la-nueva-normativa-de-proteccion-frente-al-ruido\/\" \/>\n<meta property=\"og:site_name\" content=\"Sala de prensa Ferrovial | \u00daltimas noticias\" \/>\n<meta property=\"article:publisher\" content=\"https:\/\/www.facebook.com\/ferrovial\" \/>\n<meta property=\"article:modified_time\" content=\"2022-12-21T10:15:24+00:00\" \/>\n<meta name=\"twitter:card\" content=\"summary_large_image\" \/>\n<meta name=\"twitter:site\" content=\"@ferrovial\" \/>\n<script type=\"application\/ld+json\" class=\"yoast-schema-graph\">{\"@context\":\"https:\/\/schema.org\",\"@graph\":[{\"@type\":\"WebPage\",\"@id\":\"https:\/\/newsroom.ferrovial.com\/es\/noticias\/el-consejo-de-ministros-aprueba-la-nueva-normativa-de-proteccion-frente-al-ruido\/\",\"url\":\"https:\/\/newsroom.ferrovial.com\/es\/noticias\/el-consejo-de-ministros-aprueba-la-nueva-normativa-de-proteccion-frente-al-ruido\/\",\"name\":\"El Consejo de Ministros aprueba la nueva normativa de protecci\u00f3n frente al ruido Sala de prensa Ferrovial | \u00daltimas noticias\",\"isPartOf\":{\"@id\":\"https:\/\/newsroom.ferrovial.com\/es\/#website\"},\"datePublished\":\"2007-10-29T00:00:00+00:00\",\"dateModified\":\"2022-12-21T10:15:24+00:00\",\"description\":\"Sala de prensa Ferrovial | \u00daltimas noticias\",\"breadcrumb\":{\"@id\":\"https:\/\/newsroom.ferrovial.com\/es\/noticias\/el-consejo-de-ministros-aprueba-la-nueva-normativa-de-proteccion-frente-al-ruido\/#breadcrumb\"},\"inLanguage\":\"es\",\"potentialAction\":[{\"@type\":\"ReadAction\",\"target\":[\"https:\/\/newsroom.ferrovial.com\/es\/noticias\/el-consejo-de-ministros-aprueba-la-nueva-normativa-de-proteccion-frente-al-ruido\/\"]}]},{\"@type\":\"BreadcrumbList\",\"@id\":\"https:\/\/newsroom.ferrovial.com\/es\/noticias\/el-consejo-de-ministros-aprueba-la-nueva-normativa-de-proteccion-frente-al-ruido\/#breadcrumb\",\"itemListElement\":[{\"@type\":\"ListItem\",\"position\":1,\"name\":\"Portada\",\"item\":\"https:\/\/newsroom.ferrovial.com\/es\/\"},{\"@type\":\"ListItem\",\"position\":2,\"name\":\"El Consejo de Ministros aprueba la nueva normativa de protecci\u00f3n frente al ruido\"}]},{\"@type\":\"WebSite\",\"@id\":\"https:\/\/newsroom.ferrovial.com\/es\/#website\",\"url\":\"https:\/\/newsroom.ferrovial.com\/es\/\",\"name\":\"Sala de prensa Ferrovial | \u00daltimas noticias\",\"description\":\"Sala de prensa Ferrovial | \u00daltimas noticias\",\"publisher\":{\"@id\":\"https:\/\/newsroom.ferrovial.com\/es\/#organization\"},\"potentialAction\":[{\"@type\":\"SearchAction\",\"target\":{\"@type\":\"EntryPoint\",\"urlTemplate\":\"https:\/\/newsroom.ferrovial.com\/es\/?s={search_term_string}\"},\"query-input\":{\"@type\":\"PropertyValueSpecification\",\"valueRequired\":true,\"valueName\":\"search_term_string\"}}],\"inLanguage\":\"es\"},{\"@type\":\"Organization\",\"@id\":\"https:\/\/newsroom.ferrovial.com\/es\/#organization\",\"name\":\"Ferrovial S.A.\",\"url\":\"https:\/\/newsroom.ferrovial.com\/es\/\",\"logo\":{\"@type\":\"ImageObject\",\"inLanguage\":\"es\",\"@id\":\"https:\/\/newsroom.ferrovial.com\/es\/#\/schema\/logo\/image\/\",\"url\":\"https:\/\/static.newsroom.ferrovial.com\/wp-content\/uploads\/2018\/07\/15145720\/Ferrovial_Logotipo1.jpg\",\"contentUrl\":\"https:\/\/static.newsroom.ferrovial.com\/wp-content\/uploads\/2018\/07\/15145720\/Ferrovial_Logotipo1.jpg\",\"width\":600,\"height\":300,\"caption\":\"Ferrovial S.A.\"},\"image\":{\"@id\":\"https:\/\/newsroom.ferrovial.com\/es\/#\/schema\/logo\/image\/\"},\"sameAs\":[\"https:\/\/www.facebook.com\/ferrovial\",\"https:\/\/x.com\/ferrovial\",\"https:\/\/www.instagram.com\/ferrovial\/\",\"https:\/\/www.linkedin.com\/company\/ferrovial\",\"https:\/\/www.pinterest.es\/ferrovial\/\",\"https:\/\/www.youtube.com\/ferrovial\",\"https:\/\/en.wikipedia.org\/wiki\/Ferrovial\"]}]}<\/script>","yoast_head_json":{"title":"El Consejo de Ministros aprueba la nueva normativa de protecci\u00f3n frente al ruido Sala de prensa Ferrovial | \u00daltimas noticias","description":"Sala de prensa Ferrovial | \u00daltimas noticias","robots":{"index":"index","follow":"follow","max-snippet":"max-snippet:-1","max-image-preview":"max-image-preview:large","max-video-preview":"max-video-preview:-1"},"canonical":"https:\/\/newsroom.ferrovial.com\/es\/noticias\/el-consejo-de-ministros-aprueba-la-nueva-normativa-de-proteccion-frente-al-ruido\/","og_locale":"es_ES","og_type":"article","og_title":"El Consejo de Ministros aprueba la nueva normativa de protecci\u00f3n frente al ruido Sala de prensa Ferrovial | \u00daltimas noticias","og_description":"Sala de prensa Ferrovial | \u00daltimas noticias","og_url":"https:\/\/newsroom.ferrovial.com\/es\/noticias\/el-consejo-de-ministros-aprueba-la-nueva-normativa-de-proteccion-frente-al-ruido\/","og_site_name":"Sala de prensa Ferrovial | \u00daltimas noticias","article_publisher":"https:\/\/www.facebook.com\/ferrovial","article_modified_time":"2022-12-21T10:15:24+00:00","twitter_card":"summary_large_image","twitter_site":"@ferrovial","schema":{"@context":"https:\/\/schema.org","@graph":[{"@type":"WebPage","@id":"https:\/\/newsroom.ferrovial.com\/es\/noticias\/el-consejo-de-ministros-aprueba-la-nueva-normativa-de-proteccion-frente-al-ruido\/","url":"https:\/\/newsroom.ferrovial.com\/es\/noticias\/el-consejo-de-ministros-aprueba-la-nueva-normativa-de-proteccion-frente-al-ruido\/","name":"El Consejo de Ministros aprueba la nueva normativa de protecci\u00f3n frente al ruido Sala de prensa Ferrovial | \u00daltimas noticias","isPartOf":{"@id":"https:\/\/newsroom.ferrovial.com\/es\/#website"},"datePublished":"2007-10-29T00:00:00+00:00","dateModified":"2022-12-21T10:15:24+00:00","description":"Sala de prensa Ferrovial | \u00daltimas noticias","breadcrumb":{"@id":"https:\/\/newsroom.ferrovial.com\/es\/noticias\/el-consejo-de-ministros-aprueba-la-nueva-normativa-de-proteccion-frente-al-ruido\/#breadcrumb"},"inLanguage":"es","potentialAction":[{"@type":"ReadAction","target":["https:\/\/newsroom.ferrovial.com\/es\/noticias\/el-consejo-de-ministros-aprueba-la-nueva-normativa-de-proteccion-frente-al-ruido\/"]}]},{"@type":"BreadcrumbList","@id":"https:\/\/newsroom.ferrovial.com\/es\/noticias\/el-consejo-de-ministros-aprueba-la-nueva-normativa-de-proteccion-frente-al-ruido\/#breadcrumb","itemListElement":[{"@type":"ListItem","position":1,"name":"Portada","item":"https:\/\/newsroom.ferrovial.com\/es\/"},{"@type":"ListItem","position":2,"name":"El Consejo de Ministros aprueba la nueva normativa de protecci\u00f3n frente al ruido"}]},{"@type":"WebSite","@id":"https:\/\/newsroom.ferrovial.com\/es\/#website","url":"https:\/\/newsroom.ferrovial.com\/es\/","name":"Sala de prensa Ferrovial | \u00daltimas noticias","description":"Sala de prensa Ferrovial | \u00daltimas noticias","publisher":{"@id":"https:\/\/newsroom.ferrovial.com\/es\/#organization"},"potentialAction":[{"@type":"SearchAction","target":{"@type":"EntryPoint","urlTemplate":"https:\/\/newsroom.ferrovial.com\/es\/?s={search_term_string}"},"query-input":{"@type":"PropertyValueSpecification","valueRequired":true,"valueName":"search_term_string"}}],"inLanguage":"es"},{"@type":"Organization","@id":"https:\/\/newsroom.ferrovial.com\/es\/#organization","name":"Ferrovial S.A.","url":"https:\/\/newsroom.ferrovial.com\/es\/","logo":{"@type":"ImageObject","inLanguage":"es","@id":"https:\/\/newsroom.ferrovial.com\/es\/#\/schema\/logo\/image\/","url":"https:\/\/static.newsroom.ferrovial.com\/wp-content\/uploads\/2018\/07\/15145720\/Ferrovial_Logotipo1.jpg","contentUrl":"https:\/\/static.newsroom.ferrovial.com\/wp-content\/uploads\/2018\/07\/15145720\/Ferrovial_Logotipo1.jpg","width":600,"height":300,"caption":"Ferrovial S.A."},"image":{"@id":"https:\/\/newsroom.ferrovial.com\/es\/#\/schema\/logo\/image\/"},"sameAs":["https:\/\/www.facebook.com\/ferrovial","https:\/\/x.com\/ferrovial","https:\/\/www.instagram.com\/ferrovial\/","https:\/\/www.linkedin.com\/company\/ferrovial","https:\/\/www.pinterest.es\/ferrovial\/","https:\/\/www.youtube.com\/ferrovial","https:\/\/en.wikipedia.org\/wiki\/Ferrovial"]}]}},"_links":{"self":[{"href":"https:\/\/newsroom.ferrovial.com\/es\/wp-json\/wp\/v2\/new\/2740","targetHints":{"allow":["GET"]}}],"collection":[{"href":"https:\/\/newsroom.ferrovial.com\/es\/wp-json\/wp\/v2\/new"}],"about":[{"href":"https:\/\/newsroom.ferrovial.com\/es\/wp-json\/wp\/v2\/types\/new"}],"replies":[{"embeddable":true,"href":"https:\/\/newsroom.ferrovial.com\/es\/wp-json\/wp\/v2\/comments?post=2740"}],"version-history":[{"count":1,"href":"https:\/\/newsroom.ferrovial.com\/es\/wp-json\/wp\/v2\/new\/2740\/revisions"}],"predecessor-version":[{"id":118899,"href":"https:\/\/newsroom.ferrovial.com\/es\/wp-json\/wp\/v2\/new\/2740\/revisions\/118899"}],"wp:attachment":[{"href":"https:\/\/newsroom.ferrovial.com\/es\/wp-json\/wp\/v2\/media?parent=2740"}],"wp:term":[{"taxonomy":"nivel-2","embeddable":true,"href":"https:\/\/newsroom.ferrovial.com\/es\/wp-json\/wp\/v2\/nivel-2?post=2740"},{"taxonomy":"nivel-5","embeddable":true,"href":"https:\/\/newsroom.ferrovial.com\/es\/wp-json\/wp\/v2\/nivel-5?post=2740"},{"taxonomy":"nivel-1","embeddable":true,"href":"https:\/\/newsroom.ferrovial.com\/es\/wp-json\/wp\/v2\/nivel-1?post=2740"},{"taxonomy":"nivel-3","embeddable":true,"href":"https:\/\/newsroom.ferrovial.com\/es\/wp-json\/wp\/v2\/nivel-3?post=2740"},{"taxonomy":"nivel-4","embeddable":true,"href":"https:\/\/newsroom.ferrovial.com\/es\/wp-json\/wp\/v2\/nivel-4?post=2740"}],"curies":[{"name":"wp","href":"https:\/\/api.w.org\/{rel}","templated":true}]}}