{"id":2742,"date":"2008-03-03T00:00:00","date_gmt":"2008-03-03T00:00:00","guid":{"rendered":"https:\/\/newsroom.ferrovial.com\/news\/el-consumo-energetico-de-un-hogar-espanol-es-un-60-superior-a-la-media-europea\/"},"modified":"2022-12-21T11:04:46","modified_gmt":"2022-12-21T10:04:46","slug":"el-consumo-energetico-de-un-hogar-espanol-es-un-60-superior-a-la-media-europea","status":"publish","type":"new","link":"https:\/\/newsroom.ferrovial.com\/es\/noticias\/el-consumo-energetico-de-un-hogar-espanol-es-un-60-superior-a-la-media-europea\/","title":{"rendered":"El consumo energ\u00e9tico de un hogar espa\u00f1ol es un 60% superior a la media europea"},"content":{"rendered":"    <section class=\"wysiwyg text-editor \" id=\"\">\n        <div class=\"container container--narrow container--p-10\">\n            <p>\u00bfSab\u00edas que Espa\u00f1a solo recicla el 5% de sus residuos de construcci\u00f3n y demolici\u00f3n? Holanda, B\u00e9lgica y Dinamarca, por ejemplo, se sit\u00faan entre el 80 y el 90%. Pues bien, aqu\u00ed, apenas un 5%, es decir, una \u00ednfima parte de los residuos que produce un sector muy activo y que se ha revelado extraordinariamente rentable a lo largo de los \u00faltimos a\u00f1os en Espa\u00f1a, esa meca de la construcci\u00f3n, ese pa\u00eds de la Uni\u00f3n Europea en el que m\u00e1s vivienda se construye cada a\u00f1o. Espa\u00f1a edifica m\u00e1s que Italia, Francia y Reino Unido juntos.<\/p>\n<p>La energ\u00eda, los residuos, el da\u00f1o ambiental, el impacto social, los retos econ\u00f3micos&#8230; <strong>\u00abConstruimos Valor. Incentivos a la Construcci\u00f3n Sostenible\u00bb<\/strong> es un informe de la <strong>Fundaci\u00f3n Entorno-BCSD Espa\u00f1a<\/strong> que analiza todo lo susodicho y que ha sido elaborado por un Grupo de Trabajo que auspicia la Fundaci\u00f3n &#8211; <strong>el Grupo de Construcci\u00f3n Sostenible<\/strong>.<\/p>\n<p><strong>Expertos del Observatorio de la Sostenibilidad<\/strong><\/p>\n<p>El informe ha contado adem\u00e1s con la colaboraci\u00f3n del BBVA y con la ayuda de un Panel de Expertos, tutelado por el Observatorio de la Sostenibilidad en Espa\u00f1a, con amplia experiencia en urbanismo, arquitectura, movilidad, energ\u00eda, vivienda y econom\u00eda.<\/p>\n<p>Adem\u00e1s del an\u00e1lisis y la reflexi\u00f3n, <strong>\u00abConstruimos Valor&#8230;\u00bb<\/strong> propone una bater\u00eda de incentivos normativos, fiscales y de acceso a capital que permitan a las empresas inmobiliarias, constructoras, promotoras y de suministro de materiales y equipamientos incorporar criterios ambientales y sociales que supongan una ventaja competitiva.<\/p>\n<p>Seg\u00fan la Fundaci\u00f3n, estas actuaciones est\u00e1n orientadas a fomentar la creaci\u00f3n de valor sostenible en seis grandes ejes de acci\u00f3n: <strong>planificaci\u00f3n territorial, parque edificatorio existente (rehabilitaci\u00f3n), energ\u00eda, uso de recursos e impacto ambiental, movilidad sostenible y calidad de vida.<\/strong><\/p>\n<p><strong>Demasiada energ\u00eda<\/strong><\/p>\n<p>Y es que el sector de la construcci\u00f3n, extraordinariamente boyante en los \u00faltimos diez a\u00f1os, tiene a\u00fan muchas asignaturas pendientes, probablemente demasiadas. As\u00ed, por ejemplo, y seg\u00fan apunta este informe, el consumo energ\u00e9tico en los hogares espa\u00f1oles es un 60% superior al de la media europea.<\/p>\n<p>Y ello, muy probablemente, porque la calidad del producto elaborado por este sector, el de la construcci\u00f3n, deja mucho que desear: vivienda mal orientada, mal aislada, materiales poco apropiados, etc\u00e9tera, etc\u00e9tera.<\/p>\n<p>Pero <strong>\u00abConstruimos Valor&#8230;\u00bb<\/strong> va m\u00e1s all\u00e1 de la construcci\u00f3n o la rehabilitaci\u00f3n, pues analiza todo el ciclo de vida de la construcci\u00f3n. Y es que los datos son espeluznantes: Espa\u00f1a se sit\u00faa, se\u00f1ala la Fundaci\u00f3n Entorno-BCSD, en el \u00faltimo lugar entre los pa\u00edses l\u00edderes europeos en reciclado y reutilizaci\u00f3n de residuos de construcci\u00f3n y demolici\u00f3n, con un 5% frente a Holanda, B\u00e9lgica y Dinamarca, que se sit\u00faan entre el 80 y el 90%.<\/p>\n<p>Por \u00faltimo, la publicaci\u00f3n incluye trece casos de \u00e9xito de las empresas del <strong>Grupo de Trabajo de Construcci\u00f3n Sostenible<\/strong>, que muestran c\u00f3mo la incorporaci\u00f3n de criterios ambientales y sociales constituye una ventaja competitiva para los negocios.<\/p>\n<p>Fundaci\u00f3n Entorno<\/p>\n        <\/div>\n    <\/section>\n","protected":false},"excerpt":{"rendered":"","protected":false},"featured_media":0,"menu_order":0,"comment_status":"closed","ping_status":"closed","template":"","nivel-2":[936],"nivel-5":[],"nivel-1":[],"nivel-3":[],"nivel-4":[],"class_list":["post-2742","new","type-new","status-publish","hentry","nivel-2-conservacion-del-medio-ambiente"],"acf":[],"yoast_head":"<title>El consumo energ\u00e9tico de un hogar espa\u00f1ol es un 60% superior a la media europea Sala de prensa Ferrovial | \u00daltimas noticias<\/title>\n<meta name=\"description\" content=\"Sala de prensa Ferrovial | \u00daltimas noticias\" \/>\n<meta name=\"robots\" content=\"index, follow, max-snippet:-1, max-image-preview:large, max-video-preview:-1\" \/>\n<link rel=\"canonical\" href=\"https:\/\/newsroom.ferrovial.com\/es\/noticias\/el-consumo-energetico-de-un-hogar-espanol-es-un-60-superior-a-la-media-europea\/\" \/>\n<meta property=\"og:locale\" content=\"es_ES\" \/>\n<meta property=\"og:type\" content=\"article\" \/>\n<meta property=\"og:title\" content=\"El consumo energ\u00e9tico de un hogar espa\u00f1ol es un 60% superior a la media europea Sala de prensa Ferrovial | \u00daltimas noticias\" \/>\n<meta property=\"og:description\" content=\"Sala de prensa Ferrovial | \u00daltimas noticias\" \/>\n<meta property=\"og:url\" content=\"https:\/\/newsroom.ferrovial.com\/es\/noticias\/el-consumo-energetico-de-un-hogar-espanol-es-un-60-superior-a-la-media-europea\/\" \/>\n<meta property=\"og:site_name\" content=\"Sala de prensa Ferrovial | \u00daltimas noticias\" \/>\n<meta property=\"article:publisher\" content=\"https:\/\/www.facebook.com\/ferrovial\" \/>\n<meta property=\"article:modified_time\" content=\"2022-12-21T10:04:46+00:00\" \/>\n<meta name=\"twitter:card\" content=\"summary_large_image\" \/>\n<meta name=\"twitter:site\" content=\"@ferrovial\" \/>\n<script type=\"application\/ld+json\" class=\"yoast-schema-graph\">{\"@context\":\"https:\/\/schema.org\",\"@graph\":[{\"@type\":\"WebPage\",\"@id\":\"https:\/\/newsroom.ferrovial.com\/es\/noticias\/el-consumo-energetico-de-un-hogar-espanol-es-un-60-superior-a-la-media-europea\/\",\"url\":\"https:\/\/newsroom.ferrovial.com\/es\/noticias\/el-consumo-energetico-de-un-hogar-espanol-es-un-60-superior-a-la-media-europea\/\",\"name\":\"El consumo energ\u00e9tico de un hogar espa\u00f1ol es un 60% superior a la media europea Sala de prensa Ferrovial | \u00daltimas noticias\",\"isPartOf\":{\"@id\":\"https:\/\/newsroom.ferrovial.com\/es\/#website\"},\"datePublished\":\"2008-03-03T00:00:00+00:00\",\"dateModified\":\"2022-12-21T10:04:46+00:00\",\"description\":\"Sala de prensa Ferrovial | \u00daltimas noticias\",\"breadcrumb\":{\"@id\":\"https:\/\/newsroom.ferrovial.com\/es\/noticias\/el-consumo-energetico-de-un-hogar-espanol-es-un-60-superior-a-la-media-europea\/#breadcrumb\"},\"inLanguage\":\"es\",\"potentialAction\":[{\"@type\":\"ReadAction\",\"target\":[\"https:\/\/newsroom.ferrovial.com\/es\/noticias\/el-consumo-energetico-de-un-hogar-espanol-es-un-60-superior-a-la-media-europea\/\"]}]},{\"@type\":\"BreadcrumbList\",\"@id\":\"https:\/\/newsroom.ferrovial.com\/es\/noticias\/el-consumo-energetico-de-un-hogar-espanol-es-un-60-superior-a-la-media-europea\/#breadcrumb\",\"itemListElement\":[{\"@type\":\"ListItem\",\"position\":1,\"name\":\"Portada\",\"item\":\"https:\/\/newsroom.ferrovial.com\/es\/\"},{\"@type\":\"ListItem\",\"position\":2,\"name\":\"El consumo energ\u00e9tico de un hogar espa\u00f1ol es un 60% superior a la media europea\"}]},{\"@type\":\"WebSite\",\"@id\":\"https:\/\/newsroom.ferrovial.com\/es\/#website\",\"url\":\"https:\/\/newsroom.ferrovial.com\/es\/\",\"name\":\"Sala de prensa Ferrovial | \u00daltimas noticias\",\"description\":\"Sala de prensa Ferrovial | \u00daltimas noticias\",\"publisher\":{\"@id\":\"https:\/\/newsroom.ferrovial.com\/es\/#organization\"},\"potentialAction\":[{\"@type\":\"SearchAction\",\"target\":{\"@type\":\"EntryPoint\",\"urlTemplate\":\"https:\/\/newsroom.ferrovial.com\/es\/?s={search_term_string}\"},\"query-input\":{\"@type\":\"PropertyValueSpecification\",\"valueRequired\":true,\"valueName\":\"search_term_string\"}}],\"inLanguage\":\"es\"},{\"@type\":\"Organization\",\"@id\":\"https:\/\/newsroom.ferrovial.com\/es\/#organization\",\"name\":\"Ferrovial S.A.\",\"url\":\"https:\/\/newsroom.ferrovial.com\/es\/\",\"logo\":{\"@type\":\"ImageObject\",\"inLanguage\":\"es\",\"@id\":\"https:\/\/newsroom.ferrovial.com\/es\/#\/schema\/logo\/image\/\",\"url\":\"https:\/\/static.newsroom.ferrovial.com\/wp-content\/uploads\/2018\/07\/15145720\/Ferrovial_Logotipo1.jpg\",\"contentUrl\":\"https:\/\/static.newsroom.ferrovial.com\/wp-content\/uploads\/2018\/07\/15145720\/Ferrovial_Logotipo1.jpg\",\"width\":600,\"height\":300,\"caption\":\"Ferrovial S.A.\"},\"image\":{\"@id\":\"https:\/\/newsroom.ferrovial.com\/es\/#\/schema\/logo\/image\/\"},\"sameAs\":[\"https:\/\/www.facebook.com\/ferrovial\",\"https:\/\/x.com\/ferrovial\",\"https:\/\/www.instagram.com\/ferrovial\/\",\"https:\/\/www.linkedin.com\/company\/ferrovial\",\"https:\/\/www.pinterest.es\/ferrovial\/\",\"https:\/\/www.youtube.com\/ferrovial\",\"https:\/\/en.wikipedia.org\/wiki\/Ferrovial\"]}]}<\/script>","yoast_head_json":{"title":"El consumo energ\u00e9tico de un hogar espa\u00f1ol es un 60% superior a la media europea Sala de prensa Ferrovial | \u00daltimas noticias","description":"Sala de prensa Ferrovial | \u00daltimas noticias","robots":{"index":"index","follow":"follow","max-snippet":"max-snippet:-1","max-image-preview":"max-image-preview:large","max-video-preview":"max-video-preview:-1"},"canonical":"https:\/\/newsroom.ferrovial.com\/es\/noticias\/el-consumo-energetico-de-un-hogar-espanol-es-un-60-superior-a-la-media-europea\/","og_locale":"es_ES","og_type":"article","og_title":"El consumo energ\u00e9tico de un hogar espa\u00f1ol es un 60% superior a la media europea Sala de prensa Ferrovial | \u00daltimas noticias","og_description":"Sala de prensa Ferrovial | \u00daltimas noticias","og_url":"https:\/\/newsroom.ferrovial.com\/es\/noticias\/el-consumo-energetico-de-un-hogar-espanol-es-un-60-superior-a-la-media-europea\/","og_site_name":"Sala de prensa Ferrovial | \u00daltimas noticias","article_publisher":"https:\/\/www.facebook.com\/ferrovial","article_modified_time":"2022-12-21T10:04:46+00:00","twitter_card":"summary_large_image","twitter_site":"@ferrovial","schema":{"@context":"https:\/\/schema.org","@graph":[{"@type":"WebPage","@id":"https:\/\/newsroom.ferrovial.com\/es\/noticias\/el-consumo-energetico-de-un-hogar-espanol-es-un-60-superior-a-la-media-europea\/","url":"https:\/\/newsroom.ferrovial.com\/es\/noticias\/el-consumo-energetico-de-un-hogar-espanol-es-un-60-superior-a-la-media-europea\/","name":"El consumo energ\u00e9tico de un hogar espa\u00f1ol es un 60% superior a la media europea Sala de prensa Ferrovial | \u00daltimas noticias","isPartOf":{"@id":"https:\/\/newsroom.ferrovial.com\/es\/#website"},"datePublished":"2008-03-03T00:00:00+00:00","dateModified":"2022-12-21T10:04:46+00:00","description":"Sala de prensa Ferrovial | \u00daltimas noticias","breadcrumb":{"@id":"https:\/\/newsroom.ferrovial.com\/es\/noticias\/el-consumo-energetico-de-un-hogar-espanol-es-un-60-superior-a-la-media-europea\/#breadcrumb"},"inLanguage":"es","potentialAction":[{"@type":"ReadAction","target":["https:\/\/newsroom.ferrovial.com\/es\/noticias\/el-consumo-energetico-de-un-hogar-espanol-es-un-60-superior-a-la-media-europea\/"]}]},{"@type":"BreadcrumbList","@id":"https:\/\/newsroom.ferrovial.com\/es\/noticias\/el-consumo-energetico-de-un-hogar-espanol-es-un-60-superior-a-la-media-europea\/#breadcrumb","itemListElement":[{"@type":"ListItem","position":1,"name":"Portada","item":"https:\/\/newsroom.ferrovial.com\/es\/"},{"@type":"ListItem","position":2,"name":"El consumo energ\u00e9tico de un hogar espa\u00f1ol es un 60% superior a la media europea"}]},{"@type":"WebSite","@id":"https:\/\/newsroom.ferrovial.com\/es\/#website","url":"https:\/\/newsroom.ferrovial.com\/es\/","name":"Sala de prensa Ferrovial | \u00daltimas noticias","description":"Sala de prensa Ferrovial | \u00daltimas noticias","publisher":{"@id":"https:\/\/newsroom.ferrovial.com\/es\/#organization"},"potentialAction":[{"@type":"SearchAction","target":{"@type":"EntryPoint","urlTemplate":"https:\/\/newsroom.ferrovial.com\/es\/?s={search_term_string}"},"query-input":{"@type":"PropertyValueSpecification","valueRequired":true,"valueName":"search_term_string"}}],"inLanguage":"es"},{"@type":"Organization","@id":"https:\/\/newsroom.ferrovial.com\/es\/#organization","name":"Ferrovial S.A.","url":"https:\/\/newsroom.ferrovial.com\/es\/","logo":{"@type":"ImageObject","inLanguage":"es","@id":"https:\/\/newsroom.ferrovial.com\/es\/#\/schema\/logo\/image\/","url":"https:\/\/static.newsroom.ferrovial.com\/wp-content\/uploads\/2018\/07\/15145720\/Ferrovial_Logotipo1.jpg","contentUrl":"https:\/\/static.newsroom.ferrovial.com\/wp-content\/uploads\/2018\/07\/15145720\/Ferrovial_Logotipo1.jpg","width":600,"height":300,"caption":"Ferrovial S.A."},"image":{"@id":"https:\/\/newsroom.ferrovial.com\/es\/#\/schema\/logo\/image\/"},"sameAs":["https:\/\/www.facebook.com\/ferrovial","https:\/\/x.com\/ferrovial","https:\/\/www.instagram.com\/ferrovial\/","https:\/\/www.linkedin.com\/company\/ferrovial","https:\/\/www.pinterest.es\/ferrovial\/","https:\/\/www.youtube.com\/ferrovial","https:\/\/en.wikipedia.org\/wiki\/Ferrovial"]}]}},"_links":{"self":[{"href":"https:\/\/newsroom.ferrovial.com\/es\/wp-json\/wp\/v2\/new\/2742","targetHints":{"allow":["GET"]}}],"collection":[{"href":"https:\/\/newsroom.ferrovial.com\/es\/wp-json\/wp\/v2\/new"}],"about":[{"href":"https:\/\/newsroom.ferrovial.com\/es\/wp-json\/wp\/v2\/types\/new"}],"replies":[{"embeddable":true,"href":"https:\/\/newsroom.ferrovial.com\/es\/wp-json\/wp\/v2\/comments?post=2742"}],"version-history":[{"count":1,"href":"https:\/\/newsroom.ferrovial.com\/es\/wp-json\/wp\/v2\/new\/2742\/revisions"}],"predecessor-version":[{"id":118650,"href":"https:\/\/newsroom.ferrovial.com\/es\/wp-json\/wp\/v2\/new\/2742\/revisions\/118650"}],"wp:attachment":[{"href":"https:\/\/newsroom.ferrovial.com\/es\/wp-json\/wp\/v2\/media?parent=2742"}],"wp:term":[{"taxonomy":"nivel-2","embeddable":true,"href":"https:\/\/newsroom.ferrovial.com\/es\/wp-json\/wp\/v2\/nivel-2?post=2742"},{"taxonomy":"nivel-5","embeddable":true,"href":"https:\/\/newsroom.ferrovial.com\/es\/wp-json\/wp\/v2\/nivel-5?post=2742"},{"taxonomy":"nivel-1","embeddable":true,"href":"https:\/\/newsroom.ferrovial.com\/es\/wp-json\/wp\/v2\/nivel-1?post=2742"},{"taxonomy":"nivel-3","embeddable":true,"href":"https:\/\/newsroom.ferrovial.com\/es\/wp-json\/wp\/v2\/nivel-3?post=2742"},{"taxonomy":"nivel-4","embeddable":true,"href":"https:\/\/newsroom.ferrovial.com\/es\/wp-json\/wp\/v2\/nivel-4?post=2742"}],"curies":[{"name":"wp","href":"https:\/\/api.w.org\/{rel}","templated":true}]}}