{"id":2774,"date":"2007-11-08T00:00:00","date_gmt":"2007-11-08T00:00:00","guid":{"rendered":"https:\/\/newsroom.ferrovial.com\/news\/empresas-contra-el-cambio-climatico-ferrovial-valorizacion-energetica-del-biogas-generado-en-el-vertedero-de-can-mata-en-una-industria-ceramica\/"},"modified":"2022-12-21T11:14:44","modified_gmt":"2022-12-21T10:14:44","slug":"empresas-contra-el-cambio-climatico-ferrovial-valorizacion-energetica-del-biogas-generado-en-el-vertedero-de-can-mata-en-una-industria-ceramica","status":"publish","type":"new","link":"https:\/\/newsroom.ferrovial.com\/es\/noticias\/empresas-contra-el-cambio-climatico-ferrovial-valorizacion-energetica-del-biogas-generado-en-el-vertedero-de-can-mata-en-una-industria-ceramica\/","title":{"rendered":"Empresas contra el cambio clim\u00e1tico FERROVIAL \u00abValorizaci\u00f3n energ\u00e9tica del biog\u00e1s generado en el vertedero de Can Mata en una industria cer\u00e1mica\u00bb"},"content":{"rendered":"    <section class=\"wysiwyg text-editor \" id=\"\">\n        <div class=\"container container--narrow container--p-10\">\n            <p><strong style=\"font-size: 1em;\">Motivaci\u00f3n del caso de \u00e9xito<\/strong><\/p>\n<p>El biog\u00e1s producido por la fermentaci\u00f3n de los residuos en vertedero es una de las fuentes de emisiones de gases invernadero que mayor crecimiento ha experimentado en Espa\u00f1a desde 1990, un 60%.<\/p>\n<p>En cualquier caso, este biog\u00e1s es una fuente potencial de energ\u00eda renovable y puede ser aprovechado energ\u00e9ticamente, evitando con ello su fuga a la atm\u00f3sfera y reduciendo la necesidad de usar otros combustibles que, a su vez, generar\u00edan nuevas emisiones de gases de efecto invernadero.<\/p>\n<h4><strong>Caso de \u00e9xito<\/strong><\/h4>\n<p>El biog\u00e1s generado en vertedero puede estar compuesto hasta en un 60% por metano, lo que hace que, en ciertas condiciones, pueda ser aprovechado energ\u00e9ticamente dentro del propio complejo o bien en otras instalaciones.<\/p>\n<p>La cercan\u00eda del vertedero de Can Mata (Barcelona), propiedad de CESPA, a una f\u00e1brica de productos cer\u00e1micos, permiti\u00f3 a ambas empresas desarrollar en 2002 un proyecto, pionero en Espa\u00f1a y una de las primeras experiencias conocidas en Europa, para la valorizaci\u00f3n energ\u00e9tica de parte del biog\u00e1s en el proceso de fabricaci\u00f3n de productos cer\u00e1micos.<\/p>\n<p>Con esta iniciativa se ha logrado utilizar un caudal de 2.400 Nm3\/h de biog\u00e1s para la alimentaci\u00f3n de dos hornos de cer\u00e1mica en continuo. El resto de biog\u00e1s generado en el vertedero se continu\u00f3 aprovechando energ\u00e9ticamente en sus instalaciones para el tratamiento de lixiviados o para la generaci\u00f3n de electricidad.<\/p>\n<p>El proyecto cont\u00f3 con la financiaci\u00f3n del Ministerio de Ciencia y Tecnolog\u00eda y ha sido objeto de varios premios gracias a las ventajas ambientales que permite:<\/p>\n<ul>\n<li>Aprovechamiento eficiente del biog\u00e1s generado.<\/li>\n<li>Sustituci\u00f3n de parte de los combustibles f\u00f3siles que, de otra forma, se hubieran necesitado en la instalaci\u00f3n cer\u00e1mica.<\/li>\n<li>Reducci\u00f3n de las emisiones de gases de efecto invernadero.<\/li>\n<\/ul>\n<p>La ejecuci\u00f3n del proyecto ha permitido aprovechar m\u00e1s de un 82% de la energ\u00eda contenida en el biog\u00e1s, frente al 11% que se valorizaba en la situaci\u00f3n previa. Las emisiones de biog\u00e1s evitadas equivalen a 114.844 t CO2 eq.<\/p>\n<p>Adem\u00e1s, gracias al uso de este biog\u00e1s, la empresa cer\u00e1mica ha podido incrementar su producci\u00f3n m\u00e1s de un 68%, al mismo tiempo que ha reducido el uso de otros combustibles f\u00f3siles, fundamentalmente fuel oil y gas natural, evitando con ello una gran cantidad de emisiones de gases de efecto invernadero.<\/p>\n<h4><strong>eCO2nom\u00eda, liderazgo empresarial hacia una econom\u00eda baja en carbono\u00bb<\/strong><\/h4>\n<p>Ferrovial ha participado activamente en la publicaci\u00f3n eCO2nom\u00eda, liderazgo empresarial hacia una econom\u00eda baja en carbono\u00bb, resultado del Grupo de Trabajo Energ\u00eda y Cambio Clim\u00e1tico de la Fundaci\u00f3n Entorno-BCSD Espa\u00f1a que tiene el objetivo de ser un foro empresarial de referencia en la transici\u00f3n hacia una econom\u00eda baja en carbono.<\/p>\n<p>e<strong>CO2<\/strong>nom\u00eda recoge su lucha contra el cambio clim\u00e1tico y su esfuerzo por reducir emisiones y por constituir un ejemplo de lo que debe ser la transici\u00f3n hacia una econom\u00eda baja en carbono.<\/p>\n<p>La publicaci\u00f3n explora, adem\u00e1s, desde una perspectiva sectorial los esfuerzos desarrollados en la lucha contra el cambio clim\u00e1tico en los \u00e1mbitos de la generaci\u00f3n energ\u00e9tica, industria, tecnolog\u00edas de informaci\u00f3n y comunicaci\u00f3n, transporte, edificaci\u00f3n, sector agrario, gesti\u00f3n de residuos, iluminaci\u00f3n, producci\u00f3n y distribuci\u00f3n de productos de gran consumo y consumidores.<\/p>\n<p>e<strong>CO2<\/strong>nom\u00eda analiza, por \u00faltimo, las barreras que est\u00e1n ralentizando estos esfuerzos, proponiendo posibles v\u00edas de actuaci\u00f3n para superarlas.<\/p>\n        <\/div>\n    <\/section>\n","protected":false},"excerpt":{"rendered":"","protected":false},"featured_media":0,"menu_order":0,"comment_status":"closed","ping_status":"closed","template":"","nivel-2":[936],"nivel-5":[],"nivel-1":[],"nivel-3":[],"nivel-4":[],"class_list":["post-2774","new","type-new","status-publish","hentry","nivel-2-conservacion-del-medio-ambiente"],"acf":[],"yoast_head":"<title>Empresas contra el cambio clim\u00e1tico FERROVIAL &quot;Valorizaci\u00f3n energ\u00e9tica del biog\u00e1s generado en el vertedero de Can Mata en una industria cer\u00e1mica&quot; Sala de prensa Ferrovial | \u00daltimas noticias<\/title>\n<meta name=\"description\" content=\"Sala de prensa Ferrovial | \u00daltimas noticias\" \/>\n<meta name=\"robots\" content=\"index, follow, max-snippet:-1, max-image-preview:large, max-video-preview:-1\" \/>\n<link rel=\"canonical\" href=\"https:\/\/newsroom.ferrovial.com\/es\/noticias\/empresas-contra-el-cambio-climatico-ferrovial-valorizacion-energetica-del-biogas-generado-en-el-vertedero-de-can-mata-en-una-industria-ceramica\/\" \/>\n<meta property=\"og:locale\" content=\"es_ES\" \/>\n<meta property=\"og:type\" content=\"article\" \/>\n<meta property=\"og:title\" content=\"Empresas contra el cambio clim\u00e1tico FERROVIAL &quot;Valorizaci\u00f3n energ\u00e9tica del biog\u00e1s generado en el vertedero de Can Mata en una industria cer\u00e1mica&quot; Sala de prensa Ferrovial | \u00daltimas noticias\" \/>\n<meta property=\"og:description\" content=\"Sala de prensa Ferrovial | \u00daltimas noticias\" \/>\n<meta property=\"og:url\" content=\"https:\/\/newsroom.ferrovial.com\/es\/noticias\/empresas-contra-el-cambio-climatico-ferrovial-valorizacion-energetica-del-biogas-generado-en-el-vertedero-de-can-mata-en-una-industria-ceramica\/\" \/>\n<meta property=\"og:site_name\" content=\"Sala de prensa Ferrovial | \u00daltimas noticias\" \/>\n<meta property=\"article:publisher\" content=\"https:\/\/www.facebook.com\/ferrovial\" \/>\n<meta property=\"article:modified_time\" content=\"2022-12-21T10:14:44+00:00\" \/>\n<meta name=\"twitter:card\" content=\"summary_large_image\" \/>\n<meta name=\"twitter:site\" content=\"@ferrovial\" \/>\n<script type=\"application\/ld+json\" class=\"yoast-schema-graph\">{\"@context\":\"https:\/\/schema.org\",\"@graph\":[{\"@type\":\"WebPage\",\"@id\":\"https:\/\/newsroom.ferrovial.com\/es\/noticias\/empresas-contra-el-cambio-climatico-ferrovial-valorizacion-energetica-del-biogas-generado-en-el-vertedero-de-can-mata-en-una-industria-ceramica\/\",\"url\":\"https:\/\/newsroom.ferrovial.com\/es\/noticias\/empresas-contra-el-cambio-climatico-ferrovial-valorizacion-energetica-del-biogas-generado-en-el-vertedero-de-can-mata-en-una-industria-ceramica\/\",\"name\":\"Empresas contra el cambio clim\u00e1tico FERROVIAL \\\"Valorizaci\u00f3n energ\u00e9tica del biog\u00e1s generado en el vertedero de Can Mata en una industria cer\u00e1mica\\\" Sala de prensa Ferrovial | \u00daltimas noticias\",\"isPartOf\":{\"@id\":\"https:\/\/newsroom.ferrovial.com\/es\/#website\"},\"datePublished\":\"2007-11-08T00:00:00+00:00\",\"dateModified\":\"2022-12-21T10:14:44+00:00\",\"description\":\"Sala de prensa Ferrovial | \u00daltimas noticias\",\"breadcrumb\":{\"@id\":\"https:\/\/newsroom.ferrovial.com\/es\/noticias\/empresas-contra-el-cambio-climatico-ferrovial-valorizacion-energetica-del-biogas-generado-en-el-vertedero-de-can-mata-en-una-industria-ceramica\/#breadcrumb\"},\"inLanguage\":\"es\",\"potentialAction\":[{\"@type\":\"ReadAction\",\"target\":[\"https:\/\/newsroom.ferrovial.com\/es\/noticias\/empresas-contra-el-cambio-climatico-ferrovial-valorizacion-energetica-del-biogas-generado-en-el-vertedero-de-can-mata-en-una-industria-ceramica\/\"]}]},{\"@type\":\"BreadcrumbList\",\"@id\":\"https:\/\/newsroom.ferrovial.com\/es\/noticias\/empresas-contra-el-cambio-climatico-ferrovial-valorizacion-energetica-del-biogas-generado-en-el-vertedero-de-can-mata-en-una-industria-ceramica\/#breadcrumb\",\"itemListElement\":[{\"@type\":\"ListItem\",\"position\":1,\"name\":\"Portada\",\"item\":\"https:\/\/newsroom.ferrovial.com\/es\/\"},{\"@type\":\"ListItem\",\"position\":2,\"name\":\"Empresas contra el cambio clim\u00e1tico FERROVIAL \u00abValorizaci\u00f3n energ\u00e9tica del biog\u00e1s generado en el vertedero de Can Mata en una industria cer\u00e1mica\u00bb\"}]},{\"@type\":\"WebSite\",\"@id\":\"https:\/\/newsroom.ferrovial.com\/es\/#website\",\"url\":\"https:\/\/newsroom.ferrovial.com\/es\/\",\"name\":\"Sala de prensa Ferrovial | \u00daltimas noticias\",\"description\":\"Sala de prensa Ferrovial | \u00daltimas noticias\",\"publisher\":{\"@id\":\"https:\/\/newsroom.ferrovial.com\/es\/#organization\"},\"potentialAction\":[{\"@type\":\"SearchAction\",\"target\":{\"@type\":\"EntryPoint\",\"urlTemplate\":\"https:\/\/newsroom.ferrovial.com\/es\/?s={search_term_string}\"},\"query-input\":{\"@type\":\"PropertyValueSpecification\",\"valueRequired\":true,\"valueName\":\"search_term_string\"}}],\"inLanguage\":\"es\"},{\"@type\":\"Organization\",\"@id\":\"https:\/\/newsroom.ferrovial.com\/es\/#organization\",\"name\":\"Ferrovial S.A.\",\"url\":\"https:\/\/newsroom.ferrovial.com\/es\/\",\"logo\":{\"@type\":\"ImageObject\",\"inLanguage\":\"es\",\"@id\":\"https:\/\/newsroom.ferrovial.com\/es\/#\/schema\/logo\/image\/\",\"url\":\"https:\/\/static.newsroom.ferrovial.com\/wp-content\/uploads\/2018\/07\/15145720\/Ferrovial_Logotipo1.jpg\",\"contentUrl\":\"https:\/\/static.newsroom.ferrovial.com\/wp-content\/uploads\/2018\/07\/15145720\/Ferrovial_Logotipo1.jpg\",\"width\":600,\"height\":300,\"caption\":\"Ferrovial S.A.\"},\"image\":{\"@id\":\"https:\/\/newsroom.ferrovial.com\/es\/#\/schema\/logo\/image\/\"},\"sameAs\":[\"https:\/\/www.facebook.com\/ferrovial\",\"https:\/\/x.com\/ferrovial\",\"https:\/\/www.instagram.com\/ferrovial\/\",\"https:\/\/www.linkedin.com\/company\/ferrovial\",\"https:\/\/www.pinterest.es\/ferrovial\/\",\"https:\/\/www.youtube.com\/ferrovial\",\"https:\/\/en.wikipedia.org\/wiki\/Ferrovial\"]}]}<\/script>","yoast_head_json":{"title":"Empresas contra el cambio clim\u00e1tico FERROVIAL \"Valorizaci\u00f3n energ\u00e9tica del biog\u00e1s generado en el vertedero de Can Mata en una industria cer\u00e1mica\" Sala de prensa Ferrovial | \u00daltimas noticias","description":"Sala de prensa Ferrovial | \u00daltimas noticias","robots":{"index":"index","follow":"follow","max-snippet":"max-snippet:-1","max-image-preview":"max-image-preview:large","max-video-preview":"max-video-preview:-1"},"canonical":"https:\/\/newsroom.ferrovial.com\/es\/noticias\/empresas-contra-el-cambio-climatico-ferrovial-valorizacion-energetica-del-biogas-generado-en-el-vertedero-de-can-mata-en-una-industria-ceramica\/","og_locale":"es_ES","og_type":"article","og_title":"Empresas contra el cambio clim\u00e1tico FERROVIAL \"Valorizaci\u00f3n energ\u00e9tica del biog\u00e1s generado en el vertedero de Can Mata en una industria cer\u00e1mica\" Sala de prensa Ferrovial | \u00daltimas noticias","og_description":"Sala de prensa Ferrovial | \u00daltimas noticias","og_url":"https:\/\/newsroom.ferrovial.com\/es\/noticias\/empresas-contra-el-cambio-climatico-ferrovial-valorizacion-energetica-del-biogas-generado-en-el-vertedero-de-can-mata-en-una-industria-ceramica\/","og_site_name":"Sala de prensa Ferrovial | \u00daltimas noticias","article_publisher":"https:\/\/www.facebook.com\/ferrovial","article_modified_time":"2022-12-21T10:14:44+00:00","twitter_card":"summary_large_image","twitter_site":"@ferrovial","schema":{"@context":"https:\/\/schema.org","@graph":[{"@type":"WebPage","@id":"https:\/\/newsroom.ferrovial.com\/es\/noticias\/empresas-contra-el-cambio-climatico-ferrovial-valorizacion-energetica-del-biogas-generado-en-el-vertedero-de-can-mata-en-una-industria-ceramica\/","url":"https:\/\/newsroom.ferrovial.com\/es\/noticias\/empresas-contra-el-cambio-climatico-ferrovial-valorizacion-energetica-del-biogas-generado-en-el-vertedero-de-can-mata-en-una-industria-ceramica\/","name":"Empresas contra el cambio clim\u00e1tico FERROVIAL \"Valorizaci\u00f3n energ\u00e9tica del biog\u00e1s generado en el vertedero de Can Mata en una industria cer\u00e1mica\" Sala de prensa Ferrovial | \u00daltimas noticias","isPartOf":{"@id":"https:\/\/newsroom.ferrovial.com\/es\/#website"},"datePublished":"2007-11-08T00:00:00+00:00","dateModified":"2022-12-21T10:14:44+00:00","description":"Sala de prensa Ferrovial | \u00daltimas noticias","breadcrumb":{"@id":"https:\/\/newsroom.ferrovial.com\/es\/noticias\/empresas-contra-el-cambio-climatico-ferrovial-valorizacion-energetica-del-biogas-generado-en-el-vertedero-de-can-mata-en-una-industria-ceramica\/#breadcrumb"},"inLanguage":"es","potentialAction":[{"@type":"ReadAction","target":["https:\/\/newsroom.ferrovial.com\/es\/noticias\/empresas-contra-el-cambio-climatico-ferrovial-valorizacion-energetica-del-biogas-generado-en-el-vertedero-de-can-mata-en-una-industria-ceramica\/"]}]},{"@type":"BreadcrumbList","@id":"https:\/\/newsroom.ferrovial.com\/es\/noticias\/empresas-contra-el-cambio-climatico-ferrovial-valorizacion-energetica-del-biogas-generado-en-el-vertedero-de-can-mata-en-una-industria-ceramica\/#breadcrumb","itemListElement":[{"@type":"ListItem","position":1,"name":"Portada","item":"https:\/\/newsroom.ferrovial.com\/es\/"},{"@type":"ListItem","position":2,"name":"Empresas contra el cambio clim\u00e1tico FERROVIAL \u00abValorizaci\u00f3n energ\u00e9tica del biog\u00e1s generado en el vertedero de Can Mata en una industria cer\u00e1mica\u00bb"}]},{"@type":"WebSite","@id":"https:\/\/newsroom.ferrovial.com\/es\/#website","url":"https:\/\/newsroom.ferrovial.com\/es\/","name":"Sala de prensa Ferrovial | \u00daltimas noticias","description":"Sala de prensa Ferrovial | \u00daltimas noticias","publisher":{"@id":"https:\/\/newsroom.ferrovial.com\/es\/#organization"},"potentialAction":[{"@type":"SearchAction","target":{"@type":"EntryPoint","urlTemplate":"https:\/\/newsroom.ferrovial.com\/es\/?s={search_term_string}"},"query-input":{"@type":"PropertyValueSpecification","valueRequired":true,"valueName":"search_term_string"}}],"inLanguage":"es"},{"@type":"Organization","@id":"https:\/\/newsroom.ferrovial.com\/es\/#organization","name":"Ferrovial S.A.","url":"https:\/\/newsroom.ferrovial.com\/es\/","logo":{"@type":"ImageObject","inLanguage":"es","@id":"https:\/\/newsroom.ferrovial.com\/es\/#\/schema\/logo\/image\/","url":"https:\/\/static.newsroom.ferrovial.com\/wp-content\/uploads\/2018\/07\/15145720\/Ferrovial_Logotipo1.jpg","contentUrl":"https:\/\/static.newsroom.ferrovial.com\/wp-content\/uploads\/2018\/07\/15145720\/Ferrovial_Logotipo1.jpg","width":600,"height":300,"caption":"Ferrovial S.A."},"image":{"@id":"https:\/\/newsroom.ferrovial.com\/es\/#\/schema\/logo\/image\/"},"sameAs":["https:\/\/www.facebook.com\/ferrovial","https:\/\/x.com\/ferrovial","https:\/\/www.instagram.com\/ferrovial\/","https:\/\/www.linkedin.com\/company\/ferrovial","https:\/\/www.pinterest.es\/ferrovial\/","https:\/\/www.youtube.com\/ferrovial","https:\/\/en.wikipedia.org\/wiki\/Ferrovial"]}]}},"_links":{"self":[{"href":"https:\/\/newsroom.ferrovial.com\/es\/wp-json\/wp\/v2\/new\/2774","targetHints":{"allow":["GET"]}}],"collection":[{"href":"https:\/\/newsroom.ferrovial.com\/es\/wp-json\/wp\/v2\/new"}],"about":[{"href":"https:\/\/newsroom.ferrovial.com\/es\/wp-json\/wp\/v2\/types\/new"}],"replies":[{"embeddable":true,"href":"https:\/\/newsroom.ferrovial.com\/es\/wp-json\/wp\/v2\/comments?post=2774"}],"version-history":[{"count":1,"href":"https:\/\/newsroom.ferrovial.com\/es\/wp-json\/wp\/v2\/new\/2774\/revisions"}],"predecessor-version":[{"id":118868,"href":"https:\/\/newsroom.ferrovial.com\/es\/wp-json\/wp\/v2\/new\/2774\/revisions\/118868"}],"wp:attachment":[{"href":"https:\/\/newsroom.ferrovial.com\/es\/wp-json\/wp\/v2\/media?parent=2774"}],"wp:term":[{"taxonomy":"nivel-2","embeddable":true,"href":"https:\/\/newsroom.ferrovial.com\/es\/wp-json\/wp\/v2\/nivel-2?post=2774"},{"taxonomy":"nivel-5","embeddable":true,"href":"https:\/\/newsroom.ferrovial.com\/es\/wp-json\/wp\/v2\/nivel-5?post=2774"},{"taxonomy":"nivel-1","embeddable":true,"href":"https:\/\/newsroom.ferrovial.com\/es\/wp-json\/wp\/v2\/nivel-1?post=2774"},{"taxonomy":"nivel-3","embeddable":true,"href":"https:\/\/newsroom.ferrovial.com\/es\/wp-json\/wp\/v2\/nivel-3?post=2774"},{"taxonomy":"nivel-4","embeddable":true,"href":"https:\/\/newsroom.ferrovial.com\/es\/wp-json\/wp\/v2\/nivel-4?post=2774"}],"curies":[{"name":"wp","href":"https:\/\/api.w.org\/{rel}","templated":true}]}}