{"id":2781,"date":"2007-10-23T00:00:00","date_gmt":"2007-10-23T00:00:00","guid":{"rendered":"https:\/\/newsroom.ferrovial.com\/news\/espana-contamina-casi-tres-veces-por-encima-de-su-capacidad-ecologica\/"},"modified":"2022-12-21T11:16:12","modified_gmt":"2022-12-21T10:16:12","slug":"espana-contamina-casi-tres-veces-por-encima-de-su-capacidad-ecologica","status":"publish","type":"new","link":"https:\/\/newsroom.ferrovial.com\/es\/noticias\/espana-contamina-casi-tres-veces-por-encima-de-su-capacidad-ecologica\/","title":{"rendered":"Espa\u00f1a contamina casi tres veces por encima de su capacidad ecol\u00f3gica"},"content":{"rendered":"    <section class=\"wysiwyg text-editor \" id=\"\">\n        <div class=\"container container--narrow container--p-10\">\n            <p>(Efe).- Espa\u00f1a consume y genera una contaminaci\u00f3n casi tres veces (2,6) la biocapacidad de su territorio (capacidad de recarga de los recursos naturales), lo que significa que su nivel de insostenibilidad es del 260%.<\/p>\n<p>As\u00ed se desprende del informe &#8216;La huella ecol\u00f3gica como elemento de valoraci\u00f3n integrada de la sostenibilidad del desarrollo&#8217;, que ha sido presentado hoy por el secretario general para el Territorio y la Biodiversidad, Antonio Serrano, durante la inauguraci\u00f3n de un seminario organizado por la Fundaci\u00f3n Biodiversidad. El informe, primero de estas caracter\u00edsticas que se realiza en Espa\u00f1a, ha sido elaborado por un equipo de expertos, seg\u00fan ha explicado la presidenta de esa Fundaci\u00f3n, Mar\u00eda Artola.<\/p>\n<p>La huella ecol\u00f3gica, cuyos primeros c\u00e1lculos datan de finales de los a\u00f1os 90, es un indicador de car\u00e1cter global que fija la superficie (en hect\u00e1reas) necesaria para producir los recursos utilizados y para asimilar los residuos producidos por una poblaci\u00f3n determinada.<\/p>\n<p>Este indicador en Espa\u00f1a en el a\u00f1o 2005 era de 6,4, lo que significa que cada espa\u00f1ol necesita 6,4 hect\u00e1reas para que produzca todo lo que consume y pueda integrar en la naturaleza la contaminaci\u00f3n que genera.<\/p>\n<p>El informe determina tambi\u00e9n la biocapacidad (capacidad de carga) del territorio, que en el caso de Espa\u00f1a es de 2,43, por lo que la relaci\u00f3n huella\/biocapacidad es de 2,6.<\/p>\n<p>Este valor, aunque elevado, es inferior, no obstante, al de otros pa\u00edses como Estados Unidos (9,7) o Jap\u00f3n (4,7), e incluso a la media europea (4,7).<\/p>\n<p>Para ilustrar todos estos datos Serrano utiliz\u00f3 el s\u00edmil de un veh\u00edculo que se conduce por encima de la l\u00ednea roja de sus revoluciones, lo que a nivel mundial significa que se est\u00e1 utilizando el planeta \u00abcon una sobre-revoluci\u00f3n\u00bb.<\/p>\n<p>Lo m\u00e1s preocupante, seg\u00fan el director general, es que los incrementos en la huella ecol\u00f3gica son \u00abtremendamente elevados\u00bb y en algunos pa\u00edses los niveles son \u00ababsolutamente inaceptables\u00bb.<\/p>\n<p>La tala de bosques, el agua potable y las emisiones de CO2 asociadas al consumo energ\u00e9tico son las principales razones de esa insostenibilidad.<\/p>\n<p>En cuanto a la distribuci\u00f3n regional de la huella ecol\u00f3gica, los niveles m\u00e1s altos se registran en las comunidades aut\u00f3nomas con fuertes procesos de urbanizaci\u00f3n y las que siguen teniendo suelos potencialmente urbanizables.<\/p>\n<p>As\u00ed, la Comunidad de Madrid encabeza la clasificaci\u00f3n, ya que consume y genera una contaminaci\u00f3n de casi 20 veces (19,9) la biocapacidad de su territorio, seguida de Canarias (10,4) y Comunidad Valenciana (7,2), adem\u00e1s de Ceuta (41,9) y Melilla (38,7).<\/p>\n<p>Por el contrario, las regiones mejor situadas desde el punto de vista de la sostenibilidad son Castilla y Le\u00f3n (0,7) y Castilla-La Mancha y Extremadura (0,8 en ambos casos), por lo que tienen biocapacidad excedentaria.<\/p>\n<p>Serrano ha asegurado que Espa\u00f1a est\u00e1 creciendo a una renta per c\u00e1pita superior a la media de la Uni\u00f3n Europea, mientras que desde una perspectiva medioambiental aun se est\u00e1 lejos de converger.<\/p>\n<p>Ha explicado que la huella ecol\u00f3gica va a seguir aumentando de manera significativa de aqu\u00ed al a\u00f1o 2020, de tal forma que con las pol\u00edticas puestas en marcha y suponiendo que se cumplan el 80% de los objetivos, ese valor permanecer\u00e1 constante pero no mejorar\u00e1 respecto a los niveles de 2004.<\/p>\n        <\/div>\n    <\/section>\n","protected":false},"excerpt":{"rendered":"","protected":false},"featured_media":0,"menu_order":0,"comment_status":"closed","ping_status":"closed","template":"","nivel-2":[],"nivel-5":[],"nivel-1":[],"nivel-3":[],"nivel-4":[],"class_list":["post-2781","new","type-new","status-publish","hentry"],"acf":[],"yoast_head":"<title>Espa\u00f1a contamina casi tres veces por encima de su capacidad ecol\u00f3gica Sala de prensa Ferrovial | \u00daltimas noticias<\/title>\n<meta name=\"description\" content=\"Sala de prensa Ferrovial | \u00daltimas noticias\" \/>\n<meta name=\"robots\" content=\"index, follow, max-snippet:-1, max-image-preview:large, max-video-preview:-1\" \/>\n<link rel=\"canonical\" href=\"https:\/\/newsroom.ferrovial.com\/es\/noticias\/espana-contamina-casi-tres-veces-por-encima-de-su-capacidad-ecologica\/\" \/>\n<meta property=\"og:locale\" content=\"es_ES\" \/>\n<meta property=\"og:type\" content=\"article\" \/>\n<meta property=\"og:title\" content=\"Espa\u00f1a contamina casi tres veces por encima de su capacidad ecol\u00f3gica Sala de prensa Ferrovial | \u00daltimas noticias\" \/>\n<meta property=\"og:description\" content=\"Sala de prensa Ferrovial | \u00daltimas noticias\" \/>\n<meta property=\"og:url\" content=\"https:\/\/newsroom.ferrovial.com\/es\/noticias\/espana-contamina-casi-tres-veces-por-encima-de-su-capacidad-ecologica\/\" \/>\n<meta property=\"og:site_name\" content=\"Sala de prensa Ferrovial | \u00daltimas noticias\" \/>\n<meta property=\"article:publisher\" content=\"https:\/\/www.facebook.com\/ferrovial\" \/>\n<meta property=\"article:modified_time\" content=\"2022-12-21T10:16:12+00:00\" \/>\n<meta name=\"twitter:card\" content=\"summary_large_image\" \/>\n<meta name=\"twitter:site\" content=\"@ferrovial\" \/>\n<script type=\"application\/ld+json\" class=\"yoast-schema-graph\">{\"@context\":\"https:\/\/schema.org\",\"@graph\":[{\"@type\":\"WebPage\",\"@id\":\"https:\/\/newsroom.ferrovial.com\/es\/noticias\/espana-contamina-casi-tres-veces-por-encima-de-su-capacidad-ecologica\/\",\"url\":\"https:\/\/newsroom.ferrovial.com\/es\/noticias\/espana-contamina-casi-tres-veces-por-encima-de-su-capacidad-ecologica\/\",\"name\":\"Espa\u00f1a contamina casi tres veces por encima de su capacidad ecol\u00f3gica Sala de prensa Ferrovial | \u00daltimas noticias\",\"isPartOf\":{\"@id\":\"https:\/\/newsroom.ferrovial.com\/es\/#website\"},\"datePublished\":\"2007-10-23T00:00:00+00:00\",\"dateModified\":\"2022-12-21T10:16:12+00:00\",\"description\":\"Sala de prensa Ferrovial | \u00daltimas noticias\",\"breadcrumb\":{\"@id\":\"https:\/\/newsroom.ferrovial.com\/es\/noticias\/espana-contamina-casi-tres-veces-por-encima-de-su-capacidad-ecologica\/#breadcrumb\"},\"inLanguage\":\"es\",\"potentialAction\":[{\"@type\":\"ReadAction\",\"target\":[\"https:\/\/newsroom.ferrovial.com\/es\/noticias\/espana-contamina-casi-tres-veces-por-encima-de-su-capacidad-ecologica\/\"]}]},{\"@type\":\"BreadcrumbList\",\"@id\":\"https:\/\/newsroom.ferrovial.com\/es\/noticias\/espana-contamina-casi-tres-veces-por-encima-de-su-capacidad-ecologica\/#breadcrumb\",\"itemListElement\":[{\"@type\":\"ListItem\",\"position\":1,\"name\":\"Portada\",\"item\":\"https:\/\/newsroom.ferrovial.com\/es\/\"},{\"@type\":\"ListItem\",\"position\":2,\"name\":\"Espa\u00f1a contamina casi tres veces por encima de su capacidad ecol\u00f3gica\"}]},{\"@type\":\"WebSite\",\"@id\":\"https:\/\/newsroom.ferrovial.com\/es\/#website\",\"url\":\"https:\/\/newsroom.ferrovial.com\/es\/\",\"name\":\"Sala de prensa Ferrovial | \u00daltimas noticias\",\"description\":\"Sala de prensa Ferrovial | \u00daltimas noticias\",\"publisher\":{\"@id\":\"https:\/\/newsroom.ferrovial.com\/es\/#organization\"},\"potentialAction\":[{\"@type\":\"SearchAction\",\"target\":{\"@type\":\"EntryPoint\",\"urlTemplate\":\"https:\/\/newsroom.ferrovial.com\/es\/?s={search_term_string}\"},\"query-input\":{\"@type\":\"PropertyValueSpecification\",\"valueRequired\":true,\"valueName\":\"search_term_string\"}}],\"inLanguage\":\"es\"},{\"@type\":\"Organization\",\"@id\":\"https:\/\/newsroom.ferrovial.com\/es\/#organization\",\"name\":\"Ferrovial S.A.\",\"url\":\"https:\/\/newsroom.ferrovial.com\/es\/\",\"logo\":{\"@type\":\"ImageObject\",\"inLanguage\":\"es\",\"@id\":\"https:\/\/newsroom.ferrovial.com\/es\/#\/schema\/logo\/image\/\",\"url\":\"https:\/\/static.newsroom.ferrovial.com\/wp-content\/uploads\/2018\/07\/15145720\/Ferrovial_Logotipo1.jpg\",\"contentUrl\":\"https:\/\/static.newsroom.ferrovial.com\/wp-content\/uploads\/2018\/07\/15145720\/Ferrovial_Logotipo1.jpg\",\"width\":600,\"height\":300,\"caption\":\"Ferrovial S.A.\"},\"image\":{\"@id\":\"https:\/\/newsroom.ferrovial.com\/es\/#\/schema\/logo\/image\/\"},\"sameAs\":[\"https:\/\/www.facebook.com\/ferrovial\",\"https:\/\/x.com\/ferrovial\",\"https:\/\/www.instagram.com\/ferrovial\/\",\"https:\/\/www.linkedin.com\/company\/ferrovial\",\"https:\/\/www.pinterest.es\/ferrovial\/\",\"https:\/\/www.youtube.com\/ferrovial\",\"https:\/\/en.wikipedia.org\/wiki\/Ferrovial\"]}]}<\/script>","yoast_head_json":{"title":"Espa\u00f1a contamina casi tres veces por encima de su capacidad ecol\u00f3gica Sala de prensa Ferrovial | \u00daltimas noticias","description":"Sala de prensa Ferrovial | \u00daltimas noticias","robots":{"index":"index","follow":"follow","max-snippet":"max-snippet:-1","max-image-preview":"max-image-preview:large","max-video-preview":"max-video-preview:-1"},"canonical":"https:\/\/newsroom.ferrovial.com\/es\/noticias\/espana-contamina-casi-tres-veces-por-encima-de-su-capacidad-ecologica\/","og_locale":"es_ES","og_type":"article","og_title":"Espa\u00f1a contamina casi tres veces por encima de su capacidad ecol\u00f3gica Sala de prensa Ferrovial | \u00daltimas noticias","og_description":"Sala de prensa Ferrovial | \u00daltimas noticias","og_url":"https:\/\/newsroom.ferrovial.com\/es\/noticias\/espana-contamina-casi-tres-veces-por-encima-de-su-capacidad-ecologica\/","og_site_name":"Sala de prensa Ferrovial | \u00daltimas noticias","article_publisher":"https:\/\/www.facebook.com\/ferrovial","article_modified_time":"2022-12-21T10:16:12+00:00","twitter_card":"summary_large_image","twitter_site":"@ferrovial","schema":{"@context":"https:\/\/schema.org","@graph":[{"@type":"WebPage","@id":"https:\/\/newsroom.ferrovial.com\/es\/noticias\/espana-contamina-casi-tres-veces-por-encima-de-su-capacidad-ecologica\/","url":"https:\/\/newsroom.ferrovial.com\/es\/noticias\/espana-contamina-casi-tres-veces-por-encima-de-su-capacidad-ecologica\/","name":"Espa\u00f1a contamina casi tres veces por encima de su capacidad ecol\u00f3gica Sala de prensa Ferrovial | \u00daltimas noticias","isPartOf":{"@id":"https:\/\/newsroom.ferrovial.com\/es\/#website"},"datePublished":"2007-10-23T00:00:00+00:00","dateModified":"2022-12-21T10:16:12+00:00","description":"Sala de prensa Ferrovial | \u00daltimas noticias","breadcrumb":{"@id":"https:\/\/newsroom.ferrovial.com\/es\/noticias\/espana-contamina-casi-tres-veces-por-encima-de-su-capacidad-ecologica\/#breadcrumb"},"inLanguage":"es","potentialAction":[{"@type":"ReadAction","target":["https:\/\/newsroom.ferrovial.com\/es\/noticias\/espana-contamina-casi-tres-veces-por-encima-de-su-capacidad-ecologica\/"]}]},{"@type":"BreadcrumbList","@id":"https:\/\/newsroom.ferrovial.com\/es\/noticias\/espana-contamina-casi-tres-veces-por-encima-de-su-capacidad-ecologica\/#breadcrumb","itemListElement":[{"@type":"ListItem","position":1,"name":"Portada","item":"https:\/\/newsroom.ferrovial.com\/es\/"},{"@type":"ListItem","position":2,"name":"Espa\u00f1a contamina casi tres veces por encima de su capacidad ecol\u00f3gica"}]},{"@type":"WebSite","@id":"https:\/\/newsroom.ferrovial.com\/es\/#website","url":"https:\/\/newsroom.ferrovial.com\/es\/","name":"Sala de prensa Ferrovial | \u00daltimas noticias","description":"Sala de prensa Ferrovial | \u00daltimas noticias","publisher":{"@id":"https:\/\/newsroom.ferrovial.com\/es\/#organization"},"potentialAction":[{"@type":"SearchAction","target":{"@type":"EntryPoint","urlTemplate":"https:\/\/newsroom.ferrovial.com\/es\/?s={search_term_string}"},"query-input":{"@type":"PropertyValueSpecification","valueRequired":true,"valueName":"search_term_string"}}],"inLanguage":"es"},{"@type":"Organization","@id":"https:\/\/newsroom.ferrovial.com\/es\/#organization","name":"Ferrovial S.A.","url":"https:\/\/newsroom.ferrovial.com\/es\/","logo":{"@type":"ImageObject","inLanguage":"es","@id":"https:\/\/newsroom.ferrovial.com\/es\/#\/schema\/logo\/image\/","url":"https:\/\/static.newsroom.ferrovial.com\/wp-content\/uploads\/2018\/07\/15145720\/Ferrovial_Logotipo1.jpg","contentUrl":"https:\/\/static.newsroom.ferrovial.com\/wp-content\/uploads\/2018\/07\/15145720\/Ferrovial_Logotipo1.jpg","width":600,"height":300,"caption":"Ferrovial S.A."},"image":{"@id":"https:\/\/newsroom.ferrovial.com\/es\/#\/schema\/logo\/image\/"},"sameAs":["https:\/\/www.facebook.com\/ferrovial","https:\/\/x.com\/ferrovial","https:\/\/www.instagram.com\/ferrovial\/","https:\/\/www.linkedin.com\/company\/ferrovial","https:\/\/www.pinterest.es\/ferrovial\/","https:\/\/www.youtube.com\/ferrovial","https:\/\/en.wikipedia.org\/wiki\/Ferrovial"]}]}},"_links":{"self":[{"href":"https:\/\/newsroom.ferrovial.com\/es\/wp-json\/wp\/v2\/new\/2781","targetHints":{"allow":["GET"]}}],"collection":[{"href":"https:\/\/newsroom.ferrovial.com\/es\/wp-json\/wp\/v2\/new"}],"about":[{"href":"https:\/\/newsroom.ferrovial.com\/es\/wp-json\/wp\/v2\/types\/new"}],"replies":[{"embeddable":true,"href":"https:\/\/newsroom.ferrovial.com\/es\/wp-json\/wp\/v2\/comments?post=2781"}],"version-history":[{"count":1,"href":"https:\/\/newsroom.ferrovial.com\/es\/wp-json\/wp\/v2\/new\/2781\/revisions"}],"predecessor-version":[{"id":118919,"href":"https:\/\/newsroom.ferrovial.com\/es\/wp-json\/wp\/v2\/new\/2781\/revisions\/118919"}],"wp:attachment":[{"href":"https:\/\/newsroom.ferrovial.com\/es\/wp-json\/wp\/v2\/media?parent=2781"}],"wp:term":[{"taxonomy":"nivel-2","embeddable":true,"href":"https:\/\/newsroom.ferrovial.com\/es\/wp-json\/wp\/v2\/nivel-2?post=2781"},{"taxonomy":"nivel-5","embeddable":true,"href":"https:\/\/newsroom.ferrovial.com\/es\/wp-json\/wp\/v2\/nivel-5?post=2781"},{"taxonomy":"nivel-1","embeddable":true,"href":"https:\/\/newsroom.ferrovial.com\/es\/wp-json\/wp\/v2\/nivel-1?post=2781"},{"taxonomy":"nivel-3","embeddable":true,"href":"https:\/\/newsroom.ferrovial.com\/es\/wp-json\/wp\/v2\/nivel-3?post=2781"},{"taxonomy":"nivel-4","embeddable":true,"href":"https:\/\/newsroom.ferrovial.com\/es\/wp-json\/wp\/v2\/nivel-4?post=2781"}],"curies":[{"name":"wp","href":"https:\/\/api.w.org\/{rel}","templated":true}]}}