{"id":2839,"date":"2007-10-31T00:00:00","date_gmt":"2007-10-31T00:00:00","guid":{"rendered":"https:\/\/newsroom.ferrovial.com\/news\/formaran-a-profesionales-para-que-sus-proyectos-se-atengan-al-desarrollo-sostenible\/"},"modified":"2022-12-21T11:14:51","modified_gmt":"2022-12-21T10:14:51","slug":"formaran-a-profesionales-para-que-sus-proyectos-se-atengan-al-desarrollo-sostenible","status":"publish","type":"new","link":"https:\/\/newsroom.ferrovial.com\/es\/noticias\/formaran-a-profesionales-para-que-sus-proyectos-se-atengan-al-desarrollo-sostenible\/","title":{"rendered":"Formar\u00e1n a profesionales para que sus proyectos se atengan al desarrollo sostenible"},"content":{"rendered":"    <section class=\"wysiwyg text-editor \" id=\"\">\n        <div class=\"container container--narrow container--p-10\">\n            <p>(<a href=\"http:\/\/www.elfarodecartagena.com\/\" target=\"_blank\"><span style=\"text-decoration: underline;\">elfarodecartagena.com<\/span><\/a>). Primer objetivo: abordar c\u00f3digos del agua, ambientales, de la naturaleza, de la energ\u00eda, del suelo y del medio ambiente. En todos estos temas se centrar\u00e1 el I Curso sobre R\u00e9gimen Jur\u00eddico del Desarrollo Sostenible que se impartir\u00e1 en Murcia desde ma\u00f1ana hasta el 28 de noviembre, que ser\u00e1 impartido por m\u00e1s de 60 profesionales.<\/p>\n<p>La presentaci\u00f3n de \u00e9ste, pionero en Espa\u00f1a, vino de la mano del secretario general de la Consejer\u00eda de Desarrollo Sostenible y Ordenaci\u00f3n del Territorio, Diego Pardo; as\u00ed como del director de la Escuela de Pr\u00e1ctica Jur\u00eddica de la Universidad de Murcia, Fernando Jim\u00e9nez Conde; y el secretario general de la Fundaci\u00f3n Instituto Euromediterr\u00e1neo del Agua, Antonio Mart\u00ednez Nieto.<\/p>\n<p>El curso abordar\u00e1 cuestiones que son fundamentales para el desarrollo sostenible, tales como la energ\u00eda, el cambio clim\u00e1tico, obras p\u00fablicas y grandes infraestructuras, urbanizaciones de turismo residencial, gesti\u00f3n sostenible de recursos naturales, problemas fundamentales del medio ambiente para el desarrollo; y las memorias de sostenibilidad para empresas.<\/p>\n<p>El curso se impartir\u00e1, en su modalidad presencial, en el aula principal de la Escuela Jur\u00eddica, en el campus de Espinardo, para el que se han convocado 40 plazas de las que ya hay cubiertas 30.<\/p>\n<p>Jim\u00e9nez explic\u00f3 que estas jornadas, abarcan tres tipos de actividades. La primera, de 60 horas, ser\u00e1n clases presenciales, ponencias y mesas redondas en las que se impartir\u00e1n dos tardes por semana en seis m\u00f3dulos. La segunda de estas actividades ser\u00e1 las dedicadas al trabajo tutorizado, de 30 horas, en las que los participantes realizar\u00e1n un ensayo sobre uno de los temas del curso, mientras que la \u00faltima se basar\u00e1 en la realizaci\u00f3n de talleres pr\u00e1cticos.<\/p>\n<p>Por otro lado, Mart\u00ednez Nieto destac\u00f3 el novedoso contenido que hay en el curso, su metodolog\u00eda y an\u00e1lisis de materiales, as\u00ed como la inclusi\u00f3n de todo ello de forma integrada durante su desarrollo.<\/p>\n<p>Asimismo, Pardo destac\u00f3 el compromiso que hay desde su Consejer\u00eda con la formaci\u00f3n t\u00e9cnica y cient\u00edfica de los profesionales que trabajan en todos los sectores que manejan, de alguna manera, recursos naturales y que afectan a la sostenibilidad del crecimiento.<\/p>\n<p>Entre los ponentes se encuentran la presidenta de la Fundaci\u00f3n Entorno, Cristina Garc\u00eda Orcoyen, que leer\u00e1 la conferencia inaugural y el magistrado de la sala de lo penal del Supremo Jos\u00e9 Antonio Mart\u00edn Pall\u00edn. Asimismo, acudir\u00e1n expertos de la Regi\u00f3n de Murcia.<\/p>\n<p><strong>Las empresas deben conocer las normas de la sostenibilidad \u00a0<\/strong><\/p>\n<p><strong><\/strong>El curso tiene por finalidad estudiar los principales aspectos legales y t\u00e9cnicos del desarrollo sostenible para ofrecer a los profesionales de la Regi\u00f3n la formaci\u00f3n y cualificaci\u00f3n adecuadas en el marco jur\u00eddico del modelo preferente de crecimiento econ\u00f3mico de la Uni\u00f3n Europea.<\/p>\n<p>As\u00ed, el programa pretende desarrollar los conocimientos y habilidades profesionales que se necesitan para gestionar de forma correcta los problemas legales concernidos por el desarrollo sostenible, as\u00ed como para afrontar relaciones con las distintas administraciones p\u00fablicas y prevenir y resolver conflictos en cualquier orden relacionados con esta materia.<\/p>\n<p>Para ello, a los inscritos que asistan habitualmente a las sesiones presenciales y realicen los trabajos tutorizados, y presenten un trabajo de investigaci\u00f3n tutorizado sobre cualquier tema del curso, se le otorgar\u00e1 un diploma.<\/p>\n<p><strong>Pago de 350 euros en lugar de 700\u00a0<\/strong><\/p>\n<p><strong><\/strong>Las personas que deseen acudir a al I Curso sobre R\u00e9gimen Jur\u00eddico del Desarrollo Sostenible deber\u00e1n de abonar 350 euros. Fernando Jim\u00e9nez, director de la EScuela de Pr\u00e1ctica Jur\u00eddica de la Universidad de Murcia, estim\u00f3 que se les descontar\u00e1 el 50% debido a la financiaci\u00f3n p\u00fablica que aporta el curso \u00abpor lo que si costaba cerca de 700 euros, s\u00f3lo deber\u00e1n pagar la mitad\u00bb.<\/p>\n        <\/div>\n    <\/section>\n","protected":false},"excerpt":{"rendered":"","protected":false},"featured_media":0,"menu_order":0,"comment_status":"closed","ping_status":"closed","template":"","nivel-2":[936],"nivel-5":[],"nivel-1":[],"nivel-3":[],"nivel-4":[],"class_list":["post-2839","new","type-new","status-publish","hentry","nivel-2-conservacion-del-medio-ambiente"],"acf":[],"yoast_head":"<title>Formar\u00e1n a profesionales para que sus proyectos se atengan al desarrollo sostenible Sala de prensa Ferrovial | \u00daltimas noticias<\/title>\n<meta name=\"description\" content=\"Sala de prensa Ferrovial | \u00daltimas noticias\" \/>\n<meta name=\"robots\" content=\"index, follow, max-snippet:-1, max-image-preview:large, max-video-preview:-1\" \/>\n<link rel=\"canonical\" href=\"https:\/\/newsroom.ferrovial.com\/es\/noticias\/formaran-a-profesionales-para-que-sus-proyectos-se-atengan-al-desarrollo-sostenible\/\" \/>\n<meta property=\"og:locale\" content=\"es_ES\" \/>\n<meta property=\"og:type\" content=\"article\" \/>\n<meta property=\"og:title\" content=\"Formar\u00e1n a profesionales para que sus proyectos se atengan al desarrollo sostenible Sala de prensa Ferrovial | \u00daltimas noticias\" \/>\n<meta property=\"og:description\" content=\"Sala de prensa Ferrovial | \u00daltimas noticias\" \/>\n<meta property=\"og:url\" content=\"https:\/\/newsroom.ferrovial.com\/es\/noticias\/formaran-a-profesionales-para-que-sus-proyectos-se-atengan-al-desarrollo-sostenible\/\" \/>\n<meta property=\"og:site_name\" content=\"Sala de prensa Ferrovial | \u00daltimas noticias\" \/>\n<meta property=\"article:publisher\" content=\"https:\/\/www.facebook.com\/ferrovial\" \/>\n<meta property=\"article:modified_time\" content=\"2022-12-21T10:14:51+00:00\" \/>\n<meta name=\"twitter:card\" content=\"summary_large_image\" \/>\n<meta name=\"twitter:site\" content=\"@ferrovial\" \/>\n<script type=\"application\/ld+json\" class=\"yoast-schema-graph\">{\"@context\":\"https:\/\/schema.org\",\"@graph\":[{\"@type\":\"WebPage\",\"@id\":\"https:\/\/newsroom.ferrovial.com\/es\/noticias\/formaran-a-profesionales-para-que-sus-proyectos-se-atengan-al-desarrollo-sostenible\/\",\"url\":\"https:\/\/newsroom.ferrovial.com\/es\/noticias\/formaran-a-profesionales-para-que-sus-proyectos-se-atengan-al-desarrollo-sostenible\/\",\"name\":\"Formar\u00e1n a profesionales para que sus proyectos se atengan al desarrollo sostenible Sala de prensa Ferrovial | \u00daltimas noticias\",\"isPartOf\":{\"@id\":\"https:\/\/newsroom.ferrovial.com\/es\/#website\"},\"datePublished\":\"2007-10-31T00:00:00+00:00\",\"dateModified\":\"2022-12-21T10:14:51+00:00\",\"description\":\"Sala de prensa Ferrovial | \u00daltimas noticias\",\"breadcrumb\":{\"@id\":\"https:\/\/newsroom.ferrovial.com\/es\/noticias\/formaran-a-profesionales-para-que-sus-proyectos-se-atengan-al-desarrollo-sostenible\/#breadcrumb\"},\"inLanguage\":\"es\",\"potentialAction\":[{\"@type\":\"ReadAction\",\"target\":[\"https:\/\/newsroom.ferrovial.com\/es\/noticias\/formaran-a-profesionales-para-que-sus-proyectos-se-atengan-al-desarrollo-sostenible\/\"]}]},{\"@type\":\"BreadcrumbList\",\"@id\":\"https:\/\/newsroom.ferrovial.com\/es\/noticias\/formaran-a-profesionales-para-que-sus-proyectos-se-atengan-al-desarrollo-sostenible\/#breadcrumb\",\"itemListElement\":[{\"@type\":\"ListItem\",\"position\":1,\"name\":\"Portada\",\"item\":\"https:\/\/newsroom.ferrovial.com\/es\/\"},{\"@type\":\"ListItem\",\"position\":2,\"name\":\"Formar\u00e1n a profesionales para que sus proyectos se atengan al desarrollo sostenible\"}]},{\"@type\":\"WebSite\",\"@id\":\"https:\/\/newsroom.ferrovial.com\/es\/#website\",\"url\":\"https:\/\/newsroom.ferrovial.com\/es\/\",\"name\":\"Sala de prensa Ferrovial | \u00daltimas noticias\",\"description\":\"Sala de prensa Ferrovial | \u00daltimas noticias\",\"publisher\":{\"@id\":\"https:\/\/newsroom.ferrovial.com\/es\/#organization\"},\"potentialAction\":[{\"@type\":\"SearchAction\",\"target\":{\"@type\":\"EntryPoint\",\"urlTemplate\":\"https:\/\/newsroom.ferrovial.com\/es\/?s={search_term_string}\"},\"query-input\":{\"@type\":\"PropertyValueSpecification\",\"valueRequired\":true,\"valueName\":\"search_term_string\"}}],\"inLanguage\":\"es\"},{\"@type\":\"Organization\",\"@id\":\"https:\/\/newsroom.ferrovial.com\/es\/#organization\",\"name\":\"Ferrovial S.A.\",\"url\":\"https:\/\/newsroom.ferrovial.com\/es\/\",\"logo\":{\"@type\":\"ImageObject\",\"inLanguage\":\"es\",\"@id\":\"https:\/\/newsroom.ferrovial.com\/es\/#\/schema\/logo\/image\/\",\"url\":\"https:\/\/static.newsroom.ferrovial.com\/wp-content\/uploads\/2018\/07\/15145720\/Ferrovial_Logotipo1.jpg\",\"contentUrl\":\"https:\/\/static.newsroom.ferrovial.com\/wp-content\/uploads\/2018\/07\/15145720\/Ferrovial_Logotipo1.jpg\",\"width\":600,\"height\":300,\"caption\":\"Ferrovial S.A.\"},\"image\":{\"@id\":\"https:\/\/newsroom.ferrovial.com\/es\/#\/schema\/logo\/image\/\"},\"sameAs\":[\"https:\/\/www.facebook.com\/ferrovial\",\"https:\/\/x.com\/ferrovial\",\"https:\/\/www.instagram.com\/ferrovial\/\",\"https:\/\/www.linkedin.com\/company\/ferrovial\",\"https:\/\/www.pinterest.es\/ferrovial\/\",\"https:\/\/www.youtube.com\/ferrovial\",\"https:\/\/en.wikipedia.org\/wiki\/Ferrovial\"]}]}<\/script>","yoast_head_json":{"title":"Formar\u00e1n a profesionales para que sus proyectos se atengan al desarrollo sostenible Sala de prensa Ferrovial | \u00daltimas noticias","description":"Sala de prensa Ferrovial | \u00daltimas noticias","robots":{"index":"index","follow":"follow","max-snippet":"max-snippet:-1","max-image-preview":"max-image-preview:large","max-video-preview":"max-video-preview:-1"},"canonical":"https:\/\/newsroom.ferrovial.com\/es\/noticias\/formaran-a-profesionales-para-que-sus-proyectos-se-atengan-al-desarrollo-sostenible\/","og_locale":"es_ES","og_type":"article","og_title":"Formar\u00e1n a profesionales para que sus proyectos se atengan al desarrollo sostenible Sala de prensa Ferrovial | \u00daltimas noticias","og_description":"Sala de prensa Ferrovial | \u00daltimas noticias","og_url":"https:\/\/newsroom.ferrovial.com\/es\/noticias\/formaran-a-profesionales-para-que-sus-proyectos-se-atengan-al-desarrollo-sostenible\/","og_site_name":"Sala de prensa Ferrovial | \u00daltimas noticias","article_publisher":"https:\/\/www.facebook.com\/ferrovial","article_modified_time":"2022-12-21T10:14:51+00:00","twitter_card":"summary_large_image","twitter_site":"@ferrovial","schema":{"@context":"https:\/\/schema.org","@graph":[{"@type":"WebPage","@id":"https:\/\/newsroom.ferrovial.com\/es\/noticias\/formaran-a-profesionales-para-que-sus-proyectos-se-atengan-al-desarrollo-sostenible\/","url":"https:\/\/newsroom.ferrovial.com\/es\/noticias\/formaran-a-profesionales-para-que-sus-proyectos-se-atengan-al-desarrollo-sostenible\/","name":"Formar\u00e1n a profesionales para que sus proyectos se atengan al desarrollo sostenible Sala de prensa Ferrovial | \u00daltimas noticias","isPartOf":{"@id":"https:\/\/newsroom.ferrovial.com\/es\/#website"},"datePublished":"2007-10-31T00:00:00+00:00","dateModified":"2022-12-21T10:14:51+00:00","description":"Sala de prensa Ferrovial | \u00daltimas noticias","breadcrumb":{"@id":"https:\/\/newsroom.ferrovial.com\/es\/noticias\/formaran-a-profesionales-para-que-sus-proyectos-se-atengan-al-desarrollo-sostenible\/#breadcrumb"},"inLanguage":"es","potentialAction":[{"@type":"ReadAction","target":["https:\/\/newsroom.ferrovial.com\/es\/noticias\/formaran-a-profesionales-para-que-sus-proyectos-se-atengan-al-desarrollo-sostenible\/"]}]},{"@type":"BreadcrumbList","@id":"https:\/\/newsroom.ferrovial.com\/es\/noticias\/formaran-a-profesionales-para-que-sus-proyectos-se-atengan-al-desarrollo-sostenible\/#breadcrumb","itemListElement":[{"@type":"ListItem","position":1,"name":"Portada","item":"https:\/\/newsroom.ferrovial.com\/es\/"},{"@type":"ListItem","position":2,"name":"Formar\u00e1n a profesionales para que sus proyectos se atengan al desarrollo sostenible"}]},{"@type":"WebSite","@id":"https:\/\/newsroom.ferrovial.com\/es\/#website","url":"https:\/\/newsroom.ferrovial.com\/es\/","name":"Sala de prensa Ferrovial | \u00daltimas noticias","description":"Sala de prensa Ferrovial | \u00daltimas noticias","publisher":{"@id":"https:\/\/newsroom.ferrovial.com\/es\/#organization"},"potentialAction":[{"@type":"SearchAction","target":{"@type":"EntryPoint","urlTemplate":"https:\/\/newsroom.ferrovial.com\/es\/?s={search_term_string}"},"query-input":{"@type":"PropertyValueSpecification","valueRequired":true,"valueName":"search_term_string"}}],"inLanguage":"es"},{"@type":"Organization","@id":"https:\/\/newsroom.ferrovial.com\/es\/#organization","name":"Ferrovial S.A.","url":"https:\/\/newsroom.ferrovial.com\/es\/","logo":{"@type":"ImageObject","inLanguage":"es","@id":"https:\/\/newsroom.ferrovial.com\/es\/#\/schema\/logo\/image\/","url":"https:\/\/static.newsroom.ferrovial.com\/wp-content\/uploads\/2018\/07\/15145720\/Ferrovial_Logotipo1.jpg","contentUrl":"https:\/\/static.newsroom.ferrovial.com\/wp-content\/uploads\/2018\/07\/15145720\/Ferrovial_Logotipo1.jpg","width":600,"height":300,"caption":"Ferrovial S.A."},"image":{"@id":"https:\/\/newsroom.ferrovial.com\/es\/#\/schema\/logo\/image\/"},"sameAs":["https:\/\/www.facebook.com\/ferrovial","https:\/\/x.com\/ferrovial","https:\/\/www.instagram.com\/ferrovial\/","https:\/\/www.linkedin.com\/company\/ferrovial","https:\/\/www.pinterest.es\/ferrovial\/","https:\/\/www.youtube.com\/ferrovial","https:\/\/en.wikipedia.org\/wiki\/Ferrovial"]}]}},"_links":{"self":[{"href":"https:\/\/newsroom.ferrovial.com\/es\/wp-json\/wp\/v2\/new\/2839","targetHints":{"allow":["GET"]}}],"collection":[{"href":"https:\/\/newsroom.ferrovial.com\/es\/wp-json\/wp\/v2\/new"}],"about":[{"href":"https:\/\/newsroom.ferrovial.com\/es\/wp-json\/wp\/v2\/types\/new"}],"replies":[{"embeddable":true,"href":"https:\/\/newsroom.ferrovial.com\/es\/wp-json\/wp\/v2\/comments?post=2839"}],"version-history":[{"count":1,"href":"https:\/\/newsroom.ferrovial.com\/es\/wp-json\/wp\/v2\/new\/2839\/revisions"}],"predecessor-version":[{"id":118890,"href":"https:\/\/newsroom.ferrovial.com\/es\/wp-json\/wp\/v2\/new\/2839\/revisions\/118890"}],"wp:attachment":[{"href":"https:\/\/newsroom.ferrovial.com\/es\/wp-json\/wp\/v2\/media?parent=2839"}],"wp:term":[{"taxonomy":"nivel-2","embeddable":true,"href":"https:\/\/newsroom.ferrovial.com\/es\/wp-json\/wp\/v2\/nivel-2?post=2839"},{"taxonomy":"nivel-5","embeddable":true,"href":"https:\/\/newsroom.ferrovial.com\/es\/wp-json\/wp\/v2\/nivel-5?post=2839"},{"taxonomy":"nivel-1","embeddable":true,"href":"https:\/\/newsroom.ferrovial.com\/es\/wp-json\/wp\/v2\/nivel-1?post=2839"},{"taxonomy":"nivel-3","embeddable":true,"href":"https:\/\/newsroom.ferrovial.com\/es\/wp-json\/wp\/v2\/nivel-3?post=2839"},{"taxonomy":"nivel-4","embeddable":true,"href":"https:\/\/newsroom.ferrovial.com\/es\/wp-json\/wp\/v2\/nivel-4?post=2839"}],"curies":[{"name":"wp","href":"https:\/\/api.w.org\/{rel}","templated":true}]}}