{"id":2851,"date":"2013-09-27T00:00:00","date_gmt":"2013-09-27T00:00:00","guid":{"rendered":"https:\/\/newsroom.ferrovial.com\/news\/comprometidos-insercion-laboral-mujeres-victimas-violencia-genero\/"},"modified":"2022-12-21T10:19:52","modified_gmt":"2022-12-21T09:19:52","slug":"comprometidos-insercion-laboral-mujeres-victimas-violencia-genero","status":"publish","type":"new","link":"https:\/\/newsroom.ferrovial.com\/es\/noticias\/comprometidos-insercion-laboral-mujeres-victimas-violencia-genero\/","title":{"rendered":"Comprometidos con la inserci\u00f3n laboral de mujeres v\u00edctimas de violencia de g\u00e9nero"},"content":{"rendered":"    <section class=\"wysiwyg text-editor \" id=\"\">\n        <div class=\"container container--narrow container--p-10\">\n            <p>Hemos promovido recientemente un desayuno de trabajo organizado por\u00a0<a title=\"Fundaci\u00f3n Integra (en ventana nueva)\" href=\"http:\/\/fundacionintegra.org\/\" target=\"_blank\">Fundaci\u00f3n Integra<\/a>\u00a0para fomentar la inserci\u00f3n laboral de las mujeres v\u00edctimas de la violencia de g\u00e9nero. Durante el encuentro se expusieron las <strong>claves para el \u00e9xito de la inserci\u00f3n laboral de este colectivo<\/strong>, as\u00ed como la experiencia en el trabajo realizado hasta el momento por parte de Fundaci\u00f3n Integra en colaboraci\u00f3n con las empresas adheridas al convenio \u00abEmpresas por una Sociedad Libre de Violencia de G\u00e9nero\u00bb, entre las que nos encontramos.<\/p>\n<p>El acto fue inaugurado por Ana Mu\u00f1oz de Dios, Directora de la Fundaci\u00f3n Integra, entidad con la que colaboramos desde su creaci\u00f3n como patronos de la misma y que ha permitido la <strong><a title=\"Ferrovial Iguala\" href=\"https:\/\/www.ferrovial.com\/es\/nuestras-personas\/por-que-ferrovial\/ferrovial-iguala\/\" target=\"_blank\">inserci\u00f3n de 242 personas de entornos desfavorecidos dentro de las diferentes divisiones de la compa\u00f1\u00eda<\/a><\/strong>.<\/p>\n<p>Silvia L\u00e1zaro, Directora de Comunicaci\u00f3n Interna y RSC del empleado, destac\u00f3 que \u0093para eliminar esta lacra social, todos tenemos que estar implicados, de ah\u00ed la importancia de estos acuerdos de colaboraci\u00f3n entre el sector p\u00fablico, sector privado y tercer sector.<\/p>\n<p>Por su parte, Blanca Hern\u00e1ndez Oliver, Delegada del Gobierno para la violencia de g\u00e9nero, explic\u00f3 algunas de las medidas aprobadas recientemente como es aumentar los canales de difusi\u00f3n del tel\u00e9fono 016 contra el maltrato de mujeres.<\/p>\n<p>Tras un coloquio en el que los asistentes comentaron su experiencia y resaltaron la importancia de la sensibilizaci\u00f3n social en esta materia, el acto se clausur\u00f3 con la intervenci\u00f3n de Carmen Plaza Mart\u00edn, Directora de la Direcci\u00f3n General para la Igualdad de Oportunidades del Ministerio de Sanidad, Asuntos Sociales e Igualdad y Directora del Instituto de la Mujer, que puso en valor el acceso a un empleo para estas mujeres como mejor garant\u00eda para romper el c\u00edrculo de violencia en el que se encuentran ellas y sus hijos, y poder volver a participar activamente en la sociedad.<\/p>\n<p><strong>Estos acuerdos han permitido que se beneficien de este programa, en estos dos a\u00f1os, 463 mujeres.<\/strong><\/p>\n<p><strong>&#8216;Empresas por una sociedad libre de violencia de g\u00e9nero&#8217;<\/strong><\/p>\n<p>En el mes de julio de 2013, nos adherimos a esta iniciativa <strong>&#8216;Empresas por una sociedad libre de violencia de g\u00e9nero&#8217; <\/strong>impulsada por el Ministerio de Sanidad, Asuntos Sociales e Igualdad. Actualmente son 56 las entidades que conforman esta iniciativa. \u00a0El acuerdo tiene como objetivo sensibilizar a la sociedad sobre la igualdad entre hombres y mujeres y con el respeto a los derechos fundamentales; avanzar en la construcci\u00f3n de una sociedad libre de violencia de g\u00e9nero; promover la inserci\u00f3n de mujeres v\u00edctimas de la violencia de g\u00e9nero; extender y comunicar el compromiso hacia los empleados, empresas proveedoras y clientes, organizaciones empresariales, sindicatos y a todos los agentes sociales, adem\u00e1s de reflejar las actividades realizadas por una sociedad libre de violencia sobre las mujeres en los proyectos empresariales de las empresas firmantes.<\/p>\n        <\/div>\n    <\/section>\n","protected":false},"excerpt":{"rendered":"","protected":false},"featured_media":2852,"menu_order":0,"comment_status":"closed","ping_status":"closed","template":"","nivel-2":[972,1019,1904,1036],"nivel-5":[1902],"nivel-1":[],"nivel-3":[1258],"nivel-4":[],"class_list":["post-2851","new","type-new","status-publish","has-post-thumbnail","hentry","nivel-2-eventos","nivel-2-personas-y-equipo","nivel-2-recursos-humanos","nivel-2-responsabilidad-social-corporativa","nivel-5-ferrovial","nivel-3-espana"],"acf":[],"yoast_head":"<title>Comprometidos con la inserci\u00f3n laboral de mujeres v\u00edctimas de violencia de g\u00e9nero Sala de prensa Ferrovial | \u00daltimas noticias<\/title>\n<meta name=\"description\" content=\"Sala de prensa Ferrovial | \u00daltimas noticias\" \/>\n<meta name=\"robots\" content=\"index, follow, max-snippet:-1, max-image-preview:large, max-video-preview:-1\" \/>\n<link rel=\"canonical\" href=\"https:\/\/newsroom.ferrovial.com\/es\/noticias\/comprometidos-insercion-laboral-mujeres-victimas-violencia-genero\/\" \/>\n<meta property=\"og:locale\" content=\"es_ES\" \/>\n<meta property=\"og:type\" content=\"article\" \/>\n<meta property=\"og:title\" content=\"Comprometidos con la inserci\u00f3n laboral de mujeres v\u00edctimas de violencia de g\u00e9nero Sala de prensa Ferrovial | \u00daltimas noticias\" \/>\n<meta property=\"og:description\" content=\"Sala de prensa Ferrovial | \u00daltimas noticias\" \/>\n<meta property=\"og:url\" content=\"https:\/\/newsroom.ferrovial.com\/es\/noticias\/comprometidos-insercion-laboral-mujeres-victimas-violencia-genero\/\" \/>\n<meta property=\"og:site_name\" content=\"Sala de prensa Ferrovial | \u00daltimas noticias\" \/>\n<meta property=\"article:publisher\" content=\"https:\/\/www.facebook.com\/ferrovial\" \/>\n<meta property=\"article:modified_time\" content=\"2022-12-21T09:19:52+00:00\" \/>\n<meta property=\"og:image\" content=\"https:\/\/newsroom.ferrovial.com\/wp-content\/uploads\/sites\/4\/2018\/07\/Ferrovial-Inserci\u00f3n-Laboral-Violencia-G\u00e9nero.jpg\" \/>\n\t<meta property=\"og:image:width\" content=\"695\" \/>\n\t<meta property=\"og:image:height\" content=\"535\" \/>\n\t<meta property=\"og:image:type\" content=\"image\/jpeg\" \/>\n<meta name=\"twitter:card\" content=\"summary_large_image\" \/>\n<meta name=\"twitter:site\" content=\"@ferrovial\" \/>\n<script type=\"application\/ld+json\" class=\"yoast-schema-graph\">{\"@context\":\"https:\/\/schema.org\",\"@graph\":[{\"@type\":\"WebPage\",\"@id\":\"https:\/\/newsroom.ferrovial.com\/es\/noticias\/comprometidos-insercion-laboral-mujeres-victimas-violencia-genero\/\",\"url\":\"https:\/\/newsroom.ferrovial.com\/es\/noticias\/comprometidos-insercion-laboral-mujeres-victimas-violencia-genero\/\",\"name\":\"Comprometidos con la inserci\u00f3n laboral de mujeres v\u00edctimas de violencia de g\u00e9nero Sala de prensa Ferrovial | \u00daltimas noticias\",\"isPartOf\":{\"@id\":\"https:\/\/newsroom.ferrovial.com\/es\/#website\"},\"primaryImageOfPage\":{\"@id\":\"https:\/\/newsroom.ferrovial.com\/es\/noticias\/comprometidos-insercion-laboral-mujeres-victimas-violencia-genero\/#primaryimage\"},\"image\":{\"@id\":\"https:\/\/newsroom.ferrovial.com\/es\/noticias\/comprometidos-insercion-laboral-mujeres-victimas-violencia-genero\/#primaryimage\"},\"thumbnailUrl\":\"https:\/\/static.newsroom.ferrovial.com\/wp-content\/uploads\/2018\/07\/15154110\/Ferrovial-Inserci%C3%B3n-Laboral-Violencia-G%C3%A9nero.jpg\",\"datePublished\":\"2013-09-27T00:00:00+00:00\",\"dateModified\":\"2022-12-21T09:19:52+00:00\",\"description\":\"Sala de prensa Ferrovial | \u00daltimas noticias\",\"breadcrumb\":{\"@id\":\"https:\/\/newsroom.ferrovial.com\/es\/noticias\/comprometidos-insercion-laboral-mujeres-victimas-violencia-genero\/#breadcrumb\"},\"inLanguage\":\"es\",\"potentialAction\":[{\"@type\":\"ReadAction\",\"target\":[\"https:\/\/newsroom.ferrovial.com\/es\/noticias\/comprometidos-insercion-laboral-mujeres-victimas-violencia-genero\/\"]}]},{\"@type\":\"ImageObject\",\"inLanguage\":\"es\",\"@id\":\"https:\/\/newsroom.ferrovial.com\/es\/noticias\/comprometidos-insercion-laboral-mujeres-victimas-violencia-genero\/#primaryimage\",\"url\":\"https:\/\/static.newsroom.ferrovial.com\/wp-content\/uploads\/2018\/07\/15154110\/Ferrovial-Inserci%C3%B3n-Laboral-Violencia-G%C3%A9nero.jpg\",\"contentUrl\":\"https:\/\/static.newsroom.ferrovial.com\/wp-content\/uploads\/2018\/07\/15154110\/Ferrovial-Inserci%C3%B3n-Laboral-Violencia-G%C3%A9nero.jpg\",\"width\":695,\"height\":535,\"caption\":\"Ferrovial Inserci\u00f3n Laboral Violencia G\u00e9nero\"},{\"@type\":\"BreadcrumbList\",\"@id\":\"https:\/\/newsroom.ferrovial.com\/es\/noticias\/comprometidos-insercion-laboral-mujeres-victimas-violencia-genero\/#breadcrumb\",\"itemListElement\":[{\"@type\":\"ListItem\",\"position\":1,\"name\":\"Portada\",\"item\":\"https:\/\/newsroom.ferrovial.com\/es\/\"},{\"@type\":\"ListItem\",\"position\":2,\"name\":\"Comprometidos con la inserci\u00f3n laboral de mujeres v\u00edctimas de violencia de g\u00e9nero\"}]},{\"@type\":\"WebSite\",\"@id\":\"https:\/\/newsroom.ferrovial.com\/es\/#website\",\"url\":\"https:\/\/newsroom.ferrovial.com\/es\/\",\"name\":\"Sala de prensa Ferrovial | \u00daltimas noticias\",\"description\":\"Sala de prensa Ferrovial | \u00daltimas noticias\",\"publisher\":{\"@id\":\"https:\/\/newsroom.ferrovial.com\/es\/#organization\"},\"potentialAction\":[{\"@type\":\"SearchAction\",\"target\":{\"@type\":\"EntryPoint\",\"urlTemplate\":\"https:\/\/newsroom.ferrovial.com\/es\/?s={search_term_string}\"},\"query-input\":{\"@type\":\"PropertyValueSpecification\",\"valueRequired\":true,\"valueName\":\"search_term_string\"}}],\"inLanguage\":\"es\"},{\"@type\":\"Organization\",\"@id\":\"https:\/\/newsroom.ferrovial.com\/es\/#organization\",\"name\":\"Ferrovial S.A.\",\"url\":\"https:\/\/newsroom.ferrovial.com\/es\/\",\"logo\":{\"@type\":\"ImageObject\",\"inLanguage\":\"es\",\"@id\":\"https:\/\/newsroom.ferrovial.com\/es\/#\/schema\/logo\/image\/\",\"url\":\"https:\/\/static.newsroom.ferrovial.com\/wp-content\/uploads\/2018\/07\/15145720\/Ferrovial_Logotipo1.jpg\",\"contentUrl\":\"https:\/\/static.newsroom.ferrovial.com\/wp-content\/uploads\/2018\/07\/15145720\/Ferrovial_Logotipo1.jpg\",\"width\":600,\"height\":300,\"caption\":\"Ferrovial S.A.\"},\"image\":{\"@id\":\"https:\/\/newsroom.ferrovial.com\/es\/#\/schema\/logo\/image\/\"},\"sameAs\":[\"https:\/\/www.facebook.com\/ferrovial\",\"https:\/\/x.com\/ferrovial\",\"https:\/\/www.instagram.com\/ferrovial\/\",\"https:\/\/www.linkedin.com\/company\/ferrovial\",\"https:\/\/www.pinterest.es\/ferrovial\/\",\"https:\/\/www.youtube.com\/ferrovial\",\"https:\/\/en.wikipedia.org\/wiki\/Ferrovial\"]}]}<\/script>","yoast_head_json":{"title":"Comprometidos con la inserci\u00f3n laboral de mujeres v\u00edctimas de violencia de g\u00e9nero Sala de prensa Ferrovial | \u00daltimas noticias","description":"Sala de prensa Ferrovial | \u00daltimas noticias","robots":{"index":"index","follow":"follow","max-snippet":"max-snippet:-1","max-image-preview":"max-image-preview:large","max-video-preview":"max-video-preview:-1"},"canonical":"https:\/\/newsroom.ferrovial.com\/es\/noticias\/comprometidos-insercion-laboral-mujeres-victimas-violencia-genero\/","og_locale":"es_ES","og_type":"article","og_title":"Comprometidos con la inserci\u00f3n laboral de mujeres v\u00edctimas de violencia de g\u00e9nero Sala de prensa Ferrovial | \u00daltimas noticias","og_description":"Sala de prensa Ferrovial | \u00daltimas noticias","og_url":"https:\/\/newsroom.ferrovial.com\/es\/noticias\/comprometidos-insercion-laboral-mujeres-victimas-violencia-genero\/","og_site_name":"Sala de prensa Ferrovial | \u00daltimas noticias","article_publisher":"https:\/\/www.facebook.com\/ferrovial","article_modified_time":"2022-12-21T09:19:52+00:00","og_image":[{"width":695,"height":535,"url":"https:\/\/newsroom.ferrovial.com\/wp-content\/uploads\/sites\/4\/2018\/07\/Ferrovial-Inserci\u00f3n-Laboral-Violencia-G\u00e9nero.jpg","type":"image\/jpeg"}],"twitter_card":"summary_large_image","twitter_site":"@ferrovial","schema":{"@context":"https:\/\/schema.org","@graph":[{"@type":"WebPage","@id":"https:\/\/newsroom.ferrovial.com\/es\/noticias\/comprometidos-insercion-laboral-mujeres-victimas-violencia-genero\/","url":"https:\/\/newsroom.ferrovial.com\/es\/noticias\/comprometidos-insercion-laboral-mujeres-victimas-violencia-genero\/","name":"Comprometidos con la inserci\u00f3n laboral de mujeres v\u00edctimas de violencia de g\u00e9nero Sala de prensa Ferrovial | \u00daltimas noticias","isPartOf":{"@id":"https:\/\/newsroom.ferrovial.com\/es\/#website"},"primaryImageOfPage":{"@id":"https:\/\/newsroom.ferrovial.com\/es\/noticias\/comprometidos-insercion-laboral-mujeres-victimas-violencia-genero\/#primaryimage"},"image":{"@id":"https:\/\/newsroom.ferrovial.com\/es\/noticias\/comprometidos-insercion-laboral-mujeres-victimas-violencia-genero\/#primaryimage"},"thumbnailUrl":"https:\/\/static.newsroom.ferrovial.com\/wp-content\/uploads\/2018\/07\/15154110\/Ferrovial-Inserci%C3%B3n-Laboral-Violencia-G%C3%A9nero.jpg","datePublished":"2013-09-27T00:00:00+00:00","dateModified":"2022-12-21T09:19:52+00:00","description":"Sala de prensa Ferrovial | \u00daltimas noticias","breadcrumb":{"@id":"https:\/\/newsroom.ferrovial.com\/es\/noticias\/comprometidos-insercion-laboral-mujeres-victimas-violencia-genero\/#breadcrumb"},"inLanguage":"es","potentialAction":[{"@type":"ReadAction","target":["https:\/\/newsroom.ferrovial.com\/es\/noticias\/comprometidos-insercion-laboral-mujeres-victimas-violencia-genero\/"]}]},{"@type":"ImageObject","inLanguage":"es","@id":"https:\/\/newsroom.ferrovial.com\/es\/noticias\/comprometidos-insercion-laboral-mujeres-victimas-violencia-genero\/#primaryimage","url":"https:\/\/static.newsroom.ferrovial.com\/wp-content\/uploads\/2018\/07\/15154110\/Ferrovial-Inserci%C3%B3n-Laboral-Violencia-G%C3%A9nero.jpg","contentUrl":"https:\/\/static.newsroom.ferrovial.com\/wp-content\/uploads\/2018\/07\/15154110\/Ferrovial-Inserci%C3%B3n-Laboral-Violencia-G%C3%A9nero.jpg","width":695,"height":535,"caption":"Ferrovial Inserci\u00f3n Laboral Violencia G\u00e9nero"},{"@type":"BreadcrumbList","@id":"https:\/\/newsroom.ferrovial.com\/es\/noticias\/comprometidos-insercion-laboral-mujeres-victimas-violencia-genero\/#breadcrumb","itemListElement":[{"@type":"ListItem","position":1,"name":"Portada","item":"https:\/\/newsroom.ferrovial.com\/es\/"},{"@type":"ListItem","position":2,"name":"Comprometidos con la inserci\u00f3n laboral de mujeres v\u00edctimas de violencia de g\u00e9nero"}]},{"@type":"WebSite","@id":"https:\/\/newsroom.ferrovial.com\/es\/#website","url":"https:\/\/newsroom.ferrovial.com\/es\/","name":"Sala de prensa Ferrovial | \u00daltimas noticias","description":"Sala de prensa Ferrovial | \u00daltimas noticias","publisher":{"@id":"https:\/\/newsroom.ferrovial.com\/es\/#organization"},"potentialAction":[{"@type":"SearchAction","target":{"@type":"EntryPoint","urlTemplate":"https:\/\/newsroom.ferrovial.com\/es\/?s={search_term_string}"},"query-input":{"@type":"PropertyValueSpecification","valueRequired":true,"valueName":"search_term_string"}}],"inLanguage":"es"},{"@type":"Organization","@id":"https:\/\/newsroom.ferrovial.com\/es\/#organization","name":"Ferrovial S.A.","url":"https:\/\/newsroom.ferrovial.com\/es\/","logo":{"@type":"ImageObject","inLanguage":"es","@id":"https:\/\/newsroom.ferrovial.com\/es\/#\/schema\/logo\/image\/","url":"https:\/\/static.newsroom.ferrovial.com\/wp-content\/uploads\/2018\/07\/15145720\/Ferrovial_Logotipo1.jpg","contentUrl":"https:\/\/static.newsroom.ferrovial.com\/wp-content\/uploads\/2018\/07\/15145720\/Ferrovial_Logotipo1.jpg","width":600,"height":300,"caption":"Ferrovial S.A."},"image":{"@id":"https:\/\/newsroom.ferrovial.com\/es\/#\/schema\/logo\/image\/"},"sameAs":["https:\/\/www.facebook.com\/ferrovial","https:\/\/x.com\/ferrovial","https:\/\/www.instagram.com\/ferrovial\/","https:\/\/www.linkedin.com\/company\/ferrovial","https:\/\/www.pinterest.es\/ferrovial\/","https:\/\/www.youtube.com\/ferrovial","https:\/\/en.wikipedia.org\/wiki\/Ferrovial"]}]}},"_links":{"self":[{"href":"https:\/\/newsroom.ferrovial.com\/es\/wp-json\/wp\/v2\/new\/2851","targetHints":{"allow":["GET"]}}],"collection":[{"href":"https:\/\/newsroom.ferrovial.com\/es\/wp-json\/wp\/v2\/new"}],"about":[{"href":"https:\/\/newsroom.ferrovial.com\/es\/wp-json\/wp\/v2\/types\/new"}],"replies":[{"embeddable":true,"href":"https:\/\/newsroom.ferrovial.com\/es\/wp-json\/wp\/v2\/comments?post=2851"}],"version-history":[{"count":1,"href":"https:\/\/newsroom.ferrovial.com\/es\/wp-json\/wp\/v2\/new\/2851\/revisions"}],"predecessor-version":[{"id":117896,"href":"https:\/\/newsroom.ferrovial.com\/es\/wp-json\/wp\/v2\/new\/2851\/revisions\/117896"}],"wp:featuredmedia":[{"embeddable":true,"href":"https:\/\/newsroom.ferrovial.com\/es\/wp-json\/wp\/v2\/media\/2852"}],"wp:attachment":[{"href":"https:\/\/newsroom.ferrovial.com\/es\/wp-json\/wp\/v2\/media?parent=2851"}],"wp:term":[{"taxonomy":"nivel-2","embeddable":true,"href":"https:\/\/newsroom.ferrovial.com\/es\/wp-json\/wp\/v2\/nivel-2?post=2851"},{"taxonomy":"nivel-5","embeddable":true,"href":"https:\/\/newsroom.ferrovial.com\/es\/wp-json\/wp\/v2\/nivel-5?post=2851"},{"taxonomy":"nivel-1","embeddable":true,"href":"https:\/\/newsroom.ferrovial.com\/es\/wp-json\/wp\/v2\/nivel-1?post=2851"},{"taxonomy":"nivel-3","embeddable":true,"href":"https:\/\/newsroom.ferrovial.com\/es\/wp-json\/wp\/v2\/nivel-3?post=2851"},{"taxonomy":"nivel-4","embeddable":true,"href":"https:\/\/newsroom.ferrovial.com\/es\/wp-json\/wp\/v2\/nivel-4?post=2851"}],"curies":[{"name":"wp","href":"https:\/\/api.w.org\/{rel}","templated":true}]}}