{"id":2931,"date":"2008-04-30T00:00:00","date_gmt":"2008-04-30T00:00:00","guid":{"rendered":"https:\/\/newsroom.ferrovial.com\/news\/la-rsc-suma-puntos-para-adjudicarse-un-contrato-publico\/"},"modified":"2022-12-21T11:03:01","modified_gmt":"2022-12-21T10:03:01","slug":"la-rsc-suma-puntos-para-adjudicarse-un-contrato-publico","status":"publish","type":"new","link":"https:\/\/newsroom.ferrovial.com\/es\/noticias\/la-rsc-suma-puntos-para-adjudicarse-un-contrato-publico\/","title":{"rendered":"La RSC suma puntos para adjudicarse un contrato p\u00fablico"},"content":{"rendered":"    <section class=\"wysiwyg text-editor \" id=\"\">\n        <div class=\"container container--narrow container--p-10\">\n            <p>A igualdad de condiciones, las circunstancias sociales o medioambientales de una empresa inclinar\u00e1n la balanza a favor de un adjudicatario en una obra p\u00fablica. Esta es una de las caracter\u00edsticas de la Ley de Contrataci\u00f3n del Sector P\u00fablico que esta semana entra en vigor. En su exposici\u00f3n de motivos, la norma afirma que las principales novedades &#8216;afectan a la previsi\u00f3n de mecanismos que permiten introducir en la contrataci\u00f3n p\u00fablica consideraciones de tipo social y medioambiental, configur\u00e1ndolas como condiciones especiales de ejecuci\u00f3n del contrato o como criterios para valorar las ofertas, prefigurando una estructura que permita acoger pautas de adecuaci\u00f3n de los contratos a nuevos requerimientos \u00e9ticos y sociales&#8217;.<\/p>\n<p>A lo largo de sus numerosos art\u00edculos (309 m\u00e1s 33 disposiciones adicionales, siete transitorias y 12 finales), la ley detalla cu\u00e1les ser\u00e1n a partir de ahora los criterios que podr\u00e1n tener en cuenta las distintas administraciones a la hora de adjudicar una obra p\u00fablica.<\/p>\n<p>En primer lugar y en el momento de seleccionar al adjudicatario, para valorar la oferta econ\u00f3micamente m\u00e1s ventajosa deber\u00e1 atenderse adem\u00e1s de a criterios de calidad, precio o plazo de ejecuci\u00f3n o entrega de la prestaci\u00f3n, a otras relacionadas con caracter\u00edsticas medioambientales &#8216;o vinculadas con la satisfacci\u00f3n de exigencias sociales que respondan a necesidades, definidas en las especificaciones del contrato, propias de las categor\u00edas de poblaci\u00f3n especialmente desfavorecidas a las que pertenezcan los usuarios o beneficiarios de las prestaciones a contratar&#8217;.<\/p>\n<p>Eso s\u00ed, como dice la norma, la atenci\u00f3n a los criterios sociales o medioambientales deber\u00e1n estar reflejados en las especificaciones del contrato. As\u00ed lo recuerda el socio del departamento p\u00fablico y procesal de Ur\u00eda Men\u00e9ndez, Javier Garc\u00eda Sanz. &#8216;A la hora de seleccionar a una empresa para ejecutar una obra se pueden establecer criterios de RSC, pero siempre relacionados con el objeto del contrato. Adem\u00e1s, una vez seleccionado el adjudicatario tambi\u00e9n se pueden incorporar condiciones al ejecutor&#8217;, explica este experto.<\/p>\n<p><strong>Criterio social o medioambiental<\/strong><\/p>\n<p>En lo expuesto en el art\u00edculo 102 de la ley se afirma que los \u00f3rganos de contrataci\u00f3n podr\u00e1n establecer condiciones especiales sobre la ejecuci\u00f3n del contrato, &#8216;siempre que sean compatibles con el derecho comunitario y se indiquen en el anuncio de licitaci\u00f3n y en el pliego o en el contrato&#8217;. Estas condiciones de ejecuci\u00f3n podr\u00e1n referirse a consideraciones de tipo medioambiental o social, &#8216;con el fin de promover el empleo de personas con dificultades particulares de inserci\u00f3n en el mercado laboral, eliminar las desigualdades entre el hombre y la mujer en dicho mercado, combatir el paro, favorecer la formaci\u00f3n en el lugar de trabajo&#8217;, por ejemplo. Adem\u00e1s, la disposici\u00f3n adicional sexta recoge la posibilidad de que en caso de empate, el criterio de responsabilidad sirva para inclinar la balanza.<\/p>\n<p>Sin embargo, el socio de Ur\u00eda Men\u00e9ndez opina que la inclusi\u00f3n de cl\u00e1usulas de responsabilidad y la decisi\u00f3n entre empresas teniendo en cuenta estos criterios tardar\u00e1n en ser comunes. &#8216;No va a pasar de la noche a la ma\u00f1ana&#8217;. Y en esa opini\u00f3n coincide con Nicol\u00e1s Gonz\u00e1lez-Deleito y Germ\u00e1n Bouso, socio y asociado respectivamente de Cuatrecasas. \u00c9stos a\u00f1aden que el \u00e9xito de la norma depender\u00e1 en gran parte del esfuerzo que realicen las administraciones a la hora de incluir en sus pliegos de condiciones criterios de RSC. &#8216;El esquema est\u00e1 bien articulado, depender\u00e1 ahora de la implicaci\u00f3n de la Administraci\u00f3n&#8217;, se\u00f1alan.<\/p>\n<p><strong>La importancia de impulsar la inversi\u00f3n responsable<\/strong><\/p>\n<p>La ley de contratos p\u00fablicos es uno de los muchos pasos emprendidos desde distintos \u00e1mbitos para impulsar la responsabilidad corporativa en Espa\u00f1a. Queda, sin embargo, un aspecto que preocupa a los expertos. Es el pobre desarrollo de la inversi\u00f3n socialmente responsable (ISR).<\/p>\n<p>Durante unas jornadas organizadas la semana pasada por el Banco Santander, Economistas sin Fronteras y la Fundaci\u00f3n Pablo VI, el secretario general del grupo parlamentario socialista, Ram\u00f3n J\u00e1uregui, insisti\u00f3 en esta preocupaci\u00f3n y alert\u00f3 de la inexistencia de una cultura de inversi\u00f3n socialmente responsable en Espa\u00f1a, debido sobre todo a la falta de oferta y publicidad de estos productos, el prejuicio negativo sobre la compatibilizaci\u00f3n de rentabilidad y compromiso social, y a la ausencia de pol\u00edticas p\u00fablicas de fomento. J\u00e1uregui se ha mostrado en muchas ocasiones a favor de que la propia Administraci\u00f3n impulse el desarrollo de este tipo de inversi\u00f3n mediante la introducci\u00f3n de criterios de ISR en sus propias inversiones a las que se dote de transparencia y que se estimule con pol\u00edticas fiscales beneficiosas.<\/p>\n<p>Cinco D\u00edas<\/p>\n        <\/div>\n    <\/section>\n","protected":false},"excerpt":{"rendered":"","protected":false},"featured_media":0,"menu_order":0,"comment_status":"closed","ping_status":"closed","template":"","nivel-2":[936],"nivel-5":[],"nivel-1":[],"nivel-3":[],"nivel-4":[],"class_list":["post-2931","new","type-new","status-publish","hentry","nivel-2-conservacion-del-medio-ambiente"],"acf":[],"yoast_head":"<title>La RSC suma puntos para adjudicarse un contrato p\u00fablico Sala de prensa Ferrovial | \u00daltimas noticias<\/title>\n<meta name=\"description\" content=\"Sala de prensa Ferrovial | \u00daltimas noticias\" \/>\n<meta name=\"robots\" content=\"index, follow, max-snippet:-1, max-image-preview:large, max-video-preview:-1\" \/>\n<link rel=\"canonical\" href=\"https:\/\/newsroom.ferrovial.com\/es\/noticias\/la-rsc-suma-puntos-para-adjudicarse-un-contrato-publico\/\" \/>\n<meta property=\"og:locale\" content=\"es_ES\" \/>\n<meta property=\"og:type\" content=\"article\" \/>\n<meta property=\"og:title\" content=\"La RSC suma puntos para adjudicarse un contrato p\u00fablico Sala de prensa Ferrovial | \u00daltimas noticias\" \/>\n<meta property=\"og:description\" content=\"Sala de prensa Ferrovial | \u00daltimas noticias\" \/>\n<meta property=\"og:url\" content=\"https:\/\/newsroom.ferrovial.com\/es\/noticias\/la-rsc-suma-puntos-para-adjudicarse-un-contrato-publico\/\" \/>\n<meta property=\"og:site_name\" content=\"Sala de prensa Ferrovial | \u00daltimas noticias\" \/>\n<meta property=\"article:publisher\" content=\"https:\/\/www.facebook.com\/ferrovial\" \/>\n<meta property=\"article:modified_time\" content=\"2022-12-21T10:03:01+00:00\" \/>\n<meta name=\"twitter:card\" content=\"summary_large_image\" \/>\n<meta name=\"twitter:site\" content=\"@ferrovial\" \/>\n<script type=\"application\/ld+json\" class=\"yoast-schema-graph\">{\"@context\":\"https:\/\/schema.org\",\"@graph\":[{\"@type\":\"WebPage\",\"@id\":\"https:\/\/newsroom.ferrovial.com\/es\/noticias\/la-rsc-suma-puntos-para-adjudicarse-un-contrato-publico\/\",\"url\":\"https:\/\/newsroom.ferrovial.com\/es\/noticias\/la-rsc-suma-puntos-para-adjudicarse-un-contrato-publico\/\",\"name\":\"La RSC suma puntos para adjudicarse un contrato p\u00fablico Sala de prensa Ferrovial | \u00daltimas noticias\",\"isPartOf\":{\"@id\":\"https:\/\/newsroom.ferrovial.com\/es\/#website\"},\"datePublished\":\"2008-04-30T00:00:00+00:00\",\"dateModified\":\"2022-12-21T10:03:01+00:00\",\"description\":\"Sala de prensa Ferrovial | \u00daltimas noticias\",\"breadcrumb\":{\"@id\":\"https:\/\/newsroom.ferrovial.com\/es\/noticias\/la-rsc-suma-puntos-para-adjudicarse-un-contrato-publico\/#breadcrumb\"},\"inLanguage\":\"es\",\"potentialAction\":[{\"@type\":\"ReadAction\",\"target\":[\"https:\/\/newsroom.ferrovial.com\/es\/noticias\/la-rsc-suma-puntos-para-adjudicarse-un-contrato-publico\/\"]}]},{\"@type\":\"BreadcrumbList\",\"@id\":\"https:\/\/newsroom.ferrovial.com\/es\/noticias\/la-rsc-suma-puntos-para-adjudicarse-un-contrato-publico\/#breadcrumb\",\"itemListElement\":[{\"@type\":\"ListItem\",\"position\":1,\"name\":\"Portada\",\"item\":\"https:\/\/newsroom.ferrovial.com\/es\/\"},{\"@type\":\"ListItem\",\"position\":2,\"name\":\"La RSC suma puntos para adjudicarse un contrato p\u00fablico\"}]},{\"@type\":\"WebSite\",\"@id\":\"https:\/\/newsroom.ferrovial.com\/es\/#website\",\"url\":\"https:\/\/newsroom.ferrovial.com\/es\/\",\"name\":\"Sala de prensa Ferrovial | \u00daltimas noticias\",\"description\":\"Sala de prensa Ferrovial | \u00daltimas noticias\",\"publisher\":{\"@id\":\"https:\/\/newsroom.ferrovial.com\/es\/#organization\"},\"potentialAction\":[{\"@type\":\"SearchAction\",\"target\":{\"@type\":\"EntryPoint\",\"urlTemplate\":\"https:\/\/newsroom.ferrovial.com\/es\/?s={search_term_string}\"},\"query-input\":{\"@type\":\"PropertyValueSpecification\",\"valueRequired\":true,\"valueName\":\"search_term_string\"}}],\"inLanguage\":\"es\"},{\"@type\":\"Organization\",\"@id\":\"https:\/\/newsroom.ferrovial.com\/es\/#organization\",\"name\":\"Ferrovial S.A.\",\"url\":\"https:\/\/newsroom.ferrovial.com\/es\/\",\"logo\":{\"@type\":\"ImageObject\",\"inLanguage\":\"es\",\"@id\":\"https:\/\/newsroom.ferrovial.com\/es\/#\/schema\/logo\/image\/\",\"url\":\"https:\/\/static.newsroom.ferrovial.com\/wp-content\/uploads\/2018\/07\/15145720\/Ferrovial_Logotipo1.jpg\",\"contentUrl\":\"https:\/\/static.newsroom.ferrovial.com\/wp-content\/uploads\/2018\/07\/15145720\/Ferrovial_Logotipo1.jpg\",\"width\":600,\"height\":300,\"caption\":\"Ferrovial S.A.\"},\"image\":{\"@id\":\"https:\/\/newsroom.ferrovial.com\/es\/#\/schema\/logo\/image\/\"},\"sameAs\":[\"https:\/\/www.facebook.com\/ferrovial\",\"https:\/\/x.com\/ferrovial\",\"https:\/\/www.instagram.com\/ferrovial\/\",\"https:\/\/www.linkedin.com\/company\/ferrovial\",\"https:\/\/www.pinterest.es\/ferrovial\/\",\"https:\/\/www.youtube.com\/ferrovial\",\"https:\/\/en.wikipedia.org\/wiki\/Ferrovial\"]}]}<\/script>","yoast_head_json":{"title":"La RSC suma puntos para adjudicarse un contrato p\u00fablico Sala de prensa Ferrovial | \u00daltimas noticias","description":"Sala de prensa Ferrovial | \u00daltimas noticias","robots":{"index":"index","follow":"follow","max-snippet":"max-snippet:-1","max-image-preview":"max-image-preview:large","max-video-preview":"max-video-preview:-1"},"canonical":"https:\/\/newsroom.ferrovial.com\/es\/noticias\/la-rsc-suma-puntos-para-adjudicarse-un-contrato-publico\/","og_locale":"es_ES","og_type":"article","og_title":"La RSC suma puntos para adjudicarse un contrato p\u00fablico Sala de prensa Ferrovial | \u00daltimas noticias","og_description":"Sala de prensa Ferrovial | \u00daltimas noticias","og_url":"https:\/\/newsroom.ferrovial.com\/es\/noticias\/la-rsc-suma-puntos-para-adjudicarse-un-contrato-publico\/","og_site_name":"Sala de prensa Ferrovial | \u00daltimas noticias","article_publisher":"https:\/\/www.facebook.com\/ferrovial","article_modified_time":"2022-12-21T10:03:01+00:00","twitter_card":"summary_large_image","twitter_site":"@ferrovial","schema":{"@context":"https:\/\/schema.org","@graph":[{"@type":"WebPage","@id":"https:\/\/newsroom.ferrovial.com\/es\/noticias\/la-rsc-suma-puntos-para-adjudicarse-un-contrato-publico\/","url":"https:\/\/newsroom.ferrovial.com\/es\/noticias\/la-rsc-suma-puntos-para-adjudicarse-un-contrato-publico\/","name":"La RSC suma puntos para adjudicarse un contrato p\u00fablico Sala de prensa Ferrovial | \u00daltimas noticias","isPartOf":{"@id":"https:\/\/newsroom.ferrovial.com\/es\/#website"},"datePublished":"2008-04-30T00:00:00+00:00","dateModified":"2022-12-21T10:03:01+00:00","description":"Sala de prensa Ferrovial | \u00daltimas noticias","breadcrumb":{"@id":"https:\/\/newsroom.ferrovial.com\/es\/noticias\/la-rsc-suma-puntos-para-adjudicarse-un-contrato-publico\/#breadcrumb"},"inLanguage":"es","potentialAction":[{"@type":"ReadAction","target":["https:\/\/newsroom.ferrovial.com\/es\/noticias\/la-rsc-suma-puntos-para-adjudicarse-un-contrato-publico\/"]}]},{"@type":"BreadcrumbList","@id":"https:\/\/newsroom.ferrovial.com\/es\/noticias\/la-rsc-suma-puntos-para-adjudicarse-un-contrato-publico\/#breadcrumb","itemListElement":[{"@type":"ListItem","position":1,"name":"Portada","item":"https:\/\/newsroom.ferrovial.com\/es\/"},{"@type":"ListItem","position":2,"name":"La RSC suma puntos para adjudicarse un contrato p\u00fablico"}]},{"@type":"WebSite","@id":"https:\/\/newsroom.ferrovial.com\/es\/#website","url":"https:\/\/newsroom.ferrovial.com\/es\/","name":"Sala de prensa Ferrovial | \u00daltimas noticias","description":"Sala de prensa Ferrovial | \u00daltimas noticias","publisher":{"@id":"https:\/\/newsroom.ferrovial.com\/es\/#organization"},"potentialAction":[{"@type":"SearchAction","target":{"@type":"EntryPoint","urlTemplate":"https:\/\/newsroom.ferrovial.com\/es\/?s={search_term_string}"},"query-input":{"@type":"PropertyValueSpecification","valueRequired":true,"valueName":"search_term_string"}}],"inLanguage":"es"},{"@type":"Organization","@id":"https:\/\/newsroom.ferrovial.com\/es\/#organization","name":"Ferrovial S.A.","url":"https:\/\/newsroom.ferrovial.com\/es\/","logo":{"@type":"ImageObject","inLanguage":"es","@id":"https:\/\/newsroom.ferrovial.com\/es\/#\/schema\/logo\/image\/","url":"https:\/\/static.newsroom.ferrovial.com\/wp-content\/uploads\/2018\/07\/15145720\/Ferrovial_Logotipo1.jpg","contentUrl":"https:\/\/static.newsroom.ferrovial.com\/wp-content\/uploads\/2018\/07\/15145720\/Ferrovial_Logotipo1.jpg","width":600,"height":300,"caption":"Ferrovial S.A."},"image":{"@id":"https:\/\/newsroom.ferrovial.com\/es\/#\/schema\/logo\/image\/"},"sameAs":["https:\/\/www.facebook.com\/ferrovial","https:\/\/x.com\/ferrovial","https:\/\/www.instagram.com\/ferrovial\/","https:\/\/www.linkedin.com\/company\/ferrovial","https:\/\/www.pinterest.es\/ferrovial\/","https:\/\/www.youtube.com\/ferrovial","https:\/\/en.wikipedia.org\/wiki\/Ferrovial"]}]}},"_links":{"self":[{"href":"https:\/\/newsroom.ferrovial.com\/es\/wp-json\/wp\/v2\/new\/2931","targetHints":{"allow":["GET"]}}],"collection":[{"href":"https:\/\/newsroom.ferrovial.com\/es\/wp-json\/wp\/v2\/new"}],"about":[{"href":"https:\/\/newsroom.ferrovial.com\/es\/wp-json\/wp\/v2\/types\/new"}],"replies":[{"embeddable":true,"href":"https:\/\/newsroom.ferrovial.com\/es\/wp-json\/wp\/v2\/comments?post=2931"}],"version-history":[{"count":1,"href":"https:\/\/newsroom.ferrovial.com\/es\/wp-json\/wp\/v2\/new\/2931\/revisions"}],"predecessor-version":[{"id":118556,"href":"https:\/\/newsroom.ferrovial.com\/es\/wp-json\/wp\/v2\/new\/2931\/revisions\/118556"}],"wp:attachment":[{"href":"https:\/\/newsroom.ferrovial.com\/es\/wp-json\/wp\/v2\/media?parent=2931"}],"wp:term":[{"taxonomy":"nivel-2","embeddable":true,"href":"https:\/\/newsroom.ferrovial.com\/es\/wp-json\/wp\/v2\/nivel-2?post=2931"},{"taxonomy":"nivel-5","embeddable":true,"href":"https:\/\/newsroom.ferrovial.com\/es\/wp-json\/wp\/v2\/nivel-5?post=2931"},{"taxonomy":"nivel-1","embeddable":true,"href":"https:\/\/newsroom.ferrovial.com\/es\/wp-json\/wp\/v2\/nivel-1?post=2931"},{"taxonomy":"nivel-3","embeddable":true,"href":"https:\/\/newsroom.ferrovial.com\/es\/wp-json\/wp\/v2\/nivel-3?post=2931"},{"taxonomy":"nivel-4","embeddable":true,"href":"https:\/\/newsroom.ferrovial.com\/es\/wp-json\/wp\/v2\/nivel-4?post=2931"}],"curies":[{"name":"wp","href":"https:\/\/api.w.org\/{rel}","templated":true}]}}