{"id":3073,"date":"2013-12-05T00:00:00","date_gmt":"2013-12-05T00:00:00","guid":{"rendered":"https:\/\/newsroom.ferrovial.com\/news\/reconocidos-premios-seres-2013-innovacion-compromiso-social\/"},"modified":"2022-12-21T10:19:06","modified_gmt":"2022-12-21T09:19:06","slug":"reconocidos-premios-seres-2013-innovacion-compromiso-social","status":"publish","type":"new","link":"https:\/\/newsroom.ferrovial.com\/es\/noticias\/reconocidos-premios-seres-2013-innovacion-compromiso-social\/","title":{"rendered":"Reconocidos en los Premios Seres 2013 a la Innovaci\u00f3n y Compromiso Social"},"content":{"rendered":"    <section class=\"wysiwyg text-editor \" id=\"\">\n        <div class=\"container container--narrow container--p-10\">\n            <p>Hemos sido galardonados en los\u00a0<a title=\"Premios Seres 2013 a la Innovaci\u00f3n y Compromiso Social de la empresa (nueva ventana)\" href=\"http:\/\/www.fundacionseres.org\/Paginas\/Premios%20Fundaci%C3%B3n%20Seres%20a%20la%20Responsabilidad%20Social%20Corporativa.aspx\" target=\"_blank\">Premios Seres 2013 a la Innovaci\u00f3n y Compromiso Social de la empresa<\/a>, que reconocen actuaciones empresariales que, formando parte de la estrategia, ayuden a\u00a0<strong>mejorar la sociedad y a disminuir la brecha existente con los colectivos desfavorecidos<\/strong>.<\/p>\n<p>El acto de entrega, celebrado en la\u00a0<a title=\"Casa de Am\u00e9rica de Madrid (nueva ventana)\" href=\"http:\/\/www.casamerica.es\/\" target=\"_blank\">Casa de Am\u00e9rica de Madrid<\/a>, cont\u00f3 con la intervenci\u00f3n de Juan Arena, presidente de la\u00a0<a title=\"Fundaci\u00f3n SERES (nueva ventana)\" href=\"http:\/\/www.fundacionseres.org\/\" target=\"_blank\">Fundaci\u00f3n SERES<\/a>, quien destac\u00f3 el importante papel que deben tener las empresas en la mejora de la sociedad, generando siempre valor compartido. Por parte de Ferrovial recibi\u00f3 el premio nuestro Consejero Delegado, \u00cd\u00f1igo Meir\u00e1s.<\/p>\n<p><strong>\u201cInfraestructuras Sociales\u201d<\/strong><b><br \/>\n<\/b><br \/>\nEn particular, hemos sido galardonados por nuestro programa de\u00a0Responsabilidad Corporativa\u00a0Infraestructuras Sociales. En esta iniciativa, aportamos, adem\u00e1s de fondos, asistencia t\u00e9cnica, tecnolog\u00eda as\u00ed como la participaci\u00f3n de especialistas en el desarrollo de los proyectos, implicando de manera transversal a la empresa en un programa de acci\u00f3n social estrat\u00e9gica. En la actualidad, el programa \u201cInfraestructuras Sociales\u201d cuenta con\u00a0<strong>m\u00e1s de 294.000 beneficiarios<\/strong>, m\u00e1s de\u00a0<strong>300 infraestructuras construidas<\/strong>,\u00a0<strong>2.000 personas capacitadas<\/strong><b>\u00a0<\/b>en gesti\u00f3n de infraestructuras y\u00a0<strong>58 profesionales voluntarios<\/strong>.<\/p>\n<p><a title=\"Premios Seres (nueva ventana)\" href=\"http:\/\/www.fundacionseres.org\/Paginas\/Premios%20Fundaci%C3%B3n%20Seres%20a%20la%20Responsabilidad%20Social%20Corporativa.aspx\" target=\"_blank\"><strong>Premios Seres<\/strong><b><br \/>\n<\/b><\/a><br \/>\nLa Fundaci\u00f3n convoca los Premios Seres con el objetivo de incentivar y reconocer p\u00fablicamente aquellas actuaciones estrat\u00e9gicas e innovadoras que generan valor para la sociedad y para la empresa y que de esta forma la acci\u00f3n social empresarial sea sostenible en el tiempo. En la actualidad, SERES agrupa a 100 empresas que persiguen que se haga m\u00e1s y mejor Responsabilidad Social Corporativa realizando actuaciones empresariales de car\u00e1cter estrat\u00e9gico.<\/p>\n        <\/div>\n    <\/section>\n","protected":false},"excerpt":{"rendered":"","protected":false},"featured_media":1509,"menu_order":0,"comment_status":"closed","ping_status":"closed","template":"","nivel-2":[987,2200,1024,1904,1036],"nivel-5":[],"nivel-1":[],"nivel-3":[1258],"nivel-4":[1809],"class_list":["post-3073","new","type-new","status-publish","has-post-thumbnail","hentry","nivel-2-infraestructuras","nivel-2-innovacion","nivel-2-premios","nivel-2-recursos-humanos","nivel-2-responsabilidad-social-corporativa","nivel-3-espana","nivel-4-madrid"],"acf":[],"yoast_head":"<title>Reconocidos en los Premios Seres 2013 a la Innovaci\u00f3n y Compromiso Social Sala de prensa Ferrovial | \u00daltimas noticias<\/title>\n<meta name=\"description\" content=\"Sala de prensa Ferrovial | \u00daltimas noticias\" \/>\n<meta name=\"robots\" content=\"index, follow, max-snippet:-1, max-image-preview:large, max-video-preview:-1\" \/>\n<link rel=\"canonical\" href=\"https:\/\/newsroom.ferrovial.com\/es\/noticias\/reconocidos-premios-seres-2013-innovacion-compromiso-social\/\" \/>\n<meta property=\"og:locale\" content=\"es_ES\" \/>\n<meta property=\"og:type\" content=\"article\" \/>\n<meta property=\"og:title\" content=\"Reconocidos en los Premios Seres 2013 a la Innovaci\u00f3n y Compromiso Social Sala de prensa Ferrovial | \u00daltimas noticias\" \/>\n<meta property=\"og:description\" content=\"Sala de prensa Ferrovial | \u00daltimas noticias\" \/>\n<meta property=\"og:url\" content=\"https:\/\/newsroom.ferrovial.com\/es\/noticias\/reconocidos-premios-seres-2013-innovacion-compromiso-social\/\" \/>\n<meta property=\"og:site_name\" content=\"Sala de prensa Ferrovial | \u00daltimas noticias\" \/>\n<meta property=\"article:publisher\" content=\"https:\/\/www.facebook.com\/ferrovial\" \/>\n<meta property=\"article:modified_time\" content=\"2022-12-21T09:19:06+00:00\" \/>\n<meta property=\"og:image\" content=\"https:\/\/newsroom.ferrovial.com\/wp-content\/uploads\/sites\/4\/2018\/07\/ferrovial-rsc-premioseres2013.jpg\" \/>\n\t<meta property=\"og:image:width\" content=\"520\" \/>\n\t<meta property=\"og:image:height\" content=\"320\" \/>\n\t<meta property=\"og:image:type\" content=\"image\/jpeg\" \/>\n<meta name=\"twitter:card\" content=\"summary_large_image\" \/>\n<meta name=\"twitter:site\" content=\"@ferrovial\" \/>\n<script type=\"application\/ld+json\" class=\"yoast-schema-graph\">{\"@context\":\"https:\/\/schema.org\",\"@graph\":[{\"@type\":\"WebPage\",\"@id\":\"https:\/\/newsroom.ferrovial.com\/es\/noticias\/reconocidos-premios-seres-2013-innovacion-compromiso-social\/\",\"url\":\"https:\/\/newsroom.ferrovial.com\/es\/noticias\/reconocidos-premios-seres-2013-innovacion-compromiso-social\/\",\"name\":\"Reconocidos en los Premios Seres 2013 a la Innovaci\u00f3n y Compromiso Social Sala de prensa Ferrovial | \u00daltimas noticias\",\"isPartOf\":{\"@id\":\"https:\/\/newsroom.ferrovial.com\/es\/#website\"},\"primaryImageOfPage\":{\"@id\":\"https:\/\/newsroom.ferrovial.com\/es\/noticias\/reconocidos-premios-seres-2013-innovacion-compromiso-social\/#primaryimage\"},\"image\":{\"@id\":\"https:\/\/newsroom.ferrovial.com\/es\/noticias\/reconocidos-premios-seres-2013-innovacion-compromiso-social\/#primaryimage\"},\"thumbnailUrl\":\"https:\/\/static.newsroom.ferrovial.com\/wp-content\/uploads\/2018\/07\/15154125\/ferrovial-rsc-premioseres2013.jpg\",\"datePublished\":\"2013-12-05T00:00:00+00:00\",\"dateModified\":\"2022-12-21T09:19:06+00:00\",\"description\":\"Sala de prensa Ferrovial | \u00daltimas noticias\",\"breadcrumb\":{\"@id\":\"https:\/\/newsroom.ferrovial.com\/es\/noticias\/reconocidos-premios-seres-2013-innovacion-compromiso-social\/#breadcrumb\"},\"inLanguage\":\"es\",\"potentialAction\":[{\"@type\":\"ReadAction\",\"target\":[\"https:\/\/newsroom.ferrovial.com\/es\/noticias\/reconocidos-premios-seres-2013-innovacion-compromiso-social\/\"]}]},{\"@type\":\"ImageObject\",\"inLanguage\":\"es\",\"@id\":\"https:\/\/newsroom.ferrovial.com\/es\/noticias\/reconocidos-premios-seres-2013-innovacion-compromiso-social\/#primaryimage\",\"url\":\"https:\/\/static.newsroom.ferrovial.com\/wp-content\/uploads\/2018\/07\/15154125\/ferrovial-rsc-premioseres2013.jpg\",\"contentUrl\":\"https:\/\/static.newsroom.ferrovial.com\/wp-content\/uploads\/2018\/07\/15154125\/ferrovial-rsc-premioseres2013.jpg\",\"width\":520,\"height\":320},{\"@type\":\"BreadcrumbList\",\"@id\":\"https:\/\/newsroom.ferrovial.com\/es\/noticias\/reconocidos-premios-seres-2013-innovacion-compromiso-social\/#breadcrumb\",\"itemListElement\":[{\"@type\":\"ListItem\",\"position\":1,\"name\":\"Portada\",\"item\":\"https:\/\/newsroom.ferrovial.com\/es\/\"},{\"@type\":\"ListItem\",\"position\":2,\"name\":\"Reconocidos en los Premios Seres 2013 a la Innovaci\u00f3n y Compromiso Social\"}]},{\"@type\":\"WebSite\",\"@id\":\"https:\/\/newsroom.ferrovial.com\/es\/#website\",\"url\":\"https:\/\/newsroom.ferrovial.com\/es\/\",\"name\":\"Sala de prensa Ferrovial | \u00daltimas noticias\",\"description\":\"Sala de prensa Ferrovial | \u00daltimas noticias\",\"publisher\":{\"@id\":\"https:\/\/newsroom.ferrovial.com\/es\/#organization\"},\"potentialAction\":[{\"@type\":\"SearchAction\",\"target\":{\"@type\":\"EntryPoint\",\"urlTemplate\":\"https:\/\/newsroom.ferrovial.com\/es\/?s={search_term_string}\"},\"query-input\":{\"@type\":\"PropertyValueSpecification\",\"valueRequired\":true,\"valueName\":\"search_term_string\"}}],\"inLanguage\":\"es\"},{\"@type\":\"Organization\",\"@id\":\"https:\/\/newsroom.ferrovial.com\/es\/#organization\",\"name\":\"Ferrovial S.A.\",\"url\":\"https:\/\/newsroom.ferrovial.com\/es\/\",\"logo\":{\"@type\":\"ImageObject\",\"inLanguage\":\"es\",\"@id\":\"https:\/\/newsroom.ferrovial.com\/es\/#\/schema\/logo\/image\/\",\"url\":\"https:\/\/static.newsroom.ferrovial.com\/wp-content\/uploads\/2018\/07\/15145720\/Ferrovial_Logotipo1.jpg\",\"contentUrl\":\"https:\/\/static.newsroom.ferrovial.com\/wp-content\/uploads\/2018\/07\/15145720\/Ferrovial_Logotipo1.jpg\",\"width\":600,\"height\":300,\"caption\":\"Ferrovial S.A.\"},\"image\":{\"@id\":\"https:\/\/newsroom.ferrovial.com\/es\/#\/schema\/logo\/image\/\"},\"sameAs\":[\"https:\/\/www.facebook.com\/ferrovial\",\"https:\/\/x.com\/ferrovial\",\"https:\/\/www.instagram.com\/ferrovial\/\",\"https:\/\/www.linkedin.com\/company\/ferrovial\",\"https:\/\/www.pinterest.es\/ferrovial\/\",\"https:\/\/www.youtube.com\/ferrovial\",\"https:\/\/en.wikipedia.org\/wiki\/Ferrovial\"]}]}<\/script>","yoast_head_json":{"title":"Reconocidos en los Premios Seres 2013 a la Innovaci\u00f3n y Compromiso Social Sala de prensa Ferrovial | \u00daltimas noticias","description":"Sala de prensa Ferrovial | \u00daltimas noticias","robots":{"index":"index","follow":"follow","max-snippet":"max-snippet:-1","max-image-preview":"max-image-preview:large","max-video-preview":"max-video-preview:-1"},"canonical":"https:\/\/newsroom.ferrovial.com\/es\/noticias\/reconocidos-premios-seres-2013-innovacion-compromiso-social\/","og_locale":"es_ES","og_type":"article","og_title":"Reconocidos en los Premios Seres 2013 a la Innovaci\u00f3n y Compromiso Social Sala de prensa Ferrovial | \u00daltimas noticias","og_description":"Sala de prensa Ferrovial | \u00daltimas noticias","og_url":"https:\/\/newsroom.ferrovial.com\/es\/noticias\/reconocidos-premios-seres-2013-innovacion-compromiso-social\/","og_site_name":"Sala de prensa Ferrovial | \u00daltimas noticias","article_publisher":"https:\/\/www.facebook.com\/ferrovial","article_modified_time":"2022-12-21T09:19:06+00:00","og_image":[{"width":520,"height":320,"url":"https:\/\/newsroom.ferrovial.com\/wp-content\/uploads\/sites\/4\/2018\/07\/ferrovial-rsc-premioseres2013.jpg","type":"image\/jpeg"}],"twitter_card":"summary_large_image","twitter_site":"@ferrovial","schema":{"@context":"https:\/\/schema.org","@graph":[{"@type":"WebPage","@id":"https:\/\/newsroom.ferrovial.com\/es\/noticias\/reconocidos-premios-seres-2013-innovacion-compromiso-social\/","url":"https:\/\/newsroom.ferrovial.com\/es\/noticias\/reconocidos-premios-seres-2013-innovacion-compromiso-social\/","name":"Reconocidos en los Premios Seres 2013 a la Innovaci\u00f3n y Compromiso Social Sala de prensa Ferrovial | \u00daltimas noticias","isPartOf":{"@id":"https:\/\/newsroom.ferrovial.com\/es\/#website"},"primaryImageOfPage":{"@id":"https:\/\/newsroom.ferrovial.com\/es\/noticias\/reconocidos-premios-seres-2013-innovacion-compromiso-social\/#primaryimage"},"image":{"@id":"https:\/\/newsroom.ferrovial.com\/es\/noticias\/reconocidos-premios-seres-2013-innovacion-compromiso-social\/#primaryimage"},"thumbnailUrl":"https:\/\/static.newsroom.ferrovial.com\/wp-content\/uploads\/2018\/07\/15154125\/ferrovial-rsc-premioseres2013.jpg","datePublished":"2013-12-05T00:00:00+00:00","dateModified":"2022-12-21T09:19:06+00:00","description":"Sala de prensa Ferrovial | \u00daltimas noticias","breadcrumb":{"@id":"https:\/\/newsroom.ferrovial.com\/es\/noticias\/reconocidos-premios-seres-2013-innovacion-compromiso-social\/#breadcrumb"},"inLanguage":"es","potentialAction":[{"@type":"ReadAction","target":["https:\/\/newsroom.ferrovial.com\/es\/noticias\/reconocidos-premios-seres-2013-innovacion-compromiso-social\/"]}]},{"@type":"ImageObject","inLanguage":"es","@id":"https:\/\/newsroom.ferrovial.com\/es\/noticias\/reconocidos-premios-seres-2013-innovacion-compromiso-social\/#primaryimage","url":"https:\/\/static.newsroom.ferrovial.com\/wp-content\/uploads\/2018\/07\/15154125\/ferrovial-rsc-premioseres2013.jpg","contentUrl":"https:\/\/static.newsroom.ferrovial.com\/wp-content\/uploads\/2018\/07\/15154125\/ferrovial-rsc-premioseres2013.jpg","width":520,"height":320},{"@type":"BreadcrumbList","@id":"https:\/\/newsroom.ferrovial.com\/es\/noticias\/reconocidos-premios-seres-2013-innovacion-compromiso-social\/#breadcrumb","itemListElement":[{"@type":"ListItem","position":1,"name":"Portada","item":"https:\/\/newsroom.ferrovial.com\/es\/"},{"@type":"ListItem","position":2,"name":"Reconocidos en los Premios Seres 2013 a la Innovaci\u00f3n y Compromiso Social"}]},{"@type":"WebSite","@id":"https:\/\/newsroom.ferrovial.com\/es\/#website","url":"https:\/\/newsroom.ferrovial.com\/es\/","name":"Sala de prensa Ferrovial | \u00daltimas noticias","description":"Sala de prensa Ferrovial | \u00daltimas noticias","publisher":{"@id":"https:\/\/newsroom.ferrovial.com\/es\/#organization"},"potentialAction":[{"@type":"SearchAction","target":{"@type":"EntryPoint","urlTemplate":"https:\/\/newsroom.ferrovial.com\/es\/?s={search_term_string}"},"query-input":{"@type":"PropertyValueSpecification","valueRequired":true,"valueName":"search_term_string"}}],"inLanguage":"es"},{"@type":"Organization","@id":"https:\/\/newsroom.ferrovial.com\/es\/#organization","name":"Ferrovial S.A.","url":"https:\/\/newsroom.ferrovial.com\/es\/","logo":{"@type":"ImageObject","inLanguage":"es","@id":"https:\/\/newsroom.ferrovial.com\/es\/#\/schema\/logo\/image\/","url":"https:\/\/static.newsroom.ferrovial.com\/wp-content\/uploads\/2018\/07\/15145720\/Ferrovial_Logotipo1.jpg","contentUrl":"https:\/\/static.newsroom.ferrovial.com\/wp-content\/uploads\/2018\/07\/15145720\/Ferrovial_Logotipo1.jpg","width":600,"height":300,"caption":"Ferrovial S.A."},"image":{"@id":"https:\/\/newsroom.ferrovial.com\/es\/#\/schema\/logo\/image\/"},"sameAs":["https:\/\/www.facebook.com\/ferrovial","https:\/\/x.com\/ferrovial","https:\/\/www.instagram.com\/ferrovial\/","https:\/\/www.linkedin.com\/company\/ferrovial","https:\/\/www.pinterest.es\/ferrovial\/","https:\/\/www.youtube.com\/ferrovial","https:\/\/en.wikipedia.org\/wiki\/Ferrovial"]}]}},"_links":{"self":[{"href":"https:\/\/newsroom.ferrovial.com\/es\/wp-json\/wp\/v2\/new\/3073","targetHints":{"allow":["GET"]}}],"collection":[{"href":"https:\/\/newsroom.ferrovial.com\/es\/wp-json\/wp\/v2\/new"}],"about":[{"href":"https:\/\/newsroom.ferrovial.com\/es\/wp-json\/wp\/v2\/types\/new"}],"replies":[{"embeddable":true,"href":"https:\/\/newsroom.ferrovial.com\/es\/wp-json\/wp\/v2\/comments?post=3073"}],"version-history":[{"count":1,"href":"https:\/\/newsroom.ferrovial.com\/es\/wp-json\/wp\/v2\/new\/3073\/revisions"}],"predecessor-version":[{"id":117874,"href":"https:\/\/newsroom.ferrovial.com\/es\/wp-json\/wp\/v2\/new\/3073\/revisions\/117874"}],"wp:featuredmedia":[{"embeddable":true,"href":"https:\/\/newsroom.ferrovial.com\/es\/wp-json\/wp\/v2\/media\/1509"}],"wp:attachment":[{"href":"https:\/\/newsroom.ferrovial.com\/es\/wp-json\/wp\/v2\/media?parent=3073"}],"wp:term":[{"taxonomy":"nivel-2","embeddable":true,"href":"https:\/\/newsroom.ferrovial.com\/es\/wp-json\/wp\/v2\/nivel-2?post=3073"},{"taxonomy":"nivel-5","embeddable":true,"href":"https:\/\/newsroom.ferrovial.com\/es\/wp-json\/wp\/v2\/nivel-5?post=3073"},{"taxonomy":"nivel-1","embeddable":true,"href":"https:\/\/newsroom.ferrovial.com\/es\/wp-json\/wp\/v2\/nivel-1?post=3073"},{"taxonomy":"nivel-3","embeddable":true,"href":"https:\/\/newsroom.ferrovial.com\/es\/wp-json\/wp\/v2\/nivel-3?post=3073"},{"taxonomy":"nivel-4","embeddable":true,"href":"https:\/\/newsroom.ferrovial.com\/es\/wp-json\/wp\/v2\/nivel-4?post=3073"}],"curies":[{"name":"wp","href":"https:\/\/api.w.org\/{rel}","templated":true}]}}