{"id":3324,"date":"2014-09-29T00:00:00","date_gmt":"2014-09-29T00:00:00","guid":{"rendered":"https:\/\/newsroom.ferrovial.com\/news\/luchamos-contra-cambio-climatico\/"},"modified":"2022-12-21T10:14:11","modified_gmt":"2022-12-21T09:14:11","slug":"luchamos-contra-cambio-climatico","status":"publish","type":"new","link":"https:\/\/newsroom.ferrovial.com\/es\/noticias\/luchamos-contra-cambio-climatico\/","title":{"rendered":"Ferrovial se une a la lucha contra el cambio clim\u00e1tico"},"content":{"rendered":"    <section class=\"wysiwyg text-editor \" id=\"\">\n        <div class=\"container container--narrow container--p-10\">\n            <p>La ministra de Agricultura, Alimentaci\u00f3n y Medio Ambiente, Isabel Garc\u00eda Tejerina, se ha reunido recientemente con Ferrovial y otras 17 empresas m\u00e1s para formar un grupo de trabajo llamado <a href=\"http:\/\/www.europapress.es\/nacional\/noticia-rsc-gobierno-17-grandes-empresas-crean-grupo-crecimiento-verde-luchar-contra-cambio-climatico-20140918170336.html\" target=\"_blank\">\u00abGrupo de Crecimiento Verde espa\u00f1ol\u00bb <\/a>en el que la Administraci\u00f3n y las compa\u00f1\u00edas implicadas, establezcan una estrategia para la<strong> lucha contra el cambio clim\u00e1tico<\/strong>.\u00a0Por parte de Ferrovial, al encuentro ha acudido <b>Valent\u00edn Alfaya<\/b>, <a title=\"Calidad y Medio Ambiente\" href=\"https:\/\/www.ferrovial.com\/es\/nuestro-compromiso-ferrovial\/calidad-y-medio-ambiente\/\" target=\"_blank\">Director de Calidad y Medio Ambiente <\/a>de la compa\u00f1\u00eda.<\/p>\n<p>El encuentro ha servido como foro para intercambiar informaci\u00f3n vinculada al cambio clim\u00e1tico, identificar las oportunidades del mercado y aportar propuestas para el dise\u00f1o de <strong>unas pol\u00edticas eficaces y realistas.<\/strong> Asimismo, durante el acto se ha dialogado sobre la <b>estrategia de Gobierno<\/b> en torno al <a href=\"http:\/\/europa.eu\/rapid\/press-release_IP-14-54_es.htm\" target=\"_blank\">Acuerdo de Clima y Energ\u00eda de la Comisi\u00f3n Europea en 2030<\/a> y el acuerdo global que se espera aprobar en Par\u00eds en 2015. Este \u00faltimo es clave para la negociaci\u00f3n del futuro acuerdo internacional para despu\u00e9s de 2020, que se espera que sustituya al actual <b>Protocolo de Kioto.<\/b><\/p>\n<p><strong>CAPACIDAD DE INFLUENCIA <\/strong><\/p>\n<p>El grupo de trabajo, que tendr\u00e1 reuniones peri\u00f3dicas y frecuentes hasta final de a\u00f1o y al que se ir\u00e1n sumando otras compa\u00f1\u00edas, actuar\u00e1 bajo el modelo del <a href=\"https:\/\/www.gov.uk\/government\/news\/green-growth-group-ministers-statement-on-climate-and-energy-framework-for-2030\" target=\"_blank\">Green Growth Group<\/a> europeo, una plataforma ubicada en el marco de la Comisi\u00f3n Europea, que trabaja junto a los ministros y miembros del Parlamento en la definici\u00f3n de la agenda energ\u00e9tica y ambiental de la UE para 2030 y 2050. <strong>Ferrovial y Acciona son las \u00fanicas empresas espa\u00f1olas que forman parte de este foro<\/strong>.<\/p>\n<p>En palabras de Valent\u00edn Alfaya \u201cla participaci\u00f3n en estos foros, restringidos a muy pocos actores, nos proporciona capacidad de influencia<strong> sobre la regulaci\u00f3n q<\/strong>ue se genera tanto en Bruselas como en nuestro pa\u00eds, y nos permite no solo de gestionar con m\u00e1s eficacia nuestros riesgos, sino tambi\u00e9n de aprovechar las oportunidades que se esconden detr\u00e1s de la agenda clim\u00e1tica de la UE\u201d.<\/p>\n        <\/div>\n    <\/section>\n","protected":false},"excerpt":{"rendered":"","protected":false},"featured_media":3325,"menu_order":0,"comment_status":"closed","ping_status":"closed","template":"","nivel-2":[928,999,1951,1036],"nivel-5":[],"nivel-1":[],"nivel-3":[1258],"nivel-4":[],"class_list":["post-3324","new","type-new","status-publish","has-post-thumbnail","hentry","nivel-2-cambio-climatico","nivel-2-lucha-contra-la-contaminacion","nivel-2-medio-ambiente","nivel-2-responsabilidad-social-corporativa","nivel-3-espana"],"acf":[],"yoast_head":"<title>Ferrovial se une a la lucha contra el cambio clim\u00e1tico Sala de prensa Ferrovial | \u00daltimas noticias<\/title>\n<meta name=\"description\" content=\"Sala de prensa Ferrovial | \u00daltimas noticias\" \/>\n<meta name=\"robots\" content=\"index, follow, max-snippet:-1, max-image-preview:large, max-video-preview:-1\" \/>\n<link rel=\"canonical\" href=\"https:\/\/newsroom.ferrovial.com\/es\/noticias\/luchamos-contra-cambio-climatico\/\" \/>\n<meta property=\"og:locale\" content=\"es_ES\" \/>\n<meta property=\"og:type\" content=\"article\" \/>\n<meta property=\"og:title\" content=\"Ferrovial se une a la lucha contra el cambio clim\u00e1tico Sala de prensa Ferrovial | \u00daltimas noticias\" \/>\n<meta property=\"og:description\" content=\"Sala de prensa Ferrovial | \u00daltimas noticias\" \/>\n<meta property=\"og:url\" content=\"https:\/\/newsroom.ferrovial.com\/es\/noticias\/luchamos-contra-cambio-climatico\/\" \/>\n<meta property=\"og:site_name\" content=\"Sala de prensa Ferrovial | \u00daltimas noticias\" \/>\n<meta property=\"article:publisher\" content=\"https:\/\/www.facebook.com\/ferrovial\" \/>\n<meta property=\"article:modified_time\" content=\"2022-12-21T09:14:11+00:00\" \/>\n<meta property=\"og:image\" content=\"https:\/\/newsroom.ferrovial.com\/wp-content\/uploads\/sites\/4\/2018\/07\/reunion-medioambiente.jpg\" \/>\n\t<meta property=\"og:image:width\" content=\"695\" \/>\n\t<meta property=\"og:image:height\" content=\"394\" \/>\n\t<meta property=\"og:image:type\" content=\"image\/jpeg\" \/>\n<meta name=\"twitter:card\" content=\"summary_large_image\" \/>\n<meta name=\"twitter:site\" content=\"@ferrovial\" \/>\n<script type=\"application\/ld+json\" class=\"yoast-schema-graph\">{\"@context\":\"https:\/\/schema.org\",\"@graph\":[{\"@type\":\"WebPage\",\"@id\":\"https:\/\/newsroom.ferrovial.com\/es\/noticias\/luchamos-contra-cambio-climatico\/\",\"url\":\"https:\/\/newsroom.ferrovial.com\/es\/noticias\/luchamos-contra-cambio-climatico\/\",\"name\":\"Ferrovial se une a la lucha contra el cambio clim\u00e1tico Sala de prensa Ferrovial | \u00daltimas noticias\",\"isPartOf\":{\"@id\":\"https:\/\/newsroom.ferrovial.com\/es\/#website\"},\"primaryImageOfPage\":{\"@id\":\"https:\/\/newsroom.ferrovial.com\/es\/noticias\/luchamos-contra-cambio-climatico\/#primaryimage\"},\"image\":{\"@id\":\"https:\/\/newsroom.ferrovial.com\/es\/noticias\/luchamos-contra-cambio-climatico\/#primaryimage\"},\"thumbnailUrl\":\"https:\/\/static.newsroom.ferrovial.com\/wp-content\/uploads\/2018\/07\/15153938\/reunion-medioambiente.jpg\",\"datePublished\":\"2014-09-29T00:00:00+00:00\",\"dateModified\":\"2022-12-21T09:14:11+00:00\",\"description\":\"Sala de prensa Ferrovial | \u00daltimas noticias\",\"breadcrumb\":{\"@id\":\"https:\/\/newsroom.ferrovial.com\/es\/noticias\/luchamos-contra-cambio-climatico\/#breadcrumb\"},\"inLanguage\":\"es\",\"potentialAction\":[{\"@type\":\"ReadAction\",\"target\":[\"https:\/\/newsroom.ferrovial.com\/es\/noticias\/luchamos-contra-cambio-climatico\/\"]}]},{\"@type\":\"ImageObject\",\"inLanguage\":\"es\",\"@id\":\"https:\/\/newsroom.ferrovial.com\/es\/noticias\/luchamos-contra-cambio-climatico\/#primaryimage\",\"url\":\"https:\/\/static.newsroom.ferrovial.com\/wp-content\/uploads\/2018\/07\/15153938\/reunion-medioambiente.jpg\",\"contentUrl\":\"https:\/\/static.newsroom.ferrovial.com\/wp-content\/uploads\/2018\/07\/15153938\/reunion-medioambiente.jpg\",\"width\":695,\"height\":394,\"caption\":\"Reunion MedioAmbiente\"},{\"@type\":\"BreadcrumbList\",\"@id\":\"https:\/\/newsroom.ferrovial.com\/es\/noticias\/luchamos-contra-cambio-climatico\/#breadcrumb\",\"itemListElement\":[{\"@type\":\"ListItem\",\"position\":1,\"name\":\"Portada\",\"item\":\"https:\/\/newsroom.ferrovial.com\/es\/\"},{\"@type\":\"ListItem\",\"position\":2,\"name\":\"Ferrovial se une a la lucha contra el cambio clim\u00e1tico\"}]},{\"@type\":\"WebSite\",\"@id\":\"https:\/\/newsroom.ferrovial.com\/es\/#website\",\"url\":\"https:\/\/newsroom.ferrovial.com\/es\/\",\"name\":\"Sala de prensa Ferrovial | \u00daltimas noticias\",\"description\":\"Sala de prensa Ferrovial | \u00daltimas noticias\",\"publisher\":{\"@id\":\"https:\/\/newsroom.ferrovial.com\/es\/#organization\"},\"potentialAction\":[{\"@type\":\"SearchAction\",\"target\":{\"@type\":\"EntryPoint\",\"urlTemplate\":\"https:\/\/newsroom.ferrovial.com\/es\/?s={search_term_string}\"},\"query-input\":{\"@type\":\"PropertyValueSpecification\",\"valueRequired\":true,\"valueName\":\"search_term_string\"}}],\"inLanguage\":\"es\"},{\"@type\":\"Organization\",\"@id\":\"https:\/\/newsroom.ferrovial.com\/es\/#organization\",\"name\":\"Ferrovial S.A.\",\"url\":\"https:\/\/newsroom.ferrovial.com\/es\/\",\"logo\":{\"@type\":\"ImageObject\",\"inLanguage\":\"es\",\"@id\":\"https:\/\/newsroom.ferrovial.com\/es\/#\/schema\/logo\/image\/\",\"url\":\"https:\/\/static.newsroom.ferrovial.com\/wp-content\/uploads\/2018\/07\/15145720\/Ferrovial_Logotipo1.jpg\",\"contentUrl\":\"https:\/\/static.newsroom.ferrovial.com\/wp-content\/uploads\/2018\/07\/15145720\/Ferrovial_Logotipo1.jpg\",\"width\":600,\"height\":300,\"caption\":\"Ferrovial S.A.\"},\"image\":{\"@id\":\"https:\/\/newsroom.ferrovial.com\/es\/#\/schema\/logo\/image\/\"},\"sameAs\":[\"https:\/\/www.facebook.com\/ferrovial\",\"https:\/\/x.com\/ferrovial\",\"https:\/\/www.instagram.com\/ferrovial\/\",\"https:\/\/www.linkedin.com\/company\/ferrovial\",\"https:\/\/www.pinterest.es\/ferrovial\/\",\"https:\/\/www.youtube.com\/ferrovial\",\"https:\/\/en.wikipedia.org\/wiki\/Ferrovial\"]}]}<\/script>","yoast_head_json":{"title":"Ferrovial se une a la lucha contra el cambio clim\u00e1tico Sala de prensa Ferrovial | \u00daltimas noticias","description":"Sala de prensa Ferrovial | \u00daltimas noticias","robots":{"index":"index","follow":"follow","max-snippet":"max-snippet:-1","max-image-preview":"max-image-preview:large","max-video-preview":"max-video-preview:-1"},"canonical":"https:\/\/newsroom.ferrovial.com\/es\/noticias\/luchamos-contra-cambio-climatico\/","og_locale":"es_ES","og_type":"article","og_title":"Ferrovial se une a la lucha contra el cambio clim\u00e1tico Sala de prensa Ferrovial | \u00daltimas noticias","og_description":"Sala de prensa Ferrovial | \u00daltimas noticias","og_url":"https:\/\/newsroom.ferrovial.com\/es\/noticias\/luchamos-contra-cambio-climatico\/","og_site_name":"Sala de prensa Ferrovial | \u00daltimas noticias","article_publisher":"https:\/\/www.facebook.com\/ferrovial","article_modified_time":"2022-12-21T09:14:11+00:00","og_image":[{"width":695,"height":394,"url":"https:\/\/newsroom.ferrovial.com\/wp-content\/uploads\/sites\/4\/2018\/07\/reunion-medioambiente.jpg","type":"image\/jpeg"}],"twitter_card":"summary_large_image","twitter_site":"@ferrovial","schema":{"@context":"https:\/\/schema.org","@graph":[{"@type":"WebPage","@id":"https:\/\/newsroom.ferrovial.com\/es\/noticias\/luchamos-contra-cambio-climatico\/","url":"https:\/\/newsroom.ferrovial.com\/es\/noticias\/luchamos-contra-cambio-climatico\/","name":"Ferrovial se une a la lucha contra el cambio clim\u00e1tico Sala de prensa Ferrovial | \u00daltimas noticias","isPartOf":{"@id":"https:\/\/newsroom.ferrovial.com\/es\/#website"},"primaryImageOfPage":{"@id":"https:\/\/newsroom.ferrovial.com\/es\/noticias\/luchamos-contra-cambio-climatico\/#primaryimage"},"image":{"@id":"https:\/\/newsroom.ferrovial.com\/es\/noticias\/luchamos-contra-cambio-climatico\/#primaryimage"},"thumbnailUrl":"https:\/\/static.newsroom.ferrovial.com\/wp-content\/uploads\/2018\/07\/15153938\/reunion-medioambiente.jpg","datePublished":"2014-09-29T00:00:00+00:00","dateModified":"2022-12-21T09:14:11+00:00","description":"Sala de prensa Ferrovial | \u00daltimas noticias","breadcrumb":{"@id":"https:\/\/newsroom.ferrovial.com\/es\/noticias\/luchamos-contra-cambio-climatico\/#breadcrumb"},"inLanguage":"es","potentialAction":[{"@type":"ReadAction","target":["https:\/\/newsroom.ferrovial.com\/es\/noticias\/luchamos-contra-cambio-climatico\/"]}]},{"@type":"ImageObject","inLanguage":"es","@id":"https:\/\/newsroom.ferrovial.com\/es\/noticias\/luchamos-contra-cambio-climatico\/#primaryimage","url":"https:\/\/static.newsroom.ferrovial.com\/wp-content\/uploads\/2018\/07\/15153938\/reunion-medioambiente.jpg","contentUrl":"https:\/\/static.newsroom.ferrovial.com\/wp-content\/uploads\/2018\/07\/15153938\/reunion-medioambiente.jpg","width":695,"height":394,"caption":"Reunion MedioAmbiente"},{"@type":"BreadcrumbList","@id":"https:\/\/newsroom.ferrovial.com\/es\/noticias\/luchamos-contra-cambio-climatico\/#breadcrumb","itemListElement":[{"@type":"ListItem","position":1,"name":"Portada","item":"https:\/\/newsroom.ferrovial.com\/es\/"},{"@type":"ListItem","position":2,"name":"Ferrovial se une a la lucha contra el cambio clim\u00e1tico"}]},{"@type":"WebSite","@id":"https:\/\/newsroom.ferrovial.com\/es\/#website","url":"https:\/\/newsroom.ferrovial.com\/es\/","name":"Sala de prensa Ferrovial | \u00daltimas noticias","description":"Sala de prensa Ferrovial | \u00daltimas noticias","publisher":{"@id":"https:\/\/newsroom.ferrovial.com\/es\/#organization"},"potentialAction":[{"@type":"SearchAction","target":{"@type":"EntryPoint","urlTemplate":"https:\/\/newsroom.ferrovial.com\/es\/?s={search_term_string}"},"query-input":{"@type":"PropertyValueSpecification","valueRequired":true,"valueName":"search_term_string"}}],"inLanguage":"es"},{"@type":"Organization","@id":"https:\/\/newsroom.ferrovial.com\/es\/#organization","name":"Ferrovial S.A.","url":"https:\/\/newsroom.ferrovial.com\/es\/","logo":{"@type":"ImageObject","inLanguage":"es","@id":"https:\/\/newsroom.ferrovial.com\/es\/#\/schema\/logo\/image\/","url":"https:\/\/static.newsroom.ferrovial.com\/wp-content\/uploads\/2018\/07\/15145720\/Ferrovial_Logotipo1.jpg","contentUrl":"https:\/\/static.newsroom.ferrovial.com\/wp-content\/uploads\/2018\/07\/15145720\/Ferrovial_Logotipo1.jpg","width":600,"height":300,"caption":"Ferrovial S.A."},"image":{"@id":"https:\/\/newsroom.ferrovial.com\/es\/#\/schema\/logo\/image\/"},"sameAs":["https:\/\/www.facebook.com\/ferrovial","https:\/\/x.com\/ferrovial","https:\/\/www.instagram.com\/ferrovial\/","https:\/\/www.linkedin.com\/company\/ferrovial","https:\/\/www.pinterest.es\/ferrovial\/","https:\/\/www.youtube.com\/ferrovial","https:\/\/en.wikipedia.org\/wiki\/Ferrovial"]}]}},"_links":{"self":[{"href":"https:\/\/newsroom.ferrovial.com\/es\/wp-json\/wp\/v2\/new\/3324","targetHints":{"allow":["GET"]}}],"collection":[{"href":"https:\/\/newsroom.ferrovial.com\/es\/wp-json\/wp\/v2\/new"}],"about":[{"href":"https:\/\/newsroom.ferrovial.com\/es\/wp-json\/wp\/v2\/types\/new"}],"replies":[{"embeddable":true,"href":"https:\/\/newsroom.ferrovial.com\/es\/wp-json\/wp\/v2\/comments?post=3324"}],"version-history":[{"count":1,"href":"https:\/\/newsroom.ferrovial.com\/es\/wp-json\/wp\/v2\/new\/3324\/revisions"}],"predecessor-version":[{"id":117775,"href":"https:\/\/newsroom.ferrovial.com\/es\/wp-json\/wp\/v2\/new\/3324\/revisions\/117775"}],"wp:featuredmedia":[{"embeddable":true,"href":"https:\/\/newsroom.ferrovial.com\/es\/wp-json\/wp\/v2\/media\/3325"}],"wp:attachment":[{"href":"https:\/\/newsroom.ferrovial.com\/es\/wp-json\/wp\/v2\/media?parent=3324"}],"wp:term":[{"taxonomy":"nivel-2","embeddable":true,"href":"https:\/\/newsroom.ferrovial.com\/es\/wp-json\/wp\/v2\/nivel-2?post=3324"},{"taxonomy":"nivel-5","embeddable":true,"href":"https:\/\/newsroom.ferrovial.com\/es\/wp-json\/wp\/v2\/nivel-5?post=3324"},{"taxonomy":"nivel-1","embeddable":true,"href":"https:\/\/newsroom.ferrovial.com\/es\/wp-json\/wp\/v2\/nivel-1?post=3324"},{"taxonomy":"nivel-3","embeddable":true,"href":"https:\/\/newsroom.ferrovial.com\/es\/wp-json\/wp\/v2\/nivel-3?post=3324"},{"taxonomy":"nivel-4","embeddable":true,"href":"https:\/\/newsroom.ferrovial.com\/es\/wp-json\/wp\/v2\/nivel-4?post=3324"}],"curies":[{"name":"wp","href":"https:\/\/api.w.org\/{rel}","templated":true}]}}