{"id":3336,"date":"2014-12-16T00:00:00","date_gmt":"2014-12-16T00:00:00","guid":{"rendered":"https:\/\/newsroom.ferrovial.com\/news\/inauguracion-tanque-tormentas-etxebarri-vizcaya-2\/"},"modified":"2022-12-21T10:12:47","modified_gmt":"2022-12-21T09:12:47","slug":"inauguracion-tanque-tormentas-etxebarri-vizcaya-2","status":"publish","type":"new","link":"https:\/\/newsroom.ferrovial.com\/es\/noticias\/inauguracion-tanque-tormentas-etxebarri-vizcaya-2\/","title":{"rendered":"Se inaugura el Tanque de Tormentas de Etxebarri en Vizcaya"},"content":{"rendered":"    <section class=\"wysiwyg text-editor \" id=\"\">\n        <div class=\"container container--narrow container--p-10\">\n            <figure id=\"attachment_38656\" aria-describedby=\"caption-attachment-38656\" style=\"width: 218px\" class=\"wp-caption alignleft\"><a style=\"text-align: center; background-color: #f3f3f3;\" href=\"https:\/\/www.ferrovial.com\/wp-content\/uploads\/2015\/01\/edificio-de-control.jpg\"><img loading=\"lazy\" decoding=\"async\" class=\"size-full wp-image-38656 \" style=\"border-style: none; margin: 0px; padding: 0px; -webkit-user-drag: none;\" title=\"Edificio de Control\" src=\"https:\/\/www.ferrovial.com\/wp-content\/uploads\/2015\/01\/edificio-de-control.jpg\" alt=\"edificio de control\" width=\"218\" height=\"200\" \/><\/a><figcaption id=\"caption-attachment-38656\" class=\"wp-caption-text\">Edificio de Control<\/figcaption><\/figure>\n<p style=\"text-align: justify;\">La central forma parte del <strong>Plan Integral de Saneamiento del Bilbao metropolitano<\/strong>, el proyecto medioambiental m\u00e1s importante llevado a cabo en la Comunidad Aut\u00f3noma Vasca. Adem\u00e1s de cumplir las exigencias de la UE en materia de tratamiento de aguas residuales, el plan ha permitido la recuperaci\u00f3n medioambiental de r\u00edos, r\u00eda y playas.<\/p>\n<p style=\"text-align: justify;\">La ceremonia de puesta en marcha del Tanque, cont\u00f3 con la presencia del Consorcio de Aguas Bilbao Bizkaia, la Alcald\u00eda de Bilbao y de Etxeberri, y la Agencia de Agua Vasca, entre otros. Por parte de Ferrovial Agroman asistieron \u00c1ngel Luis S\u00e1nchez, Director de Construcci\u00f3n Zona 1; Rafael Cabrera, Director de Pa\u00eds Vasco, Navarra, Cantabria, Rioja y Arag\u00f3n; y Alberto Val, Gerente de la UTE.<\/p>\n<p style=\"text-align: justify;\">El Tanque de Tormentas se sit\u00faa en la pen\u00ednsula de Legizam\u00f3n, frente al R\u00edo Nervi\u00f3n y en el t\u00e9rmino municipal de Etxebarri, Vizcaya. Las obras efectuadas mejoran el almacenamiento y control del exceso de aguas residuales y pluviales que discurren por el interceptor Bolueta-Urbi, e incluyen la construcci\u00f3n del Tanque y el Edificio de Control, de 650 m2 en cuatro plantas.<\/p>\n<p style=\"text-align: justify;\">El Tanque tiene una capacidad m\u00e1xima de 100.000 m3 repartidos entre las cuatro l\u00edneas de almacenamiento construidas y el propio colector. Se ha incorporado una v\u00e1lvula tipo Bureau, que permite regular el paso de los caudales y se emplear\u00e1 tanto como v\u00e1lvula de guarda como de regulaci\u00f3n. Este tipo de v\u00e1lvulas son\u00a0muy fiables y de alta durabilidad, factores que se han tenido muy en cuenta durante el estudio del proyecto.<\/p>\n<figure id=\"attachment_38665\" aria-describedby=\"caption-attachment-38665\" style=\"width: 250px\" class=\"wp-caption alignright\"><a href=\"https:\/\/www.ferrovial.com\/wp-content\/uploads\/2015\/01\/sistema-de-ventilacion.jpg\"><img loading=\"lazy\" decoding=\"async\" class=\"size-full wp-image-38665  \" title=\"Sistema de ventilaci\u00f3n\" src=\"https:\/\/www.ferrovial.com\/wp-content\/uploads\/2015\/01\/sistema-de-ventilacion.jpg\" alt=\"sistema de ventilaci\u00f3n\" width=\"250\" height=\"167\" \/><\/a><figcaption id=\"caption-attachment-38665\" class=\"wp-caption-text\">Sistema de ventilaci\u00f3n-desodorizaci\u00f3n<\/figcaption><\/figure>\n<p>Las <strong>dimensiones del Tanque<\/strong> en planta son muy similares a las de un campo de f\u00fatbol, 145 x 65 m y se corona con dos forjados a las cotas +25 y +30 de 3Tn\/m2. En cuanto a la limpieza del tanque, se ha instalado un sistema mediante bombas de vac\u00edo y v\u00e1lvulas de diafragma que genera una ola que arrastra los sedimentos del fondo y se han instalado los equipos necesarios para ventilaci\u00f3n y desodorizaci\u00f3n con una capacidad de renovaci\u00f3n de 100.000 m3\/h.<\/p>\n<p>Los tanques de tormentas son grandes dep\u00f3sitos subterr\u00e1neos que tienen la misi\u00f3n de acumular el agua excedente de los colectores en momentos de pluviosidad elevada. Ese agua se almacena y, m\u00e1s adelante, cuando cesan las lluvias, se env\u00edan a las depuradoras de forma gradual. De esta forma, el tanque de tormentas minimiza\u00a0las aguas sucias que llegan al medio ambiente, a los r\u00edos o al mar,\u00a0sin el adecuado tratamiento.<\/p>\n<figure id=\"attachment_38668\" aria-describedby=\"caption-attachment-38668\" style=\"width: 300px\" class=\"wp-caption alignleft\"><a href=\"https:\/\/www.ferrovial.com\/wp-content\/uploads\/2015\/01\/equipo-de-obra.jpg\"><img loading=\"lazy\" decoding=\"async\" class=\"size-medium wp-image-38668 \" src=\"https:\/\/www.ferrovial.com\/wp-content\/uploads\/2015\/01\/equipo-de-obra-300x199.jpg\" alt=\"equipo de obra\" width=\"300\" height=\"199\" \/><\/a><figcaption id=\"caption-attachment-38668\" class=\"wp-caption-text\">Equipo de Obra: De izquierda a derecha, Arturo Ogara, Jefe de Producci\u00f3n; Roberto Di\u00e9guez, Ayudante de Topograf\u00eda; Miguel Ruiz, Encargado de Obra; Jes\u00fas Mar\u00eda Varela, Jefe Administrativo; Jorge Moro, Jefe de Obra; Alberto Jes\u00fas Val, Jefe de Grupo de Obras; Jos\u00e9 Mar\u00eda del Olmo, Top\u00f3grafo.<\/figcaption><\/figure>\n<p>En este caso, las aguas recogidas se llevar\u00e1n a la EDAR de Galindo, en Sestao, con el consiguiente beneficio para el cauce del r\u00edo Nervi\u00f3n y su entorno.<\/p>\n<p>Como curiosidad este Tanque tiene casi id\u00e9nticas dimensiones y capacidad que otro Tanque construido hace 15 siglos, la \u00abCisterna de Estambul\u00bb. Es por ello que con motivo de la inauguraci\u00f3n se ha colocado una reproducci\u00f3n de una cabeza de medusa id\u00e9ntica a la que se puede encontrar en dicha Cisterna con una placa conmemorativa.<\/p>\n        <\/div>\n    <\/section>\n","protected":false},"excerpt":{"rendered":"","protected":false},"featured_media":3337,"menu_order":0,"comment_status":"closed","ping_status":"closed","template":"","nivel-2":[936,2213,2208,2235,2206,2091],"nivel-5":[2149],"nivel-1":[2168],"nivel-3":[1258],"nivel-4":[1819],"class_list":["post-3336","new","type-new","status-publish","has-post-thumbnail","hentry","nivel-2-conservacion-del-medio-ambiente","nivel-2-contratos","nivel-2-diseno-e-ingenieria","nivel-2-inauguraciones","nivel-2-obras","nivel-2-proyectos","nivel-5-ferrovial-construccion","nivel-1-construccion","nivel-3-espana","nivel-4-pais-vasco"],"acf":[],"yoast_head":"<title>Se inaugura el Tanque de Tormentas de Etxebarri en Vizcaya Sala de prensa Ferrovial | \u00daltimas noticias<\/title>\n<meta name=\"description\" content=\"Sala de prensa Ferrovial | \u00daltimas noticias\" \/>\n<meta name=\"robots\" content=\"index, follow, max-snippet:-1, max-image-preview:large, max-video-preview:-1\" \/>\n<link rel=\"canonical\" href=\"https:\/\/newsroom.ferrovial.com\/es\/noticias\/inauguracion-tanque-tormentas-etxebarri-vizcaya-2\/\" \/>\n<meta property=\"og:locale\" content=\"es_ES\" \/>\n<meta property=\"og:type\" content=\"article\" \/>\n<meta property=\"og:title\" content=\"Se inaugura el Tanque de Tormentas de Etxebarri en Vizcaya Sala de prensa Ferrovial | \u00daltimas noticias\" \/>\n<meta property=\"og:description\" content=\"Sala de prensa Ferrovial | \u00daltimas noticias\" \/>\n<meta property=\"og:url\" content=\"https:\/\/newsroom.ferrovial.com\/es\/noticias\/inauguracion-tanque-tormentas-etxebarri-vizcaya-2\/\" \/>\n<meta property=\"og:site_name\" content=\"Sala de prensa Ferrovial | \u00daltimas noticias\" \/>\n<meta property=\"article:publisher\" content=\"https:\/\/www.facebook.com\/ferrovial\" \/>\n<meta property=\"article:modified_time\" content=\"2022-12-21T09:12:47+00:00\" \/>\n<meta property=\"og:image\" content=\"https:\/\/newsroom.ferrovial.com\/wp-content\/uploads\/sites\/4\/2018\/07\/equipo-ferrovial-1.jpg\" \/>\n\t<meta property=\"og:image:width\" content=\"1000\" \/>\n\t<meta property=\"og:image:height\" content=\"667\" \/>\n\t<meta property=\"og:image:type\" content=\"image\/jpeg\" \/>\n<meta name=\"twitter:card\" content=\"summary_large_image\" \/>\n<meta name=\"twitter:site\" content=\"@ferrovial\" \/>\n<script type=\"application\/ld+json\" class=\"yoast-schema-graph\">{\"@context\":\"https:\/\/schema.org\",\"@graph\":[{\"@type\":\"WebPage\",\"@id\":\"https:\/\/newsroom.ferrovial.com\/es\/noticias\/inauguracion-tanque-tormentas-etxebarri-vizcaya-2\/\",\"url\":\"https:\/\/newsroom.ferrovial.com\/es\/noticias\/inauguracion-tanque-tormentas-etxebarri-vizcaya-2\/\",\"name\":\"Se inaugura el Tanque de Tormentas de Etxebarri en Vizcaya Sala de prensa Ferrovial | \u00daltimas noticias\",\"isPartOf\":{\"@id\":\"https:\/\/newsroom.ferrovial.com\/es\/#website\"},\"primaryImageOfPage\":{\"@id\":\"https:\/\/newsroom.ferrovial.com\/es\/noticias\/inauguracion-tanque-tormentas-etxebarri-vizcaya-2\/#primaryimage\"},\"image\":{\"@id\":\"https:\/\/newsroom.ferrovial.com\/es\/noticias\/inauguracion-tanque-tormentas-etxebarri-vizcaya-2\/#primaryimage\"},\"thumbnailUrl\":\"https:\/\/static.newsroom.ferrovial.com\/wp-content\/uploads\/2018\/07\/15153935\/equipo-ferrovial-1.jpg\",\"datePublished\":\"2014-12-16T00:00:00+00:00\",\"dateModified\":\"2022-12-21T09:12:47+00:00\",\"description\":\"Sala de prensa Ferrovial | \u00daltimas noticias\",\"breadcrumb\":{\"@id\":\"https:\/\/newsroom.ferrovial.com\/es\/noticias\/inauguracion-tanque-tormentas-etxebarri-vizcaya-2\/#breadcrumb\"},\"inLanguage\":\"es\",\"potentialAction\":[{\"@type\":\"ReadAction\",\"target\":[\"https:\/\/newsroom.ferrovial.com\/es\/noticias\/inauguracion-tanque-tormentas-etxebarri-vizcaya-2\/\"]}]},{\"@type\":\"ImageObject\",\"inLanguage\":\"es\",\"@id\":\"https:\/\/newsroom.ferrovial.com\/es\/noticias\/inauguracion-tanque-tormentas-etxebarri-vizcaya-2\/#primaryimage\",\"url\":\"https:\/\/static.newsroom.ferrovial.com\/wp-content\/uploads\/2018\/07\/15153935\/equipo-ferrovial-1.jpg\",\"contentUrl\":\"https:\/\/static.newsroom.ferrovial.com\/wp-content\/uploads\/2018\/07\/15153935\/equipo-ferrovial-1.jpg\",\"width\":1000,\"height\":667},{\"@type\":\"BreadcrumbList\",\"@id\":\"https:\/\/newsroom.ferrovial.com\/es\/noticias\/inauguracion-tanque-tormentas-etxebarri-vizcaya-2\/#breadcrumb\",\"itemListElement\":[{\"@type\":\"ListItem\",\"position\":1,\"name\":\"Portada\",\"item\":\"https:\/\/newsroom.ferrovial.com\/es\/\"},{\"@type\":\"ListItem\",\"position\":2,\"name\":\"Se inaugura el Tanque de Tormentas de Etxebarri en Vizcaya\"}]},{\"@type\":\"WebSite\",\"@id\":\"https:\/\/newsroom.ferrovial.com\/es\/#website\",\"url\":\"https:\/\/newsroom.ferrovial.com\/es\/\",\"name\":\"Sala de prensa Ferrovial | \u00daltimas noticias\",\"description\":\"Sala de prensa Ferrovial | \u00daltimas noticias\",\"publisher\":{\"@id\":\"https:\/\/newsroom.ferrovial.com\/es\/#organization\"},\"potentialAction\":[{\"@type\":\"SearchAction\",\"target\":{\"@type\":\"EntryPoint\",\"urlTemplate\":\"https:\/\/newsroom.ferrovial.com\/es\/?s={search_term_string}\"},\"query-input\":{\"@type\":\"PropertyValueSpecification\",\"valueRequired\":true,\"valueName\":\"search_term_string\"}}],\"inLanguage\":\"es\"},{\"@type\":\"Organization\",\"@id\":\"https:\/\/newsroom.ferrovial.com\/es\/#organization\",\"name\":\"Ferrovial S.A.\",\"url\":\"https:\/\/newsroom.ferrovial.com\/es\/\",\"logo\":{\"@type\":\"ImageObject\",\"inLanguage\":\"es\",\"@id\":\"https:\/\/newsroom.ferrovial.com\/es\/#\/schema\/logo\/image\/\",\"url\":\"https:\/\/static.newsroom.ferrovial.com\/wp-content\/uploads\/2018\/07\/15145720\/Ferrovial_Logotipo1.jpg\",\"contentUrl\":\"https:\/\/static.newsroom.ferrovial.com\/wp-content\/uploads\/2018\/07\/15145720\/Ferrovial_Logotipo1.jpg\",\"width\":600,\"height\":300,\"caption\":\"Ferrovial S.A.\"},\"image\":{\"@id\":\"https:\/\/newsroom.ferrovial.com\/es\/#\/schema\/logo\/image\/\"},\"sameAs\":[\"https:\/\/www.facebook.com\/ferrovial\",\"https:\/\/x.com\/ferrovial\",\"https:\/\/www.instagram.com\/ferrovial\/\",\"https:\/\/www.linkedin.com\/company\/ferrovial\",\"https:\/\/www.pinterest.es\/ferrovial\/\",\"https:\/\/www.youtube.com\/ferrovial\",\"https:\/\/en.wikipedia.org\/wiki\/Ferrovial\"]}]}<\/script>","yoast_head_json":{"title":"Se inaugura el Tanque de Tormentas de Etxebarri en Vizcaya Sala de prensa Ferrovial | \u00daltimas noticias","description":"Sala de prensa Ferrovial | \u00daltimas noticias","robots":{"index":"index","follow":"follow","max-snippet":"max-snippet:-1","max-image-preview":"max-image-preview:large","max-video-preview":"max-video-preview:-1"},"canonical":"https:\/\/newsroom.ferrovial.com\/es\/noticias\/inauguracion-tanque-tormentas-etxebarri-vizcaya-2\/","og_locale":"es_ES","og_type":"article","og_title":"Se inaugura el Tanque de Tormentas de Etxebarri en Vizcaya Sala de prensa Ferrovial | \u00daltimas noticias","og_description":"Sala de prensa Ferrovial | \u00daltimas noticias","og_url":"https:\/\/newsroom.ferrovial.com\/es\/noticias\/inauguracion-tanque-tormentas-etxebarri-vizcaya-2\/","og_site_name":"Sala de prensa Ferrovial | \u00daltimas noticias","article_publisher":"https:\/\/www.facebook.com\/ferrovial","article_modified_time":"2022-12-21T09:12:47+00:00","og_image":[{"width":1000,"height":667,"url":"https:\/\/newsroom.ferrovial.com\/wp-content\/uploads\/sites\/4\/2018\/07\/equipo-ferrovial-1.jpg","type":"image\/jpeg"}],"twitter_card":"summary_large_image","twitter_site":"@ferrovial","schema":{"@context":"https:\/\/schema.org","@graph":[{"@type":"WebPage","@id":"https:\/\/newsroom.ferrovial.com\/es\/noticias\/inauguracion-tanque-tormentas-etxebarri-vizcaya-2\/","url":"https:\/\/newsroom.ferrovial.com\/es\/noticias\/inauguracion-tanque-tormentas-etxebarri-vizcaya-2\/","name":"Se inaugura el Tanque de Tormentas de Etxebarri en Vizcaya Sala de prensa Ferrovial | \u00daltimas noticias","isPartOf":{"@id":"https:\/\/newsroom.ferrovial.com\/es\/#website"},"primaryImageOfPage":{"@id":"https:\/\/newsroom.ferrovial.com\/es\/noticias\/inauguracion-tanque-tormentas-etxebarri-vizcaya-2\/#primaryimage"},"image":{"@id":"https:\/\/newsroom.ferrovial.com\/es\/noticias\/inauguracion-tanque-tormentas-etxebarri-vizcaya-2\/#primaryimage"},"thumbnailUrl":"https:\/\/static.newsroom.ferrovial.com\/wp-content\/uploads\/2018\/07\/15153935\/equipo-ferrovial-1.jpg","datePublished":"2014-12-16T00:00:00+00:00","dateModified":"2022-12-21T09:12:47+00:00","description":"Sala de prensa Ferrovial | \u00daltimas noticias","breadcrumb":{"@id":"https:\/\/newsroom.ferrovial.com\/es\/noticias\/inauguracion-tanque-tormentas-etxebarri-vizcaya-2\/#breadcrumb"},"inLanguage":"es","potentialAction":[{"@type":"ReadAction","target":["https:\/\/newsroom.ferrovial.com\/es\/noticias\/inauguracion-tanque-tormentas-etxebarri-vizcaya-2\/"]}]},{"@type":"ImageObject","inLanguage":"es","@id":"https:\/\/newsroom.ferrovial.com\/es\/noticias\/inauguracion-tanque-tormentas-etxebarri-vizcaya-2\/#primaryimage","url":"https:\/\/static.newsroom.ferrovial.com\/wp-content\/uploads\/2018\/07\/15153935\/equipo-ferrovial-1.jpg","contentUrl":"https:\/\/static.newsroom.ferrovial.com\/wp-content\/uploads\/2018\/07\/15153935\/equipo-ferrovial-1.jpg","width":1000,"height":667},{"@type":"BreadcrumbList","@id":"https:\/\/newsroom.ferrovial.com\/es\/noticias\/inauguracion-tanque-tormentas-etxebarri-vizcaya-2\/#breadcrumb","itemListElement":[{"@type":"ListItem","position":1,"name":"Portada","item":"https:\/\/newsroom.ferrovial.com\/es\/"},{"@type":"ListItem","position":2,"name":"Se inaugura el Tanque de Tormentas de Etxebarri en Vizcaya"}]},{"@type":"WebSite","@id":"https:\/\/newsroom.ferrovial.com\/es\/#website","url":"https:\/\/newsroom.ferrovial.com\/es\/","name":"Sala de prensa Ferrovial | \u00daltimas noticias","description":"Sala de prensa Ferrovial | \u00daltimas noticias","publisher":{"@id":"https:\/\/newsroom.ferrovial.com\/es\/#organization"},"potentialAction":[{"@type":"SearchAction","target":{"@type":"EntryPoint","urlTemplate":"https:\/\/newsroom.ferrovial.com\/es\/?s={search_term_string}"},"query-input":{"@type":"PropertyValueSpecification","valueRequired":true,"valueName":"search_term_string"}}],"inLanguage":"es"},{"@type":"Organization","@id":"https:\/\/newsroom.ferrovial.com\/es\/#organization","name":"Ferrovial S.A.","url":"https:\/\/newsroom.ferrovial.com\/es\/","logo":{"@type":"ImageObject","inLanguage":"es","@id":"https:\/\/newsroom.ferrovial.com\/es\/#\/schema\/logo\/image\/","url":"https:\/\/static.newsroom.ferrovial.com\/wp-content\/uploads\/2018\/07\/15145720\/Ferrovial_Logotipo1.jpg","contentUrl":"https:\/\/static.newsroom.ferrovial.com\/wp-content\/uploads\/2018\/07\/15145720\/Ferrovial_Logotipo1.jpg","width":600,"height":300,"caption":"Ferrovial S.A."},"image":{"@id":"https:\/\/newsroom.ferrovial.com\/es\/#\/schema\/logo\/image\/"},"sameAs":["https:\/\/www.facebook.com\/ferrovial","https:\/\/x.com\/ferrovial","https:\/\/www.instagram.com\/ferrovial\/","https:\/\/www.linkedin.com\/company\/ferrovial","https:\/\/www.pinterest.es\/ferrovial\/","https:\/\/www.youtube.com\/ferrovial","https:\/\/en.wikipedia.org\/wiki\/Ferrovial"]}]}},"_links":{"self":[{"href":"https:\/\/newsroom.ferrovial.com\/es\/wp-json\/wp\/v2\/new\/3336","targetHints":{"allow":["GET"]}}],"collection":[{"href":"https:\/\/newsroom.ferrovial.com\/es\/wp-json\/wp\/v2\/new"}],"about":[{"href":"https:\/\/newsroom.ferrovial.com\/es\/wp-json\/wp\/v2\/types\/new"}],"replies":[{"embeddable":true,"href":"https:\/\/newsroom.ferrovial.com\/es\/wp-json\/wp\/v2\/comments?post=3336"}],"version-history":[{"count":1,"href":"https:\/\/newsroom.ferrovial.com\/es\/wp-json\/wp\/v2\/new\/3336\/revisions"}],"predecessor-version":[{"id":97351,"href":"https:\/\/newsroom.ferrovial.com\/es\/wp-json\/wp\/v2\/new\/3336\/revisions\/97351"}],"wp:featuredmedia":[{"embeddable":true,"href":"https:\/\/newsroom.ferrovial.com\/es\/wp-json\/wp\/v2\/media\/3337"}],"wp:attachment":[{"href":"https:\/\/newsroom.ferrovial.com\/es\/wp-json\/wp\/v2\/media?parent=3336"}],"wp:term":[{"taxonomy":"nivel-2","embeddable":true,"href":"https:\/\/newsroom.ferrovial.com\/es\/wp-json\/wp\/v2\/nivel-2?post=3336"},{"taxonomy":"nivel-5","embeddable":true,"href":"https:\/\/newsroom.ferrovial.com\/es\/wp-json\/wp\/v2\/nivel-5?post=3336"},{"taxonomy":"nivel-1","embeddable":true,"href":"https:\/\/newsroom.ferrovial.com\/es\/wp-json\/wp\/v2\/nivel-1?post=3336"},{"taxonomy":"nivel-3","embeddable":true,"href":"https:\/\/newsroom.ferrovial.com\/es\/wp-json\/wp\/v2\/nivel-3?post=3336"},{"taxonomy":"nivel-4","embeddable":true,"href":"https:\/\/newsroom.ferrovial.com\/es\/wp-json\/wp\/v2\/nivel-4?post=3336"}],"curies":[{"name":"wp","href":"https:\/\/api.w.org\/{rel}","templated":true}]}}