{"id":3394,"date":"2015-03-30T00:00:00","date_gmt":"2015-03-30T00:00:00","guid":{"rendered":"https:\/\/newsroom.ferrovial.com\/news\/el-presidente-mariano-rajoy-visita-la-ampliacion-de-instalaciones-del-hospital-de-valdecilla-construido-por-ferrovial\/"},"modified":"2022-12-21T10:11:08","modified_gmt":"2022-12-21T09:11:08","slug":"el-presidente-mariano-rajoy-visita-la-ampliacion-de-instalaciones-del-hospital-de-valdecilla-construido-por-ferrovial","status":"publish","type":"new","link":"https:\/\/newsroom.ferrovial.com\/es\/noticias\/el-presidente-mariano-rajoy-visita-la-ampliacion-de-instalaciones-del-hospital-de-valdecilla-construido-por-ferrovial\/","title":{"rendered":"El Presidente Mariano Rajoy visita la ampliaci\u00f3n de instalaciones del Hospital de Valdecilla, construido por Ferrovial"},"content":{"rendered":"    <section class=\"wysiwyg text-editor \" id=\"\">\n        <div class=\"container container--narrow container--p-10\">\n            <p>El presidente del Gobierno de Espa\u00f1a, Mariano Rajoy, ha visitado hoy a mediod\u00eda las obras de la<a title=\"Hospital de Valdecilla en Santander\" href=\"https:\/\/www.ferrovial.com\/es\/proyectos\/hospital-de-valdecilla-en-santander\/\"> III fase del Hospital Universitario Marqu\u00e9s de Valdecilla<\/a>, junto con el consejero delegado de Ferrovial <a title=\"Comit\u00e9 de direcci\u00f3n\" href=\"https:\/\/www.ferrovial.com\/es-es\/compania\/sobre-nosotros\/comite-direccion\/\">I\u00f1igo Meir\u00e1s;<\/a> el presidente de Cantabria, Ignacio Diego, y la consejera auton\u00f3mica de Sanidad y Servicios Sociales, Mar\u00eda Jos\u00e9 S\u00e1enz de Buruaga e I\u00f1igo de la Serna; alcalde de Santander, entre otros.<\/p>\n<p>El presidente reitera su compromiso con la financiaci\u00f3n de las obras del hospital \u00abun buque insignia de la sanidad en Espa\u00f1a\u00bb y ha asegurado que \u00abValdecilla es una referencia y como tal la seguiremos tratando\u00bb. Las <strong>obras de la tercera\u00a0fase de Valdecilla<\/strong> se reanudaron en enero de 2014 tras la firma del contrato de colaboraci\u00f3n p\u00fablico-privada entre la adjudicataria y el Gobierno de Cantabria. En base a este contrato, Ferrovial Servicios y la empresa c\u00e1ntabra Siec, finalizar\u00e1n las obras del hospital gestionando posteriormente sus servicios no asistenciales durante los pr\u00f3ximos 20 a\u00f1os, por un importe de unos 760 millones de euros. Esta f\u00f3rmula de colaboraci\u00f3n convierte Valdecilla en un<strong> modelo de referencia para todos aquellos hospitales p\u00fablicos que experimentan la doble necesidad de acometer obras mayores y aumentar la eficiencia de los servicios no cl\u00ednicos.<\/strong><\/p>\n<p>El Hospital quiere renovar su compromiso con sus pacientes y ha marcado la fecha de 2015 como la de comienzo de una nueva etapa en la que se consolidar\u00e1 como un referente en asistencia sanitaria y confort hospitalario.<\/p>\n<p>&nbsp;<\/p>\n        <\/div>\n    <\/section>\n","protected":false},"excerpt":{"rendered":"","protected":false},"featured_media":3395,"menu_order":0,"comment_status":"closed","ping_status":"closed","template":"","nivel-2":[907,2208,2209,2234,2206,2091,2240],"nivel-5":[],"nivel-1":[2168],"nivel-3":[1258],"nivel-4":[1785],"class_list":["post-3394","new","type-new","status-publish","has-post-thumbnail","hentry","nivel-2-accionistas-e-inversores","nivel-2-diseno-e-ingenieria","nivel-2-edificacion","nivel-2-instalaciones","nivel-2-obras","nivel-2-proyectos","nivel-2-seguridad-y-salud","nivel-1-construccion","nivel-3-espana","nivel-4-cantabria"],"acf":[],"yoast_head":"<title>El Presidente Mariano Rajoy visita la ampliaci\u00f3n de instalaciones del Hospital de Valdecilla, construido por Ferrovial Sala de prensa Ferrovial | \u00daltimas noticias<\/title>\n<meta name=\"description\" content=\"Sala de prensa Ferrovial | \u00daltimas noticias\" \/>\n<meta name=\"robots\" content=\"index, follow, max-snippet:-1, max-image-preview:large, max-video-preview:-1\" \/>\n<link rel=\"canonical\" href=\"https:\/\/newsroom.ferrovial.com\/es\/noticias\/el-presidente-mariano-rajoy-visita-la-ampliacion-de-instalaciones-del-hospital-de-valdecilla-construido-por-ferrovial\/\" \/>\n<meta property=\"og:locale\" content=\"es_ES\" \/>\n<meta property=\"og:type\" content=\"article\" \/>\n<meta property=\"og:title\" content=\"El Presidente Mariano Rajoy visita la ampliaci\u00f3n de instalaciones del Hospital de Valdecilla, construido por Ferrovial Sala de prensa Ferrovial | \u00daltimas noticias\" \/>\n<meta property=\"og:description\" content=\"Sala de prensa Ferrovial | \u00daltimas noticias\" \/>\n<meta property=\"og:url\" content=\"https:\/\/newsroom.ferrovial.com\/es\/noticias\/el-presidente-mariano-rajoy-visita-la-ampliacion-de-instalaciones-del-hospital-de-valdecilla-construido-por-ferrovial\/\" \/>\n<meta property=\"og:site_name\" content=\"Sala de prensa Ferrovial | \u00daltimas noticias\" \/>\n<meta property=\"article:publisher\" content=\"https:\/\/www.facebook.com\/ferrovial\" \/>\n<meta property=\"article:modified_time\" content=\"2022-12-21T09:11:08+00:00\" \/>\n<meta property=\"og:image\" content=\"https:\/\/newsroom.ferrovial.com\/wp-content\/uploads\/sites\/4\/2018\/07\/valdecilla.jpg\" \/>\n\t<meta property=\"og:image:width\" content=\"1632\" \/>\n\t<meta property=\"og:image:height\" content=\"918\" \/>\n\t<meta property=\"og:image:type\" content=\"image\/jpeg\" \/>\n<meta name=\"twitter:card\" content=\"summary_large_image\" \/>\n<meta name=\"twitter:site\" content=\"@ferrovial\" \/>\n<script type=\"application\/ld+json\" class=\"yoast-schema-graph\">{\"@context\":\"https:\/\/schema.org\",\"@graph\":[{\"@type\":\"WebPage\",\"@id\":\"https:\/\/newsroom.ferrovial.com\/es\/noticias\/el-presidente-mariano-rajoy-visita-la-ampliacion-de-instalaciones-del-hospital-de-valdecilla-construido-por-ferrovial\/\",\"url\":\"https:\/\/newsroom.ferrovial.com\/es\/noticias\/el-presidente-mariano-rajoy-visita-la-ampliacion-de-instalaciones-del-hospital-de-valdecilla-construido-por-ferrovial\/\",\"name\":\"El Presidente Mariano Rajoy visita la ampliaci\u00f3n de instalaciones del Hospital de Valdecilla, construido por Ferrovial Sala de prensa Ferrovial | \u00daltimas noticias\",\"isPartOf\":{\"@id\":\"https:\/\/newsroom.ferrovial.com\/es\/#website\"},\"primaryImageOfPage\":{\"@id\":\"https:\/\/newsroom.ferrovial.com\/es\/noticias\/el-presidente-mariano-rajoy-visita-la-ampliacion-de-instalaciones-del-hospital-de-valdecilla-construido-por-ferrovial\/#primaryimage\"},\"image\":{\"@id\":\"https:\/\/newsroom.ferrovial.com\/es\/noticias\/el-presidente-mariano-rajoy-visita-la-ampliacion-de-instalaciones-del-hospital-de-valdecilla-construido-por-ferrovial\/#primaryimage\"},\"thumbnailUrl\":\"https:\/\/static.newsroom.ferrovial.com\/wp-content\/uploads\/2018\/07\/15153904\/valdecilla.jpg\",\"datePublished\":\"2015-03-30T00:00:00+00:00\",\"dateModified\":\"2022-12-21T09:11:08+00:00\",\"description\":\"Sala de prensa Ferrovial | \u00daltimas noticias\",\"breadcrumb\":{\"@id\":\"https:\/\/newsroom.ferrovial.com\/es\/noticias\/el-presidente-mariano-rajoy-visita-la-ampliacion-de-instalaciones-del-hospital-de-valdecilla-construido-por-ferrovial\/#breadcrumb\"},\"inLanguage\":\"es\",\"potentialAction\":[{\"@type\":\"ReadAction\",\"target\":[\"https:\/\/newsroom.ferrovial.com\/es\/noticias\/el-presidente-mariano-rajoy-visita-la-ampliacion-de-instalaciones-del-hospital-de-valdecilla-construido-por-ferrovial\/\"]}]},{\"@type\":\"ImageObject\",\"inLanguage\":\"es\",\"@id\":\"https:\/\/newsroom.ferrovial.com\/es\/noticias\/el-presidente-mariano-rajoy-visita-la-ampliacion-de-instalaciones-del-hospital-de-valdecilla-construido-por-ferrovial\/#primaryimage\",\"url\":\"https:\/\/static.newsroom.ferrovial.com\/wp-content\/uploads\/2018\/07\/15153904\/valdecilla.jpg\",\"contentUrl\":\"https:\/\/static.newsroom.ferrovial.com\/wp-content\/uploads\/2018\/07\/15153904\/valdecilla.jpg\",\"width\":1632,\"height\":918,\"caption\":\"Mariano Rajoy, consejero delegado de Ferrovial I\u00f1igo Meir\u00e1s; el presidente de Cantabria, Ignacio Diego, y la consejera auton\u00f3mica de Sanidad y Servicios Sociales, Mar\u00eda Jos\u00e9 S\u00e1enz de Buruaga\"},{\"@type\":\"BreadcrumbList\",\"@id\":\"https:\/\/newsroom.ferrovial.com\/es\/noticias\/el-presidente-mariano-rajoy-visita-la-ampliacion-de-instalaciones-del-hospital-de-valdecilla-construido-por-ferrovial\/#breadcrumb\",\"itemListElement\":[{\"@type\":\"ListItem\",\"position\":1,\"name\":\"Portada\",\"item\":\"https:\/\/newsroom.ferrovial.com\/es\/\"},{\"@type\":\"ListItem\",\"position\":2,\"name\":\"El Presidente Mariano Rajoy visita la ampliaci\u00f3n de instalaciones del Hospital de Valdecilla, construido por Ferrovial\"}]},{\"@type\":\"WebSite\",\"@id\":\"https:\/\/newsroom.ferrovial.com\/es\/#website\",\"url\":\"https:\/\/newsroom.ferrovial.com\/es\/\",\"name\":\"Sala de prensa Ferrovial | \u00daltimas noticias\",\"description\":\"Sala de prensa Ferrovial | \u00daltimas noticias\",\"publisher\":{\"@id\":\"https:\/\/newsroom.ferrovial.com\/es\/#organization\"},\"potentialAction\":[{\"@type\":\"SearchAction\",\"target\":{\"@type\":\"EntryPoint\",\"urlTemplate\":\"https:\/\/newsroom.ferrovial.com\/es\/?s={search_term_string}\"},\"query-input\":{\"@type\":\"PropertyValueSpecification\",\"valueRequired\":true,\"valueName\":\"search_term_string\"}}],\"inLanguage\":\"es\"},{\"@type\":\"Organization\",\"@id\":\"https:\/\/newsroom.ferrovial.com\/es\/#organization\",\"name\":\"Ferrovial S.A.\",\"url\":\"https:\/\/newsroom.ferrovial.com\/es\/\",\"logo\":{\"@type\":\"ImageObject\",\"inLanguage\":\"es\",\"@id\":\"https:\/\/newsroom.ferrovial.com\/es\/#\/schema\/logo\/image\/\",\"url\":\"https:\/\/static.newsroom.ferrovial.com\/wp-content\/uploads\/2018\/07\/15145720\/Ferrovial_Logotipo1.jpg\",\"contentUrl\":\"https:\/\/static.newsroom.ferrovial.com\/wp-content\/uploads\/2018\/07\/15145720\/Ferrovial_Logotipo1.jpg\",\"width\":600,\"height\":300,\"caption\":\"Ferrovial S.A.\"},\"image\":{\"@id\":\"https:\/\/newsroom.ferrovial.com\/es\/#\/schema\/logo\/image\/\"},\"sameAs\":[\"https:\/\/www.facebook.com\/ferrovial\",\"https:\/\/x.com\/ferrovial\",\"https:\/\/www.instagram.com\/ferrovial\/\",\"https:\/\/www.linkedin.com\/company\/ferrovial\",\"https:\/\/www.pinterest.es\/ferrovial\/\",\"https:\/\/www.youtube.com\/ferrovial\",\"https:\/\/en.wikipedia.org\/wiki\/Ferrovial\"]}]}<\/script>","yoast_head_json":{"title":"El Presidente Mariano Rajoy visita la ampliaci\u00f3n de instalaciones del Hospital de Valdecilla, construido por Ferrovial Sala de prensa Ferrovial | \u00daltimas noticias","description":"Sala de prensa Ferrovial | \u00daltimas noticias","robots":{"index":"index","follow":"follow","max-snippet":"max-snippet:-1","max-image-preview":"max-image-preview:large","max-video-preview":"max-video-preview:-1"},"canonical":"https:\/\/newsroom.ferrovial.com\/es\/noticias\/el-presidente-mariano-rajoy-visita-la-ampliacion-de-instalaciones-del-hospital-de-valdecilla-construido-por-ferrovial\/","og_locale":"es_ES","og_type":"article","og_title":"El Presidente Mariano Rajoy visita la ampliaci\u00f3n de instalaciones del Hospital de Valdecilla, construido por Ferrovial Sala de prensa Ferrovial | \u00daltimas noticias","og_description":"Sala de prensa Ferrovial | \u00daltimas noticias","og_url":"https:\/\/newsroom.ferrovial.com\/es\/noticias\/el-presidente-mariano-rajoy-visita-la-ampliacion-de-instalaciones-del-hospital-de-valdecilla-construido-por-ferrovial\/","og_site_name":"Sala de prensa Ferrovial | \u00daltimas noticias","article_publisher":"https:\/\/www.facebook.com\/ferrovial","article_modified_time":"2022-12-21T09:11:08+00:00","og_image":[{"width":1632,"height":918,"url":"https:\/\/newsroom.ferrovial.com\/wp-content\/uploads\/sites\/4\/2018\/07\/valdecilla.jpg","type":"image\/jpeg"}],"twitter_card":"summary_large_image","twitter_site":"@ferrovial","schema":{"@context":"https:\/\/schema.org","@graph":[{"@type":"WebPage","@id":"https:\/\/newsroom.ferrovial.com\/es\/noticias\/el-presidente-mariano-rajoy-visita-la-ampliacion-de-instalaciones-del-hospital-de-valdecilla-construido-por-ferrovial\/","url":"https:\/\/newsroom.ferrovial.com\/es\/noticias\/el-presidente-mariano-rajoy-visita-la-ampliacion-de-instalaciones-del-hospital-de-valdecilla-construido-por-ferrovial\/","name":"El Presidente Mariano Rajoy visita la ampliaci\u00f3n de instalaciones del Hospital de Valdecilla, construido por Ferrovial Sala de prensa Ferrovial | \u00daltimas noticias","isPartOf":{"@id":"https:\/\/newsroom.ferrovial.com\/es\/#website"},"primaryImageOfPage":{"@id":"https:\/\/newsroom.ferrovial.com\/es\/noticias\/el-presidente-mariano-rajoy-visita-la-ampliacion-de-instalaciones-del-hospital-de-valdecilla-construido-por-ferrovial\/#primaryimage"},"image":{"@id":"https:\/\/newsroom.ferrovial.com\/es\/noticias\/el-presidente-mariano-rajoy-visita-la-ampliacion-de-instalaciones-del-hospital-de-valdecilla-construido-por-ferrovial\/#primaryimage"},"thumbnailUrl":"https:\/\/static.newsroom.ferrovial.com\/wp-content\/uploads\/2018\/07\/15153904\/valdecilla.jpg","datePublished":"2015-03-30T00:00:00+00:00","dateModified":"2022-12-21T09:11:08+00:00","description":"Sala de prensa Ferrovial | \u00daltimas noticias","breadcrumb":{"@id":"https:\/\/newsroom.ferrovial.com\/es\/noticias\/el-presidente-mariano-rajoy-visita-la-ampliacion-de-instalaciones-del-hospital-de-valdecilla-construido-por-ferrovial\/#breadcrumb"},"inLanguage":"es","potentialAction":[{"@type":"ReadAction","target":["https:\/\/newsroom.ferrovial.com\/es\/noticias\/el-presidente-mariano-rajoy-visita-la-ampliacion-de-instalaciones-del-hospital-de-valdecilla-construido-por-ferrovial\/"]}]},{"@type":"ImageObject","inLanguage":"es","@id":"https:\/\/newsroom.ferrovial.com\/es\/noticias\/el-presidente-mariano-rajoy-visita-la-ampliacion-de-instalaciones-del-hospital-de-valdecilla-construido-por-ferrovial\/#primaryimage","url":"https:\/\/static.newsroom.ferrovial.com\/wp-content\/uploads\/2018\/07\/15153904\/valdecilla.jpg","contentUrl":"https:\/\/static.newsroom.ferrovial.com\/wp-content\/uploads\/2018\/07\/15153904\/valdecilla.jpg","width":1632,"height":918,"caption":"Mariano Rajoy, consejero delegado de Ferrovial I\u00f1igo Meir\u00e1s; el presidente de Cantabria, Ignacio Diego, y la consejera auton\u00f3mica de Sanidad y Servicios Sociales, Mar\u00eda Jos\u00e9 S\u00e1enz de Buruaga"},{"@type":"BreadcrumbList","@id":"https:\/\/newsroom.ferrovial.com\/es\/noticias\/el-presidente-mariano-rajoy-visita-la-ampliacion-de-instalaciones-del-hospital-de-valdecilla-construido-por-ferrovial\/#breadcrumb","itemListElement":[{"@type":"ListItem","position":1,"name":"Portada","item":"https:\/\/newsroom.ferrovial.com\/es\/"},{"@type":"ListItem","position":2,"name":"El Presidente Mariano Rajoy visita la ampliaci\u00f3n de instalaciones del Hospital de Valdecilla, construido por Ferrovial"}]},{"@type":"WebSite","@id":"https:\/\/newsroom.ferrovial.com\/es\/#website","url":"https:\/\/newsroom.ferrovial.com\/es\/","name":"Sala de prensa Ferrovial | \u00daltimas noticias","description":"Sala de prensa Ferrovial | \u00daltimas noticias","publisher":{"@id":"https:\/\/newsroom.ferrovial.com\/es\/#organization"},"potentialAction":[{"@type":"SearchAction","target":{"@type":"EntryPoint","urlTemplate":"https:\/\/newsroom.ferrovial.com\/es\/?s={search_term_string}"},"query-input":{"@type":"PropertyValueSpecification","valueRequired":true,"valueName":"search_term_string"}}],"inLanguage":"es"},{"@type":"Organization","@id":"https:\/\/newsroom.ferrovial.com\/es\/#organization","name":"Ferrovial S.A.","url":"https:\/\/newsroom.ferrovial.com\/es\/","logo":{"@type":"ImageObject","inLanguage":"es","@id":"https:\/\/newsroom.ferrovial.com\/es\/#\/schema\/logo\/image\/","url":"https:\/\/static.newsroom.ferrovial.com\/wp-content\/uploads\/2018\/07\/15145720\/Ferrovial_Logotipo1.jpg","contentUrl":"https:\/\/static.newsroom.ferrovial.com\/wp-content\/uploads\/2018\/07\/15145720\/Ferrovial_Logotipo1.jpg","width":600,"height":300,"caption":"Ferrovial S.A."},"image":{"@id":"https:\/\/newsroom.ferrovial.com\/es\/#\/schema\/logo\/image\/"},"sameAs":["https:\/\/www.facebook.com\/ferrovial","https:\/\/x.com\/ferrovial","https:\/\/www.instagram.com\/ferrovial\/","https:\/\/www.linkedin.com\/company\/ferrovial","https:\/\/www.pinterest.es\/ferrovial\/","https:\/\/www.youtube.com\/ferrovial","https:\/\/en.wikipedia.org\/wiki\/Ferrovial"]}]}},"_links":{"self":[{"href":"https:\/\/newsroom.ferrovial.com\/es\/wp-json\/wp\/v2\/new\/3394","targetHints":{"allow":["GET"]}}],"collection":[{"href":"https:\/\/newsroom.ferrovial.com\/es\/wp-json\/wp\/v2\/new"}],"about":[{"href":"https:\/\/newsroom.ferrovial.com\/es\/wp-json\/wp\/v2\/types\/new"}],"replies":[{"embeddable":true,"href":"https:\/\/newsroom.ferrovial.com\/es\/wp-json\/wp\/v2\/comments?post=3394"}],"version-history":[{"count":1,"href":"https:\/\/newsroom.ferrovial.com\/es\/wp-json\/wp\/v2\/new\/3394\/revisions"}],"predecessor-version":[{"id":97345,"href":"https:\/\/newsroom.ferrovial.com\/es\/wp-json\/wp\/v2\/new\/3394\/revisions\/97345"}],"wp:featuredmedia":[{"embeddable":true,"href":"https:\/\/newsroom.ferrovial.com\/es\/wp-json\/wp\/v2\/media\/3395"}],"wp:attachment":[{"href":"https:\/\/newsroom.ferrovial.com\/es\/wp-json\/wp\/v2\/media?parent=3394"}],"wp:term":[{"taxonomy":"nivel-2","embeddable":true,"href":"https:\/\/newsroom.ferrovial.com\/es\/wp-json\/wp\/v2\/nivel-2?post=3394"},{"taxonomy":"nivel-5","embeddable":true,"href":"https:\/\/newsroom.ferrovial.com\/es\/wp-json\/wp\/v2\/nivel-5?post=3394"},{"taxonomy":"nivel-1","embeddable":true,"href":"https:\/\/newsroom.ferrovial.com\/es\/wp-json\/wp\/v2\/nivel-1?post=3394"},{"taxonomy":"nivel-3","embeddable":true,"href":"https:\/\/newsroom.ferrovial.com\/es\/wp-json\/wp\/v2\/nivel-3?post=3394"},{"taxonomy":"nivel-4","embeddable":true,"href":"https:\/\/newsroom.ferrovial.com\/es\/wp-json\/wp\/v2\/nivel-4?post=3394"}],"curies":[{"name":"wp","href":"https:\/\/api.w.org\/{rel}","templated":true}]}}