{"id":3410,"date":"2015-05-07T00:00:00","date_gmt":"2015-05-07T00:00:00","guid":{"rendered":"https:\/\/newsroom.ferrovial.com\/news\/casa-de-la-vida-en-granada\/"},"modified":"2022-12-21T10:10:30","modified_gmt":"2022-12-21T09:10:30","slug":"casa-de-la-vida-en-granada","status":"publish","type":"new","link":"https:\/\/newsroom.ferrovial.com\/es\/noticias\/casa-de-la-vida-en-granada\/","title":{"rendered":"Ferrovial Agroman construye la Casa de la Vida en Granada"},"content":{"rendered":"    <section class=\"wysiwyg text-editor \" id=\"\">\n        <div class=\"container container--narrow container--p-10\">\n            <p><a title=\"Construcci\u00f3n\" href=\"https:\/\/www.ferrovial.com\/es\/lineas-de-negocio\/construccion\/\" target=\"_blank\">Ferrovial Agroman<\/a> est\u00e1 ejecutando el Biodomo o Casa de la Vida del Parque de las Ciencias de Granada, <strong>un gran acuaterrario de 20.000 metros c\u00fabicos que su<img loading=\"lazy\" decoding=\"async\" class=\"alignright wp-image-146932\" src=\"https:\/\/www.ferrovial.com\/wp-content\/uploads\/2015\/05\/parque-de-la-ciencias-300x199.jpg\" alt=\"parque-de-la-ciencias\" width=\"300\" height=\"199\" \/>pondr\u00e1 la quinta fase de ampliaci\u00f3n del Museo de Ciencias Naturales de la capital<\/strong> y que est\u00e1 previsto que abra sus puertas al p\u00fablico en la primavera de 2016. Estar\u00e1 preparado para acoger a un total de 220 especies distintas y se convertir\u00e1 en una ventana a la biodiversidad de nuestro planeta y a las interacciones que lo hacen posible, siendo un\u00a0 <strong>espacio de investigaci\u00f3n y desarrollo de proyectos de I+D+i relacionados con la biodiversidad, un laboratorio vivo y abierto a la investigaci\u00f3n en muchos campos.<\/strong><\/p>\n<p>El consejero de Educaci\u00f3n, Cultura y Deporte de la comunidad andaluza, Luciano Alonso, en su visita a las instalaciones, se\u00f1al\u00f3 la inversi\u00f3n como \u201cvalor a\u00f1adido\u00bb para el Museo, pero tambi\u00e9n para que los visitantes conozcan de primera mano una concepci\u00f3n diferente de la naturaleza y el respeto al medioambiente de una forma rigurosa y amena. Esta nueva estructura, que supondr\u00e1 un impulso a la educaci\u00f3n, la ciencia, el turismo y la econom\u00eda granadina y andaluza, estar\u00e1 ambientado en las selvas h\u00famedas tropicales y en los arrecifes coralinos, puntos calientes de la evoluci\u00f3n de la Tierra donde la diversidad biol\u00f3gica alcanza sus m\u00e1ximos exponentes y permite entender la estrategia evolutiva.<\/p>\n<p>El Proyecto presenta tres niveles de recorrido: Subacu\u00e1tico, terrestre y a\u00e9reo. Al <strong>subacu\u00e1tico<\/strong> se acceder\u00e1 por una cascada de un gran r\u00edo tropical y estar\u00e1 habitado por cocodrilos, nutrias, tiburones leopardo y rayas de puntas azules, entre otras especies. A este nivel se suma un <strong>recorrido terrestre<\/strong> de unos 190 metros de longitud que recrea manglares de Borneo con fauna y flora de ambiente mareal, adem\u00e1s de contar con un bosque subtropical que acoger\u00e1 c\u00e9rvidos, reptiles, tortugas, monos y una nutrida colecci\u00f3n bot\u00e1nica. Tambi\u00e9n se incluir\u00e1 un <strong>recorrido a\u00e9reo<\/strong> de unos 255 metros de longitud con zonas did\u00e1cticas y donde los visitantes podr\u00e1n observar el modo de vida de diversos animales.<\/p>\n<p><img loading=\"lazy\" decoding=\"async\" class=\"alignnone size-wysiwyg-xlarge wp-image-146924\" src=\"https:\/\/www.ferrovial.com\/wp-content\/uploads\/2015\/05\/casa-de-la-vida-en-granada-695x447.jpg\" alt=\"Casa de la Vida Granada\" width=\"695\" height=\"447\" \/><\/p>\n<p>Nuestra Compa\u00f1\u00eda, en UTE con Sas Usine Coutant, tiene el encargo de dise\u00f1ar, construir y mantener durante los primeros 12 meses este espacio para el Consorcio Parque de las Ciencias por m\u00e1s de m\u00e1s de diez millones de euros, incluyendo el suministro, aclimataci\u00f3n y cuidados biol\u00f3gicos de todas las especies vivas. El equipo que lo hace posible, dependiente de Alberto Torres, Director de Andaluc\u00eda, Ceuta y Melilla y Jos\u00e9 Sarria, Gerente, est\u00e1 compuesto por David Orzaez, Jefe de Obra; Eduardo Garc\u00eda-Mancha, Jefe de Producci\u00f3n; Mari Carmen Rold\u00e1n, administrativa; Miguel Angel Pulido, Encargado.<\/p>\n<p>El edificio est\u00e1 construido a partir de una gran nave, cuyo cerramiento de hormig\u00f3n armado y gran estructura met\u00e1lica a base de perfiles de gran secci\u00f3n, dotan de un volumen importante y di\u00e1fano para albergar el contenido VIVO que poseer\u00e1 en el futuro. La superficie total del edificio es de 4.252 m2, repartidos de la siguiente forma: 1.425 m2 en espacios de visita para el p\u00fablico, 1.303 m2 en espacios para especies vivas, tanto terrestres, acu\u00e1ticas como bot\u00e1nica, y 1.524 m2 de superficie para salas de instalaciones, cuarentenas, salas veterinarias y biol\u00f3gicas y locales para personal t\u00e9cnico cuidador y conservador.<br \/>\nEspecial menci\u00f3n merece que el dise\u00f1o previo de proyecto y el seguimiento y control en fase de construcci\u00f3n, se est\u00e1 realizando mediante sistema BIM (Building Information Modeling). El uso pionero en Espa\u00f1a de esta potente herramienta esta siendo de gran utilidad en una obra de gran nivel de complejidad como es este caso. Se est\u00e1 pudiendo controlar de manera muy satisfactoria distintos aspectos esenciales en el desarrollo del proyecto y de la obra, como son:<\/p>\n<h3><strong>En fase de proyecto<\/strong><\/h3>\n<p>Se ha facilitado la integraci\u00f3n de todos los dise\u00f1os y requerimientos de las distintas disciplinas (Arquitectura, Estructura, Instalaciones, Acuarolog\u00eda, Museizaci\u00f3n, Tematizaci\u00f3n, zoolog\u00eda y bot\u00e1nica) A su vez, con el desarrollo del modelo 3D BIM, se ha conseguido detectar y solucionar interferencias espaciales (CLASH DETECTION), optimizar todos los \u00e1mbitos de dise\u00f1o, optimizar las necesidades reales del cliente y comprobar la validez del dise\u00f1o final mediante visualizaciones FLYTHROUGH.<\/p>\n<h3><strong>En fase de construcci\u00f3n. El sistema BIM<\/strong><\/h3>\n<p><img loading=\"lazy\" decoding=\"async\" class=\"alignnone size-wysiwyg-xlarge wp-image-146926\" src=\"https:\/\/www.ferrovial.com\/wp-content\/uploads\/2015\/05\/casa-vida-en-granada-695x463.jpg\" alt=\"Casa Vida en Granada\" width=\"695\" height=\"463\" \/><\/p>\n<p>Este sistema est\u00e1 contribuyendo a la optimizaci\u00f3n de procesos internos y al ahorro de coste de no Calidad, suponiendo una mejora evidente de la calidad final de ejecuci\u00f3n. Alguna de las aplicaciones para las que est\u00e1 empleando el modelo BIM en obra son:<\/p>\n<table width=\"100%\">\n<tbody>\n<tr>\n<td width=\"4%\">&#8211;<\/td>\n<td width=\"96%\">Planificaci\u00f3n acorde con las fases y secuencias l\u00f3gicas de la obra.<\/td>\n<\/tr>\n<tr>\n<td width=\"4%\">&#8211;<\/td>\n<td width=\"96%\">Mejora constante de soluciones no satisfactorias en tiempo real, en tiempo muy reducido y sobre todo, antes de construir los elementos.<\/td>\n<\/tr>\n<tr>\n<td width=\"4%\">&#8211;<\/td>\n<td width=\"96%\">Posibilidad de consulta de cualquier tipo de informaci\u00f3n de forma r\u00e1pida, sencilla y fiable en tiempo real.<\/td>\n<\/tr>\n<tr>\n<td width=\"4%\">&#8211;<\/td>\n<td width=\"96%\">Control eficaz del cap\u00edtulo econ\u00f3mico de la obra.<\/td>\n<\/tr>\n<\/tbody>\n<\/table>\n<h3><strong>En fase de mantenimiento<\/strong><\/h3>\n<p>Esta herramienta permitir\u00e1 contar con una Documentaci\u00f3n AS BUILT tridimensional con toda la informaci\u00f3n relevante asociada a cada elemento que contribuir\u00e1 a un mejor seguimiento en detalle de todos los puntos necesarios de control, traduci\u00e9ndose en una optimizaci\u00f3n de los recursos para un mantenimiento preventivo y correctivo.<\/p>\n        <\/div>\n    <\/section>\n","protected":false},"excerpt":{"rendered":"","protected":false},"featured_media":3411,"menu_order":0,"comment_status":"closed","ping_status":"closed","template":"","nivel-2":[924,2208,2209,2219,2234,2206,2091],"nivel-5":[2149],"nivel-1":[2168],"nivel-3":[1258],"nivel-4":[1779],"class_list":["post-3410","new","type-new","status-publish","has-post-thumbnail","hentry","nivel-2-bim","nivel-2-diseno-e-ingenieria","nivel-2-edificacion","nivel-2-ingenieria-civil","nivel-2-instalaciones","nivel-2-obras","nivel-2-proyectos","nivel-5-ferrovial-construccion","nivel-1-construccion","nivel-3-espana","nivel-4-andalucia"],"acf":[],"yoast_head":"<title>Ferrovial Agroman construye la Casa de la Vida en Granada Sala de prensa Ferrovial | \u00daltimas noticias<\/title>\n<meta name=\"description\" content=\"Sala de prensa Ferrovial | \u00daltimas noticias\" \/>\n<meta name=\"robots\" content=\"index, follow, max-snippet:-1, max-image-preview:large, max-video-preview:-1\" \/>\n<link rel=\"canonical\" href=\"https:\/\/newsroom.ferrovial.com\/es\/noticias\/casa-de-la-vida-en-granada\/\" \/>\n<meta property=\"og:locale\" content=\"es_ES\" \/>\n<meta property=\"og:type\" content=\"article\" \/>\n<meta property=\"og:title\" content=\"Ferrovial Agroman construye la Casa de la Vida en Granada Sala de prensa Ferrovial | \u00daltimas noticias\" \/>\n<meta property=\"og:description\" content=\"Sala de prensa Ferrovial | \u00daltimas noticias\" \/>\n<meta property=\"og:url\" content=\"https:\/\/newsroom.ferrovial.com\/es\/noticias\/casa-de-la-vida-en-granada\/\" \/>\n<meta property=\"og:site_name\" content=\"Sala de prensa Ferrovial | \u00daltimas noticias\" \/>\n<meta property=\"article:publisher\" content=\"https:\/\/www.facebook.com\/ferrovial\" \/>\n<meta property=\"article:modified_time\" content=\"2022-12-21T09:10:30+00:00\" \/>\n<meta property=\"og:image\" content=\"https:\/\/newsroom.ferrovial.com\/wp-content\/uploads\/sites\/4\/2018\/07\/casa-vida-granada.jpg\" \/>\n\t<meta property=\"og:image:width\" content=\"1000\" \/>\n\t<meta property=\"og:image:height\" content=\"667\" \/>\n\t<meta property=\"og:image:type\" content=\"image\/jpeg\" \/>\n<meta name=\"twitter:card\" content=\"summary_large_image\" \/>\n<meta name=\"twitter:site\" content=\"@ferrovial\" \/>\n<script type=\"application\/ld+json\" class=\"yoast-schema-graph\">{\"@context\":\"https:\/\/schema.org\",\"@graph\":[{\"@type\":\"WebPage\",\"@id\":\"https:\/\/newsroom.ferrovial.com\/es\/noticias\/casa-de-la-vida-en-granada\/\",\"url\":\"https:\/\/newsroom.ferrovial.com\/es\/noticias\/casa-de-la-vida-en-granada\/\",\"name\":\"Ferrovial Agroman construye la Casa de la Vida en Granada Sala de prensa Ferrovial | \u00daltimas noticias\",\"isPartOf\":{\"@id\":\"https:\/\/newsroom.ferrovial.com\/es\/#website\"},\"primaryImageOfPage\":{\"@id\":\"https:\/\/newsroom.ferrovial.com\/es\/noticias\/casa-de-la-vida-en-granada\/#primaryimage\"},\"image\":{\"@id\":\"https:\/\/newsroom.ferrovial.com\/es\/noticias\/casa-de-la-vida-en-granada\/#primaryimage\"},\"thumbnailUrl\":\"https:\/\/static.newsroom.ferrovial.com\/wp-content\/uploads\/2018\/07\/15153847\/casa-vida-granada.jpg\",\"datePublished\":\"2015-05-07T00:00:00+00:00\",\"dateModified\":\"2022-12-21T09:10:30+00:00\",\"description\":\"Sala de prensa Ferrovial | \u00daltimas noticias\",\"breadcrumb\":{\"@id\":\"https:\/\/newsroom.ferrovial.com\/es\/noticias\/casa-de-la-vida-en-granada\/#breadcrumb\"},\"inLanguage\":\"es\",\"potentialAction\":[{\"@type\":\"ReadAction\",\"target\":[\"https:\/\/newsroom.ferrovial.com\/es\/noticias\/casa-de-la-vida-en-granada\/\"]}]},{\"@type\":\"ImageObject\",\"inLanguage\":\"es\",\"@id\":\"https:\/\/newsroom.ferrovial.com\/es\/noticias\/casa-de-la-vida-en-granada\/#primaryimage\",\"url\":\"https:\/\/static.newsroom.ferrovial.com\/wp-content\/uploads\/2018\/07\/15153847\/casa-vida-granada.jpg\",\"contentUrl\":\"https:\/\/static.newsroom.ferrovial.com\/wp-content\/uploads\/2018\/07\/15153847\/casa-vida-granada.jpg\",\"width\":1000,\"height\":667,\"caption\":\"Casa Vida Granada\"},{\"@type\":\"BreadcrumbList\",\"@id\":\"https:\/\/newsroom.ferrovial.com\/es\/noticias\/casa-de-la-vida-en-granada\/#breadcrumb\",\"itemListElement\":[{\"@type\":\"ListItem\",\"position\":1,\"name\":\"Portada\",\"item\":\"https:\/\/newsroom.ferrovial.com\/es\/\"},{\"@type\":\"ListItem\",\"position\":2,\"name\":\"Ferrovial Agroman construye la Casa de la Vida en Granada\"}]},{\"@type\":\"WebSite\",\"@id\":\"https:\/\/newsroom.ferrovial.com\/es\/#website\",\"url\":\"https:\/\/newsroom.ferrovial.com\/es\/\",\"name\":\"Sala de prensa Ferrovial | \u00daltimas noticias\",\"description\":\"Sala de prensa Ferrovial | \u00daltimas noticias\",\"publisher\":{\"@id\":\"https:\/\/newsroom.ferrovial.com\/es\/#organization\"},\"potentialAction\":[{\"@type\":\"SearchAction\",\"target\":{\"@type\":\"EntryPoint\",\"urlTemplate\":\"https:\/\/newsroom.ferrovial.com\/es\/?s={search_term_string}\"},\"query-input\":{\"@type\":\"PropertyValueSpecification\",\"valueRequired\":true,\"valueName\":\"search_term_string\"}}],\"inLanguage\":\"es\"},{\"@type\":\"Organization\",\"@id\":\"https:\/\/newsroom.ferrovial.com\/es\/#organization\",\"name\":\"Ferrovial S.A.\",\"url\":\"https:\/\/newsroom.ferrovial.com\/es\/\",\"logo\":{\"@type\":\"ImageObject\",\"inLanguage\":\"es\",\"@id\":\"https:\/\/newsroom.ferrovial.com\/es\/#\/schema\/logo\/image\/\",\"url\":\"https:\/\/static.newsroom.ferrovial.com\/wp-content\/uploads\/2018\/07\/15145720\/Ferrovial_Logotipo1.jpg\",\"contentUrl\":\"https:\/\/static.newsroom.ferrovial.com\/wp-content\/uploads\/2018\/07\/15145720\/Ferrovial_Logotipo1.jpg\",\"width\":600,\"height\":300,\"caption\":\"Ferrovial S.A.\"},\"image\":{\"@id\":\"https:\/\/newsroom.ferrovial.com\/es\/#\/schema\/logo\/image\/\"},\"sameAs\":[\"https:\/\/www.facebook.com\/ferrovial\",\"https:\/\/x.com\/ferrovial\",\"https:\/\/www.instagram.com\/ferrovial\/\",\"https:\/\/www.linkedin.com\/company\/ferrovial\",\"https:\/\/www.pinterest.es\/ferrovial\/\",\"https:\/\/www.youtube.com\/ferrovial\",\"https:\/\/en.wikipedia.org\/wiki\/Ferrovial\"]}]}<\/script>","yoast_head_json":{"title":"Ferrovial Agroman construye la Casa de la Vida en Granada Sala de prensa Ferrovial | \u00daltimas noticias","description":"Sala de prensa Ferrovial | \u00daltimas noticias","robots":{"index":"index","follow":"follow","max-snippet":"max-snippet:-1","max-image-preview":"max-image-preview:large","max-video-preview":"max-video-preview:-1"},"canonical":"https:\/\/newsroom.ferrovial.com\/es\/noticias\/casa-de-la-vida-en-granada\/","og_locale":"es_ES","og_type":"article","og_title":"Ferrovial Agroman construye la Casa de la Vida en Granada Sala de prensa Ferrovial | \u00daltimas noticias","og_description":"Sala de prensa Ferrovial | \u00daltimas noticias","og_url":"https:\/\/newsroom.ferrovial.com\/es\/noticias\/casa-de-la-vida-en-granada\/","og_site_name":"Sala de prensa Ferrovial | \u00daltimas noticias","article_publisher":"https:\/\/www.facebook.com\/ferrovial","article_modified_time":"2022-12-21T09:10:30+00:00","og_image":[{"width":1000,"height":667,"url":"https:\/\/newsroom.ferrovial.com\/wp-content\/uploads\/sites\/4\/2018\/07\/casa-vida-granada.jpg","type":"image\/jpeg"}],"twitter_card":"summary_large_image","twitter_site":"@ferrovial","schema":{"@context":"https:\/\/schema.org","@graph":[{"@type":"WebPage","@id":"https:\/\/newsroom.ferrovial.com\/es\/noticias\/casa-de-la-vida-en-granada\/","url":"https:\/\/newsroom.ferrovial.com\/es\/noticias\/casa-de-la-vida-en-granada\/","name":"Ferrovial Agroman construye la Casa de la Vida en Granada Sala de prensa Ferrovial | \u00daltimas noticias","isPartOf":{"@id":"https:\/\/newsroom.ferrovial.com\/es\/#website"},"primaryImageOfPage":{"@id":"https:\/\/newsroom.ferrovial.com\/es\/noticias\/casa-de-la-vida-en-granada\/#primaryimage"},"image":{"@id":"https:\/\/newsroom.ferrovial.com\/es\/noticias\/casa-de-la-vida-en-granada\/#primaryimage"},"thumbnailUrl":"https:\/\/static.newsroom.ferrovial.com\/wp-content\/uploads\/2018\/07\/15153847\/casa-vida-granada.jpg","datePublished":"2015-05-07T00:00:00+00:00","dateModified":"2022-12-21T09:10:30+00:00","description":"Sala de prensa Ferrovial | \u00daltimas noticias","breadcrumb":{"@id":"https:\/\/newsroom.ferrovial.com\/es\/noticias\/casa-de-la-vida-en-granada\/#breadcrumb"},"inLanguage":"es","potentialAction":[{"@type":"ReadAction","target":["https:\/\/newsroom.ferrovial.com\/es\/noticias\/casa-de-la-vida-en-granada\/"]}]},{"@type":"ImageObject","inLanguage":"es","@id":"https:\/\/newsroom.ferrovial.com\/es\/noticias\/casa-de-la-vida-en-granada\/#primaryimage","url":"https:\/\/static.newsroom.ferrovial.com\/wp-content\/uploads\/2018\/07\/15153847\/casa-vida-granada.jpg","contentUrl":"https:\/\/static.newsroom.ferrovial.com\/wp-content\/uploads\/2018\/07\/15153847\/casa-vida-granada.jpg","width":1000,"height":667,"caption":"Casa Vida Granada"},{"@type":"BreadcrumbList","@id":"https:\/\/newsroom.ferrovial.com\/es\/noticias\/casa-de-la-vida-en-granada\/#breadcrumb","itemListElement":[{"@type":"ListItem","position":1,"name":"Portada","item":"https:\/\/newsroom.ferrovial.com\/es\/"},{"@type":"ListItem","position":2,"name":"Ferrovial Agroman construye la Casa de la Vida en Granada"}]},{"@type":"WebSite","@id":"https:\/\/newsroom.ferrovial.com\/es\/#website","url":"https:\/\/newsroom.ferrovial.com\/es\/","name":"Sala de prensa Ferrovial | \u00daltimas noticias","description":"Sala de prensa Ferrovial | \u00daltimas noticias","publisher":{"@id":"https:\/\/newsroom.ferrovial.com\/es\/#organization"},"potentialAction":[{"@type":"SearchAction","target":{"@type":"EntryPoint","urlTemplate":"https:\/\/newsroom.ferrovial.com\/es\/?s={search_term_string}"},"query-input":{"@type":"PropertyValueSpecification","valueRequired":true,"valueName":"search_term_string"}}],"inLanguage":"es"},{"@type":"Organization","@id":"https:\/\/newsroom.ferrovial.com\/es\/#organization","name":"Ferrovial S.A.","url":"https:\/\/newsroom.ferrovial.com\/es\/","logo":{"@type":"ImageObject","inLanguage":"es","@id":"https:\/\/newsroom.ferrovial.com\/es\/#\/schema\/logo\/image\/","url":"https:\/\/static.newsroom.ferrovial.com\/wp-content\/uploads\/2018\/07\/15145720\/Ferrovial_Logotipo1.jpg","contentUrl":"https:\/\/static.newsroom.ferrovial.com\/wp-content\/uploads\/2018\/07\/15145720\/Ferrovial_Logotipo1.jpg","width":600,"height":300,"caption":"Ferrovial S.A."},"image":{"@id":"https:\/\/newsroom.ferrovial.com\/es\/#\/schema\/logo\/image\/"},"sameAs":["https:\/\/www.facebook.com\/ferrovial","https:\/\/x.com\/ferrovial","https:\/\/www.instagram.com\/ferrovial\/","https:\/\/www.linkedin.com\/company\/ferrovial","https:\/\/www.pinterest.es\/ferrovial\/","https:\/\/www.youtube.com\/ferrovial","https:\/\/en.wikipedia.org\/wiki\/Ferrovial"]}]}},"_links":{"self":[{"href":"https:\/\/newsroom.ferrovial.com\/es\/wp-json\/wp\/v2\/new\/3410","targetHints":{"allow":["GET"]}}],"collection":[{"href":"https:\/\/newsroom.ferrovial.com\/es\/wp-json\/wp\/v2\/new"}],"about":[{"href":"https:\/\/newsroom.ferrovial.com\/es\/wp-json\/wp\/v2\/types\/new"}],"replies":[{"embeddable":true,"href":"https:\/\/newsroom.ferrovial.com\/es\/wp-json\/wp\/v2\/comments?post=3410"}],"version-history":[{"count":1,"href":"https:\/\/newsroom.ferrovial.com\/es\/wp-json\/wp\/v2\/new\/3410\/revisions"}],"predecessor-version":[{"id":97342,"href":"https:\/\/newsroom.ferrovial.com\/es\/wp-json\/wp\/v2\/new\/3410\/revisions\/97342"}],"wp:featuredmedia":[{"embeddable":true,"href":"https:\/\/newsroom.ferrovial.com\/es\/wp-json\/wp\/v2\/media\/3411"}],"wp:attachment":[{"href":"https:\/\/newsroom.ferrovial.com\/es\/wp-json\/wp\/v2\/media?parent=3410"}],"wp:term":[{"taxonomy":"nivel-2","embeddable":true,"href":"https:\/\/newsroom.ferrovial.com\/es\/wp-json\/wp\/v2\/nivel-2?post=3410"},{"taxonomy":"nivel-5","embeddable":true,"href":"https:\/\/newsroom.ferrovial.com\/es\/wp-json\/wp\/v2\/nivel-5?post=3410"},{"taxonomy":"nivel-1","embeddable":true,"href":"https:\/\/newsroom.ferrovial.com\/es\/wp-json\/wp\/v2\/nivel-1?post=3410"},{"taxonomy":"nivel-3","embeddable":true,"href":"https:\/\/newsroom.ferrovial.com\/es\/wp-json\/wp\/v2\/nivel-3?post=3410"},{"taxonomy":"nivel-4","embeddable":true,"href":"https:\/\/newsroom.ferrovial.com\/es\/wp-json\/wp\/v2\/nivel-4?post=3410"}],"curies":[{"name":"wp","href":"https:\/\/api.w.org\/{rel}","templated":true}]}}