{"id":3470,"date":"2015-07-06T00:00:00","date_gmt":"2015-07-06T00:00:00","guid":{"rendered":"https:\/\/newsroom.ferrovial.com\/news\/conferencia-del-proyecto-de-innovacion-de-eficiencia-energetica-teds4bee\/"},"modified":"2022-12-21T10:09:41","modified_gmt":"2022-12-21T09:09:41","slug":"conferencia-del-proyecto-de-innovacion-de-eficiencia-energetica-teds4bee","status":"publish","type":"new","link":"https:\/\/newsroom.ferrovial.com\/es\/noticias\/conferencia-del-proyecto-de-innovacion-de-eficiencia-energetica-teds4bee\/","title":{"rendered":"Conferencia del proyecto de innovaci\u00f3n de eficiencia energ\u00e9tica TEDS4BEE"},"content":{"rendered":"    <section class=\"wysiwyg text-editor \" id=\"\">\n        <div class=\"container container--narrow container--p-10\">\n            <p>El pr\u00f3ximo jueves 9 de julio se celebra en el Instituto de Ciencias de la Construcci\u00f3n Eduardo Torroja de Madrid la <strong>conferencia final del proyecto de innovaci\u00f3n en eficiencia energ\u00e9tica <\/strong><a title=\"Web Teds 4 Bee\" href=\"http:\/\/www.teds4bee.eu\/\" target=\"_blank\" rel=\"nofollow\">TEDS4BEE<\/a><strong>: <em>Test of Digital Services for Buildings Energy Efficiency<\/em>.<\/strong><\/p>\n<p><img loading=\"lazy\" decoding=\"async\" class=\"alignleft wp-image-149750\" title=\"noticia-ferrovial-logo-teds-4-bee_madrid\" src=\"https:\/\/www.ferrovial.com\/wp-content\/uploads\/2015\/07\/noticia-ferrovial-logo-teds-4-bee_madrid.png\" alt=\"noticia-ferrovial-logo-teds-4-bee_madrid\" width=\"196\" height=\"184\" \/>El consorcio del proyecto TEDS4BEE, liderado por Ferrovial Servicios y financiado por la Comisi\u00f3n Europea, ha desplegado el software de gesti\u00f3n EMMOS (<em>Energy Management and Monitoring Operational System<\/em>) en 16 edificios p\u00fablicos de 5 pa\u00edses: Polonia, Reino Unido, Espa\u00f1a, Italia y Serbia. El servicio digital EMMOS comprende el seguimiento y previsi\u00f3n del consumo de energ\u00eda, proporcionando adem\u00e1s modelos de costes para los edificios en donde se implementa. El Centro de Innovaci\u00f3n de Infraestructuras Inteligentes (CI3) participa como coordinador t\u00e9cnico del proyecto.<\/p>\n<p>Pese a la inversi\u00f3n cero en la renovaci\u00f3n de las instalaciones, durante la vida del proyecto se ha conseguido ahorrar una media del 30% en los edificios piloto. Esta investigaci\u00f3n demuestra claramente que existe un gran potencial para que la Administraci\u00f3n p\u00fablica pueda reducir los costes y las emisiones de efecto invernadero.<\/p>\n<p>La jornada &#8211; que abordar\u00e1 los resultados obtenidos durante desarrollo del proyecto y los principales retos en eficiencia energ\u00e9tica-, contar\u00e1 con la participaci\u00f3n de distintos expertos del sector como Javier Garc\u00eda Breva, Ex \u2013 Director General de IDAE (Instituto para la Diversificaci\u00f3n y Ahorro de la Energ\u00eda, Ministerio de Industria), y actual asesor en pol\u00edticas energ\u00e9ticas y presidente de N2E; Velimir Congradac, miembro del proyecto \u2013 ION Solutions; as\u00ed como la directora editorial y desarrollo de Grupo Tecma, In\u00e9s Leal. Por parte de Ferrovial Servicios participar\u00e1 Salvador Urqu\u00eda, Director de Desarrollo de Negocio de Infraestructuras, as\u00ed como Lorenzo Pascual, como Coordinador del proyecto TEDS4BEE.<\/p>\n<p><strong><br \/>\nSi quieres asistir a la conferencia formaliza tu <\/strong><a title=\"Ap\u00fantate al evento Teds 4 Bee\" href=\"http:\/\/www.eventbrite.es\/e\/registro-proyecto-teds4bee-conferencia-final-teds4bee-project-final-conference-16862969596?aff=madridnetwork\" target=\"_blank\" rel=\"nofollow\"><strong>inscripci\u00f3n<\/strong><\/a><strong>.<\/strong><strong> Aforo limitado.<\/strong><\/p>\n        <\/div>\n    <\/section>\n","protected":false},"excerpt":{"rendered":"","protected":false},"featured_media":3471,"menu_order":0,"comment_status":"closed","ping_status":"closed","template":"","nivel-2":[2209,2215,2216,2200,2234,2091],"nivel-5":[],"nivel-1":[],"nivel-3":[],"nivel-4":[],"class_list":["post-3470","new","type-new","status-publish","has-post-thumbnail","hentry","nivel-2-edificacion","nivel-2-eficiencia-energetica","nivel-2-energia","nivel-2-innovacion","nivel-2-instalaciones","nivel-2-proyectos"],"acf":[],"yoast_head":"<title>Conferencia del proyecto de innovaci\u00f3n de eficiencia energ\u00e9tica TEDS4BEE Sala de prensa Ferrovial | \u00daltimas noticias<\/title>\n<meta name=\"description\" content=\"Sala de prensa Ferrovial | \u00daltimas noticias\" \/>\n<meta name=\"robots\" content=\"index, follow, max-snippet:-1, max-image-preview:large, max-video-preview:-1\" \/>\n<link rel=\"canonical\" href=\"https:\/\/newsroom.ferrovial.com\/es\/noticias\/conferencia-del-proyecto-de-innovacion-de-eficiencia-energetica-teds4bee\/\" \/>\n<meta property=\"og:locale\" content=\"es_ES\" \/>\n<meta property=\"og:type\" content=\"article\" \/>\n<meta property=\"og:title\" content=\"Conferencia del proyecto de innovaci\u00f3n de eficiencia energ\u00e9tica TEDS4BEE Sala de prensa Ferrovial | \u00daltimas noticias\" \/>\n<meta property=\"og:description\" content=\"Sala de prensa Ferrovial | \u00daltimas noticias\" \/>\n<meta property=\"og:url\" content=\"https:\/\/newsroom.ferrovial.com\/es\/noticias\/conferencia-del-proyecto-de-innovacion-de-eficiencia-energetica-teds4bee\/\" \/>\n<meta property=\"og:site_name\" content=\"Sala de prensa Ferrovial | \u00daltimas noticias\" \/>\n<meta property=\"article:publisher\" content=\"https:\/\/www.facebook.com\/ferrovial\" \/>\n<meta property=\"article:modified_time\" content=\"2022-12-21T09:09:41+00:00\" \/>\n<meta property=\"og:image\" content=\"https:\/\/newsroom.ferrovial.com\/wp-content\/uploads\/sites\/4\/2018\/07\/noticia-ferrovial-mapa-evento-teds-4-bee-madrid-network-2-e1436183492804.png\" \/>\n\t<meta property=\"og:image:width\" content=\"796\" \/>\n\t<meta property=\"og:image:height\" content=\"354\" \/>\n\t<meta property=\"og:image:type\" content=\"image\/png\" \/>\n<meta name=\"twitter:card\" content=\"summary_large_image\" \/>\n<meta name=\"twitter:site\" content=\"@ferrovial\" \/>\n<script type=\"application\/ld+json\" class=\"yoast-schema-graph\">{\"@context\":\"https:\/\/schema.org\",\"@graph\":[{\"@type\":\"WebPage\",\"@id\":\"https:\/\/newsroom.ferrovial.com\/es\/noticias\/conferencia-del-proyecto-de-innovacion-de-eficiencia-energetica-teds4bee\/\",\"url\":\"https:\/\/newsroom.ferrovial.com\/es\/noticias\/conferencia-del-proyecto-de-innovacion-de-eficiencia-energetica-teds4bee\/\",\"name\":\"Conferencia del proyecto de innovaci\u00f3n de eficiencia energ\u00e9tica TEDS4BEE Sala de prensa Ferrovial | \u00daltimas noticias\",\"isPartOf\":{\"@id\":\"https:\/\/newsroom.ferrovial.com\/es\/#website\"},\"primaryImageOfPage\":{\"@id\":\"https:\/\/newsroom.ferrovial.com\/es\/noticias\/conferencia-del-proyecto-de-innovacion-de-eficiencia-energetica-teds4bee\/#primaryimage\"},\"image\":{\"@id\":\"https:\/\/newsroom.ferrovial.com\/es\/noticias\/conferencia-del-proyecto-de-innovacion-de-eficiencia-energetica-teds4bee\/#primaryimage\"},\"thumbnailUrl\":\"https:\/\/static.newsroom.ferrovial.com\/wp-content\/uploads\/2018\/07\/15153811\/noticia-ferrovial-mapa-evento-teds-4-bee-madrid-network-2-e1436183492804.png\",\"datePublished\":\"2015-07-06T00:00:00+00:00\",\"dateModified\":\"2022-12-21T09:09:41+00:00\",\"description\":\"Sala de prensa Ferrovial | \u00daltimas noticias\",\"breadcrumb\":{\"@id\":\"https:\/\/newsroom.ferrovial.com\/es\/noticias\/conferencia-del-proyecto-de-innovacion-de-eficiencia-energetica-teds4bee\/#breadcrumb\"},\"inLanguage\":\"es\",\"potentialAction\":[{\"@type\":\"ReadAction\",\"target\":[\"https:\/\/newsroom.ferrovial.com\/es\/noticias\/conferencia-del-proyecto-de-innovacion-de-eficiencia-energetica-teds4bee\/\"]}]},{\"@type\":\"ImageObject\",\"inLanguage\":\"es\",\"@id\":\"https:\/\/newsroom.ferrovial.com\/es\/noticias\/conferencia-del-proyecto-de-innovacion-de-eficiencia-energetica-teds4bee\/#primaryimage\",\"url\":\"https:\/\/static.newsroom.ferrovial.com\/wp-content\/uploads\/2018\/07\/15153811\/noticia-ferrovial-mapa-evento-teds-4-bee-madrid-network-2-e1436183492804.png\",\"contentUrl\":\"https:\/\/static.newsroom.ferrovial.com\/wp-content\/uploads\/2018\/07\/15153811\/noticia-ferrovial-mapa-evento-teds-4-bee-madrid-network-2-e1436183492804.png\",\"width\":796,\"height\":354,\"caption\":\"Mapa evento teds 4 bee madrid network\"},{\"@type\":\"BreadcrumbList\",\"@id\":\"https:\/\/newsroom.ferrovial.com\/es\/noticias\/conferencia-del-proyecto-de-innovacion-de-eficiencia-energetica-teds4bee\/#breadcrumb\",\"itemListElement\":[{\"@type\":\"ListItem\",\"position\":1,\"name\":\"Portada\",\"item\":\"https:\/\/newsroom.ferrovial.com\/es\/\"},{\"@type\":\"ListItem\",\"position\":2,\"name\":\"Conferencia del proyecto de innovaci\u00f3n de eficiencia energ\u00e9tica TEDS4BEE\"}]},{\"@type\":\"WebSite\",\"@id\":\"https:\/\/newsroom.ferrovial.com\/es\/#website\",\"url\":\"https:\/\/newsroom.ferrovial.com\/es\/\",\"name\":\"Sala de prensa Ferrovial | \u00daltimas noticias\",\"description\":\"Sala de prensa Ferrovial | \u00daltimas noticias\",\"publisher\":{\"@id\":\"https:\/\/newsroom.ferrovial.com\/es\/#organization\"},\"potentialAction\":[{\"@type\":\"SearchAction\",\"target\":{\"@type\":\"EntryPoint\",\"urlTemplate\":\"https:\/\/newsroom.ferrovial.com\/es\/?s={search_term_string}\"},\"query-input\":{\"@type\":\"PropertyValueSpecification\",\"valueRequired\":true,\"valueName\":\"search_term_string\"}}],\"inLanguage\":\"es\"},{\"@type\":\"Organization\",\"@id\":\"https:\/\/newsroom.ferrovial.com\/es\/#organization\",\"name\":\"Ferrovial S.A.\",\"url\":\"https:\/\/newsroom.ferrovial.com\/es\/\",\"logo\":{\"@type\":\"ImageObject\",\"inLanguage\":\"es\",\"@id\":\"https:\/\/newsroom.ferrovial.com\/es\/#\/schema\/logo\/image\/\",\"url\":\"https:\/\/static.newsroom.ferrovial.com\/wp-content\/uploads\/2018\/07\/15145720\/Ferrovial_Logotipo1.jpg\",\"contentUrl\":\"https:\/\/static.newsroom.ferrovial.com\/wp-content\/uploads\/2018\/07\/15145720\/Ferrovial_Logotipo1.jpg\",\"width\":600,\"height\":300,\"caption\":\"Ferrovial S.A.\"},\"image\":{\"@id\":\"https:\/\/newsroom.ferrovial.com\/es\/#\/schema\/logo\/image\/\"},\"sameAs\":[\"https:\/\/www.facebook.com\/ferrovial\",\"https:\/\/x.com\/ferrovial\",\"https:\/\/www.instagram.com\/ferrovial\/\",\"https:\/\/www.linkedin.com\/company\/ferrovial\",\"https:\/\/www.pinterest.es\/ferrovial\/\",\"https:\/\/www.youtube.com\/ferrovial\",\"https:\/\/en.wikipedia.org\/wiki\/Ferrovial\"]}]}<\/script>","yoast_head_json":{"title":"Conferencia del proyecto de innovaci\u00f3n de eficiencia energ\u00e9tica TEDS4BEE Sala de prensa Ferrovial | \u00daltimas noticias","description":"Sala de prensa Ferrovial | \u00daltimas noticias","robots":{"index":"index","follow":"follow","max-snippet":"max-snippet:-1","max-image-preview":"max-image-preview:large","max-video-preview":"max-video-preview:-1"},"canonical":"https:\/\/newsroom.ferrovial.com\/es\/noticias\/conferencia-del-proyecto-de-innovacion-de-eficiencia-energetica-teds4bee\/","og_locale":"es_ES","og_type":"article","og_title":"Conferencia del proyecto de innovaci\u00f3n de eficiencia energ\u00e9tica TEDS4BEE Sala de prensa Ferrovial | \u00daltimas noticias","og_description":"Sala de prensa Ferrovial | \u00daltimas noticias","og_url":"https:\/\/newsroom.ferrovial.com\/es\/noticias\/conferencia-del-proyecto-de-innovacion-de-eficiencia-energetica-teds4bee\/","og_site_name":"Sala de prensa Ferrovial | \u00daltimas noticias","article_publisher":"https:\/\/www.facebook.com\/ferrovial","article_modified_time":"2022-12-21T09:09:41+00:00","og_image":[{"width":796,"height":354,"url":"https:\/\/newsroom.ferrovial.com\/wp-content\/uploads\/sites\/4\/2018\/07\/noticia-ferrovial-mapa-evento-teds-4-bee-madrid-network-2-e1436183492804.png","type":"image\/png"}],"twitter_card":"summary_large_image","twitter_site":"@ferrovial","schema":{"@context":"https:\/\/schema.org","@graph":[{"@type":"WebPage","@id":"https:\/\/newsroom.ferrovial.com\/es\/noticias\/conferencia-del-proyecto-de-innovacion-de-eficiencia-energetica-teds4bee\/","url":"https:\/\/newsroom.ferrovial.com\/es\/noticias\/conferencia-del-proyecto-de-innovacion-de-eficiencia-energetica-teds4bee\/","name":"Conferencia del proyecto de innovaci\u00f3n de eficiencia energ\u00e9tica TEDS4BEE Sala de prensa Ferrovial | \u00daltimas noticias","isPartOf":{"@id":"https:\/\/newsroom.ferrovial.com\/es\/#website"},"primaryImageOfPage":{"@id":"https:\/\/newsroom.ferrovial.com\/es\/noticias\/conferencia-del-proyecto-de-innovacion-de-eficiencia-energetica-teds4bee\/#primaryimage"},"image":{"@id":"https:\/\/newsroom.ferrovial.com\/es\/noticias\/conferencia-del-proyecto-de-innovacion-de-eficiencia-energetica-teds4bee\/#primaryimage"},"thumbnailUrl":"https:\/\/static.newsroom.ferrovial.com\/wp-content\/uploads\/2018\/07\/15153811\/noticia-ferrovial-mapa-evento-teds-4-bee-madrid-network-2-e1436183492804.png","datePublished":"2015-07-06T00:00:00+00:00","dateModified":"2022-12-21T09:09:41+00:00","description":"Sala de prensa Ferrovial | \u00daltimas noticias","breadcrumb":{"@id":"https:\/\/newsroom.ferrovial.com\/es\/noticias\/conferencia-del-proyecto-de-innovacion-de-eficiencia-energetica-teds4bee\/#breadcrumb"},"inLanguage":"es","potentialAction":[{"@type":"ReadAction","target":["https:\/\/newsroom.ferrovial.com\/es\/noticias\/conferencia-del-proyecto-de-innovacion-de-eficiencia-energetica-teds4bee\/"]}]},{"@type":"ImageObject","inLanguage":"es","@id":"https:\/\/newsroom.ferrovial.com\/es\/noticias\/conferencia-del-proyecto-de-innovacion-de-eficiencia-energetica-teds4bee\/#primaryimage","url":"https:\/\/static.newsroom.ferrovial.com\/wp-content\/uploads\/2018\/07\/15153811\/noticia-ferrovial-mapa-evento-teds-4-bee-madrid-network-2-e1436183492804.png","contentUrl":"https:\/\/static.newsroom.ferrovial.com\/wp-content\/uploads\/2018\/07\/15153811\/noticia-ferrovial-mapa-evento-teds-4-bee-madrid-network-2-e1436183492804.png","width":796,"height":354,"caption":"Mapa evento teds 4 bee madrid network"},{"@type":"BreadcrumbList","@id":"https:\/\/newsroom.ferrovial.com\/es\/noticias\/conferencia-del-proyecto-de-innovacion-de-eficiencia-energetica-teds4bee\/#breadcrumb","itemListElement":[{"@type":"ListItem","position":1,"name":"Portada","item":"https:\/\/newsroom.ferrovial.com\/es\/"},{"@type":"ListItem","position":2,"name":"Conferencia del proyecto de innovaci\u00f3n de eficiencia energ\u00e9tica TEDS4BEE"}]},{"@type":"WebSite","@id":"https:\/\/newsroom.ferrovial.com\/es\/#website","url":"https:\/\/newsroom.ferrovial.com\/es\/","name":"Sala de prensa Ferrovial | \u00daltimas noticias","description":"Sala de prensa Ferrovial | \u00daltimas noticias","publisher":{"@id":"https:\/\/newsroom.ferrovial.com\/es\/#organization"},"potentialAction":[{"@type":"SearchAction","target":{"@type":"EntryPoint","urlTemplate":"https:\/\/newsroom.ferrovial.com\/es\/?s={search_term_string}"},"query-input":{"@type":"PropertyValueSpecification","valueRequired":true,"valueName":"search_term_string"}}],"inLanguage":"es"},{"@type":"Organization","@id":"https:\/\/newsroom.ferrovial.com\/es\/#organization","name":"Ferrovial S.A.","url":"https:\/\/newsroom.ferrovial.com\/es\/","logo":{"@type":"ImageObject","inLanguage":"es","@id":"https:\/\/newsroom.ferrovial.com\/es\/#\/schema\/logo\/image\/","url":"https:\/\/static.newsroom.ferrovial.com\/wp-content\/uploads\/2018\/07\/15145720\/Ferrovial_Logotipo1.jpg","contentUrl":"https:\/\/static.newsroom.ferrovial.com\/wp-content\/uploads\/2018\/07\/15145720\/Ferrovial_Logotipo1.jpg","width":600,"height":300,"caption":"Ferrovial S.A."},"image":{"@id":"https:\/\/newsroom.ferrovial.com\/es\/#\/schema\/logo\/image\/"},"sameAs":["https:\/\/www.facebook.com\/ferrovial","https:\/\/x.com\/ferrovial","https:\/\/www.instagram.com\/ferrovial\/","https:\/\/www.linkedin.com\/company\/ferrovial","https:\/\/www.pinterest.es\/ferrovial\/","https:\/\/www.youtube.com\/ferrovial","https:\/\/en.wikipedia.org\/wiki\/Ferrovial"]}]}},"_links":{"self":[{"href":"https:\/\/newsroom.ferrovial.com\/es\/wp-json\/wp\/v2\/new\/3470","targetHints":{"allow":["GET"]}}],"collection":[{"href":"https:\/\/newsroom.ferrovial.com\/es\/wp-json\/wp\/v2\/new"}],"about":[{"href":"https:\/\/newsroom.ferrovial.com\/es\/wp-json\/wp\/v2\/types\/new"}],"replies":[{"embeddable":true,"href":"https:\/\/newsroom.ferrovial.com\/es\/wp-json\/wp\/v2\/comments?post=3470"}],"version-history":[{"count":1,"href":"https:\/\/newsroom.ferrovial.com\/es\/wp-json\/wp\/v2\/new\/3470\/revisions"}],"predecessor-version":[{"id":97914,"href":"https:\/\/newsroom.ferrovial.com\/es\/wp-json\/wp\/v2\/new\/3470\/revisions\/97914"}],"wp:featuredmedia":[{"embeddable":true,"href":"https:\/\/newsroom.ferrovial.com\/es\/wp-json\/wp\/v2\/media\/3471"}],"wp:attachment":[{"href":"https:\/\/newsroom.ferrovial.com\/es\/wp-json\/wp\/v2\/media?parent=3470"}],"wp:term":[{"taxonomy":"nivel-2","embeddable":true,"href":"https:\/\/newsroom.ferrovial.com\/es\/wp-json\/wp\/v2\/nivel-2?post=3470"},{"taxonomy":"nivel-5","embeddable":true,"href":"https:\/\/newsroom.ferrovial.com\/es\/wp-json\/wp\/v2\/nivel-5?post=3470"},{"taxonomy":"nivel-1","embeddable":true,"href":"https:\/\/newsroom.ferrovial.com\/es\/wp-json\/wp\/v2\/nivel-1?post=3470"},{"taxonomy":"nivel-3","embeddable":true,"href":"https:\/\/newsroom.ferrovial.com\/es\/wp-json\/wp\/v2\/nivel-3?post=3470"},{"taxonomy":"nivel-4","embeddable":true,"href":"https:\/\/newsroom.ferrovial.com\/es\/wp-json\/wp\/v2\/nivel-4?post=3470"}],"curies":[{"name":"wp","href":"https:\/\/api.w.org\/{rel}","templated":true}]}}