{"id":3552,"date":"2015-09-23T00:00:00","date_gmt":"2015-09-23T00:00:00","guid":{"rendered":"https:\/\/newsroom.ferrovial.com\/news\/inauguracion-del-nuevo-modulo-este-del-aeropuerto-de-glasgow\/"},"modified":"2022-12-21T10:08:17","modified_gmt":"2022-12-21T09:08:17","slug":"inauguracion-del-nuevo-modulo-este-del-aeropuerto-de-glasgow","status":"publish","type":"new","link":"https:\/\/newsroom.ferrovial.com\/es\/noticias\/inauguracion-del-nuevo-modulo-este-del-aeropuerto-de-glasgow\/","title":{"rendered":"Inauguraci\u00f3n del nuevo m\u00f3dulo Este del aeropuerto de Glasgow"},"content":{"rendered":"    <section class=\"wysiwyg text-editor \" id=\"\">\n        <div class=\"container container--narrow container--p-10\">\n            <p>El <a title=\"Aeropuerto de Glasgow\" href=\"http:\/\/www.glasgowairport.com\/\" target=\"_blank\" rel=\"nofollow\"> aeropuerto de Glasglow<\/a> ha inaugurado oficialmente la ampliaci\u00f3n de su m\u00f3dulo Este con la visita institucional de Derek Mackay, ministro de Transportes de Escocia. El proyecto, que ha supuesto una inversi\u00f3n total de m\u00e1s de 4,5 millones de euros y que ha concluido al inicio del verano, ha introducido una serie de mejoras en la terminal que permitir\u00e1n dar respuesta al aumento del n\u00famero de rutas (22 nuevas respecto al a\u00f1o pasado) y servicios del aeropuerto, dando cabida a 750.000 pasajeros m\u00e1s cada a\u00f1o.<\/p>\n<p>Esta ampliaci\u00f3n se puso en marcha en noviembre de 2014 y ha supuesto la construcci\u00f3n de dos nuevos pisos de 1.400 metros cuadrados en uno de los m\u00f3dulos del aeropuerto. As\u00ed como la creaci\u00f3n de nuevas zonas de embarque para los pasajeros y una serie de mejoras que permiten operar a aviones mayores para servicios de larga distancia.<\/p>\n<p>Con el m\u00f3dulo Este finalizado, el aeropuerto de Glasgow ha invertido cerca de 35 millones de euros en la mejora de sus instalaciones durante 2014 y 2015. Esto incluye una importante remodelaci\u00f3n de la zona de llegadas internacionales, la modernizaci\u00f3n de la sala principal de check-in, el dise\u00f1o de un nuevo espacio p\u00fablico en la parte frontal de la terminal, y mejoras generales en la red vial del aeropuerto.<\/p>\n<p>Amanda McMillan, Directora General del Aeropuerto de Glasglow ha comentado: \u00abEl a\u00f1o 2015 ha sido un a\u00f1o fant\u00e1stico y el aeropuerto sigue fortaleci\u00e9ndose. No s\u00f3lo hemos lanzado una serie de nuevas e interesantes rutas y servicios, tambi\u00e9n hemos visto un crecimiento sin precedentes en cuanto al n\u00famero de pasajeros y hemos sido reconocidos como uno de los aeropuertos de mayor crecimiento en Europa durante los primeros seis meses de 2015\u201d.<br \/>\n<img loading=\"lazy\" decoding=\"async\" class=\"alignleft size-medium wp-image-151584\" src=\"https:\/\/www.ferrovial.com\/wp-content\/uploads\/2015\/09\/amanda-mcmillan-directora-general-del-aeropuerto-de-glasglow-ferrovial.jpg\" alt=\"Amanda-McMillan-Directora-General-del-Aeropuerto-de-Glasglow-ferrovial\" width=\"270\" height=\"177\" \/>A la inauguraci\u00f3n acudi\u00f3 el ministro de Transportes de Escocia, Derek Mackay, que se reuni\u00f3 con los miembros del equipo del aeropuerto de Glasglow, entre los que se encontraban la Directora General, Amanda McMillan y el Director de Operaciones, Mark Johnston. \u00abEl aeropuerto de Glasgow ha conseguido nuevos servicios de larga distancia y este desarrollo ayudar\u00e1 a seguir cosechando \u00e9xitos. No s\u00f3lo va a ser capaz de dar cabida a aeronaves m\u00e1s grandes, sino que tambi\u00e9n proporcionar\u00e1 mejores instalaciones para los pasajeros. El aeropuerto ha obtenido 22 nuevas rutas en el \u00faltimo a\u00f1o, y no tengo ninguna duda de que la nueva ampliaci\u00f3n ayudar\u00e1 a ganar nuevos servicios en el futuro\u201d, coment\u00f3 el ministro.<\/p>\n<p>En agosto, el aeropuerto de Glasgow se confirm\u00f3 como uno de los aeropuertos con mayor crecimiento de Europa en el primer semestre de 2015 seg\u00fan el Consejo Internacional de Aeropuertos (ACI Europa). Durante el a\u00f1o pasado el aeropuerto ha conseguido 22 nuevas rutas y servicios, incluyendo un nuevo servicio diario a Halifax, Nueva Escocia con la aerol\u00ednea canadiense WestJet, un servicio directo a Las Vegas, y las nuevas conexiones a una serie de ciudades europeas, incluyendo Praga, Dubrovnik, Budapest y Burdeos.<\/p>\n<p>En los pr\u00f3ximos meses, pondr\u00e1n en marcha rutas a Lublin, Vilnius, Canc\u00fan, Barbados y Cuba, as\u00ed como a Mil\u00e1n.<\/p>\n<p>&nbsp;<\/p>\n        <\/div>\n    <\/section>\n","protected":false},"excerpt":{"rendered":"","protected":false},"featured_media":3553,"menu_order":0,"comment_status":"closed","ping_status":"closed","template":"","nivel-2":[2190,2203,2235,2218,2234,2091,2243],"nivel-5":[2248],"nivel-1":[893,2168],"nivel-3":[1264],"nivel-4":[],"class_list":["post-3552","new","type-new","status-publish","has-post-thumbnail","hentry","nivel-2-aereo","nivel-2-aviones","nivel-2-inauguraciones","nivel-2-infraestructura-aeroportuaria","nivel-2-instalaciones","nivel-2-proyectos","nivel-2-transporte-de-viajeros","nivel-5-aeropuerto-de-glasgow","nivel-1-aeropuertos","nivel-1-construccion","nivel-3-reino-unido"],"acf":[],"yoast_head":"<title>Inauguraci\u00f3n del nuevo m\u00f3dulo Este del aeropuerto de Glasgow Sala de prensa Ferrovial | \u00daltimas noticias<\/title>\n<meta name=\"description\" content=\"Sala de prensa Ferrovial | \u00daltimas noticias\" \/>\n<meta name=\"robots\" content=\"index, follow, max-snippet:-1, max-image-preview:large, max-video-preview:-1\" \/>\n<link rel=\"canonical\" href=\"https:\/\/newsroom.ferrovial.com\/es\/noticias\/inauguracion-del-nuevo-modulo-este-del-aeropuerto-de-glasgow\/\" \/>\n<meta property=\"og:locale\" content=\"es_ES\" \/>\n<meta property=\"og:type\" content=\"article\" \/>\n<meta property=\"og:title\" content=\"Inauguraci\u00f3n del nuevo m\u00f3dulo Este del aeropuerto de Glasgow Sala de prensa Ferrovial | \u00daltimas noticias\" \/>\n<meta property=\"og:description\" content=\"Sala de prensa Ferrovial | \u00daltimas noticias\" \/>\n<meta property=\"og:url\" content=\"https:\/\/newsroom.ferrovial.com\/es\/noticias\/inauguracion-del-nuevo-modulo-este-del-aeropuerto-de-glasgow\/\" \/>\n<meta property=\"og:site_name\" content=\"Sala de prensa Ferrovial | \u00daltimas noticias\" \/>\n<meta property=\"article:publisher\" content=\"https:\/\/www.facebook.com\/ferrovial\" \/>\n<meta property=\"article:modified_time\" content=\"2022-12-21T09:08:17+00:00\" \/>\n<meta property=\"og:image\" content=\"https:\/\/newsroom.ferrovial.com\/wp-content\/uploads\/sites\/4\/2018\/07\/air-pic-glasgow-aerial_shot_low.jpg\" \/>\n\t<meta property=\"og:image:width\" content=\"1284\" \/>\n\t<meta property=\"og:image:height\" content=\"856\" \/>\n\t<meta property=\"og:image:type\" content=\"image\/jpeg\" \/>\n<meta name=\"twitter:card\" content=\"summary_large_image\" \/>\n<meta name=\"twitter:site\" content=\"@ferrovial\" \/>\n<script type=\"application\/ld+json\" class=\"yoast-schema-graph\">{\"@context\":\"https:\/\/schema.org\",\"@graph\":[{\"@type\":\"WebPage\",\"@id\":\"https:\/\/newsroom.ferrovial.com\/es\/noticias\/inauguracion-del-nuevo-modulo-este-del-aeropuerto-de-glasgow\/\",\"url\":\"https:\/\/newsroom.ferrovial.com\/es\/noticias\/inauguracion-del-nuevo-modulo-este-del-aeropuerto-de-glasgow\/\",\"name\":\"Inauguraci\u00f3n del nuevo m\u00f3dulo Este del aeropuerto de Glasgow Sala de prensa Ferrovial | \u00daltimas noticias\",\"isPartOf\":{\"@id\":\"https:\/\/newsroom.ferrovial.com\/es\/#website\"},\"primaryImageOfPage\":{\"@id\":\"https:\/\/newsroom.ferrovial.com\/es\/noticias\/inauguracion-del-nuevo-modulo-este-del-aeropuerto-de-glasgow\/#primaryimage\"},\"image\":{\"@id\":\"https:\/\/newsroom.ferrovial.com\/es\/noticias\/inauguracion-del-nuevo-modulo-este-del-aeropuerto-de-glasgow\/#primaryimage\"},\"thumbnailUrl\":\"https:\/\/static.newsroom.ferrovial.com\/wp-content\/uploads\/2018\/07\/15153715\/air-pic-glasgow-aerial_shot_low.jpg\",\"datePublished\":\"2015-09-23T00:00:00+00:00\",\"dateModified\":\"2022-12-21T09:08:17+00:00\",\"description\":\"Sala de prensa Ferrovial | \u00daltimas noticias\",\"breadcrumb\":{\"@id\":\"https:\/\/newsroom.ferrovial.com\/es\/noticias\/inauguracion-del-nuevo-modulo-este-del-aeropuerto-de-glasgow\/#breadcrumb\"},\"inLanguage\":\"es\",\"potentialAction\":[{\"@type\":\"ReadAction\",\"target\":[\"https:\/\/newsroom.ferrovial.com\/es\/noticias\/inauguracion-del-nuevo-modulo-este-del-aeropuerto-de-glasgow\/\"]}]},{\"@type\":\"ImageObject\",\"inLanguage\":\"es\",\"@id\":\"https:\/\/newsroom.ferrovial.com\/es\/noticias\/inauguracion-del-nuevo-modulo-este-del-aeropuerto-de-glasgow\/#primaryimage\",\"url\":\"https:\/\/static.newsroom.ferrovial.com\/wp-content\/uploads\/2018\/07\/15153715\/air-pic-glasgow-aerial_shot_low.jpg\",\"contentUrl\":\"https:\/\/static.newsroom.ferrovial.com\/wp-content\/uploads\/2018\/07\/15153715\/air-pic-glasgow-aerial_shot_low.jpg\",\"width\":1284,\"height\":856,\"caption\":\"Glasgow airport view\"},{\"@type\":\"BreadcrumbList\",\"@id\":\"https:\/\/newsroom.ferrovial.com\/es\/noticias\/inauguracion-del-nuevo-modulo-este-del-aeropuerto-de-glasgow\/#breadcrumb\",\"itemListElement\":[{\"@type\":\"ListItem\",\"position\":1,\"name\":\"Portada\",\"item\":\"https:\/\/newsroom.ferrovial.com\/es\/\"},{\"@type\":\"ListItem\",\"position\":2,\"name\":\"Inauguraci\u00f3n del nuevo m\u00f3dulo Este del aeropuerto de Glasgow\"}]},{\"@type\":\"WebSite\",\"@id\":\"https:\/\/newsroom.ferrovial.com\/es\/#website\",\"url\":\"https:\/\/newsroom.ferrovial.com\/es\/\",\"name\":\"Sala de prensa Ferrovial | \u00daltimas noticias\",\"description\":\"Sala de prensa Ferrovial | \u00daltimas noticias\",\"publisher\":{\"@id\":\"https:\/\/newsroom.ferrovial.com\/es\/#organization\"},\"potentialAction\":[{\"@type\":\"SearchAction\",\"target\":{\"@type\":\"EntryPoint\",\"urlTemplate\":\"https:\/\/newsroom.ferrovial.com\/es\/?s={search_term_string}\"},\"query-input\":{\"@type\":\"PropertyValueSpecification\",\"valueRequired\":true,\"valueName\":\"search_term_string\"}}],\"inLanguage\":\"es\"},{\"@type\":\"Organization\",\"@id\":\"https:\/\/newsroom.ferrovial.com\/es\/#organization\",\"name\":\"Ferrovial S.A.\",\"url\":\"https:\/\/newsroom.ferrovial.com\/es\/\",\"logo\":{\"@type\":\"ImageObject\",\"inLanguage\":\"es\",\"@id\":\"https:\/\/newsroom.ferrovial.com\/es\/#\/schema\/logo\/image\/\",\"url\":\"https:\/\/static.newsroom.ferrovial.com\/wp-content\/uploads\/2018\/07\/15145720\/Ferrovial_Logotipo1.jpg\",\"contentUrl\":\"https:\/\/static.newsroom.ferrovial.com\/wp-content\/uploads\/2018\/07\/15145720\/Ferrovial_Logotipo1.jpg\",\"width\":600,\"height\":300,\"caption\":\"Ferrovial S.A.\"},\"image\":{\"@id\":\"https:\/\/newsroom.ferrovial.com\/es\/#\/schema\/logo\/image\/\"},\"sameAs\":[\"https:\/\/www.facebook.com\/ferrovial\",\"https:\/\/x.com\/ferrovial\",\"https:\/\/www.instagram.com\/ferrovial\/\",\"https:\/\/www.linkedin.com\/company\/ferrovial\",\"https:\/\/www.pinterest.es\/ferrovial\/\",\"https:\/\/www.youtube.com\/ferrovial\",\"https:\/\/en.wikipedia.org\/wiki\/Ferrovial\"]}]}<\/script>","yoast_head_json":{"title":"Inauguraci\u00f3n del nuevo m\u00f3dulo Este del aeropuerto de Glasgow Sala de prensa Ferrovial | \u00daltimas noticias","description":"Sala de prensa Ferrovial | \u00daltimas noticias","robots":{"index":"index","follow":"follow","max-snippet":"max-snippet:-1","max-image-preview":"max-image-preview:large","max-video-preview":"max-video-preview:-1"},"canonical":"https:\/\/newsroom.ferrovial.com\/es\/noticias\/inauguracion-del-nuevo-modulo-este-del-aeropuerto-de-glasgow\/","og_locale":"es_ES","og_type":"article","og_title":"Inauguraci\u00f3n del nuevo m\u00f3dulo Este del aeropuerto de Glasgow Sala de prensa Ferrovial | \u00daltimas noticias","og_description":"Sala de prensa Ferrovial | \u00daltimas noticias","og_url":"https:\/\/newsroom.ferrovial.com\/es\/noticias\/inauguracion-del-nuevo-modulo-este-del-aeropuerto-de-glasgow\/","og_site_name":"Sala de prensa Ferrovial | \u00daltimas noticias","article_publisher":"https:\/\/www.facebook.com\/ferrovial","article_modified_time":"2022-12-21T09:08:17+00:00","og_image":[{"width":1284,"height":856,"url":"https:\/\/newsroom.ferrovial.com\/wp-content\/uploads\/sites\/4\/2018\/07\/air-pic-glasgow-aerial_shot_low.jpg","type":"image\/jpeg"}],"twitter_card":"summary_large_image","twitter_site":"@ferrovial","schema":{"@context":"https:\/\/schema.org","@graph":[{"@type":"WebPage","@id":"https:\/\/newsroom.ferrovial.com\/es\/noticias\/inauguracion-del-nuevo-modulo-este-del-aeropuerto-de-glasgow\/","url":"https:\/\/newsroom.ferrovial.com\/es\/noticias\/inauguracion-del-nuevo-modulo-este-del-aeropuerto-de-glasgow\/","name":"Inauguraci\u00f3n del nuevo m\u00f3dulo Este del aeropuerto de Glasgow Sala de prensa Ferrovial | \u00daltimas noticias","isPartOf":{"@id":"https:\/\/newsroom.ferrovial.com\/es\/#website"},"primaryImageOfPage":{"@id":"https:\/\/newsroom.ferrovial.com\/es\/noticias\/inauguracion-del-nuevo-modulo-este-del-aeropuerto-de-glasgow\/#primaryimage"},"image":{"@id":"https:\/\/newsroom.ferrovial.com\/es\/noticias\/inauguracion-del-nuevo-modulo-este-del-aeropuerto-de-glasgow\/#primaryimage"},"thumbnailUrl":"https:\/\/static.newsroom.ferrovial.com\/wp-content\/uploads\/2018\/07\/15153715\/air-pic-glasgow-aerial_shot_low.jpg","datePublished":"2015-09-23T00:00:00+00:00","dateModified":"2022-12-21T09:08:17+00:00","description":"Sala de prensa Ferrovial | \u00daltimas noticias","breadcrumb":{"@id":"https:\/\/newsroom.ferrovial.com\/es\/noticias\/inauguracion-del-nuevo-modulo-este-del-aeropuerto-de-glasgow\/#breadcrumb"},"inLanguage":"es","potentialAction":[{"@type":"ReadAction","target":["https:\/\/newsroom.ferrovial.com\/es\/noticias\/inauguracion-del-nuevo-modulo-este-del-aeropuerto-de-glasgow\/"]}]},{"@type":"ImageObject","inLanguage":"es","@id":"https:\/\/newsroom.ferrovial.com\/es\/noticias\/inauguracion-del-nuevo-modulo-este-del-aeropuerto-de-glasgow\/#primaryimage","url":"https:\/\/static.newsroom.ferrovial.com\/wp-content\/uploads\/2018\/07\/15153715\/air-pic-glasgow-aerial_shot_low.jpg","contentUrl":"https:\/\/static.newsroom.ferrovial.com\/wp-content\/uploads\/2018\/07\/15153715\/air-pic-glasgow-aerial_shot_low.jpg","width":1284,"height":856,"caption":"Glasgow airport view"},{"@type":"BreadcrumbList","@id":"https:\/\/newsroom.ferrovial.com\/es\/noticias\/inauguracion-del-nuevo-modulo-este-del-aeropuerto-de-glasgow\/#breadcrumb","itemListElement":[{"@type":"ListItem","position":1,"name":"Portada","item":"https:\/\/newsroom.ferrovial.com\/es\/"},{"@type":"ListItem","position":2,"name":"Inauguraci\u00f3n del nuevo m\u00f3dulo Este del aeropuerto de Glasgow"}]},{"@type":"WebSite","@id":"https:\/\/newsroom.ferrovial.com\/es\/#website","url":"https:\/\/newsroom.ferrovial.com\/es\/","name":"Sala de prensa Ferrovial | \u00daltimas noticias","description":"Sala de prensa Ferrovial | \u00daltimas noticias","publisher":{"@id":"https:\/\/newsroom.ferrovial.com\/es\/#organization"},"potentialAction":[{"@type":"SearchAction","target":{"@type":"EntryPoint","urlTemplate":"https:\/\/newsroom.ferrovial.com\/es\/?s={search_term_string}"},"query-input":{"@type":"PropertyValueSpecification","valueRequired":true,"valueName":"search_term_string"}}],"inLanguage":"es"},{"@type":"Organization","@id":"https:\/\/newsroom.ferrovial.com\/es\/#organization","name":"Ferrovial S.A.","url":"https:\/\/newsroom.ferrovial.com\/es\/","logo":{"@type":"ImageObject","inLanguage":"es","@id":"https:\/\/newsroom.ferrovial.com\/es\/#\/schema\/logo\/image\/","url":"https:\/\/static.newsroom.ferrovial.com\/wp-content\/uploads\/2018\/07\/15145720\/Ferrovial_Logotipo1.jpg","contentUrl":"https:\/\/static.newsroom.ferrovial.com\/wp-content\/uploads\/2018\/07\/15145720\/Ferrovial_Logotipo1.jpg","width":600,"height":300,"caption":"Ferrovial S.A."},"image":{"@id":"https:\/\/newsroom.ferrovial.com\/es\/#\/schema\/logo\/image\/"},"sameAs":["https:\/\/www.facebook.com\/ferrovial","https:\/\/x.com\/ferrovial","https:\/\/www.instagram.com\/ferrovial\/","https:\/\/www.linkedin.com\/company\/ferrovial","https:\/\/www.pinterest.es\/ferrovial\/","https:\/\/www.youtube.com\/ferrovial","https:\/\/en.wikipedia.org\/wiki\/Ferrovial"]}]}},"_links":{"self":[{"href":"https:\/\/newsroom.ferrovial.com\/es\/wp-json\/wp\/v2\/new\/3552","targetHints":{"allow":["GET"]}}],"collection":[{"href":"https:\/\/newsroom.ferrovial.com\/es\/wp-json\/wp\/v2\/new"}],"about":[{"href":"https:\/\/newsroom.ferrovial.com\/es\/wp-json\/wp\/v2\/types\/new"}],"replies":[{"embeddable":true,"href":"https:\/\/newsroom.ferrovial.com\/es\/wp-json\/wp\/v2\/comments?post=3552"}],"version-history":[{"count":1,"href":"https:\/\/newsroom.ferrovial.com\/es\/wp-json\/wp\/v2\/new\/3552\/revisions"}],"predecessor-version":[{"id":96803,"href":"https:\/\/newsroom.ferrovial.com\/es\/wp-json\/wp\/v2\/new\/3552\/revisions\/96803"}],"wp:featuredmedia":[{"embeddable":true,"href":"https:\/\/newsroom.ferrovial.com\/es\/wp-json\/wp\/v2\/media\/3553"}],"wp:attachment":[{"href":"https:\/\/newsroom.ferrovial.com\/es\/wp-json\/wp\/v2\/media?parent=3552"}],"wp:term":[{"taxonomy":"nivel-2","embeddable":true,"href":"https:\/\/newsroom.ferrovial.com\/es\/wp-json\/wp\/v2\/nivel-2?post=3552"},{"taxonomy":"nivel-5","embeddable":true,"href":"https:\/\/newsroom.ferrovial.com\/es\/wp-json\/wp\/v2\/nivel-5?post=3552"},{"taxonomy":"nivel-1","embeddable":true,"href":"https:\/\/newsroom.ferrovial.com\/es\/wp-json\/wp\/v2\/nivel-1?post=3552"},{"taxonomy":"nivel-3","embeddable":true,"href":"https:\/\/newsroom.ferrovial.com\/es\/wp-json\/wp\/v2\/nivel-3?post=3552"},{"taxonomy":"nivel-4","embeddable":true,"href":"https:\/\/newsroom.ferrovial.com\/es\/wp-json\/wp\/v2\/nivel-4?post=3552"}],"curies":[{"name":"wp","href":"https:\/\/api.w.org\/{rel}","templated":true}]}}