{"id":3589,"date":"2015-10-30T00:00:00","date_gmt":"2015-10-30T00:00:00","guid":{"rendered":"https:\/\/newsroom.ferrovial.com\/news\/el-programa-de-infraestructuras-sociales-reconocido-en-los-premios-cinco-dias-a-la-innovacion-empresarial-2015\/"},"modified":"2022-12-21T10:07:11","modified_gmt":"2022-12-21T09:07:11","slug":"el-programa-de-infraestructuras-sociales-reconocido-en-los-premios-cinco-dias-a-la-innovacion-empresarial-2015","status":"publish","type":"new","link":"https:\/\/newsroom.ferrovial.com\/es\/noticias\/el-programa-de-infraestructuras-sociales-reconocido-en-los-premios-cinco-dias-a-la-innovacion-empresarial-2015\/","title":{"rendered":"El programa de Infraestructuras Sociales reconocido en los premios Cinco D\u00edas a la Innovaci\u00f3n Empresarial 2015"},"content":{"rendered":"    <section class=\"wysiwyg text-editor \" id=\"\">\n        <div class=\"container container--narrow container--p-10\">\n            <p>Ferrovial ha sido reconocida en los<a title=\"Premios Cinco D\u00edas a la Innovaci\u00f3n Empresarial\" href=\"http:\/\/cincodias.com\/especiales\/premios_cinco_dias\/\" target=\"_blank\" rel=\"nofollow\"> premios Cinco D\u00edas a la Innovaci\u00f3n Empresarial <\/a>con el premio al mejor proyecto de Responsabilidad Social Corporativa por su <a title=\"Programa RSC de Ferrovial Infraestructuras Sociales\" href=\"https:\/\/www.ferrovial.com\/es\/nuestro-compromiso-ferrovial\/responsabilidad-corporativa\/programas-sociales\/infraestructuras-sociales\/\" target=\"_blank\" rel=\"nofollow\"> programa Infraestructuras Sociales<\/a>. Al acto de entrega, celebrado en el CaixaForum de Madrid, acudi\u00f3 \u00cd\u00f1igo Meir\u00e1s, Consejero Delegado de Ferrovial, quien recogi\u00f3 el galard\u00f3n, acompa\u00f1ado por Juan Francisco Polo, director de Comunicaci\u00f3n y RC.<img loading=\"lazy\" decoding=\"async\" class=\"alignleft size-wysiwyg-xlarge wp-image-152979\" src=\"https:\/\/www.ferrovial.com\/wp-content\/uploads\/2015\/10\/inigo-meiras-premios-innovacion-cinco-dias-2-695x389.png\" alt=\"I\u00f1igo Meir\u00e1s recogiendo premio Cinco D\u00edas\" width=\"695\" height=\"389\" \/><\/p>\n<p>El jurado ha calificado el programa como un gran proyecto, destinado a facilitar el acceso a una necesidad b\u00e1sica, como es el agua. Tambi\u00e9n ha valorado el trabajo de Ferrovial desde la puesta en marcha del programa, en 2011, por la mejora y la ampliaci\u00f3n de la cobertura y acceso al agua para consumo humano y el saneamiento b\u00e1sico entre colectivos en riesgo de vulnerabilidad social de \u00c1frica y Am\u00e9rica Latina. Adem\u00e1s, ha resaltado la implantaci\u00f3n, dentro de la empresa, del voluntariado corporativo, que hace que el mensaje se traslade tanto a la sociedad como a la propia empresa.<\/p>\n<p>En este evento, tambi\u00e9n se ha reconocido a la empresa <a title=\"Sistemas Gen\u00f3micos\" href=\"https:\/\/www.sistemasgenomicos.com\/web_sg\/\" target=\"_blank\" rel=\"nofollow\"> Sistemas Gen\u00f3micos<\/a>, dedicada a la investigaci\u00f3n gen\u00e9tica y molecular, y a <a title=\"Torusware\" href=\"http:\/\/torusware.com\/\" target=\"_blank\" rel=\"nofollow\"> Torusware<\/a>, spin-off de la Universidad de A Coru\u00f1a. La primera recibir\u00e1 el Premio al proyecto empresarial m\u00e1s innovador en el campo de las nuevas tecnolog\u00edas por el material GeneProfile y GeneSGKit, capaces de diagnosticar enfermedades imposibles de catalogar anteriormente; y la segunda ser\u00e1 reconocida por su esfuerzo en el desarrollo de una tecnolog\u00eda que permite una navegaci\u00f3n m\u00e1s r\u00e1pida con el Premio a la acci\u00f3n empresarial m\u00e1s innovadora ligada a la Universidad.<\/p>\n<p><img loading=\"lazy\" decoding=\"async\" class=\"aligncenter wp-image-152980 size-wysiwyg-xlarge\" src=\"https:\/\/www.ferrovial.com\/wp-content\/uploads\/2015\/10\/equipo-rsc-infraestructuras-sociales-ferrovial-695x463.jpg\" alt=\"Equipo RSC Ferrovial del proyecto Infraestructuras sociales\" width=\"695\" height=\"463\" \/><\/p>\n<h2>Programa Infraestructuras Sociales<\/h2>\n<p>En esta iniciativa, la compa\u00f1\u00eda adem\u00e1s de financiaci\u00f3n, aporta asistencia t\u00e9cnica y tecnol\u00f3gica, as\u00ed como especialistas en el desarrollo de los proyectos, implicando de manera transversal a la empresa en un programa de acci\u00f3n social estrat\u00e9gico.<\/p>\n<p>Actualmente, el programa que se puso en marcha en 2011, <a title=\"Proyectos anteriores de Ferrovial Infraestructuras Sociales\" href=\"https:\/\/www.ferrovial.com\/es\/nuestro-compromiso-ferrovial\/responsabilidad-corporativa\/programas-sociales\/infraestructuras-sociales\/proyectos-anteriores\/\" target=\"_blank\" rel=\"nofollow\"> cuenta con 10 proyectos en Tanzania, Per\u00fa, Etiop\u00eda, Mexico, Colombia y Hait\u00ed que han beneficiado a m\u00e1s de 100.000 personas.<\/a><\/p>\n<p><iframe loading=\"lazy\" title=\"Infraestructuras Sociales | Ferrovial\" width=\"500\" height=\"281\" src=\"https:\/\/www.youtube.com\/embed\/oQ6YOxBdQSY?feature=oembed\" frameborder=\"0\" allow=\"accelerometer; autoplay; clipboard-write; encrypted-media; gyroscope; picture-in-picture; web-share\" referrerpolicy=\"strict-origin-when-cross-origin\" allowfullscreen><\/iframe><\/p>\n        <\/div>\n    <\/section>\n","protected":false},"excerpt":{"rendered":"","protected":false},"featured_media":3590,"menu_order":0,"comment_status":"closed","ping_status":"closed","template":"","nivel-2":[909,972,1024,2239,1036,1061],"nivel-5":[1902],"nivel-1":[],"nivel-3":[1258],"nivel-4":[1809],"class_list":["post-3589","new","type-new","status-publish","has-post-thumbnail","hentry","nivel-2-agua","nivel-2-eventos","nivel-2-premios","nivel-2-programas-sociales","nivel-2-responsabilidad-social-corporativa","nivel-2-voluntariado","nivel-5-ferrovial","nivel-3-espana","nivel-4-madrid"],"acf":[],"yoast_head":"<title>El programa de Infraestructuras Sociales reconocido en los premios Cinco D\u00edas a la Innovaci\u00f3n Empresarial 2015 Sala de prensa Ferrovial | \u00daltimas noticias<\/title>\n<meta name=\"description\" content=\"Sala de prensa Ferrovial | \u00daltimas noticias\" \/>\n<meta name=\"robots\" content=\"index, follow, max-snippet:-1, max-image-preview:large, max-video-preview:-1\" \/>\n<link rel=\"canonical\" href=\"https:\/\/newsroom.ferrovial.com\/es\/noticias\/el-programa-de-infraestructuras-sociales-reconocido-en-los-premios-cinco-dias-a-la-innovacion-empresarial-2015\/\" \/>\n<meta property=\"og:locale\" content=\"es_ES\" \/>\n<meta property=\"og:type\" content=\"article\" \/>\n<meta property=\"og:title\" content=\"El programa de Infraestructuras Sociales reconocido en los premios Cinco D\u00edas a la Innovaci\u00f3n Empresarial 2015 Sala de prensa Ferrovial | \u00daltimas noticias\" \/>\n<meta property=\"og:description\" content=\"Sala de prensa Ferrovial | \u00daltimas noticias\" \/>\n<meta property=\"og:url\" content=\"https:\/\/newsroom.ferrovial.com\/es\/noticias\/el-programa-de-infraestructuras-sociales-reconocido-en-los-premios-cinco-dias-a-la-innovacion-empresarial-2015\/\" \/>\n<meta property=\"og:site_name\" content=\"Sala de prensa Ferrovial | \u00daltimas noticias\" \/>\n<meta property=\"article:publisher\" content=\"https:\/\/www.facebook.com\/ferrovial\" \/>\n<meta property=\"article:modified_time\" content=\"2022-12-21T09:07:11+00:00\" \/>\n<meta property=\"og:image\" content=\"https:\/\/newsroom.ferrovial.com\/wp-content\/uploads\/sites\/4\/2018\/07\/premio-innovacion-cinco-dias-a-ferrovial.jpg\" \/>\n\t<meta property=\"og:image:width\" content=\"5472\" \/>\n\t<meta property=\"og:image:height\" content=\"3648\" \/>\n\t<meta property=\"og:image:type\" content=\"image\/jpeg\" \/>\n<meta name=\"twitter:card\" content=\"summary_large_image\" \/>\n<meta name=\"twitter:site\" content=\"@ferrovial\" \/>\n<script type=\"application\/ld+json\" class=\"yoast-schema-graph\">{\"@context\":\"https:\/\/schema.org\",\"@graph\":[{\"@type\":\"WebPage\",\"@id\":\"https:\/\/newsroom.ferrovial.com\/es\/noticias\/el-programa-de-infraestructuras-sociales-reconocido-en-los-premios-cinco-dias-a-la-innovacion-empresarial-2015\/\",\"url\":\"https:\/\/newsroom.ferrovial.com\/es\/noticias\/el-programa-de-infraestructuras-sociales-reconocido-en-los-premios-cinco-dias-a-la-innovacion-empresarial-2015\/\",\"name\":\"El programa de Infraestructuras Sociales reconocido en los premios Cinco D\u00edas a la Innovaci\u00f3n Empresarial 2015 Sala de prensa Ferrovial | \u00daltimas noticias\",\"isPartOf\":{\"@id\":\"https:\/\/newsroom.ferrovial.com\/es\/#website\"},\"primaryImageOfPage\":{\"@id\":\"https:\/\/newsroom.ferrovial.com\/es\/noticias\/el-programa-de-infraestructuras-sociales-reconocido-en-los-premios-cinco-dias-a-la-innovacion-empresarial-2015\/#primaryimage\"},\"image\":{\"@id\":\"https:\/\/newsroom.ferrovial.com\/es\/noticias\/el-programa-de-infraestructuras-sociales-reconocido-en-los-premios-cinco-dias-a-la-innovacion-empresarial-2015\/#primaryimage\"},\"thumbnailUrl\":\"https:\/\/static.newsroom.ferrovial.com\/wp-content\/uploads\/2018\/07\/15153657\/premio-innovacion-cinco-dias-a-ferrovial.jpg\",\"datePublished\":\"2015-10-30T00:00:00+00:00\",\"dateModified\":\"2022-12-21T09:07:11+00:00\",\"description\":\"Sala de prensa Ferrovial | \u00daltimas noticias\",\"breadcrumb\":{\"@id\":\"https:\/\/newsroom.ferrovial.com\/es\/noticias\/el-programa-de-infraestructuras-sociales-reconocido-en-los-premios-cinco-dias-a-la-innovacion-empresarial-2015\/#breadcrumb\"},\"inLanguage\":\"es\",\"potentialAction\":[{\"@type\":\"ReadAction\",\"target\":[\"https:\/\/newsroom.ferrovial.com\/es\/noticias\/el-programa-de-infraestructuras-sociales-reconocido-en-los-premios-cinco-dias-a-la-innovacion-empresarial-2015\/\"]}]},{\"@type\":\"ImageObject\",\"inLanguage\":\"es\",\"@id\":\"https:\/\/newsroom.ferrovial.com\/es\/noticias\/el-programa-de-infraestructuras-sociales-reconocido-en-los-premios-cinco-dias-a-la-innovacion-empresarial-2015\/#primaryimage\",\"url\":\"https:\/\/static.newsroom.ferrovial.com\/wp-content\/uploads\/2018\/07\/15153657\/premio-innovacion-cinco-dias-a-ferrovial.jpg\",\"contentUrl\":\"https:\/\/static.newsroom.ferrovial.com\/wp-content\/uploads\/2018\/07\/15153657\/premio-innovacion-cinco-dias-a-ferrovial.jpg\",\"width\":5472,\"height\":3648,\"caption\":\"premio a ferrovial diario cinco dias ferrovial news\"},{\"@type\":\"BreadcrumbList\",\"@id\":\"https:\/\/newsroom.ferrovial.com\/es\/noticias\/el-programa-de-infraestructuras-sociales-reconocido-en-los-premios-cinco-dias-a-la-innovacion-empresarial-2015\/#breadcrumb\",\"itemListElement\":[{\"@type\":\"ListItem\",\"position\":1,\"name\":\"Portada\",\"item\":\"https:\/\/newsroom.ferrovial.com\/es\/\"},{\"@type\":\"ListItem\",\"position\":2,\"name\":\"El programa de Infraestructuras Sociales reconocido en los premios Cinco D\u00edas a la Innovaci\u00f3n Empresarial 2015\"}]},{\"@type\":\"WebSite\",\"@id\":\"https:\/\/newsroom.ferrovial.com\/es\/#website\",\"url\":\"https:\/\/newsroom.ferrovial.com\/es\/\",\"name\":\"Sala de prensa Ferrovial | \u00daltimas noticias\",\"description\":\"Sala de prensa Ferrovial | \u00daltimas noticias\",\"publisher\":{\"@id\":\"https:\/\/newsroom.ferrovial.com\/es\/#organization\"},\"potentialAction\":[{\"@type\":\"SearchAction\",\"target\":{\"@type\":\"EntryPoint\",\"urlTemplate\":\"https:\/\/newsroom.ferrovial.com\/es\/?s={search_term_string}\"},\"query-input\":{\"@type\":\"PropertyValueSpecification\",\"valueRequired\":true,\"valueName\":\"search_term_string\"}}],\"inLanguage\":\"es\"},{\"@type\":\"Organization\",\"@id\":\"https:\/\/newsroom.ferrovial.com\/es\/#organization\",\"name\":\"Ferrovial S.A.\",\"url\":\"https:\/\/newsroom.ferrovial.com\/es\/\",\"logo\":{\"@type\":\"ImageObject\",\"inLanguage\":\"es\",\"@id\":\"https:\/\/newsroom.ferrovial.com\/es\/#\/schema\/logo\/image\/\",\"url\":\"https:\/\/static.newsroom.ferrovial.com\/wp-content\/uploads\/2018\/07\/15145720\/Ferrovial_Logotipo1.jpg\",\"contentUrl\":\"https:\/\/static.newsroom.ferrovial.com\/wp-content\/uploads\/2018\/07\/15145720\/Ferrovial_Logotipo1.jpg\",\"width\":600,\"height\":300,\"caption\":\"Ferrovial S.A.\"},\"image\":{\"@id\":\"https:\/\/newsroom.ferrovial.com\/es\/#\/schema\/logo\/image\/\"},\"sameAs\":[\"https:\/\/www.facebook.com\/ferrovial\",\"https:\/\/x.com\/ferrovial\",\"https:\/\/www.instagram.com\/ferrovial\/\",\"https:\/\/www.linkedin.com\/company\/ferrovial\",\"https:\/\/www.pinterest.es\/ferrovial\/\",\"https:\/\/www.youtube.com\/ferrovial\",\"https:\/\/en.wikipedia.org\/wiki\/Ferrovial\"]}]}<\/script>","yoast_head_json":{"title":"El programa de Infraestructuras Sociales reconocido en los premios Cinco D\u00edas a la Innovaci\u00f3n Empresarial 2015 Sala de prensa Ferrovial | \u00daltimas noticias","description":"Sala de prensa Ferrovial | \u00daltimas noticias","robots":{"index":"index","follow":"follow","max-snippet":"max-snippet:-1","max-image-preview":"max-image-preview:large","max-video-preview":"max-video-preview:-1"},"canonical":"https:\/\/newsroom.ferrovial.com\/es\/noticias\/el-programa-de-infraestructuras-sociales-reconocido-en-los-premios-cinco-dias-a-la-innovacion-empresarial-2015\/","og_locale":"es_ES","og_type":"article","og_title":"El programa de Infraestructuras Sociales reconocido en los premios Cinco D\u00edas a la Innovaci\u00f3n Empresarial 2015 Sala de prensa Ferrovial | \u00daltimas noticias","og_description":"Sala de prensa Ferrovial | \u00daltimas noticias","og_url":"https:\/\/newsroom.ferrovial.com\/es\/noticias\/el-programa-de-infraestructuras-sociales-reconocido-en-los-premios-cinco-dias-a-la-innovacion-empresarial-2015\/","og_site_name":"Sala de prensa Ferrovial | \u00daltimas noticias","article_publisher":"https:\/\/www.facebook.com\/ferrovial","article_modified_time":"2022-12-21T09:07:11+00:00","og_image":[{"width":5472,"height":3648,"url":"https:\/\/newsroom.ferrovial.com\/wp-content\/uploads\/sites\/4\/2018\/07\/premio-innovacion-cinco-dias-a-ferrovial.jpg","type":"image\/jpeg"}],"twitter_card":"summary_large_image","twitter_site":"@ferrovial","schema":{"@context":"https:\/\/schema.org","@graph":[{"@type":"WebPage","@id":"https:\/\/newsroom.ferrovial.com\/es\/noticias\/el-programa-de-infraestructuras-sociales-reconocido-en-los-premios-cinco-dias-a-la-innovacion-empresarial-2015\/","url":"https:\/\/newsroom.ferrovial.com\/es\/noticias\/el-programa-de-infraestructuras-sociales-reconocido-en-los-premios-cinco-dias-a-la-innovacion-empresarial-2015\/","name":"El programa de Infraestructuras Sociales reconocido en los premios Cinco D\u00edas a la Innovaci\u00f3n Empresarial 2015 Sala de prensa Ferrovial | \u00daltimas noticias","isPartOf":{"@id":"https:\/\/newsroom.ferrovial.com\/es\/#website"},"primaryImageOfPage":{"@id":"https:\/\/newsroom.ferrovial.com\/es\/noticias\/el-programa-de-infraestructuras-sociales-reconocido-en-los-premios-cinco-dias-a-la-innovacion-empresarial-2015\/#primaryimage"},"image":{"@id":"https:\/\/newsroom.ferrovial.com\/es\/noticias\/el-programa-de-infraestructuras-sociales-reconocido-en-los-premios-cinco-dias-a-la-innovacion-empresarial-2015\/#primaryimage"},"thumbnailUrl":"https:\/\/static.newsroom.ferrovial.com\/wp-content\/uploads\/2018\/07\/15153657\/premio-innovacion-cinco-dias-a-ferrovial.jpg","datePublished":"2015-10-30T00:00:00+00:00","dateModified":"2022-12-21T09:07:11+00:00","description":"Sala de prensa Ferrovial | \u00daltimas noticias","breadcrumb":{"@id":"https:\/\/newsroom.ferrovial.com\/es\/noticias\/el-programa-de-infraestructuras-sociales-reconocido-en-los-premios-cinco-dias-a-la-innovacion-empresarial-2015\/#breadcrumb"},"inLanguage":"es","potentialAction":[{"@type":"ReadAction","target":["https:\/\/newsroom.ferrovial.com\/es\/noticias\/el-programa-de-infraestructuras-sociales-reconocido-en-los-premios-cinco-dias-a-la-innovacion-empresarial-2015\/"]}]},{"@type":"ImageObject","inLanguage":"es","@id":"https:\/\/newsroom.ferrovial.com\/es\/noticias\/el-programa-de-infraestructuras-sociales-reconocido-en-los-premios-cinco-dias-a-la-innovacion-empresarial-2015\/#primaryimage","url":"https:\/\/static.newsroom.ferrovial.com\/wp-content\/uploads\/2018\/07\/15153657\/premio-innovacion-cinco-dias-a-ferrovial.jpg","contentUrl":"https:\/\/static.newsroom.ferrovial.com\/wp-content\/uploads\/2018\/07\/15153657\/premio-innovacion-cinco-dias-a-ferrovial.jpg","width":5472,"height":3648,"caption":"premio a ferrovial diario cinco dias ferrovial news"},{"@type":"BreadcrumbList","@id":"https:\/\/newsroom.ferrovial.com\/es\/noticias\/el-programa-de-infraestructuras-sociales-reconocido-en-los-premios-cinco-dias-a-la-innovacion-empresarial-2015\/#breadcrumb","itemListElement":[{"@type":"ListItem","position":1,"name":"Portada","item":"https:\/\/newsroom.ferrovial.com\/es\/"},{"@type":"ListItem","position":2,"name":"El programa de Infraestructuras Sociales reconocido en los premios Cinco D\u00edas a la Innovaci\u00f3n Empresarial 2015"}]},{"@type":"WebSite","@id":"https:\/\/newsroom.ferrovial.com\/es\/#website","url":"https:\/\/newsroom.ferrovial.com\/es\/","name":"Sala de prensa Ferrovial | \u00daltimas noticias","description":"Sala de prensa Ferrovial | \u00daltimas noticias","publisher":{"@id":"https:\/\/newsroom.ferrovial.com\/es\/#organization"},"potentialAction":[{"@type":"SearchAction","target":{"@type":"EntryPoint","urlTemplate":"https:\/\/newsroom.ferrovial.com\/es\/?s={search_term_string}"},"query-input":{"@type":"PropertyValueSpecification","valueRequired":true,"valueName":"search_term_string"}}],"inLanguage":"es"},{"@type":"Organization","@id":"https:\/\/newsroom.ferrovial.com\/es\/#organization","name":"Ferrovial S.A.","url":"https:\/\/newsroom.ferrovial.com\/es\/","logo":{"@type":"ImageObject","inLanguage":"es","@id":"https:\/\/newsroom.ferrovial.com\/es\/#\/schema\/logo\/image\/","url":"https:\/\/static.newsroom.ferrovial.com\/wp-content\/uploads\/2018\/07\/15145720\/Ferrovial_Logotipo1.jpg","contentUrl":"https:\/\/static.newsroom.ferrovial.com\/wp-content\/uploads\/2018\/07\/15145720\/Ferrovial_Logotipo1.jpg","width":600,"height":300,"caption":"Ferrovial S.A."},"image":{"@id":"https:\/\/newsroom.ferrovial.com\/es\/#\/schema\/logo\/image\/"},"sameAs":["https:\/\/www.facebook.com\/ferrovial","https:\/\/x.com\/ferrovial","https:\/\/www.instagram.com\/ferrovial\/","https:\/\/www.linkedin.com\/company\/ferrovial","https:\/\/www.pinterest.es\/ferrovial\/","https:\/\/www.youtube.com\/ferrovial","https:\/\/en.wikipedia.org\/wiki\/Ferrovial"]}]}},"_links":{"self":[{"href":"https:\/\/newsroom.ferrovial.com\/es\/wp-json\/wp\/v2\/new\/3589","targetHints":{"allow":["GET"]}}],"collection":[{"href":"https:\/\/newsroom.ferrovial.com\/es\/wp-json\/wp\/v2\/new"}],"about":[{"href":"https:\/\/newsroom.ferrovial.com\/es\/wp-json\/wp\/v2\/types\/new"}],"replies":[{"embeddable":true,"href":"https:\/\/newsroom.ferrovial.com\/es\/wp-json\/wp\/v2\/comments?post=3589"}],"version-history":[{"count":2,"href":"https:\/\/newsroom.ferrovial.com\/es\/wp-json\/wp\/v2\/new\/3589\/revisions"}],"predecessor-version":[{"id":117638,"href":"https:\/\/newsroom.ferrovial.com\/es\/wp-json\/wp\/v2\/new\/3589\/revisions\/117638"}],"wp:featuredmedia":[{"embeddable":true,"href":"https:\/\/newsroom.ferrovial.com\/es\/wp-json\/wp\/v2\/media\/3590"}],"wp:attachment":[{"href":"https:\/\/newsroom.ferrovial.com\/es\/wp-json\/wp\/v2\/media?parent=3589"}],"wp:term":[{"taxonomy":"nivel-2","embeddable":true,"href":"https:\/\/newsroom.ferrovial.com\/es\/wp-json\/wp\/v2\/nivel-2?post=3589"},{"taxonomy":"nivel-5","embeddable":true,"href":"https:\/\/newsroom.ferrovial.com\/es\/wp-json\/wp\/v2\/nivel-5?post=3589"},{"taxonomy":"nivel-1","embeddable":true,"href":"https:\/\/newsroom.ferrovial.com\/es\/wp-json\/wp\/v2\/nivel-1?post=3589"},{"taxonomy":"nivel-3","embeddable":true,"href":"https:\/\/newsroom.ferrovial.com\/es\/wp-json\/wp\/v2\/nivel-3?post=3589"},{"taxonomy":"nivel-4","embeddable":true,"href":"https:\/\/newsroom.ferrovial.com\/es\/wp-json\/wp\/v2\/nivel-4?post=3589"}],"curies":[{"name":"wp","href":"https:\/\/api.w.org\/{rel}","templated":true}]}}