{"id":3631,"date":"2015-12-04T00:00:00","date_gmt":"2015-12-04T00:00:00","guid":{"rendered":"https:\/\/newsroom.ferrovial.com\/news\/ferrovial-servicios-gestionara-durante-25-anos-la-planta-de-tratamiento-de-mila-en-menorca\/"},"modified":"2022-12-21T10:05:50","modified_gmt":"2022-12-21T09:05:50","slug":"ferrovial-servicios-gestionara-durante-25-anos-la-planta-de-tratamiento-de-mila-en-menorca","status":"publish","type":"new","link":"https:\/\/newsroom.ferrovial.com\/es\/noticias\/ferrovial-servicios-gestionara-durante-25-anos-la-planta-de-tratamiento-de-mila-en-menorca\/","title":{"rendered":"Ferrovial Servicios gestionar\u00e1 durante 25 a\u00f1os la planta de tratamiento de Mil\u00e1, en Menorca"},"content":{"rendered":"    <section class=\"wysiwyg text-editor \" id=\"\">\n        <div class=\"container container--narrow container--p-10\">\n            <p><em>La nueva instalaci\u00f3n permitir\u00e1 reducir la cantidad de residuo destinado a vertedero.<\/em><\/p>\n<p><a href=\"https:\/\/www.ferrovial.com\/es\/lineas-de-negocio\/ferrovial-servicios\/\"title=\"Ferrovial Servicios\" target=\"_blank\" rel=\"nofollow\">Ferrovial Servicios<\/a> se ha adjudicado recientemente, por un per\u00edodo de 25 a\u00f1os y una cuant\u00eda que asciende a los 72 millones de euros,  la gesti\u00f3n de la planta de tratamiento de residuos de Mil\u00e0 en la localidad de Ma\u00f3, en Menorca. Esta instalaci\u00f3n gestiona, incluyendo la \u00e9poca estival, los residuos de 100.000 habitantes de la isla.<\/p>\n<h2>Remodelaci\u00f3n de la planta de tratamiento y la construcci\u00f3n de una nueva planta<\/h2>\n<p>Este nuevo contrato, que cuenta con una inversi\u00f3n superior a los 20 millones de euros, comprende la remodelaci\u00f3n de la planta de tratamiento, as\u00ed como la construcci\u00f3n de una nueva planta que duplicar\u00e1 la superficie de la actual, y la incorporaci\u00f3n de nueva maquinaria y tecnolog\u00eda de tratamiento de residuos. La puesta en marcha de estas nuevas instalaciones se llevar\u00e1 a cabo durante los pr\u00f3ximos 21 meses.<\/p>\n<p>\u201cEste proyecto es una apuesta de futuro basada en la aplicaci\u00f3n de las mejores t\u00e9cnicas disponibles, que evitan riesgos y aseguran la sostenibilidad\u201d, ha explicado Jorge Tejedo, Director Regional de Tratamiento y Gesti\u00f3n Medioambiental de Ferrovial Servicios Espa\u00f1a.<\/p>\n<h3>Tecnolog\u00eda para optimizar la valorizaci\u00f3n<\/h3>\n<p>La nueva planta albergar\u00e1 un \u00e1rea de gesti\u00f3n de tratamiento mec\u00e1nico de los residuos dom\u00e9sticos, m\u00e1s las del tratamiento de papel y cart\u00f3n,  envases ligeros y materia org\u00e1nica provenientes de la recogida selectiva. Como parte de la apuesta por la valorizaci\u00f3n de residuos, el dise\u00f1o permitir\u00e1 una recuperaci\u00f3n superior al 24% de la fracci\u00f3n no org\u00e1nica, lo cual evitar\u00e1 el vertido de m\u00e1s del 50% del volumen total de entrada en planta. Asimismo, parte de los restos de los residuos se destinar\u00e1n a fabricar un combustible especial para el uso en empresas cementeras.<\/p>\n        <\/div>\n    <\/section>\n","protected":false},"excerpt":{"rendered":"","protected":false},"featured_media":3632,"menu_order":0,"comment_status":"closed","ping_status":"closed","template":"","nivel-2":[2213,2208,1846,2234,2091,976],"nivel-5":[],"nivel-1":[2168],"nivel-3":[1258],"nivel-4":[1803],"class_list":["post-3631","new","type-new","status-publish","has-post-thumbnail","hentry","nivel-2-contratos","nivel-2-diseno-e-ingenieria","nivel-2-gestion","nivel-2-instalaciones","nivel-2-proyectos","nivel-2-residuos","nivel-1-construccion","nivel-3-espana","nivel-4-illes-balears"],"acf":[],"yoast_head":"<title>Ferrovial Servicios gestionar\u00e1 durante 25 a\u00f1os la planta de tratamiento de Mil\u00e1, en Menorca Sala de prensa Ferrovial | \u00daltimas noticias<\/title>\n<meta name=\"description\" content=\"Sala de prensa Ferrovial | \u00daltimas noticias\" \/>\n<meta name=\"robots\" content=\"index, follow, max-snippet:-1, max-image-preview:large, max-video-preview:-1\" \/>\n<link rel=\"canonical\" href=\"https:\/\/newsroom.ferrovial.com\/es\/noticias\/ferrovial-servicios-gestionara-durante-25-anos-la-planta-de-tratamiento-de-mila-en-menorca\/\" \/>\n<meta property=\"og:locale\" content=\"es_ES\" \/>\n<meta property=\"og:type\" content=\"article\" \/>\n<meta property=\"og:title\" content=\"Ferrovial Servicios gestionar\u00e1 durante 25 a\u00f1os la planta de tratamiento de Mil\u00e1, en Menorca Sala de prensa Ferrovial | \u00daltimas noticias\" \/>\n<meta property=\"og:description\" content=\"Sala de prensa Ferrovial | \u00daltimas noticias\" \/>\n<meta property=\"og:url\" content=\"https:\/\/newsroom.ferrovial.com\/es\/noticias\/ferrovial-servicios-gestionara-durante-25-anos-la-planta-de-tratamiento-de-mila-en-menorca\/\" \/>\n<meta property=\"og:site_name\" content=\"Sala de prensa Ferrovial | \u00daltimas noticias\" \/>\n<meta property=\"article:publisher\" content=\"https:\/\/www.facebook.com\/ferrovial\" \/>\n<meta property=\"article:modified_time\" content=\"2022-12-21T09:05:50+00:00\" \/>\n<meta property=\"og:image\" content=\"https:\/\/newsroom.ferrovial.com\/wp-content\/uploads\/sites\/4\/2018\/07\/planta-de-tratamiento-de-mila.jpeg\" \/>\n\t<meta property=\"og:image:width\" content=\"1920\" \/>\n\t<meta property=\"og:image:height\" content=\"1080\" \/>\n\t<meta property=\"og:image:type\" content=\"image\/jpeg\" \/>\n<meta name=\"twitter:card\" content=\"summary_large_image\" \/>\n<meta name=\"twitter:site\" content=\"@ferrovial\" \/>\n<script type=\"application\/ld+json\" class=\"yoast-schema-graph\">{\"@context\":\"https:\/\/schema.org\",\"@graph\":[{\"@type\":\"WebPage\",\"@id\":\"https:\/\/newsroom.ferrovial.com\/es\/noticias\/ferrovial-servicios-gestionara-durante-25-anos-la-planta-de-tratamiento-de-mila-en-menorca\/\",\"url\":\"https:\/\/newsroom.ferrovial.com\/es\/noticias\/ferrovial-servicios-gestionara-durante-25-anos-la-planta-de-tratamiento-de-mila-en-menorca\/\",\"name\":\"Ferrovial Servicios gestionar\u00e1 durante 25 a\u00f1os la planta de tratamiento de Mil\u00e1, en Menorca Sala de prensa Ferrovial | \u00daltimas noticias\",\"isPartOf\":{\"@id\":\"https:\/\/newsroom.ferrovial.com\/es\/#website\"},\"primaryImageOfPage\":{\"@id\":\"https:\/\/newsroom.ferrovial.com\/es\/noticias\/ferrovial-servicios-gestionara-durante-25-anos-la-planta-de-tratamiento-de-mila-en-menorca\/#primaryimage\"},\"image\":{\"@id\":\"https:\/\/newsroom.ferrovial.com\/es\/noticias\/ferrovial-servicios-gestionara-durante-25-anos-la-planta-de-tratamiento-de-mila-en-menorca\/#primaryimage\"},\"thumbnailUrl\":\"https:\/\/static.newsroom.ferrovial.com\/wp-content\/uploads\/2018\/07\/15153627\/planta-de-tratamiento-de-mila.jpeg\",\"datePublished\":\"2015-12-04T00:00:00+00:00\",\"dateModified\":\"2022-12-21T09:05:50+00:00\",\"description\":\"Sala de prensa Ferrovial | \u00daltimas noticias\",\"breadcrumb\":{\"@id\":\"https:\/\/newsroom.ferrovial.com\/es\/noticias\/ferrovial-servicios-gestionara-durante-25-anos-la-planta-de-tratamiento-de-mila-en-menorca\/#breadcrumb\"},\"inLanguage\":\"es\",\"potentialAction\":[{\"@type\":\"ReadAction\",\"target\":[\"https:\/\/newsroom.ferrovial.com\/es\/noticias\/ferrovial-servicios-gestionara-durante-25-anos-la-planta-de-tratamiento-de-mila-en-menorca\/\"]}]},{\"@type\":\"ImageObject\",\"inLanguage\":\"es\",\"@id\":\"https:\/\/newsroom.ferrovial.com\/es\/noticias\/ferrovial-servicios-gestionara-durante-25-anos-la-planta-de-tratamiento-de-mila-en-menorca\/#primaryimage\",\"url\":\"https:\/\/static.newsroom.ferrovial.com\/wp-content\/uploads\/2018\/07\/15153627\/planta-de-tratamiento-de-mila.jpeg\",\"contentUrl\":\"https:\/\/static.newsroom.ferrovial.com\/wp-content\/uploads\/2018\/07\/15153627\/planta-de-tratamiento-de-mila.jpeg\",\"width\":1920,\"height\":1080,\"caption\":\"La planta de tratamiento de Mil\u00e0\"},{\"@type\":\"BreadcrumbList\",\"@id\":\"https:\/\/newsroom.ferrovial.com\/es\/noticias\/ferrovial-servicios-gestionara-durante-25-anos-la-planta-de-tratamiento-de-mila-en-menorca\/#breadcrumb\",\"itemListElement\":[{\"@type\":\"ListItem\",\"position\":1,\"name\":\"Portada\",\"item\":\"https:\/\/newsroom.ferrovial.com\/es\/\"},{\"@type\":\"ListItem\",\"position\":2,\"name\":\"Ferrovial Servicios gestionar\u00e1 durante 25 a\u00f1os la planta de tratamiento de Mil\u00e1, en Menorca\"}]},{\"@type\":\"WebSite\",\"@id\":\"https:\/\/newsroom.ferrovial.com\/es\/#website\",\"url\":\"https:\/\/newsroom.ferrovial.com\/es\/\",\"name\":\"Sala de prensa Ferrovial | \u00daltimas noticias\",\"description\":\"Sala de prensa Ferrovial | \u00daltimas noticias\",\"publisher\":{\"@id\":\"https:\/\/newsroom.ferrovial.com\/es\/#organization\"},\"potentialAction\":[{\"@type\":\"SearchAction\",\"target\":{\"@type\":\"EntryPoint\",\"urlTemplate\":\"https:\/\/newsroom.ferrovial.com\/es\/?s={search_term_string}\"},\"query-input\":{\"@type\":\"PropertyValueSpecification\",\"valueRequired\":true,\"valueName\":\"search_term_string\"}}],\"inLanguage\":\"es\"},{\"@type\":\"Organization\",\"@id\":\"https:\/\/newsroom.ferrovial.com\/es\/#organization\",\"name\":\"Ferrovial S.A.\",\"url\":\"https:\/\/newsroom.ferrovial.com\/es\/\",\"logo\":{\"@type\":\"ImageObject\",\"inLanguage\":\"es\",\"@id\":\"https:\/\/newsroom.ferrovial.com\/es\/#\/schema\/logo\/image\/\",\"url\":\"https:\/\/static.newsroom.ferrovial.com\/wp-content\/uploads\/2018\/07\/15145720\/Ferrovial_Logotipo1.jpg\",\"contentUrl\":\"https:\/\/static.newsroom.ferrovial.com\/wp-content\/uploads\/2018\/07\/15145720\/Ferrovial_Logotipo1.jpg\",\"width\":600,\"height\":300,\"caption\":\"Ferrovial S.A.\"},\"image\":{\"@id\":\"https:\/\/newsroom.ferrovial.com\/es\/#\/schema\/logo\/image\/\"},\"sameAs\":[\"https:\/\/www.facebook.com\/ferrovial\",\"https:\/\/x.com\/ferrovial\",\"https:\/\/www.instagram.com\/ferrovial\/\",\"https:\/\/www.linkedin.com\/company\/ferrovial\",\"https:\/\/www.pinterest.es\/ferrovial\/\",\"https:\/\/www.youtube.com\/ferrovial\",\"https:\/\/en.wikipedia.org\/wiki\/Ferrovial\"]}]}<\/script>","yoast_head_json":{"title":"Ferrovial Servicios gestionar\u00e1 durante 25 a\u00f1os la planta de tratamiento de Mil\u00e1, en Menorca Sala de prensa Ferrovial | \u00daltimas noticias","description":"Sala de prensa Ferrovial | \u00daltimas noticias","robots":{"index":"index","follow":"follow","max-snippet":"max-snippet:-1","max-image-preview":"max-image-preview:large","max-video-preview":"max-video-preview:-1"},"canonical":"https:\/\/newsroom.ferrovial.com\/es\/noticias\/ferrovial-servicios-gestionara-durante-25-anos-la-planta-de-tratamiento-de-mila-en-menorca\/","og_locale":"es_ES","og_type":"article","og_title":"Ferrovial Servicios gestionar\u00e1 durante 25 a\u00f1os la planta de tratamiento de Mil\u00e1, en Menorca Sala de prensa Ferrovial | \u00daltimas noticias","og_description":"Sala de prensa Ferrovial | \u00daltimas noticias","og_url":"https:\/\/newsroom.ferrovial.com\/es\/noticias\/ferrovial-servicios-gestionara-durante-25-anos-la-planta-de-tratamiento-de-mila-en-menorca\/","og_site_name":"Sala de prensa Ferrovial | \u00daltimas noticias","article_publisher":"https:\/\/www.facebook.com\/ferrovial","article_modified_time":"2022-12-21T09:05:50+00:00","og_image":[{"width":1920,"height":1080,"url":"https:\/\/newsroom.ferrovial.com\/wp-content\/uploads\/sites\/4\/2018\/07\/planta-de-tratamiento-de-mila.jpeg","type":"image\/jpeg"}],"twitter_card":"summary_large_image","twitter_site":"@ferrovial","schema":{"@context":"https:\/\/schema.org","@graph":[{"@type":"WebPage","@id":"https:\/\/newsroom.ferrovial.com\/es\/noticias\/ferrovial-servicios-gestionara-durante-25-anos-la-planta-de-tratamiento-de-mila-en-menorca\/","url":"https:\/\/newsroom.ferrovial.com\/es\/noticias\/ferrovial-servicios-gestionara-durante-25-anos-la-planta-de-tratamiento-de-mila-en-menorca\/","name":"Ferrovial Servicios gestionar\u00e1 durante 25 a\u00f1os la planta de tratamiento de Mil\u00e1, en Menorca Sala de prensa Ferrovial | \u00daltimas noticias","isPartOf":{"@id":"https:\/\/newsroom.ferrovial.com\/es\/#website"},"primaryImageOfPage":{"@id":"https:\/\/newsroom.ferrovial.com\/es\/noticias\/ferrovial-servicios-gestionara-durante-25-anos-la-planta-de-tratamiento-de-mila-en-menorca\/#primaryimage"},"image":{"@id":"https:\/\/newsroom.ferrovial.com\/es\/noticias\/ferrovial-servicios-gestionara-durante-25-anos-la-planta-de-tratamiento-de-mila-en-menorca\/#primaryimage"},"thumbnailUrl":"https:\/\/static.newsroom.ferrovial.com\/wp-content\/uploads\/2018\/07\/15153627\/planta-de-tratamiento-de-mila.jpeg","datePublished":"2015-12-04T00:00:00+00:00","dateModified":"2022-12-21T09:05:50+00:00","description":"Sala de prensa Ferrovial | \u00daltimas noticias","breadcrumb":{"@id":"https:\/\/newsroom.ferrovial.com\/es\/noticias\/ferrovial-servicios-gestionara-durante-25-anos-la-planta-de-tratamiento-de-mila-en-menorca\/#breadcrumb"},"inLanguage":"es","potentialAction":[{"@type":"ReadAction","target":["https:\/\/newsroom.ferrovial.com\/es\/noticias\/ferrovial-servicios-gestionara-durante-25-anos-la-planta-de-tratamiento-de-mila-en-menorca\/"]}]},{"@type":"ImageObject","inLanguage":"es","@id":"https:\/\/newsroom.ferrovial.com\/es\/noticias\/ferrovial-servicios-gestionara-durante-25-anos-la-planta-de-tratamiento-de-mila-en-menorca\/#primaryimage","url":"https:\/\/static.newsroom.ferrovial.com\/wp-content\/uploads\/2018\/07\/15153627\/planta-de-tratamiento-de-mila.jpeg","contentUrl":"https:\/\/static.newsroom.ferrovial.com\/wp-content\/uploads\/2018\/07\/15153627\/planta-de-tratamiento-de-mila.jpeg","width":1920,"height":1080,"caption":"La planta de tratamiento de Mil\u00e0"},{"@type":"BreadcrumbList","@id":"https:\/\/newsroom.ferrovial.com\/es\/noticias\/ferrovial-servicios-gestionara-durante-25-anos-la-planta-de-tratamiento-de-mila-en-menorca\/#breadcrumb","itemListElement":[{"@type":"ListItem","position":1,"name":"Portada","item":"https:\/\/newsroom.ferrovial.com\/es\/"},{"@type":"ListItem","position":2,"name":"Ferrovial Servicios gestionar\u00e1 durante 25 a\u00f1os la planta de tratamiento de Mil\u00e1, en Menorca"}]},{"@type":"WebSite","@id":"https:\/\/newsroom.ferrovial.com\/es\/#website","url":"https:\/\/newsroom.ferrovial.com\/es\/","name":"Sala de prensa Ferrovial | \u00daltimas noticias","description":"Sala de prensa Ferrovial | \u00daltimas noticias","publisher":{"@id":"https:\/\/newsroom.ferrovial.com\/es\/#organization"},"potentialAction":[{"@type":"SearchAction","target":{"@type":"EntryPoint","urlTemplate":"https:\/\/newsroom.ferrovial.com\/es\/?s={search_term_string}"},"query-input":{"@type":"PropertyValueSpecification","valueRequired":true,"valueName":"search_term_string"}}],"inLanguage":"es"},{"@type":"Organization","@id":"https:\/\/newsroom.ferrovial.com\/es\/#organization","name":"Ferrovial S.A.","url":"https:\/\/newsroom.ferrovial.com\/es\/","logo":{"@type":"ImageObject","inLanguage":"es","@id":"https:\/\/newsroom.ferrovial.com\/es\/#\/schema\/logo\/image\/","url":"https:\/\/static.newsroom.ferrovial.com\/wp-content\/uploads\/2018\/07\/15145720\/Ferrovial_Logotipo1.jpg","contentUrl":"https:\/\/static.newsroom.ferrovial.com\/wp-content\/uploads\/2018\/07\/15145720\/Ferrovial_Logotipo1.jpg","width":600,"height":300,"caption":"Ferrovial S.A."},"image":{"@id":"https:\/\/newsroom.ferrovial.com\/es\/#\/schema\/logo\/image\/"},"sameAs":["https:\/\/www.facebook.com\/ferrovial","https:\/\/x.com\/ferrovial","https:\/\/www.instagram.com\/ferrovial\/","https:\/\/www.linkedin.com\/company\/ferrovial","https:\/\/www.pinterest.es\/ferrovial\/","https:\/\/www.youtube.com\/ferrovial","https:\/\/en.wikipedia.org\/wiki\/Ferrovial"]}]}},"_links":{"self":[{"href":"https:\/\/newsroom.ferrovial.com\/es\/wp-json\/wp\/v2\/new\/3631","targetHints":{"allow":["GET"]}}],"collection":[{"href":"https:\/\/newsroom.ferrovial.com\/es\/wp-json\/wp\/v2\/new"}],"about":[{"href":"https:\/\/newsroom.ferrovial.com\/es\/wp-json\/wp\/v2\/types\/new"}],"replies":[{"embeddable":true,"href":"https:\/\/newsroom.ferrovial.com\/es\/wp-json\/wp\/v2\/comments?post=3631"}],"version-history":[{"count":1,"href":"https:\/\/newsroom.ferrovial.com\/es\/wp-json\/wp\/v2\/new\/3631\/revisions"}],"predecessor-version":[{"id":96791,"href":"https:\/\/newsroom.ferrovial.com\/es\/wp-json\/wp\/v2\/new\/3631\/revisions\/96791"}],"wp:featuredmedia":[{"embeddable":true,"href":"https:\/\/newsroom.ferrovial.com\/es\/wp-json\/wp\/v2\/media\/3632"}],"wp:attachment":[{"href":"https:\/\/newsroom.ferrovial.com\/es\/wp-json\/wp\/v2\/media?parent=3631"}],"wp:term":[{"taxonomy":"nivel-2","embeddable":true,"href":"https:\/\/newsroom.ferrovial.com\/es\/wp-json\/wp\/v2\/nivel-2?post=3631"},{"taxonomy":"nivel-5","embeddable":true,"href":"https:\/\/newsroom.ferrovial.com\/es\/wp-json\/wp\/v2\/nivel-5?post=3631"},{"taxonomy":"nivel-1","embeddable":true,"href":"https:\/\/newsroom.ferrovial.com\/es\/wp-json\/wp\/v2\/nivel-1?post=3631"},{"taxonomy":"nivel-3","embeddable":true,"href":"https:\/\/newsroom.ferrovial.com\/es\/wp-json\/wp\/v2\/nivel-3?post=3631"},{"taxonomy":"nivel-4","embeddable":true,"href":"https:\/\/newsroom.ferrovial.com\/es\/wp-json\/wp\/v2\/nivel-4?post=3631"}],"curies":[{"name":"wp","href":"https:\/\/api.w.org\/{rel}","templated":true}]}}