{"id":3717,"date":"2016-03-17T00:00:00","date_gmt":"2016-03-17T00:00:00","guid":{"rendered":"https:\/\/newsroom.ferrovial.com\/news\/economia-circular-grupo-creado-por-ferrovial\/"},"modified":"2022-12-21T10:03:32","modified_gmt":"2022-12-21T09:03:32","slug":"economia-circular-grupo-creado-por-ferrovial","status":"publish","type":"new","link":"https:\/\/newsroom.ferrovial.com\/es\/noticias\/economia-circular-grupo-creado-por-ferrovial\/","title":{"rendered":"Ferrovial crea el grupo de trabajo de Econom\u00eda Circular"},"content":{"rendered":"    <section class=\"wysiwyg text-editor \" id=\"\">\n        <div class=\"container container--narrow container--p-10\">\n            <p><a title=\"Ferrovial Servicios\" href=\"https:\/\/www.ferrovial.com\/es\/lineas-de-negocio\/ferrovial-servicios\/\" target=\"_blank\" rel=\"dofollow\">Ferrovial Servicios<\/a>, a trav\u00e9s del Centro de Competencia de Medioambiente, junto con <a title=\"Construcci\u00f3n, Ferrovial\" href=\"https:\/\/www.ferrovial.com\/es\/lineas-de-negocio\/construccion\/\" target=\"_blank\" rel=\"dofollow\">Ferrovial Agroman<\/a> \u2013 a trav\u00e9s de la Direcci\u00f3n de I+D+i-, han constituido recientemente un grupo de trabajo de Econom\u00eda Circular orientado a identificar e impulsar oportunidades que permitan transformar los residuos generados y gestionados por ambos negocios, en materias primas o combustibles secundarios aprovechables en obras e infraestructuras dise\u00f1adas, construidas y operadas por Ferrovial.<\/p>\n<p>A diferencia del tradicional enfoque lineal de fabricar-consumir-verter, la econom\u00eda circular busca respetar los l\u00edmites del planeta incrementando la cuota de materiales y recursos reciclados en los ciclos productivos y disminuyendo a su vez tanto el consumo de materias primas v\u00edrgenes y combustibles primarios como las emisiones atmosf\u00e9ricas, la contaminaci\u00f3n de las aguas y de los suelos y las p\u00e9rdidas de materiales.<\/p>\n<p>La diversificaci\u00f3n de negocios e internacionalizaci\u00f3n de Ferrovial permite que este nuevo concepto sea entendido como una oportunidad para la b\u00fasqueda de soluciones diferenciadoras para sus clientes y mercados. Aunque este concepto no es nuevo para la compa\u00f1\u00eda \u2013numerosas obras ya hacen uso de productos o materiales fabricados con residuos- esta iniciativa pretende dar un paso m\u00e1s al incorporar \u00a0los residuos generados o gestionados por Ferrovial en obras o servicios prestados por la compa\u00f1\u00eda.<\/p>\n<p>El <a title=\"Centro de Competencia de Medio Ambiente, Ferrovial Servicios\" href=\"https:\/\/www.ferrovial.com\/es\/lineas-de-negocio\/ferrovial-servicios\/centros-de-competencia\/medio-ambiente\/\" target=\"_blank\" rel=\"dofollow\">Centro de Competencia de Medio Ambiente<\/a> de Ferrovial Servicios ofrece un completo soporte t\u00e9cnico durante todo el ciclo de uso de los activos medioambientales, desde el estudio inicial, el dise\u00f1o adaptado, la licitaci\u00f3n, la supervisi\u00f3n durante la construcci\u00f3n y la asistencia continua, adem\u00e1s de la investigaci\u00f3n y el desarrollo de soluciones de gesti\u00f3n, tratamiento y valorizaci\u00f3n de los residuos.<\/p>\n<p>Por otro lado, el departamento de I+D de Ferrovial Agrom\u00e1n tiene, entre sus l\u00edneas estrat\u00e9gicas, la investigaci\u00f3n en nuevos productos y procesos ambientalmente sostenibles, permitiendo llevar a cabo proyectos innovadores y disminuyendo el impacto ambiental de sus actividades.<\/p>\n        <\/div>\n    <\/section>\n","protected":false},"excerpt":{"rendered":"","protected":false},"featured_media":3718,"menu_order":0,"comment_status":"closed","ping_status":"closed","template":"","nivel-2":[936,1456,1846,1001,2206,976],"nivel-5":[2149],"nivel-1":[],"nivel-3":[1258],"nivel-4":[],"class_list":["post-3717","new","type-new","status-publish","has-post-thumbnail","hentry","nivel-2-conservacion-del-medio-ambiente","nivel-2-economia-circular","nivel-2-gestion","nivel-2-materiales","nivel-2-obras","nivel-2-residuos","nivel-5-ferrovial-construccion","nivel-3-espana"],"acf":[],"yoast_head":"<title>Ferrovial crea el grupo de trabajo de Econom\u00eda Circular Sala de prensa Ferrovial | \u00daltimas noticias<\/title>\n<meta name=\"description\" content=\"Sala de prensa Ferrovial | \u00daltimas noticias\" \/>\n<meta name=\"robots\" content=\"index, follow, max-snippet:-1, max-image-preview:large, max-video-preview:-1\" \/>\n<link rel=\"canonical\" href=\"https:\/\/newsroom.ferrovial.com\/es\/noticias\/economia-circular-grupo-creado-por-ferrovial\/\" \/>\n<meta property=\"og:locale\" content=\"es_ES\" \/>\n<meta property=\"og:type\" content=\"article\" \/>\n<meta property=\"og:title\" content=\"Ferrovial crea el grupo de trabajo de Econom\u00eda Circular Sala de prensa Ferrovial | \u00daltimas noticias\" \/>\n<meta property=\"og:description\" content=\"Sala de prensa Ferrovial | \u00daltimas noticias\" \/>\n<meta property=\"og:url\" content=\"https:\/\/newsroom.ferrovial.com\/es\/noticias\/economia-circular-grupo-creado-por-ferrovial\/\" \/>\n<meta property=\"og:site_name\" content=\"Sala de prensa Ferrovial | \u00daltimas noticias\" \/>\n<meta property=\"article:publisher\" content=\"https:\/\/www.facebook.com\/ferrovial\" \/>\n<meta property=\"article:modified_time\" content=\"2022-12-21T09:03:32+00:00\" \/>\n<meta property=\"og:image\" content=\"https:\/\/newsroom.ferrovial.com\/wp-content\/uploads\/sites\/4\/2018\/07\/ferrovial-crea-grupo-de-trabajo-economia-circular.jpg\" \/>\n\t<meta property=\"og:image:width\" content=\"990\" \/>\n\t<meta property=\"og:image:height\" content=\"728\" \/>\n\t<meta property=\"og:image:type\" content=\"image\/jpeg\" \/>\n<meta name=\"twitter:card\" content=\"summary_large_image\" \/>\n<meta name=\"twitter:site\" content=\"@ferrovial\" \/>\n<script type=\"application\/ld+json\" class=\"yoast-schema-graph\">{\"@context\":\"https:\/\/schema.org\",\"@graph\":[{\"@type\":\"WebPage\",\"@id\":\"https:\/\/newsroom.ferrovial.com\/es\/noticias\/economia-circular-grupo-creado-por-ferrovial\/\",\"url\":\"https:\/\/newsroom.ferrovial.com\/es\/noticias\/economia-circular-grupo-creado-por-ferrovial\/\",\"name\":\"Ferrovial crea el grupo de trabajo de Econom\u00eda Circular Sala de prensa Ferrovial | \u00daltimas noticias\",\"isPartOf\":{\"@id\":\"https:\/\/newsroom.ferrovial.com\/es\/#website\"},\"primaryImageOfPage\":{\"@id\":\"https:\/\/newsroom.ferrovial.com\/es\/noticias\/economia-circular-grupo-creado-por-ferrovial\/#primaryimage\"},\"image\":{\"@id\":\"https:\/\/newsroom.ferrovial.com\/es\/noticias\/economia-circular-grupo-creado-por-ferrovial\/#primaryimage\"},\"thumbnailUrl\":\"https:\/\/static.newsroom.ferrovial.com\/wp-content\/uploads\/2018\/07\/15153539\/ferrovial-crea-grupo-de-trabajo-economia-circular.jpg\",\"datePublished\":\"2016-03-17T00:00:00+00:00\",\"dateModified\":\"2022-12-21T09:03:32+00:00\",\"description\":\"Sala de prensa Ferrovial | \u00daltimas noticias\",\"breadcrumb\":{\"@id\":\"https:\/\/newsroom.ferrovial.com\/es\/noticias\/economia-circular-grupo-creado-por-ferrovial\/#breadcrumb\"},\"inLanguage\":\"es\",\"potentialAction\":[{\"@type\":\"ReadAction\",\"target\":[\"https:\/\/newsroom.ferrovial.com\/es\/noticias\/economia-circular-grupo-creado-por-ferrovial\/\"]}]},{\"@type\":\"ImageObject\",\"inLanguage\":\"es\",\"@id\":\"https:\/\/newsroom.ferrovial.com\/es\/noticias\/economia-circular-grupo-creado-por-ferrovial\/#primaryimage\",\"url\":\"https:\/\/static.newsroom.ferrovial.com\/wp-content\/uploads\/2018\/07\/15153539\/ferrovial-crea-grupo-de-trabajo-economia-circular.jpg\",\"contentUrl\":\"https:\/\/static.newsroom.ferrovial.com\/wp-content\/uploads\/2018\/07\/15153539\/ferrovial-crea-grupo-de-trabajo-economia-circular.jpg\",\"width\":990,\"height\":728,\"caption\":\"Ferrovial ha creado el grupo de trabajo Economia Circular\"},{\"@type\":\"BreadcrumbList\",\"@id\":\"https:\/\/newsroom.ferrovial.com\/es\/noticias\/economia-circular-grupo-creado-por-ferrovial\/#breadcrumb\",\"itemListElement\":[{\"@type\":\"ListItem\",\"position\":1,\"name\":\"Portada\",\"item\":\"https:\/\/newsroom.ferrovial.com\/es\/\"},{\"@type\":\"ListItem\",\"position\":2,\"name\":\"Ferrovial crea el grupo de trabajo de Econom\u00eda Circular\"}]},{\"@type\":\"WebSite\",\"@id\":\"https:\/\/newsroom.ferrovial.com\/es\/#website\",\"url\":\"https:\/\/newsroom.ferrovial.com\/es\/\",\"name\":\"Sala de prensa Ferrovial | \u00daltimas noticias\",\"description\":\"Sala de prensa Ferrovial | \u00daltimas noticias\",\"publisher\":{\"@id\":\"https:\/\/newsroom.ferrovial.com\/es\/#organization\"},\"potentialAction\":[{\"@type\":\"SearchAction\",\"target\":{\"@type\":\"EntryPoint\",\"urlTemplate\":\"https:\/\/newsroom.ferrovial.com\/es\/?s={search_term_string}\"},\"query-input\":{\"@type\":\"PropertyValueSpecification\",\"valueRequired\":true,\"valueName\":\"search_term_string\"}}],\"inLanguage\":\"es\"},{\"@type\":\"Organization\",\"@id\":\"https:\/\/newsroom.ferrovial.com\/es\/#organization\",\"name\":\"Ferrovial S.A.\",\"url\":\"https:\/\/newsroom.ferrovial.com\/es\/\",\"logo\":{\"@type\":\"ImageObject\",\"inLanguage\":\"es\",\"@id\":\"https:\/\/newsroom.ferrovial.com\/es\/#\/schema\/logo\/image\/\",\"url\":\"https:\/\/static.newsroom.ferrovial.com\/wp-content\/uploads\/2018\/07\/15145720\/Ferrovial_Logotipo1.jpg\",\"contentUrl\":\"https:\/\/static.newsroom.ferrovial.com\/wp-content\/uploads\/2018\/07\/15145720\/Ferrovial_Logotipo1.jpg\",\"width\":600,\"height\":300,\"caption\":\"Ferrovial S.A.\"},\"image\":{\"@id\":\"https:\/\/newsroom.ferrovial.com\/es\/#\/schema\/logo\/image\/\"},\"sameAs\":[\"https:\/\/www.facebook.com\/ferrovial\",\"https:\/\/x.com\/ferrovial\",\"https:\/\/www.instagram.com\/ferrovial\/\",\"https:\/\/www.linkedin.com\/company\/ferrovial\",\"https:\/\/www.pinterest.es\/ferrovial\/\",\"https:\/\/www.youtube.com\/ferrovial\",\"https:\/\/en.wikipedia.org\/wiki\/Ferrovial\"]}]}<\/script>","yoast_head_json":{"title":"Ferrovial crea el grupo de trabajo de Econom\u00eda Circular Sala de prensa Ferrovial | \u00daltimas noticias","description":"Sala de prensa Ferrovial | \u00daltimas noticias","robots":{"index":"index","follow":"follow","max-snippet":"max-snippet:-1","max-image-preview":"max-image-preview:large","max-video-preview":"max-video-preview:-1"},"canonical":"https:\/\/newsroom.ferrovial.com\/es\/noticias\/economia-circular-grupo-creado-por-ferrovial\/","og_locale":"es_ES","og_type":"article","og_title":"Ferrovial crea el grupo de trabajo de Econom\u00eda Circular Sala de prensa Ferrovial | \u00daltimas noticias","og_description":"Sala de prensa Ferrovial | \u00daltimas noticias","og_url":"https:\/\/newsroom.ferrovial.com\/es\/noticias\/economia-circular-grupo-creado-por-ferrovial\/","og_site_name":"Sala de prensa Ferrovial | \u00daltimas noticias","article_publisher":"https:\/\/www.facebook.com\/ferrovial","article_modified_time":"2022-12-21T09:03:32+00:00","og_image":[{"width":990,"height":728,"url":"https:\/\/newsroom.ferrovial.com\/wp-content\/uploads\/sites\/4\/2018\/07\/ferrovial-crea-grupo-de-trabajo-economia-circular.jpg","type":"image\/jpeg"}],"twitter_card":"summary_large_image","twitter_site":"@ferrovial","schema":{"@context":"https:\/\/schema.org","@graph":[{"@type":"WebPage","@id":"https:\/\/newsroom.ferrovial.com\/es\/noticias\/economia-circular-grupo-creado-por-ferrovial\/","url":"https:\/\/newsroom.ferrovial.com\/es\/noticias\/economia-circular-grupo-creado-por-ferrovial\/","name":"Ferrovial crea el grupo de trabajo de Econom\u00eda Circular Sala de prensa Ferrovial | \u00daltimas noticias","isPartOf":{"@id":"https:\/\/newsroom.ferrovial.com\/es\/#website"},"primaryImageOfPage":{"@id":"https:\/\/newsroom.ferrovial.com\/es\/noticias\/economia-circular-grupo-creado-por-ferrovial\/#primaryimage"},"image":{"@id":"https:\/\/newsroom.ferrovial.com\/es\/noticias\/economia-circular-grupo-creado-por-ferrovial\/#primaryimage"},"thumbnailUrl":"https:\/\/static.newsroom.ferrovial.com\/wp-content\/uploads\/2018\/07\/15153539\/ferrovial-crea-grupo-de-trabajo-economia-circular.jpg","datePublished":"2016-03-17T00:00:00+00:00","dateModified":"2022-12-21T09:03:32+00:00","description":"Sala de prensa Ferrovial | \u00daltimas noticias","breadcrumb":{"@id":"https:\/\/newsroom.ferrovial.com\/es\/noticias\/economia-circular-grupo-creado-por-ferrovial\/#breadcrumb"},"inLanguage":"es","potentialAction":[{"@type":"ReadAction","target":["https:\/\/newsroom.ferrovial.com\/es\/noticias\/economia-circular-grupo-creado-por-ferrovial\/"]}]},{"@type":"ImageObject","inLanguage":"es","@id":"https:\/\/newsroom.ferrovial.com\/es\/noticias\/economia-circular-grupo-creado-por-ferrovial\/#primaryimage","url":"https:\/\/static.newsroom.ferrovial.com\/wp-content\/uploads\/2018\/07\/15153539\/ferrovial-crea-grupo-de-trabajo-economia-circular.jpg","contentUrl":"https:\/\/static.newsroom.ferrovial.com\/wp-content\/uploads\/2018\/07\/15153539\/ferrovial-crea-grupo-de-trabajo-economia-circular.jpg","width":990,"height":728,"caption":"Ferrovial ha creado el grupo de trabajo Economia Circular"},{"@type":"BreadcrumbList","@id":"https:\/\/newsroom.ferrovial.com\/es\/noticias\/economia-circular-grupo-creado-por-ferrovial\/#breadcrumb","itemListElement":[{"@type":"ListItem","position":1,"name":"Portada","item":"https:\/\/newsroom.ferrovial.com\/es\/"},{"@type":"ListItem","position":2,"name":"Ferrovial crea el grupo de trabajo de Econom\u00eda Circular"}]},{"@type":"WebSite","@id":"https:\/\/newsroom.ferrovial.com\/es\/#website","url":"https:\/\/newsroom.ferrovial.com\/es\/","name":"Sala de prensa Ferrovial | \u00daltimas noticias","description":"Sala de prensa Ferrovial | \u00daltimas noticias","publisher":{"@id":"https:\/\/newsroom.ferrovial.com\/es\/#organization"},"potentialAction":[{"@type":"SearchAction","target":{"@type":"EntryPoint","urlTemplate":"https:\/\/newsroom.ferrovial.com\/es\/?s={search_term_string}"},"query-input":{"@type":"PropertyValueSpecification","valueRequired":true,"valueName":"search_term_string"}}],"inLanguage":"es"},{"@type":"Organization","@id":"https:\/\/newsroom.ferrovial.com\/es\/#organization","name":"Ferrovial S.A.","url":"https:\/\/newsroom.ferrovial.com\/es\/","logo":{"@type":"ImageObject","inLanguage":"es","@id":"https:\/\/newsroom.ferrovial.com\/es\/#\/schema\/logo\/image\/","url":"https:\/\/static.newsroom.ferrovial.com\/wp-content\/uploads\/2018\/07\/15145720\/Ferrovial_Logotipo1.jpg","contentUrl":"https:\/\/static.newsroom.ferrovial.com\/wp-content\/uploads\/2018\/07\/15145720\/Ferrovial_Logotipo1.jpg","width":600,"height":300,"caption":"Ferrovial S.A."},"image":{"@id":"https:\/\/newsroom.ferrovial.com\/es\/#\/schema\/logo\/image\/"},"sameAs":["https:\/\/www.facebook.com\/ferrovial","https:\/\/x.com\/ferrovial","https:\/\/www.instagram.com\/ferrovial\/","https:\/\/www.linkedin.com\/company\/ferrovial","https:\/\/www.pinterest.es\/ferrovial\/","https:\/\/www.youtube.com\/ferrovial","https:\/\/en.wikipedia.org\/wiki\/Ferrovial"]}]}},"_links":{"self":[{"href":"https:\/\/newsroom.ferrovial.com\/es\/wp-json\/wp\/v2\/new\/3717","targetHints":{"allow":["GET"]}}],"collection":[{"href":"https:\/\/newsroom.ferrovial.com\/es\/wp-json\/wp\/v2\/new"}],"about":[{"href":"https:\/\/newsroom.ferrovial.com\/es\/wp-json\/wp\/v2\/types\/new"}],"replies":[{"embeddable":true,"href":"https:\/\/newsroom.ferrovial.com\/es\/wp-json\/wp\/v2\/comments?post=3717"}],"version-history":[{"count":1,"href":"https:\/\/newsroom.ferrovial.com\/es\/wp-json\/wp\/v2\/new\/3717\/revisions"}],"predecessor-version":[{"id":117531,"href":"https:\/\/newsroom.ferrovial.com\/es\/wp-json\/wp\/v2\/new\/3717\/revisions\/117531"}],"wp:featuredmedia":[{"embeddable":true,"href":"https:\/\/newsroom.ferrovial.com\/es\/wp-json\/wp\/v2\/media\/3718"}],"wp:attachment":[{"href":"https:\/\/newsroom.ferrovial.com\/es\/wp-json\/wp\/v2\/media?parent=3717"}],"wp:term":[{"taxonomy":"nivel-2","embeddable":true,"href":"https:\/\/newsroom.ferrovial.com\/es\/wp-json\/wp\/v2\/nivel-2?post=3717"},{"taxonomy":"nivel-5","embeddable":true,"href":"https:\/\/newsroom.ferrovial.com\/es\/wp-json\/wp\/v2\/nivel-5?post=3717"},{"taxonomy":"nivel-1","embeddable":true,"href":"https:\/\/newsroom.ferrovial.com\/es\/wp-json\/wp\/v2\/nivel-1?post=3717"},{"taxonomy":"nivel-3","embeddable":true,"href":"https:\/\/newsroom.ferrovial.com\/es\/wp-json\/wp\/v2\/nivel-3?post=3717"},{"taxonomy":"nivel-4","embeddable":true,"href":"https:\/\/newsroom.ferrovial.com\/es\/wp-json\/wp\/v2\/nivel-4?post=3717"}],"curies":[{"name":"wp","href":"https:\/\/api.w.org\/{rel}","templated":true}]}}