{"id":3730,"date":"2016-03-30T00:00:00","date_gmt":"2016-03-30T00:00:00","guid":{"rendered":"https:\/\/newsroom.ferrovial.com\/news\/cambio-climatico-evento-ferrovial\/"},"modified":"2024-12-13T20:12:35","modified_gmt":"2024-12-13T19:12:35","slug":"cambio-climatico-evento-ferrovial","status":"publish","type":"new","link":"https:\/\/newsroom.ferrovial.com\/es\/noticias\/cambio-climatico-evento-ferrovial\/","title":{"rendered":"Ferrovial acoge el evento sobre el Cambio Clim\u00e1tico en Parques Nacionales"},"content":{"rendered":"    <section class=\"wysiwyg text-editor \" id=\"\">\n        <div class=\"container container--narrow container--p-10\">\n            <p>Ferrovial ha acogido en la sede de la Universidad Corporativa, <a title=\"La universidad de Ferrovial, SUMMA\" href=\"https:\/\/www.ferrovial.com\/es\/nuestras-personas\/por-que-ferrovial\/universidad-ferrovial-summa\/\" target=\"_blank\" rel=\"dofollow noopener\">SUMMA<\/a>, una jornada sobre <a title=\"15 compromisos con el cambio climatico para empresas\" href=\"https:\/\/blog.ferrovial.com\/es\/2015\/08\/los-15-compromisos-con-el-cambio-climatico-que-deben-plantearse-las-empresas\/\" target=\"_blank\" rel=\"dofollow noopener\">Cambio Clim\u00e1tico<\/a> dentro del proyecto \u201cRed de Seguimiento del Cambio Global en Parques Nacionales\u201d.<\/p>\n<p>Este evento, en el que han estado presentes representantes del Ministerio de Agricultura, Alimentaci\u00f3n y Medio Ambiente, directores de Parques Nacionales y todos los socios del proyecto as\u00ed como el Director de Calidad, Prevenci\u00f3n y Medio Ambiente de Ferrovial, Valent\u00edn Alfaya, ha servido para intercambiar opiniones y debatir sobre la hoja de ruta de esta iniciativa.<\/p>\n<p>Durante esta jornada, se ha trabajado en la elaboraci\u00f3n de un plan de comunicaci\u00f3n, la necesidad de mantener convocatorias de ayudas a la investigaci\u00f3n en este \u00e1mbito por parte de las diferentes entidades implicadas, sumar a esta red nuevos Parques Nacionales y la creaci\u00f3n de programas de ciencia ciudadana asociados a este proyecto.<\/p>\n<p>Esta iniciativa se lleva a cabo mediante un convenio de colaboraci\u00f3n entre el Organismo Aut\u00f3nomo Parques Nacionales, la Oficina Espa\u00f1ola de Cambio Clim\u00e1tico, la Agencia Estatal de Meteorolog\u00eda y <a title=\"p\u00e1gina web de la Fundaci\u00f3n Biodiversidad\" href=\"http:\/\/fundacion-biodiversidad.es\/\" target=\"_blank\" rel=\"dofollow noopener\">la Fundaci\u00f3n Biodiversidad<\/a> con la colaboraci\u00f3n de <a title=\"Ferrovial Agroman\" href=\"https:\/\/www.ferrovial.com\/es\/lineas-de-negocio\/construccion\/\" target=\"_blank\" rel=\"dofollow noopener\">Ferrovial-Agroman<\/a> y tiene como objetivo aumentar el conocimiento sobre los efectos del cambio global mediante la toma de datos \u201cin situ\u201d y favorecer el desarrollo de un sistema de evaluaci\u00f3n y seguimiento de los impactos que se pueden producir en la red de Parques Nacionales. Por su bajo nivel de influencia humana, estas joyas del capital natural de nuestro pa\u00eds son consideradas como los mejores centros de experimentaci\u00f3n para entender qu\u00e9 efectos sobre los ecosistemas y recursos naturales tendr\u00e1 un clima cambiante, cada vez m\u00e1s c\u00e1lido en nuestra zona biogeogr\u00e1fica, tal y como predicen los cient\u00edficos.<\/p>\n<h2>Red de Seguimiento del Cambio Clim\u00e1tico\u00a0en Parques Nacionales<\/h2>\n<p>La Red de Seguimiento del Cambio Global en Parques Nacionales es un ejemplo de la importancia de la colaboraci\u00f3n p\u00fablico-privada para la puesta en marcha de proyectos en beneficio del medio ambiente.<\/p>\n<p>As\u00ed, este proyecto ha creado una infraestructura para la toma de datos clim\u00e1ticos gracias a la instalaci\u00f3n de una red de estaciones meteorol\u00f3gicas. Datos que son procesados y est\u00e1n disponibles para su utilizaci\u00f3n por la comunidad cient\u00edfica, con el objeto de desarrollar un sistema de evaluaci\u00f3n y seguimiento de los impactos que se pueden generar en los parques nacionales como <a title=\"Ferrovial Blog, De qu\u00e9 trata la COP21?\" href=\"https:\/\/blog.ferrovial.com\/es\/2015\/12\/de-que-trata-la-cop21\/\" target=\"_blank\" rel=\"dofollow noopener\">consecuencia del cambio global<\/a>.<\/p>\n<p>Conoce m\u00e1s informaci\u00f3n sobre el compromiso del medio ambiente de Ferrovial en <a title=\"Ferrovial, Calidad y Medioambiente\" href=\"https:\/\/www.ferrovial.com\/es\/nuestro-compromiso-ferrovial\/calidad-y-medio-ambiente\/\" target=\"_blank\" rel=\"dofollow noopener\">esta p\u00e1gina<\/a>.<\/p>\n        <\/div>\n    <\/section>\n","protected":false},"excerpt":{"rendered":"","protected":false},"featured_media":3731,"menu_order":0,"comment_status":"closed","ping_status":"closed","template":"","nivel-2":[928,2621,2231,972,994,1036],"nivel-5":[2149],"nivel-1":[],"nivel-3":[1258],"nivel-4":[],"class_list":["post-3730","new","type-new","status-publish","has-post-thumbnail","hentry","nivel-2-cambio-climatico","nivel-2-comunicacion","nivel-2-cultura-empresarial","nivel-2-eventos","nivel-2-investigacion","nivel-2-responsabilidad-social-corporativa","nivel-5-ferrovial-construccion","nivel-3-espana"],"acf":[],"yoast_head":"<title>Ferrovial acoge el evento sobre el Cambio Clim\u00e1tico en Parques Nacionales Sala de prensa Ferrovial | \u00daltimas noticias<\/title>\n<meta name=\"description\" content=\"Sala de prensa Ferrovial | \u00daltimas noticias\" \/>\n<meta name=\"robots\" content=\"index, follow, max-snippet:-1, max-image-preview:large, max-video-preview:-1\" \/>\n<link rel=\"canonical\" href=\"https:\/\/newsroom.ferrovial.com\/es\/noticias\/cambio-climatico-evento-ferrovial\/\" \/>\n<meta property=\"og:locale\" content=\"es_ES\" \/>\n<meta property=\"og:type\" content=\"article\" \/>\n<meta property=\"og:title\" content=\"Ferrovial acoge el evento sobre el Cambio Clim\u00e1tico en Parques Nacionales Sala de prensa Ferrovial | \u00daltimas noticias\" \/>\n<meta property=\"og:description\" content=\"Sala de prensa Ferrovial | \u00daltimas noticias\" \/>\n<meta property=\"og:url\" content=\"https:\/\/newsroom.ferrovial.com\/es\/noticias\/cambio-climatico-evento-ferrovial\/\" \/>\n<meta property=\"og:site_name\" content=\"Sala de prensa Ferrovial | \u00daltimas noticias\" \/>\n<meta property=\"article:publisher\" content=\"https:\/\/www.facebook.com\/ferrovial\" \/>\n<meta property=\"article:modified_time\" content=\"2024-12-13T19:12:35+00:00\" \/>\n<meta property=\"og:image\" content=\"https:\/\/newsroom.ferrovial.com\/wp-content\/uploads\/sites\/4\/2018\/07\/ferrovial-hosts-climate-change-event1.jpg\" \/>\n\t<meta property=\"og:image:width\" content=\"3798\" \/>\n\t<meta property=\"og:image:height\" content=\"1996\" \/>\n\t<meta property=\"og:image:type\" content=\"image\/jpeg\" \/>\n<meta name=\"twitter:card\" content=\"summary_large_image\" \/>\n<meta name=\"twitter:site\" content=\"@ferrovial\" \/>\n<meta name=\"twitter:label1\" content=\"Tiempo de lectura\" \/>\n\t<meta name=\"twitter:data1\" content=\"2 minutos\" \/>\n<script type=\"application\/ld+json\" class=\"yoast-schema-graph\">{\"@context\":\"https:\/\/schema.org\",\"@graph\":[{\"@type\":\"WebPage\",\"@id\":\"https:\/\/newsroom.ferrovial.com\/es\/noticias\/cambio-climatico-evento-ferrovial\/\",\"url\":\"https:\/\/newsroom.ferrovial.com\/es\/noticias\/cambio-climatico-evento-ferrovial\/\",\"name\":\"Ferrovial acoge el evento sobre el Cambio Clim\u00e1tico en Parques Nacionales Sala de prensa Ferrovial | \u00daltimas noticias\",\"isPartOf\":{\"@id\":\"https:\/\/newsroom.ferrovial.com\/es\/#website\"},\"primaryImageOfPage\":{\"@id\":\"https:\/\/newsroom.ferrovial.com\/es\/noticias\/cambio-climatico-evento-ferrovial\/#primaryimage\"},\"image\":{\"@id\":\"https:\/\/newsroom.ferrovial.com\/es\/noticias\/cambio-climatico-evento-ferrovial\/#primaryimage\"},\"thumbnailUrl\":\"https:\/\/static.newsroom.ferrovial.com\/wp-content\/uploads\/2018\/07\/15153533\/ferrovial-hosts-climate-change-event1.jpg\",\"datePublished\":\"2016-03-30T00:00:00+00:00\",\"dateModified\":\"2024-12-13T19:12:35+00:00\",\"description\":\"Sala de prensa Ferrovial | \u00daltimas noticias\",\"breadcrumb\":{\"@id\":\"https:\/\/newsroom.ferrovial.com\/es\/noticias\/cambio-climatico-evento-ferrovial\/#breadcrumb\"},\"inLanguage\":\"es\",\"potentialAction\":[{\"@type\":\"ReadAction\",\"target\":[\"https:\/\/newsroom.ferrovial.com\/es\/noticias\/cambio-climatico-evento-ferrovial\/\"]}]},{\"@type\":\"ImageObject\",\"inLanguage\":\"es\",\"@id\":\"https:\/\/newsroom.ferrovial.com\/es\/noticias\/cambio-climatico-evento-ferrovial\/#primaryimage\",\"url\":\"https:\/\/static.newsroom.ferrovial.com\/wp-content\/uploads\/2018\/07\/15153533\/ferrovial-hosts-climate-change-event1.jpg\",\"contentUrl\":\"https:\/\/static.newsroom.ferrovial.com\/wp-content\/uploads\/2018\/07\/15153533\/ferrovial-hosts-climate-change-event1.jpg\",\"width\":3798,\"height\":1996,\"caption\":\"Ferrovial hosts climate change conference at corporate uniiversity\"},{\"@type\":\"BreadcrumbList\",\"@id\":\"https:\/\/newsroom.ferrovial.com\/es\/noticias\/cambio-climatico-evento-ferrovial\/#breadcrumb\",\"itemListElement\":[{\"@type\":\"ListItem\",\"position\":1,\"name\":\"Portada\",\"item\":\"https:\/\/newsroom.ferrovial.com\/es\/\"},{\"@type\":\"ListItem\",\"position\":2,\"name\":\"Ferrovial acoge el evento sobre el Cambio Clim\u00e1tico en Parques Nacionales\"}]},{\"@type\":\"WebSite\",\"@id\":\"https:\/\/newsroom.ferrovial.com\/es\/#website\",\"url\":\"https:\/\/newsroom.ferrovial.com\/es\/\",\"name\":\"Sala de prensa Ferrovial | \u00daltimas noticias\",\"description\":\"Sala de prensa Ferrovial | \u00daltimas noticias\",\"publisher\":{\"@id\":\"https:\/\/newsroom.ferrovial.com\/es\/#organization\"},\"potentialAction\":[{\"@type\":\"SearchAction\",\"target\":{\"@type\":\"EntryPoint\",\"urlTemplate\":\"https:\/\/newsroom.ferrovial.com\/es\/?s={search_term_string}\"},\"query-input\":{\"@type\":\"PropertyValueSpecification\",\"valueRequired\":true,\"valueName\":\"search_term_string\"}}],\"inLanguage\":\"es\"},{\"@type\":\"Organization\",\"@id\":\"https:\/\/newsroom.ferrovial.com\/es\/#organization\",\"name\":\"Ferrovial S.A.\",\"url\":\"https:\/\/newsroom.ferrovial.com\/es\/\",\"logo\":{\"@type\":\"ImageObject\",\"inLanguage\":\"es\",\"@id\":\"https:\/\/newsroom.ferrovial.com\/es\/#\/schema\/logo\/image\/\",\"url\":\"https:\/\/static.newsroom.ferrovial.com\/wp-content\/uploads\/2018\/07\/15145720\/Ferrovial_Logotipo1.jpg\",\"contentUrl\":\"https:\/\/static.newsroom.ferrovial.com\/wp-content\/uploads\/2018\/07\/15145720\/Ferrovial_Logotipo1.jpg\",\"width\":600,\"height\":300,\"caption\":\"Ferrovial S.A.\"},\"image\":{\"@id\":\"https:\/\/newsroom.ferrovial.com\/es\/#\/schema\/logo\/image\/\"},\"sameAs\":[\"https:\/\/www.facebook.com\/ferrovial\",\"https:\/\/x.com\/ferrovial\",\"https:\/\/www.instagram.com\/ferrovial\/\",\"https:\/\/www.linkedin.com\/company\/ferrovial\",\"https:\/\/www.pinterest.es\/ferrovial\/\",\"https:\/\/www.youtube.com\/ferrovial\",\"https:\/\/en.wikipedia.org\/wiki\/Ferrovial\"]}]}<\/script>","yoast_head_json":{"title":"Ferrovial acoge el evento sobre el Cambio Clim\u00e1tico en Parques Nacionales Sala de prensa Ferrovial | \u00daltimas noticias","description":"Sala de prensa Ferrovial | \u00daltimas noticias","robots":{"index":"index","follow":"follow","max-snippet":"max-snippet:-1","max-image-preview":"max-image-preview:large","max-video-preview":"max-video-preview:-1"},"canonical":"https:\/\/newsroom.ferrovial.com\/es\/noticias\/cambio-climatico-evento-ferrovial\/","og_locale":"es_ES","og_type":"article","og_title":"Ferrovial acoge el evento sobre el Cambio Clim\u00e1tico en Parques Nacionales Sala de prensa Ferrovial | \u00daltimas noticias","og_description":"Sala de prensa Ferrovial | \u00daltimas noticias","og_url":"https:\/\/newsroom.ferrovial.com\/es\/noticias\/cambio-climatico-evento-ferrovial\/","og_site_name":"Sala de prensa Ferrovial | \u00daltimas noticias","article_publisher":"https:\/\/www.facebook.com\/ferrovial","article_modified_time":"2024-12-13T19:12:35+00:00","og_image":[{"width":3798,"height":1996,"url":"https:\/\/newsroom.ferrovial.com\/wp-content\/uploads\/sites\/4\/2018\/07\/ferrovial-hosts-climate-change-event1.jpg","type":"image\/jpeg"}],"twitter_card":"summary_large_image","twitter_site":"@ferrovial","twitter_misc":{"Tiempo de lectura":"2 minutos"},"schema":{"@context":"https:\/\/schema.org","@graph":[{"@type":"WebPage","@id":"https:\/\/newsroom.ferrovial.com\/es\/noticias\/cambio-climatico-evento-ferrovial\/","url":"https:\/\/newsroom.ferrovial.com\/es\/noticias\/cambio-climatico-evento-ferrovial\/","name":"Ferrovial acoge el evento sobre el Cambio Clim\u00e1tico en Parques Nacionales Sala de prensa Ferrovial | \u00daltimas noticias","isPartOf":{"@id":"https:\/\/newsroom.ferrovial.com\/es\/#website"},"primaryImageOfPage":{"@id":"https:\/\/newsroom.ferrovial.com\/es\/noticias\/cambio-climatico-evento-ferrovial\/#primaryimage"},"image":{"@id":"https:\/\/newsroom.ferrovial.com\/es\/noticias\/cambio-climatico-evento-ferrovial\/#primaryimage"},"thumbnailUrl":"https:\/\/static.newsroom.ferrovial.com\/wp-content\/uploads\/2018\/07\/15153533\/ferrovial-hosts-climate-change-event1.jpg","datePublished":"2016-03-30T00:00:00+00:00","dateModified":"2024-12-13T19:12:35+00:00","description":"Sala de prensa Ferrovial | \u00daltimas noticias","breadcrumb":{"@id":"https:\/\/newsroom.ferrovial.com\/es\/noticias\/cambio-climatico-evento-ferrovial\/#breadcrumb"},"inLanguage":"es","potentialAction":[{"@type":"ReadAction","target":["https:\/\/newsroom.ferrovial.com\/es\/noticias\/cambio-climatico-evento-ferrovial\/"]}]},{"@type":"ImageObject","inLanguage":"es","@id":"https:\/\/newsroom.ferrovial.com\/es\/noticias\/cambio-climatico-evento-ferrovial\/#primaryimage","url":"https:\/\/static.newsroom.ferrovial.com\/wp-content\/uploads\/2018\/07\/15153533\/ferrovial-hosts-climate-change-event1.jpg","contentUrl":"https:\/\/static.newsroom.ferrovial.com\/wp-content\/uploads\/2018\/07\/15153533\/ferrovial-hosts-climate-change-event1.jpg","width":3798,"height":1996,"caption":"Ferrovial hosts climate change conference at corporate uniiversity"},{"@type":"BreadcrumbList","@id":"https:\/\/newsroom.ferrovial.com\/es\/noticias\/cambio-climatico-evento-ferrovial\/#breadcrumb","itemListElement":[{"@type":"ListItem","position":1,"name":"Portada","item":"https:\/\/newsroom.ferrovial.com\/es\/"},{"@type":"ListItem","position":2,"name":"Ferrovial acoge el evento sobre el Cambio Clim\u00e1tico en Parques Nacionales"}]},{"@type":"WebSite","@id":"https:\/\/newsroom.ferrovial.com\/es\/#website","url":"https:\/\/newsroom.ferrovial.com\/es\/","name":"Sala de prensa Ferrovial | \u00daltimas noticias","description":"Sala de prensa Ferrovial | \u00daltimas noticias","publisher":{"@id":"https:\/\/newsroom.ferrovial.com\/es\/#organization"},"potentialAction":[{"@type":"SearchAction","target":{"@type":"EntryPoint","urlTemplate":"https:\/\/newsroom.ferrovial.com\/es\/?s={search_term_string}"},"query-input":{"@type":"PropertyValueSpecification","valueRequired":true,"valueName":"search_term_string"}}],"inLanguage":"es"},{"@type":"Organization","@id":"https:\/\/newsroom.ferrovial.com\/es\/#organization","name":"Ferrovial S.A.","url":"https:\/\/newsroom.ferrovial.com\/es\/","logo":{"@type":"ImageObject","inLanguage":"es","@id":"https:\/\/newsroom.ferrovial.com\/es\/#\/schema\/logo\/image\/","url":"https:\/\/static.newsroom.ferrovial.com\/wp-content\/uploads\/2018\/07\/15145720\/Ferrovial_Logotipo1.jpg","contentUrl":"https:\/\/static.newsroom.ferrovial.com\/wp-content\/uploads\/2018\/07\/15145720\/Ferrovial_Logotipo1.jpg","width":600,"height":300,"caption":"Ferrovial S.A."},"image":{"@id":"https:\/\/newsroom.ferrovial.com\/es\/#\/schema\/logo\/image\/"},"sameAs":["https:\/\/www.facebook.com\/ferrovial","https:\/\/x.com\/ferrovial","https:\/\/www.instagram.com\/ferrovial\/","https:\/\/www.linkedin.com\/company\/ferrovial","https:\/\/www.pinterest.es\/ferrovial\/","https:\/\/www.youtube.com\/ferrovial","https:\/\/en.wikipedia.org\/wiki\/Ferrovial"]}]}},"_links":{"self":[{"href":"https:\/\/newsroom.ferrovial.com\/es\/wp-json\/wp\/v2\/new\/3730","targetHints":{"allow":["GET"]}}],"collection":[{"href":"https:\/\/newsroom.ferrovial.com\/es\/wp-json\/wp\/v2\/new"}],"about":[{"href":"https:\/\/newsroom.ferrovial.com\/es\/wp-json\/wp\/v2\/types\/new"}],"replies":[{"embeddable":true,"href":"https:\/\/newsroom.ferrovial.com\/es\/wp-json\/wp\/v2\/comments?post=3730"}],"version-history":[{"count":2,"href":"https:\/\/newsroom.ferrovial.com\/es\/wp-json\/wp\/v2\/new\/3730\/revisions"}],"predecessor-version":[{"id":127304,"href":"https:\/\/newsroom.ferrovial.com\/es\/wp-json\/wp\/v2\/new\/3730\/revisions\/127304"}],"wp:featuredmedia":[{"embeddable":true,"href":"https:\/\/newsroom.ferrovial.com\/es\/wp-json\/wp\/v2\/media\/3731"}],"wp:attachment":[{"href":"https:\/\/newsroom.ferrovial.com\/es\/wp-json\/wp\/v2\/media?parent=3730"}],"wp:term":[{"taxonomy":"nivel-2","embeddable":true,"href":"https:\/\/newsroom.ferrovial.com\/es\/wp-json\/wp\/v2\/nivel-2?post=3730"},{"taxonomy":"nivel-5","embeddable":true,"href":"https:\/\/newsroom.ferrovial.com\/es\/wp-json\/wp\/v2\/nivel-5?post=3730"},{"taxonomy":"nivel-1","embeddable":true,"href":"https:\/\/newsroom.ferrovial.com\/es\/wp-json\/wp\/v2\/nivel-1?post=3730"},{"taxonomy":"nivel-3","embeddable":true,"href":"https:\/\/newsroom.ferrovial.com\/es\/wp-json\/wp\/v2\/nivel-3?post=3730"},{"taxonomy":"nivel-4","embeddable":true,"href":"https:\/\/newsroom.ferrovial.com\/es\/wp-json\/wp\/v2\/nivel-4?post=3730"}],"curies":[{"name":"wp","href":"https:\/\/api.w.org\/{rel}","templated":true}]}}