{"id":3737,"date":"2016-04-05T00:00:00","date_gmt":"2016-04-05T00:00:00","guid":{"rendered":"https:\/\/newsroom.ferrovial.com\/news\/budimex-modernizara-y-ampliara-la-plaza-de-lituania-en-lublin-polonia\/"},"modified":"2022-12-21T10:02:53","modified_gmt":"2022-12-21T09:02:53","slug":"budimex-modernizara-y-ampliara-la-plaza-de-lituania-en-lublin-polonia","status":"publish","type":"new","link":"https:\/\/newsroom.ferrovial.com\/es\/noticias\/budimex-modernizara-y-ampliara-la-plaza-de-lituania-en-lublin-polonia\/","title":{"rendered":"Budimex modernizar\u00e1 y ampliar\u00e1 la Plaza de Lituania en Lublin, Polonia"},"content":{"rendered":"    <section class=\"wysiwyg text-editor \" id=\"\">\n        <div class=\"container container--narrow container--p-10\">\n            <p>La Plaza de Lituania tiene una superficie de 35.000 metros cuadrados y el objetivo del proyecto de modernizaci\u00f3n es revitalizarla con el \u00e1nimo de eliminar el tr\u00e1fico de veh\u00edculos en la ruta principal y prolongar la calle Krakowskie Przedmiescie como un paseo peatonal. Asimismo esta plaza ya cuenta con dos espacios ajardinados y una fuente en la parte central.<\/p>\n<p>La reforma pretender aumentar la parte central de la plaza y en el lugar de la antigua fuente se pondr\u00e1n instalaciones interactivas de agua. El eje del paseo contar\u00e1 adem\u00e1s con siete fuentes lineales, as\u00ed como m\u00e1s espacios verdes. Tambi\u00e9n la filial polaca se encargar\u00e1 de trasladar el monumento del soldado desconocido, as\u00ed como construir\u00e1 una estaci\u00f3n meteorol\u00f3gica, al tiempo que revitalizar\u00e1 las \u00e1reas urbanas adyacentes a la plaza.<\/p>\n<p>Seg\u00fan informaci\u00f3n de la agencia EFE, las autoridades de la ciudad de Lublin llevan a\u00f1os trabajando en la planificaci\u00f3n de la modernizaci\u00f3n y ampliaci\u00f3n de la Plaza de Lituania. Finalmente esto se ha resuelto con la adjudicaci\u00f3n del proyecto a <a href=\"https:\/\/www.ferrovial.com\/es\/lineas-de-negocio\/construccion\/sobre-construccion\/\"title=\"p\u00e1gina web de Budimex\" target=\"_blank\" rel=\"dofollow\">Budimex<\/a> que esperan que est\u00e9 listo a finales de abril de 2017 y que tiene un \u00a0importe aproximado de 9,3 millones de euros netos (11,5 millones de euros incluyendo el IVA).<\/p>\n<p>&nbsp;<\/p>\n        <\/div>\n    <\/section>\n","protected":false},"excerpt":{"rendered":"","protected":false},"featured_media":3738,"menu_order":0,"comment_status":"closed","ping_status":"closed","template":"","nivel-2":[2213,987,2234,2206,2091,2204],"nivel-5":[1741],"nivel-1":[2168],"nivel-3":[],"nivel-4":[],"class_list":["post-3737","new","type-new","status-publish","has-post-thumbnail","hentry","nivel-2-contratos","nivel-2-infraestructuras","nivel-2-instalaciones","nivel-2-obras","nivel-2-proyectos","nivel-2-rehabilitacion-y-conservacion","nivel-5-budimex","nivel-1-construccion"],"acf":[],"yoast_head":"<title>Budimex modernizar\u00e1 y ampliar\u00e1 la Plaza de Lituania en Lublin, Polonia Sala de prensa Ferrovial | \u00daltimas noticias<\/title>\n<meta name=\"description\" content=\"Sala de prensa Ferrovial | \u00daltimas noticias\" \/>\n<meta name=\"robots\" content=\"index, follow, max-snippet:-1, max-image-preview:large, max-video-preview:-1\" \/>\n<link rel=\"canonical\" href=\"https:\/\/newsroom.ferrovial.com\/es\/noticias\/budimex-modernizara-y-ampliara-la-plaza-de-lituania-en-lublin-polonia\/\" \/>\n<meta property=\"og:locale\" content=\"es_ES\" \/>\n<meta property=\"og:type\" content=\"article\" \/>\n<meta property=\"og:title\" content=\"Budimex modernizar\u00e1 y ampliar\u00e1 la Plaza de Lituania en Lublin, Polonia Sala de prensa Ferrovial | \u00daltimas noticias\" \/>\n<meta property=\"og:description\" content=\"Sala de prensa Ferrovial | \u00daltimas noticias\" \/>\n<meta property=\"og:url\" content=\"https:\/\/newsroom.ferrovial.com\/es\/noticias\/budimex-modernizara-y-ampliara-la-plaza-de-lituania-en-lublin-polonia\/\" \/>\n<meta property=\"og:site_name\" content=\"Sala de prensa Ferrovial | \u00daltimas noticias\" \/>\n<meta property=\"article:publisher\" content=\"https:\/\/www.facebook.com\/ferrovial\" \/>\n<meta property=\"article:modified_time\" content=\"2022-12-21T09:02:53+00:00\" \/>\n<meta property=\"og:image\" content=\"https:\/\/newsroom.ferrovial.com\/wp-content\/uploads\/sites\/4\/2018\/07\/budimex-construction-work.jpg\" \/>\n\t<meta property=\"og:image:width\" content=\"3963\" \/>\n\t<meta property=\"og:image:height\" content=\"2508\" \/>\n\t<meta property=\"og:image:type\" content=\"image\/jpeg\" \/>\n<meta name=\"twitter:card\" content=\"summary_large_image\" \/>\n<meta name=\"twitter:site\" content=\"@ferrovial\" \/>\n<script type=\"application\/ld+json\" class=\"yoast-schema-graph\">{\"@context\":\"https:\/\/schema.org\",\"@graph\":[{\"@type\":\"WebPage\",\"@id\":\"https:\/\/newsroom.ferrovial.com\/es\/noticias\/budimex-modernizara-y-ampliara-la-plaza-de-lituania-en-lublin-polonia\/\",\"url\":\"https:\/\/newsroom.ferrovial.com\/es\/noticias\/budimex-modernizara-y-ampliara-la-plaza-de-lituania-en-lublin-polonia\/\",\"name\":\"Budimex modernizar\u00e1 y ampliar\u00e1 la Plaza de Lituania en Lublin, Polonia Sala de prensa Ferrovial | \u00daltimas noticias\",\"isPartOf\":{\"@id\":\"https:\/\/newsroom.ferrovial.com\/es\/#website\"},\"primaryImageOfPage\":{\"@id\":\"https:\/\/newsroom.ferrovial.com\/es\/noticias\/budimex-modernizara-y-ampliara-la-plaza-de-lituania-en-lublin-polonia\/#primaryimage\"},\"image\":{\"@id\":\"https:\/\/newsroom.ferrovial.com\/es\/noticias\/budimex-modernizara-y-ampliara-la-plaza-de-lituania-en-lublin-polonia\/#primaryimage\"},\"thumbnailUrl\":\"https:\/\/static.newsroom.ferrovial.com\/wp-content\/uploads\/2018\/07\/15153529\/budimex-construction-work.jpg\",\"datePublished\":\"2016-04-05T00:00:00+00:00\",\"dateModified\":\"2022-12-21T09:02:53+00:00\",\"description\":\"Sala de prensa Ferrovial | \u00daltimas noticias\",\"breadcrumb\":{\"@id\":\"https:\/\/newsroom.ferrovial.com\/es\/noticias\/budimex-modernizara-y-ampliara-la-plaza-de-lituania-en-lublin-polonia\/#breadcrumb\"},\"inLanguage\":\"es\",\"potentialAction\":[{\"@type\":\"ReadAction\",\"target\":[\"https:\/\/newsroom.ferrovial.com\/es\/noticias\/budimex-modernizara-y-ampliara-la-plaza-de-lituania-en-lublin-polonia\/\"]}]},{\"@type\":\"ImageObject\",\"inLanguage\":\"es\",\"@id\":\"https:\/\/newsroom.ferrovial.com\/es\/noticias\/budimex-modernizara-y-ampliara-la-plaza-de-lituania-en-lublin-polonia\/#primaryimage\",\"url\":\"https:\/\/static.newsroom.ferrovial.com\/wp-content\/uploads\/2018\/07\/15153529\/budimex-construction-work.jpg\",\"contentUrl\":\"https:\/\/static.newsroom.ferrovial.com\/wp-content\/uploads\/2018\/07\/15153529\/budimex-construction-work.jpg\",\"width\":3963,\"height\":2508,\"caption\":\"Budimex Construction works\"},{\"@type\":\"BreadcrumbList\",\"@id\":\"https:\/\/newsroom.ferrovial.com\/es\/noticias\/budimex-modernizara-y-ampliara-la-plaza-de-lituania-en-lublin-polonia\/#breadcrumb\",\"itemListElement\":[{\"@type\":\"ListItem\",\"position\":1,\"name\":\"Portada\",\"item\":\"https:\/\/newsroom.ferrovial.com\/es\/\"},{\"@type\":\"ListItem\",\"position\":2,\"name\":\"Budimex modernizar\u00e1 y ampliar\u00e1 la Plaza de Lituania en Lublin, Polonia\"}]},{\"@type\":\"WebSite\",\"@id\":\"https:\/\/newsroom.ferrovial.com\/es\/#website\",\"url\":\"https:\/\/newsroom.ferrovial.com\/es\/\",\"name\":\"Sala de prensa Ferrovial | \u00daltimas noticias\",\"description\":\"Sala de prensa Ferrovial | \u00daltimas noticias\",\"publisher\":{\"@id\":\"https:\/\/newsroom.ferrovial.com\/es\/#organization\"},\"potentialAction\":[{\"@type\":\"SearchAction\",\"target\":{\"@type\":\"EntryPoint\",\"urlTemplate\":\"https:\/\/newsroom.ferrovial.com\/es\/?s={search_term_string}\"},\"query-input\":{\"@type\":\"PropertyValueSpecification\",\"valueRequired\":true,\"valueName\":\"search_term_string\"}}],\"inLanguage\":\"es\"},{\"@type\":\"Organization\",\"@id\":\"https:\/\/newsroom.ferrovial.com\/es\/#organization\",\"name\":\"Ferrovial S.A.\",\"url\":\"https:\/\/newsroom.ferrovial.com\/es\/\",\"logo\":{\"@type\":\"ImageObject\",\"inLanguage\":\"es\",\"@id\":\"https:\/\/newsroom.ferrovial.com\/es\/#\/schema\/logo\/image\/\",\"url\":\"https:\/\/static.newsroom.ferrovial.com\/wp-content\/uploads\/2018\/07\/15145720\/Ferrovial_Logotipo1.jpg\",\"contentUrl\":\"https:\/\/static.newsroom.ferrovial.com\/wp-content\/uploads\/2018\/07\/15145720\/Ferrovial_Logotipo1.jpg\",\"width\":600,\"height\":300,\"caption\":\"Ferrovial S.A.\"},\"image\":{\"@id\":\"https:\/\/newsroom.ferrovial.com\/es\/#\/schema\/logo\/image\/\"},\"sameAs\":[\"https:\/\/www.facebook.com\/ferrovial\",\"https:\/\/x.com\/ferrovial\",\"https:\/\/www.instagram.com\/ferrovial\/\",\"https:\/\/www.linkedin.com\/company\/ferrovial\",\"https:\/\/www.pinterest.es\/ferrovial\/\",\"https:\/\/www.youtube.com\/ferrovial\",\"https:\/\/en.wikipedia.org\/wiki\/Ferrovial\"]}]}<\/script>","yoast_head_json":{"title":"Budimex modernizar\u00e1 y ampliar\u00e1 la Plaza de Lituania en Lublin, Polonia Sala de prensa Ferrovial | \u00daltimas noticias","description":"Sala de prensa Ferrovial | \u00daltimas noticias","robots":{"index":"index","follow":"follow","max-snippet":"max-snippet:-1","max-image-preview":"max-image-preview:large","max-video-preview":"max-video-preview:-1"},"canonical":"https:\/\/newsroom.ferrovial.com\/es\/noticias\/budimex-modernizara-y-ampliara-la-plaza-de-lituania-en-lublin-polonia\/","og_locale":"es_ES","og_type":"article","og_title":"Budimex modernizar\u00e1 y ampliar\u00e1 la Plaza de Lituania en Lublin, Polonia Sala de prensa Ferrovial | \u00daltimas noticias","og_description":"Sala de prensa Ferrovial | \u00daltimas noticias","og_url":"https:\/\/newsroom.ferrovial.com\/es\/noticias\/budimex-modernizara-y-ampliara-la-plaza-de-lituania-en-lublin-polonia\/","og_site_name":"Sala de prensa Ferrovial | \u00daltimas noticias","article_publisher":"https:\/\/www.facebook.com\/ferrovial","article_modified_time":"2022-12-21T09:02:53+00:00","og_image":[{"width":3963,"height":2508,"url":"https:\/\/newsroom.ferrovial.com\/wp-content\/uploads\/sites\/4\/2018\/07\/budimex-construction-work.jpg","type":"image\/jpeg"}],"twitter_card":"summary_large_image","twitter_site":"@ferrovial","schema":{"@context":"https:\/\/schema.org","@graph":[{"@type":"WebPage","@id":"https:\/\/newsroom.ferrovial.com\/es\/noticias\/budimex-modernizara-y-ampliara-la-plaza-de-lituania-en-lublin-polonia\/","url":"https:\/\/newsroom.ferrovial.com\/es\/noticias\/budimex-modernizara-y-ampliara-la-plaza-de-lituania-en-lublin-polonia\/","name":"Budimex modernizar\u00e1 y ampliar\u00e1 la Plaza de Lituania en Lublin, Polonia Sala de prensa Ferrovial | \u00daltimas noticias","isPartOf":{"@id":"https:\/\/newsroom.ferrovial.com\/es\/#website"},"primaryImageOfPage":{"@id":"https:\/\/newsroom.ferrovial.com\/es\/noticias\/budimex-modernizara-y-ampliara-la-plaza-de-lituania-en-lublin-polonia\/#primaryimage"},"image":{"@id":"https:\/\/newsroom.ferrovial.com\/es\/noticias\/budimex-modernizara-y-ampliara-la-plaza-de-lituania-en-lublin-polonia\/#primaryimage"},"thumbnailUrl":"https:\/\/static.newsroom.ferrovial.com\/wp-content\/uploads\/2018\/07\/15153529\/budimex-construction-work.jpg","datePublished":"2016-04-05T00:00:00+00:00","dateModified":"2022-12-21T09:02:53+00:00","description":"Sala de prensa Ferrovial | \u00daltimas noticias","breadcrumb":{"@id":"https:\/\/newsroom.ferrovial.com\/es\/noticias\/budimex-modernizara-y-ampliara-la-plaza-de-lituania-en-lublin-polonia\/#breadcrumb"},"inLanguage":"es","potentialAction":[{"@type":"ReadAction","target":["https:\/\/newsroom.ferrovial.com\/es\/noticias\/budimex-modernizara-y-ampliara-la-plaza-de-lituania-en-lublin-polonia\/"]}]},{"@type":"ImageObject","inLanguage":"es","@id":"https:\/\/newsroom.ferrovial.com\/es\/noticias\/budimex-modernizara-y-ampliara-la-plaza-de-lituania-en-lublin-polonia\/#primaryimage","url":"https:\/\/static.newsroom.ferrovial.com\/wp-content\/uploads\/2018\/07\/15153529\/budimex-construction-work.jpg","contentUrl":"https:\/\/static.newsroom.ferrovial.com\/wp-content\/uploads\/2018\/07\/15153529\/budimex-construction-work.jpg","width":3963,"height":2508,"caption":"Budimex Construction works"},{"@type":"BreadcrumbList","@id":"https:\/\/newsroom.ferrovial.com\/es\/noticias\/budimex-modernizara-y-ampliara-la-plaza-de-lituania-en-lublin-polonia\/#breadcrumb","itemListElement":[{"@type":"ListItem","position":1,"name":"Portada","item":"https:\/\/newsroom.ferrovial.com\/es\/"},{"@type":"ListItem","position":2,"name":"Budimex modernizar\u00e1 y ampliar\u00e1 la Plaza de Lituania en Lublin, Polonia"}]},{"@type":"WebSite","@id":"https:\/\/newsroom.ferrovial.com\/es\/#website","url":"https:\/\/newsroom.ferrovial.com\/es\/","name":"Sala de prensa Ferrovial | \u00daltimas noticias","description":"Sala de prensa Ferrovial | \u00daltimas noticias","publisher":{"@id":"https:\/\/newsroom.ferrovial.com\/es\/#organization"},"potentialAction":[{"@type":"SearchAction","target":{"@type":"EntryPoint","urlTemplate":"https:\/\/newsroom.ferrovial.com\/es\/?s={search_term_string}"},"query-input":{"@type":"PropertyValueSpecification","valueRequired":true,"valueName":"search_term_string"}}],"inLanguage":"es"},{"@type":"Organization","@id":"https:\/\/newsroom.ferrovial.com\/es\/#organization","name":"Ferrovial S.A.","url":"https:\/\/newsroom.ferrovial.com\/es\/","logo":{"@type":"ImageObject","inLanguage":"es","@id":"https:\/\/newsroom.ferrovial.com\/es\/#\/schema\/logo\/image\/","url":"https:\/\/static.newsroom.ferrovial.com\/wp-content\/uploads\/2018\/07\/15145720\/Ferrovial_Logotipo1.jpg","contentUrl":"https:\/\/static.newsroom.ferrovial.com\/wp-content\/uploads\/2018\/07\/15145720\/Ferrovial_Logotipo1.jpg","width":600,"height":300,"caption":"Ferrovial S.A."},"image":{"@id":"https:\/\/newsroom.ferrovial.com\/es\/#\/schema\/logo\/image\/"},"sameAs":["https:\/\/www.facebook.com\/ferrovial","https:\/\/x.com\/ferrovial","https:\/\/www.instagram.com\/ferrovial\/","https:\/\/www.linkedin.com\/company\/ferrovial","https:\/\/www.pinterest.es\/ferrovial\/","https:\/\/www.youtube.com\/ferrovial","https:\/\/en.wikipedia.org\/wiki\/Ferrovial"]}]}},"_links":{"self":[{"href":"https:\/\/newsroom.ferrovial.com\/es\/wp-json\/wp\/v2\/new\/3737","targetHints":{"allow":["GET"]}}],"collection":[{"href":"https:\/\/newsroom.ferrovial.com\/es\/wp-json\/wp\/v2\/new"}],"about":[{"href":"https:\/\/newsroom.ferrovial.com\/es\/wp-json\/wp\/v2\/types\/new"}],"replies":[{"embeddable":true,"href":"https:\/\/newsroom.ferrovial.com\/es\/wp-json\/wp\/v2\/comments?post=3737"}],"version-history":[{"count":1,"href":"https:\/\/newsroom.ferrovial.com\/es\/wp-json\/wp\/v2\/new\/3737\/revisions"}],"predecessor-version":[{"id":96775,"href":"https:\/\/newsroom.ferrovial.com\/es\/wp-json\/wp\/v2\/new\/3737\/revisions\/96775"}],"wp:featuredmedia":[{"embeddable":true,"href":"https:\/\/newsroom.ferrovial.com\/es\/wp-json\/wp\/v2\/media\/3738"}],"wp:attachment":[{"href":"https:\/\/newsroom.ferrovial.com\/es\/wp-json\/wp\/v2\/media?parent=3737"}],"wp:term":[{"taxonomy":"nivel-2","embeddable":true,"href":"https:\/\/newsroom.ferrovial.com\/es\/wp-json\/wp\/v2\/nivel-2?post=3737"},{"taxonomy":"nivel-5","embeddable":true,"href":"https:\/\/newsroom.ferrovial.com\/es\/wp-json\/wp\/v2\/nivel-5?post=3737"},{"taxonomy":"nivel-1","embeddable":true,"href":"https:\/\/newsroom.ferrovial.com\/es\/wp-json\/wp\/v2\/nivel-1?post=3737"},{"taxonomy":"nivel-3","embeddable":true,"href":"https:\/\/newsroom.ferrovial.com\/es\/wp-json\/wp\/v2\/nivel-3?post=3737"},{"taxonomy":"nivel-4","embeddable":true,"href":"https:\/\/newsroom.ferrovial.com\/es\/wp-json\/wp\/v2\/nivel-4?post=3737"}],"curies":[{"name":"wp","href":"https:\/\/api.w.org\/{rel}","templated":true}]}}