{"id":3741,"date":"2016-04-20T00:00:00","date_gmt":"2016-04-20T00:00:00","guid":{"rendered":"https:\/\/newsroom.ferrovial.com\/news\/seeds-proyecto-de-id-finaliza\/"},"modified":"2022-12-21T10:02:46","modified_gmt":"2022-12-21T09:02:46","slug":"seeds-proyecto-de-id-finaliza","status":"publish","type":"new","link":"https:\/\/newsroom.ferrovial.com\/es\/noticias\/seeds-proyecto-de-id-finaliza\/","title":{"rendered":"Finaliza el proyecto de I+D europeo SEEDS"},"content":{"rendered":"    <section class=\"wysiwyg text-editor \" id=\"\">\n        <div class=\"container container--narrow container--p-10\">\n            <p>El proyecto <strong>SEEDS<\/strong> (acr\u00f3nimo del t\u00edtulo en ingl\u00e9s <em>Self learning Energy Efficient builDings and open Spaces<\/em>) en el que ha participado el departamento de I+D de <a title=\"p\u00e1gina web de Ferrovial Agroman\" href=\"https:\/\/www.ferrovial.com\/es\/lineas-de-negocio\/construccion\/\" target=\"_blank\" rel=\"dofollow\">Ferrovial Agroman<\/a> como socio, coordinado por <a title=\"p\u00e1gina web de CEMOSA\" href=\"http:\/\/www.cemosa.es\/\" target=\"_blank\" rel=\"dofollow\">CEMOSA<\/a> y financiado por <a title=\"p\u00e1gina web de la Comisi\u00f3n Europea\" href=\"http:\/\/ec.europa.eu\/index_es.htm\" target=\"_blank\" rel=\"dofollow\">la Comisi\u00f3n Europea<\/a> a trav\u00e9s del 7\u00ba Programa marco de investigaci\u00f3n, desarrollo tecnol\u00f3gico e innovaci\u00f3n, ha finalizado tras 42 meses de actividades.<\/p>\n<p>El proyecto ha desarrollado un innovador sistema para <strong>optimizar el comportamiento de edificios<\/strong>, aislados o en grupo, en t\u00e9rminos de energ\u00eda, confort y costes de su ciclo de vida, basado en tecnolog\u00edas de la construcci\u00f3n as\u00ed como en t\u00e9cnicas de control predictivas, de autoaprendizaje y de inteligencia artificial.<\/p>\n<p>El sistema SEEDS permite, gracias a nuevos algoritmos de optimizaci\u00f3n, <strong>minimizar el consumo energ\u00e9tico<\/strong> de edificios, manteniendo el confort y la calidad del aire en su interior. El proyecto ha desarrollado una red de sensores inal\u00e1mbricos compatible con sistemas autom\u00e1ticos de mantenimiento de edificios y de f\u00e1cil despliegue, lo que permite su implementaci\u00f3n en la rehabilitaci\u00f3n de edificios antiguos. El sistema, v\u00e1lido tanto para edificios <strong>residenciales<\/strong> como para los del <strong>sector terciario<\/strong>, se puede emplear tambi\u00e9n en los espacios abiertos que los rodean.<\/p>\n<p>Entre los <strong>resultados finales<\/strong> destacan los siguientes aspectos:<br \/>\n<strong>Instalaci\u00f3n, actualizaci\u00f3n y mantenimiento del sistema SEEDS<\/strong> de forma sencilla y eficiente en las dos ubicaciones piloto del proyecto: parte del campus universitario de Stavanger (Noruega) y un edificio de oficinas y parking en Madrid. Tanto el hardware como el software del sistema emplean tecnolog\u00edas inal\u00e1mbricas lo que facilita su despliegue y posterior mantenimiento.<\/p>\n<p><strong>Generaci\u00f3n autom\u00e1tica del software SEEDS<\/strong> para cualquier edificio gracias a la creaci\u00f3n de una base de datos parcialmente basada en el modelo IFC (estructura de datos para construcci\u00f3n e industria) y mejorada para adaptarse a las necesidades del proyecto.<\/p>\n<p><strong>Sencilla integraci\u00f3n de nuevos edificios<\/strong> mediante la actualizaci\u00f3n de la base de datos y la implementaci\u00f3n del proceso de configuraci\u00f3n del sistema.<\/p>\n<p><strong>Desarrollo de un cat\u00e1logo de instalaciones<\/strong> basado en el modelo IFC que incluye m\u00e1s de 100 componentes, con especial \u00e9nfasis en aquellos pertenecientes a los sistemas de climatizaci\u00f3n (calefacci\u00f3n, ventilaci\u00f3n y aire acondicionado).<\/p>\n<p><strong>El sistema permite no disponer de informaci\u00f3n arquitect\u00f3nica<\/strong> de los edificios en los que se despliega ya que las t\u00e9cnicas de autoaprendizaje permiten conocer el comportamiento de los mismos y de sus usuarios.<\/p>\n<p>Es importante destacar que los edificios representan m\u00e1s del 35% del consumo de energ\u00eda en la Uni\u00f3n Europea, por lo que la capacidad de SEEDS para optimizar continuamente el consumo de energ\u00eda mediante el autoaprendizaje de los edificios tiene potencial para contribuir de forma significativa al <strong>objetivo europeo<\/strong> de reducci\u00f3n del consumo de energ\u00eda y las emisiones de CO2 para el a\u00f1o 2020.<\/p>\n<p>El consorcio del proyecto est\u00e1 formado por: CEMOSA (coordinador, Espa\u00f1a), Fraunhofer (Alemania), Ferrovial Agroman (Espa\u00f1a), Universidad de Stavanger (Noruega), Universidad de Salford (Reino Unido), Cidaut (Espa\u00f1a), Softcrits (Espa\u00f1a), NSC (Alemania) y FASA (Alemania).<\/p>\n        <\/div>\n    <\/section>\n","protected":false},"excerpt":{"rendered":"","protected":false},"featured_media":3742,"menu_order":0,"comment_status":"closed","ping_status":"closed","template":"","nivel-2":[2209,2215,2216,2200,994,2221],"nivel-5":[2149],"nivel-1":[2168],"nivel-3":[],"nivel-4":[],"class_list":["post-3741","new","type-new","status-publish","has-post-thumbnail","hentry","nivel-2-edificacion","nivel-2-eficiencia-energetica","nivel-2-energia","nivel-2-innovacion","nivel-2-investigacion","nivel-2-mantenimiento","nivel-5-ferrovial-construccion","nivel-1-construccion"],"acf":[],"yoast_head":"<title>Finaliza el proyecto de I+D europeo SEEDS Sala de prensa Ferrovial | \u00daltimas noticias<\/title>\n<meta name=\"description\" content=\"Sala de prensa Ferrovial | \u00daltimas noticias\" \/>\n<meta name=\"robots\" content=\"index, follow, max-snippet:-1, max-image-preview:large, max-video-preview:-1\" \/>\n<link rel=\"canonical\" href=\"https:\/\/newsroom.ferrovial.com\/es\/noticias\/seeds-proyecto-de-id-finaliza\/\" \/>\n<meta property=\"og:locale\" content=\"es_ES\" \/>\n<meta property=\"og:type\" content=\"article\" \/>\n<meta property=\"og:title\" content=\"Finaliza el proyecto de I+D europeo SEEDS Sala de prensa Ferrovial | \u00daltimas noticias\" \/>\n<meta property=\"og:description\" content=\"Sala de prensa Ferrovial | \u00daltimas noticias\" \/>\n<meta property=\"og:url\" content=\"https:\/\/newsroom.ferrovial.com\/es\/noticias\/seeds-proyecto-de-id-finaliza\/\" \/>\n<meta property=\"og:site_name\" content=\"Sala de prensa Ferrovial | \u00daltimas noticias\" \/>\n<meta property=\"article:publisher\" content=\"https:\/\/www.facebook.com\/ferrovial\" \/>\n<meta property=\"article:modified_time\" content=\"2022-12-21T09:02:46+00:00\" \/>\n<meta property=\"og:image\" content=\"https:\/\/newsroom.ferrovial.com\/wp-content\/uploads\/sites\/4\/2018\/07\/ferrovial-services-building-seeds-project.jpg\" \/>\n\t<meta property=\"og:image:width\" content=\"7241\" \/>\n\t<meta property=\"og:image:height\" content=\"4912\" \/>\n\t<meta property=\"og:image:type\" content=\"image\/jpeg\" \/>\n<meta name=\"twitter:card\" content=\"summary_large_image\" \/>\n<meta name=\"twitter:site\" content=\"@ferrovial\" \/>\n<script type=\"application\/ld+json\" class=\"yoast-schema-graph\">{\"@context\":\"https:\/\/schema.org\",\"@graph\":[{\"@type\":\"WebPage\",\"@id\":\"https:\/\/newsroom.ferrovial.com\/es\/noticias\/seeds-proyecto-de-id-finaliza\/\",\"url\":\"https:\/\/newsroom.ferrovial.com\/es\/noticias\/seeds-proyecto-de-id-finaliza\/\",\"name\":\"Finaliza el proyecto de I+D europeo SEEDS Sala de prensa Ferrovial | \u00daltimas noticias\",\"isPartOf\":{\"@id\":\"https:\/\/newsroom.ferrovial.com\/es\/#website\"},\"primaryImageOfPage\":{\"@id\":\"https:\/\/newsroom.ferrovial.com\/es\/noticias\/seeds-proyecto-de-id-finaliza\/#primaryimage\"},\"image\":{\"@id\":\"https:\/\/newsroom.ferrovial.com\/es\/noticias\/seeds-proyecto-de-id-finaliza\/#primaryimage\"},\"thumbnailUrl\":\"https:\/\/static.newsroom.ferrovial.com\/wp-content\/uploads\/2018\/07\/15153527\/ferrovial-services-building-seeds-project.jpg\",\"datePublished\":\"2016-04-20T00:00:00+00:00\",\"dateModified\":\"2022-12-21T09:02:46+00:00\",\"description\":\"Sala de prensa Ferrovial | \u00daltimas noticias\",\"breadcrumb\":{\"@id\":\"https:\/\/newsroom.ferrovial.com\/es\/noticias\/seeds-proyecto-de-id-finaliza\/#breadcrumb\"},\"inLanguage\":\"es\",\"potentialAction\":[{\"@type\":\"ReadAction\",\"target\":[\"https:\/\/newsroom.ferrovial.com\/es\/noticias\/seeds-proyecto-de-id-finaliza\/\"]}]},{\"@type\":\"ImageObject\",\"inLanguage\":\"es\",\"@id\":\"https:\/\/newsroom.ferrovial.com\/es\/noticias\/seeds-proyecto-de-id-finaliza\/#primaryimage\",\"url\":\"https:\/\/static.newsroom.ferrovial.com\/wp-content\/uploads\/2018\/07\/15153527\/ferrovial-services-building-seeds-project.jpg\",\"contentUrl\":\"https:\/\/static.newsroom.ferrovial.com\/wp-content\/uploads\/2018\/07\/15153527\/ferrovial-services-building-seeds-project.jpg\",\"width\":7241,\"height\":4912,\"caption\":\"SEEDs project, Ferrovial News\"},{\"@type\":\"BreadcrumbList\",\"@id\":\"https:\/\/newsroom.ferrovial.com\/es\/noticias\/seeds-proyecto-de-id-finaliza\/#breadcrumb\",\"itemListElement\":[{\"@type\":\"ListItem\",\"position\":1,\"name\":\"Portada\",\"item\":\"https:\/\/newsroom.ferrovial.com\/es\/\"},{\"@type\":\"ListItem\",\"position\":2,\"name\":\"Finaliza el proyecto de I+D europeo SEEDS\"}]},{\"@type\":\"WebSite\",\"@id\":\"https:\/\/newsroom.ferrovial.com\/es\/#website\",\"url\":\"https:\/\/newsroom.ferrovial.com\/es\/\",\"name\":\"Sala de prensa Ferrovial | \u00daltimas noticias\",\"description\":\"Sala de prensa Ferrovial | \u00daltimas noticias\",\"publisher\":{\"@id\":\"https:\/\/newsroom.ferrovial.com\/es\/#organization\"},\"potentialAction\":[{\"@type\":\"SearchAction\",\"target\":{\"@type\":\"EntryPoint\",\"urlTemplate\":\"https:\/\/newsroom.ferrovial.com\/es\/?s={search_term_string}\"},\"query-input\":{\"@type\":\"PropertyValueSpecification\",\"valueRequired\":true,\"valueName\":\"search_term_string\"}}],\"inLanguage\":\"es\"},{\"@type\":\"Organization\",\"@id\":\"https:\/\/newsroom.ferrovial.com\/es\/#organization\",\"name\":\"Ferrovial S.A.\",\"url\":\"https:\/\/newsroom.ferrovial.com\/es\/\",\"logo\":{\"@type\":\"ImageObject\",\"inLanguage\":\"es\",\"@id\":\"https:\/\/newsroom.ferrovial.com\/es\/#\/schema\/logo\/image\/\",\"url\":\"https:\/\/static.newsroom.ferrovial.com\/wp-content\/uploads\/2018\/07\/15145720\/Ferrovial_Logotipo1.jpg\",\"contentUrl\":\"https:\/\/static.newsroom.ferrovial.com\/wp-content\/uploads\/2018\/07\/15145720\/Ferrovial_Logotipo1.jpg\",\"width\":600,\"height\":300,\"caption\":\"Ferrovial S.A.\"},\"image\":{\"@id\":\"https:\/\/newsroom.ferrovial.com\/es\/#\/schema\/logo\/image\/\"},\"sameAs\":[\"https:\/\/www.facebook.com\/ferrovial\",\"https:\/\/x.com\/ferrovial\",\"https:\/\/www.instagram.com\/ferrovial\/\",\"https:\/\/www.linkedin.com\/company\/ferrovial\",\"https:\/\/www.pinterest.es\/ferrovial\/\",\"https:\/\/www.youtube.com\/ferrovial\",\"https:\/\/en.wikipedia.org\/wiki\/Ferrovial\"]}]}<\/script>","yoast_head_json":{"title":"Finaliza el proyecto de I+D europeo SEEDS Sala de prensa Ferrovial | \u00daltimas noticias","description":"Sala de prensa Ferrovial | \u00daltimas noticias","robots":{"index":"index","follow":"follow","max-snippet":"max-snippet:-1","max-image-preview":"max-image-preview:large","max-video-preview":"max-video-preview:-1"},"canonical":"https:\/\/newsroom.ferrovial.com\/es\/noticias\/seeds-proyecto-de-id-finaliza\/","og_locale":"es_ES","og_type":"article","og_title":"Finaliza el proyecto de I+D europeo SEEDS Sala de prensa Ferrovial | \u00daltimas noticias","og_description":"Sala de prensa Ferrovial | \u00daltimas noticias","og_url":"https:\/\/newsroom.ferrovial.com\/es\/noticias\/seeds-proyecto-de-id-finaliza\/","og_site_name":"Sala de prensa Ferrovial | \u00daltimas noticias","article_publisher":"https:\/\/www.facebook.com\/ferrovial","article_modified_time":"2022-12-21T09:02:46+00:00","og_image":[{"width":7241,"height":4912,"url":"https:\/\/newsroom.ferrovial.com\/wp-content\/uploads\/sites\/4\/2018\/07\/ferrovial-services-building-seeds-project.jpg","type":"image\/jpeg"}],"twitter_card":"summary_large_image","twitter_site":"@ferrovial","schema":{"@context":"https:\/\/schema.org","@graph":[{"@type":"WebPage","@id":"https:\/\/newsroom.ferrovial.com\/es\/noticias\/seeds-proyecto-de-id-finaliza\/","url":"https:\/\/newsroom.ferrovial.com\/es\/noticias\/seeds-proyecto-de-id-finaliza\/","name":"Finaliza el proyecto de I+D europeo SEEDS Sala de prensa Ferrovial | \u00daltimas noticias","isPartOf":{"@id":"https:\/\/newsroom.ferrovial.com\/es\/#website"},"primaryImageOfPage":{"@id":"https:\/\/newsroom.ferrovial.com\/es\/noticias\/seeds-proyecto-de-id-finaliza\/#primaryimage"},"image":{"@id":"https:\/\/newsroom.ferrovial.com\/es\/noticias\/seeds-proyecto-de-id-finaliza\/#primaryimage"},"thumbnailUrl":"https:\/\/static.newsroom.ferrovial.com\/wp-content\/uploads\/2018\/07\/15153527\/ferrovial-services-building-seeds-project.jpg","datePublished":"2016-04-20T00:00:00+00:00","dateModified":"2022-12-21T09:02:46+00:00","description":"Sala de prensa Ferrovial | \u00daltimas noticias","breadcrumb":{"@id":"https:\/\/newsroom.ferrovial.com\/es\/noticias\/seeds-proyecto-de-id-finaliza\/#breadcrumb"},"inLanguage":"es","potentialAction":[{"@type":"ReadAction","target":["https:\/\/newsroom.ferrovial.com\/es\/noticias\/seeds-proyecto-de-id-finaliza\/"]}]},{"@type":"ImageObject","inLanguage":"es","@id":"https:\/\/newsroom.ferrovial.com\/es\/noticias\/seeds-proyecto-de-id-finaliza\/#primaryimage","url":"https:\/\/static.newsroom.ferrovial.com\/wp-content\/uploads\/2018\/07\/15153527\/ferrovial-services-building-seeds-project.jpg","contentUrl":"https:\/\/static.newsroom.ferrovial.com\/wp-content\/uploads\/2018\/07\/15153527\/ferrovial-services-building-seeds-project.jpg","width":7241,"height":4912,"caption":"SEEDs project, Ferrovial News"},{"@type":"BreadcrumbList","@id":"https:\/\/newsroom.ferrovial.com\/es\/noticias\/seeds-proyecto-de-id-finaliza\/#breadcrumb","itemListElement":[{"@type":"ListItem","position":1,"name":"Portada","item":"https:\/\/newsroom.ferrovial.com\/es\/"},{"@type":"ListItem","position":2,"name":"Finaliza el proyecto de I+D europeo SEEDS"}]},{"@type":"WebSite","@id":"https:\/\/newsroom.ferrovial.com\/es\/#website","url":"https:\/\/newsroom.ferrovial.com\/es\/","name":"Sala de prensa Ferrovial | \u00daltimas noticias","description":"Sala de prensa Ferrovial | \u00daltimas noticias","publisher":{"@id":"https:\/\/newsroom.ferrovial.com\/es\/#organization"},"potentialAction":[{"@type":"SearchAction","target":{"@type":"EntryPoint","urlTemplate":"https:\/\/newsroom.ferrovial.com\/es\/?s={search_term_string}"},"query-input":{"@type":"PropertyValueSpecification","valueRequired":true,"valueName":"search_term_string"}}],"inLanguage":"es"},{"@type":"Organization","@id":"https:\/\/newsroom.ferrovial.com\/es\/#organization","name":"Ferrovial S.A.","url":"https:\/\/newsroom.ferrovial.com\/es\/","logo":{"@type":"ImageObject","inLanguage":"es","@id":"https:\/\/newsroom.ferrovial.com\/es\/#\/schema\/logo\/image\/","url":"https:\/\/static.newsroom.ferrovial.com\/wp-content\/uploads\/2018\/07\/15145720\/Ferrovial_Logotipo1.jpg","contentUrl":"https:\/\/static.newsroom.ferrovial.com\/wp-content\/uploads\/2018\/07\/15145720\/Ferrovial_Logotipo1.jpg","width":600,"height":300,"caption":"Ferrovial S.A."},"image":{"@id":"https:\/\/newsroom.ferrovial.com\/es\/#\/schema\/logo\/image\/"},"sameAs":["https:\/\/www.facebook.com\/ferrovial","https:\/\/x.com\/ferrovial","https:\/\/www.instagram.com\/ferrovial\/","https:\/\/www.linkedin.com\/company\/ferrovial","https:\/\/www.pinterest.es\/ferrovial\/","https:\/\/www.youtube.com\/ferrovial","https:\/\/en.wikipedia.org\/wiki\/Ferrovial"]}]}},"_links":{"self":[{"href":"https:\/\/newsroom.ferrovial.com\/es\/wp-json\/wp\/v2\/new\/3741","targetHints":{"allow":["GET"]}}],"collection":[{"href":"https:\/\/newsroom.ferrovial.com\/es\/wp-json\/wp\/v2\/new"}],"about":[{"href":"https:\/\/newsroom.ferrovial.com\/es\/wp-json\/wp\/v2\/types\/new"}],"replies":[{"embeddable":true,"href":"https:\/\/newsroom.ferrovial.com\/es\/wp-json\/wp\/v2\/comments?post=3741"}],"version-history":[{"count":1,"href":"https:\/\/newsroom.ferrovial.com\/es\/wp-json\/wp\/v2\/new\/3741\/revisions"}],"predecessor-version":[{"id":96773,"href":"https:\/\/newsroom.ferrovial.com\/es\/wp-json\/wp\/v2\/new\/3741\/revisions\/96773"}],"wp:featuredmedia":[{"embeddable":true,"href":"https:\/\/newsroom.ferrovial.com\/es\/wp-json\/wp\/v2\/media\/3742"}],"wp:attachment":[{"href":"https:\/\/newsroom.ferrovial.com\/es\/wp-json\/wp\/v2\/media?parent=3741"}],"wp:term":[{"taxonomy":"nivel-2","embeddable":true,"href":"https:\/\/newsroom.ferrovial.com\/es\/wp-json\/wp\/v2\/nivel-2?post=3741"},{"taxonomy":"nivel-5","embeddable":true,"href":"https:\/\/newsroom.ferrovial.com\/es\/wp-json\/wp\/v2\/nivel-5?post=3741"},{"taxonomy":"nivel-1","embeddable":true,"href":"https:\/\/newsroom.ferrovial.com\/es\/wp-json\/wp\/v2\/nivel-1?post=3741"},{"taxonomy":"nivel-3","embeddable":true,"href":"https:\/\/newsroom.ferrovial.com\/es\/wp-json\/wp\/v2\/nivel-3?post=3741"},{"taxonomy":"nivel-4","embeddable":true,"href":"https:\/\/newsroom.ferrovial.com\/es\/wp-json\/wp\/v2\/nivel-4?post=3741"}],"curies":[{"name":"wp","href":"https:\/\/api.w.org\/{rel}","templated":true}]}}