{"id":3780,"date":"2016-05-31T00:00:00","date_gmt":"2016-05-31T00:00:00","guid":{"rendered":"https:\/\/newsroom.ferrovial.com\/news\/mejor-lider-digital-de-2016-federico-florez-ciio-de-ferrovial\/"},"modified":"2022-12-21T10:00:23","modified_gmt":"2022-12-21T09:00:23","slug":"mejor-lider-digital-de-2016-federico-florez-ciio-de-ferrovial","status":"publish","type":"new","link":"https:\/\/newsroom.ferrovial.com\/es\/noticias\/mejor-lider-digital-de-2016-federico-florez-ciio-de-ferrovial\/","title":{"rendered":"Federico Fl\u00f3rez\u00a0CIIO de Ferrovial reconocido como Mejor L\u00edder Digital de 2016\u00a0"},"content":{"rendered":"    <section class=\"wysiwyg text-editor \" id=\"\">\n        <div class=\"container container--narrow container--p-10\">\n            <p>El galard\u00f3n ha sido otorgado en la Primera edici\u00f3n de los <a title=\"p\u00e1gina web de European Digital Mindset Awards\" href=\"https:\/\/www.des-madrid.com\/european-digital-mindset-awards\/\" target=\"_blank\" rel=\"dofollow\">European Digital Mindset Awards <\/a>que premian los proyectos y profesionales m\u00e1s sobresalientes en materia de transformaci\u00f3n digital en cada una de sus 5 categor\u00edas: Mejor Leader Digital, Mejor Proyecto de Digitalizaci\u00f3n empresarial, Mejor trabajo period\u00edstico sobre digitalizaci\u00f3n empresarial, Mejor campa\u00f1a digital y mejor Startup. Estos premios reconocen las propuestas m\u00e1s innovadoras con un enfoque disruptivo en Customer Experience y Gesti\u00f3n de las Tecnolog\u00edas de la Informaci\u00f3n y Comunicaci\u00f3n, presentando nuevos modelos de negocio digitales.<\/p>\n<p>La gala de entrega ha tenido lugar en el marco del <strong><a title=\"p\u00e1gina web de Digital Enterprise Show\" href=\"https:\/\/www.des-madrid.com\/\" target=\"_blank\" rel=\"dofollow\">Digital Enterprise Show<\/a> <\/strong>(DES2016) el mayor encuentro internacional sobre transformaci\u00f3n digital, que se ha celebrado en Madrid del 24 al 26 de mayo.<\/p>\n<p>El jurado internacional formado por profesionales como Daniel Newman (Broadsuite Media Group); Beatriz Garc\u00eda Quismondo (Womenalia); Michael Krigsman (Cxo Talk) y Andreu Vea, (Digital Champion for Spain de la Comisi\u00f3n Europea) ha emitido su fallo despu\u00e9s de evaluar las m\u00e1s de 150 candidaturas presentadas procedentes de 26 pa\u00edses. El jurado ha premiado aquellas propuestas centradas en valores como la innovaci\u00f3n, el liderazgo, la disrupci\u00f3n o la estrategia.<\/p>\n<h2>Digital Enterprise Show<\/h2>\n<p>Digital Enterprise Show es el evento l\u00edder en Transformaci\u00f3n Digital que ofrece a directivos, l\u00edderes pol\u00edticos y responsables de Recursos Humanos, junto con las compa\u00f1\u00edas y consultoras tecnol\u00f3gicas, las soluciones y productos m\u00e1s innovadores para guiar a las grandes corporaciones y Pymes europeas hacia la transformaci\u00f3n digital. Esto incluye soluciones tecnol\u00f3gicas para mejorar la experiencia de cliente, los procesos operacionales y modelos de negocio de todas las industrias.<\/p>\n<h3>Otros premiados<\/h3>\n<p><a title=\"p\u00e1gina web de Melia\" href=\"http:\/\/www.melia.com\/\" target=\"_blank\" rel=\"dofollow\">Meli\u00e1 Hotels<\/a> ha sido reconocido con el Premio a la mejor empresa en transformaci\u00f3n digital, Fernando Almaraz de <a title=\"p\u00e1gina web de la Universidad de Salamanca\" href=\"http:\/\/www.usal.es\/\" target=\"_blank\" rel=\"dofollow\">la Universidad de Salamanca<\/a> ha sido galardonado con el Premio al mejor trabajo period\u00edstico en transformaci\u00f3n digital, adem\u00e1s <a title=\"p\u00e1gina web de Improove\" href=\"http:\/\/www.improove.net\/es\/\" target=\"_blank\" rel=\"dofollow\">Improove Search<\/a> ha resultado ganador del Premio a la mejor campa\u00f1a digital basada en los canales y plataformas digitales y el premio a la Start-up m\u00e1s disruptiva ha reca\u00eddo en <a href=\"https:\/\/www.spotcap.es\/\"title=\"Spotcat website\" target=\"_blank\" rel=\"dofollow\">Spotcat<\/a>.<\/p>\n<form action=\"\">\n<div id=\"pie\"><\/div>\n<p><!--#FINDOC#--><input name=\"Query_String_Decoded\" type=\"hidden\" value=\"OpenDocument&amp;ID=B2FAFAAD19F1940BC1257FC000310207&amp;Language=es\" \/> <input name=\"HTTP_REFERER\" type=\"hidden\" \/> <input name=\"ARGNAMES\" type=\"hidden\" \/> <input name=\"ARGVALUES\" type=\"hidden\" \/> <input name=\"$V2AttachmentOptions\" type=\"hidden\" value=\"0\" \/> <input name=\"bd\" type=\"hidden\" value=\"\/ferronet\/noticiasf.nsf\/\" \/> <input name=\"Language\" type=\"hidden\" value=\"es\" \/> <input name=\"Server_Name\" type=\"hidden\" value=\"notesmad07.intranet.ferrovial.es\" \/> <input name=\"ServidorProxy\" type=\"hidden\" value=\"pruebaproxy\" \/> <input name=\"Ref\" type=\"hidden\" \/> <input name=\"IDM\" type=\"hidden\" value=\"es\" \/> <input name=\"IdiomaN\" type=\"hidden\" value=\"es\" \/> <input name=\"OkWeb\" type=\"hidden\" value=\"3\" \/> <input name=\"FechaPublicacion\" type=\"hidden\" value=\"27\/05\/2016\" \/> <input name=\"Fecha\" type=\"hidden\" value=\"27\/05\/2016\" \/> <input name=\"Fecha1\" type=\"hidden\" value=\"27\/05\/2016\" \/> <input name=\"hayF\" type=\"hidden\" \/> <input name=\"Creador\" type=\"hidden\" value=\"Ferronet\" \/> <input name=\"IdPadre\" type=\"hidden\" value=\"B2FAFAAD19F1940BC1257FC000310207\" \/> <input name=\"Home\" type=\"hidden\" value=\"ferronet\/Home.nsf\" \/> <input name=\"hayImg\" type=\"hidden\" value=\"NO\" \/> <input name=\"Server\" type=\"hidden\" value=\"CN=Notes_MAD07B\/OU=SPK\/O=Ferrovial\" \/> <input name=\"OtNoticias\" type=\"hidden\" value=\"ferronet\/NoticiasF.nsf\" \/> <input name=\"VOtNoticias\" type=\"hidden\" value=\"IDNOT\" \/> <input name=\"rutaw\" type=\"hidden\" value=\"ferronet\/YellowChannelNewsFiles.nsf\" \/> <input name=\"VIdiomas\" type=\"hidden\" value=\"$Lang\" \/> <input name=\"hayP\" type=\"hidden\" \/> <input name=\"SW\" type=\"hidden\" value=\"Publicada\" \/> <input name=\"Orden\" type=\"hidden\" \/> <input name=\"ampliartexto\" type=\"hidden\" value=\"Ampliar imagen\" \/> <input name=\"Titulo\" type=\"hidden\" value=\"Federico Fl\u00f3rez reconocido en la primera edici\u00f3n de los European Digital Mindset Awards\" \/> <input name=\"IdVideo\" type=\"hidden\" \/> <input name=\"Negocio\" type=\"hidden\" value=\"CORPORACION\" \/> <input name=\"Categoria\" type=\"hidden\" value=\"Ferrovial\" \/> <input name=\"ClaveLogo\" type=\"hidden\" value=\"COR  FER\" \/> <input name=\"Idioma\" type=\"hidden\" value=\"es\" \/> <input name=\"IPrincipal\" type=\"hidden\" value=\"NO\" \/> <input name=\"imagenesW\" type=\"hidden\" \/> <input name=\"HayLogo\" type=\"hidden\" value=\"&lt;img src=\/ferronet\/Logoteca.nsf\/VEmpresas\/2F26735EBF890FD2C12573A2004E0BE8\/$File\/ferrovial.gif border=0 align=middle&gt;\" \/> <input name=\"Encabezado\" type=\"hidden\" value=\"Reconocimiento\" \/> <input name=\"Imagen1\" type=\"hidden\" \/> <input name=\"Enlaces2w\" type=\"hidden\" \/> <input name=\"Ficherosw\" type=\"hidden\" \/> <input name=\"Videosw\" type=\"hidden\" \/> <input name=\"SaveOptions\" type=\"hidden\" value=\"0\" \/> <input name=\"fechabusqueda\" type=\"hidden\" \/> <input name=\"Imagen\" type=\"hidden\" \/><\/p>\n<\/form>\n        <\/div>\n    <\/section>\n","protected":false},"excerpt":{"rendered":"","protected":false},"featured_media":3781,"menu_order":0,"comment_status":"closed","ping_status":"closed","template":"","nivel-2":[972,1019,1024,1904,2242],"nivel-5":[],"nivel-1":[],"nivel-3":[1258],"nivel-4":[1809],"class_list":["post-3780","new","type-new","status-publish","has-post-thumbnail","hentry","nivel-2-eventos","nivel-2-personas-y-equipo","nivel-2-premios","nivel-2-recursos-humanos","nivel-2-talento","nivel-3-espana","nivel-4-madrid"],"acf":[],"yoast_head":"<title>Federico Fl\u00f3rez\u00a0CIIO de Ferrovial reconocido como Mejor L\u00edder Digital de 2016\u00a0 Sala de prensa Ferrovial | \u00daltimas noticias<\/title>\n<meta name=\"description\" content=\"Sala de prensa Ferrovial | \u00daltimas noticias\" \/>\n<meta name=\"robots\" content=\"index, follow, max-snippet:-1, max-image-preview:large, max-video-preview:-1\" \/>\n<link rel=\"canonical\" href=\"https:\/\/newsroom.ferrovial.com\/es\/noticias\/mejor-lider-digital-de-2016-federico-florez-ciio-de-ferrovial\/\" \/>\n<meta property=\"og:locale\" content=\"es_ES\" \/>\n<meta property=\"og:type\" content=\"article\" \/>\n<meta property=\"og:title\" content=\"Federico Fl\u00f3rez\u00a0CIIO de Ferrovial reconocido como Mejor L\u00edder Digital de 2016\u00a0 Sala de prensa Ferrovial | \u00daltimas noticias\" \/>\n<meta property=\"og:description\" content=\"Sala de prensa Ferrovial | \u00daltimas noticias\" \/>\n<meta property=\"og:url\" content=\"https:\/\/newsroom.ferrovial.com\/es\/noticias\/mejor-lider-digital-de-2016-federico-florez-ciio-de-ferrovial\/\" \/>\n<meta property=\"og:site_name\" content=\"Sala de prensa Ferrovial | \u00daltimas noticias\" \/>\n<meta property=\"article:publisher\" content=\"https:\/\/www.facebook.com\/ferrovial\" \/>\n<meta property=\"article:modified_time\" content=\"2022-12-21T09:00:23+00:00\" \/>\n<meta property=\"og:image\" content=\"https:\/\/newsroom.ferrovial.com\/wp-content\/uploads\/sites\/4\/2018\/07\/premio-mejor-lider-digital-federico-florez-e1464770006401.jpg\" \/>\n\t<meta property=\"og:image:width\" content=\"4128\" \/>\n\t<meta property=\"og:image:height\" content=\"1549\" \/>\n\t<meta property=\"og:image:type\" content=\"image\/jpeg\" \/>\n<meta name=\"twitter:card\" content=\"summary_large_image\" \/>\n<meta name=\"twitter:site\" content=\"@ferrovial\" \/>\n<script type=\"application\/ld+json\" class=\"yoast-schema-graph\">{\"@context\":\"https:\/\/schema.org\",\"@graph\":[{\"@type\":\"WebPage\",\"@id\":\"https:\/\/newsroom.ferrovial.com\/es\/noticias\/mejor-lider-digital-de-2016-federico-florez-ciio-de-ferrovial\/\",\"url\":\"https:\/\/newsroom.ferrovial.com\/es\/noticias\/mejor-lider-digital-de-2016-federico-florez-ciio-de-ferrovial\/\",\"name\":\"Federico Fl\u00f3rez\u00a0CIIO de Ferrovial reconocido como Mejor L\u00edder Digital de 2016\u00a0 Sala de prensa Ferrovial | \u00daltimas noticias\",\"isPartOf\":{\"@id\":\"https:\/\/newsroom.ferrovial.com\/es\/#website\"},\"primaryImageOfPage\":{\"@id\":\"https:\/\/newsroom.ferrovial.com\/es\/noticias\/mejor-lider-digital-de-2016-federico-florez-ciio-de-ferrovial\/#primaryimage\"},\"image\":{\"@id\":\"https:\/\/newsroom.ferrovial.com\/es\/noticias\/mejor-lider-digital-de-2016-federico-florez-ciio-de-ferrovial\/#primaryimage\"},\"thumbnailUrl\":\"https:\/\/static.newsroom.ferrovial.com\/wp-content\/uploads\/2018\/07\/15153503\/premio-mejor-lider-digital-federico-florez-e1464770006401.jpg\",\"datePublished\":\"2016-05-31T00:00:00+00:00\",\"dateModified\":\"2022-12-21T09:00:23+00:00\",\"description\":\"Sala de prensa Ferrovial | \u00daltimas noticias\",\"breadcrumb\":{\"@id\":\"https:\/\/newsroom.ferrovial.com\/es\/noticias\/mejor-lider-digital-de-2016-federico-florez-ciio-de-ferrovial\/#breadcrumb\"},\"inLanguage\":\"es\",\"potentialAction\":[{\"@type\":\"ReadAction\",\"target\":[\"https:\/\/newsroom.ferrovial.com\/es\/noticias\/mejor-lider-digital-de-2016-federico-florez-ciio-de-ferrovial\/\"]}]},{\"@type\":\"ImageObject\",\"inLanguage\":\"es\",\"@id\":\"https:\/\/newsroom.ferrovial.com\/es\/noticias\/mejor-lider-digital-de-2016-federico-florez-ciio-de-ferrovial\/#primaryimage\",\"url\":\"https:\/\/static.newsroom.ferrovial.com\/wp-content\/uploads\/2018\/07\/15153503\/premio-mejor-lider-digital-federico-florez-e1464770006401.jpg\",\"contentUrl\":\"https:\/\/static.newsroom.ferrovial.com\/wp-content\/uploads\/2018\/07\/15153503\/premio-mejor-lider-digital-federico-florez-e1464770006401.jpg\",\"width\":4128,\"height\":1549,\"caption\":\"Federico Fl\u00f3rez reconocido como Mejor L\u00edder Digital de 2016\u00a0\"},{\"@type\":\"BreadcrumbList\",\"@id\":\"https:\/\/newsroom.ferrovial.com\/es\/noticias\/mejor-lider-digital-de-2016-federico-florez-ciio-de-ferrovial\/#breadcrumb\",\"itemListElement\":[{\"@type\":\"ListItem\",\"position\":1,\"name\":\"Portada\",\"item\":\"https:\/\/newsroom.ferrovial.com\/es\/\"},{\"@type\":\"ListItem\",\"position\":2,\"name\":\"Federico Fl\u00f3rez\u00a0CIIO de Ferrovial reconocido como Mejor L\u00edder Digital de 2016\u00a0\"}]},{\"@type\":\"WebSite\",\"@id\":\"https:\/\/newsroom.ferrovial.com\/es\/#website\",\"url\":\"https:\/\/newsroom.ferrovial.com\/es\/\",\"name\":\"Sala de prensa Ferrovial | \u00daltimas noticias\",\"description\":\"Sala de prensa Ferrovial | \u00daltimas noticias\",\"publisher\":{\"@id\":\"https:\/\/newsroom.ferrovial.com\/es\/#organization\"},\"potentialAction\":[{\"@type\":\"SearchAction\",\"target\":{\"@type\":\"EntryPoint\",\"urlTemplate\":\"https:\/\/newsroom.ferrovial.com\/es\/?s={search_term_string}\"},\"query-input\":{\"@type\":\"PropertyValueSpecification\",\"valueRequired\":true,\"valueName\":\"search_term_string\"}}],\"inLanguage\":\"es\"},{\"@type\":\"Organization\",\"@id\":\"https:\/\/newsroom.ferrovial.com\/es\/#organization\",\"name\":\"Ferrovial S.A.\",\"url\":\"https:\/\/newsroom.ferrovial.com\/es\/\",\"logo\":{\"@type\":\"ImageObject\",\"inLanguage\":\"es\",\"@id\":\"https:\/\/newsroom.ferrovial.com\/es\/#\/schema\/logo\/image\/\",\"url\":\"https:\/\/static.newsroom.ferrovial.com\/wp-content\/uploads\/2018\/07\/15145720\/Ferrovial_Logotipo1.jpg\",\"contentUrl\":\"https:\/\/static.newsroom.ferrovial.com\/wp-content\/uploads\/2018\/07\/15145720\/Ferrovial_Logotipo1.jpg\",\"width\":600,\"height\":300,\"caption\":\"Ferrovial S.A.\"},\"image\":{\"@id\":\"https:\/\/newsroom.ferrovial.com\/es\/#\/schema\/logo\/image\/\"},\"sameAs\":[\"https:\/\/www.facebook.com\/ferrovial\",\"https:\/\/x.com\/ferrovial\",\"https:\/\/www.instagram.com\/ferrovial\/\",\"https:\/\/www.linkedin.com\/company\/ferrovial\",\"https:\/\/www.pinterest.es\/ferrovial\/\",\"https:\/\/www.youtube.com\/ferrovial\",\"https:\/\/en.wikipedia.org\/wiki\/Ferrovial\"]}]}<\/script>","yoast_head_json":{"title":"Federico Fl\u00f3rez\u00a0CIIO de Ferrovial reconocido como Mejor L\u00edder Digital de 2016\u00a0 Sala de prensa Ferrovial | \u00daltimas noticias","description":"Sala de prensa Ferrovial | \u00daltimas noticias","robots":{"index":"index","follow":"follow","max-snippet":"max-snippet:-1","max-image-preview":"max-image-preview:large","max-video-preview":"max-video-preview:-1"},"canonical":"https:\/\/newsroom.ferrovial.com\/es\/noticias\/mejor-lider-digital-de-2016-federico-florez-ciio-de-ferrovial\/","og_locale":"es_ES","og_type":"article","og_title":"Federico Fl\u00f3rez\u00a0CIIO de Ferrovial reconocido como Mejor L\u00edder Digital de 2016\u00a0 Sala de prensa Ferrovial | \u00daltimas noticias","og_description":"Sala de prensa Ferrovial | \u00daltimas noticias","og_url":"https:\/\/newsroom.ferrovial.com\/es\/noticias\/mejor-lider-digital-de-2016-federico-florez-ciio-de-ferrovial\/","og_site_name":"Sala de prensa Ferrovial | \u00daltimas noticias","article_publisher":"https:\/\/www.facebook.com\/ferrovial","article_modified_time":"2022-12-21T09:00:23+00:00","og_image":[{"width":4128,"height":1549,"url":"https:\/\/newsroom.ferrovial.com\/wp-content\/uploads\/sites\/4\/2018\/07\/premio-mejor-lider-digital-federico-florez-e1464770006401.jpg","type":"image\/jpeg"}],"twitter_card":"summary_large_image","twitter_site":"@ferrovial","schema":{"@context":"https:\/\/schema.org","@graph":[{"@type":"WebPage","@id":"https:\/\/newsroom.ferrovial.com\/es\/noticias\/mejor-lider-digital-de-2016-federico-florez-ciio-de-ferrovial\/","url":"https:\/\/newsroom.ferrovial.com\/es\/noticias\/mejor-lider-digital-de-2016-federico-florez-ciio-de-ferrovial\/","name":"Federico Fl\u00f3rez\u00a0CIIO de Ferrovial reconocido como Mejor L\u00edder Digital de 2016\u00a0 Sala de prensa Ferrovial | \u00daltimas noticias","isPartOf":{"@id":"https:\/\/newsroom.ferrovial.com\/es\/#website"},"primaryImageOfPage":{"@id":"https:\/\/newsroom.ferrovial.com\/es\/noticias\/mejor-lider-digital-de-2016-federico-florez-ciio-de-ferrovial\/#primaryimage"},"image":{"@id":"https:\/\/newsroom.ferrovial.com\/es\/noticias\/mejor-lider-digital-de-2016-federico-florez-ciio-de-ferrovial\/#primaryimage"},"thumbnailUrl":"https:\/\/static.newsroom.ferrovial.com\/wp-content\/uploads\/2018\/07\/15153503\/premio-mejor-lider-digital-federico-florez-e1464770006401.jpg","datePublished":"2016-05-31T00:00:00+00:00","dateModified":"2022-12-21T09:00:23+00:00","description":"Sala de prensa Ferrovial | \u00daltimas noticias","breadcrumb":{"@id":"https:\/\/newsroom.ferrovial.com\/es\/noticias\/mejor-lider-digital-de-2016-federico-florez-ciio-de-ferrovial\/#breadcrumb"},"inLanguage":"es","potentialAction":[{"@type":"ReadAction","target":["https:\/\/newsroom.ferrovial.com\/es\/noticias\/mejor-lider-digital-de-2016-federico-florez-ciio-de-ferrovial\/"]}]},{"@type":"ImageObject","inLanguage":"es","@id":"https:\/\/newsroom.ferrovial.com\/es\/noticias\/mejor-lider-digital-de-2016-federico-florez-ciio-de-ferrovial\/#primaryimage","url":"https:\/\/static.newsroom.ferrovial.com\/wp-content\/uploads\/2018\/07\/15153503\/premio-mejor-lider-digital-federico-florez-e1464770006401.jpg","contentUrl":"https:\/\/static.newsroom.ferrovial.com\/wp-content\/uploads\/2018\/07\/15153503\/premio-mejor-lider-digital-federico-florez-e1464770006401.jpg","width":4128,"height":1549,"caption":"Federico Fl\u00f3rez reconocido como Mejor L\u00edder Digital de 2016\u00a0"},{"@type":"BreadcrumbList","@id":"https:\/\/newsroom.ferrovial.com\/es\/noticias\/mejor-lider-digital-de-2016-federico-florez-ciio-de-ferrovial\/#breadcrumb","itemListElement":[{"@type":"ListItem","position":1,"name":"Portada","item":"https:\/\/newsroom.ferrovial.com\/es\/"},{"@type":"ListItem","position":2,"name":"Federico Fl\u00f3rez\u00a0CIIO de Ferrovial reconocido como Mejor L\u00edder Digital de 2016\u00a0"}]},{"@type":"WebSite","@id":"https:\/\/newsroom.ferrovial.com\/es\/#website","url":"https:\/\/newsroom.ferrovial.com\/es\/","name":"Sala de prensa Ferrovial | \u00daltimas noticias","description":"Sala de prensa Ferrovial | \u00daltimas noticias","publisher":{"@id":"https:\/\/newsroom.ferrovial.com\/es\/#organization"},"potentialAction":[{"@type":"SearchAction","target":{"@type":"EntryPoint","urlTemplate":"https:\/\/newsroom.ferrovial.com\/es\/?s={search_term_string}"},"query-input":{"@type":"PropertyValueSpecification","valueRequired":true,"valueName":"search_term_string"}}],"inLanguage":"es"},{"@type":"Organization","@id":"https:\/\/newsroom.ferrovial.com\/es\/#organization","name":"Ferrovial S.A.","url":"https:\/\/newsroom.ferrovial.com\/es\/","logo":{"@type":"ImageObject","inLanguage":"es","@id":"https:\/\/newsroom.ferrovial.com\/es\/#\/schema\/logo\/image\/","url":"https:\/\/static.newsroom.ferrovial.com\/wp-content\/uploads\/2018\/07\/15145720\/Ferrovial_Logotipo1.jpg","contentUrl":"https:\/\/static.newsroom.ferrovial.com\/wp-content\/uploads\/2018\/07\/15145720\/Ferrovial_Logotipo1.jpg","width":600,"height":300,"caption":"Ferrovial S.A."},"image":{"@id":"https:\/\/newsroom.ferrovial.com\/es\/#\/schema\/logo\/image\/"},"sameAs":["https:\/\/www.facebook.com\/ferrovial","https:\/\/x.com\/ferrovial","https:\/\/www.instagram.com\/ferrovial\/","https:\/\/www.linkedin.com\/company\/ferrovial","https:\/\/www.pinterest.es\/ferrovial\/","https:\/\/www.youtube.com\/ferrovial","https:\/\/en.wikipedia.org\/wiki\/Ferrovial"]}]}},"_links":{"self":[{"href":"https:\/\/newsroom.ferrovial.com\/es\/wp-json\/wp\/v2\/new\/3780","targetHints":{"allow":["GET"]}}],"collection":[{"href":"https:\/\/newsroom.ferrovial.com\/es\/wp-json\/wp\/v2\/new"}],"about":[{"href":"https:\/\/newsroom.ferrovial.com\/es\/wp-json\/wp\/v2\/types\/new"}],"replies":[{"embeddable":true,"href":"https:\/\/newsroom.ferrovial.com\/es\/wp-json\/wp\/v2\/comments?post=3780"}],"version-history":[{"count":1,"href":"https:\/\/newsroom.ferrovial.com\/es\/wp-json\/wp\/v2\/new\/3780\/revisions"}],"predecessor-version":[{"id":117500,"href":"https:\/\/newsroom.ferrovial.com\/es\/wp-json\/wp\/v2\/new\/3780\/revisions\/117500"}],"wp:featuredmedia":[{"embeddable":true,"href":"https:\/\/newsroom.ferrovial.com\/es\/wp-json\/wp\/v2\/media\/3781"}],"wp:attachment":[{"href":"https:\/\/newsroom.ferrovial.com\/es\/wp-json\/wp\/v2\/media?parent=3780"}],"wp:term":[{"taxonomy":"nivel-2","embeddable":true,"href":"https:\/\/newsroom.ferrovial.com\/es\/wp-json\/wp\/v2\/nivel-2?post=3780"},{"taxonomy":"nivel-5","embeddable":true,"href":"https:\/\/newsroom.ferrovial.com\/es\/wp-json\/wp\/v2\/nivel-5?post=3780"},{"taxonomy":"nivel-1","embeddable":true,"href":"https:\/\/newsroom.ferrovial.com\/es\/wp-json\/wp\/v2\/nivel-1?post=3780"},{"taxonomy":"nivel-3","embeddable":true,"href":"https:\/\/newsroom.ferrovial.com\/es\/wp-json\/wp\/v2\/nivel-3?post=3780"},{"taxonomy":"nivel-4","embeddable":true,"href":"https:\/\/newsroom.ferrovial.com\/es\/wp-json\/wp\/v2\/nivel-4?post=3780"}],"curies":[{"name":"wp","href":"https:\/\/api.w.org\/{rel}","templated":true}]}}