{"id":3787,"date":"2016-06-07T00:00:00","date_gmt":"2016-06-07T00:00:00","guid":{"rendered":"https:\/\/newsroom.ferrovial.com\/news\/modelo-economico-de-crecimiento-verde-protagonistaii-foro-grupo-espanol-crecimiento-verde\/"},"modified":"2022-12-21T10:00:18","modified_gmt":"2022-12-21T09:00:18","slug":"modelo-economico-de-crecimiento-verde-protagonistaii-foro-grupo-espanol-crecimiento-verde","status":"publish","type":"new","link":"https:\/\/newsroom.ferrovial.com\/es\/noticias\/modelo-economico-de-crecimiento-verde-protagonistaii-foro-grupo-espanol-crecimiento-verde\/","title":{"rendered":"El modelo econ\u00f3mico de crecimiento verde protagonista del II Foro del Grupo Espa\u00f1ol para el Crecimiento Verde"},"content":{"rendered":"    <section class=\"wysiwyg text-editor \" id=\"\">\n        <div class=\"container container--narrow container--p-10\">\n            <p>Expertos del mundo de la empresa, la ciencia, la comunicaci\u00f3n y la pol\u00edtica ambiental analizaron las principales oportunidades y pol\u00edticas necesarias en Espa\u00f1a para lograr un desarrollo sostenible y cumplir con los hitos marcado por los Objetivos de Desarrollo Sostenible y el hist\u00f3rico Acuerdo de Par\u00eds.<\/p>\n<p>En la<a href=\"https:\/\/newsroom.ferrovial.com\/es\/noticias\/grupo-espanol-de-crecimiento-verde-acuerdo-de-la-cop21\/\"> segunda edici\u00f3n del\u00a0Foro del Grupo Espa\u00f1ol para el Crecimiento Verde<\/a>, inaugurado por el Secretario de Estado de Medio Ambiente Pablo Saavedra Inaraja, se abordaron varias cuestiones de actualidad como <strong>modelo econ\u00f3mico de crecimiento verde<\/strong>\u00a0&#8211; sus riesgos y oportunidades, grandes cambios normativos en \u00e1mbito energ\u00e9tico, fiscal y financiero, \u201cdescarbonizacion\u201d, empleo verde o econom\u00eda circular entre otros.<\/p>\n<p>Maria Luz Castilla, socia de PwC y vocal de la Junta Directiva del GECV present\u00f3 el informe elaborado en los \u00faltimos meses por GECV con el t\u00edtulo <em>Crecimiento Verde: Espa\u00f1a hoy y ma\u00f1ana<\/em> ya disponible al p\u00fablico en su <a href=\"http:\/\/grupocrecimientoverde.org\/\">p\u00e1gina oficial<\/a>. Tras la presentaci\u00f3n del informe, tuvo lugar el debate con dos mesas redondas moderadas por la conocida presentadora de TVE M\u00f2nica L\u00f3pez Moyana.<\/p>\n<p>En la primera, Pedro Linares (UPC), \u00d3scar Mart\u00edn (Ecoembes), Gonzalo S\u00e1enz de Miera (Iberdrola) y \u00c1ngel Pes (CaixaBank) hablaron de <strong>pol\u00edtica verde<\/strong> y <strong>normativa europea<\/strong>, as\u00ed como de las tendencias en el <strong>sector energ\u00e9tico<\/strong> y <strong>financiero<\/strong>. Por su parte, Isaac Navarro (Contazara) present\u00f3 el punto de vista de las PYMEs en estos \u00e1mbitos.<\/p>\n<p>En la segunda mesa, Eduardo Gonzalez (OECC), Joaquin Nieto (OIT) y Enrique Segovia (WWF) intercambiaron opiniones sobre las <strong>pol\u00edticas medioambientales actuales<\/strong>, la <strong>descarbonizaci\u00f3n<\/strong> y el <strong>empleo verde<\/strong>. Geert Peamen (Telef\u00f3nica) y Carmen Becerril (Acciona) destacaron la importancia del avance tecnol\u00f3gico y el mix energ\u00e9tico.<\/p>\n<p>El acto lo clausur\u00f3 el presidente de la asociaci\u00f3n, Valent\u00edn Alfaya destacando las principales conclusiones generadas en la jornada.<\/p>\n<p>El <a href=\"https:\/\/newsroom.ferrovial.com\/es\/noticias\/luchamos-contra-cambio-climatico\/\">GECV, creado inicialmente por 18 empresas en septiembre de 2014<\/a>, cuenta en la actualidad con <strong>29 compa\u00f1\u00edas<\/strong> de sectores tan diversos como energ\u00eda, finanzas, industria, infraestructuras, servicios o telecomunicaciones, entre otros. Con una capitalizaci\u00f3n cercana a <strong>429.000 millones de euros<\/strong>, las entidades, muchas de ellas multinacionales presentes en el Ibex 35, junto con las PYMES asociadas, comparten compromisos ambiciosos orientados a la reducci\u00f3n de emisiones, al tiempo que apuestan firmemente por las oportunidades que encierra una econom\u00eda baja en carbono.<\/p>\n<p>Sus objetivos son promover las actividades necesarias para <strong>transmitir a la sociedad<\/strong> en general y a todos los grupos de inter\u00e9s el potencial de este <strong>modelo de crecimiento econ\u00f3mico para Espa\u00f1a<\/strong>; contribuir a la generaci\u00f3n y <strong>difusi\u00f3n del conocimiento<\/strong> preciso para activar los cambios necesarios; influir en la creaci\u00f3n de un <strong>entorno favorable<\/strong> para el desarrollo de dicho modelo, y servir como un <strong>interlocutor<\/strong> relevante del sector empresarial asociado con las administraciones p\u00fablicas, asociaciones empresariales, corporaciones profesionales, universidades, as\u00ed como con otros grupos de inter\u00e9s, tanto en el \u00e1mbito nacional como internacional.<\/p>\n        <\/div>\n    <\/section>\n","protected":false},"excerpt":{"rendered":"","protected":false},"featured_media":3788,"menu_order":0,"comment_status":"closed","ping_status":"closed","template":"","nivel-2":[928,936,2231,2210,1900,1045],"nivel-5":[],"nivel-1":[],"nivel-3":[1258],"nivel-4":[1809],"class_list":["post-3787","new","type-new","status-publish","has-post-thumbnail","hentry","nivel-2-cambio-climatico","nivel-2-conservacion-del-medio-ambiente","nivel-2-cultura-empresarial","nivel-2-eficiencia-operativa","nivel-2-objetivos-de-desarrollo-sostenible","nivel-2-sostenibilidad","nivel-3-espana","nivel-4-madrid"],"acf":[],"yoast_head":"<title>El modelo econ\u00f3mico de crecimiento verde protagonista del II Foro del Grupo Espa\u00f1ol para el Crecimiento Verde Sala de prensa Ferrovial | \u00daltimas noticias<\/title>\n<meta name=\"description\" content=\"Sala de prensa Ferrovial | \u00daltimas noticias\" \/>\n<meta name=\"robots\" content=\"index, follow, max-snippet:-1, max-image-preview:large, max-video-preview:-1\" \/>\n<link rel=\"canonical\" href=\"https:\/\/newsroom.ferrovial.com\/es\/noticias\/modelo-economico-de-crecimiento-verde-protagonistaii-foro-grupo-espanol-crecimiento-verde\/\" \/>\n<meta property=\"og:locale\" content=\"es_ES\" \/>\n<meta property=\"og:type\" content=\"article\" \/>\n<meta property=\"og:title\" content=\"El modelo econ\u00f3mico de crecimiento verde protagonista del II Foro del Grupo Espa\u00f1ol para el Crecimiento Verde Sala de prensa Ferrovial | \u00daltimas noticias\" \/>\n<meta property=\"og:description\" content=\"Sala de prensa Ferrovial | \u00daltimas noticias\" \/>\n<meta property=\"og:url\" content=\"https:\/\/newsroom.ferrovial.com\/es\/noticias\/modelo-economico-de-crecimiento-verde-protagonistaii-foro-grupo-espanol-crecimiento-verde\/\" \/>\n<meta property=\"og:site_name\" content=\"Sala de prensa Ferrovial | \u00daltimas noticias\" \/>\n<meta property=\"article:publisher\" content=\"https:\/\/www.facebook.com\/ferrovial\" \/>\n<meta property=\"article:modified_time\" content=\"2022-12-21T09:00:18+00:00\" \/>\n<meta property=\"og:image\" content=\"https:\/\/newsroom.ferrovial.com\/wp-content\/uploads\/sites\/4\/2018\/07\/crecimiento-verde-protagonista-foro-grupo-espanol-crecimiento-verde-valentin-alfaya-e1465397070452.jpg\" \/>\n\t<meta property=\"og:image:width\" content=\"4107\" \/>\n\t<meta property=\"og:image:height\" content=\"1331\" \/>\n\t<meta property=\"og:image:type\" content=\"image\/jpeg\" \/>\n<meta name=\"twitter:card\" content=\"summary_large_image\" \/>\n<meta name=\"twitter:site\" content=\"@ferrovial\" \/>\n<script type=\"application\/ld+json\" class=\"yoast-schema-graph\">{\"@context\":\"https:\/\/schema.org\",\"@graph\":[{\"@type\":\"WebPage\",\"@id\":\"https:\/\/newsroom.ferrovial.com\/es\/noticias\/modelo-economico-de-crecimiento-verde-protagonistaii-foro-grupo-espanol-crecimiento-verde\/\",\"url\":\"https:\/\/newsroom.ferrovial.com\/es\/noticias\/modelo-economico-de-crecimiento-verde-protagonistaii-foro-grupo-espanol-crecimiento-verde\/\",\"name\":\"El modelo econ\u00f3mico de crecimiento verde protagonista del II Foro del Grupo Espa\u00f1ol para el Crecimiento Verde Sala de prensa Ferrovial | \u00daltimas noticias\",\"isPartOf\":{\"@id\":\"https:\/\/newsroom.ferrovial.com\/es\/#website\"},\"primaryImageOfPage\":{\"@id\":\"https:\/\/newsroom.ferrovial.com\/es\/noticias\/modelo-economico-de-crecimiento-verde-protagonistaii-foro-grupo-espanol-crecimiento-verde\/#primaryimage\"},\"image\":{\"@id\":\"https:\/\/newsroom.ferrovial.com\/es\/noticias\/modelo-economico-de-crecimiento-verde-protagonistaii-foro-grupo-espanol-crecimiento-verde\/#primaryimage\"},\"thumbnailUrl\":\"https:\/\/static.newsroom.ferrovial.com\/wp-content\/uploads\/2018\/07\/15153500\/crecimiento-verde-protagonista-foro-grupo-espanol-crecimiento-verde-valentin-alfaya-e1465397070452.jpg\",\"datePublished\":\"2016-06-07T00:00:00+00:00\",\"dateModified\":\"2022-12-21T09:00:18+00:00\",\"description\":\"Sala de prensa Ferrovial | \u00daltimas noticias\",\"breadcrumb\":{\"@id\":\"https:\/\/newsroom.ferrovial.com\/es\/noticias\/modelo-economico-de-crecimiento-verde-protagonistaii-foro-grupo-espanol-crecimiento-verde\/#breadcrumb\"},\"inLanguage\":\"es\",\"potentialAction\":[{\"@type\":\"ReadAction\",\"target\":[\"https:\/\/newsroom.ferrovial.com\/es\/noticias\/modelo-economico-de-crecimiento-verde-protagonistaii-foro-grupo-espanol-crecimiento-verde\/\"]}]},{\"@type\":\"ImageObject\",\"inLanguage\":\"es\",\"@id\":\"https:\/\/newsroom.ferrovial.com\/es\/noticias\/modelo-economico-de-crecimiento-verde-protagonistaii-foro-grupo-espanol-crecimiento-verde\/#primaryimage\",\"url\":\"https:\/\/static.newsroom.ferrovial.com\/wp-content\/uploads\/2018\/07\/15153500\/crecimiento-verde-protagonista-foro-grupo-espanol-crecimiento-verde-valentin-alfaya-e1465397070452.jpg\",\"contentUrl\":\"https:\/\/static.newsroom.ferrovial.com\/wp-content\/uploads\/2018\/07\/15153500\/crecimiento-verde-protagonista-foro-grupo-espanol-crecimiento-verde-valentin-alfaya-e1465397070452.jpg\",\"width\":4107,\"height\":1331,\"caption\":\"modelo econ\u00f3mico crecimiento verde valent\u00edn alfaya\"},{\"@type\":\"BreadcrumbList\",\"@id\":\"https:\/\/newsroom.ferrovial.com\/es\/noticias\/modelo-economico-de-crecimiento-verde-protagonistaii-foro-grupo-espanol-crecimiento-verde\/#breadcrumb\",\"itemListElement\":[{\"@type\":\"ListItem\",\"position\":1,\"name\":\"Portada\",\"item\":\"https:\/\/newsroom.ferrovial.com\/es\/\"},{\"@type\":\"ListItem\",\"position\":2,\"name\":\"El modelo econ\u00f3mico de crecimiento verde protagonista del II Foro del Grupo Espa\u00f1ol para el Crecimiento Verde\"}]},{\"@type\":\"WebSite\",\"@id\":\"https:\/\/newsroom.ferrovial.com\/es\/#website\",\"url\":\"https:\/\/newsroom.ferrovial.com\/es\/\",\"name\":\"Sala de prensa Ferrovial | \u00daltimas noticias\",\"description\":\"Sala de prensa Ferrovial | \u00daltimas noticias\",\"publisher\":{\"@id\":\"https:\/\/newsroom.ferrovial.com\/es\/#organization\"},\"potentialAction\":[{\"@type\":\"SearchAction\",\"target\":{\"@type\":\"EntryPoint\",\"urlTemplate\":\"https:\/\/newsroom.ferrovial.com\/es\/?s={search_term_string}\"},\"query-input\":{\"@type\":\"PropertyValueSpecification\",\"valueRequired\":true,\"valueName\":\"search_term_string\"}}],\"inLanguage\":\"es\"},{\"@type\":\"Organization\",\"@id\":\"https:\/\/newsroom.ferrovial.com\/es\/#organization\",\"name\":\"Ferrovial S.A.\",\"url\":\"https:\/\/newsroom.ferrovial.com\/es\/\",\"logo\":{\"@type\":\"ImageObject\",\"inLanguage\":\"es\",\"@id\":\"https:\/\/newsroom.ferrovial.com\/es\/#\/schema\/logo\/image\/\",\"url\":\"https:\/\/static.newsroom.ferrovial.com\/wp-content\/uploads\/2018\/07\/15145720\/Ferrovial_Logotipo1.jpg\",\"contentUrl\":\"https:\/\/static.newsroom.ferrovial.com\/wp-content\/uploads\/2018\/07\/15145720\/Ferrovial_Logotipo1.jpg\",\"width\":600,\"height\":300,\"caption\":\"Ferrovial S.A.\"},\"image\":{\"@id\":\"https:\/\/newsroom.ferrovial.com\/es\/#\/schema\/logo\/image\/\"},\"sameAs\":[\"https:\/\/www.facebook.com\/ferrovial\",\"https:\/\/x.com\/ferrovial\",\"https:\/\/www.instagram.com\/ferrovial\/\",\"https:\/\/www.linkedin.com\/company\/ferrovial\",\"https:\/\/www.pinterest.es\/ferrovial\/\",\"https:\/\/www.youtube.com\/ferrovial\",\"https:\/\/en.wikipedia.org\/wiki\/Ferrovial\"]}]}<\/script>","yoast_head_json":{"title":"El modelo econ\u00f3mico de crecimiento verde protagonista del II Foro del Grupo Espa\u00f1ol para el Crecimiento Verde Sala de prensa Ferrovial | \u00daltimas noticias","description":"Sala de prensa Ferrovial | \u00daltimas noticias","robots":{"index":"index","follow":"follow","max-snippet":"max-snippet:-1","max-image-preview":"max-image-preview:large","max-video-preview":"max-video-preview:-1"},"canonical":"https:\/\/newsroom.ferrovial.com\/es\/noticias\/modelo-economico-de-crecimiento-verde-protagonistaii-foro-grupo-espanol-crecimiento-verde\/","og_locale":"es_ES","og_type":"article","og_title":"El modelo econ\u00f3mico de crecimiento verde protagonista del II Foro del Grupo Espa\u00f1ol para el Crecimiento Verde Sala de prensa Ferrovial | \u00daltimas noticias","og_description":"Sala de prensa Ferrovial | \u00daltimas noticias","og_url":"https:\/\/newsroom.ferrovial.com\/es\/noticias\/modelo-economico-de-crecimiento-verde-protagonistaii-foro-grupo-espanol-crecimiento-verde\/","og_site_name":"Sala de prensa Ferrovial | \u00daltimas noticias","article_publisher":"https:\/\/www.facebook.com\/ferrovial","article_modified_time":"2022-12-21T09:00:18+00:00","og_image":[{"width":4107,"height":1331,"url":"https:\/\/newsroom.ferrovial.com\/wp-content\/uploads\/sites\/4\/2018\/07\/crecimiento-verde-protagonista-foro-grupo-espanol-crecimiento-verde-valentin-alfaya-e1465397070452.jpg","type":"image\/jpeg"}],"twitter_card":"summary_large_image","twitter_site":"@ferrovial","schema":{"@context":"https:\/\/schema.org","@graph":[{"@type":"WebPage","@id":"https:\/\/newsroom.ferrovial.com\/es\/noticias\/modelo-economico-de-crecimiento-verde-protagonistaii-foro-grupo-espanol-crecimiento-verde\/","url":"https:\/\/newsroom.ferrovial.com\/es\/noticias\/modelo-economico-de-crecimiento-verde-protagonistaii-foro-grupo-espanol-crecimiento-verde\/","name":"El modelo econ\u00f3mico de crecimiento verde protagonista del II Foro del Grupo Espa\u00f1ol para el Crecimiento Verde Sala de prensa Ferrovial | \u00daltimas noticias","isPartOf":{"@id":"https:\/\/newsroom.ferrovial.com\/es\/#website"},"primaryImageOfPage":{"@id":"https:\/\/newsroom.ferrovial.com\/es\/noticias\/modelo-economico-de-crecimiento-verde-protagonistaii-foro-grupo-espanol-crecimiento-verde\/#primaryimage"},"image":{"@id":"https:\/\/newsroom.ferrovial.com\/es\/noticias\/modelo-economico-de-crecimiento-verde-protagonistaii-foro-grupo-espanol-crecimiento-verde\/#primaryimage"},"thumbnailUrl":"https:\/\/static.newsroom.ferrovial.com\/wp-content\/uploads\/2018\/07\/15153500\/crecimiento-verde-protagonista-foro-grupo-espanol-crecimiento-verde-valentin-alfaya-e1465397070452.jpg","datePublished":"2016-06-07T00:00:00+00:00","dateModified":"2022-12-21T09:00:18+00:00","description":"Sala de prensa Ferrovial | \u00daltimas noticias","breadcrumb":{"@id":"https:\/\/newsroom.ferrovial.com\/es\/noticias\/modelo-economico-de-crecimiento-verde-protagonistaii-foro-grupo-espanol-crecimiento-verde\/#breadcrumb"},"inLanguage":"es","potentialAction":[{"@type":"ReadAction","target":["https:\/\/newsroom.ferrovial.com\/es\/noticias\/modelo-economico-de-crecimiento-verde-protagonistaii-foro-grupo-espanol-crecimiento-verde\/"]}]},{"@type":"ImageObject","inLanguage":"es","@id":"https:\/\/newsroom.ferrovial.com\/es\/noticias\/modelo-economico-de-crecimiento-verde-protagonistaii-foro-grupo-espanol-crecimiento-verde\/#primaryimage","url":"https:\/\/static.newsroom.ferrovial.com\/wp-content\/uploads\/2018\/07\/15153500\/crecimiento-verde-protagonista-foro-grupo-espanol-crecimiento-verde-valentin-alfaya-e1465397070452.jpg","contentUrl":"https:\/\/static.newsroom.ferrovial.com\/wp-content\/uploads\/2018\/07\/15153500\/crecimiento-verde-protagonista-foro-grupo-espanol-crecimiento-verde-valentin-alfaya-e1465397070452.jpg","width":4107,"height":1331,"caption":"modelo econ\u00f3mico crecimiento verde valent\u00edn alfaya"},{"@type":"BreadcrumbList","@id":"https:\/\/newsroom.ferrovial.com\/es\/noticias\/modelo-economico-de-crecimiento-verde-protagonistaii-foro-grupo-espanol-crecimiento-verde\/#breadcrumb","itemListElement":[{"@type":"ListItem","position":1,"name":"Portada","item":"https:\/\/newsroom.ferrovial.com\/es\/"},{"@type":"ListItem","position":2,"name":"El modelo econ\u00f3mico de crecimiento verde protagonista del II Foro del Grupo Espa\u00f1ol para el Crecimiento Verde"}]},{"@type":"WebSite","@id":"https:\/\/newsroom.ferrovial.com\/es\/#website","url":"https:\/\/newsroom.ferrovial.com\/es\/","name":"Sala de prensa Ferrovial | \u00daltimas noticias","description":"Sala de prensa Ferrovial | \u00daltimas noticias","publisher":{"@id":"https:\/\/newsroom.ferrovial.com\/es\/#organization"},"potentialAction":[{"@type":"SearchAction","target":{"@type":"EntryPoint","urlTemplate":"https:\/\/newsroom.ferrovial.com\/es\/?s={search_term_string}"},"query-input":{"@type":"PropertyValueSpecification","valueRequired":true,"valueName":"search_term_string"}}],"inLanguage":"es"},{"@type":"Organization","@id":"https:\/\/newsroom.ferrovial.com\/es\/#organization","name":"Ferrovial S.A.","url":"https:\/\/newsroom.ferrovial.com\/es\/","logo":{"@type":"ImageObject","inLanguage":"es","@id":"https:\/\/newsroom.ferrovial.com\/es\/#\/schema\/logo\/image\/","url":"https:\/\/static.newsroom.ferrovial.com\/wp-content\/uploads\/2018\/07\/15145720\/Ferrovial_Logotipo1.jpg","contentUrl":"https:\/\/static.newsroom.ferrovial.com\/wp-content\/uploads\/2018\/07\/15145720\/Ferrovial_Logotipo1.jpg","width":600,"height":300,"caption":"Ferrovial S.A."},"image":{"@id":"https:\/\/newsroom.ferrovial.com\/es\/#\/schema\/logo\/image\/"},"sameAs":["https:\/\/www.facebook.com\/ferrovial","https:\/\/x.com\/ferrovial","https:\/\/www.instagram.com\/ferrovial\/","https:\/\/www.linkedin.com\/company\/ferrovial","https:\/\/www.pinterest.es\/ferrovial\/","https:\/\/www.youtube.com\/ferrovial","https:\/\/en.wikipedia.org\/wiki\/Ferrovial"]}]}},"_links":{"self":[{"href":"https:\/\/newsroom.ferrovial.com\/es\/wp-json\/wp\/v2\/new\/3787","targetHints":{"allow":["GET"]}}],"collection":[{"href":"https:\/\/newsroom.ferrovial.com\/es\/wp-json\/wp\/v2\/new"}],"about":[{"href":"https:\/\/newsroom.ferrovial.com\/es\/wp-json\/wp\/v2\/types\/new"}],"replies":[{"embeddable":true,"href":"https:\/\/newsroom.ferrovial.com\/es\/wp-json\/wp\/v2\/comments?post=3787"}],"version-history":[{"count":1,"href":"https:\/\/newsroom.ferrovial.com\/es\/wp-json\/wp\/v2\/new\/3787\/revisions"}],"predecessor-version":[{"id":117496,"href":"https:\/\/newsroom.ferrovial.com\/es\/wp-json\/wp\/v2\/new\/3787\/revisions\/117496"}],"wp:featuredmedia":[{"embeddable":true,"href":"https:\/\/newsroom.ferrovial.com\/es\/wp-json\/wp\/v2\/media\/3788"}],"wp:attachment":[{"href":"https:\/\/newsroom.ferrovial.com\/es\/wp-json\/wp\/v2\/media?parent=3787"}],"wp:term":[{"taxonomy":"nivel-2","embeddable":true,"href":"https:\/\/newsroom.ferrovial.com\/es\/wp-json\/wp\/v2\/nivel-2?post=3787"},{"taxonomy":"nivel-5","embeddable":true,"href":"https:\/\/newsroom.ferrovial.com\/es\/wp-json\/wp\/v2\/nivel-5?post=3787"},{"taxonomy":"nivel-1","embeddable":true,"href":"https:\/\/newsroom.ferrovial.com\/es\/wp-json\/wp\/v2\/nivel-1?post=3787"},{"taxonomy":"nivel-3","embeddable":true,"href":"https:\/\/newsroom.ferrovial.com\/es\/wp-json\/wp\/v2\/nivel-3?post=3787"},{"taxonomy":"nivel-4","embeddable":true,"href":"https:\/\/newsroom.ferrovial.com\/es\/wp-json\/wp\/v2\/nivel-4?post=3787"}],"curies":[{"name":"wp","href":"https:\/\/api.w.org\/{rel}","templated":true}]}}