{"id":3819,"date":"2016-06-11T00:00:00","date_gmt":"2016-06-11T00:00:00","guid":{"rendered":"https:\/\/newsroom.ferrovial.com\/news\/salud-deporte-y-alimentacion-protagonista-del-congreso-agora-bienestar\/"},"modified":"2022-12-21T10:00:13","modified_gmt":"2022-12-21T09:00:13","slug":"salud-deporte-y-alimentacion-protagonista-del-congreso-agora-bienestar","status":"publish","type":"new","link":"https:\/\/newsroom.ferrovial.com\/es\/noticias\/salud-deporte-y-alimentacion-protagonista-del-congreso-agora-bienestar\/","title":{"rendered":"Salud, deporte y alimentaci\u00f3n protagonista del congreso \u00c1gora Bienestar en el que particip\u00f3 Ferrovial Servicios"},"content":{"rendered":"    <section class=\"wysiwyg text-editor \" id=\"\">\n        <div class=\"container container--narrow container--p-10\">\n            <p><a title=\"Ferrovial Servicios\" href=\"https:\/\/www.ferrovial.com\/es\/lineas-de-negocio\/ferrovial-servicios\/\" target=\"_blank\" rel=\"dofollow\">Ferrovial Servicios<\/a> ha participado recientemente en el congreso &#8216;\u00c1gora Bienestar&#8217; que ha reunido en Valencia a m\u00e1s de 40 expertos del sector y cont\u00f3 con la participaci\u00f3n de m\u00e1s de 200 asistentes. El encuentro ha tenido como objetivo proporcionar una visi\u00f3n global del significado de \u201cbienestar\u201d a trav\u00e9s de diferentes ponencias y debates; y ha remarcado la importancia que tiene este concepto para la persona, tanto a nivel personal como profesional, as\u00ed como para la empresa y en definitiva, para la sociedad.<\/p>\n<p>El evento se desarroll\u00f3 durante dos jornadas en las que participaron directivos de multinacionales espa\u00f1olas, expertos en inteligencia emocional, emprendedores de <em>start-ups<\/em> relacionadas con la salud y psic\u00f3logos especializados.<\/p>\n<h2>Pasaporte al bienestar: salud, deporte y alimentaci\u00f3n<\/h2>\n<p>Ferrovial Servicios Espa\u00f1a organiz\u00f3 y moder\u00f3 la mesa redonda &#8216;Pasaporte al bienestar: salud, deporte y alimentaci\u00f3n&#8217;, y cont\u00f3 con la presencia de Jos\u00e9 Ram\u00f3n Ferradas, Jefe de Prevenci\u00f3n de Riesgos Laborales, Jos\u00e9 C\u00e1mara, Director Regional y Jos\u00e9 Emiliano Abril, Director del servicio m\u00e9dico en Murcia. Tambi\u00e9n participaron en el debate el doctor Carlos D\u00edez, Director gerente del Campus Hospital La Moraleja y de los Servicios M\u00e9dicos de Sanitas-Real Madrid CF y M\u00aa Cruz Mart\u00ednez, Coordinadora del \u00e1rea de Cultura Alimentaria, Sociolog\u00eda y Antropolog\u00eda de la Alimentaci\u00f3n del Comit\u00e9 Cient\u00edfico de la Fundaci\u00f3n Espa\u00f1ola de Dietista Nutricionistas\u201d.<\/p>\n<p>En esta mesa se concret\u00f3 el papel que juegan en el bienestar una correcta nutrici\u00f3n, la medicina preventiva y el deporte, as\u00ed como la sensibilizaci\u00f3n sobre importancia de estas variables. Adem\u00e1s, se explic\u00f3 el alcance de los tres ejes y los participantes aportaron diferentes consejos y t\u00e9cnicas de los servicios m\u00e9dicos de las empresas privadas (Ferrovial Servicios Espa\u00f1a), de la promoci\u00f3n de la salud desde el deporte (centros deportivos Inacua), de asociaciones especializadas y de nuevas formas innovadoras de cuidar la salud ofrecidas por entidades m\u00e9dicas especializadas.<\/p>\n<p>As\u00ed mismo se abordaron cuestiones como en qu\u00e9 forma est\u00e1n presentes estos tres conceptos clave -salud, deporte y nutrici\u00f3n- en los centros Inacua o c\u00f3mo se puede promocionar la salud de los trabajadores desde el deporte y la nutrici\u00f3n en una empresa de m\u00e1s de 35.000 trabajadores, como Ferrovial Servicios Espa\u00f1a.<\/p>\n<h3><strong>Iniciativas de seguridad y salud en Ferrovial Servicios Espa\u00f1a<\/strong><\/h3>\n<p>Ferrovial Servicios Espa\u00f1a, como parte de su compromiso con la seguridad y salud laboral, adem\u00e1s de promover unas condiciones de trabajo seguras y adecuadas para sus empleados, impulsa numerosas iniciativas para fomentar los h\u00e1bitos saludables y el crecimiento personal, proporcionando herramientas y medios que mejoren su estado f\u00edsico y emocional.<\/p>\n<h4>Res\u00famen Congreso \u00c1gora Bienestar Valencia<\/h4>\n<p><iframe loading=\"lazy\" src=\"https:\/\/www.youtube.com\/embed\/mZP8YdDGGbA\" width=\"560\" height=\"315\" frameborder=\"0\" allowfullscreen=\"allowfullscreen\"><\/iframe><\/p>\n        <\/div>\n    <\/section>\n","protected":false},"excerpt":{"rendered":"","protected":false},"featured_media":3820,"menu_order":0,"comment_status":"closed","ping_status":"closed","template":"","nivel-2":[972,1019,1904,1036,2240],"nivel-5":[],"nivel-1":[],"nivel-3":[1258],"nivel-4":[1797],"class_list":["post-3819","new","type-new","status-publish","has-post-thumbnail","hentry","nivel-2-eventos","nivel-2-personas-y-equipo","nivel-2-recursos-humanos","nivel-2-responsabilidad-social-corporativa","nivel-2-seguridad-y-salud","nivel-3-espana","nivel-4-comunidad-valenciana"],"acf":[],"yoast_head":"<title>Salud, deporte y alimentaci\u00f3n protagonista del congreso \u00c1gora Bienestar en el que particip\u00f3 Ferrovial Servicios Sala de prensa Ferrovial | \u00daltimas noticias<\/title>\n<meta name=\"description\" content=\"Sala de prensa Ferrovial | \u00daltimas noticias\" \/>\n<meta name=\"robots\" content=\"index, follow, max-snippet:-1, max-image-preview:large, max-video-preview:-1\" \/>\n<link rel=\"canonical\" href=\"https:\/\/newsroom.ferrovial.com\/es\/noticias\/salud-deporte-y-alimentacion-protagonista-del-congreso-agora-bienestar\/\" \/>\n<meta property=\"og:locale\" content=\"es_ES\" \/>\n<meta property=\"og:type\" content=\"article\" \/>\n<meta property=\"og:title\" content=\"Salud, deporte y alimentaci\u00f3n protagonista del congreso \u00c1gora Bienestar en el que particip\u00f3 Ferrovial Servicios Sala de prensa Ferrovial | \u00daltimas noticias\" \/>\n<meta property=\"og:description\" content=\"Sala de prensa Ferrovial | \u00daltimas noticias\" \/>\n<meta property=\"og:url\" content=\"https:\/\/newsroom.ferrovial.com\/es\/noticias\/salud-deporte-y-alimentacion-protagonista-del-congreso-agora-bienestar\/\" \/>\n<meta property=\"og:site_name\" content=\"Sala de prensa Ferrovial | \u00daltimas noticias\" \/>\n<meta property=\"article:publisher\" content=\"https:\/\/www.facebook.com\/ferrovial\" \/>\n<meta property=\"article:modified_time\" content=\"2022-12-21T09:00:13+00:00\" \/>\n<meta property=\"og:image\" content=\"https:\/\/newsroom.ferrovial.com\/wp-content\/uploads\/sites\/4\/2018\/07\/salud-deporte-y-alimentacion-ferrovial-servicios.jpg\" \/>\n\t<meta property=\"og:image:width\" content=\"1024\" \/>\n\t<meta property=\"og:image:height\" content=\"710\" \/>\n\t<meta property=\"og:image:type\" content=\"image\/jpeg\" \/>\n<meta name=\"twitter:card\" content=\"summary_large_image\" \/>\n<meta name=\"twitter:site\" content=\"@ferrovial\" \/>\n<script type=\"application\/ld+json\" class=\"yoast-schema-graph\">{\"@context\":\"https:\/\/schema.org\",\"@graph\":[{\"@type\":\"WebPage\",\"@id\":\"https:\/\/newsroom.ferrovial.com\/es\/noticias\/salud-deporte-y-alimentacion-protagonista-del-congreso-agora-bienestar\/\",\"url\":\"https:\/\/newsroom.ferrovial.com\/es\/noticias\/salud-deporte-y-alimentacion-protagonista-del-congreso-agora-bienestar\/\",\"name\":\"Salud, deporte y alimentaci\u00f3n protagonista del congreso \u00c1gora Bienestar en el que particip\u00f3 Ferrovial Servicios Sala de prensa Ferrovial | \u00daltimas noticias\",\"isPartOf\":{\"@id\":\"https:\/\/newsroom.ferrovial.com\/es\/#website\"},\"primaryImageOfPage\":{\"@id\":\"https:\/\/newsroom.ferrovial.com\/es\/noticias\/salud-deporte-y-alimentacion-protagonista-del-congreso-agora-bienestar\/#primaryimage\"},\"image\":{\"@id\":\"https:\/\/newsroom.ferrovial.com\/es\/noticias\/salud-deporte-y-alimentacion-protagonista-del-congreso-agora-bienestar\/#primaryimage\"},\"thumbnailUrl\":\"https:\/\/static.newsroom.ferrovial.com\/wp-content\/uploads\/2018\/07\/15153445\/salud-deporte-y-alimentacion-ferrovial-servicios.jpg\",\"datePublished\":\"2016-06-11T00:00:00+00:00\",\"dateModified\":\"2022-12-21T09:00:13+00:00\",\"description\":\"Sala de prensa Ferrovial | \u00daltimas noticias\",\"breadcrumb\":{\"@id\":\"https:\/\/newsroom.ferrovial.com\/es\/noticias\/salud-deporte-y-alimentacion-protagonista-del-congreso-agora-bienestar\/#breadcrumb\"},\"inLanguage\":\"es\",\"potentialAction\":[{\"@type\":\"ReadAction\",\"target\":[\"https:\/\/newsroom.ferrovial.com\/es\/noticias\/salud-deporte-y-alimentacion-protagonista-del-congreso-agora-bienestar\/\"]}]},{\"@type\":\"ImageObject\",\"inLanguage\":\"es\",\"@id\":\"https:\/\/newsroom.ferrovial.com\/es\/noticias\/salud-deporte-y-alimentacion-protagonista-del-congreso-agora-bienestar\/#primaryimage\",\"url\":\"https:\/\/static.newsroom.ferrovial.com\/wp-content\/uploads\/2018\/07\/15153445\/salud-deporte-y-alimentacion-ferrovial-servicios.jpg\",\"contentUrl\":\"https:\/\/static.newsroom.ferrovial.com\/wp-content\/uploads\/2018\/07\/15153445\/salud-deporte-y-alimentacion-ferrovial-servicios.jpg\",\"width\":1024,\"height\":710,\"caption\":\"Congreso de Salud Deporte y alimentaci\u00f3n Ferrovial Servicios\"},{\"@type\":\"BreadcrumbList\",\"@id\":\"https:\/\/newsroom.ferrovial.com\/es\/noticias\/salud-deporte-y-alimentacion-protagonista-del-congreso-agora-bienestar\/#breadcrumb\",\"itemListElement\":[{\"@type\":\"ListItem\",\"position\":1,\"name\":\"Portada\",\"item\":\"https:\/\/newsroom.ferrovial.com\/es\/\"},{\"@type\":\"ListItem\",\"position\":2,\"name\":\"Salud, deporte y alimentaci\u00f3n protagonista del congreso \u00c1gora Bienestar en el que particip\u00f3 Ferrovial Servicios\"}]},{\"@type\":\"WebSite\",\"@id\":\"https:\/\/newsroom.ferrovial.com\/es\/#website\",\"url\":\"https:\/\/newsroom.ferrovial.com\/es\/\",\"name\":\"Sala de prensa Ferrovial | \u00daltimas noticias\",\"description\":\"Sala de prensa Ferrovial | \u00daltimas noticias\",\"publisher\":{\"@id\":\"https:\/\/newsroom.ferrovial.com\/es\/#organization\"},\"potentialAction\":[{\"@type\":\"SearchAction\",\"target\":{\"@type\":\"EntryPoint\",\"urlTemplate\":\"https:\/\/newsroom.ferrovial.com\/es\/?s={search_term_string}\"},\"query-input\":{\"@type\":\"PropertyValueSpecification\",\"valueRequired\":true,\"valueName\":\"search_term_string\"}}],\"inLanguage\":\"es\"},{\"@type\":\"Organization\",\"@id\":\"https:\/\/newsroom.ferrovial.com\/es\/#organization\",\"name\":\"Ferrovial S.A.\",\"url\":\"https:\/\/newsroom.ferrovial.com\/es\/\",\"logo\":{\"@type\":\"ImageObject\",\"inLanguage\":\"es\",\"@id\":\"https:\/\/newsroom.ferrovial.com\/es\/#\/schema\/logo\/image\/\",\"url\":\"https:\/\/static.newsroom.ferrovial.com\/wp-content\/uploads\/2018\/07\/15145720\/Ferrovial_Logotipo1.jpg\",\"contentUrl\":\"https:\/\/static.newsroom.ferrovial.com\/wp-content\/uploads\/2018\/07\/15145720\/Ferrovial_Logotipo1.jpg\",\"width\":600,\"height\":300,\"caption\":\"Ferrovial S.A.\"},\"image\":{\"@id\":\"https:\/\/newsroom.ferrovial.com\/es\/#\/schema\/logo\/image\/\"},\"sameAs\":[\"https:\/\/www.facebook.com\/ferrovial\",\"https:\/\/x.com\/ferrovial\",\"https:\/\/www.instagram.com\/ferrovial\/\",\"https:\/\/www.linkedin.com\/company\/ferrovial\",\"https:\/\/www.pinterest.es\/ferrovial\/\",\"https:\/\/www.youtube.com\/ferrovial\",\"https:\/\/en.wikipedia.org\/wiki\/Ferrovial\"]}]}<\/script>","yoast_head_json":{"title":"Salud, deporte y alimentaci\u00f3n protagonista del congreso \u00c1gora Bienestar en el que particip\u00f3 Ferrovial Servicios Sala de prensa Ferrovial | \u00daltimas noticias","description":"Sala de prensa Ferrovial | \u00daltimas noticias","robots":{"index":"index","follow":"follow","max-snippet":"max-snippet:-1","max-image-preview":"max-image-preview:large","max-video-preview":"max-video-preview:-1"},"canonical":"https:\/\/newsroom.ferrovial.com\/es\/noticias\/salud-deporte-y-alimentacion-protagonista-del-congreso-agora-bienestar\/","og_locale":"es_ES","og_type":"article","og_title":"Salud, deporte y alimentaci\u00f3n protagonista del congreso \u00c1gora Bienestar en el que particip\u00f3 Ferrovial Servicios Sala de prensa Ferrovial | \u00daltimas noticias","og_description":"Sala de prensa Ferrovial | \u00daltimas noticias","og_url":"https:\/\/newsroom.ferrovial.com\/es\/noticias\/salud-deporte-y-alimentacion-protagonista-del-congreso-agora-bienestar\/","og_site_name":"Sala de prensa Ferrovial | \u00daltimas noticias","article_publisher":"https:\/\/www.facebook.com\/ferrovial","article_modified_time":"2022-12-21T09:00:13+00:00","og_image":[{"width":1024,"height":710,"url":"https:\/\/newsroom.ferrovial.com\/wp-content\/uploads\/sites\/4\/2018\/07\/salud-deporte-y-alimentacion-ferrovial-servicios.jpg","type":"image\/jpeg"}],"twitter_card":"summary_large_image","twitter_site":"@ferrovial","schema":{"@context":"https:\/\/schema.org","@graph":[{"@type":"WebPage","@id":"https:\/\/newsroom.ferrovial.com\/es\/noticias\/salud-deporte-y-alimentacion-protagonista-del-congreso-agora-bienestar\/","url":"https:\/\/newsroom.ferrovial.com\/es\/noticias\/salud-deporte-y-alimentacion-protagonista-del-congreso-agora-bienestar\/","name":"Salud, deporte y alimentaci\u00f3n protagonista del congreso \u00c1gora Bienestar en el que particip\u00f3 Ferrovial Servicios Sala de prensa Ferrovial | \u00daltimas noticias","isPartOf":{"@id":"https:\/\/newsroom.ferrovial.com\/es\/#website"},"primaryImageOfPage":{"@id":"https:\/\/newsroom.ferrovial.com\/es\/noticias\/salud-deporte-y-alimentacion-protagonista-del-congreso-agora-bienestar\/#primaryimage"},"image":{"@id":"https:\/\/newsroom.ferrovial.com\/es\/noticias\/salud-deporte-y-alimentacion-protagonista-del-congreso-agora-bienestar\/#primaryimage"},"thumbnailUrl":"https:\/\/static.newsroom.ferrovial.com\/wp-content\/uploads\/2018\/07\/15153445\/salud-deporte-y-alimentacion-ferrovial-servicios.jpg","datePublished":"2016-06-11T00:00:00+00:00","dateModified":"2022-12-21T09:00:13+00:00","description":"Sala de prensa Ferrovial | \u00daltimas noticias","breadcrumb":{"@id":"https:\/\/newsroom.ferrovial.com\/es\/noticias\/salud-deporte-y-alimentacion-protagonista-del-congreso-agora-bienestar\/#breadcrumb"},"inLanguage":"es","potentialAction":[{"@type":"ReadAction","target":["https:\/\/newsroom.ferrovial.com\/es\/noticias\/salud-deporte-y-alimentacion-protagonista-del-congreso-agora-bienestar\/"]}]},{"@type":"ImageObject","inLanguage":"es","@id":"https:\/\/newsroom.ferrovial.com\/es\/noticias\/salud-deporte-y-alimentacion-protagonista-del-congreso-agora-bienestar\/#primaryimage","url":"https:\/\/static.newsroom.ferrovial.com\/wp-content\/uploads\/2018\/07\/15153445\/salud-deporte-y-alimentacion-ferrovial-servicios.jpg","contentUrl":"https:\/\/static.newsroom.ferrovial.com\/wp-content\/uploads\/2018\/07\/15153445\/salud-deporte-y-alimentacion-ferrovial-servicios.jpg","width":1024,"height":710,"caption":"Congreso de Salud Deporte y alimentaci\u00f3n Ferrovial Servicios"},{"@type":"BreadcrumbList","@id":"https:\/\/newsroom.ferrovial.com\/es\/noticias\/salud-deporte-y-alimentacion-protagonista-del-congreso-agora-bienestar\/#breadcrumb","itemListElement":[{"@type":"ListItem","position":1,"name":"Portada","item":"https:\/\/newsroom.ferrovial.com\/es\/"},{"@type":"ListItem","position":2,"name":"Salud, deporte y alimentaci\u00f3n protagonista del congreso \u00c1gora Bienestar en el que particip\u00f3 Ferrovial Servicios"}]},{"@type":"WebSite","@id":"https:\/\/newsroom.ferrovial.com\/es\/#website","url":"https:\/\/newsroom.ferrovial.com\/es\/","name":"Sala de prensa Ferrovial | \u00daltimas noticias","description":"Sala de prensa Ferrovial | \u00daltimas noticias","publisher":{"@id":"https:\/\/newsroom.ferrovial.com\/es\/#organization"},"potentialAction":[{"@type":"SearchAction","target":{"@type":"EntryPoint","urlTemplate":"https:\/\/newsroom.ferrovial.com\/es\/?s={search_term_string}"},"query-input":{"@type":"PropertyValueSpecification","valueRequired":true,"valueName":"search_term_string"}}],"inLanguage":"es"},{"@type":"Organization","@id":"https:\/\/newsroom.ferrovial.com\/es\/#organization","name":"Ferrovial S.A.","url":"https:\/\/newsroom.ferrovial.com\/es\/","logo":{"@type":"ImageObject","inLanguage":"es","@id":"https:\/\/newsroom.ferrovial.com\/es\/#\/schema\/logo\/image\/","url":"https:\/\/static.newsroom.ferrovial.com\/wp-content\/uploads\/2018\/07\/15145720\/Ferrovial_Logotipo1.jpg","contentUrl":"https:\/\/static.newsroom.ferrovial.com\/wp-content\/uploads\/2018\/07\/15145720\/Ferrovial_Logotipo1.jpg","width":600,"height":300,"caption":"Ferrovial S.A."},"image":{"@id":"https:\/\/newsroom.ferrovial.com\/es\/#\/schema\/logo\/image\/"},"sameAs":["https:\/\/www.facebook.com\/ferrovial","https:\/\/x.com\/ferrovial","https:\/\/www.instagram.com\/ferrovial\/","https:\/\/www.linkedin.com\/company\/ferrovial","https:\/\/www.pinterest.es\/ferrovial\/","https:\/\/www.youtube.com\/ferrovial","https:\/\/en.wikipedia.org\/wiki\/Ferrovial"]}]}},"_links":{"self":[{"href":"https:\/\/newsroom.ferrovial.com\/es\/wp-json\/wp\/v2\/new\/3819","targetHints":{"allow":["GET"]}}],"collection":[{"href":"https:\/\/newsroom.ferrovial.com\/es\/wp-json\/wp\/v2\/new"}],"about":[{"href":"https:\/\/newsroom.ferrovial.com\/es\/wp-json\/wp\/v2\/types\/new"}],"replies":[{"embeddable":true,"href":"https:\/\/newsroom.ferrovial.com\/es\/wp-json\/wp\/v2\/comments?post=3819"}],"version-history":[{"count":1,"href":"https:\/\/newsroom.ferrovial.com\/es\/wp-json\/wp\/v2\/new\/3819\/revisions"}],"predecessor-version":[{"id":117492,"href":"https:\/\/newsroom.ferrovial.com\/es\/wp-json\/wp\/v2\/new\/3819\/revisions\/117492"}],"wp:featuredmedia":[{"embeddable":true,"href":"https:\/\/newsroom.ferrovial.com\/es\/wp-json\/wp\/v2\/media\/3820"}],"wp:attachment":[{"href":"https:\/\/newsroom.ferrovial.com\/es\/wp-json\/wp\/v2\/media?parent=3819"}],"wp:term":[{"taxonomy":"nivel-2","embeddable":true,"href":"https:\/\/newsroom.ferrovial.com\/es\/wp-json\/wp\/v2\/nivel-2?post=3819"},{"taxonomy":"nivel-5","embeddable":true,"href":"https:\/\/newsroom.ferrovial.com\/es\/wp-json\/wp\/v2\/nivel-5?post=3819"},{"taxonomy":"nivel-1","embeddable":true,"href":"https:\/\/newsroom.ferrovial.com\/es\/wp-json\/wp\/v2\/nivel-1?post=3819"},{"taxonomy":"nivel-3","embeddable":true,"href":"https:\/\/newsroom.ferrovial.com\/es\/wp-json\/wp\/v2\/nivel-3?post=3819"},{"taxonomy":"nivel-4","embeddable":true,"href":"https:\/\/newsroom.ferrovial.com\/es\/wp-json\/wp\/v2\/nivel-4?post=3819"}],"curies":[{"name":"wp","href":"https:\/\/api.w.org\/{rel}","templated":true}]}}