{"id":3875,"date":"2016-09-28T00:00:00","date_gmt":"2016-09-28T00:00:00","guid":{"rendered":"https:\/\/newsroom.ferrovial.com\/news\/inaugurado-el-biodomo-del-parque-de-las-ciencias-de-granada\/"},"modified":"2022-12-21T09:57:12","modified_gmt":"2022-12-21T08:57:12","slug":"inaugurado-el-biodomo-del-parque-de-las-ciencias-de-granada","status":"publish","type":"new","link":"https:\/\/newsroom.ferrovial.com\/es\/noticias\/inaugurado-el-biodomo-del-parque-de-las-ciencias-de-granada\/","title":{"rendered":"Inaugurado el Biodomo del Parque de las Ciencias de Granada"},"content":{"rendered":"    <section class=\"wysiwyg text-editor \" id=\"\">\n        <div class=\"container container--narrow container--p-10\">\n            <p>El <a title=\"Biodomo del Parque de las Ciencias de Granada\" href=\"http:\/\/www.biodomogranada.com\/\" target=\"_blank\" rel=\"dofollow\"> Biodomo o Casa de la Vida del Parque de las Ciencias de Granada<\/a> fue inaugurado el pasado 25 de Julio. Se trata de un gran acuaterrario de <strong>20.000 metros c\u00fabicos<\/strong> que supone la <a title=\"Ferrovial Noticias - Casa de la viad en Granada\" href=\"https:\/\/newsroom.ferrovial.com\/es\/noticias\/casa-de-la-vida-en-granada\/\" target=\"_blank\" rel=\"dofollow\"> quinta fase de ampliaci\u00f3n del Museo de Ciencias Naturales <\/a>de la capital y que ha ejecutado Ferrovial Agroman. Est\u00e1 preparado para acoger a un total de <strong>220 especies distintas<\/strong> y se convertir\u00e1 en una ventana a la <strong>biodiversidad<\/strong> de nuestro planeta y a las interacciones que lo hacen posible, siendo un espacio de investigaci\u00f3n y desarrollo de proyectos de I+D+i relacionados con la biodiversidad, un laboratorio vivo y abierto a la investigaci\u00f3n en muchos campos.<\/p>\n<p>Esta nueva estructura, que supondr\u00e1 un impulso a la educaci\u00f3n, la ciencia, el turismo y la econom\u00eda granadina y andaluza, est\u00e1 \u00a0ambientado en las <strong>selvas h\u00famedas tropicales<\/strong> y en los <strong>arrecifes coralinos<\/strong>, puntos calientes de la evoluci\u00f3n de la Tierra donde la <strong>diversidad biol\u00f3gica<\/strong> alcanza sus m\u00e1ximos exponentes y permite entender la estrategia evolutiva.<\/p>\n<p><iframe loading=\"lazy\" src=\"https:\/\/www.youtube.com\/embed\/CdwDDfRBWYo\" width=\"560\" height=\"315\" frameborder=\"0\" allowfullscreen=\"allowfullscreen\"><\/iframe><\/p>\n<p>El Proyecto presenta tres niveles de recorrido: Subacu\u00e1tico, terrestre y a\u00e9reo. Al <strong>subacu\u00e1tico<\/strong> se acceder\u00e1 por una cascada de un gran r\u00edo tropical y estar\u00e1 habitado por cocodrilos, nutrias, tiburones leopardo y rayas de puntas azules, entre otras especies. A este nivel se suma un <strong>recorrido terrestre<\/strong> de unos 190 metros de longitud que recrea manglares de Borneo con fauna y flora de ambiente mareal, adem\u00e1s de contar con un bosque subtropical que acoger\u00e1 c\u00e9rvidos, reptiles, tortugas, monos y una nutrida colecci\u00f3n bot\u00e1nica. Tambi\u00e9n se incluir\u00e1 un <strong>recorrido a\u00e9reo<\/strong> de unos 255 metros de longitud con zonas did\u00e1cticas y donde los visitantes podr\u00e1n observar el modo de vida de diversos animales.<\/p>\n<p>El edificio est\u00e1 construido a partir de una gran nave, cuyo cerramiento de hormig\u00f3n armado y gran estructura met\u00e1lica a base de perfiles de gran secci\u00f3n, dotan de un volumen importante y di\u00e1fano para albergar el contenido VIVO que poseer\u00e1 en el futuro. <strong>La superficie total del edificio es de 4.252 m2<\/strong>, repartidos de la siguiente forma: 1.425 m2 en espacios de visita para el p\u00fablico, 1.303 m2 en espacios para especies vivas, tanto terrestres, acu\u00e1ticas como bot\u00e1nica, y 1.524 m2 de superficie para salas de instalaciones, cuarentenas, salas veterinarias y biol\u00f3gicas y locales para personal t\u00e9cnico cuidador y conservador.<\/p>\n<p>Especial menci\u00f3n merece que el dise\u00f1o previo de proyecto y el seguimiento y control en fase de construcci\u00f3n, se ha realizado mediante sistema <strong><a title=\"Ferrovial Blog - La implementaci\u00f3n del Building Information Modeling en el Biodomo\" href=\"https:\/\/blog.ferrovial.com\/es\/2015\/08\/la-implementacion-del-building-information-modeling-en-la-construccion-del-biodomo-de-granada\/\" target=\"_blank\" rel=\"dofollow\"> BIM (Building information Modeling)<\/a><\/strong>. El uso pionero en Espa\u00f1a de esta potente herramienta ha sido de gran utilidad en una obra de gran nivel de complejidad como es este caso. Se han podido controlar de manera muy satisfactoria aspectos esenciales en el desarrollo del proyecto y de la obra,\u00a0 como son:<\/p>\n<h2>En fase de proyecto<\/h2>\n<p>Se ha facilitado la integraci\u00f3n de todos los dise\u00f1os y requerimientos de las distintas disciplinas (Arquitectura, Estructura, Instalaciones, Acuarolog\u00eda, Museizaci\u00f3n, Tematizaci\u00f3n, Zoolog\u00eda y Bot\u00e1nica). A su vez, con el desarrollo del <strong>modelo 3D BIM, se ha conseguido detectar y solucionar interferencias espaciales<\/strong> (CLASH DETECTION), optimizar todos los \u00e1mbitos de dise\u00f1o, optimizar las necesidades reales del cliente y comprobar la validez del dise\u00f1o final mediante visualizaciones FLYTHROUGH.<\/p>\n<h2>En fase de construcci\u00f3n, el sistema BIM<\/h2>\n<p>Este sistema ha contribuido a la optimizaci\u00f3n de procesos internos y al ahorro de coste de no Calidad, suponiendo una\u00a0 mejora evidente de la calidad final de ejecuci\u00f3n. Alguna de las aplicaciones para las que se ha empleado el modelo BIM en obra son:<\/p>\n<ul>\n<li><strong>Planificaci\u00f3n<\/strong> acorde con las fases y secuencias l\u00f3gicas de la obra.<\/li>\n<li><strong>Mejora constante de soluciones<\/strong> no satisfactorias en tiempo real, en tiempo muy reducido y sobre todo, antes de construir los elementos.<\/li>\n<li>Posibilidad de <strong>consulta de cualquier tipo de informaci\u00f3n<\/strong> de forma r\u00e1pida, sencilla y fiable en tiempo real.<\/li>\n<li><strong>Control eficaz<\/strong> del cap\u00edtulo econ\u00f3mico de la obra.<\/li>\n<\/ul>\n<h2>En fase de mantenimiento<\/h2>\n<p>Esta herramienta ha permitido contar con una <strong>Documentaci\u00f3n AS BUILT tridimensional<\/strong> con toda la informaci\u00f3n relevante asociada a cada elemento que contribuir\u00e1 a un\u00a0 mejor seguimiento en detalle de todos los puntos necesarios de control, traduci\u00e9ndose en una optimizaci\u00f3n de los recursos para un mantenimiento preventivo y correctivo.<\/p>\n<p>Nuestra Compa\u00f1\u00eda, en UTE con Sas Usine Coutant, ha sido la encargada de dise\u00f1ar, construir y mantener durante los primeros 12 meses este espacio para el Consorcio Parque de las Ciencias por m\u00e1s de m\u00e1s de diez millones de euros, incluyendo el suministro, aclimataci\u00f3n y cuidados biol\u00f3gicos de todas las especies vivas.<\/p>\n<h3>Conoce m\u00e1s sobre el proyecto del Biodomo de Granada <a title=\"Ferrovial Blog - La implementaci\u00f3n del Building Information Modeling en el Biodomo\" href=\"https:\/\/blog.ferrovial.com\/es\/2015\/08\/la-implementacion-del-building-information-modeling-en-la-construccion-del-biodomo-de-granada\/\" target=\"_blank\" rel=\"dofollow\"> en este art\u00edculo del Ferrovial Blog<\/a>.<\/h3>\n        <\/div>\n    <\/section>\n","protected":false},"excerpt":{"rendered":"","protected":false},"featured_media":3876,"menu_order":0,"comment_status":"closed","ping_status":"closed","template":"","nivel-2":[924,925,2208,987,2206,2091],"nivel-5":[2149],"nivel-1":[2168],"nivel-3":[1258],"nivel-4":[1779],"class_list":["post-3875","new","type-new","status-publish","has-post-thumbnail","hentry","nivel-2-bim","nivel-2-biodiversidad","nivel-2-diseno-e-ingenieria","nivel-2-infraestructuras","nivel-2-obras","nivel-2-proyectos","nivel-5-ferrovial-construccion","nivel-1-construccion","nivel-3-espana","nivel-4-andalucia"],"acf":[],"yoast_head":"<title>Inaugurado el Biodomo del Parque de las Ciencias de Granada Sala de prensa Ferrovial | \u00daltimas noticias<\/title>\n<meta name=\"description\" content=\"Sala de prensa Ferrovial | \u00daltimas noticias\" \/>\n<meta name=\"robots\" content=\"index, follow, max-snippet:-1, max-image-preview:large, max-video-preview:-1\" \/>\n<link rel=\"canonical\" href=\"https:\/\/newsroom.ferrovial.com\/es\/noticias\/inaugurado-el-biodomo-del-parque-de-las-ciencias-de-granada\/\" \/>\n<meta property=\"og:locale\" content=\"es_ES\" \/>\n<meta property=\"og:type\" content=\"article\" \/>\n<meta property=\"og:title\" content=\"Inaugurado el Biodomo del Parque de las Ciencias de Granada Sala de prensa Ferrovial | \u00daltimas noticias\" \/>\n<meta property=\"og:description\" content=\"Sala de prensa Ferrovial | \u00daltimas noticias\" \/>\n<meta property=\"og:url\" content=\"https:\/\/newsroom.ferrovial.com\/es\/noticias\/inaugurado-el-biodomo-del-parque-de-las-ciencias-de-granada\/\" \/>\n<meta property=\"og:site_name\" content=\"Sala de prensa Ferrovial | \u00daltimas noticias\" \/>\n<meta property=\"article:publisher\" content=\"https:\/\/www.facebook.com\/ferrovial\" \/>\n<meta property=\"article:modified_time\" content=\"2022-12-21T08:57:12+00:00\" \/>\n<meta property=\"og:image\" content=\"https:\/\/newsroom.ferrovial.com\/wp-content\/uploads\/sites\/4\/2018\/07\/perezoso_biodomo_ferrovial_bim.jpg\" \/>\n\t<meta property=\"og:image:width\" content=\"850\" \/>\n\t<meta property=\"og:image:height\" content=\"415\" \/>\n\t<meta property=\"og:image:type\" content=\"image\/jpeg\" \/>\n<meta name=\"twitter:card\" content=\"summary_large_image\" \/>\n<meta name=\"twitter:site\" content=\"@ferrovial\" \/>\n<script type=\"application\/ld+json\" class=\"yoast-schema-graph\">{\"@context\":\"https:\/\/schema.org\",\"@graph\":[{\"@type\":\"WebPage\",\"@id\":\"https:\/\/newsroom.ferrovial.com\/es\/noticias\/inaugurado-el-biodomo-del-parque-de-las-ciencias-de-granada\/\",\"url\":\"https:\/\/newsroom.ferrovial.com\/es\/noticias\/inaugurado-el-biodomo-del-parque-de-las-ciencias-de-granada\/\",\"name\":\"Inaugurado el Biodomo del Parque de las Ciencias de Granada Sala de prensa Ferrovial | \u00daltimas noticias\",\"isPartOf\":{\"@id\":\"https:\/\/newsroom.ferrovial.com\/es\/#website\"},\"primaryImageOfPage\":{\"@id\":\"https:\/\/newsroom.ferrovial.com\/es\/noticias\/inaugurado-el-biodomo-del-parque-de-las-ciencias-de-granada\/#primaryimage\"},\"image\":{\"@id\":\"https:\/\/newsroom.ferrovial.com\/es\/noticias\/inaugurado-el-biodomo-del-parque-de-las-ciencias-de-granada\/#primaryimage\"},\"thumbnailUrl\":\"https:\/\/static.newsroom.ferrovial.com\/wp-content\/uploads\/2018\/07\/15153415\/perezoso_biodomo_ferrovial_bim.jpg\",\"datePublished\":\"2016-09-28T00:00:00+00:00\",\"dateModified\":\"2022-12-21T08:57:12+00:00\",\"description\":\"Sala de prensa Ferrovial | \u00daltimas noticias\",\"breadcrumb\":{\"@id\":\"https:\/\/newsroom.ferrovial.com\/es\/noticias\/inaugurado-el-biodomo-del-parque-de-las-ciencias-de-granada\/#breadcrumb\"},\"inLanguage\":\"es\",\"potentialAction\":[{\"@type\":\"ReadAction\",\"target\":[\"https:\/\/newsroom.ferrovial.com\/es\/noticias\/inaugurado-el-biodomo-del-parque-de-las-ciencias-de-granada\/\"]}]},{\"@type\":\"ImageObject\",\"inLanguage\":\"es\",\"@id\":\"https:\/\/newsroom.ferrovial.com\/es\/noticias\/inaugurado-el-biodomo-del-parque-de-las-ciencias-de-granada\/#primaryimage\",\"url\":\"https:\/\/static.newsroom.ferrovial.com\/wp-content\/uploads\/2018\/07\/15153415\/perezoso_biodomo_ferrovial_bim.jpg\",\"contentUrl\":\"https:\/\/static.newsroom.ferrovial.com\/wp-content\/uploads\/2018\/07\/15153415\/perezoso_biodomo_ferrovial_bim.jpg\",\"width\":850,\"height\":415,\"caption\":\"perezoso_biodomo_ferrovial_BIM\"},{\"@type\":\"BreadcrumbList\",\"@id\":\"https:\/\/newsroom.ferrovial.com\/es\/noticias\/inaugurado-el-biodomo-del-parque-de-las-ciencias-de-granada\/#breadcrumb\",\"itemListElement\":[{\"@type\":\"ListItem\",\"position\":1,\"name\":\"Portada\",\"item\":\"https:\/\/newsroom.ferrovial.com\/es\/\"},{\"@type\":\"ListItem\",\"position\":2,\"name\":\"Inaugurado el Biodomo del Parque de las Ciencias de Granada\"}]},{\"@type\":\"WebSite\",\"@id\":\"https:\/\/newsroom.ferrovial.com\/es\/#website\",\"url\":\"https:\/\/newsroom.ferrovial.com\/es\/\",\"name\":\"Sala de prensa Ferrovial | \u00daltimas noticias\",\"description\":\"Sala de prensa Ferrovial | \u00daltimas noticias\",\"publisher\":{\"@id\":\"https:\/\/newsroom.ferrovial.com\/es\/#organization\"},\"potentialAction\":[{\"@type\":\"SearchAction\",\"target\":{\"@type\":\"EntryPoint\",\"urlTemplate\":\"https:\/\/newsroom.ferrovial.com\/es\/?s={search_term_string}\"},\"query-input\":{\"@type\":\"PropertyValueSpecification\",\"valueRequired\":true,\"valueName\":\"search_term_string\"}}],\"inLanguage\":\"es\"},{\"@type\":\"Organization\",\"@id\":\"https:\/\/newsroom.ferrovial.com\/es\/#organization\",\"name\":\"Ferrovial S.A.\",\"url\":\"https:\/\/newsroom.ferrovial.com\/es\/\",\"logo\":{\"@type\":\"ImageObject\",\"inLanguage\":\"es\",\"@id\":\"https:\/\/newsroom.ferrovial.com\/es\/#\/schema\/logo\/image\/\",\"url\":\"https:\/\/static.newsroom.ferrovial.com\/wp-content\/uploads\/2018\/07\/15145720\/Ferrovial_Logotipo1.jpg\",\"contentUrl\":\"https:\/\/static.newsroom.ferrovial.com\/wp-content\/uploads\/2018\/07\/15145720\/Ferrovial_Logotipo1.jpg\",\"width\":600,\"height\":300,\"caption\":\"Ferrovial S.A.\"},\"image\":{\"@id\":\"https:\/\/newsroom.ferrovial.com\/es\/#\/schema\/logo\/image\/\"},\"sameAs\":[\"https:\/\/www.facebook.com\/ferrovial\",\"https:\/\/x.com\/ferrovial\",\"https:\/\/www.instagram.com\/ferrovial\/\",\"https:\/\/www.linkedin.com\/company\/ferrovial\",\"https:\/\/www.pinterest.es\/ferrovial\/\",\"https:\/\/www.youtube.com\/ferrovial\",\"https:\/\/en.wikipedia.org\/wiki\/Ferrovial\"]}]}<\/script>","yoast_head_json":{"title":"Inaugurado el Biodomo del Parque de las Ciencias de Granada Sala de prensa Ferrovial | \u00daltimas noticias","description":"Sala de prensa Ferrovial | \u00daltimas noticias","robots":{"index":"index","follow":"follow","max-snippet":"max-snippet:-1","max-image-preview":"max-image-preview:large","max-video-preview":"max-video-preview:-1"},"canonical":"https:\/\/newsroom.ferrovial.com\/es\/noticias\/inaugurado-el-biodomo-del-parque-de-las-ciencias-de-granada\/","og_locale":"es_ES","og_type":"article","og_title":"Inaugurado el Biodomo del Parque de las Ciencias de Granada Sala de prensa Ferrovial | \u00daltimas noticias","og_description":"Sala de prensa Ferrovial | \u00daltimas noticias","og_url":"https:\/\/newsroom.ferrovial.com\/es\/noticias\/inaugurado-el-biodomo-del-parque-de-las-ciencias-de-granada\/","og_site_name":"Sala de prensa Ferrovial | \u00daltimas noticias","article_publisher":"https:\/\/www.facebook.com\/ferrovial","article_modified_time":"2022-12-21T08:57:12+00:00","og_image":[{"width":850,"height":415,"url":"https:\/\/newsroom.ferrovial.com\/wp-content\/uploads\/sites\/4\/2018\/07\/perezoso_biodomo_ferrovial_bim.jpg","type":"image\/jpeg"}],"twitter_card":"summary_large_image","twitter_site":"@ferrovial","schema":{"@context":"https:\/\/schema.org","@graph":[{"@type":"WebPage","@id":"https:\/\/newsroom.ferrovial.com\/es\/noticias\/inaugurado-el-biodomo-del-parque-de-las-ciencias-de-granada\/","url":"https:\/\/newsroom.ferrovial.com\/es\/noticias\/inaugurado-el-biodomo-del-parque-de-las-ciencias-de-granada\/","name":"Inaugurado el Biodomo del Parque de las Ciencias de Granada Sala de prensa Ferrovial | \u00daltimas noticias","isPartOf":{"@id":"https:\/\/newsroom.ferrovial.com\/es\/#website"},"primaryImageOfPage":{"@id":"https:\/\/newsroom.ferrovial.com\/es\/noticias\/inaugurado-el-biodomo-del-parque-de-las-ciencias-de-granada\/#primaryimage"},"image":{"@id":"https:\/\/newsroom.ferrovial.com\/es\/noticias\/inaugurado-el-biodomo-del-parque-de-las-ciencias-de-granada\/#primaryimage"},"thumbnailUrl":"https:\/\/static.newsroom.ferrovial.com\/wp-content\/uploads\/2018\/07\/15153415\/perezoso_biodomo_ferrovial_bim.jpg","datePublished":"2016-09-28T00:00:00+00:00","dateModified":"2022-12-21T08:57:12+00:00","description":"Sala de prensa Ferrovial | \u00daltimas noticias","breadcrumb":{"@id":"https:\/\/newsroom.ferrovial.com\/es\/noticias\/inaugurado-el-biodomo-del-parque-de-las-ciencias-de-granada\/#breadcrumb"},"inLanguage":"es","potentialAction":[{"@type":"ReadAction","target":["https:\/\/newsroom.ferrovial.com\/es\/noticias\/inaugurado-el-biodomo-del-parque-de-las-ciencias-de-granada\/"]}]},{"@type":"ImageObject","inLanguage":"es","@id":"https:\/\/newsroom.ferrovial.com\/es\/noticias\/inaugurado-el-biodomo-del-parque-de-las-ciencias-de-granada\/#primaryimage","url":"https:\/\/static.newsroom.ferrovial.com\/wp-content\/uploads\/2018\/07\/15153415\/perezoso_biodomo_ferrovial_bim.jpg","contentUrl":"https:\/\/static.newsroom.ferrovial.com\/wp-content\/uploads\/2018\/07\/15153415\/perezoso_biodomo_ferrovial_bim.jpg","width":850,"height":415,"caption":"perezoso_biodomo_ferrovial_BIM"},{"@type":"BreadcrumbList","@id":"https:\/\/newsroom.ferrovial.com\/es\/noticias\/inaugurado-el-biodomo-del-parque-de-las-ciencias-de-granada\/#breadcrumb","itemListElement":[{"@type":"ListItem","position":1,"name":"Portada","item":"https:\/\/newsroom.ferrovial.com\/es\/"},{"@type":"ListItem","position":2,"name":"Inaugurado el Biodomo del Parque de las Ciencias de Granada"}]},{"@type":"WebSite","@id":"https:\/\/newsroom.ferrovial.com\/es\/#website","url":"https:\/\/newsroom.ferrovial.com\/es\/","name":"Sala de prensa Ferrovial | \u00daltimas noticias","description":"Sala de prensa Ferrovial | \u00daltimas noticias","publisher":{"@id":"https:\/\/newsroom.ferrovial.com\/es\/#organization"},"potentialAction":[{"@type":"SearchAction","target":{"@type":"EntryPoint","urlTemplate":"https:\/\/newsroom.ferrovial.com\/es\/?s={search_term_string}"},"query-input":{"@type":"PropertyValueSpecification","valueRequired":true,"valueName":"search_term_string"}}],"inLanguage":"es"},{"@type":"Organization","@id":"https:\/\/newsroom.ferrovial.com\/es\/#organization","name":"Ferrovial S.A.","url":"https:\/\/newsroom.ferrovial.com\/es\/","logo":{"@type":"ImageObject","inLanguage":"es","@id":"https:\/\/newsroom.ferrovial.com\/es\/#\/schema\/logo\/image\/","url":"https:\/\/static.newsroom.ferrovial.com\/wp-content\/uploads\/2018\/07\/15145720\/Ferrovial_Logotipo1.jpg","contentUrl":"https:\/\/static.newsroom.ferrovial.com\/wp-content\/uploads\/2018\/07\/15145720\/Ferrovial_Logotipo1.jpg","width":600,"height":300,"caption":"Ferrovial S.A."},"image":{"@id":"https:\/\/newsroom.ferrovial.com\/es\/#\/schema\/logo\/image\/"},"sameAs":["https:\/\/www.facebook.com\/ferrovial","https:\/\/x.com\/ferrovial","https:\/\/www.instagram.com\/ferrovial\/","https:\/\/www.linkedin.com\/company\/ferrovial","https:\/\/www.pinterest.es\/ferrovial\/","https:\/\/www.youtube.com\/ferrovial","https:\/\/en.wikipedia.org\/wiki\/Ferrovial"]}]}},"_links":{"self":[{"href":"https:\/\/newsroom.ferrovial.com\/es\/wp-json\/wp\/v2\/new\/3875","targetHints":{"allow":["GET"]}}],"collection":[{"href":"https:\/\/newsroom.ferrovial.com\/es\/wp-json\/wp\/v2\/new"}],"about":[{"href":"https:\/\/newsroom.ferrovial.com\/es\/wp-json\/wp\/v2\/types\/new"}],"replies":[{"embeddable":true,"href":"https:\/\/newsroom.ferrovial.com\/es\/wp-json\/wp\/v2\/comments?post=3875"}],"version-history":[{"count":2,"href":"https:\/\/newsroom.ferrovial.com\/es\/wp-json\/wp\/v2\/new\/3875\/revisions"}],"predecessor-version":[{"id":117434,"href":"https:\/\/newsroom.ferrovial.com\/es\/wp-json\/wp\/v2\/new\/3875\/revisions\/117434"}],"wp:featuredmedia":[{"embeddable":true,"href":"https:\/\/newsroom.ferrovial.com\/es\/wp-json\/wp\/v2\/media\/3876"}],"wp:attachment":[{"href":"https:\/\/newsroom.ferrovial.com\/es\/wp-json\/wp\/v2\/media?parent=3875"}],"wp:term":[{"taxonomy":"nivel-2","embeddable":true,"href":"https:\/\/newsroom.ferrovial.com\/es\/wp-json\/wp\/v2\/nivel-2?post=3875"},{"taxonomy":"nivel-5","embeddable":true,"href":"https:\/\/newsroom.ferrovial.com\/es\/wp-json\/wp\/v2\/nivel-5?post=3875"},{"taxonomy":"nivel-1","embeddable":true,"href":"https:\/\/newsroom.ferrovial.com\/es\/wp-json\/wp\/v2\/nivel-1?post=3875"},{"taxonomy":"nivel-3","embeddable":true,"href":"https:\/\/newsroom.ferrovial.com\/es\/wp-json\/wp\/v2\/nivel-3?post=3875"},{"taxonomy":"nivel-4","embeddable":true,"href":"https:\/\/newsroom.ferrovial.com\/es\/wp-json\/wp\/v2\/nivel-4?post=3875"}],"curies":[{"name":"wp","href":"https:\/\/api.w.org\/{rel}","templated":true}]}}