{"id":3877,"date":"2016-09-26T00:00:00","date_gmt":"2016-09-26T00:00:00","guid":{"rendered":"https:\/\/newsroom.ferrovial.com\/news\/inacua-estrena-web-con-nueva-imagen-corporativa-gestion-de-centros-deportivos\/"},"modified":"2024-12-13T20:12:00","modified_gmt":"2024-12-13T19:12:00","slug":"inacua-estrena-web-con-nueva-imagen-corporativa-gestion-de-centros-deportivos","status":"publish","type":"new","link":"https:\/\/newsroom.ferrovial.com\/es\/noticias\/inacua-estrena-web-con-nueva-imagen-corporativa-gestion-de-centros-deportivos\/","title":{"rendered":"La marca de gesti\u00f3n de centros deportivos Inacua estrena web con nueva imagen corporativa"},"content":{"rendered":"    <section class=\"wysiwyg text-editor \" id=\"\">\n        <div class=\"container container--narrow container--p-10\">\n            <p><a href=\"http:\/\/www.inacua.com\/\">Inacua<\/a> estrena la misma imagen corporativa para sus centros deportivos, algo imprescindible, que desde ahora, ser\u00e1n identificados por los usuarios bajo un mismo logotipo. Inacua M\u00e1laga, Los Cantos (Alcorc\u00f3n), La Canaleja (Alcorc\u00f3n), La Granja (Zaragoza), Hu\u00e9tor Vega (Granada) y M\u00e1laga Centro Raqueta muestran la misma imagen de marca a trav\u00e9s de la web de sus centros. Posteriormente, lo har\u00e1n los centros de Haro (La Rioja), Sant Quirze del Vall\u00e8s (Barcelona) y Murcia.<\/p>\n<p>Inacua es la marca de<a href=\"https:\/\/www.ferrovial.com\/es\/lineas-de-negocio\/ferrovial-servicios\/sobre-ferrovial-servicios\/ferrovial-servicios-espana\/\"> Ferrovial Servicios<\/a> para la <a href=\"https:\/\/www.ferrovial.com\/es\/proyectos\/instalaciones-deportivas-inacua\/\">gesti\u00f3n integral de centros deportivos municipales<\/a>. Nace de la iniciativa de los ayuntamientos de optimizar las instalaciones deportivas para sus ciudadanos y de la experiencia en la gesti\u00f3n de Ferrovial Servicios.\u00a0Inacua abri\u00f3 su primer centro en Murcia en el a\u00f1o 2004; a los que siguieron M\u00e1laga en 2008; Los Cantos (Alcorc\u00f3n), La Canaleja (Alcorc\u00f3n) y La Granja (Zaragoza) en 2011; Hu\u00e9tor Vega, Haro, Sant Quirze del Vall\u00e8s y M\u00e1laga Centro Raqueta en 2015.<\/p>\n<p>El proyecto de unificaci\u00f3n de imagen se inici\u00f3 a principios del presente a\u00f1o. Los distintos centros deportivos compartir\u00e1n la misma imagen de marca y la misma se ir\u00e1 asumiendo progresivamente por parte de los centros que se vayan incorporando.<\/p>\n<p>Para ampliar informaci\u00f3n sobre centros deportivos consulta el siguiente <a href=\"https:\/\/www.ferrovial.com\/es\/proyectos\/instalaciones-deportivas-inacua\/\"><span lang=\"ES\"><strong>proyecto destacado en la web de Ferrovial<\/strong><\/span><\/a> Servicios.<\/p>\n<p>&nbsp;<\/p>\n        <\/div>\n    <\/section>\n","protected":false},"excerpt":{"rendered":"","protected":false},"featured_media":3878,"menu_order":0,"comment_status":"closed","ping_status":"closed","template":"","nivel-2":[932,2621,1912,2234],"nivel-5":[],"nivel-1":[],"nivel-3":[1258],"nivel-4":[],"class_list":["post-3877","new","type-new","status-publish","has-post-thumbnail","hentry","nivel-2-centros-deportivos","nivel-2-comunicacion","nivel-2-corporativo","nivel-2-instalaciones","nivel-3-espana"],"acf":[],"yoast_head":"<title>La marca de gesti\u00f3n de centros deportivos Inacua estrena web con nueva imagen corporativa Sala de prensa Ferrovial | \u00daltimas noticias<\/title>\n<meta name=\"description\" content=\"Sala de prensa Ferrovial | \u00daltimas noticias\" \/>\n<meta name=\"robots\" content=\"index, follow, max-snippet:-1, max-image-preview:large, max-video-preview:-1\" \/>\n<link rel=\"canonical\" href=\"https:\/\/newsroom.ferrovial.com\/es\/noticias\/inacua-estrena-web-con-nueva-imagen-corporativa-gestion-de-centros-deportivos\/\" \/>\n<meta property=\"og:locale\" content=\"es_ES\" \/>\n<meta property=\"og:type\" content=\"article\" \/>\n<meta property=\"og:title\" content=\"La marca de gesti\u00f3n de centros deportivos Inacua estrena web con nueva imagen corporativa Sala de prensa Ferrovial | \u00daltimas noticias\" \/>\n<meta property=\"og:description\" content=\"Sala de prensa Ferrovial | \u00daltimas noticias\" \/>\n<meta property=\"og:url\" content=\"https:\/\/newsroom.ferrovial.com\/es\/noticias\/inacua-estrena-web-con-nueva-imagen-corporativa-gestion-de-centros-deportivos\/\" \/>\n<meta property=\"og:site_name\" content=\"Sala de prensa Ferrovial | \u00daltimas noticias\" \/>\n<meta property=\"article:publisher\" content=\"https:\/\/www.facebook.com\/ferrovial\" \/>\n<meta property=\"article:modified_time\" content=\"2024-12-13T19:12:00+00:00\" \/>\n<meta property=\"og:image\" content=\"https:\/\/newsroom.ferrovial.com\/wp-content\/uploads\/sites\/4\/2018\/07\/instalaciones-deportivas-trx-inacua-murcia.png\" \/>\n\t<meta property=\"og:image:width\" content=\"1024\" \/>\n\t<meta property=\"og:image:height\" content=\"685\" \/>\n\t<meta property=\"og:image:type\" content=\"image\/png\" \/>\n<meta name=\"twitter:card\" content=\"summary_large_image\" \/>\n<meta name=\"twitter:site\" content=\"@ferrovial\" \/>\n<meta name=\"twitter:label1\" content=\"Tiempo de lectura\" \/>\n\t<meta name=\"twitter:data1\" content=\"2 minutos\" \/>\n<script type=\"application\/ld+json\" class=\"yoast-schema-graph\">{\"@context\":\"https:\/\/schema.org\",\"@graph\":[{\"@type\":\"WebPage\",\"@id\":\"https:\/\/newsroom.ferrovial.com\/es\/noticias\/inacua-estrena-web-con-nueva-imagen-corporativa-gestion-de-centros-deportivos\/\",\"url\":\"https:\/\/newsroom.ferrovial.com\/es\/noticias\/inacua-estrena-web-con-nueva-imagen-corporativa-gestion-de-centros-deportivos\/\",\"name\":\"La marca de gesti\u00f3n de centros deportivos Inacua estrena web con nueva imagen corporativa Sala de prensa Ferrovial | \u00daltimas noticias\",\"isPartOf\":{\"@id\":\"https:\/\/newsroom.ferrovial.com\/es\/#website\"},\"primaryImageOfPage\":{\"@id\":\"https:\/\/newsroom.ferrovial.com\/es\/noticias\/inacua-estrena-web-con-nueva-imagen-corporativa-gestion-de-centros-deportivos\/#primaryimage\"},\"image\":{\"@id\":\"https:\/\/newsroom.ferrovial.com\/es\/noticias\/inacua-estrena-web-con-nueva-imagen-corporativa-gestion-de-centros-deportivos\/#primaryimage\"},\"thumbnailUrl\":\"https:\/\/static.newsroom.ferrovial.com\/wp-content\/uploads\/2018\/07\/15153413\/instalaciones-deportivas-trx-inacua-murcia.png\",\"datePublished\":\"2016-09-26T00:00:00+00:00\",\"dateModified\":\"2024-12-13T19:12:00+00:00\",\"description\":\"Sala de prensa Ferrovial | \u00daltimas noticias\",\"breadcrumb\":{\"@id\":\"https:\/\/newsroom.ferrovial.com\/es\/noticias\/inacua-estrena-web-con-nueva-imagen-corporativa-gestion-de-centros-deportivos\/#breadcrumb\"},\"inLanguage\":\"es\",\"potentialAction\":[{\"@type\":\"ReadAction\",\"target\":[\"https:\/\/newsroom.ferrovial.com\/es\/noticias\/inacua-estrena-web-con-nueva-imagen-corporativa-gestion-de-centros-deportivos\/\"]}]},{\"@type\":\"ImageObject\",\"inLanguage\":\"es\",\"@id\":\"https:\/\/newsroom.ferrovial.com\/es\/noticias\/inacua-estrena-web-con-nueva-imagen-corporativa-gestion-de-centros-deportivos\/#primaryimage\",\"url\":\"https:\/\/static.newsroom.ferrovial.com\/wp-content\/uploads\/2018\/07\/15153413\/instalaciones-deportivas-trx-inacua-murcia.png\",\"contentUrl\":\"https:\/\/static.newsroom.ferrovial.com\/wp-content\/uploads\/2018\/07\/15153413\/instalaciones-deportivas-trx-inacua-murcia.png\",\"width\":1024,\"height\":685,\"caption\":\"Instalaciones deportivas Inacua Murcia\"},{\"@type\":\"BreadcrumbList\",\"@id\":\"https:\/\/newsroom.ferrovial.com\/es\/noticias\/inacua-estrena-web-con-nueva-imagen-corporativa-gestion-de-centros-deportivos\/#breadcrumb\",\"itemListElement\":[{\"@type\":\"ListItem\",\"position\":1,\"name\":\"Portada\",\"item\":\"https:\/\/newsroom.ferrovial.com\/es\/\"},{\"@type\":\"ListItem\",\"position\":2,\"name\":\"La marca de gesti\u00f3n de centros deportivos Inacua estrena web con nueva imagen corporativa\"}]},{\"@type\":\"WebSite\",\"@id\":\"https:\/\/newsroom.ferrovial.com\/es\/#website\",\"url\":\"https:\/\/newsroom.ferrovial.com\/es\/\",\"name\":\"Sala de prensa Ferrovial | \u00daltimas noticias\",\"description\":\"Sala de prensa Ferrovial | \u00daltimas noticias\",\"publisher\":{\"@id\":\"https:\/\/newsroom.ferrovial.com\/es\/#organization\"},\"potentialAction\":[{\"@type\":\"SearchAction\",\"target\":{\"@type\":\"EntryPoint\",\"urlTemplate\":\"https:\/\/newsroom.ferrovial.com\/es\/?s={search_term_string}\"},\"query-input\":{\"@type\":\"PropertyValueSpecification\",\"valueRequired\":true,\"valueName\":\"search_term_string\"}}],\"inLanguage\":\"es\"},{\"@type\":\"Organization\",\"@id\":\"https:\/\/newsroom.ferrovial.com\/es\/#organization\",\"name\":\"Ferrovial S.A.\",\"url\":\"https:\/\/newsroom.ferrovial.com\/es\/\",\"logo\":{\"@type\":\"ImageObject\",\"inLanguage\":\"es\",\"@id\":\"https:\/\/newsroom.ferrovial.com\/es\/#\/schema\/logo\/image\/\",\"url\":\"https:\/\/static.newsroom.ferrovial.com\/wp-content\/uploads\/2018\/07\/15145720\/Ferrovial_Logotipo1.jpg\",\"contentUrl\":\"https:\/\/static.newsroom.ferrovial.com\/wp-content\/uploads\/2018\/07\/15145720\/Ferrovial_Logotipo1.jpg\",\"width\":600,\"height\":300,\"caption\":\"Ferrovial S.A.\"},\"image\":{\"@id\":\"https:\/\/newsroom.ferrovial.com\/es\/#\/schema\/logo\/image\/\"},\"sameAs\":[\"https:\/\/www.facebook.com\/ferrovial\",\"https:\/\/x.com\/ferrovial\",\"https:\/\/www.instagram.com\/ferrovial\/\",\"https:\/\/www.linkedin.com\/company\/ferrovial\",\"https:\/\/www.pinterest.es\/ferrovial\/\",\"https:\/\/www.youtube.com\/ferrovial\",\"https:\/\/en.wikipedia.org\/wiki\/Ferrovial\"]}]}<\/script>","yoast_head_json":{"title":"La marca de gesti\u00f3n de centros deportivos Inacua estrena web con nueva imagen corporativa Sala de prensa Ferrovial | \u00daltimas noticias","description":"Sala de prensa Ferrovial | \u00daltimas noticias","robots":{"index":"index","follow":"follow","max-snippet":"max-snippet:-1","max-image-preview":"max-image-preview:large","max-video-preview":"max-video-preview:-1"},"canonical":"https:\/\/newsroom.ferrovial.com\/es\/noticias\/inacua-estrena-web-con-nueva-imagen-corporativa-gestion-de-centros-deportivos\/","og_locale":"es_ES","og_type":"article","og_title":"La marca de gesti\u00f3n de centros deportivos Inacua estrena web con nueva imagen corporativa Sala de prensa Ferrovial | \u00daltimas noticias","og_description":"Sala de prensa Ferrovial | \u00daltimas noticias","og_url":"https:\/\/newsroom.ferrovial.com\/es\/noticias\/inacua-estrena-web-con-nueva-imagen-corporativa-gestion-de-centros-deportivos\/","og_site_name":"Sala de prensa Ferrovial | \u00daltimas noticias","article_publisher":"https:\/\/www.facebook.com\/ferrovial","article_modified_time":"2024-12-13T19:12:00+00:00","og_image":[{"width":1024,"height":685,"url":"https:\/\/newsroom.ferrovial.com\/wp-content\/uploads\/sites\/4\/2018\/07\/instalaciones-deportivas-trx-inacua-murcia.png","type":"image\/png"}],"twitter_card":"summary_large_image","twitter_site":"@ferrovial","twitter_misc":{"Tiempo de lectura":"2 minutos"},"schema":{"@context":"https:\/\/schema.org","@graph":[{"@type":"WebPage","@id":"https:\/\/newsroom.ferrovial.com\/es\/noticias\/inacua-estrena-web-con-nueva-imagen-corporativa-gestion-de-centros-deportivos\/","url":"https:\/\/newsroom.ferrovial.com\/es\/noticias\/inacua-estrena-web-con-nueva-imagen-corporativa-gestion-de-centros-deportivos\/","name":"La marca de gesti\u00f3n de centros deportivos Inacua estrena web con nueva imagen corporativa Sala de prensa Ferrovial | \u00daltimas noticias","isPartOf":{"@id":"https:\/\/newsroom.ferrovial.com\/es\/#website"},"primaryImageOfPage":{"@id":"https:\/\/newsroom.ferrovial.com\/es\/noticias\/inacua-estrena-web-con-nueva-imagen-corporativa-gestion-de-centros-deportivos\/#primaryimage"},"image":{"@id":"https:\/\/newsroom.ferrovial.com\/es\/noticias\/inacua-estrena-web-con-nueva-imagen-corporativa-gestion-de-centros-deportivos\/#primaryimage"},"thumbnailUrl":"https:\/\/static.newsroom.ferrovial.com\/wp-content\/uploads\/2018\/07\/15153413\/instalaciones-deportivas-trx-inacua-murcia.png","datePublished":"2016-09-26T00:00:00+00:00","dateModified":"2024-12-13T19:12:00+00:00","description":"Sala de prensa Ferrovial | \u00daltimas noticias","breadcrumb":{"@id":"https:\/\/newsroom.ferrovial.com\/es\/noticias\/inacua-estrena-web-con-nueva-imagen-corporativa-gestion-de-centros-deportivos\/#breadcrumb"},"inLanguage":"es","potentialAction":[{"@type":"ReadAction","target":["https:\/\/newsroom.ferrovial.com\/es\/noticias\/inacua-estrena-web-con-nueva-imagen-corporativa-gestion-de-centros-deportivos\/"]}]},{"@type":"ImageObject","inLanguage":"es","@id":"https:\/\/newsroom.ferrovial.com\/es\/noticias\/inacua-estrena-web-con-nueva-imagen-corporativa-gestion-de-centros-deportivos\/#primaryimage","url":"https:\/\/static.newsroom.ferrovial.com\/wp-content\/uploads\/2018\/07\/15153413\/instalaciones-deportivas-trx-inacua-murcia.png","contentUrl":"https:\/\/static.newsroom.ferrovial.com\/wp-content\/uploads\/2018\/07\/15153413\/instalaciones-deportivas-trx-inacua-murcia.png","width":1024,"height":685,"caption":"Instalaciones deportivas Inacua Murcia"},{"@type":"BreadcrumbList","@id":"https:\/\/newsroom.ferrovial.com\/es\/noticias\/inacua-estrena-web-con-nueva-imagen-corporativa-gestion-de-centros-deportivos\/#breadcrumb","itemListElement":[{"@type":"ListItem","position":1,"name":"Portada","item":"https:\/\/newsroom.ferrovial.com\/es\/"},{"@type":"ListItem","position":2,"name":"La marca de gesti\u00f3n de centros deportivos Inacua estrena web con nueva imagen corporativa"}]},{"@type":"WebSite","@id":"https:\/\/newsroom.ferrovial.com\/es\/#website","url":"https:\/\/newsroom.ferrovial.com\/es\/","name":"Sala de prensa Ferrovial | \u00daltimas noticias","description":"Sala de prensa Ferrovial | \u00daltimas noticias","publisher":{"@id":"https:\/\/newsroom.ferrovial.com\/es\/#organization"},"potentialAction":[{"@type":"SearchAction","target":{"@type":"EntryPoint","urlTemplate":"https:\/\/newsroom.ferrovial.com\/es\/?s={search_term_string}"},"query-input":{"@type":"PropertyValueSpecification","valueRequired":true,"valueName":"search_term_string"}}],"inLanguage":"es"},{"@type":"Organization","@id":"https:\/\/newsroom.ferrovial.com\/es\/#organization","name":"Ferrovial S.A.","url":"https:\/\/newsroom.ferrovial.com\/es\/","logo":{"@type":"ImageObject","inLanguage":"es","@id":"https:\/\/newsroom.ferrovial.com\/es\/#\/schema\/logo\/image\/","url":"https:\/\/static.newsroom.ferrovial.com\/wp-content\/uploads\/2018\/07\/15145720\/Ferrovial_Logotipo1.jpg","contentUrl":"https:\/\/static.newsroom.ferrovial.com\/wp-content\/uploads\/2018\/07\/15145720\/Ferrovial_Logotipo1.jpg","width":600,"height":300,"caption":"Ferrovial S.A."},"image":{"@id":"https:\/\/newsroom.ferrovial.com\/es\/#\/schema\/logo\/image\/"},"sameAs":["https:\/\/www.facebook.com\/ferrovial","https:\/\/x.com\/ferrovial","https:\/\/www.instagram.com\/ferrovial\/","https:\/\/www.linkedin.com\/company\/ferrovial","https:\/\/www.pinterest.es\/ferrovial\/","https:\/\/www.youtube.com\/ferrovial","https:\/\/en.wikipedia.org\/wiki\/Ferrovial"]}]}},"_links":{"self":[{"href":"https:\/\/newsroom.ferrovial.com\/es\/wp-json\/wp\/v2\/new\/3877","targetHints":{"allow":["GET"]}}],"collection":[{"href":"https:\/\/newsroom.ferrovial.com\/es\/wp-json\/wp\/v2\/new"}],"about":[{"href":"https:\/\/newsroom.ferrovial.com\/es\/wp-json\/wp\/v2\/types\/new"}],"replies":[{"embeddable":true,"href":"https:\/\/newsroom.ferrovial.com\/es\/wp-json\/wp\/v2\/comments?post=3877"}],"version-history":[{"count":3,"href":"https:\/\/newsroom.ferrovial.com\/es\/wp-json\/wp\/v2\/new\/3877\/revisions"}],"predecessor-version":[{"id":127299,"href":"https:\/\/newsroom.ferrovial.com\/es\/wp-json\/wp\/v2\/new\/3877\/revisions\/127299"}],"wp:featuredmedia":[{"embeddable":true,"href":"https:\/\/newsroom.ferrovial.com\/es\/wp-json\/wp\/v2\/media\/3878"}],"wp:attachment":[{"href":"https:\/\/newsroom.ferrovial.com\/es\/wp-json\/wp\/v2\/media?parent=3877"}],"wp:term":[{"taxonomy":"nivel-2","embeddable":true,"href":"https:\/\/newsroom.ferrovial.com\/es\/wp-json\/wp\/v2\/nivel-2?post=3877"},{"taxonomy":"nivel-5","embeddable":true,"href":"https:\/\/newsroom.ferrovial.com\/es\/wp-json\/wp\/v2\/nivel-5?post=3877"},{"taxonomy":"nivel-1","embeddable":true,"href":"https:\/\/newsroom.ferrovial.com\/es\/wp-json\/wp\/v2\/nivel-1?post=3877"},{"taxonomy":"nivel-3","embeddable":true,"href":"https:\/\/newsroom.ferrovial.com\/es\/wp-json\/wp\/v2\/nivel-3?post=3877"},{"taxonomy":"nivel-4","embeddable":true,"href":"https:\/\/newsroom.ferrovial.com\/es\/wp-json\/wp\/v2\/nivel-4?post=3877"}],"curies":[{"name":"wp","href":"https:\/\/api.w.org\/{rel}","templated":true}]}}