{"id":3891,"date":"2016-10-25T00:00:00","date_gmt":"2016-10-25T00:00:00","guid":{"rendered":"https:\/\/newsroom.ferrovial.com\/news\/desalacion-y-reutilizacion-de-agua-congreso-desal-2016\/"},"modified":"2022-12-21T09:55:22","modified_gmt":"2022-12-21T08:55:22","slug":"desalacion-y-reutilizacion-de-agua-congreso-desal-2016","status":"publish","type":"new","link":"https:\/\/newsroom.ferrovial.com\/es\/noticias\/desalacion-y-reutilizacion-de-agua-congreso-desal-2016\/","title":{"rendered":"Ferrovial participa en el V Congreso Latinoamericano de Desalaci\u00f3n y Reutilizaci\u00f3n de Agua"},"content":{"rendered":"    <section class=\"wysiwyg text-editor \" id=\"\">\n        <div class=\"container container--narrow container--p-10\">\n            <p>Del 5 al 7 de octubre se ha celebrado el <a title=\"Congreso Desal 2016\" href=\"https:\/\/gecamin.com\/desal\/espanol\/programa\/desal-2016\" target=\"_blank\" rel=\"dofollow\">Congreso Desal 2016<\/a> en <strong>Santiago de Chile<\/strong> que tiene como protagonista <strong>la desalaci\u00f3n y reutilizaci\u00f3n de agua<\/strong> como alternativas para nuevas fuentes de suministro de agua, en el que ha estado presente Ferrovial a trav\u00e9s de <a title=\"Ferrovial Agroman\" href=\"https:\/\/www.ferrovial.com\/es\/lineas-de-negocio\/construccion\/\" target=\"_blank\" rel=\"dofollow\">Ferrovial Agroman<\/a> y <a title=\"Cadagua\" href=\"http:\/\/www.cadagua.es\/\" target=\"_blank\" rel=\"dofollow\">Cadagua.\u00a0<\/a><\/p>\n<p>Este foro internacional ha contado con m\u00e1s de <strong>270 asistentes,<\/strong> <strong>55 charlas t\u00e9cnicas de autores provenientes de 16 pa\u00edses<\/strong> y <strong>5 plenarias<\/strong> y ha supuesto una gran oportunidad de encuentro entre diversos sectores p\u00fablicos y privados. El origen del congreso surge a ra\u00edz de la escasez de agua resultado del cambio clim\u00e1tico, que ha hecho que las empresas mineras deban explorar nuevas alternativas para abastecerse de este necesario y escaso recurso; una de ellas es la desalaci\u00f3n. En el Congreso Desal se abordan tem\u00e1ticas como <strong>el dise\u00f1o y construcci\u00f3n<\/strong> de plantas desaladoras, reutilizaci\u00f3n de agua, aspectos ambientales de desalaci\u00f3n, nuevas tecnolog\u00edas de desalaci\u00f3n y sistemas de transporte de agua a grandes distancias y altura, entre otros.<\/p>\n<h2><strong>Participaci\u00f3n de Ferrovial en el Congreso Desal 2016<\/strong><\/h2>\n<p>Ferrovial , a trav\u00e9s de Ferrovial Agroman y Cadagua, ha expuesto en un stand sus obras m\u00e1s relevantes en esta \u00e1rea. Asimismo, ha ofrecido las ponencias:<\/p>\n<ul>\n<li><em>Mejora de la eficiencia energ\u00e9tica tras la sustituci\u00f3n de turbinas Pelton por c\u00e1maras isob\u00e1ricas<\/em> por los expertos de Cadagua Manuel Polo, Eva Mu\u00f1oz, Marian Ruiz e Ignacio Z\u00fa\u00f1iga.<\/li>\n<li><em>Dise\u00f1o, Operaci\u00f3n y Mantenimiento de tuber\u00edas de captaci\u00f3n de plantas desaladoras<\/em> de Carlos Cord\u00f3n.<\/li>\n<\/ul>\n<p>En representaci\u00f3n de Ferrovial Agroman Chile ha asistido <a title=\"Bruno Frazzoni LinkedIn\" href=\"https:\/\/cl.linkedin.com\/in\/bruno-fernando-frazzoni-garc%C3%ADa-87934251\" target=\"_blank\" rel=\"dofollow\">Bruno Frazzoni<\/a>, Gerente de Desarrollo en este pa\u00eds.<br \/>\nFerrovial est\u00e1 presente en Chile desde 1990 y ha desarrollado importantes proyectos en el \u00e1mbito de las infraestructuras y de la gesti\u00f3n del agua.<br \/>\n<strong>Sobre DESAL <\/strong><\/p>\n<p>Desal est\u00e1 organizado por <a title=\"ALADYR\" href=\"http:\/\/aladyr.net\/\" target=\"_blank\" rel=\"dofollow\">ALADYR<\/a>&#8211; Asociaci\u00f3n Latinoamericana de Desalaci\u00f3n y Re\u00faso del Agua- y <a title=\"Gemacin\" href=\"https:\/\/gecamin.com\/espanol\/&quot;\" target=\"_blank\" rel=\"dofollow\">Gecamin,<\/a> se celebra cada dos a\u00f1os y busca generar una red global de contactos e intercambio de informaci\u00f3n tecnol\u00f3gica entre los profesionales del sector.<\/p>\n        <\/div>\n    <\/section>\n","protected":false},"excerpt":{"rendered":"","protected":false},"featured_media":3892,"menu_order":0,"comment_status":"closed","ping_status":"closed","template":"","nivel-2":[909,928,2208,972,2200,2223],"nivel-5":[2158],"nivel-1":[2168],"nivel-3":[1256],"nivel-4":[],"class_list":["post-3891","new","type-new","status-publish","has-post-thumbnail","hentry","nivel-2-agua","nivel-2-cambio-climatico","nivel-2-diseno-e-ingenieria","nivel-2-eventos","nivel-2-innovacion","nivel-2-planta-de-tratamiento-de-agua","nivel-5-cadagua","nivel-1-construccion","nivel-3-chile"],"acf":[],"yoast_head":"<title>Ferrovial participa en el V Congreso Latinoamericano de Desalaci\u00f3n y Reutilizaci\u00f3n de Agua Sala de prensa Ferrovial | \u00daltimas noticias<\/title>\n<meta name=\"description\" content=\"Sala de prensa Ferrovial | \u00daltimas noticias\" \/>\n<meta name=\"robots\" content=\"index, follow, max-snippet:-1, max-image-preview:large, max-video-preview:-1\" \/>\n<link rel=\"canonical\" href=\"https:\/\/newsroom.ferrovial.com\/es\/noticias\/desalacion-y-reutilizacion-de-agua-congreso-desal-2016\/\" \/>\n<meta property=\"og:locale\" content=\"es_ES\" \/>\n<meta property=\"og:type\" content=\"article\" \/>\n<meta property=\"og:title\" content=\"Ferrovial participa en el V Congreso Latinoamericano de Desalaci\u00f3n y Reutilizaci\u00f3n de Agua Sala de prensa Ferrovial | \u00daltimas noticias\" \/>\n<meta property=\"og:description\" content=\"Sala de prensa Ferrovial | \u00daltimas noticias\" \/>\n<meta property=\"og:url\" content=\"https:\/\/newsroom.ferrovial.com\/es\/noticias\/desalacion-y-reutilizacion-de-agua-congreso-desal-2016\/\" \/>\n<meta property=\"og:site_name\" content=\"Sala de prensa Ferrovial | \u00daltimas noticias\" \/>\n<meta property=\"article:publisher\" content=\"https:\/\/www.facebook.com\/ferrovial\" \/>\n<meta property=\"article:modified_time\" content=\"2022-12-21T08:55:22+00:00\" \/>\n<meta property=\"og:image\" content=\"https:\/\/newsroom.ferrovial.com\/wp-content\/uploads\/sites\/4\/2018\/07\/i4a0553-2-e1477322919796.jpg\" \/>\n\t<meta property=\"og:image:width\" content=\"600\" \/>\n\t<meta property=\"og:image:height\" content=\"442\" \/>\n\t<meta property=\"og:image:type\" content=\"image\/jpeg\" \/>\n<meta name=\"twitter:card\" content=\"summary_large_image\" \/>\n<meta name=\"twitter:site\" content=\"@ferrovial\" \/>\n<script type=\"application\/ld+json\" class=\"yoast-schema-graph\">{\"@context\":\"https:\/\/schema.org\",\"@graph\":[{\"@type\":\"WebPage\",\"@id\":\"https:\/\/newsroom.ferrovial.com\/es\/noticias\/desalacion-y-reutilizacion-de-agua-congreso-desal-2016\/\",\"url\":\"https:\/\/newsroom.ferrovial.com\/es\/noticias\/desalacion-y-reutilizacion-de-agua-congreso-desal-2016\/\",\"name\":\"Ferrovial participa en el V Congreso Latinoamericano de Desalaci\u00f3n y Reutilizaci\u00f3n de Agua Sala de prensa Ferrovial | \u00daltimas noticias\",\"isPartOf\":{\"@id\":\"https:\/\/newsroom.ferrovial.com\/es\/#website\"},\"primaryImageOfPage\":{\"@id\":\"https:\/\/newsroom.ferrovial.com\/es\/noticias\/desalacion-y-reutilizacion-de-agua-congreso-desal-2016\/#primaryimage\"},\"image\":{\"@id\":\"https:\/\/newsroom.ferrovial.com\/es\/noticias\/desalacion-y-reutilizacion-de-agua-congreso-desal-2016\/#primaryimage\"},\"thumbnailUrl\":\"https:\/\/static.newsroom.ferrovial.com\/wp-content\/uploads\/2018\/07\/15153403\/i4a0553-2-e1477322919796.jpg\",\"datePublished\":\"2016-10-25T00:00:00+00:00\",\"dateModified\":\"2022-12-21T08:55:22+00:00\",\"description\":\"Sala de prensa Ferrovial | \u00daltimas noticias\",\"breadcrumb\":{\"@id\":\"https:\/\/newsroom.ferrovial.com\/es\/noticias\/desalacion-y-reutilizacion-de-agua-congreso-desal-2016\/#breadcrumb\"},\"inLanguage\":\"es\",\"potentialAction\":[{\"@type\":\"ReadAction\",\"target\":[\"https:\/\/newsroom.ferrovial.com\/es\/noticias\/desalacion-y-reutilizacion-de-agua-congreso-desal-2016\/\"]}]},{\"@type\":\"ImageObject\",\"inLanguage\":\"es\",\"@id\":\"https:\/\/newsroom.ferrovial.com\/es\/noticias\/desalacion-y-reutilizacion-de-agua-congreso-desal-2016\/#primaryimage\",\"url\":\"https:\/\/static.newsroom.ferrovial.com\/wp-content\/uploads\/2018\/07\/15153403\/i4a0553-2-e1477322919796.jpg\",\"contentUrl\":\"https:\/\/static.newsroom.ferrovial.com\/wp-content\/uploads\/2018\/07\/15153403\/i4a0553-2-e1477322919796.jpg\",\"width\":600,\"height\":442,\"caption\":\"desal-2016\"},{\"@type\":\"BreadcrumbList\",\"@id\":\"https:\/\/newsroom.ferrovial.com\/es\/noticias\/desalacion-y-reutilizacion-de-agua-congreso-desal-2016\/#breadcrumb\",\"itemListElement\":[{\"@type\":\"ListItem\",\"position\":1,\"name\":\"Portada\",\"item\":\"https:\/\/newsroom.ferrovial.com\/es\/\"},{\"@type\":\"ListItem\",\"position\":2,\"name\":\"Ferrovial participa en el V Congreso Latinoamericano de Desalaci\u00f3n y Reutilizaci\u00f3n de Agua\"}]},{\"@type\":\"WebSite\",\"@id\":\"https:\/\/newsroom.ferrovial.com\/es\/#website\",\"url\":\"https:\/\/newsroom.ferrovial.com\/es\/\",\"name\":\"Sala de prensa Ferrovial | \u00daltimas noticias\",\"description\":\"Sala de prensa Ferrovial | \u00daltimas noticias\",\"publisher\":{\"@id\":\"https:\/\/newsroom.ferrovial.com\/es\/#organization\"},\"potentialAction\":[{\"@type\":\"SearchAction\",\"target\":{\"@type\":\"EntryPoint\",\"urlTemplate\":\"https:\/\/newsroom.ferrovial.com\/es\/?s={search_term_string}\"},\"query-input\":{\"@type\":\"PropertyValueSpecification\",\"valueRequired\":true,\"valueName\":\"search_term_string\"}}],\"inLanguage\":\"es\"},{\"@type\":\"Organization\",\"@id\":\"https:\/\/newsroom.ferrovial.com\/es\/#organization\",\"name\":\"Ferrovial S.A.\",\"url\":\"https:\/\/newsroom.ferrovial.com\/es\/\",\"logo\":{\"@type\":\"ImageObject\",\"inLanguage\":\"es\",\"@id\":\"https:\/\/newsroom.ferrovial.com\/es\/#\/schema\/logo\/image\/\",\"url\":\"https:\/\/static.newsroom.ferrovial.com\/wp-content\/uploads\/2018\/07\/15145720\/Ferrovial_Logotipo1.jpg\",\"contentUrl\":\"https:\/\/static.newsroom.ferrovial.com\/wp-content\/uploads\/2018\/07\/15145720\/Ferrovial_Logotipo1.jpg\",\"width\":600,\"height\":300,\"caption\":\"Ferrovial S.A.\"},\"image\":{\"@id\":\"https:\/\/newsroom.ferrovial.com\/es\/#\/schema\/logo\/image\/\"},\"sameAs\":[\"https:\/\/www.facebook.com\/ferrovial\",\"https:\/\/x.com\/ferrovial\",\"https:\/\/www.instagram.com\/ferrovial\/\",\"https:\/\/www.linkedin.com\/company\/ferrovial\",\"https:\/\/www.pinterest.es\/ferrovial\/\",\"https:\/\/www.youtube.com\/ferrovial\",\"https:\/\/en.wikipedia.org\/wiki\/Ferrovial\"]}]}<\/script>","yoast_head_json":{"title":"Ferrovial participa en el V Congreso Latinoamericano de Desalaci\u00f3n y Reutilizaci\u00f3n de Agua Sala de prensa Ferrovial | \u00daltimas noticias","description":"Sala de prensa Ferrovial | \u00daltimas noticias","robots":{"index":"index","follow":"follow","max-snippet":"max-snippet:-1","max-image-preview":"max-image-preview:large","max-video-preview":"max-video-preview:-1"},"canonical":"https:\/\/newsroom.ferrovial.com\/es\/noticias\/desalacion-y-reutilizacion-de-agua-congreso-desal-2016\/","og_locale":"es_ES","og_type":"article","og_title":"Ferrovial participa en el V Congreso Latinoamericano de Desalaci\u00f3n y Reutilizaci\u00f3n de Agua Sala de prensa Ferrovial | \u00daltimas noticias","og_description":"Sala de prensa Ferrovial | \u00daltimas noticias","og_url":"https:\/\/newsroom.ferrovial.com\/es\/noticias\/desalacion-y-reutilizacion-de-agua-congreso-desal-2016\/","og_site_name":"Sala de prensa Ferrovial | \u00daltimas noticias","article_publisher":"https:\/\/www.facebook.com\/ferrovial","article_modified_time":"2022-12-21T08:55:22+00:00","og_image":[{"width":600,"height":442,"url":"https:\/\/newsroom.ferrovial.com\/wp-content\/uploads\/sites\/4\/2018\/07\/i4a0553-2-e1477322919796.jpg","type":"image\/jpeg"}],"twitter_card":"summary_large_image","twitter_site":"@ferrovial","schema":{"@context":"https:\/\/schema.org","@graph":[{"@type":"WebPage","@id":"https:\/\/newsroom.ferrovial.com\/es\/noticias\/desalacion-y-reutilizacion-de-agua-congreso-desal-2016\/","url":"https:\/\/newsroom.ferrovial.com\/es\/noticias\/desalacion-y-reutilizacion-de-agua-congreso-desal-2016\/","name":"Ferrovial participa en el V Congreso Latinoamericano de Desalaci\u00f3n y Reutilizaci\u00f3n de Agua Sala de prensa Ferrovial | \u00daltimas noticias","isPartOf":{"@id":"https:\/\/newsroom.ferrovial.com\/es\/#website"},"primaryImageOfPage":{"@id":"https:\/\/newsroom.ferrovial.com\/es\/noticias\/desalacion-y-reutilizacion-de-agua-congreso-desal-2016\/#primaryimage"},"image":{"@id":"https:\/\/newsroom.ferrovial.com\/es\/noticias\/desalacion-y-reutilizacion-de-agua-congreso-desal-2016\/#primaryimage"},"thumbnailUrl":"https:\/\/static.newsroom.ferrovial.com\/wp-content\/uploads\/2018\/07\/15153403\/i4a0553-2-e1477322919796.jpg","datePublished":"2016-10-25T00:00:00+00:00","dateModified":"2022-12-21T08:55:22+00:00","description":"Sala de prensa Ferrovial | \u00daltimas noticias","breadcrumb":{"@id":"https:\/\/newsroom.ferrovial.com\/es\/noticias\/desalacion-y-reutilizacion-de-agua-congreso-desal-2016\/#breadcrumb"},"inLanguage":"es","potentialAction":[{"@type":"ReadAction","target":["https:\/\/newsroom.ferrovial.com\/es\/noticias\/desalacion-y-reutilizacion-de-agua-congreso-desal-2016\/"]}]},{"@type":"ImageObject","inLanguage":"es","@id":"https:\/\/newsroom.ferrovial.com\/es\/noticias\/desalacion-y-reutilizacion-de-agua-congreso-desal-2016\/#primaryimage","url":"https:\/\/static.newsroom.ferrovial.com\/wp-content\/uploads\/2018\/07\/15153403\/i4a0553-2-e1477322919796.jpg","contentUrl":"https:\/\/static.newsroom.ferrovial.com\/wp-content\/uploads\/2018\/07\/15153403\/i4a0553-2-e1477322919796.jpg","width":600,"height":442,"caption":"desal-2016"},{"@type":"BreadcrumbList","@id":"https:\/\/newsroom.ferrovial.com\/es\/noticias\/desalacion-y-reutilizacion-de-agua-congreso-desal-2016\/#breadcrumb","itemListElement":[{"@type":"ListItem","position":1,"name":"Portada","item":"https:\/\/newsroom.ferrovial.com\/es\/"},{"@type":"ListItem","position":2,"name":"Ferrovial participa en el V Congreso Latinoamericano de Desalaci\u00f3n y Reutilizaci\u00f3n de Agua"}]},{"@type":"WebSite","@id":"https:\/\/newsroom.ferrovial.com\/es\/#website","url":"https:\/\/newsroom.ferrovial.com\/es\/","name":"Sala de prensa Ferrovial | \u00daltimas noticias","description":"Sala de prensa Ferrovial | \u00daltimas noticias","publisher":{"@id":"https:\/\/newsroom.ferrovial.com\/es\/#organization"},"potentialAction":[{"@type":"SearchAction","target":{"@type":"EntryPoint","urlTemplate":"https:\/\/newsroom.ferrovial.com\/es\/?s={search_term_string}"},"query-input":{"@type":"PropertyValueSpecification","valueRequired":true,"valueName":"search_term_string"}}],"inLanguage":"es"},{"@type":"Organization","@id":"https:\/\/newsroom.ferrovial.com\/es\/#organization","name":"Ferrovial S.A.","url":"https:\/\/newsroom.ferrovial.com\/es\/","logo":{"@type":"ImageObject","inLanguage":"es","@id":"https:\/\/newsroom.ferrovial.com\/es\/#\/schema\/logo\/image\/","url":"https:\/\/static.newsroom.ferrovial.com\/wp-content\/uploads\/2018\/07\/15145720\/Ferrovial_Logotipo1.jpg","contentUrl":"https:\/\/static.newsroom.ferrovial.com\/wp-content\/uploads\/2018\/07\/15145720\/Ferrovial_Logotipo1.jpg","width":600,"height":300,"caption":"Ferrovial S.A."},"image":{"@id":"https:\/\/newsroom.ferrovial.com\/es\/#\/schema\/logo\/image\/"},"sameAs":["https:\/\/www.facebook.com\/ferrovial","https:\/\/x.com\/ferrovial","https:\/\/www.instagram.com\/ferrovial\/","https:\/\/www.linkedin.com\/company\/ferrovial","https:\/\/www.pinterest.es\/ferrovial\/","https:\/\/www.youtube.com\/ferrovial","https:\/\/en.wikipedia.org\/wiki\/Ferrovial"]}]}},"_links":{"self":[{"href":"https:\/\/newsroom.ferrovial.com\/es\/wp-json\/wp\/v2\/new\/3891","targetHints":{"allow":["GET"]}}],"collection":[{"href":"https:\/\/newsroom.ferrovial.com\/es\/wp-json\/wp\/v2\/new"}],"about":[{"href":"https:\/\/newsroom.ferrovial.com\/es\/wp-json\/wp\/v2\/types\/new"}],"replies":[{"embeddable":true,"href":"https:\/\/newsroom.ferrovial.com\/es\/wp-json\/wp\/v2\/comments?post=3891"}],"version-history":[{"count":2,"href":"https:\/\/newsroom.ferrovial.com\/es\/wp-json\/wp\/v2\/new\/3891\/revisions"}],"predecessor-version":[{"id":117391,"href":"https:\/\/newsroom.ferrovial.com\/es\/wp-json\/wp\/v2\/new\/3891\/revisions\/117391"}],"wp:featuredmedia":[{"embeddable":true,"href":"https:\/\/newsroom.ferrovial.com\/es\/wp-json\/wp\/v2\/media\/3892"}],"wp:attachment":[{"href":"https:\/\/newsroom.ferrovial.com\/es\/wp-json\/wp\/v2\/media?parent=3891"}],"wp:term":[{"taxonomy":"nivel-2","embeddable":true,"href":"https:\/\/newsroom.ferrovial.com\/es\/wp-json\/wp\/v2\/nivel-2?post=3891"},{"taxonomy":"nivel-5","embeddable":true,"href":"https:\/\/newsroom.ferrovial.com\/es\/wp-json\/wp\/v2\/nivel-5?post=3891"},{"taxonomy":"nivel-1","embeddable":true,"href":"https:\/\/newsroom.ferrovial.com\/es\/wp-json\/wp\/v2\/nivel-1?post=3891"},{"taxonomy":"nivel-3","embeddable":true,"href":"https:\/\/newsroom.ferrovial.com\/es\/wp-json\/wp\/v2\/nivel-3?post=3891"},{"taxonomy":"nivel-4","embeddable":true,"href":"https:\/\/newsroom.ferrovial.com\/es\/wp-json\/wp\/v2\/nivel-4?post=3891"}],"curies":[{"name":"wp","href":"https:\/\/api.w.org\/{rel}","templated":true}]}}