{"id":3922,"date":"2016-11-10T00:00:00","date_gmt":"2016-11-10T00:00:00","guid":{"rendered":"https:\/\/newsroom.ferrovial.com\/news\/ferrovial-servicios-consigue-su-primer-proyecto-medioambiental-horizonte-2020\/"},"modified":"2022-12-21T09:54:11","modified_gmt":"2022-12-21T08:54:11","slug":"ferrovial-servicios-consigue-su-primer-proyecto-medioambiental-horizonte-2020","status":"publish","type":"new","link":"https:\/\/newsroom.ferrovial.com\/es\/noticias\/ferrovial-servicios-consigue-su-primer-proyecto-medioambiental-horizonte-2020\/","title":{"rendered":"Ferrovial Servicios consigue su primer proyecto medioambiental del programa europeo &#8216;Horizonte 2020&#8217;"},"content":{"rendered":"    <section class=\"wysiwyg text-editor \" id=\"\">\n        <div class=\"container container--narrow container--p-10\">\n            <p>El proyecto VOLATILE, en el que participa la Direcci\u00f3n de Tratamiento y Gesti\u00f3n Medioambiental de <a title=\"Ferrovial Servicios\" href=\"https:\/\/www.ferrovial.com\/es\/lineas-de-negocio\/ferrovial-servicios\/sobre-ferrovial-servicios\/ferrovial-servicios-espana\/\" target=\"_blank\" rel=\"dofollow\">Ferrovial Servicios Espa\u00f1a<\/a> en colaboraci\u00f3n con el <a title=\"Ferrovial Centros de Competencia\" href=\"https:\/\/www.ferrovial.com\/es\/lineas-de-negocio\/ferrovial-servicios\/centros-de-competencia\/medio-ambiente\/\" target=\"_blank\" rel=\"dofollow\">Centro de Competencia de Medio Ambiente<\/a>, ha sido seleccionado por la Comisi\u00f3n Europea para ser financiado durante el periodo 2016-2020 por el Programa Marco de investigaci\u00f3n y desarrollo &#8216;<a title=\"Horizante 2020\" href=\"http:\/\/www.eshorizonte2020.es\/que-es-horizonte-2020\" target=\"_blank\" rel=\"dofollow\">Horizonte 2020<\/a>&#8216;.<\/p>\n<p>VOLATILE &#8211; primer proyecto de la compa\u00f1\u00eda seleccionado por Horizonte 2020- cuenta con la participaci\u00f3n de <strong>21 socios<\/strong> de <strong>9 pa\u00edses europeos<\/strong> y consiste en el desarrollo de una tecnolog\u00eda para recuperar los \u00e1cidos grasos presentes en residuos org\u00e1nicos y lodos de depuradoras. De este modo podr\u00e1n ser transformados posteriormente en otras sustancias de alto valor a\u00f1adido como los \u00e1cidos grasos Omega 3.<\/p>\n<p>Estas nuevas sustancias tendr\u00e1n aplicaci\u00f3n en diversos sectores industriales como la industria qu\u00edmica, alimentaria y la biotecnol\u00f3gica. Ferrovial Servicios participar\u00e1 a trav\u00e9s de la UTE <a title=\"Ferrovial - Ecoparque grancanaria\" href=\"https:\/\/newsroom.ferrovial.com\/es\/noticias\/ecoparque-grancanaria-residuos\/\" target=\"_blank\" rel=\"dofollow\">Complejo Ambiental Salto del Negro (Canarias)<\/a>, suministrando los residuos org\u00e1nicos necesarios para realizar los diferentes ensayos que permitan obtener \u00e1cidos grasos vol\u00e1tiles durante el proyecto. Asimismo, aportar\u00e1 su conocimiento experto en la gesti\u00f3n y operaci\u00f3n de instalaciones de digesti\u00f3n anaerobia.<\/p>\n<h2><strong>Apuesta por la Econom\u00eda Circular<\/strong><\/h2>\n<p>Con la participaci\u00f3n en este proyecto, Ferrovial Servicios contin\u00faa su apuesta por la <a title=\"Ferrovial - Economia Circular grupo creado por nosotros \" href=\"https:\/\/newsroom.ferrovial.com\/es\/noticias\/economia-circular-grupo-creado-por-ferrovial\/\" target=\"_blank\" rel=\"dofollow\">Econom\u00eda Circular<\/a>, cerrando el ciclo de vida de los residuos tras su transformaci\u00f3n en materias primas secundarias aptas para diferentes aplicaciones, con la misma calidad, propiedades t\u00e9cnicas y funcionalidades que los productos fabricados con materias primas v\u00edrgenes.<\/p>\n<p>&nbsp;<\/p>\n        <\/div>\n    <\/section>\n","protected":false},"excerpt":{"rendered":"","protected":false},"featured_media":3923,"menu_order":0,"comment_status":"closed","ping_status":"closed","template":"","nivel-2":[936,1456,2200,2091,976,1045],"nivel-5":[],"nivel-1":[],"nivel-3":[],"nivel-4":[],"class_list":["post-3922","new","type-new","status-publish","has-post-thumbnail","hentry","nivel-2-conservacion-del-medio-ambiente","nivel-2-economia-circular","nivel-2-innovacion","nivel-2-proyectos","nivel-2-residuos","nivel-2-sostenibilidad"],"acf":[],"yoast_head":"<title>Ferrovial Servicios consigue su primer proyecto medioambiental del programa europeo &#039;Horizonte 2020&#039; Sala de prensa Ferrovial | \u00daltimas noticias<\/title>\n<meta name=\"description\" content=\"Sala de prensa Ferrovial | \u00daltimas noticias\" \/>\n<meta name=\"robots\" content=\"index, follow, max-snippet:-1, max-image-preview:large, max-video-preview:-1\" \/>\n<link rel=\"canonical\" href=\"https:\/\/newsroom.ferrovial.com\/es\/noticias\/ferrovial-servicios-consigue-su-primer-proyecto-medioambiental-horizonte-2020\/\" \/>\n<meta property=\"og:locale\" content=\"es_ES\" \/>\n<meta property=\"og:type\" content=\"article\" \/>\n<meta property=\"og:title\" content=\"Ferrovial Servicios consigue su primer proyecto medioambiental del programa europeo &#039;Horizonte 2020&#039; Sala de prensa Ferrovial | \u00daltimas noticias\" \/>\n<meta property=\"og:description\" content=\"Sala de prensa Ferrovial | \u00daltimas noticias\" \/>\n<meta property=\"og:url\" content=\"https:\/\/newsroom.ferrovial.com\/es\/noticias\/ferrovial-servicios-consigue-su-primer-proyecto-medioambiental-horizonte-2020\/\" \/>\n<meta property=\"og:site_name\" content=\"Sala de prensa Ferrovial | \u00daltimas noticias\" \/>\n<meta property=\"article:publisher\" content=\"https:\/\/www.facebook.com\/ferrovial\" \/>\n<meta property=\"article:modified_time\" content=\"2022-12-21T08:54:11+00:00\" \/>\n<meta property=\"og:image\" content=\"https:\/\/newsroom.ferrovial.com\/wp-content\/uploads\/sites\/4\/2018\/07\/horizonte2020.jpg\" \/>\n\t<meta property=\"og:image:width\" content=\"550\" \/>\n\t<meta property=\"og:image:height\" content=\"367\" \/>\n\t<meta property=\"og:image:type\" content=\"image\/jpeg\" \/>\n<meta name=\"twitter:card\" content=\"summary_large_image\" \/>\n<meta name=\"twitter:site\" content=\"@ferrovial\" \/>\n<script type=\"application\/ld+json\" class=\"yoast-schema-graph\">{\"@context\":\"https:\/\/schema.org\",\"@graph\":[{\"@type\":\"WebPage\",\"@id\":\"https:\/\/newsroom.ferrovial.com\/es\/noticias\/ferrovial-servicios-consigue-su-primer-proyecto-medioambiental-horizonte-2020\/\",\"url\":\"https:\/\/newsroom.ferrovial.com\/es\/noticias\/ferrovial-servicios-consigue-su-primer-proyecto-medioambiental-horizonte-2020\/\",\"name\":\"Ferrovial Servicios consigue su primer proyecto medioambiental del programa europeo 'Horizonte 2020' Sala de prensa Ferrovial | \u00daltimas noticias\",\"isPartOf\":{\"@id\":\"https:\/\/newsroom.ferrovial.com\/es\/#website\"},\"primaryImageOfPage\":{\"@id\":\"https:\/\/newsroom.ferrovial.com\/es\/noticias\/ferrovial-servicios-consigue-su-primer-proyecto-medioambiental-horizonte-2020\/#primaryimage\"},\"image\":{\"@id\":\"https:\/\/newsroom.ferrovial.com\/es\/noticias\/ferrovial-servicios-consigue-su-primer-proyecto-medioambiental-horizonte-2020\/#primaryimage\"},\"thumbnailUrl\":\"https:\/\/static.newsroom.ferrovial.com\/wp-content\/uploads\/2018\/07\/15153354\/horizonte2020.jpg\",\"datePublished\":\"2016-11-10T00:00:00+00:00\",\"dateModified\":\"2022-12-21T08:54:11+00:00\",\"description\":\"Sala de prensa Ferrovial | \u00daltimas noticias\",\"breadcrumb\":{\"@id\":\"https:\/\/newsroom.ferrovial.com\/es\/noticias\/ferrovial-servicios-consigue-su-primer-proyecto-medioambiental-horizonte-2020\/#breadcrumb\"},\"inLanguage\":\"es\",\"potentialAction\":[{\"@type\":\"ReadAction\",\"target\":[\"https:\/\/newsroom.ferrovial.com\/es\/noticias\/ferrovial-servicios-consigue-su-primer-proyecto-medioambiental-horizonte-2020\/\"]}]},{\"@type\":\"ImageObject\",\"inLanguage\":\"es\",\"@id\":\"https:\/\/newsroom.ferrovial.com\/es\/noticias\/ferrovial-servicios-consigue-su-primer-proyecto-medioambiental-horizonte-2020\/#primaryimage\",\"url\":\"https:\/\/static.newsroom.ferrovial.com\/wp-content\/uploads\/2018\/07\/15153354\/horizonte2020.jpg\",\"contentUrl\":\"https:\/\/static.newsroom.ferrovial.com\/wp-content\/uploads\/2018\/07\/15153354\/horizonte2020.jpg\",\"width\":550,\"height\":367,\"caption\":\"horizonte2020 ferrovial\"},{\"@type\":\"BreadcrumbList\",\"@id\":\"https:\/\/newsroom.ferrovial.com\/es\/noticias\/ferrovial-servicios-consigue-su-primer-proyecto-medioambiental-horizonte-2020\/#breadcrumb\",\"itemListElement\":[{\"@type\":\"ListItem\",\"position\":1,\"name\":\"Portada\",\"item\":\"https:\/\/newsroom.ferrovial.com\/es\/\"},{\"@type\":\"ListItem\",\"position\":2,\"name\":\"Ferrovial Servicios consigue su primer proyecto medioambiental del programa europeo &#8216;Horizonte 2020&#8217;\"}]},{\"@type\":\"WebSite\",\"@id\":\"https:\/\/newsroom.ferrovial.com\/es\/#website\",\"url\":\"https:\/\/newsroom.ferrovial.com\/es\/\",\"name\":\"Sala de prensa Ferrovial | \u00daltimas noticias\",\"description\":\"Sala de prensa Ferrovial | \u00daltimas noticias\",\"publisher\":{\"@id\":\"https:\/\/newsroom.ferrovial.com\/es\/#organization\"},\"potentialAction\":[{\"@type\":\"SearchAction\",\"target\":{\"@type\":\"EntryPoint\",\"urlTemplate\":\"https:\/\/newsroom.ferrovial.com\/es\/?s={search_term_string}\"},\"query-input\":{\"@type\":\"PropertyValueSpecification\",\"valueRequired\":true,\"valueName\":\"search_term_string\"}}],\"inLanguage\":\"es\"},{\"@type\":\"Organization\",\"@id\":\"https:\/\/newsroom.ferrovial.com\/es\/#organization\",\"name\":\"Ferrovial S.A.\",\"url\":\"https:\/\/newsroom.ferrovial.com\/es\/\",\"logo\":{\"@type\":\"ImageObject\",\"inLanguage\":\"es\",\"@id\":\"https:\/\/newsroom.ferrovial.com\/es\/#\/schema\/logo\/image\/\",\"url\":\"https:\/\/static.newsroom.ferrovial.com\/wp-content\/uploads\/2018\/07\/15145720\/Ferrovial_Logotipo1.jpg\",\"contentUrl\":\"https:\/\/static.newsroom.ferrovial.com\/wp-content\/uploads\/2018\/07\/15145720\/Ferrovial_Logotipo1.jpg\",\"width\":600,\"height\":300,\"caption\":\"Ferrovial S.A.\"},\"image\":{\"@id\":\"https:\/\/newsroom.ferrovial.com\/es\/#\/schema\/logo\/image\/\"},\"sameAs\":[\"https:\/\/www.facebook.com\/ferrovial\",\"https:\/\/x.com\/ferrovial\",\"https:\/\/www.instagram.com\/ferrovial\/\",\"https:\/\/www.linkedin.com\/company\/ferrovial\",\"https:\/\/www.pinterest.es\/ferrovial\/\",\"https:\/\/www.youtube.com\/ferrovial\",\"https:\/\/en.wikipedia.org\/wiki\/Ferrovial\"]}]}<\/script>","yoast_head_json":{"title":"Ferrovial Servicios consigue su primer proyecto medioambiental del programa europeo 'Horizonte 2020' Sala de prensa Ferrovial | \u00daltimas noticias","description":"Sala de prensa Ferrovial | \u00daltimas noticias","robots":{"index":"index","follow":"follow","max-snippet":"max-snippet:-1","max-image-preview":"max-image-preview:large","max-video-preview":"max-video-preview:-1"},"canonical":"https:\/\/newsroom.ferrovial.com\/es\/noticias\/ferrovial-servicios-consigue-su-primer-proyecto-medioambiental-horizonte-2020\/","og_locale":"es_ES","og_type":"article","og_title":"Ferrovial Servicios consigue su primer proyecto medioambiental del programa europeo 'Horizonte 2020' Sala de prensa Ferrovial | \u00daltimas noticias","og_description":"Sala de prensa Ferrovial | \u00daltimas noticias","og_url":"https:\/\/newsroom.ferrovial.com\/es\/noticias\/ferrovial-servicios-consigue-su-primer-proyecto-medioambiental-horizonte-2020\/","og_site_name":"Sala de prensa Ferrovial | \u00daltimas noticias","article_publisher":"https:\/\/www.facebook.com\/ferrovial","article_modified_time":"2022-12-21T08:54:11+00:00","og_image":[{"width":550,"height":367,"url":"https:\/\/newsroom.ferrovial.com\/wp-content\/uploads\/sites\/4\/2018\/07\/horizonte2020.jpg","type":"image\/jpeg"}],"twitter_card":"summary_large_image","twitter_site":"@ferrovial","schema":{"@context":"https:\/\/schema.org","@graph":[{"@type":"WebPage","@id":"https:\/\/newsroom.ferrovial.com\/es\/noticias\/ferrovial-servicios-consigue-su-primer-proyecto-medioambiental-horizonte-2020\/","url":"https:\/\/newsroom.ferrovial.com\/es\/noticias\/ferrovial-servicios-consigue-su-primer-proyecto-medioambiental-horizonte-2020\/","name":"Ferrovial Servicios consigue su primer proyecto medioambiental del programa europeo 'Horizonte 2020' Sala de prensa Ferrovial | \u00daltimas noticias","isPartOf":{"@id":"https:\/\/newsroom.ferrovial.com\/es\/#website"},"primaryImageOfPage":{"@id":"https:\/\/newsroom.ferrovial.com\/es\/noticias\/ferrovial-servicios-consigue-su-primer-proyecto-medioambiental-horizonte-2020\/#primaryimage"},"image":{"@id":"https:\/\/newsroom.ferrovial.com\/es\/noticias\/ferrovial-servicios-consigue-su-primer-proyecto-medioambiental-horizonte-2020\/#primaryimage"},"thumbnailUrl":"https:\/\/static.newsroom.ferrovial.com\/wp-content\/uploads\/2018\/07\/15153354\/horizonte2020.jpg","datePublished":"2016-11-10T00:00:00+00:00","dateModified":"2022-12-21T08:54:11+00:00","description":"Sala de prensa Ferrovial | \u00daltimas noticias","breadcrumb":{"@id":"https:\/\/newsroom.ferrovial.com\/es\/noticias\/ferrovial-servicios-consigue-su-primer-proyecto-medioambiental-horizonte-2020\/#breadcrumb"},"inLanguage":"es","potentialAction":[{"@type":"ReadAction","target":["https:\/\/newsroom.ferrovial.com\/es\/noticias\/ferrovial-servicios-consigue-su-primer-proyecto-medioambiental-horizonte-2020\/"]}]},{"@type":"ImageObject","inLanguage":"es","@id":"https:\/\/newsroom.ferrovial.com\/es\/noticias\/ferrovial-servicios-consigue-su-primer-proyecto-medioambiental-horizonte-2020\/#primaryimage","url":"https:\/\/static.newsroom.ferrovial.com\/wp-content\/uploads\/2018\/07\/15153354\/horizonte2020.jpg","contentUrl":"https:\/\/static.newsroom.ferrovial.com\/wp-content\/uploads\/2018\/07\/15153354\/horizonte2020.jpg","width":550,"height":367,"caption":"horizonte2020 ferrovial"},{"@type":"BreadcrumbList","@id":"https:\/\/newsroom.ferrovial.com\/es\/noticias\/ferrovial-servicios-consigue-su-primer-proyecto-medioambiental-horizonte-2020\/#breadcrumb","itemListElement":[{"@type":"ListItem","position":1,"name":"Portada","item":"https:\/\/newsroom.ferrovial.com\/es\/"},{"@type":"ListItem","position":2,"name":"Ferrovial Servicios consigue su primer proyecto medioambiental del programa europeo &#8216;Horizonte 2020&#8217;"}]},{"@type":"WebSite","@id":"https:\/\/newsroom.ferrovial.com\/es\/#website","url":"https:\/\/newsroom.ferrovial.com\/es\/","name":"Sala de prensa Ferrovial | \u00daltimas noticias","description":"Sala de prensa Ferrovial | \u00daltimas noticias","publisher":{"@id":"https:\/\/newsroom.ferrovial.com\/es\/#organization"},"potentialAction":[{"@type":"SearchAction","target":{"@type":"EntryPoint","urlTemplate":"https:\/\/newsroom.ferrovial.com\/es\/?s={search_term_string}"},"query-input":{"@type":"PropertyValueSpecification","valueRequired":true,"valueName":"search_term_string"}}],"inLanguage":"es"},{"@type":"Organization","@id":"https:\/\/newsroom.ferrovial.com\/es\/#organization","name":"Ferrovial S.A.","url":"https:\/\/newsroom.ferrovial.com\/es\/","logo":{"@type":"ImageObject","inLanguage":"es","@id":"https:\/\/newsroom.ferrovial.com\/es\/#\/schema\/logo\/image\/","url":"https:\/\/static.newsroom.ferrovial.com\/wp-content\/uploads\/2018\/07\/15145720\/Ferrovial_Logotipo1.jpg","contentUrl":"https:\/\/static.newsroom.ferrovial.com\/wp-content\/uploads\/2018\/07\/15145720\/Ferrovial_Logotipo1.jpg","width":600,"height":300,"caption":"Ferrovial S.A."},"image":{"@id":"https:\/\/newsroom.ferrovial.com\/es\/#\/schema\/logo\/image\/"},"sameAs":["https:\/\/www.facebook.com\/ferrovial","https:\/\/x.com\/ferrovial","https:\/\/www.instagram.com\/ferrovial\/","https:\/\/www.linkedin.com\/company\/ferrovial","https:\/\/www.pinterest.es\/ferrovial\/","https:\/\/www.youtube.com\/ferrovial","https:\/\/en.wikipedia.org\/wiki\/Ferrovial"]}]}},"_links":{"self":[{"href":"https:\/\/newsroom.ferrovial.com\/es\/wp-json\/wp\/v2\/new\/3922","targetHints":{"allow":["GET"]}}],"collection":[{"href":"https:\/\/newsroom.ferrovial.com\/es\/wp-json\/wp\/v2\/new"}],"about":[{"href":"https:\/\/newsroom.ferrovial.com\/es\/wp-json\/wp\/v2\/types\/new"}],"replies":[{"embeddable":true,"href":"https:\/\/newsroom.ferrovial.com\/es\/wp-json\/wp\/v2\/comments?post=3922"}],"version-history":[{"count":2,"href":"https:\/\/newsroom.ferrovial.com\/es\/wp-json\/wp\/v2\/new\/3922\/revisions"}],"predecessor-version":[{"id":117353,"href":"https:\/\/newsroom.ferrovial.com\/es\/wp-json\/wp\/v2\/new\/3922\/revisions\/117353"}],"wp:featuredmedia":[{"embeddable":true,"href":"https:\/\/newsroom.ferrovial.com\/es\/wp-json\/wp\/v2\/media\/3923"}],"wp:attachment":[{"href":"https:\/\/newsroom.ferrovial.com\/es\/wp-json\/wp\/v2\/media?parent=3922"}],"wp:term":[{"taxonomy":"nivel-2","embeddable":true,"href":"https:\/\/newsroom.ferrovial.com\/es\/wp-json\/wp\/v2\/nivel-2?post=3922"},{"taxonomy":"nivel-5","embeddable":true,"href":"https:\/\/newsroom.ferrovial.com\/es\/wp-json\/wp\/v2\/nivel-5?post=3922"},{"taxonomy":"nivel-1","embeddable":true,"href":"https:\/\/newsroom.ferrovial.com\/es\/wp-json\/wp\/v2\/nivel-1?post=3922"},{"taxonomy":"nivel-3","embeddable":true,"href":"https:\/\/newsroom.ferrovial.com\/es\/wp-json\/wp\/v2\/nivel-3?post=3922"},{"taxonomy":"nivel-4","embeddable":true,"href":"https:\/\/newsroom.ferrovial.com\/es\/wp-json\/wp\/v2\/nivel-4?post=3922"}],"curies":[{"name":"wp","href":"https:\/\/api.w.org\/{rel}","templated":true}]}}