{"id":3951,"date":"2016-11-15T00:00:00","date_gmt":"2016-11-15T00:00:00","guid":{"rendered":"https:\/\/newsroom.ferrovial.com\/news\/smart-city-expo-world-congress-2016\/"},"modified":"2022-12-21T09:54:07","modified_gmt":"2022-12-21T08:54:07","slug":"smart-city-expo-world-congress-2016","status":"publish","type":"new","link":"https:\/\/newsroom.ferrovial.com\/es\/noticias\/smart-city-expo-world-congress-2016\/","title":{"rendered":"Ferrovial Servicios participa en el Smart City Expo World Congress 2016"},"content":{"rendered":"    <section class=\"wysiwyg text-editor \" id=\"\">\n        <div class=\"container container--narrow container--p-10\">\n            <p>Ferrovial Servicios participa como <em>global partner<\/em> en la edici\u00f3n 2016 del <a title=\"Smart City Expo World Congress 2016\" href=\"http:\/\/www.smartcityexpo.com\/en\/agenda-2016\" target=\"_blank\" rel=\"dofollow\"> Smart City Expo World Congress<\/a>, uno de los principales foros de innovaci\u00f3n urbana a escala global, que se celebrar\u00e1 en Barcelona los d\u00edas 15, 16 y 17 de noviembre. El <a title=\"Centro de Competencia de Ciudades - Ferrovial\" href=\"https:\/\/www.ferrovial.com\/es\/lineas-de-negocio\/ferrovial-servicios\/centros-de-competencia\/ciudades\/\" target=\"_blank\" rel=\"dofollow\"> Centro de Competencia de Ciudades de Ferrovial Servicios<\/a>, que desarrolla y pone en pr\u00e1ctica programas, soluciones y modelos innovadores de prestaci\u00f3n de servicios urbanos, gestiona la participaci\u00f3n de Ferrovial Servicios en el Congreso.<\/p>\n<p>En el Espacio Ferrovial Servicios (<em>stand B204<\/em>) se mostrar\u00e1n, entre otras iniciativas, una selecci\u00f3n de programas colaborativos de innovaci\u00f3n \u2013 <a title=\"Sheffield Smart lab - Ferrovial \" href=\"https:\/\/www.ferrovial.com\/es\/proyectos\/sheffield-smart-lab\/\" target=\"_blank\" rel=\"dofollow\">Sheffield Smart Lab<\/a>; <a title=\"Santander City Lab - Ferrovial\" href=\"https:\/\/www.ferrovial.com\/es\/proyectos\/santander-city-lab\/\" target=\"_blank\" rel=\"dofollow\"> Santander City Lab<\/a>; <a title=\"Ferrovial Noticias - Reutilizar objetos usados Revive\" href=\"https:\/\/www.ferrovial.com\/es\/proyectos\/solucion-digital-para-reutilizar-objetos-usados-revive\/\" target=\"_blank\" rel=\"dofollow\"> Revive<\/a> o <a title=\"Ferrovial Noticias - Innovaci\u00f3n en Reino Unido\" href=\"https:\/\/newsroom.ferrovial.com\/es\/noticias\/iniciativas-en-innovacion-urbana-en-reino-unido\/\" target=\"_blank\" rel=\"dofollow\"> Changify<\/a>, entre otros -; un sistema rob\u00f3tico de ayuda al trabajador de limpieza viaria; as\u00ed como el Cat\u00e1logo de Soluciones Innovadoras de Ferrovial Servicios.<\/p>\n<p>El 16 de noviembre tendr\u00e1 lugar el acto de entrega del premio del <a title=\"Ferrovial Noticias - Thaumat ganador soluciones urbanas ICEX\" href=\"https:\/\/newsroom.ferrovial.com\/es\/noticias\/thaumat-gana-programa-de-soluciones-urbanas-de-ferrovial-servicios-e-icex\/\" target=\"_blank\" rel=\"dofollow\"> Programa Soluciones Urbanas de Ferrovial Servicios e ICEX<\/a>, que contar\u00e1 con la presencia del Director del Centro de Competencia de Ciudades de Ferrovial Servicios, \u00cd\u00f1igo Jodra, y del Consejero Delegado de ICEX, Francisco Javier Garz\u00f3n. Este programa ha seleccionado la soluci\u00f3n <a title=\"Ferrovial Noticias - Thaumat ganador soluciones urbanas ICEX\" href=\"https:\/\/newsroom.ferrovial.com\/es\/noticias\/thaumat-gana-programa-de-soluciones-urbanas-de-ferrovial-servicios-e-icex\/\" target=\"_blank\" rel=\"dofollow\"> Safety Intelligent System<\/a> de la empresa Thaumat, basada en tecnolog\u00eda <em>wearable<\/em>, que mejora la seguridad laboral por medio de una barrera virtual electromagn\u00e9tica.<\/p>\n<h2><strong>Conoce la agenda de ponencias de Ferrovial Servicios<\/strong><\/h2>\n<ul>\n<li><strong>16\/11:<\/strong> Ricardo L\u00f3pez de Haro, Director de Administraciones Locales Madrid de Ferrovial Servicios Espa\u00f1a, participa en la sesi\u00f3n \u201c<a title=\"Agenda del Smart City Expo Barcelona 2016\" href=\"http:\/\/www.smartcityexpo.com\/en\/agenda-2016\" target=\"_blank\" rel=\"dofollow\"> Public-private-people partnerships and new forms of collaboration<\/a>\u201d, junto con Almudena del Rosal, Subdirectora General de Participaci\u00f3n Empresarial del Ayuntamiento de Madrid, en la que ambos explicar\u00e1n la actual colaboraci\u00f3n entre Ferrovial Servicios y el Ayuntamiento de Madrid para mejorar los servicios urbanos a trav\u00e9s de la innovaci\u00f3n. En esta conferencia participar\u00e1 tambi\u00e9n Miquel Rodr\u00edguez, Responsable del Centro de Investigaci\u00f3n del sector p\u00fablico-privado del IESE; Paul Copping, de Smart Cities Advisor; <a title=\"Agenda Smart City Expo - Isaac Martin\" href=\"http:\/\/www.smartcityexpo.com\/en\/agenda-2016?p_p_id=GAFullView_WAR_gaagendascportlet&amp;p_p_lifecycle=0&amp;p_p_state=normal&amp;p_p_mode=view&amp;p_p_col_id=column-1&amp;p_p_col_pos=2&amp;p_p_col_count=3&amp;_GAFullView_WAR_gaagendascportlet_jspPage=%2Fhtml%2FGAFullView%2FspeakerDetail.jsp&amp;_GAFullView_WAR_gaagendascportlet_idSpeaker=6034\" target=\"_blank\" rel=\"dofollow\"> Isaac Mart\u00edn<\/a>, Director General de ICEX; y Craig Driver, VP, Public Private Partnerships de Mastercard.<\/li>\n<\/ul>\n<ul>\n<li><strong>16\/11: <\/strong>Mark Saunders, Director de Proyectos Reino Unido del Centro de Competencia de Ciudades de Ferrovial Servicios, participa en la sesi\u00f3n \u201c<a title=\"Agenda del Smart City Expo Barcelona 2016\" href=\"http:\/\/www.smartcityexpo.com\/en\/agenda-2016\" target=\"_blank\" rel=\"dofollow\">Scaling up social innovation through living labs<\/a>\u201d donde explicar\u00e1 nuestra experiencia en el Reino Unido en la materia, incluyendo ejemplos como los programas <a title=\"Sheffield Smart Lab\" href=\"http:\/\/www.sheffieldsmartlab.co.uk\/#home1\" target=\"_blank\" rel=\"dofollow\"> Sheffield Smart Lab<\/a> o <a title=\"Ferrovial Noticias - Innovaci\u00f3n urbana en Reino Unido\" href=\"https:\/\/newsroom.ferrovial.com\/es\/noticias\/iniciativas-en-innovacion-urbana-en-reino-unido\/\" target=\"_blank\" rel=\"dofollow\"> Changify<\/a>. En esta sesi\u00f3n participar\u00e1n, entre otros, el Presidente de ENOLL (<em>European Network of Living Labs<\/em>); Wim De Kinderen, Responsable de proyectos internacionales de Brainport Eindhoven EU Office; Hans Schnitzer, profesor de CityLAB; y St\u00e9phane Goyette, Chief Digital Officer de Smart City Office de la ciudad de Montreal, Canad\u00e1.<\/li>\n<\/ul>\n<ul>\n<li><strong>17\/11: <\/strong>\u00cd\u00f1igo Jodra, Director del Centro de Competencia de Ciudades de Ferrovial Servicios, participa como ponente en la sesi\u00f3n \u201c<a title=\"Agenda del Smart City Expo Barcelona 2016\" href=\"http:\/\/www.smartcityexpo.com\/en\/agenda-2016\" target=\"_blank\" rel=\"dofollow\">Data for Urban and Social Transformation<\/a>\u201d donde explicar\u00e1 la aproximaci\u00f3n de Ferrovial Servicios a la aplicaci\u00f3n de la anal\u00edtica de datos en la gesti\u00f3n de los servicios urbanos, desarrollada a trav\u00e9s de programas colaborativos como Santander City Lab. Esta sesi\u00f3n contar\u00e1 con la presencia de Stephen Goldsmith, Director Innovations in American Government Program &amp; Data-Smart City Solutions de Harvard Kennedy School of Government; Martin Powell, Head of Urban Development del Centro de Competencia de Ciudades de Siemens; Sean Patrick O\u2019Brien, DGM &amp; Head IVE de SAP Public Services &amp; Healthcare; Miguel Gami\u00f1o, CTO de la ciudad de Nueva York; y Andrew Collinge, Smart City Lead and Assistant Director, Intelligence and Analysis de Greater London Authority.<\/li>\n<\/ul>\n<p><em>Consulta la agenda de las conferencias en <\/em><a title=\"Agenda del Smart City Expo Barcelona 2016\" href=\"http:\/\/www.smartcityexpo.com\/en\/agenda-2016\" target=\"_blank\" rel=\"dofollow\"><em>Smart City Expo World Congress 2016<\/em><\/a><em>.<\/em><\/p>\n        <\/div>\n    <\/section>\n","protected":false},"excerpt":{"rendered":"","protected":false},"featured_media":3952,"menu_order":0,"comment_status":"closed","ping_status":"closed","template":"","nivel-2":[2222],"nivel-5":[],"nivel-1":[],"nivel-3":[1258],"nivel-4":[1823,1793],"class_list":["post-3951","new","type-new","status-publish","has-post-thumbnail","hentry","nivel-2-movilidad","nivel-3-espana","nivel-4-barcelona","nivel-4-cataluna"],"acf":[],"yoast_head":"<title>Ferrovial Servicios participa en el Smart City Expo World Congress 2016 Sala de prensa Ferrovial | \u00daltimas noticias<\/title>\n<meta name=\"description\" content=\"Sala de prensa Ferrovial | \u00daltimas noticias\" \/>\n<meta name=\"robots\" content=\"index, follow, max-snippet:-1, max-image-preview:large, max-video-preview:-1\" \/>\n<link rel=\"canonical\" href=\"https:\/\/newsroom.ferrovial.com\/es\/noticias\/smart-city-expo-world-congress-2016\/\" \/>\n<meta property=\"og:locale\" content=\"es_ES\" \/>\n<meta property=\"og:type\" content=\"article\" \/>\n<meta property=\"og:title\" content=\"Ferrovial Servicios participa en el Smart City Expo World Congress 2016 Sala de prensa Ferrovial | \u00daltimas noticias\" \/>\n<meta property=\"og:description\" content=\"Sala de prensa Ferrovial | \u00daltimas noticias\" \/>\n<meta property=\"og:url\" content=\"https:\/\/newsroom.ferrovial.com\/es\/noticias\/smart-city-expo-world-congress-2016\/\" \/>\n<meta property=\"og:site_name\" content=\"Sala de prensa Ferrovial | \u00daltimas noticias\" \/>\n<meta property=\"article:publisher\" content=\"https:\/\/www.facebook.com\/ferrovial\" \/>\n<meta property=\"article:modified_time\" content=\"2022-12-21T08:54:07+00:00\" \/>\n<meta property=\"og:image\" content=\"https:\/\/newsroom.ferrovial.com\/wp-content\/uploads\/sites\/4\/2018\/07\/sheffield-smart-lab.jpg\" \/>\n\t<meta property=\"og:image:width\" content=\"5694\" \/>\n\t<meta property=\"og:image:height\" content=\"3822\" \/>\n\t<meta property=\"og:image:type\" content=\"image\/jpeg\" \/>\n<meta name=\"twitter:card\" content=\"summary_large_image\" \/>\n<meta name=\"twitter:site\" content=\"@ferrovial\" \/>\n<script type=\"application\/ld+json\" class=\"yoast-schema-graph\">{\"@context\":\"https:\/\/schema.org\",\"@graph\":[{\"@type\":\"WebPage\",\"@id\":\"https:\/\/newsroom.ferrovial.com\/es\/noticias\/smart-city-expo-world-congress-2016\/\",\"url\":\"https:\/\/newsroom.ferrovial.com\/es\/noticias\/smart-city-expo-world-congress-2016\/\",\"name\":\"Ferrovial Servicios participa en el Smart City Expo World Congress 2016 Sala de prensa Ferrovial | \u00daltimas noticias\",\"isPartOf\":{\"@id\":\"https:\/\/newsroom.ferrovial.com\/es\/#website\"},\"primaryImageOfPage\":{\"@id\":\"https:\/\/newsroom.ferrovial.com\/es\/noticias\/smart-city-expo-world-congress-2016\/#primaryimage\"},\"image\":{\"@id\":\"https:\/\/newsroom.ferrovial.com\/es\/noticias\/smart-city-expo-world-congress-2016\/#primaryimage\"},\"thumbnailUrl\":\"https:\/\/static.newsroom.ferrovial.com\/wp-content\/uploads\/2018\/07\/15153337\/sheffield-smart-lab.jpg\",\"datePublished\":\"2016-11-15T00:00:00+00:00\",\"dateModified\":\"2022-12-21T08:54:07+00:00\",\"description\":\"Sala de prensa Ferrovial | \u00daltimas noticias\",\"breadcrumb\":{\"@id\":\"https:\/\/newsroom.ferrovial.com\/es\/noticias\/smart-city-expo-world-congress-2016\/#breadcrumb\"},\"inLanguage\":\"es\",\"potentialAction\":[{\"@type\":\"ReadAction\",\"target\":[\"https:\/\/newsroom.ferrovial.com\/es\/noticias\/smart-city-expo-world-congress-2016\/\"]}]},{\"@type\":\"ImageObject\",\"inLanguage\":\"es\",\"@id\":\"https:\/\/newsroom.ferrovial.com\/es\/noticias\/smart-city-expo-world-congress-2016\/#primaryimage\",\"url\":\"https:\/\/static.newsroom.ferrovial.com\/wp-content\/uploads\/2018\/07\/15153337\/sheffield-smart-lab.jpg\",\"contentUrl\":\"https:\/\/static.newsroom.ferrovial.com\/wp-content\/uploads\/2018\/07\/15153337\/sheffield-smart-lab.jpg\",\"width\":5694,\"height\":3822,\"caption\":\"sheffield smart lab urban innovation\"},{\"@type\":\"BreadcrumbList\",\"@id\":\"https:\/\/newsroom.ferrovial.com\/es\/noticias\/smart-city-expo-world-congress-2016\/#breadcrumb\",\"itemListElement\":[{\"@type\":\"ListItem\",\"position\":1,\"name\":\"Portada\",\"item\":\"https:\/\/newsroom.ferrovial.com\/es\/\"},{\"@type\":\"ListItem\",\"position\":2,\"name\":\"Ferrovial Servicios participa en el Smart City Expo World Congress 2016\"}]},{\"@type\":\"WebSite\",\"@id\":\"https:\/\/newsroom.ferrovial.com\/es\/#website\",\"url\":\"https:\/\/newsroom.ferrovial.com\/es\/\",\"name\":\"Sala de prensa Ferrovial | \u00daltimas noticias\",\"description\":\"Sala de prensa Ferrovial | \u00daltimas noticias\",\"publisher\":{\"@id\":\"https:\/\/newsroom.ferrovial.com\/es\/#organization\"},\"potentialAction\":[{\"@type\":\"SearchAction\",\"target\":{\"@type\":\"EntryPoint\",\"urlTemplate\":\"https:\/\/newsroom.ferrovial.com\/es\/?s={search_term_string}\"},\"query-input\":{\"@type\":\"PropertyValueSpecification\",\"valueRequired\":true,\"valueName\":\"search_term_string\"}}],\"inLanguage\":\"es\"},{\"@type\":\"Organization\",\"@id\":\"https:\/\/newsroom.ferrovial.com\/es\/#organization\",\"name\":\"Ferrovial S.A.\",\"url\":\"https:\/\/newsroom.ferrovial.com\/es\/\",\"logo\":{\"@type\":\"ImageObject\",\"inLanguage\":\"es\",\"@id\":\"https:\/\/newsroom.ferrovial.com\/es\/#\/schema\/logo\/image\/\",\"url\":\"https:\/\/static.newsroom.ferrovial.com\/wp-content\/uploads\/2018\/07\/15145720\/Ferrovial_Logotipo1.jpg\",\"contentUrl\":\"https:\/\/static.newsroom.ferrovial.com\/wp-content\/uploads\/2018\/07\/15145720\/Ferrovial_Logotipo1.jpg\",\"width\":600,\"height\":300,\"caption\":\"Ferrovial S.A.\"},\"image\":{\"@id\":\"https:\/\/newsroom.ferrovial.com\/es\/#\/schema\/logo\/image\/\"},\"sameAs\":[\"https:\/\/www.facebook.com\/ferrovial\",\"https:\/\/x.com\/ferrovial\",\"https:\/\/www.instagram.com\/ferrovial\/\",\"https:\/\/www.linkedin.com\/company\/ferrovial\",\"https:\/\/www.pinterest.es\/ferrovial\/\",\"https:\/\/www.youtube.com\/ferrovial\",\"https:\/\/en.wikipedia.org\/wiki\/Ferrovial\"]}]}<\/script>","yoast_head_json":{"title":"Ferrovial Servicios participa en el Smart City Expo World Congress 2016 Sala de prensa Ferrovial | \u00daltimas noticias","description":"Sala de prensa Ferrovial | \u00daltimas noticias","robots":{"index":"index","follow":"follow","max-snippet":"max-snippet:-1","max-image-preview":"max-image-preview:large","max-video-preview":"max-video-preview:-1"},"canonical":"https:\/\/newsroom.ferrovial.com\/es\/noticias\/smart-city-expo-world-congress-2016\/","og_locale":"es_ES","og_type":"article","og_title":"Ferrovial Servicios participa en el Smart City Expo World Congress 2016 Sala de prensa Ferrovial | \u00daltimas noticias","og_description":"Sala de prensa Ferrovial | \u00daltimas noticias","og_url":"https:\/\/newsroom.ferrovial.com\/es\/noticias\/smart-city-expo-world-congress-2016\/","og_site_name":"Sala de prensa Ferrovial | \u00daltimas noticias","article_publisher":"https:\/\/www.facebook.com\/ferrovial","article_modified_time":"2022-12-21T08:54:07+00:00","og_image":[{"width":5694,"height":3822,"url":"https:\/\/newsroom.ferrovial.com\/wp-content\/uploads\/sites\/4\/2018\/07\/sheffield-smart-lab.jpg","type":"image\/jpeg"}],"twitter_card":"summary_large_image","twitter_site":"@ferrovial","schema":{"@context":"https:\/\/schema.org","@graph":[{"@type":"WebPage","@id":"https:\/\/newsroom.ferrovial.com\/es\/noticias\/smart-city-expo-world-congress-2016\/","url":"https:\/\/newsroom.ferrovial.com\/es\/noticias\/smart-city-expo-world-congress-2016\/","name":"Ferrovial Servicios participa en el Smart City Expo World Congress 2016 Sala de prensa Ferrovial | \u00daltimas noticias","isPartOf":{"@id":"https:\/\/newsroom.ferrovial.com\/es\/#website"},"primaryImageOfPage":{"@id":"https:\/\/newsroom.ferrovial.com\/es\/noticias\/smart-city-expo-world-congress-2016\/#primaryimage"},"image":{"@id":"https:\/\/newsroom.ferrovial.com\/es\/noticias\/smart-city-expo-world-congress-2016\/#primaryimage"},"thumbnailUrl":"https:\/\/static.newsroom.ferrovial.com\/wp-content\/uploads\/2018\/07\/15153337\/sheffield-smart-lab.jpg","datePublished":"2016-11-15T00:00:00+00:00","dateModified":"2022-12-21T08:54:07+00:00","description":"Sala de prensa Ferrovial | \u00daltimas noticias","breadcrumb":{"@id":"https:\/\/newsroom.ferrovial.com\/es\/noticias\/smart-city-expo-world-congress-2016\/#breadcrumb"},"inLanguage":"es","potentialAction":[{"@type":"ReadAction","target":["https:\/\/newsroom.ferrovial.com\/es\/noticias\/smart-city-expo-world-congress-2016\/"]}]},{"@type":"ImageObject","inLanguage":"es","@id":"https:\/\/newsroom.ferrovial.com\/es\/noticias\/smart-city-expo-world-congress-2016\/#primaryimage","url":"https:\/\/static.newsroom.ferrovial.com\/wp-content\/uploads\/2018\/07\/15153337\/sheffield-smart-lab.jpg","contentUrl":"https:\/\/static.newsroom.ferrovial.com\/wp-content\/uploads\/2018\/07\/15153337\/sheffield-smart-lab.jpg","width":5694,"height":3822,"caption":"sheffield smart lab urban innovation"},{"@type":"BreadcrumbList","@id":"https:\/\/newsroom.ferrovial.com\/es\/noticias\/smart-city-expo-world-congress-2016\/#breadcrumb","itemListElement":[{"@type":"ListItem","position":1,"name":"Portada","item":"https:\/\/newsroom.ferrovial.com\/es\/"},{"@type":"ListItem","position":2,"name":"Ferrovial Servicios participa en el Smart City Expo World Congress 2016"}]},{"@type":"WebSite","@id":"https:\/\/newsroom.ferrovial.com\/es\/#website","url":"https:\/\/newsroom.ferrovial.com\/es\/","name":"Sala de prensa Ferrovial | \u00daltimas noticias","description":"Sala de prensa Ferrovial | \u00daltimas noticias","publisher":{"@id":"https:\/\/newsroom.ferrovial.com\/es\/#organization"},"potentialAction":[{"@type":"SearchAction","target":{"@type":"EntryPoint","urlTemplate":"https:\/\/newsroom.ferrovial.com\/es\/?s={search_term_string}"},"query-input":{"@type":"PropertyValueSpecification","valueRequired":true,"valueName":"search_term_string"}}],"inLanguage":"es"},{"@type":"Organization","@id":"https:\/\/newsroom.ferrovial.com\/es\/#organization","name":"Ferrovial S.A.","url":"https:\/\/newsroom.ferrovial.com\/es\/","logo":{"@type":"ImageObject","inLanguage":"es","@id":"https:\/\/newsroom.ferrovial.com\/es\/#\/schema\/logo\/image\/","url":"https:\/\/static.newsroom.ferrovial.com\/wp-content\/uploads\/2018\/07\/15145720\/Ferrovial_Logotipo1.jpg","contentUrl":"https:\/\/static.newsroom.ferrovial.com\/wp-content\/uploads\/2018\/07\/15145720\/Ferrovial_Logotipo1.jpg","width":600,"height":300,"caption":"Ferrovial S.A."},"image":{"@id":"https:\/\/newsroom.ferrovial.com\/es\/#\/schema\/logo\/image\/"},"sameAs":["https:\/\/www.facebook.com\/ferrovial","https:\/\/x.com\/ferrovial","https:\/\/www.instagram.com\/ferrovial\/","https:\/\/www.linkedin.com\/company\/ferrovial","https:\/\/www.pinterest.es\/ferrovial\/","https:\/\/www.youtube.com\/ferrovial","https:\/\/en.wikipedia.org\/wiki\/Ferrovial"]}]}},"_links":{"self":[{"href":"https:\/\/newsroom.ferrovial.com\/es\/wp-json\/wp\/v2\/new\/3951","targetHints":{"allow":["GET"]}}],"collection":[{"href":"https:\/\/newsroom.ferrovial.com\/es\/wp-json\/wp\/v2\/new"}],"about":[{"href":"https:\/\/newsroom.ferrovial.com\/es\/wp-json\/wp\/v2\/types\/new"}],"replies":[{"embeddable":true,"href":"https:\/\/newsroom.ferrovial.com\/es\/wp-json\/wp\/v2\/comments?post=3951"}],"version-history":[{"count":2,"href":"https:\/\/newsroom.ferrovial.com\/es\/wp-json\/wp\/v2\/new\/3951\/revisions"}],"predecessor-version":[{"id":117347,"href":"https:\/\/newsroom.ferrovial.com\/es\/wp-json\/wp\/v2\/new\/3951\/revisions\/117347"}],"wp:featuredmedia":[{"embeddable":true,"href":"https:\/\/newsroom.ferrovial.com\/es\/wp-json\/wp\/v2\/media\/3952"}],"wp:attachment":[{"href":"https:\/\/newsroom.ferrovial.com\/es\/wp-json\/wp\/v2\/media?parent=3951"}],"wp:term":[{"taxonomy":"nivel-2","embeddable":true,"href":"https:\/\/newsroom.ferrovial.com\/es\/wp-json\/wp\/v2\/nivel-2?post=3951"},{"taxonomy":"nivel-5","embeddable":true,"href":"https:\/\/newsroom.ferrovial.com\/es\/wp-json\/wp\/v2\/nivel-5?post=3951"},{"taxonomy":"nivel-1","embeddable":true,"href":"https:\/\/newsroom.ferrovial.com\/es\/wp-json\/wp\/v2\/nivel-1?post=3951"},{"taxonomy":"nivel-3","embeddable":true,"href":"https:\/\/newsroom.ferrovial.com\/es\/wp-json\/wp\/v2\/nivel-3?post=3951"},{"taxonomy":"nivel-4","embeddable":true,"href":"https:\/\/newsroom.ferrovial.com\/es\/wp-json\/wp\/v2\/nivel-4?post=3951"}],"curies":[{"name":"wp","href":"https:\/\/api.w.org\/{rel}","templated":true}]}}