{"id":3955,"date":"2016-11-21T00:00:00","date_gmt":"2016-11-21T00:00:00","guid":{"rendered":"https:\/\/newsroom.ferrovial.com\/news\/eficiencia-energetica-alumbrado-publico-de-riveira\/"},"modified":"2022-12-21T09:48:53","modified_gmt":"2022-12-21T08:48:53","slug":"eficiencia-energetica-alumbrado-publico-de-riveira","status":"publish","type":"new","link":"https:\/\/newsroom.ferrovial.com\/es\/noticias\/eficiencia-energetica-alumbrado-publico-de-riveira\/","title":{"rendered":"Ferrovial Servicios mejora la eficiencia del alumbrado p\u00fablico de Riveira"},"content":{"rendered":"    <section class=\"wysiwyg text-editor \" id=\"\">\n        <div class=\"container container--narrow container--p-10\">\n            <p>Ferrovial Servicios ha sido seleccionada por el <a title=\"Ayuntamiento de Riveira\" href=\"http:\/\/www.riveira.es\/\" target=\"_blank\" rel=\"dofollow\">Ayuntamiento de Riveira,<\/a> en La Coru\u00f1a, para realizar el suministro energ\u00e9tico y la prestaci\u00f3n del servicio integral de la iluminaci\u00f3n p\u00fablica exterior del municipio. En este contrato de servicios energ\u00e9ticos se incluye la renovaci\u00f3n de las instalaciones de alumbrado p\u00fablico urbano y viario, para actualizarlas con tecnolog\u00eda LED y sistemas de telegesti\u00f3n punto a punto de \u00faltima generaci\u00f3n.<\/p>\n<h2><strong>8.600 nuevos puntos de luz y un avanzado sistema de telegesti\u00f3n<\/strong><\/h2>\n<p>En menos de seis meses, <a title=\"Ferrovial Servicios\" href=\"https:\/\/www.ferrovial.com\/es\/lineas-de-negocio\/ferrovial-servicios\/\" target=\"_blank\" rel=\"dofollow\">Ferrovial Servicios<\/a> ha sustituido por luminarias <strong>de tipo LED los 8.600 puntos de luz de descarga convencional de sodio, halogenuros y mercurio del Ayuntamiento de Riveira. <\/strong>Asimismo, en m\u00e1s de <strong>6.500 de estos puntos<\/strong> ha instalado un avanzado sistema de iluminaci\u00f3n inteligente que permite la telegesti\u00f3n punto a punto. De esta manera, se puede conocer en tiempo real el estado de las luminarias y su consumo, facilitando un control completo que permite establecer programas y niveles de regulaci\u00f3n en funci\u00f3n de las necesidades.<\/p>\n<h2><strong>M\u00faltiples beneficios gracias a la eficiencia energ\u00e9tica<\/strong><\/h2>\n<p>Entre los beneficios de la nueva iluminaci\u00f3n se encuentran los ahorros energ\u00e9ticos para el Ayuntamiento de Riveira. Ferrovial Servicios est\u00e1 cumpliendo con los objetivos y ya est\u00e1 consiguiendo unos ahorros energ\u00e9ticos superiores al 70%. Adem\u00e1s del ahorro energ\u00e9tico y econ\u00f3mico, la nueva iluminaci\u00f3n LED tiene ventajas como <strong>la mejora de la calidad de la iluminaci\u00f3n<\/strong> y de la <strong>apreciaci\u00f3n de los colores,<\/strong> que se traduce en una mayor sensaci\u00f3n de seguridad por parte de los ciudadanos.<\/p>\n<p>Por otro lado, el sistema de telegesti\u00f3n punto a punto ha reducido el n\u00famero de llamadas de avisos de incidencias en la iluminaci\u00f3n, ya que el sistema se encarga autom\u00e1ticamente de detectarlas y avisar antes de que lo hagan los vecinos,<strong> optimizando la gesti\u00f3n del alumbrado.<\/strong><\/p>\n<h3><strong>Ferrovial Servicios apuesta por la eficiencia energ\u00e9tica<\/strong><\/h3>\n<p>Esta adjudicaci\u00f3n se suma a la lista de contratos de mantenimiento de alumbrado p\u00fablico y eficiencia energ\u00e9tica que gestiona Ferrovial Servicios. Entre los m\u00e1s relevantes se encuentran el contrato de alumbrado de la ciudad de Madrid o los servicios energ\u00e9ticos de <a title=\"Torrej\u00f3n de Ardoz- Wikipedia\" href=\"https:\/\/es.wikipedia.org\/wiki\/Torrej%C3%B3n_de_Ardoz\" target=\"_blank\" rel=\"dofollow\">Torrej\u00f3n de Ardoz,<\/a> <a title=\"San Sebasti\u00e1n de los Reyes\" href=\"https:\/\/es.wikipedia.org\/wiki\/San_Sebasti%C3%A1n_de_los_Reyes\" target=\"_blank\" rel=\"dofollow\">San Sebasti\u00e1n de los Reyes <\/a>y<a title=\"Pozuelo de Alarc\u00f3n- Wikipedia\" href=\"https:\/\/es.wikipedia.org\/wiki\/Pozuelo_de_Alarc%C3%B3n\" target=\"_blank\" rel=\"dofollow\"> Pozuelo de Alarc\u00f3n, <\/a>entre otros.<\/p>\n        <\/div>\n    <\/section>\n","protected":false},"excerpt":{"rendered":"","protected":false},"featured_media":3956,"menu_order":0,"comment_status":"closed","ping_status":"closed","template":"","nivel-2":[912,2213,2215,957,2200,2234],"nivel-5":[],"nivel-1":[],"nivel-3":[1258],"nivel-4":[1801],"class_list":["post-3955","new","type-new","status-publish","has-post-thumbnail","hentry","nivel-2-alumbrado-publico","nivel-2-contratos","nivel-2-eficiencia-energetica","nivel-2-electricidad","nivel-2-innovacion","nivel-2-instalaciones","nivel-3-espana","nivel-4-galicia"],"acf":[],"yoast_head":"<title>Ferrovial Servicios mejora la eficiencia del alumbrado p\u00fablico de Riveira Sala de prensa Ferrovial | \u00daltimas noticias<\/title>\n<meta name=\"description\" content=\"Sala de prensa Ferrovial | \u00daltimas noticias\" \/>\n<meta name=\"robots\" content=\"index, follow, max-snippet:-1, max-image-preview:large, max-video-preview:-1\" \/>\n<link rel=\"canonical\" href=\"https:\/\/newsroom.ferrovial.com\/es\/noticias\/eficiencia-energetica-alumbrado-publico-de-riveira\/\" \/>\n<meta property=\"og:locale\" content=\"es_ES\" \/>\n<meta property=\"og:type\" content=\"article\" \/>\n<meta property=\"og:title\" content=\"Ferrovial Servicios mejora la eficiencia del alumbrado p\u00fablico de Riveira Sala de prensa Ferrovial | \u00daltimas noticias\" \/>\n<meta property=\"og:description\" content=\"Sala de prensa Ferrovial | \u00daltimas noticias\" \/>\n<meta property=\"og:url\" content=\"https:\/\/newsroom.ferrovial.com\/es\/noticias\/eficiencia-energetica-alumbrado-publico-de-riveira\/\" \/>\n<meta property=\"og:site_name\" content=\"Sala de prensa Ferrovial | \u00daltimas noticias\" \/>\n<meta property=\"article:publisher\" content=\"https:\/\/www.facebook.com\/ferrovial\" \/>\n<meta property=\"article:modified_time\" content=\"2022-12-21T08:48:53+00:00\" \/>\n<meta property=\"og:image\" content=\"https:\/\/newsroom.ferrovial.com\/wp-content\/uploads\/sites\/4\/2018\/07\/01_foto-10-despues_galeriay-e1479476476236.jpg\" \/>\n\t<meta property=\"og:image:width\" content=\"550\" \/>\n\t<meta property=\"og:image:height\" content=\"269\" \/>\n\t<meta property=\"og:image:type\" content=\"image\/jpeg\" \/>\n<meta name=\"twitter:card\" content=\"summary_large_image\" \/>\n<meta name=\"twitter:site\" content=\"@ferrovial\" \/>\n<script type=\"application\/ld+json\" class=\"yoast-schema-graph\">{\"@context\":\"https:\/\/schema.org\",\"@graph\":[{\"@type\":\"WebPage\",\"@id\":\"https:\/\/newsroom.ferrovial.com\/es\/noticias\/eficiencia-energetica-alumbrado-publico-de-riveira\/\",\"url\":\"https:\/\/newsroom.ferrovial.com\/es\/noticias\/eficiencia-energetica-alumbrado-publico-de-riveira\/\",\"name\":\"Ferrovial Servicios mejora la eficiencia del alumbrado p\u00fablico de Riveira Sala de prensa Ferrovial | \u00daltimas noticias\",\"isPartOf\":{\"@id\":\"https:\/\/newsroom.ferrovial.com\/es\/#website\"},\"primaryImageOfPage\":{\"@id\":\"https:\/\/newsroom.ferrovial.com\/es\/noticias\/eficiencia-energetica-alumbrado-publico-de-riveira\/#primaryimage\"},\"image\":{\"@id\":\"https:\/\/newsroom.ferrovial.com\/es\/noticias\/eficiencia-energetica-alumbrado-publico-de-riveira\/#primaryimage\"},\"thumbnailUrl\":\"https:\/\/static.newsroom.ferrovial.com\/wp-content\/uploads\/2018\/07\/15153336\/01_foto-10-despues_galeriay-e1479476476236.jpg\",\"datePublished\":\"2016-11-21T00:00:00+00:00\",\"dateModified\":\"2022-12-21T08:48:53+00:00\",\"description\":\"Sala de prensa Ferrovial | \u00daltimas noticias\",\"breadcrumb\":{\"@id\":\"https:\/\/newsroom.ferrovial.com\/es\/noticias\/eficiencia-energetica-alumbrado-publico-de-riveira\/#breadcrumb\"},\"inLanguage\":\"es\",\"potentialAction\":[{\"@type\":\"ReadAction\",\"target\":[\"https:\/\/newsroom.ferrovial.com\/es\/noticias\/eficiencia-energetica-alumbrado-publico-de-riveira\/\"]}]},{\"@type\":\"ImageObject\",\"inLanguage\":\"es\",\"@id\":\"https:\/\/newsroom.ferrovial.com\/es\/noticias\/eficiencia-energetica-alumbrado-publico-de-riveira\/#primaryimage\",\"url\":\"https:\/\/static.newsroom.ferrovial.com\/wp-content\/uploads\/2018\/07\/15153336\/01_foto-10-despues_galeriay-e1479476476236.jpg\",\"contentUrl\":\"https:\/\/static.newsroom.ferrovial.com\/wp-content\/uploads\/2018\/07\/15153336\/01_foto-10-despues_galeriay-e1479476476236.jpg\",\"width\":550,\"height\":269,\"caption\":\"Street lightning in Riveira\"},{\"@type\":\"BreadcrumbList\",\"@id\":\"https:\/\/newsroom.ferrovial.com\/es\/noticias\/eficiencia-energetica-alumbrado-publico-de-riveira\/#breadcrumb\",\"itemListElement\":[{\"@type\":\"ListItem\",\"position\":1,\"name\":\"Portada\",\"item\":\"https:\/\/newsroom.ferrovial.com\/es\/\"},{\"@type\":\"ListItem\",\"position\":2,\"name\":\"Ferrovial Servicios mejora la eficiencia del alumbrado p\u00fablico de Riveira\"}]},{\"@type\":\"WebSite\",\"@id\":\"https:\/\/newsroom.ferrovial.com\/es\/#website\",\"url\":\"https:\/\/newsroom.ferrovial.com\/es\/\",\"name\":\"Sala de prensa Ferrovial | \u00daltimas noticias\",\"description\":\"Sala de prensa Ferrovial | \u00daltimas noticias\",\"publisher\":{\"@id\":\"https:\/\/newsroom.ferrovial.com\/es\/#organization\"},\"potentialAction\":[{\"@type\":\"SearchAction\",\"target\":{\"@type\":\"EntryPoint\",\"urlTemplate\":\"https:\/\/newsroom.ferrovial.com\/es\/?s={search_term_string}\"},\"query-input\":{\"@type\":\"PropertyValueSpecification\",\"valueRequired\":true,\"valueName\":\"search_term_string\"}}],\"inLanguage\":\"es\"},{\"@type\":\"Organization\",\"@id\":\"https:\/\/newsroom.ferrovial.com\/es\/#organization\",\"name\":\"Ferrovial S.A.\",\"url\":\"https:\/\/newsroom.ferrovial.com\/es\/\",\"logo\":{\"@type\":\"ImageObject\",\"inLanguage\":\"es\",\"@id\":\"https:\/\/newsroom.ferrovial.com\/es\/#\/schema\/logo\/image\/\",\"url\":\"https:\/\/static.newsroom.ferrovial.com\/wp-content\/uploads\/2018\/07\/15145720\/Ferrovial_Logotipo1.jpg\",\"contentUrl\":\"https:\/\/static.newsroom.ferrovial.com\/wp-content\/uploads\/2018\/07\/15145720\/Ferrovial_Logotipo1.jpg\",\"width\":600,\"height\":300,\"caption\":\"Ferrovial S.A.\"},\"image\":{\"@id\":\"https:\/\/newsroom.ferrovial.com\/es\/#\/schema\/logo\/image\/\"},\"sameAs\":[\"https:\/\/www.facebook.com\/ferrovial\",\"https:\/\/x.com\/ferrovial\",\"https:\/\/www.instagram.com\/ferrovial\/\",\"https:\/\/www.linkedin.com\/company\/ferrovial\",\"https:\/\/www.pinterest.es\/ferrovial\/\",\"https:\/\/www.youtube.com\/ferrovial\",\"https:\/\/en.wikipedia.org\/wiki\/Ferrovial\"]}]}<\/script>","yoast_head_json":{"title":"Ferrovial Servicios mejora la eficiencia del alumbrado p\u00fablico de Riveira Sala de prensa Ferrovial | \u00daltimas noticias","description":"Sala de prensa Ferrovial | \u00daltimas noticias","robots":{"index":"index","follow":"follow","max-snippet":"max-snippet:-1","max-image-preview":"max-image-preview:large","max-video-preview":"max-video-preview:-1"},"canonical":"https:\/\/newsroom.ferrovial.com\/es\/noticias\/eficiencia-energetica-alumbrado-publico-de-riveira\/","og_locale":"es_ES","og_type":"article","og_title":"Ferrovial Servicios mejora la eficiencia del alumbrado p\u00fablico de Riveira Sala de prensa Ferrovial | \u00daltimas noticias","og_description":"Sala de prensa Ferrovial | \u00daltimas noticias","og_url":"https:\/\/newsroom.ferrovial.com\/es\/noticias\/eficiencia-energetica-alumbrado-publico-de-riveira\/","og_site_name":"Sala de prensa Ferrovial | \u00daltimas noticias","article_publisher":"https:\/\/www.facebook.com\/ferrovial","article_modified_time":"2022-12-21T08:48:53+00:00","og_image":[{"width":550,"height":269,"url":"https:\/\/newsroom.ferrovial.com\/wp-content\/uploads\/sites\/4\/2018\/07\/01_foto-10-despues_galeriay-e1479476476236.jpg","type":"image\/jpeg"}],"twitter_card":"summary_large_image","twitter_site":"@ferrovial","schema":{"@context":"https:\/\/schema.org","@graph":[{"@type":"WebPage","@id":"https:\/\/newsroom.ferrovial.com\/es\/noticias\/eficiencia-energetica-alumbrado-publico-de-riveira\/","url":"https:\/\/newsroom.ferrovial.com\/es\/noticias\/eficiencia-energetica-alumbrado-publico-de-riveira\/","name":"Ferrovial Servicios mejora la eficiencia del alumbrado p\u00fablico de Riveira Sala de prensa Ferrovial | \u00daltimas noticias","isPartOf":{"@id":"https:\/\/newsroom.ferrovial.com\/es\/#website"},"primaryImageOfPage":{"@id":"https:\/\/newsroom.ferrovial.com\/es\/noticias\/eficiencia-energetica-alumbrado-publico-de-riveira\/#primaryimage"},"image":{"@id":"https:\/\/newsroom.ferrovial.com\/es\/noticias\/eficiencia-energetica-alumbrado-publico-de-riveira\/#primaryimage"},"thumbnailUrl":"https:\/\/static.newsroom.ferrovial.com\/wp-content\/uploads\/2018\/07\/15153336\/01_foto-10-despues_galeriay-e1479476476236.jpg","datePublished":"2016-11-21T00:00:00+00:00","dateModified":"2022-12-21T08:48:53+00:00","description":"Sala de prensa Ferrovial | \u00daltimas noticias","breadcrumb":{"@id":"https:\/\/newsroom.ferrovial.com\/es\/noticias\/eficiencia-energetica-alumbrado-publico-de-riveira\/#breadcrumb"},"inLanguage":"es","potentialAction":[{"@type":"ReadAction","target":["https:\/\/newsroom.ferrovial.com\/es\/noticias\/eficiencia-energetica-alumbrado-publico-de-riveira\/"]}]},{"@type":"ImageObject","inLanguage":"es","@id":"https:\/\/newsroom.ferrovial.com\/es\/noticias\/eficiencia-energetica-alumbrado-publico-de-riveira\/#primaryimage","url":"https:\/\/static.newsroom.ferrovial.com\/wp-content\/uploads\/2018\/07\/15153336\/01_foto-10-despues_galeriay-e1479476476236.jpg","contentUrl":"https:\/\/static.newsroom.ferrovial.com\/wp-content\/uploads\/2018\/07\/15153336\/01_foto-10-despues_galeriay-e1479476476236.jpg","width":550,"height":269,"caption":"Street lightning in Riveira"},{"@type":"BreadcrumbList","@id":"https:\/\/newsroom.ferrovial.com\/es\/noticias\/eficiencia-energetica-alumbrado-publico-de-riveira\/#breadcrumb","itemListElement":[{"@type":"ListItem","position":1,"name":"Portada","item":"https:\/\/newsroom.ferrovial.com\/es\/"},{"@type":"ListItem","position":2,"name":"Ferrovial Servicios mejora la eficiencia del alumbrado p\u00fablico de Riveira"}]},{"@type":"WebSite","@id":"https:\/\/newsroom.ferrovial.com\/es\/#website","url":"https:\/\/newsroom.ferrovial.com\/es\/","name":"Sala de prensa Ferrovial | \u00daltimas noticias","description":"Sala de prensa Ferrovial | \u00daltimas noticias","publisher":{"@id":"https:\/\/newsroom.ferrovial.com\/es\/#organization"},"potentialAction":[{"@type":"SearchAction","target":{"@type":"EntryPoint","urlTemplate":"https:\/\/newsroom.ferrovial.com\/es\/?s={search_term_string}"},"query-input":{"@type":"PropertyValueSpecification","valueRequired":true,"valueName":"search_term_string"}}],"inLanguage":"es"},{"@type":"Organization","@id":"https:\/\/newsroom.ferrovial.com\/es\/#organization","name":"Ferrovial S.A.","url":"https:\/\/newsroom.ferrovial.com\/es\/","logo":{"@type":"ImageObject","inLanguage":"es","@id":"https:\/\/newsroom.ferrovial.com\/es\/#\/schema\/logo\/image\/","url":"https:\/\/static.newsroom.ferrovial.com\/wp-content\/uploads\/2018\/07\/15145720\/Ferrovial_Logotipo1.jpg","contentUrl":"https:\/\/static.newsroom.ferrovial.com\/wp-content\/uploads\/2018\/07\/15145720\/Ferrovial_Logotipo1.jpg","width":600,"height":300,"caption":"Ferrovial S.A."},"image":{"@id":"https:\/\/newsroom.ferrovial.com\/es\/#\/schema\/logo\/image\/"},"sameAs":["https:\/\/www.facebook.com\/ferrovial","https:\/\/x.com\/ferrovial","https:\/\/www.instagram.com\/ferrovial\/","https:\/\/www.linkedin.com\/company\/ferrovial","https:\/\/www.pinterest.es\/ferrovial\/","https:\/\/www.youtube.com\/ferrovial","https:\/\/en.wikipedia.org\/wiki\/Ferrovial"]}]}},"_links":{"self":[{"href":"https:\/\/newsroom.ferrovial.com\/es\/wp-json\/wp\/v2\/new\/3955","targetHints":{"allow":["GET"]}}],"collection":[{"href":"https:\/\/newsroom.ferrovial.com\/es\/wp-json\/wp\/v2\/new"}],"about":[{"href":"https:\/\/newsroom.ferrovial.com\/es\/wp-json\/wp\/v2\/types\/new"}],"replies":[{"embeddable":true,"href":"https:\/\/newsroom.ferrovial.com\/es\/wp-json\/wp\/v2\/comments?post=3955"}],"version-history":[{"count":1,"href":"https:\/\/newsroom.ferrovial.com\/es\/wp-json\/wp\/v2\/new\/3955\/revisions"}],"predecessor-version":[{"id":117326,"href":"https:\/\/newsroom.ferrovial.com\/es\/wp-json\/wp\/v2\/new\/3955\/revisions\/117326"}],"wp:featuredmedia":[{"embeddable":true,"href":"https:\/\/newsroom.ferrovial.com\/es\/wp-json\/wp\/v2\/media\/3956"}],"wp:attachment":[{"href":"https:\/\/newsroom.ferrovial.com\/es\/wp-json\/wp\/v2\/media?parent=3955"}],"wp:term":[{"taxonomy":"nivel-2","embeddable":true,"href":"https:\/\/newsroom.ferrovial.com\/es\/wp-json\/wp\/v2\/nivel-2?post=3955"},{"taxonomy":"nivel-5","embeddable":true,"href":"https:\/\/newsroom.ferrovial.com\/es\/wp-json\/wp\/v2\/nivel-5?post=3955"},{"taxonomy":"nivel-1","embeddable":true,"href":"https:\/\/newsroom.ferrovial.com\/es\/wp-json\/wp\/v2\/nivel-1?post=3955"},{"taxonomy":"nivel-3","embeddable":true,"href":"https:\/\/newsroom.ferrovial.com\/es\/wp-json\/wp\/v2\/nivel-3?post=3955"},{"taxonomy":"nivel-4","embeddable":true,"href":"https:\/\/newsroom.ferrovial.com\/es\/wp-json\/wp\/v2\/nivel-4?post=3955"}],"curies":[{"name":"wp","href":"https:\/\/api.w.org\/{rel}","templated":true}]}}