{"id":4098,"date":"2017-02-20T00:00:00","date_gmt":"2017-02-20T00:00:00","guid":{"rendered":"https:\/\/newsroom.ferrovial.com\/news\/transporte-sanitario-de-la-rioja\/"},"modified":"2022-12-21T09:43:22","modified_gmt":"2022-12-21T08:43:22","slug":"transporte-sanitario-de-la-rioja","status":"publish","type":"new","link":"https:\/\/newsroom.ferrovial.com\/es\/noticias\/transporte-sanitario-de-la-rioja\/","title":{"rendered":"Ferrovial Servicios gestionar\u00e1 el transporte sanitario de La Rioja"},"content":{"rendered":"    <section class=\"wysiwyg text-editor \" id=\"\">\n        <div class=\"container container--narrow container--p-10\">\n            <p><a title=\"La Consejer\u00eda de Salud de la Rioja-Larioja.org\" href=\"http:\/\/www.larioja.org\/ciudadanos\/es\/oficinas-registro\/direccion-horario\/consejeria-salud\" target=\"_blank\" rel=\"dofollow\">La Consejer\u00eda de Salud de La Rioja <\/a>ha adjudicado a <a title=\"Ferrovial Servicios\" href=\"https:\/\/www.ferrovial.com\/es\/lineas-de-negocio\/ferrovial-servicios\/\" target=\"_blank\" rel=\"dofollow\">Ferrovial Servicios<\/a>\u00a0 la prestaci\u00f3n del servicio de transporte sanitario terrestre de la comunidad, tanto urgente como general, durante cuatro a\u00f1os<strong>.<\/strong><\/p>\n<p>La Consejer\u00eda de Salud de La Rioja ha adjudicado a Ferrovial Servicios\u00a0 la prestaci\u00f3n del servicio de transporte sanitario terrestre de la comunidad, tanto urgente como general, durante cuatro a\u00f1os por 27 millones de euros.<\/p>\n<p>El nuevo contrato, que entrar\u00e1 en vigor el pr\u00f3ximo 1 de abril, se realizar\u00e1 con una flota de 67 veh\u00edculos. Como novedad, el servicio de urgencias 061-112 de la Comunidad dispondr\u00e1 del uso exclusivo de 18 veh\u00edculos (5 veh\u00edculos de soporte vital avanzado, 8 de soporte vital b\u00e1sico y 5 veh\u00edculos no asistenciales). Asimismo, los veh\u00edculos asistenciales de soporte vital b\u00e1sico deber\u00e1n realizar guardias presenciales durante 24 horas al d\u00eda en Logro\u00f1o y las cabeceras de comarca, mejorando con ello el tiempo de respuesta en atenci\u00f3n de urgencias.<\/p>\n<p>Ferrovial Servicios introducir\u00e1 mejoras en los nuevos veh\u00edculos en materia de seguridad y confort al paciente as\u00ed como f\u00e9rulas de tracci\u00f3n pedi\u00e1trica, para las ambulancias asistenciales de soporte vital avanzado, y un respirador para ventilaciones neonatales para las ambulancias asistenciales de soporte vital b\u00e1sico. Para las ambulancias no asistenciales, se dispondr\u00e1 de 8 sillas oruga, que permiten subir y bajar escaleras f\u00e1cilmente para los profesionales.<\/p>\n<p>Asimismo, la compa\u00f1\u00eda implantar\u00e1 un sistema de gesti\u00f3n que permitir\u00e1 incrementar la eficiencia de las rutas y las programaciones y un sistema de seguimiento de la calidad del servicio.\u00a0 Adem\u00e1s, se ha comprometido a reducir los tiempos de respuesta. Otro aspecto b\u00e1sico ser\u00e1 la formaci\u00f3n de los profesionales, especialmente en la atenci\u00f3n de pacientes sordomudos.<\/p>\n<p>Este contrato se suma al firmado recientemente con la Comunidad de Madrid para gestionar el transporte urgente de pacientes en la regi\u00f3n. Ferrovial tambi\u00e9n gestiona los centros de coordinaci\u00f3n de urgencias y emergencias sanitarias 112 en Arag\u00f3n, Murcia y Castilla La Macha; y 061 en Arag\u00f3n, Catalu\u00f1a y Castilla-La Mancha.<\/p>\n<h2><strong>Sobre Ferrovial<\/strong><\/h2>\n<p>Ferrovial es uno de los principales operadores globales de infraestructuras y gestores de servicios a ciudades, comprometido con el desarrollo de soluciones sostenibles. La compa\u00f1\u00eda cuenta con 97.000 empleados y presencia en una veintena de pa\u00edses. Sus \u00e1reas de actividad se centran en: Autopistas, Servicios, Construcci\u00f3n y Aeropuertos. La compa\u00f1\u00eda cotiza en el IBEX 35, forma parte de los <a title=\"\u00cdndices de Sostenibilidad de Ferrovial\" href=\"https:\/\/www.ferrovial.com\/es-es\/sostenibilidad\/rsc\/\" target=\"_blank\" rel=\"dofollow\"> \u00edndices de sostenibilidad <\/a>Dow Jones Sustainability Index y FTSE4Good, y aplica en todas sus operaciones los principios del Pacto Mundial de Naciones Unidas, suscritos por la compa\u00f1\u00eda en 2002.<\/p>\n<p>&nbsp;<\/p>\n        <\/div>\n    <\/section>\n","protected":false},"excerpt":{"rendered":"","protected":false},"featured_media":4099,"menu_order":0,"comment_status":"closed","ping_status":"closed","template":"","nivel-2":[2222],"nivel-5":[],"nivel-1":[],"nivel-3":[1258],"nivel-4":[1807],"class_list":["post-4098","new","type-new","status-publish","has-post-thumbnail","hentry","nivel-2-movilidad","nivel-3-espana","nivel-4-la-rioja"],"acf":[],"yoast_head":"<title>Ferrovial Servicios gestionar\u00e1 el transporte sanitario de La Rioja Sala de prensa Ferrovial | \u00daltimas noticias<\/title>\n<meta name=\"description\" content=\"Sala de prensa Ferrovial | \u00daltimas noticias\" \/>\n<meta name=\"robots\" content=\"index, follow, max-snippet:-1, max-image-preview:large, max-video-preview:-1\" \/>\n<link rel=\"canonical\" href=\"https:\/\/newsroom.ferrovial.com\/es\/noticias\/transporte-sanitario-de-la-rioja\/\" \/>\n<meta property=\"og:locale\" content=\"es_ES\" \/>\n<meta property=\"og:type\" content=\"article\" \/>\n<meta property=\"og:title\" content=\"Ferrovial Servicios gestionar\u00e1 el transporte sanitario de La Rioja Sala de prensa Ferrovial | \u00daltimas noticias\" \/>\n<meta property=\"og:description\" content=\"Sala de prensa Ferrovial | \u00daltimas noticias\" \/>\n<meta property=\"og:url\" content=\"https:\/\/newsroom.ferrovial.com\/es\/noticias\/transporte-sanitario-de-la-rioja\/\" \/>\n<meta property=\"og:site_name\" content=\"Sala de prensa Ferrovial | \u00daltimas noticias\" \/>\n<meta property=\"article:publisher\" content=\"https:\/\/www.facebook.com\/ferrovial\" \/>\n<meta property=\"article:modified_time\" content=\"2022-12-21T08:43:22+00:00\" \/>\n<meta property=\"og:image\" content=\"https:\/\/newsroom.ferrovial.com\/wp-content\/uploads\/sites\/4\/2018\/07\/ferrovial-servicios-transporte-sanitario-la-rioja.jpg\" \/>\n\t<meta property=\"og:image:width\" content=\"569\" \/>\n\t<meta property=\"og:image:height\" content=\"379\" \/>\n\t<meta property=\"og:image:type\" content=\"image\/jpeg\" \/>\n<meta name=\"twitter:card\" content=\"summary_large_image\" \/>\n<meta name=\"twitter:site\" content=\"@ferrovial\" \/>\n<script type=\"application\/ld+json\" class=\"yoast-schema-graph\">{\"@context\":\"https:\/\/schema.org\",\"@graph\":[{\"@type\":\"WebPage\",\"@id\":\"https:\/\/newsroom.ferrovial.com\/es\/noticias\/transporte-sanitario-de-la-rioja\/\",\"url\":\"https:\/\/newsroom.ferrovial.com\/es\/noticias\/transporte-sanitario-de-la-rioja\/\",\"name\":\"Ferrovial Servicios gestionar\u00e1 el transporte sanitario de La Rioja Sala de prensa Ferrovial | \u00daltimas noticias\",\"isPartOf\":{\"@id\":\"https:\/\/newsroom.ferrovial.com\/es\/#website\"},\"primaryImageOfPage\":{\"@id\":\"https:\/\/newsroom.ferrovial.com\/es\/noticias\/transporte-sanitario-de-la-rioja\/#primaryimage\"},\"image\":{\"@id\":\"https:\/\/newsroom.ferrovial.com\/es\/noticias\/transporte-sanitario-de-la-rioja\/#primaryimage\"},\"thumbnailUrl\":\"https:\/\/static.newsroom.ferrovial.com\/wp-content\/uploads\/2018\/07\/15151018\/ferrovial-servicios-transporte-sanitario-la-rioja.jpg\",\"datePublished\":\"2017-02-20T00:00:00+00:00\",\"dateModified\":\"2022-12-21T08:43:22+00:00\",\"description\":\"Sala de prensa Ferrovial | \u00daltimas noticias\",\"breadcrumb\":{\"@id\":\"https:\/\/newsroom.ferrovial.com\/es\/noticias\/transporte-sanitario-de-la-rioja\/#breadcrumb\"},\"inLanguage\":\"es\",\"potentialAction\":[{\"@type\":\"ReadAction\",\"target\":[\"https:\/\/newsroom.ferrovial.com\/es\/noticias\/transporte-sanitario-de-la-rioja\/\"]}]},{\"@type\":\"ImageObject\",\"inLanguage\":\"es\",\"@id\":\"https:\/\/newsroom.ferrovial.com\/es\/noticias\/transporte-sanitario-de-la-rioja\/#primaryimage\",\"url\":\"https:\/\/static.newsroom.ferrovial.com\/wp-content\/uploads\/2018\/07\/15151018\/ferrovial-servicios-transporte-sanitario-la-rioja.jpg\",\"contentUrl\":\"https:\/\/static.newsroom.ferrovial.com\/wp-content\/uploads\/2018\/07\/15151018\/ferrovial-servicios-transporte-sanitario-la-rioja.jpg\",\"width\":569,\"height\":379,\"caption\":\"Ferrovial Servicios transporte sanitario en la Rioja\"},{\"@type\":\"BreadcrumbList\",\"@id\":\"https:\/\/newsroom.ferrovial.com\/es\/noticias\/transporte-sanitario-de-la-rioja\/#breadcrumb\",\"itemListElement\":[{\"@type\":\"ListItem\",\"position\":1,\"name\":\"Portada\",\"item\":\"https:\/\/newsroom.ferrovial.com\/es\/\"},{\"@type\":\"ListItem\",\"position\":2,\"name\":\"Ferrovial Servicios gestionar\u00e1 el transporte sanitario de La Rioja\"}]},{\"@type\":\"WebSite\",\"@id\":\"https:\/\/newsroom.ferrovial.com\/es\/#website\",\"url\":\"https:\/\/newsroom.ferrovial.com\/es\/\",\"name\":\"Sala de prensa Ferrovial | \u00daltimas noticias\",\"description\":\"Sala de prensa Ferrovial | \u00daltimas noticias\",\"publisher\":{\"@id\":\"https:\/\/newsroom.ferrovial.com\/es\/#organization\"},\"potentialAction\":[{\"@type\":\"SearchAction\",\"target\":{\"@type\":\"EntryPoint\",\"urlTemplate\":\"https:\/\/newsroom.ferrovial.com\/es\/?s={search_term_string}\"},\"query-input\":{\"@type\":\"PropertyValueSpecification\",\"valueRequired\":true,\"valueName\":\"search_term_string\"}}],\"inLanguage\":\"es\"},{\"@type\":\"Organization\",\"@id\":\"https:\/\/newsroom.ferrovial.com\/es\/#organization\",\"name\":\"Ferrovial S.A.\",\"url\":\"https:\/\/newsroom.ferrovial.com\/es\/\",\"logo\":{\"@type\":\"ImageObject\",\"inLanguage\":\"es\",\"@id\":\"https:\/\/newsroom.ferrovial.com\/es\/#\/schema\/logo\/image\/\",\"url\":\"https:\/\/static.newsroom.ferrovial.com\/wp-content\/uploads\/2018\/07\/15145720\/Ferrovial_Logotipo1.jpg\",\"contentUrl\":\"https:\/\/static.newsroom.ferrovial.com\/wp-content\/uploads\/2018\/07\/15145720\/Ferrovial_Logotipo1.jpg\",\"width\":600,\"height\":300,\"caption\":\"Ferrovial S.A.\"},\"image\":{\"@id\":\"https:\/\/newsroom.ferrovial.com\/es\/#\/schema\/logo\/image\/\"},\"sameAs\":[\"https:\/\/www.facebook.com\/ferrovial\",\"https:\/\/x.com\/ferrovial\",\"https:\/\/www.instagram.com\/ferrovial\/\",\"https:\/\/www.linkedin.com\/company\/ferrovial\",\"https:\/\/www.pinterest.es\/ferrovial\/\",\"https:\/\/www.youtube.com\/ferrovial\",\"https:\/\/en.wikipedia.org\/wiki\/Ferrovial\"]}]}<\/script>","yoast_head_json":{"title":"Ferrovial Servicios gestionar\u00e1 el transporte sanitario de La Rioja Sala de prensa Ferrovial | \u00daltimas noticias","description":"Sala de prensa Ferrovial | \u00daltimas noticias","robots":{"index":"index","follow":"follow","max-snippet":"max-snippet:-1","max-image-preview":"max-image-preview:large","max-video-preview":"max-video-preview:-1"},"canonical":"https:\/\/newsroom.ferrovial.com\/es\/noticias\/transporte-sanitario-de-la-rioja\/","og_locale":"es_ES","og_type":"article","og_title":"Ferrovial Servicios gestionar\u00e1 el transporte sanitario de La Rioja Sala de prensa Ferrovial | \u00daltimas noticias","og_description":"Sala de prensa Ferrovial | \u00daltimas noticias","og_url":"https:\/\/newsroom.ferrovial.com\/es\/noticias\/transporte-sanitario-de-la-rioja\/","og_site_name":"Sala de prensa Ferrovial | \u00daltimas noticias","article_publisher":"https:\/\/www.facebook.com\/ferrovial","article_modified_time":"2022-12-21T08:43:22+00:00","og_image":[{"width":569,"height":379,"url":"https:\/\/newsroom.ferrovial.com\/wp-content\/uploads\/sites\/4\/2018\/07\/ferrovial-servicios-transporte-sanitario-la-rioja.jpg","type":"image\/jpeg"}],"twitter_card":"summary_large_image","twitter_site":"@ferrovial","schema":{"@context":"https:\/\/schema.org","@graph":[{"@type":"WebPage","@id":"https:\/\/newsroom.ferrovial.com\/es\/noticias\/transporte-sanitario-de-la-rioja\/","url":"https:\/\/newsroom.ferrovial.com\/es\/noticias\/transporte-sanitario-de-la-rioja\/","name":"Ferrovial Servicios gestionar\u00e1 el transporte sanitario de La Rioja Sala de prensa Ferrovial | \u00daltimas noticias","isPartOf":{"@id":"https:\/\/newsroom.ferrovial.com\/es\/#website"},"primaryImageOfPage":{"@id":"https:\/\/newsroom.ferrovial.com\/es\/noticias\/transporte-sanitario-de-la-rioja\/#primaryimage"},"image":{"@id":"https:\/\/newsroom.ferrovial.com\/es\/noticias\/transporte-sanitario-de-la-rioja\/#primaryimage"},"thumbnailUrl":"https:\/\/static.newsroom.ferrovial.com\/wp-content\/uploads\/2018\/07\/15151018\/ferrovial-servicios-transporte-sanitario-la-rioja.jpg","datePublished":"2017-02-20T00:00:00+00:00","dateModified":"2022-12-21T08:43:22+00:00","description":"Sala de prensa Ferrovial | \u00daltimas noticias","breadcrumb":{"@id":"https:\/\/newsroom.ferrovial.com\/es\/noticias\/transporte-sanitario-de-la-rioja\/#breadcrumb"},"inLanguage":"es","potentialAction":[{"@type":"ReadAction","target":["https:\/\/newsroom.ferrovial.com\/es\/noticias\/transporte-sanitario-de-la-rioja\/"]}]},{"@type":"ImageObject","inLanguage":"es","@id":"https:\/\/newsroom.ferrovial.com\/es\/noticias\/transporte-sanitario-de-la-rioja\/#primaryimage","url":"https:\/\/static.newsroom.ferrovial.com\/wp-content\/uploads\/2018\/07\/15151018\/ferrovial-servicios-transporte-sanitario-la-rioja.jpg","contentUrl":"https:\/\/static.newsroom.ferrovial.com\/wp-content\/uploads\/2018\/07\/15151018\/ferrovial-servicios-transporte-sanitario-la-rioja.jpg","width":569,"height":379,"caption":"Ferrovial Servicios transporte sanitario en la Rioja"},{"@type":"BreadcrumbList","@id":"https:\/\/newsroom.ferrovial.com\/es\/noticias\/transporte-sanitario-de-la-rioja\/#breadcrumb","itemListElement":[{"@type":"ListItem","position":1,"name":"Portada","item":"https:\/\/newsroom.ferrovial.com\/es\/"},{"@type":"ListItem","position":2,"name":"Ferrovial Servicios gestionar\u00e1 el transporte sanitario de La Rioja"}]},{"@type":"WebSite","@id":"https:\/\/newsroom.ferrovial.com\/es\/#website","url":"https:\/\/newsroom.ferrovial.com\/es\/","name":"Sala de prensa Ferrovial | \u00daltimas noticias","description":"Sala de prensa Ferrovial | \u00daltimas noticias","publisher":{"@id":"https:\/\/newsroom.ferrovial.com\/es\/#organization"},"potentialAction":[{"@type":"SearchAction","target":{"@type":"EntryPoint","urlTemplate":"https:\/\/newsroom.ferrovial.com\/es\/?s={search_term_string}"},"query-input":{"@type":"PropertyValueSpecification","valueRequired":true,"valueName":"search_term_string"}}],"inLanguage":"es"},{"@type":"Organization","@id":"https:\/\/newsroom.ferrovial.com\/es\/#organization","name":"Ferrovial S.A.","url":"https:\/\/newsroom.ferrovial.com\/es\/","logo":{"@type":"ImageObject","inLanguage":"es","@id":"https:\/\/newsroom.ferrovial.com\/es\/#\/schema\/logo\/image\/","url":"https:\/\/static.newsroom.ferrovial.com\/wp-content\/uploads\/2018\/07\/15145720\/Ferrovial_Logotipo1.jpg","contentUrl":"https:\/\/static.newsroom.ferrovial.com\/wp-content\/uploads\/2018\/07\/15145720\/Ferrovial_Logotipo1.jpg","width":600,"height":300,"caption":"Ferrovial S.A."},"image":{"@id":"https:\/\/newsroom.ferrovial.com\/es\/#\/schema\/logo\/image\/"},"sameAs":["https:\/\/www.facebook.com\/ferrovial","https:\/\/x.com\/ferrovial","https:\/\/www.instagram.com\/ferrovial\/","https:\/\/www.linkedin.com\/company\/ferrovial","https:\/\/www.pinterest.es\/ferrovial\/","https:\/\/www.youtube.com\/ferrovial","https:\/\/en.wikipedia.org\/wiki\/Ferrovial"]}]}},"_links":{"self":[{"href":"https:\/\/newsroom.ferrovial.com\/es\/wp-json\/wp\/v2\/new\/4098","targetHints":{"allow":["GET"]}}],"collection":[{"href":"https:\/\/newsroom.ferrovial.com\/es\/wp-json\/wp\/v2\/new"}],"about":[{"href":"https:\/\/newsroom.ferrovial.com\/es\/wp-json\/wp\/v2\/types\/new"}],"replies":[{"embeddable":true,"href":"https:\/\/newsroom.ferrovial.com\/es\/wp-json\/wp\/v2\/comments?post=4098"}],"version-history":[{"count":1,"href":"https:\/\/newsroom.ferrovial.com\/es\/wp-json\/wp\/v2\/new\/4098\/revisions"}],"predecessor-version":[{"id":117236,"href":"https:\/\/newsroom.ferrovial.com\/es\/wp-json\/wp\/v2\/new\/4098\/revisions\/117236"}],"wp:featuredmedia":[{"embeddable":true,"href":"https:\/\/newsroom.ferrovial.com\/es\/wp-json\/wp\/v2\/media\/4099"}],"wp:attachment":[{"href":"https:\/\/newsroom.ferrovial.com\/es\/wp-json\/wp\/v2\/media?parent=4098"}],"wp:term":[{"taxonomy":"nivel-2","embeddable":true,"href":"https:\/\/newsroom.ferrovial.com\/es\/wp-json\/wp\/v2\/nivel-2?post=4098"},{"taxonomy":"nivel-5","embeddable":true,"href":"https:\/\/newsroom.ferrovial.com\/es\/wp-json\/wp\/v2\/nivel-5?post=4098"},{"taxonomy":"nivel-1","embeddable":true,"href":"https:\/\/newsroom.ferrovial.com\/es\/wp-json\/wp\/v2\/nivel-1?post=4098"},{"taxonomy":"nivel-3","embeddable":true,"href":"https:\/\/newsroom.ferrovial.com\/es\/wp-json\/wp\/v2\/nivel-3?post=4098"},{"taxonomy":"nivel-4","embeddable":true,"href":"https:\/\/newsroom.ferrovial.com\/es\/wp-json\/wp\/v2\/nivel-4?post=4098"}],"curies":[{"name":"wp","href":"https:\/\/api.w.org\/{rel}","templated":true}]}}