{"id":41735,"date":"2018-11-08T12:25:08","date_gmt":"2018-11-08T11:25:08","guid":{"rendered":"https:\/\/newsroom.ferrovial.com\/?post_type=new&#038;p=41735"},"modified":"2022-12-21T09:10:25","modified_gmt":"2022-12-21T08:10:25","slug":"ferrovial-en-s-moving-2018","status":"publish","type":"new","link":"https:\/\/newsroom.ferrovial.com\/es\/noticias\/ferrovial-en-s-moving-2018\/","title":{"rendered":"Ferrovial en S-MOVING 2018, el foro internacional de movilidad y veh\u00edculo aut\u00f3nomo celebrado en M\u00e1laga"},"content":{"rendered":"    <section class=\"wysiwyg text-editor \" id=\"\">\n        <div class=\"container container--narrow container--p-10\">\n            <p>Durante los d\u00edas 17 y 18 de octubre se celebr\u00f3 en el Palacio de Congresos y Exposiciones de M\u00e1laga la primera edici\u00f3n el Foro \u00abS-MOVING 2018\u00bb, concebido como un espacio de referencia para empresas, profesionales, entidades y administraciones p\u00fablicas de los<strong> sectores de los Veh\u00edculos Inteligentes, Aut\u00f3nomos y No Tripulados.<\/strong><\/p>\n<p><strong>El evento fue un punto encuentro para todos los agentes, p\u00fablicos y privados, involucrados en el desarrollo y aplicaci\u00f3n de tecnolog\u00edas innovadoras y sistemas aplicados a la movilidad inteligente aut\u00f3noma, conectada y no tripulada por tierra, mar, aire y espacio, con especial atenci\u00f3n a las infraestructuras asociadas a dicha Movilidad.<\/strong><\/p>\n<p><strong>Ferrovial Agroman present\u00f3 un stand donde exhibi\u00f3 los resultados del Proyecto <\/strong><strong>Tunnel Curiosity. Adem\u00e1s, Rafael Fando, <\/strong>director de la Fundaci\u00f3n Centro de Innovaci\u00f3n de Infraestructuras Inteligentes (Ci3), estuvo presente\u00a0en la <strong>Mesa Redonda sobre \u00abInfraestructuras Inteligentes\u00bb.<\/strong><\/p>\n<p><img loading=\"lazy\" decoding=\"async\" class=\"alignnone wp-image-41736 size-L\" src=\"https:\/\/newsroom.ferrovial.com\/wp-content\/uploads\/sites\/4\/2018\/11\/mesa-redonda-innovacion-construccion-1024x576.jpg\" alt=\"mesa redonda de innovaci\u00f3n en la construcci\u00f3n de S Moving 2018\" width=\"1024\" height=\"576\" \/><\/p>\n<p><strong>Tunnel Curiosity<\/strong><\/p>\n<p>El proyecto <strong>Tunnel Curiosity <\/strong>consistente en un <strong>prototipo de cami\u00f3n no tripulado,<\/strong><strong>\u00a0<\/strong><strong>que permite llevar a cabo una inspecci<\/strong><strong>\u00f3<\/strong><strong>n r<\/strong><strong>\u00e1<\/strong><strong>pida, eficiente y exhaustiva de las condiciones de un t<\/strong><strong>\u00fa<\/strong><strong>nel ferroviario<\/strong>. El cami\u00f3n est\u00e1 habilitado para circular tanto por carretera\u00a0como por v\u00eda ferroviaria, ya que dispone de un segundo juego de ruedas de ferrocarril denominadas diploris, instaladas debjao del bastidor, que se despliegan cuando es necesario, de modo que puede\u00a0recorrer los tramos de v\u00eda f\u00e9rrea con seguridad y confort. Tiene adem\u00e1s toda clase de c\u00e1maras y sensores, iluminaci\u00f3n visible e infrarroja, para <strong>obtener las im\u00e1genes y procesarlas pr\u00e1cticamente en tiempo real, detectando de este modo cualquier fallo o irregularidad en la estructura<\/strong>, alineaci\u00f3n y dem\u00e1s elementos del t\u00fanel y de la v\u00eda, facilitando las tareas de mantenimiento y conservaci\u00f3n. El cami\u00f3n funciona en modo pr\u00e1cticamente aut\u00f3nomo, aunque por razones de seguridad se obliga a la presencia de un operador capaz de tomar control del veh\u00edculo en todo momento. Su operaci\u00f3n reduce un 80% el tiempo de inspecci\u00f3n, un 35% el tiempo de toma de decisiones y un 15% el mantenimiento correctivo de los t\u00faneles, garantizando la seguridad y mejorando la fiabilidad en el diagn\u00f3stico de patolog\u00edas.<\/p>\n<p><img loading=\"lazy\" decoding=\"async\" class=\"alignnone size-L wp-image-41740\" src=\"https:\/\/newsroom.ferrovial.com\/wp-content\/uploads\/sites\/4\/2018\/11\/tunnel-curiosity-adif-camion-1024x576.jpg\" alt=\"tunnel curiosity adif camion ferrovial\" width=\"1024\" height=\"576\" \/><\/p>\n<p>El proyecto, liderado por ADIF junto con Ferrovial Agroman, ha sido cofinanciado por la Comisi\u00f3n Europea dentro del programa FEDER INTERCONNECTA y en \u00e9l han participado la Universidad Polit\u00e9cnica de Valencia (UPV), el Centro de Estudios e Investigaciones T\u00e9cnicas (CEIT), la \u00a0Universidad de Vigo y las empresas ALSTHOM (fabricante del material m\u00f3vil), VIAS (instalador del equipamiento el\u00e9ctrico) y TINAMICA (desarrollo de software).<\/p>\n<p>Por otra parte, en la Mesa Redonda \u00abInfraestructuras Inteligentes\u00bb, moderada por el vicepresidente de AMETIC, se debatieron varios aspectos del papel de las infraestructuras de transporte ante el reto de los veh\u00edculos aut\u00f3nomos y los nuevos modos de movilidad.<\/p>\n        <\/div>\n    <\/section>\n    <section class=\"block-quote \" id=\"\">\n        <div class=\"container container--narrow container--p-10 block-quote__body\">\n            <blockquote class=\"block-quote__text\" aria-label=\"\">\n                La transici\u00f3n del veh\u00edculo con conductor al veh\u00edculo aut\u00f3nomo ser\u00e1 larga y el principal reto ser\u00e1 preparar las infraestructuras para que esa convivencia sea la mejor posible para los usuarios.            <\/blockquote>\n\n            <footer class=\"block-quote__footer\">\n                                    <p class=\"block-quote__author\" aria-label=\"\">\n                        <span class=\"block-quote__author-name\">Rafael Fando<\/span>\n                    <\/p>\n                                    <p class=\"block-quote__author-role\" aria-label=\"\">\n                        Director de la Fundaci\u00f3n Centro de Innovaci\u00f3n de Infraestructuras Inteligentes                    <\/p>\n                            <\/footer>\n        <\/div>\n    <\/section>\n    <section class=\"wysiwyg text-editor \" id=\"\">\n        <div class=\"container container--narrow container--p-10\">\n            <p>Junto a \u00e9l, en la mesa, participaban tambi\u00e9n representantes de la ingenier\u00eda INECO, la empresa ABB, la Autoridad Portuaria de Andaluc\u00eda y AENA (Aeropuertos del Estado),<\/p>\n<p>En este evento internacional de movilidad se encontraban fabricantes de autom\u00f3viles (Seat), aeronaves (Airbus), equipos y tecnolog\u00eda de comunicaciones (Samsung, Indra, GMV), universidades y centros de investigaci\u00f3n (UPM, UdS, UdMa, UPV, FADA, Tecnalia), agencias e instituciones p\u00fablicas (ADIF, RENFE, ESA, IDEA, DGT, AESA) asociaciones sectoriales (AMETIC, ANFAC, AUVSI o AERTEC) y otras entidades y empresas privadas.<\/p>\n        <\/div>\n    <\/section>\n","protected":false},"excerpt":{"rendered":"","protected":false},"featured_media":41738,"menu_order":0,"comment_status":"closed","ping_status":"closed","template":"","nivel-2":[2222],"nivel-5":[2149],"nivel-1":[],"nivel-3":[1258],"nivel-4":[1779],"class_list":["post-41735","new","type-new","status-publish","has-post-thumbnail","hentry","nivel-2-movilidad","nivel-5-ferrovial-construccion","nivel-3-espana","nivel-4-andalucia"],"acf":[],"yoast_head":"<title>Ferrovial en S-MOVING 2018, movilidad y veh\u00edculo aut\u00f3nomo<\/title>\n<meta name=\"description\" content=\"Ferrovial estuvo presente en la primera edici\u00f3n del evento sobre Veh\u00edculos Inteligentes, Aut\u00f3nomos y No Tripulados exponiendo.\" \/>\n<meta name=\"robots\" content=\"index, follow, max-snippet:-1, max-image-preview:large, max-video-preview:-1\" \/>\n<link rel=\"canonical\" href=\"https:\/\/newsroom.ferrovial.com\/es\/noticias\/ferrovial-en-s-moving-2018\/\" \/>\n<meta property=\"og:locale\" content=\"es_ES\" \/>\n<meta property=\"og:type\" content=\"article\" \/>\n<meta property=\"og:title\" content=\"Ferrovial en S-MOVING 2018, movilidad y veh\u00edculo aut\u00f3nomo\" \/>\n<meta property=\"og:description\" content=\"Ferrovial estuvo presente en la primera edici\u00f3n del evento sobre Veh\u00edculos Inteligentes, Aut\u00f3nomos y No Tripulados exponiendo.\" \/>\n<meta property=\"og:url\" content=\"https:\/\/newsroom.ferrovial.com\/es\/noticias\/ferrovial-en-s-moving-2018\/\" \/>\n<meta property=\"og:site_name\" content=\"Sala de prensa Ferrovial | \u00daltimas noticias\" \/>\n<meta property=\"article:publisher\" content=\"https:\/\/www.facebook.com\/ferrovial\" \/>\n<meta property=\"article:modified_time\" content=\"2022-12-21T08:10:25+00:00\" \/>\n<meta property=\"og:image\" content=\"https:\/\/newsroom.ferrovial.com\/wp-content\/uploads\/sites\/4\/2018\/11\/mesa-redonda-innovacion-construccion-2.jpg\" \/>\n\t<meta property=\"og:image:width\" content=\"1200\" \/>\n\t<meta property=\"og:image:height\" content=\"900\" \/>\n\t<meta property=\"og:image:type\" content=\"image\/jpeg\" \/>\n<meta name=\"twitter:card\" content=\"summary_large_image\" \/>\n<meta name=\"twitter:site\" content=\"@ferrovial\" \/>\n<script type=\"application\/ld+json\" class=\"yoast-schema-graph\">{\"@context\":\"https:\/\/schema.org\",\"@graph\":[{\"@type\":\"WebPage\",\"@id\":\"https:\/\/newsroom.ferrovial.com\/es\/noticias\/ferrovial-en-s-moving-2018\/\",\"url\":\"https:\/\/newsroom.ferrovial.com\/es\/noticias\/ferrovial-en-s-moving-2018\/\",\"name\":\"Ferrovial en S-MOVING 2018, movilidad y veh\u00edculo aut\u00f3nomo\",\"isPartOf\":{\"@id\":\"https:\/\/newsroom.ferrovial.com\/es\/#website\"},\"primaryImageOfPage\":{\"@id\":\"https:\/\/newsroom.ferrovial.com\/es\/noticias\/ferrovial-en-s-moving-2018\/#primaryimage\"},\"image\":{\"@id\":\"https:\/\/newsroom.ferrovial.com\/es\/noticias\/ferrovial-en-s-moving-2018\/#primaryimage\"},\"thumbnailUrl\":\"https:\/\/static.newsroom.ferrovial.com\/wp-content\/uploads\/2018\/11\/15152643\/mesa-redonda-innovacion-construccion-2.jpg\",\"datePublished\":\"2018-11-08T11:25:08+00:00\",\"dateModified\":\"2022-12-21T08:10:25+00:00\",\"description\":\"Ferrovial estuvo presente en la primera edici\u00f3n del evento sobre Veh\u00edculos Inteligentes, Aut\u00f3nomos y No Tripulados exponiendo.\",\"breadcrumb\":{\"@id\":\"https:\/\/newsroom.ferrovial.com\/es\/noticias\/ferrovial-en-s-moving-2018\/#breadcrumb\"},\"inLanguage\":\"es\",\"potentialAction\":[{\"@type\":\"ReadAction\",\"target\":[\"https:\/\/newsroom.ferrovial.com\/es\/noticias\/ferrovial-en-s-moving-2018\/\"]}]},{\"@type\":\"ImageObject\",\"inLanguage\":\"es\",\"@id\":\"https:\/\/newsroom.ferrovial.com\/es\/noticias\/ferrovial-en-s-moving-2018\/#primaryimage\",\"url\":\"https:\/\/static.newsroom.ferrovial.com\/wp-content\/uploads\/2018\/11\/15152643\/mesa-redonda-innovacion-construccion-2.jpg\",\"contentUrl\":\"https:\/\/static.newsroom.ferrovial.com\/wp-content\/uploads\/2018\/11\/15152643\/mesa-redonda-innovacion-construccion-2.jpg\",\"width\":1200,\"height\":900,\"caption\":\"mesa redonda innovaci\u00f3n construcci\u00f3n s moving\"},{\"@type\":\"BreadcrumbList\",\"@id\":\"https:\/\/newsroom.ferrovial.com\/es\/noticias\/ferrovial-en-s-moving-2018\/#breadcrumb\",\"itemListElement\":[{\"@type\":\"ListItem\",\"position\":1,\"name\":\"Portada\",\"item\":\"https:\/\/newsroom.ferrovial.com\/es\/\"},{\"@type\":\"ListItem\",\"position\":2,\"name\":\"Ferrovial en S-MOVING 2018, el foro internacional de movilidad y veh\u00edculo aut\u00f3nomo celebrado en M\u00e1laga\"}]},{\"@type\":\"WebSite\",\"@id\":\"https:\/\/newsroom.ferrovial.com\/es\/#website\",\"url\":\"https:\/\/newsroom.ferrovial.com\/es\/\",\"name\":\"Sala de prensa Ferrovial | \u00daltimas noticias\",\"description\":\"Sala de prensa Ferrovial | \u00daltimas noticias\",\"publisher\":{\"@id\":\"https:\/\/newsroom.ferrovial.com\/es\/#organization\"},\"potentialAction\":[{\"@type\":\"SearchAction\",\"target\":{\"@type\":\"EntryPoint\",\"urlTemplate\":\"https:\/\/newsroom.ferrovial.com\/es\/?s={search_term_string}\"},\"query-input\":{\"@type\":\"PropertyValueSpecification\",\"valueRequired\":true,\"valueName\":\"search_term_string\"}}],\"inLanguage\":\"es\"},{\"@type\":\"Organization\",\"@id\":\"https:\/\/newsroom.ferrovial.com\/es\/#organization\",\"name\":\"Ferrovial S.A.\",\"url\":\"https:\/\/newsroom.ferrovial.com\/es\/\",\"logo\":{\"@type\":\"ImageObject\",\"inLanguage\":\"es\",\"@id\":\"https:\/\/newsroom.ferrovial.com\/es\/#\/schema\/logo\/image\/\",\"url\":\"https:\/\/static.newsroom.ferrovial.com\/wp-content\/uploads\/2018\/07\/15145720\/Ferrovial_Logotipo1.jpg\",\"contentUrl\":\"https:\/\/static.newsroom.ferrovial.com\/wp-content\/uploads\/2018\/07\/15145720\/Ferrovial_Logotipo1.jpg\",\"width\":600,\"height\":300,\"caption\":\"Ferrovial S.A.\"},\"image\":{\"@id\":\"https:\/\/newsroom.ferrovial.com\/es\/#\/schema\/logo\/image\/\"},\"sameAs\":[\"https:\/\/www.facebook.com\/ferrovial\",\"https:\/\/x.com\/ferrovial\",\"https:\/\/www.instagram.com\/ferrovial\/\",\"https:\/\/www.linkedin.com\/company\/ferrovial\",\"https:\/\/www.pinterest.es\/ferrovial\/\",\"https:\/\/www.youtube.com\/ferrovial\",\"https:\/\/en.wikipedia.org\/wiki\/Ferrovial\"]}]}<\/script>","yoast_head_json":{"title":"Ferrovial en S-MOVING 2018, movilidad y veh\u00edculo aut\u00f3nomo","description":"Ferrovial estuvo presente en la primera edici\u00f3n del evento sobre Veh\u00edculos Inteligentes, Aut\u00f3nomos y No Tripulados exponiendo.","robots":{"index":"index","follow":"follow","max-snippet":"max-snippet:-1","max-image-preview":"max-image-preview:large","max-video-preview":"max-video-preview:-1"},"canonical":"https:\/\/newsroom.ferrovial.com\/es\/noticias\/ferrovial-en-s-moving-2018\/","og_locale":"es_ES","og_type":"article","og_title":"Ferrovial en S-MOVING 2018, movilidad y veh\u00edculo aut\u00f3nomo","og_description":"Ferrovial estuvo presente en la primera edici\u00f3n del evento sobre Veh\u00edculos Inteligentes, Aut\u00f3nomos y No Tripulados exponiendo.","og_url":"https:\/\/newsroom.ferrovial.com\/es\/noticias\/ferrovial-en-s-moving-2018\/","og_site_name":"Sala de prensa Ferrovial | \u00daltimas noticias","article_publisher":"https:\/\/www.facebook.com\/ferrovial","article_modified_time":"2022-12-21T08:10:25+00:00","og_image":[{"width":1200,"height":900,"url":"https:\/\/newsroom.ferrovial.com\/wp-content\/uploads\/sites\/4\/2018\/11\/mesa-redonda-innovacion-construccion-2.jpg","type":"image\/jpeg"}],"twitter_card":"summary_large_image","twitter_site":"@ferrovial","schema":{"@context":"https:\/\/schema.org","@graph":[{"@type":"WebPage","@id":"https:\/\/newsroom.ferrovial.com\/es\/noticias\/ferrovial-en-s-moving-2018\/","url":"https:\/\/newsroom.ferrovial.com\/es\/noticias\/ferrovial-en-s-moving-2018\/","name":"Ferrovial en S-MOVING 2018, movilidad y veh\u00edculo aut\u00f3nomo","isPartOf":{"@id":"https:\/\/newsroom.ferrovial.com\/es\/#website"},"primaryImageOfPage":{"@id":"https:\/\/newsroom.ferrovial.com\/es\/noticias\/ferrovial-en-s-moving-2018\/#primaryimage"},"image":{"@id":"https:\/\/newsroom.ferrovial.com\/es\/noticias\/ferrovial-en-s-moving-2018\/#primaryimage"},"thumbnailUrl":"https:\/\/static.newsroom.ferrovial.com\/wp-content\/uploads\/2018\/11\/15152643\/mesa-redonda-innovacion-construccion-2.jpg","datePublished":"2018-11-08T11:25:08+00:00","dateModified":"2022-12-21T08:10:25+00:00","description":"Ferrovial estuvo presente en la primera edici\u00f3n del evento sobre Veh\u00edculos Inteligentes, Aut\u00f3nomos y No Tripulados exponiendo.","breadcrumb":{"@id":"https:\/\/newsroom.ferrovial.com\/es\/noticias\/ferrovial-en-s-moving-2018\/#breadcrumb"},"inLanguage":"es","potentialAction":[{"@type":"ReadAction","target":["https:\/\/newsroom.ferrovial.com\/es\/noticias\/ferrovial-en-s-moving-2018\/"]}]},{"@type":"ImageObject","inLanguage":"es","@id":"https:\/\/newsroom.ferrovial.com\/es\/noticias\/ferrovial-en-s-moving-2018\/#primaryimage","url":"https:\/\/static.newsroom.ferrovial.com\/wp-content\/uploads\/2018\/11\/15152643\/mesa-redonda-innovacion-construccion-2.jpg","contentUrl":"https:\/\/static.newsroom.ferrovial.com\/wp-content\/uploads\/2018\/11\/15152643\/mesa-redonda-innovacion-construccion-2.jpg","width":1200,"height":900,"caption":"mesa redonda innovaci\u00f3n construcci\u00f3n s moving"},{"@type":"BreadcrumbList","@id":"https:\/\/newsroom.ferrovial.com\/es\/noticias\/ferrovial-en-s-moving-2018\/#breadcrumb","itemListElement":[{"@type":"ListItem","position":1,"name":"Portada","item":"https:\/\/newsroom.ferrovial.com\/es\/"},{"@type":"ListItem","position":2,"name":"Ferrovial en S-MOVING 2018, el foro internacional de movilidad y veh\u00edculo aut\u00f3nomo celebrado en M\u00e1laga"}]},{"@type":"WebSite","@id":"https:\/\/newsroom.ferrovial.com\/es\/#website","url":"https:\/\/newsroom.ferrovial.com\/es\/","name":"Sala de prensa Ferrovial | \u00daltimas noticias","description":"Sala de prensa Ferrovial | \u00daltimas noticias","publisher":{"@id":"https:\/\/newsroom.ferrovial.com\/es\/#organization"},"potentialAction":[{"@type":"SearchAction","target":{"@type":"EntryPoint","urlTemplate":"https:\/\/newsroom.ferrovial.com\/es\/?s={search_term_string}"},"query-input":{"@type":"PropertyValueSpecification","valueRequired":true,"valueName":"search_term_string"}}],"inLanguage":"es"},{"@type":"Organization","@id":"https:\/\/newsroom.ferrovial.com\/es\/#organization","name":"Ferrovial S.A.","url":"https:\/\/newsroom.ferrovial.com\/es\/","logo":{"@type":"ImageObject","inLanguage":"es","@id":"https:\/\/newsroom.ferrovial.com\/es\/#\/schema\/logo\/image\/","url":"https:\/\/static.newsroom.ferrovial.com\/wp-content\/uploads\/2018\/07\/15145720\/Ferrovial_Logotipo1.jpg","contentUrl":"https:\/\/static.newsroom.ferrovial.com\/wp-content\/uploads\/2018\/07\/15145720\/Ferrovial_Logotipo1.jpg","width":600,"height":300,"caption":"Ferrovial S.A."},"image":{"@id":"https:\/\/newsroom.ferrovial.com\/es\/#\/schema\/logo\/image\/"},"sameAs":["https:\/\/www.facebook.com\/ferrovial","https:\/\/x.com\/ferrovial","https:\/\/www.instagram.com\/ferrovial\/","https:\/\/www.linkedin.com\/company\/ferrovial","https:\/\/www.pinterest.es\/ferrovial\/","https:\/\/www.youtube.com\/ferrovial","https:\/\/en.wikipedia.org\/wiki\/Ferrovial"]}]}},"_links":{"self":[{"href":"https:\/\/newsroom.ferrovial.com\/es\/wp-json\/wp\/v2\/new\/41735","targetHints":{"allow":["GET"]}}],"collection":[{"href":"https:\/\/newsroom.ferrovial.com\/es\/wp-json\/wp\/v2\/new"}],"about":[{"href":"https:\/\/newsroom.ferrovial.com\/es\/wp-json\/wp\/v2\/types\/new"}],"replies":[{"embeddable":true,"href":"https:\/\/newsroom.ferrovial.com\/es\/wp-json\/wp\/v2\/comments?post=41735"}],"version-history":[{"count":1,"href":"https:\/\/newsroom.ferrovial.com\/es\/wp-json\/wp\/v2\/new\/41735\/revisions"}],"predecessor-version":[{"id":97844,"href":"https:\/\/newsroom.ferrovial.com\/es\/wp-json\/wp\/v2\/new\/41735\/revisions\/97844"}],"wp:featuredmedia":[{"embeddable":true,"href":"https:\/\/newsroom.ferrovial.com\/es\/wp-json\/wp\/v2\/media\/41738"}],"wp:attachment":[{"href":"https:\/\/newsroom.ferrovial.com\/es\/wp-json\/wp\/v2\/media?parent=41735"}],"wp:term":[{"taxonomy":"nivel-2","embeddable":true,"href":"https:\/\/newsroom.ferrovial.com\/es\/wp-json\/wp\/v2\/nivel-2?post=41735"},{"taxonomy":"nivel-5","embeddable":true,"href":"https:\/\/newsroom.ferrovial.com\/es\/wp-json\/wp\/v2\/nivel-5?post=41735"},{"taxonomy":"nivel-1","embeddable":true,"href":"https:\/\/newsroom.ferrovial.com\/es\/wp-json\/wp\/v2\/nivel-1?post=41735"},{"taxonomy":"nivel-3","embeddable":true,"href":"https:\/\/newsroom.ferrovial.com\/es\/wp-json\/wp\/v2\/nivel-3?post=41735"},{"taxonomy":"nivel-4","embeddable":true,"href":"https:\/\/newsroom.ferrovial.com\/es\/wp-json\/wp\/v2\/nivel-4?post=41735"}],"curies":[{"name":"wp","href":"https:\/\/api.w.org\/{rel}","templated":true}]}}