{"id":44552,"date":"2018-12-17T10:08:16","date_gmt":"2018-12-17T09:08:16","guid":{"rendered":"https:\/\/newsroom.ferrovial.com\/?post_type=new&#038;p=44552"},"modified":"2022-12-21T09:09:15","modified_gmt":"2022-12-21T08:09:15","slug":"budimex-hospital-psiquiatrico-polonia","status":"publish","type":"new","link":"https:\/\/newsroom.ferrovial.com\/es\/noticias\/budimex-hospital-psiquiatrico-polonia\/","title":{"rendered":"Budimex presenta el primer hospital psiqui\u00e1trico en la Polonia de posguerra"},"content":{"rendered":"    <section class=\"wysiwyg text-editor \" id=\"\">\n        <div class=\"container container--narrow container--p-10\">\n            <p>Para este proyecto, que fue financiado en parte por el gobierno de la provincia de <a href=\"https:\/\/es.wikipedia.org\/wiki\/Mazovia_(regi%C3%B3n)\" target=\"_blank\" rel=\"noopener\">Mazovian<\/a>, <a href=\"http:\/\/www.budimex.com.pl\/en\" target=\"_blank\" rel=\"noopener\">Budimex<\/a> ha implementado soluciones ecol\u00f3gicas con un dise\u00f1o moderno, cuidando los acabados hasta el m\u00e1s m\u00ednimo detalle. Se emplearon tres a\u00f1os en la ejecuci\u00f3n de este proyecto por valor de m\u00e1s de<strong> 104 millones de eslotis<\/strong>.<\/p>\n        <\/div>\n    <\/section>\n    <section class=\"block-quote \" id=\"\">\n        <div class=\"container container--narrow container--p-10 block-quote__body\">\n            <blockquote class=\"block-quote__text\" aria-label=\"\">\n                Nuestro proyecto es el primer hospital psiqui\u00e1trico de nueva construcci\u00f3n en la Polonia de posguerra, por lo que las expectativas eran muy altas. Creo que hemos logrado satisfacerlas, pues logramos construir la estructura del edificio en solo 180 d\u00edas. Otras etapas del proyecto abarcaron amplias obras de acabado. Es el hospital psiqui\u00e1trico m\u00e1s moderno de Polonia y uno de los m\u00e1s modernos en Europa            <\/blockquote>\n\n            <footer class=\"block-quote__footer\">\n                                    <p class=\"block-quote__author\" aria-label=\"\">\n                        <span class=\"block-quote__author-name\">Dariusz Blocher<\/span>\n                    <\/p>\n                                    <p class=\"block-quote__author-role\" aria-label=\"\">\n                        Presidente de Budimex S.A.                    <\/p>\n                            <\/footer>\n        <\/div>\n    <\/section>\n    <section class=\"wysiwyg text-editor \" id=\"\">\n        <div class=\"container container--narrow container--p-10\">\n            <h2><strong>Comienzo intensivo de las obras<\/strong><\/h2>\n<p>Las obras de construcci\u00f3n del Hospital Provincial de Mazovian Drewnica comenzaron el 24 de febrero de 2015. Hasta 400 personas han participado en ellas a lo largo de los tres a\u00f1os que ha durado su construcci\u00f3n. El edificio se compone de siete sectores, con una superficie total de<strong> 22.000 metros cuadrados<\/strong>. Incluir\u00e1 un moderno centro de rehabilitaci\u00f3n, con salas para que los pacientes participen en actividades musicales y motrices, salas terap\u00e9uticas, una cl\u00ednica y 300 camas. Lo importante es que los pacientes estar\u00e1n bajo el cuidado no solo de psiquiatras, sino tambi\u00e9n de especialistas en otros campos m\u00e9dicos como ginec\u00f3logos, ur\u00f3logos, oftalm\u00f3logos y neur\u00f3logos.<\/p>\n<p>Desde el principio, las obras se llevaron a cabo con un elevado nivel de calidad. Prueba de ello es el uso de columnas para reforzar los cimientos del edificio hasta cinco kil\u00f3metros. Hay muchas otras cifras impresionantes.<\/p>\n        <\/div>\n    <\/section>\n    <section class=\"block-quote \" id=\"\">\n        <div class=\"container container--narrow container--p-10 block-quote__body\">\n            <blockquote class=\"block-quote__text\" aria-label=\"\">\n                Para la construcci\u00f3n del Hospital Provincial de Mazovian Drewnica en Z\u0105bki fueron necesarios 25.000 metros c\u00fabicos de cemento solo para los elementos estructurales, 1.500 toneladas de acero de refuerzo y 500.000 ladrillos para las paredes.            <\/blockquote>\n\n            <footer class=\"block-quote__footer\">\n                                    <p class=\"block-quote__author\" aria-label=\"\">\n                        <span class=\"block-quote__author-name\">Piotr Kurowicki<\/span>\n                    <\/p>\n                                    <p class=\"block-quote__author-role\" aria-label=\"\">\n                        Director de contratos de Budimex                    <\/p>\n                            <\/footer>\n        <\/div>\n    <\/section>\n    <section class=\"wysiwyg text-editor \" id=\"\">\n        <div class=\"container container--narrow container--p-10\">\n            <p>Se tard\u00f3 medio a\u00f1o en construir la estructura del edificio, y al terminarla, Budimex pudo comenzar los trabajos de acabado.<\/p>\n<h2><strong>Suelos de granito y un dise\u00f1o moderno<\/strong><\/h2>\n<p>Las obras de acabado conllevaron la instalaci\u00f3n de sistemas sanitarios y el\u00e9ctricos, suelo especial y elementos para las paredes.<\/p>\n        <\/div>\n    <\/section>\n    <section class=\"block-quote \" id=\"\">\n        <div class=\"container container--narrow container--p-10 block-quote__body\">\n            <blockquote class=\"block-quote__text\" aria-label=\"\">\n                El hospital no solo es funcional y est\u00e1 perfectamente conectado, sino que cuenta con un dise\u00f1o muy moderno. Los suelos de granito y los acabados de cristal, el mobiliario adaptado y los equipos m\u00e9dicos de \u00faltima generaci\u00f3n contribuyen a que tanto el interior de esta instituci\u00f3n como su aspecto visual est\u00e9n al nivel europeo            <\/blockquote>\n\n            <footer class=\"block-quote__footer\">\n                                    <p class=\"block-quote__author\" aria-label=\"\">\n                        <span class=\"block-quote__author-name\">Dariusz Blocher<\/span>\n                    <\/p>\n                                    <p class=\"block-quote__author-role\" aria-label=\"\">\n                        Presidente de Budimex S.A.                    <\/p>\n                            <\/footer>\n        <\/div>\n    <\/section>\n    <section class=\"wysiwyg text-editor \" id=\"\">\n        <div class=\"container container--narrow container--p-10\">\n            <p>El edificio se complementa con un espacio exterior totalmente ajardinado, con <strong>10 hect\u00e1reas de zonas verdes<\/strong>. M\u00e1s de <strong>23.000 plantas<\/strong> adornan los senderos y avenidas, contribuyendo con sus flores a la terapia y relajaci\u00f3n de los pacientes, que tambi\u00e9n podr\u00e1n disfrutar del <strong>invernadero <\/strong>del hospital. Las instalaciones tambi\u00e9n cuentan con espacios y zonas para la integraci\u00f3n, la relajaci\u00f3n y las actividades deportivas, como una sala de ajedrez y otra de ping-pong. El principal punto de integraci\u00f3n es la p\u00e9rgola, donde pueden organizarse diferentes sesiones y reuniones.<\/p>\n<h2><strong>Inversi\u00f3n de naturaleza ecol\u00f3gica<\/strong><\/h2>\n<p>El hospital en Z\u0105bki tambi\u00e9n destaca por sus soluciones tecnol\u00f3gicas, que tienen como objetivo facilitar el trabajo del personal.<\/p>\n        <\/div>\n    <\/section>\n    <section class=\"block-quote \" id=\"\">\n        <div class=\"container container--narrow container--p-10 block-quote__body\">\n            <blockquote class=\"block-quote__text\" aria-label=\"\">\n                Un ejemplo es el sistema autom\u00e1tico de farmacia, que consiste en un m\u00f3dulo central y gabinetes descentralizados para facilitar el control y la distribuci\u00f3n de medicamentos en todo el hospital            <\/blockquote>\n\n            <footer class=\"block-quote__footer\">\n                                    <p class=\"block-quote__author\" aria-label=\"\">\n                        <span class=\"block-quote__author-name\">Piotr Kurowicki<\/span>\n                    <\/p>\n                                    <p class=\"block-quote__author-role\" aria-label=\"\">\n                        Director de contratos de Budimex                    <\/p>\n                            <\/footer>\n        <\/div>\n    <\/section>\n    <section class=\"wysiwyg text-editor \" id=\"\">\n        <div class=\"container container--narrow container--p-10\">\n            <p>La instituci\u00f3n emplea <strong>soluciones ecol\u00f3gicas<\/strong>: <strong>fuentes de energ\u00eda renovable <\/strong>en forma de sistemas de agua y aire, como <strong>bombas de calor <\/strong>y <strong>placas solares<\/strong>, contribuyen a reducir los costes de calentamiento del agua hasta en un 50 %.<\/p>\n        <\/div>\n    <\/section>\n    <section class=\"block-quote \" id=\"\">\n        <div class=\"container container--narrow container--p-10 block-quote__body\">\n            <blockquote class=\"block-quote__text\" aria-label=\"\">\n                La construcci\u00f3n de este hospital es otra inversi\u00f3n m\u00e1s en el sector m\u00e9dico de la cual hemos sido ampliamente responsables, desde las obras de construcci\u00f3n hasta el mobiliario. Son proyectos muy importantes para nosotros, pues aparte del desaf\u00edo que plantean, son muy necesarios. Satisfacen las necesidades de la poblaci\u00f3n de la regi\u00f3n, incluso a nivel nacional. Nos sentimos orgullosos del \u00e9xito obtenido y de haber creado un centro tan moderno            <\/blockquote>\n\n            <footer class=\"block-quote__footer\">\n                                    <p class=\"block-quote__author\" aria-label=\"\">\n                        <span class=\"block-quote__author-name\">Dariusz Blocher<\/span>\n                    <\/p>\n                                    <p class=\"block-quote__author-role\" aria-label=\"\">\n                        Presidente de Budimex S.A.                    <\/p>\n                            <\/footer>\n        <\/div>\n    <\/section>\n    <section class=\"wysiwyg text-editor \" id=\"\">\n        <div class=\"container container--narrow container--p-10\">\n            <p>El proyecto est\u00e1 valorado en m\u00e1s de 104 millones de eslotis, con 95 millones obtenidos de fondos de la UE y 13 millones del presupuesto estatal. El hospital es una de las mayores inversiones realizadas por el gobierno local de la provincia de Mazovian.<\/p>\n        <\/div>\n    <\/section>\n","protected":false},"excerpt":{"rendered":"<p>Budimex ha terminado la construcci\u00f3n del primer hospital psiqui\u00e1trico en la Polonia de la posguerra, contando con 300 camas y 22.000 metros cuadrados de superficie.<\/p>\n","protected":false},"featured_media":44575,"menu_order":0,"comment_status":"closed","ping_status":"closed","template":"","nivel-2":[2208,2209,987,1008,2206,2091,2240],"nivel-5":[1741],"nivel-1":[2168],"nivel-3":[1262],"nivel-4":[],"class_list":["post-44552","new","type-new","status-publish","has-post-thumbnail","hentry","nivel-2-diseno-e-ingenieria","nivel-2-edificacion","nivel-2-infraestructuras","nivel-2-obra-civil","nivel-2-obras","nivel-2-proyectos","nivel-2-seguridad-y-salud","nivel-5-budimex","nivel-1-construccion","nivel-3-polonia"],"acf":[],"yoast_head":"<title>Budimex y el hospital psiqui\u00e1trico en la Polonia de posguerra<\/title>\n<meta name=\"description\" content=\"Budimex ha terminado la construcci\u00f3n del primer hospital psiqui\u00e1trico en la Polonia de la posguerra, contando con 300 camas y 22.000 metros cuadrados.\" \/>\n<meta name=\"robots\" content=\"index, follow, max-snippet:-1, max-image-preview:large, max-video-preview:-1\" \/>\n<link rel=\"canonical\" href=\"https:\/\/newsroom.ferrovial.com\/es\/noticias\/budimex-hospital-psiquiatrico-polonia\/\" \/>\n<meta property=\"og:locale\" content=\"es_ES\" \/>\n<meta property=\"og:type\" content=\"article\" \/>\n<meta property=\"og:title\" content=\"Budimex y el hospital psiqui\u00e1trico en la Polonia de posguerra\" \/>\n<meta property=\"og:description\" content=\"Budimex ha terminado la construcci\u00f3n del primer hospital psiqui\u00e1trico en la Polonia de la posguerra, contando con 300 camas y 22.000 metros cuadrados.\" \/>\n<meta property=\"og:url\" content=\"https:\/\/newsroom.ferrovial.com\/es\/noticias\/budimex-hospital-psiquiatrico-polonia\/\" \/>\n<meta property=\"og:site_name\" content=\"Sala de prensa Ferrovial | \u00daltimas noticias\" \/>\n<meta property=\"article:publisher\" content=\"https:\/\/www.facebook.com\/ferrovial\" \/>\n<meta property=\"article:modified_time\" content=\"2022-12-21T08:09:15+00:00\" \/>\n<meta property=\"og:image\" content=\"https:\/\/newsroom.ferrovial.com\/wp-content\/uploads\/sites\/4\/2018\/12\/hospital-psiquiatrico-drewnica-polonia.jpg\" \/>\n\t<meta property=\"og:image:width\" content=\"1647\" \/>\n\t<meta property=\"og:image:height\" content=\"925\" \/>\n\t<meta property=\"og:image:type\" content=\"image\/jpeg\" \/>\n<meta name=\"twitter:card\" content=\"summary_large_image\" \/>\n<meta name=\"twitter:site\" content=\"@ferrovial\" \/>\n<script type=\"application\/ld+json\" class=\"yoast-schema-graph\">{\"@context\":\"https:\/\/schema.org\",\"@graph\":[{\"@type\":\"WebPage\",\"@id\":\"https:\/\/newsroom.ferrovial.com\/es\/noticias\/budimex-hospital-psiquiatrico-polonia\/\",\"url\":\"https:\/\/newsroom.ferrovial.com\/es\/noticias\/budimex-hospital-psiquiatrico-polonia\/\",\"name\":\"Budimex y el hospital psiqui\u00e1trico en la Polonia de posguerra\",\"isPartOf\":{\"@id\":\"https:\/\/newsroom.ferrovial.com\/es\/#website\"},\"primaryImageOfPage\":{\"@id\":\"https:\/\/newsroom.ferrovial.com\/es\/noticias\/budimex-hospital-psiquiatrico-polonia\/#primaryimage\"},\"image\":{\"@id\":\"https:\/\/newsroom.ferrovial.com\/es\/noticias\/budimex-hospital-psiquiatrico-polonia\/#primaryimage\"},\"thumbnailUrl\":\"https:\/\/static.newsroom.ferrovial.com\/wp-content\/uploads\/2018\/12\/15152520\/hospital-psiquiatrico-drewnica-polonia.jpg\",\"datePublished\":\"2018-12-17T09:08:16+00:00\",\"dateModified\":\"2022-12-21T08:09:15+00:00\",\"description\":\"Budimex ha terminado la construcci\u00f3n del primer hospital psiqui\u00e1trico en la Polonia de la posguerra, contando con 300 camas y 22.000 metros cuadrados.\",\"breadcrumb\":{\"@id\":\"https:\/\/newsroom.ferrovial.com\/es\/noticias\/budimex-hospital-psiquiatrico-polonia\/#breadcrumb\"},\"inLanguage\":\"es\",\"potentialAction\":[{\"@type\":\"ReadAction\",\"target\":[\"https:\/\/newsroom.ferrovial.com\/es\/noticias\/budimex-hospital-psiquiatrico-polonia\/\"]}]},{\"@type\":\"ImageObject\",\"inLanguage\":\"es\",\"@id\":\"https:\/\/newsroom.ferrovial.com\/es\/noticias\/budimex-hospital-psiquiatrico-polonia\/#primaryimage\",\"url\":\"https:\/\/static.newsroom.ferrovial.com\/wp-content\/uploads\/2018\/12\/15152520\/hospital-psiquiatrico-drewnica-polonia.jpg\",\"contentUrl\":\"https:\/\/static.newsroom.ferrovial.com\/wp-content\/uploads\/2018\/12\/15152520\/hospital-psiquiatrico-drewnica-polonia.jpg\",\"width\":1647,\"height\":925,\"caption\":\"Hospital psiquiatrico drewnica Polonia\"},{\"@type\":\"BreadcrumbList\",\"@id\":\"https:\/\/newsroom.ferrovial.com\/es\/noticias\/budimex-hospital-psiquiatrico-polonia\/#breadcrumb\",\"itemListElement\":[{\"@type\":\"ListItem\",\"position\":1,\"name\":\"Portada\",\"item\":\"https:\/\/newsroom.ferrovial.com\/es\/\"},{\"@type\":\"ListItem\",\"position\":2,\"name\":\"Budimex presenta el primer hospital psiqui\u00e1trico en la Polonia de posguerra\"}]},{\"@type\":\"WebSite\",\"@id\":\"https:\/\/newsroom.ferrovial.com\/es\/#website\",\"url\":\"https:\/\/newsroom.ferrovial.com\/es\/\",\"name\":\"Sala de prensa Ferrovial | \u00daltimas noticias\",\"description\":\"Sala de prensa Ferrovial | \u00daltimas noticias\",\"publisher\":{\"@id\":\"https:\/\/newsroom.ferrovial.com\/es\/#organization\"},\"potentialAction\":[{\"@type\":\"SearchAction\",\"target\":{\"@type\":\"EntryPoint\",\"urlTemplate\":\"https:\/\/newsroom.ferrovial.com\/es\/?s={search_term_string}\"},\"query-input\":{\"@type\":\"PropertyValueSpecification\",\"valueRequired\":true,\"valueName\":\"search_term_string\"}}],\"inLanguage\":\"es\"},{\"@type\":\"Organization\",\"@id\":\"https:\/\/newsroom.ferrovial.com\/es\/#organization\",\"name\":\"Ferrovial S.A.\",\"url\":\"https:\/\/newsroom.ferrovial.com\/es\/\",\"logo\":{\"@type\":\"ImageObject\",\"inLanguage\":\"es\",\"@id\":\"https:\/\/newsroom.ferrovial.com\/es\/#\/schema\/logo\/image\/\",\"url\":\"https:\/\/static.newsroom.ferrovial.com\/wp-content\/uploads\/2018\/07\/15145720\/Ferrovial_Logotipo1.jpg\",\"contentUrl\":\"https:\/\/static.newsroom.ferrovial.com\/wp-content\/uploads\/2018\/07\/15145720\/Ferrovial_Logotipo1.jpg\",\"width\":600,\"height\":300,\"caption\":\"Ferrovial S.A.\"},\"image\":{\"@id\":\"https:\/\/newsroom.ferrovial.com\/es\/#\/schema\/logo\/image\/\"},\"sameAs\":[\"https:\/\/www.facebook.com\/ferrovial\",\"https:\/\/x.com\/ferrovial\",\"https:\/\/www.instagram.com\/ferrovial\/\",\"https:\/\/www.linkedin.com\/company\/ferrovial\",\"https:\/\/www.pinterest.es\/ferrovial\/\",\"https:\/\/www.youtube.com\/ferrovial\",\"https:\/\/en.wikipedia.org\/wiki\/Ferrovial\"]}]}<\/script>","yoast_head_json":{"title":"Budimex y el hospital psiqui\u00e1trico en la Polonia de posguerra","description":"Budimex ha terminado la construcci\u00f3n del primer hospital psiqui\u00e1trico en la Polonia de la posguerra, contando con 300 camas y 22.000 metros cuadrados.","robots":{"index":"index","follow":"follow","max-snippet":"max-snippet:-1","max-image-preview":"max-image-preview:large","max-video-preview":"max-video-preview:-1"},"canonical":"https:\/\/newsroom.ferrovial.com\/es\/noticias\/budimex-hospital-psiquiatrico-polonia\/","og_locale":"es_ES","og_type":"article","og_title":"Budimex y el hospital psiqui\u00e1trico en la Polonia de posguerra","og_description":"Budimex ha terminado la construcci\u00f3n del primer hospital psiqui\u00e1trico en la Polonia de la posguerra, contando con 300 camas y 22.000 metros cuadrados.","og_url":"https:\/\/newsroom.ferrovial.com\/es\/noticias\/budimex-hospital-psiquiatrico-polonia\/","og_site_name":"Sala de prensa Ferrovial | \u00daltimas noticias","article_publisher":"https:\/\/www.facebook.com\/ferrovial","article_modified_time":"2022-12-21T08:09:15+00:00","og_image":[{"width":1647,"height":925,"url":"https:\/\/newsroom.ferrovial.com\/wp-content\/uploads\/sites\/4\/2018\/12\/hospital-psiquiatrico-drewnica-polonia.jpg","type":"image\/jpeg"}],"twitter_card":"summary_large_image","twitter_site":"@ferrovial","schema":{"@context":"https:\/\/schema.org","@graph":[{"@type":"WebPage","@id":"https:\/\/newsroom.ferrovial.com\/es\/noticias\/budimex-hospital-psiquiatrico-polonia\/","url":"https:\/\/newsroom.ferrovial.com\/es\/noticias\/budimex-hospital-psiquiatrico-polonia\/","name":"Budimex y el hospital psiqui\u00e1trico en la Polonia de posguerra","isPartOf":{"@id":"https:\/\/newsroom.ferrovial.com\/es\/#website"},"primaryImageOfPage":{"@id":"https:\/\/newsroom.ferrovial.com\/es\/noticias\/budimex-hospital-psiquiatrico-polonia\/#primaryimage"},"image":{"@id":"https:\/\/newsroom.ferrovial.com\/es\/noticias\/budimex-hospital-psiquiatrico-polonia\/#primaryimage"},"thumbnailUrl":"https:\/\/static.newsroom.ferrovial.com\/wp-content\/uploads\/2018\/12\/15152520\/hospital-psiquiatrico-drewnica-polonia.jpg","datePublished":"2018-12-17T09:08:16+00:00","dateModified":"2022-12-21T08:09:15+00:00","description":"Budimex ha terminado la construcci\u00f3n del primer hospital psiqui\u00e1trico en la Polonia de la posguerra, contando con 300 camas y 22.000 metros cuadrados.","breadcrumb":{"@id":"https:\/\/newsroom.ferrovial.com\/es\/noticias\/budimex-hospital-psiquiatrico-polonia\/#breadcrumb"},"inLanguage":"es","potentialAction":[{"@type":"ReadAction","target":["https:\/\/newsroom.ferrovial.com\/es\/noticias\/budimex-hospital-psiquiatrico-polonia\/"]}]},{"@type":"ImageObject","inLanguage":"es","@id":"https:\/\/newsroom.ferrovial.com\/es\/noticias\/budimex-hospital-psiquiatrico-polonia\/#primaryimage","url":"https:\/\/static.newsroom.ferrovial.com\/wp-content\/uploads\/2018\/12\/15152520\/hospital-psiquiatrico-drewnica-polonia.jpg","contentUrl":"https:\/\/static.newsroom.ferrovial.com\/wp-content\/uploads\/2018\/12\/15152520\/hospital-psiquiatrico-drewnica-polonia.jpg","width":1647,"height":925,"caption":"Hospital psiquiatrico drewnica Polonia"},{"@type":"BreadcrumbList","@id":"https:\/\/newsroom.ferrovial.com\/es\/noticias\/budimex-hospital-psiquiatrico-polonia\/#breadcrumb","itemListElement":[{"@type":"ListItem","position":1,"name":"Portada","item":"https:\/\/newsroom.ferrovial.com\/es\/"},{"@type":"ListItem","position":2,"name":"Budimex presenta el primer hospital psiqui\u00e1trico en la Polonia de posguerra"}]},{"@type":"WebSite","@id":"https:\/\/newsroom.ferrovial.com\/es\/#website","url":"https:\/\/newsroom.ferrovial.com\/es\/","name":"Sala de prensa Ferrovial | \u00daltimas noticias","description":"Sala de prensa Ferrovial | \u00daltimas noticias","publisher":{"@id":"https:\/\/newsroom.ferrovial.com\/es\/#organization"},"potentialAction":[{"@type":"SearchAction","target":{"@type":"EntryPoint","urlTemplate":"https:\/\/newsroom.ferrovial.com\/es\/?s={search_term_string}"},"query-input":{"@type":"PropertyValueSpecification","valueRequired":true,"valueName":"search_term_string"}}],"inLanguage":"es"},{"@type":"Organization","@id":"https:\/\/newsroom.ferrovial.com\/es\/#organization","name":"Ferrovial S.A.","url":"https:\/\/newsroom.ferrovial.com\/es\/","logo":{"@type":"ImageObject","inLanguage":"es","@id":"https:\/\/newsroom.ferrovial.com\/es\/#\/schema\/logo\/image\/","url":"https:\/\/static.newsroom.ferrovial.com\/wp-content\/uploads\/2018\/07\/15145720\/Ferrovial_Logotipo1.jpg","contentUrl":"https:\/\/static.newsroom.ferrovial.com\/wp-content\/uploads\/2018\/07\/15145720\/Ferrovial_Logotipo1.jpg","width":600,"height":300,"caption":"Ferrovial S.A."},"image":{"@id":"https:\/\/newsroom.ferrovial.com\/es\/#\/schema\/logo\/image\/"},"sameAs":["https:\/\/www.facebook.com\/ferrovial","https:\/\/x.com\/ferrovial","https:\/\/www.instagram.com\/ferrovial\/","https:\/\/www.linkedin.com\/company\/ferrovial","https:\/\/www.pinterest.es\/ferrovial\/","https:\/\/www.youtube.com\/ferrovial","https:\/\/en.wikipedia.org\/wiki\/Ferrovial"]}]}},"_links":{"self":[{"href":"https:\/\/newsroom.ferrovial.com\/es\/wp-json\/wp\/v2\/new\/44552","targetHints":{"allow":["GET"]}}],"collection":[{"href":"https:\/\/newsroom.ferrovial.com\/es\/wp-json\/wp\/v2\/new"}],"about":[{"href":"https:\/\/newsroom.ferrovial.com\/es\/wp-json\/wp\/v2\/types\/new"}],"replies":[{"embeddable":true,"href":"https:\/\/newsroom.ferrovial.com\/es\/wp-json\/wp\/v2\/comments?post=44552"}],"version-history":[{"count":1,"href":"https:\/\/newsroom.ferrovial.com\/es\/wp-json\/wp\/v2\/new\/44552\/revisions"}],"predecessor-version":[{"id":96511,"href":"https:\/\/newsroom.ferrovial.com\/es\/wp-json\/wp\/v2\/new\/44552\/revisions\/96511"}],"wp:featuredmedia":[{"embeddable":true,"href":"https:\/\/newsroom.ferrovial.com\/es\/wp-json\/wp\/v2\/media\/44575"}],"wp:attachment":[{"href":"https:\/\/newsroom.ferrovial.com\/es\/wp-json\/wp\/v2\/media?parent=44552"}],"wp:term":[{"taxonomy":"nivel-2","embeddable":true,"href":"https:\/\/newsroom.ferrovial.com\/es\/wp-json\/wp\/v2\/nivel-2?post=44552"},{"taxonomy":"nivel-5","embeddable":true,"href":"https:\/\/newsroom.ferrovial.com\/es\/wp-json\/wp\/v2\/nivel-5?post=44552"},{"taxonomy":"nivel-1","embeddable":true,"href":"https:\/\/newsroom.ferrovial.com\/es\/wp-json\/wp\/v2\/nivel-1?post=44552"},{"taxonomy":"nivel-3","embeddable":true,"href":"https:\/\/newsroom.ferrovial.com\/es\/wp-json\/wp\/v2\/nivel-3?post=44552"},{"taxonomy":"nivel-4","embeddable":true,"href":"https:\/\/newsroom.ferrovial.com\/es\/wp-json\/wp\/v2\/nivel-4?post=44552"}],"curies":[{"name":"wp","href":"https:\/\/api.w.org\/{rel}","templated":true}]}}