{"id":4487,"date":"2017-11-14T00:00:00","date_gmt":"2017-11-14T00:00:00","guid":{"rendered":"https:\/\/newsroom.ferrovial.com\/news\/smart-city-expo-world-congress-2017\/"},"modified":"2022-12-21T09:25:23","modified_gmt":"2022-12-21T08:25:23","slug":"smart-city-expo-world-congress-2017","status":"publish","type":"new","link":"https:\/\/newsroom.ferrovial.com\/es\/noticias\/smart-city-expo-world-congress-2017\/","title":{"rendered":"Ferrovial Servicios participa en la Smart City Expo World Congress 2017"},"content":{"rendered":"    <section class=\"wysiwyg text-editor \" id=\"\">\n        <div class=\"container container--narrow container--p-10\">\n            <p><a title=\"Ferrovial Servicios\" href=\"https:\/\/www.ferrovial.com\/es\/lineas-de-negocio\/ferrovial-servicios\/\" target=\"_blank\" rel=\"dofollow noopener\"> Ferrovial Servicios<\/a> participa como <em>Global Partner <\/em>en la edici\u00f3n 2017 de <a title=\"Smart City Expo\" href=\"http:\/\/www.smartcityexpo.com\/en\/\" target=\"_blank\" rel=\"nofollow noopener\"> Smart City Expo World Congress<\/a>, uno de los principales foros de innovaci\u00f3n urbana a escala global, que se celebra en Barcelona los d\u00edas 14, 15 y 16 de noviembre bajo el lema &#8216;Empower Cities. Empower People&#8217;. En el Espacio Ferrovial Servicios (<strong>stand C323<\/strong>) se mostrar\u00e1n una selecci\u00f3n de las iniciativas urbanas m\u00e1s innovadoras puestas en marcha a lo largo de 2017. Entre ellas destaca la apuesta por la movilidad con el <a title=\"Carsharing Madrid Ferrovial y Renault\" href=\"https:\/\/newsroom.ferrovial.com\/es\/noticias\/zity-nuevo-servicio-carsharing-madrid-ferrovial-servicios-renault\/\" target=\"_blank\" rel=\"dofollow noopener\"> nuevo servicio de <em>carsharing<\/em> ZITY<\/a>, desarrollado por Ferrovial Servicios y Renault que comenzar\u00e1 a operar en Madrid el pr\u00f3ximo mes de diciembre, o el servicio de <em>bike sharing<\/em> &#8211; <em>Bicing<\/em> 2.0 en la ciudad de Barcelona.<\/p>\n<p>Adem\u00e1s, se presentar\u00e1n nuevos modelos de prestaci\u00f3n de servicios como la planificaci\u00f3n din\u00e1mica en la recogida de residuos urbanos que permite dar un servicio m\u00e1s eficiente, o la involucraci\u00f3n directa de los ciudadanos en programas de innovaci\u00f3n de colaboraci\u00f3n p\u00fablico-privada como el de <a title=\"Limpieza viaria Citizentrica, madrid\" href=\"https:\/\/www.ferrovial.com\/es\/proyectos\/limpieza-viaria-ciudad-madrid-citizentrica\/\" target=\"_blank\" rel=\"dofollow noopener\"> Citiz\u00e9ntrica<\/a> desarrollado junto con el Ayuntamiento de Madrid en el \u00e1mbito de la limpieza viaria.<\/p>\n<h2><strong>Agenda de ponencias de Ferrovial en\u00a0Smart City Expo World Congress 2017<\/strong><\/h2>\n<ul>\n<li><strong>14\/11 (14:00).<\/strong> Ignacio Gast\u00f3n, Director General de Ferrovial Servicios Espa\u00f1a participa junto con Francisco Cuenca, Alcalde de Granada, en la sesi\u00f3n titulada <em><a title=\"Agenda Smart City Expo\" href=\"http:\/\/www.smartcityexpo.com\/en\/agenda-2017\/-\/agenda-actividades\/Building-Efficient-Circular-Urban-Systems\/3434\" target=\"_blank\" rel=\"nofollow noopener\"> Building Efficient Circular Urban Systems<\/a><\/em>\u00a0donde explicar\u00e1n el proyecto de recogida din\u00e1mica de residuos urbanos que ha desarrollado Ferrovial Servicios junto con CISCO y se ha implantado recientemente en Granada, junto a otros participantes.<\/li>\n<li><strong>16\/11<\/strong> <strong>(11:45).<\/strong> Andr\u00e9s Camacho, Director de Innovaci\u00f3n y Cambio de Ferrovial Servicios participa en la sesi\u00f3n plenaria sobre anal\u00edtica de datos titulada <em><a title=\"Agenda Smart City Expo\" href=\"http:\/\/www.smartcityexpo.com\/en\/agenda-2017\/-\/agenda-actividades\/Harnessing-Data-%2526amp%253B-Tech-to-Achieve-Common-Urban-Goals\/3380\" target=\"_blank\" rel=\"nofollow noopener\"> Harnessing Data &amp; Tech to Achieve Common Urban Goals<\/a>\u00a0<\/em>junto con Francesca Bria, Comisionada de Tecnolog\u00eda e Innovaci\u00f3n Digital del Ayuntamiento de Barcelona entre otros ponentes.<\/li>\n<li><strong>16\/11 (15:20). <\/strong>Ricardo L\u00f3pez de Haro, Director de Administraciones Locales Madrid de Ferrovial Servicios Espa\u00f1a, participa junto Roberto S\u00e1nchez, Director General de Innovaci\u00f3n y Promoci\u00f3n de la Ciudad en Ayuntamiento de Madrid, en la ponencia<em> <a title=\"Agenda Smart City Expo\" href=\"http:\/\/www.smartcityexpo.com\/en\/agenda-2017\/-\/agenda-actividades\/Creating-Shared-Value-through-Innovative-Collaborations-and-Partnerships\/3401\" target=\"_blank\" rel=\"nofollow noopener\"> Creating Shared Value through Innovative Collaborations and Partnerships<\/a><\/em>, junto con Ophir Paz Pines, ex Ministro del Interior y de Ciencias, Cultura y Deporte de Israel, que actualmente es Director del Instituto para el Gobierno Local de Tel Aviv; y con Mika Rantakokko, Director de Operaciones de la finlandesa The Six City Strategy, entre otros.<\/li>\n<li><strong>16\/11<\/strong> <strong>(11:45).<\/strong> Alfonso D\u00edaz del R\u00edo, Gerente de Proyectos Estrat\u00e9gicos de Ferrovial Servicios Espa\u00f1a, hablar\u00e1 sobre movilidad en la sesi\u00f3n paralela <em><a title=\"Agenda Smart City Expo\" href=\"http:\/\/www.smartcityexpo.com\/en\/agenda-2017\/-\/agenda-actividades\/Connected-Shared-and-On-demand-Mobility-\/3447\" target=\"_blank\" rel=\"nofollow noopener\">Connected, Shared and On-demand Mobility<\/a>\u00a0<\/em>junto con Sami Sahala, Responsable de Movilidad inteligente de Forum Virium Helsinki, entre otros.<\/li>\n<\/ul>\n<h3><strong>Soluciones innovadoras al servicio de las ciudades<\/strong><\/h3>\n<p><a title=\"Ferrovial Servicios\" href=\"https:\/\/www.ferrovial.com\/es\/lineas-de-negocio\/ferrovial-servicios\/\" target=\"_blank\" rel=\"nofollow noopener\"> Ferrovial Servicios<\/a> es un proveedor de soluciones integrales para infraestructuras y ciudades. La compa\u00f1\u00eda desarrolla y pone en pr\u00e1ctica programas, soluciones y modelos innovadores de prestaci\u00f3n de servicios urbanos, trabajando de forma colaborativa con las ciudades y los agentes urbanos m\u00e1s vanguardistas. Asimismo, pretende ser pionera en la nueva generaci\u00f3n\u00a0 de servicios con el ciudadano en el centro, acordes con los requerimientos de las ciudades de mejorar continuamente la eficiencia y la experiencia ciudadana. Estos nuevos modelos tienen como principales elementos la colaboraci\u00f3n estrat\u00e9gica a largo plazo, la visi\u00f3n integral de los servicios, la involucraci\u00f3n del ciudadano, la gesti\u00f3n basada en la informaci\u00f3n urbana y las soluciones digitales.<\/p>\n<h4><strong>Sobre Smart City Expo World Congress (SCEWC) <\/strong><\/h4>\n<p><a title=\"Agenda Smart City Expo\" href=\"http:\/\/www.smartcityexpo.com\/en\/agenda-2017\/-\/agenda-actividades\/Connected-Shared-and-On-demand-Mobility-\/3447\" target=\"_blank\" rel=\"nofollow noopener\"> Smart City Expo World Congress<\/a> es el evento referente para la industria de las soluciones urbanas inteligentes. Sirve como punto de encuentro clave para expertos, centros de investigaci\u00f3n, organizaciones internacionales y l\u00edderes de las ciudades y compa\u00f1\u00edas que m\u00e1s apuestan por la innovaci\u00f3n. Est\u00e1 prevista la asistencia de m\u00e1s de 17.000 profesionales y m\u00e1s de 600 exhibidores, junto con\u00a0 la visita de altos cargos de m\u00e1s de 700 ciudades y m\u00e1s de 420 ponentes internacionales.<\/p>\n<h5>Consulta la agenda de las conferencias en <a title=\"Agenda Smart City Expo\" href=\"http:\/\/www.smartcityexpo.com\/en\/agenda-2017\" target=\"_blank\" rel=\"nofollow noopener\"> Smart City Expo World Congress<\/a><\/h5>\n        <\/div>\n    <\/section>\n","protected":false},"excerpt":{"rendered":"","protected":false},"featured_media":4488,"menu_order":0,"comment_status":"closed","ping_status":"closed","template":"","nivel-2":[2222],"nivel-5":[],"nivel-1":[],"nivel-3":[1258],"nivel-4":[1823,1793],"class_list":["post-4487","new","type-new","status-publish","has-post-thumbnail","hentry","nivel-2-movilidad","nivel-3-espana","nivel-4-barcelona","nivel-4-cataluna"],"acf":[],"yoast_head":"<title>Ferrovial Servicios participa en la Smart City Expo World Congress 2017 Sala de prensa Ferrovial | \u00daltimas noticias<\/title>\n<meta name=\"description\" content=\"Sala de prensa Ferrovial | \u00daltimas noticias\" \/>\n<meta name=\"robots\" content=\"index, follow, max-snippet:-1, max-image-preview:large, max-video-preview:-1\" \/>\n<link rel=\"canonical\" href=\"https:\/\/newsroom.ferrovial.com\/es\/noticias\/smart-city-expo-world-congress-2017\/\" \/>\n<meta property=\"og:locale\" content=\"es_ES\" \/>\n<meta property=\"og:type\" content=\"article\" \/>\n<meta property=\"og:title\" content=\"Ferrovial Servicios participa en la Smart City Expo World Congress 2017 Sala de prensa Ferrovial | \u00daltimas noticias\" \/>\n<meta property=\"og:description\" content=\"Sala de prensa Ferrovial | \u00daltimas noticias\" \/>\n<meta property=\"og:url\" content=\"https:\/\/newsroom.ferrovial.com\/es\/noticias\/smart-city-expo-world-congress-2017\/\" \/>\n<meta property=\"og:site_name\" content=\"Sala de prensa Ferrovial | \u00daltimas noticias\" \/>\n<meta property=\"article:publisher\" content=\"https:\/\/www.facebook.com\/ferrovial\" \/>\n<meta property=\"article:modified_time\" content=\"2022-12-21T08:25:23+00:00\" \/>\n<meta property=\"og:image\" content=\"https:\/\/newsroom.ferrovial.com\/wp-content\/uploads\/sites\/4\/2018\/07\/smart-city-expo-world-congress-2017-barcelona.jpg\" \/>\n\t<meta property=\"og:image:width\" content=\"1600\" \/>\n\t<meta property=\"og:image:height\" content=\"1067\" \/>\n\t<meta property=\"og:image:type\" content=\"image\/jpeg\" \/>\n<meta name=\"twitter:card\" content=\"summary_large_image\" \/>\n<meta name=\"twitter:site\" content=\"@ferrovial\" \/>\n<script type=\"application\/ld+json\" class=\"yoast-schema-graph\">{\"@context\":\"https:\/\/schema.org\",\"@graph\":[{\"@type\":\"WebPage\",\"@id\":\"https:\/\/newsroom.ferrovial.com\/es\/noticias\/smart-city-expo-world-congress-2017\/\",\"url\":\"https:\/\/newsroom.ferrovial.com\/es\/noticias\/smart-city-expo-world-congress-2017\/\",\"name\":\"Ferrovial Servicios participa en la Smart City Expo World Congress 2017 Sala de prensa Ferrovial | \u00daltimas noticias\",\"isPartOf\":{\"@id\":\"https:\/\/newsroom.ferrovial.com\/es\/#website\"},\"primaryImageOfPage\":{\"@id\":\"https:\/\/newsroom.ferrovial.com\/es\/noticias\/smart-city-expo-world-congress-2017\/#primaryimage\"},\"image\":{\"@id\":\"https:\/\/newsroom.ferrovial.com\/es\/noticias\/smart-city-expo-world-congress-2017\/#primaryimage\"},\"thumbnailUrl\":\"https:\/\/static.newsroom.ferrovial.com\/wp-content\/uploads\/2018\/07\/15150625\/smart-city-expo-world-congress-2017-barcelona.jpg\",\"datePublished\":\"2017-11-14T00:00:00+00:00\",\"dateModified\":\"2022-12-21T08:25:23+00:00\",\"description\":\"Sala de prensa Ferrovial | \u00daltimas noticias\",\"breadcrumb\":{\"@id\":\"https:\/\/newsroom.ferrovial.com\/es\/noticias\/smart-city-expo-world-congress-2017\/#breadcrumb\"},\"inLanguage\":\"es\",\"potentialAction\":[{\"@type\":\"ReadAction\",\"target\":[\"https:\/\/newsroom.ferrovial.com\/es\/noticias\/smart-city-expo-world-congress-2017\/\"]}]},{\"@type\":\"ImageObject\",\"inLanguage\":\"es\",\"@id\":\"https:\/\/newsroom.ferrovial.com\/es\/noticias\/smart-city-expo-world-congress-2017\/#primaryimage\",\"url\":\"https:\/\/static.newsroom.ferrovial.com\/wp-content\/uploads\/2018\/07\/15150625\/smart-city-expo-world-congress-2017-barcelona.jpg\",\"contentUrl\":\"https:\/\/static.newsroom.ferrovial.com\/wp-content\/uploads\/2018\/07\/15150625\/smart-city-expo-world-congress-2017-barcelona.jpg\",\"width\":1600,\"height\":1067,\"caption\":\"Smart City Expo World Congress 2017 in Barcelona\"},{\"@type\":\"BreadcrumbList\",\"@id\":\"https:\/\/newsroom.ferrovial.com\/es\/noticias\/smart-city-expo-world-congress-2017\/#breadcrumb\",\"itemListElement\":[{\"@type\":\"ListItem\",\"position\":1,\"name\":\"Portada\",\"item\":\"https:\/\/newsroom.ferrovial.com\/es\/\"},{\"@type\":\"ListItem\",\"position\":2,\"name\":\"Ferrovial Servicios participa en la Smart City Expo World Congress 2017\"}]},{\"@type\":\"WebSite\",\"@id\":\"https:\/\/newsroom.ferrovial.com\/es\/#website\",\"url\":\"https:\/\/newsroom.ferrovial.com\/es\/\",\"name\":\"Sala de prensa Ferrovial | \u00daltimas noticias\",\"description\":\"Sala de prensa Ferrovial | \u00daltimas noticias\",\"publisher\":{\"@id\":\"https:\/\/newsroom.ferrovial.com\/es\/#organization\"},\"potentialAction\":[{\"@type\":\"SearchAction\",\"target\":{\"@type\":\"EntryPoint\",\"urlTemplate\":\"https:\/\/newsroom.ferrovial.com\/es\/?s={search_term_string}\"},\"query-input\":{\"@type\":\"PropertyValueSpecification\",\"valueRequired\":true,\"valueName\":\"search_term_string\"}}],\"inLanguage\":\"es\"},{\"@type\":\"Organization\",\"@id\":\"https:\/\/newsroom.ferrovial.com\/es\/#organization\",\"name\":\"Ferrovial S.A.\",\"url\":\"https:\/\/newsroom.ferrovial.com\/es\/\",\"logo\":{\"@type\":\"ImageObject\",\"inLanguage\":\"es\",\"@id\":\"https:\/\/newsroom.ferrovial.com\/es\/#\/schema\/logo\/image\/\",\"url\":\"https:\/\/static.newsroom.ferrovial.com\/wp-content\/uploads\/2018\/07\/15145720\/Ferrovial_Logotipo1.jpg\",\"contentUrl\":\"https:\/\/static.newsroom.ferrovial.com\/wp-content\/uploads\/2018\/07\/15145720\/Ferrovial_Logotipo1.jpg\",\"width\":600,\"height\":300,\"caption\":\"Ferrovial S.A.\"},\"image\":{\"@id\":\"https:\/\/newsroom.ferrovial.com\/es\/#\/schema\/logo\/image\/\"},\"sameAs\":[\"https:\/\/www.facebook.com\/ferrovial\",\"https:\/\/x.com\/ferrovial\",\"https:\/\/www.instagram.com\/ferrovial\/\",\"https:\/\/www.linkedin.com\/company\/ferrovial\",\"https:\/\/www.pinterest.es\/ferrovial\/\",\"https:\/\/www.youtube.com\/ferrovial\",\"https:\/\/en.wikipedia.org\/wiki\/Ferrovial\"]}]}<\/script>","yoast_head_json":{"title":"Ferrovial Servicios participa en la Smart City Expo World Congress 2017 Sala de prensa Ferrovial | \u00daltimas noticias","description":"Sala de prensa Ferrovial | \u00daltimas noticias","robots":{"index":"index","follow":"follow","max-snippet":"max-snippet:-1","max-image-preview":"max-image-preview:large","max-video-preview":"max-video-preview:-1"},"canonical":"https:\/\/newsroom.ferrovial.com\/es\/noticias\/smart-city-expo-world-congress-2017\/","og_locale":"es_ES","og_type":"article","og_title":"Ferrovial Servicios participa en la Smart City Expo World Congress 2017 Sala de prensa Ferrovial | \u00daltimas noticias","og_description":"Sala de prensa Ferrovial | \u00daltimas noticias","og_url":"https:\/\/newsroom.ferrovial.com\/es\/noticias\/smart-city-expo-world-congress-2017\/","og_site_name":"Sala de prensa Ferrovial | \u00daltimas noticias","article_publisher":"https:\/\/www.facebook.com\/ferrovial","article_modified_time":"2022-12-21T08:25:23+00:00","og_image":[{"width":1600,"height":1067,"url":"https:\/\/newsroom.ferrovial.com\/wp-content\/uploads\/sites\/4\/2018\/07\/smart-city-expo-world-congress-2017-barcelona.jpg","type":"image\/jpeg"}],"twitter_card":"summary_large_image","twitter_site":"@ferrovial","schema":{"@context":"https:\/\/schema.org","@graph":[{"@type":"WebPage","@id":"https:\/\/newsroom.ferrovial.com\/es\/noticias\/smart-city-expo-world-congress-2017\/","url":"https:\/\/newsroom.ferrovial.com\/es\/noticias\/smart-city-expo-world-congress-2017\/","name":"Ferrovial Servicios participa en la Smart City Expo World Congress 2017 Sala de prensa Ferrovial | \u00daltimas noticias","isPartOf":{"@id":"https:\/\/newsroom.ferrovial.com\/es\/#website"},"primaryImageOfPage":{"@id":"https:\/\/newsroom.ferrovial.com\/es\/noticias\/smart-city-expo-world-congress-2017\/#primaryimage"},"image":{"@id":"https:\/\/newsroom.ferrovial.com\/es\/noticias\/smart-city-expo-world-congress-2017\/#primaryimage"},"thumbnailUrl":"https:\/\/static.newsroom.ferrovial.com\/wp-content\/uploads\/2018\/07\/15150625\/smart-city-expo-world-congress-2017-barcelona.jpg","datePublished":"2017-11-14T00:00:00+00:00","dateModified":"2022-12-21T08:25:23+00:00","description":"Sala de prensa Ferrovial | \u00daltimas noticias","breadcrumb":{"@id":"https:\/\/newsroom.ferrovial.com\/es\/noticias\/smart-city-expo-world-congress-2017\/#breadcrumb"},"inLanguage":"es","potentialAction":[{"@type":"ReadAction","target":["https:\/\/newsroom.ferrovial.com\/es\/noticias\/smart-city-expo-world-congress-2017\/"]}]},{"@type":"ImageObject","inLanguage":"es","@id":"https:\/\/newsroom.ferrovial.com\/es\/noticias\/smart-city-expo-world-congress-2017\/#primaryimage","url":"https:\/\/static.newsroom.ferrovial.com\/wp-content\/uploads\/2018\/07\/15150625\/smart-city-expo-world-congress-2017-barcelona.jpg","contentUrl":"https:\/\/static.newsroom.ferrovial.com\/wp-content\/uploads\/2018\/07\/15150625\/smart-city-expo-world-congress-2017-barcelona.jpg","width":1600,"height":1067,"caption":"Smart City Expo World Congress 2017 in Barcelona"},{"@type":"BreadcrumbList","@id":"https:\/\/newsroom.ferrovial.com\/es\/noticias\/smart-city-expo-world-congress-2017\/#breadcrumb","itemListElement":[{"@type":"ListItem","position":1,"name":"Portada","item":"https:\/\/newsroom.ferrovial.com\/es\/"},{"@type":"ListItem","position":2,"name":"Ferrovial Servicios participa en la Smart City Expo World Congress 2017"}]},{"@type":"WebSite","@id":"https:\/\/newsroom.ferrovial.com\/es\/#website","url":"https:\/\/newsroom.ferrovial.com\/es\/","name":"Sala de prensa Ferrovial | \u00daltimas noticias","description":"Sala de prensa Ferrovial | \u00daltimas noticias","publisher":{"@id":"https:\/\/newsroom.ferrovial.com\/es\/#organization"},"potentialAction":[{"@type":"SearchAction","target":{"@type":"EntryPoint","urlTemplate":"https:\/\/newsroom.ferrovial.com\/es\/?s={search_term_string}"},"query-input":{"@type":"PropertyValueSpecification","valueRequired":true,"valueName":"search_term_string"}}],"inLanguage":"es"},{"@type":"Organization","@id":"https:\/\/newsroom.ferrovial.com\/es\/#organization","name":"Ferrovial S.A.","url":"https:\/\/newsroom.ferrovial.com\/es\/","logo":{"@type":"ImageObject","inLanguage":"es","@id":"https:\/\/newsroom.ferrovial.com\/es\/#\/schema\/logo\/image\/","url":"https:\/\/static.newsroom.ferrovial.com\/wp-content\/uploads\/2018\/07\/15145720\/Ferrovial_Logotipo1.jpg","contentUrl":"https:\/\/static.newsroom.ferrovial.com\/wp-content\/uploads\/2018\/07\/15145720\/Ferrovial_Logotipo1.jpg","width":600,"height":300,"caption":"Ferrovial S.A."},"image":{"@id":"https:\/\/newsroom.ferrovial.com\/es\/#\/schema\/logo\/image\/"},"sameAs":["https:\/\/www.facebook.com\/ferrovial","https:\/\/x.com\/ferrovial","https:\/\/www.instagram.com\/ferrovial\/","https:\/\/www.linkedin.com\/company\/ferrovial","https:\/\/www.pinterest.es\/ferrovial\/","https:\/\/www.youtube.com\/ferrovial","https:\/\/en.wikipedia.org\/wiki\/Ferrovial"]}]}},"_links":{"self":[{"href":"https:\/\/newsroom.ferrovial.com\/es\/wp-json\/wp\/v2\/new\/4487","targetHints":{"allow":["GET"]}}],"collection":[{"href":"https:\/\/newsroom.ferrovial.com\/es\/wp-json\/wp\/v2\/new"}],"about":[{"href":"https:\/\/newsroom.ferrovial.com\/es\/wp-json\/wp\/v2\/types\/new"}],"replies":[{"embeddable":true,"href":"https:\/\/newsroom.ferrovial.com\/es\/wp-json\/wp\/v2\/comments?post=4487"}],"version-history":[{"count":1,"href":"https:\/\/newsroom.ferrovial.com\/es\/wp-json\/wp\/v2\/new\/4487\/revisions"}],"predecessor-version":[{"id":116986,"href":"https:\/\/newsroom.ferrovial.com\/es\/wp-json\/wp\/v2\/new\/4487\/revisions\/116986"}],"wp:featuredmedia":[{"embeddable":true,"href":"https:\/\/newsroom.ferrovial.com\/es\/wp-json\/wp\/v2\/media\/4488"}],"wp:attachment":[{"href":"https:\/\/newsroom.ferrovial.com\/es\/wp-json\/wp\/v2\/media?parent=4487"}],"wp:term":[{"taxonomy":"nivel-2","embeddable":true,"href":"https:\/\/newsroom.ferrovial.com\/es\/wp-json\/wp\/v2\/nivel-2?post=4487"},{"taxonomy":"nivel-5","embeddable":true,"href":"https:\/\/newsroom.ferrovial.com\/es\/wp-json\/wp\/v2\/nivel-5?post=4487"},{"taxonomy":"nivel-1","embeddable":true,"href":"https:\/\/newsroom.ferrovial.com\/es\/wp-json\/wp\/v2\/nivel-1?post=4487"},{"taxonomy":"nivel-3","embeddable":true,"href":"https:\/\/newsroom.ferrovial.com\/es\/wp-json\/wp\/v2\/nivel-3?post=4487"},{"taxonomy":"nivel-4","embeddable":true,"href":"https:\/\/newsroom.ferrovial.com\/es\/wp-json\/wp\/v2\/nivel-4?post=4487"}],"curies":[{"name":"wp","href":"https:\/\/api.w.org\/{rel}","templated":true}]}}