{"id":4534,"date":"2017-12-06T00:00:00","date_gmt":"2017-12-06T00:00:00","guid":{"rendered":"https:\/\/newsroom.ferrovial.com\/news\/biblioteca-les-corts-vidre-reconstruccion-edificio-historico-barcelona\/"},"modified":"2022-12-21T09:24:27","modified_gmt":"2022-12-21T08:24:27","slug":"biblioteca-les-corts-vidre-reconstruccion-edificio-historico-barcelona","status":"publish","type":"new","link":"https:\/\/newsroom.ferrovial.com\/es\/noticias\/biblioteca-les-corts-vidre-reconstruccion-edificio-historico-barcelona\/","title":{"rendered":"Biblioteca Les Corts Vidre: Construcci\u00f3n y rehabilitaci\u00f3n de edificio hist\u00f3rico en Barcelona"},"content":{"rendered":"    <section class=\"wysiwyg text-editor \" id=\"\">\n        <div class=\"container container--narrow container--p-10\">\n            <p><a title=\"Sobre Ferrovial Agroman\" href=\"https:\/\/www.ferrovial.com\/es\/lineas-de-negocio\/construccion\/\" target=\"_blank\" rel=\"dofollow noopener\">Ferrovial Agroman<\/a> inici\u00f3 en 5 \u00a0de Febrero de 2015 la rehabilitaci\u00f3n de la <strong>Biblioteca Les Corts Vidre<\/strong>, un edificio de 1924 con m\u00e1s de <strong>4.200 m2<\/strong> situado en Barcelona, clasificado como Patrimonio Art\u00edstico y con un \u00e1rea de influencia de 88.000 habitantes. La obra, ya terminada, se ha ejecutado para el Ayuntamiento de Barcelona con un presupuesto de <strong>5.867.626 \u20ac<\/strong>.<\/p>\n<p>El proyecto surge de la voluntad del <a title=\"Ayuntamientao de Barcelona\" href=\"http:\/\/ajuntament.barcelona.cat\/es\/\" target=\"_blank\" rel=\"dofollow noopener\">Ayuntamiento <\/a>de la ciudad de promover la construcci\u00f3n de edificios con estrictos criterios de sostenibilidad, por lo que la actuaci\u00f3n de la UTE Ferrovial Agroman-construcciones <a title=\"Decosa\" href=\"http:\/\/www.decosa.net\/\" target=\"_blank\" rel=\"nofollow noopener\">Deco<\/a>, se ha centrado en adaptar el conjunto de la f\u00e1brica, formado por tres edificios, a un nuevo uso, tanto la nave industrial, al norte de la parcela, como los dos edificios anexos.<\/p>\n<p>Las actuaciones de rehabilitaci\u00f3n y mejora de espacios se han llevado a cabo en los edificios que conforman el conjunto de lo que era la antigua f\u00e1brica <strong>construida en 1924<\/strong>. El arquitecto Antoni Pons Dom\u00ednguez ide\u00f3 entonces un proyecto seg\u00fan el racionalismo m\u00e1s moderno en la \u00e9poca, con materiales innovadores como el hormig\u00f3n y el vidrio y un exterior sobrio y sin adornos.<\/p>\n<p>La transformaci\u00f3n abarca tambi\u00e9n la fachada principal que se ha modificado con la creaci\u00f3n de una gran abertura que resuelve el acceso, a la vez que abre el edificio a la ciudad comunicando su nueva vocaci\u00f3n p\u00fablica.<\/p>\n<p>En la estructura destaca su tejado en forma de dientes de sierra que, combinando el metal y el vidrio, permite la entrada directa de <strong>luz natural<\/strong>, engrandecida gracias al color blanco que se ha elegido para desarrollar los espacios interiores.<\/p>\n<p>La nave de acceso es la pieza principal del conjunto, tanto por su tama\u00f1o, como por su valor <strong>patrimonial<\/strong>, y se ha convertido en eje vertebrador del proyecto gracias a la construcci\u00f3n de un atrio <strong>luminoso<\/strong> a doble altura que incorpora escaleras abiertas de acceso a las plantas superiores.<\/p>\n<p>El edificio se encuentra distribuido en plantas baja, de altillo, primera, segunda y planta de cubierta. En la planta baja se sit\u00faa el acceso a trav\u00e9s de un porche exterior desde el que se accede al vest\u00edbulo principal. En ella se desarrollan los usos m\u00e1s <strong>p\u00fablicos<\/strong> de la biblioteca, con las salas de fondo general y lectura. A su lado, el atrio que acompa\u00f1a a las plantas superiores y m\u00e1s all\u00e1 la gran nave principal de lectura junto al n\u00facleo de comunicaciones y el <strong>Laboratorio de Fabricaci\u00f3n Digital<\/strong> (Fab-Lab). El altillo est\u00e1 destinado a fondo general; a trav\u00e9s de una grada-escalera se acede al resto de <strong>espacio de lectura<\/strong> situado en la primera planta. Esa planta es una nave acristalada donde se ubica el <strong>espacio de formaci\u00f3n<\/strong>. La segunda planta acoge dos usos diferenciados, una zona de uso restringido a los trabajadores con oficinas, salas de descanso y almacenes, y otra de uso p\u00fablico donde se sit\u00faan varias aulas de usos m\u00faltiples, almac\u00e9n y sala de control.<\/p>\n<p>La planta de cubierta mantiene la separaci\u00f3n original en dos edificios que en el edificio A mantiene la cubierta plana invertida con acabado engrava, donde se ha reservado espacio para ubicar los elementos exteriores de climatizaci\u00f3n cubiertos con <strong>revestimiento<\/strong> <strong>fonoabsorbente<\/strong> que evita la contaminaci\u00f3n ac\u00fastica. El edificio B conserva la morfolog\u00eda original de cubierta inclinada tan caracter\u00edstica de los edificios industriales de la \u00e9poca. En ambos edificios se ha <strong>reforzado la estructura<\/strong>\u00a0existente para que pueda soportar el nuevo estado de cargas y se les ha dotado de caracter\u00edsticas <strong>sismo-resistentes<\/strong> y de <strong>resistencia al fuego<\/strong>.<\/p>\n<p>El <strong>Fab-lab<\/strong> se sit\u00faa en la planta baja del edificio \u00abB\u00bb. Su ubicaci\u00f3n en esquina permite crear un doble acceso; el principal desde el vest\u00edbulo del edificio y uno secundario planteado desde la caller de <strong>Evarist Arn\u00fas<\/strong>. Este segundo acceso funciona como salida de emergencia, como entrada de mercader\u00edas y en caso de que el Fab-lab funcione en el horario en que el resto del equipamiento est\u00e9 cerrado. Para poder aislar ac\u00fasticamente esta zona de la de biblioteca, el \u00e1mbito m\u00e1s ruidoso del Fab-Lab se encuentra en un recinto cerrado con un doble cerramiento con <strong>cristal ac\u00fastico<\/strong>.<\/p>\n<p>La Biblioteca de Les Corts Vidre ser\u00e1, una vez en uso, una <strong>de las bibliotecas m\u00e1s grandes de Barcelona<\/strong> y es el primer edificio p\u00fablico de la ciudad que opta al certificado internacional de sostenibilidad <a title=\"BREEAM\" href=\"https:\/\/www.breeam.com\/\" target=\"_blank\" rel=\"dofollow noopener\">BREEAM <\/a>(Building Research Establishment Environmental Assessment Methodoloty), un reconocimiento ya alcanzado por inmuebles privados como la <a title=\"Torre Agbar Barcelona\" href=\"http:\/\/www.barcelonaturisme.com\/wv3\/es\/page\/517\/torre-agbar.html\" target=\"_blank\" rel=\"dofollow noopener\">Torre Agbar<\/a>, la sede corporativa de <a title=\"MRW\" href=\"https:\/\/www.mrw.es\/?id=01\" target=\"_blank\" rel=\"nofollow noopener\">MRW<\/a>, el hotel <a title=\"Hotel Le Meridien Barcelona\" href=\"http:\/\/www.lemeridienbarcelona.es\/\" target=\"_blank\" rel=\"dofollow noopener\">Le Meridien<\/a> o el centro comercial <a title=\"Centro Comercial La Maquinista\" href=\"http:\/\/lamaquinista.com\/\" target=\"_blank\" rel=\"dofollow noopener\">La Maquinista<\/a>, entre otros.\u00a0BREEAM\u00a0es m\u00e9todo de evaluaci\u00f3n y certificaci\u00f3n de la <strong>sostenibilidad de la edificaci\u00f3n<\/strong> creado\u00a0 en Inglaterra en 1990. Es l\u00edder a nivel mundial con m\u00e1s de 270.000 edificios certificados en 63 pa\u00edses.<\/p>\n<p>El equipo de obra, dependiente de Joaqu\u00edn Garc\u00eda, Director de Catalu\u00f1a y Francia ha estado formado por Santiago L\u00f3pez, Gerente de la UTE; Jordi Moreno, Encargado de Obra; y Alfonso Perera, Administrativo.<\/p>\n        <\/div>\n    <\/section>\n","protected":false},"excerpt":{"rendered":"","protected":false},"featured_media":4535,"menu_order":0,"comment_status":"closed","ping_status":"closed","template":"","nivel-2":[2209,987,2200,2091,2204,1045],"nivel-5":[2149],"nivel-1":[2168],"nivel-3":[1258],"nivel-4":[1823,1793],"class_list":["post-4534","new","type-new","status-publish","has-post-thumbnail","hentry","nivel-2-edificacion","nivel-2-infraestructuras","nivel-2-innovacion","nivel-2-proyectos","nivel-2-rehabilitacion-y-conservacion","nivel-2-sostenibilidad","nivel-5-ferrovial-construccion","nivel-1-construccion","nivel-3-espana","nivel-4-barcelona","nivel-4-cataluna"],"acf":[],"yoast_head":"<title>Biblioteca Les Corts Vidre: Construcci\u00f3n y rehabilitaci\u00f3n de edificio hist\u00f3rico en Barcelona Sala de prensa Ferrovial | \u00daltimas noticias<\/title>\n<meta name=\"description\" content=\"Sala de prensa Ferrovial | \u00daltimas noticias\" \/>\n<meta name=\"robots\" content=\"index, follow, max-snippet:-1, max-image-preview:large, max-video-preview:-1\" \/>\n<link rel=\"canonical\" href=\"https:\/\/newsroom.ferrovial.com\/es\/noticias\/biblioteca-les-corts-vidre-reconstruccion-edificio-historico-barcelona\/\" \/>\n<meta property=\"og:locale\" content=\"es_ES\" \/>\n<meta property=\"og:type\" content=\"article\" \/>\n<meta property=\"og:title\" content=\"Biblioteca Les Corts Vidre: Construcci\u00f3n y rehabilitaci\u00f3n de edificio hist\u00f3rico en Barcelona Sala de prensa Ferrovial | \u00daltimas noticias\" \/>\n<meta property=\"og:description\" content=\"Sala de prensa Ferrovial | \u00daltimas noticias\" \/>\n<meta property=\"og:url\" content=\"https:\/\/newsroom.ferrovial.com\/es\/noticias\/biblioteca-les-corts-vidre-reconstruccion-edificio-historico-barcelona\/\" \/>\n<meta property=\"og:site_name\" content=\"Sala de prensa Ferrovial | \u00daltimas noticias\" \/>\n<meta property=\"article:publisher\" content=\"https:\/\/www.facebook.com\/ferrovial\" \/>\n<meta property=\"article:modified_time\" content=\"2022-12-21T08:24:27+00:00\" \/>\n<meta property=\"og:image\" content=\"https:\/\/newsroom.ferrovial.com\/wp-content\/uploads\/sites\/4\/2018\/07\/biblioteca-corts-vidre-barcelona-1024x869.jpg\" \/>\n\t<meta property=\"og:image:width\" content=\"1024\" \/>\n\t<meta property=\"og:image:height\" content=\"869\" \/>\n\t<meta property=\"og:image:type\" content=\"image\/jpeg\" \/>\n<meta name=\"twitter:card\" content=\"summary_large_image\" \/>\n<meta name=\"twitter:site\" content=\"@ferrovial\" \/>\n<script type=\"application\/ld+json\" class=\"yoast-schema-graph\">{\"@context\":\"https:\/\/schema.org\",\"@graph\":[{\"@type\":\"WebPage\",\"@id\":\"https:\/\/newsroom.ferrovial.com\/es\/noticias\/biblioteca-les-corts-vidre-reconstruccion-edificio-historico-barcelona\/\",\"url\":\"https:\/\/newsroom.ferrovial.com\/es\/noticias\/biblioteca-les-corts-vidre-reconstruccion-edificio-historico-barcelona\/\",\"name\":\"Biblioteca Les Corts Vidre: Construcci\u00f3n y rehabilitaci\u00f3n de edificio hist\u00f3rico en Barcelona Sala de prensa Ferrovial | \u00daltimas noticias\",\"isPartOf\":{\"@id\":\"https:\/\/newsroom.ferrovial.com\/es\/#website\"},\"primaryImageOfPage\":{\"@id\":\"https:\/\/newsroom.ferrovial.com\/es\/noticias\/biblioteca-les-corts-vidre-reconstruccion-edificio-historico-barcelona\/#primaryimage\"},\"image\":{\"@id\":\"https:\/\/newsroom.ferrovial.com\/es\/noticias\/biblioteca-les-corts-vidre-reconstruccion-edificio-historico-barcelona\/#primaryimage\"},\"thumbnailUrl\":\"https:\/\/static.newsroom.ferrovial.com\/wp-content\/uploads\/2018\/07\/15150546\/biblioteca-corts-vidre-barcelona.jpg\",\"datePublished\":\"2017-12-06T00:00:00+00:00\",\"dateModified\":\"2022-12-21T08:24:27+00:00\",\"description\":\"Sala de prensa Ferrovial | \u00daltimas noticias\",\"breadcrumb\":{\"@id\":\"https:\/\/newsroom.ferrovial.com\/es\/noticias\/biblioteca-les-corts-vidre-reconstruccion-edificio-historico-barcelona\/#breadcrumb\"},\"inLanguage\":\"es\",\"potentialAction\":[{\"@type\":\"ReadAction\",\"target\":[\"https:\/\/newsroom.ferrovial.com\/es\/noticias\/biblioteca-les-corts-vidre-reconstruccion-edificio-historico-barcelona\/\"]}]},{\"@type\":\"ImageObject\",\"inLanguage\":\"es\",\"@id\":\"https:\/\/newsroom.ferrovial.com\/es\/noticias\/biblioteca-les-corts-vidre-reconstruccion-edificio-historico-barcelona\/#primaryimage\",\"url\":\"https:\/\/static.newsroom.ferrovial.com\/wp-content\/uploads\/2018\/07\/15150546\/biblioteca-corts-vidre-barcelona.jpg\",\"contentUrl\":\"https:\/\/static.newsroom.ferrovial.com\/wp-content\/uploads\/2018\/07\/15150546\/biblioteca-corts-vidre-barcelona.jpg\",\"width\":5468,\"height\":4641,\"caption\":\"Biblioteca les corts vidre Barcelona Construcci\u00f3n y rehabilitaci\u00f3n\"},{\"@type\":\"BreadcrumbList\",\"@id\":\"https:\/\/newsroom.ferrovial.com\/es\/noticias\/biblioteca-les-corts-vidre-reconstruccion-edificio-historico-barcelona\/#breadcrumb\",\"itemListElement\":[{\"@type\":\"ListItem\",\"position\":1,\"name\":\"Portada\",\"item\":\"https:\/\/newsroom.ferrovial.com\/es\/\"},{\"@type\":\"ListItem\",\"position\":2,\"name\":\"Biblioteca Les Corts Vidre: Construcci\u00f3n y rehabilitaci\u00f3n de edificio hist\u00f3rico en Barcelona\"}]},{\"@type\":\"WebSite\",\"@id\":\"https:\/\/newsroom.ferrovial.com\/es\/#website\",\"url\":\"https:\/\/newsroom.ferrovial.com\/es\/\",\"name\":\"Sala de prensa Ferrovial | \u00daltimas noticias\",\"description\":\"Sala de prensa Ferrovial | \u00daltimas noticias\",\"publisher\":{\"@id\":\"https:\/\/newsroom.ferrovial.com\/es\/#organization\"},\"potentialAction\":[{\"@type\":\"SearchAction\",\"target\":{\"@type\":\"EntryPoint\",\"urlTemplate\":\"https:\/\/newsroom.ferrovial.com\/es\/?s={search_term_string}\"},\"query-input\":{\"@type\":\"PropertyValueSpecification\",\"valueRequired\":true,\"valueName\":\"search_term_string\"}}],\"inLanguage\":\"es\"},{\"@type\":\"Organization\",\"@id\":\"https:\/\/newsroom.ferrovial.com\/es\/#organization\",\"name\":\"Ferrovial S.A.\",\"url\":\"https:\/\/newsroom.ferrovial.com\/es\/\",\"logo\":{\"@type\":\"ImageObject\",\"inLanguage\":\"es\",\"@id\":\"https:\/\/newsroom.ferrovial.com\/es\/#\/schema\/logo\/image\/\",\"url\":\"https:\/\/static.newsroom.ferrovial.com\/wp-content\/uploads\/2018\/07\/15145720\/Ferrovial_Logotipo1.jpg\",\"contentUrl\":\"https:\/\/static.newsroom.ferrovial.com\/wp-content\/uploads\/2018\/07\/15145720\/Ferrovial_Logotipo1.jpg\",\"width\":600,\"height\":300,\"caption\":\"Ferrovial S.A.\"},\"image\":{\"@id\":\"https:\/\/newsroom.ferrovial.com\/es\/#\/schema\/logo\/image\/\"},\"sameAs\":[\"https:\/\/www.facebook.com\/ferrovial\",\"https:\/\/x.com\/ferrovial\",\"https:\/\/www.instagram.com\/ferrovial\/\",\"https:\/\/www.linkedin.com\/company\/ferrovial\",\"https:\/\/www.pinterest.es\/ferrovial\/\",\"https:\/\/www.youtube.com\/ferrovial\",\"https:\/\/en.wikipedia.org\/wiki\/Ferrovial\"]}]}<\/script>","yoast_head_json":{"title":"Biblioteca Les Corts Vidre: Construcci\u00f3n y rehabilitaci\u00f3n de edificio hist\u00f3rico en Barcelona Sala de prensa Ferrovial | \u00daltimas noticias","description":"Sala de prensa Ferrovial | \u00daltimas noticias","robots":{"index":"index","follow":"follow","max-snippet":"max-snippet:-1","max-image-preview":"max-image-preview:large","max-video-preview":"max-video-preview:-1"},"canonical":"https:\/\/newsroom.ferrovial.com\/es\/noticias\/biblioteca-les-corts-vidre-reconstruccion-edificio-historico-barcelona\/","og_locale":"es_ES","og_type":"article","og_title":"Biblioteca Les Corts Vidre: Construcci\u00f3n y rehabilitaci\u00f3n de edificio hist\u00f3rico en Barcelona Sala de prensa Ferrovial | \u00daltimas noticias","og_description":"Sala de prensa Ferrovial | \u00daltimas noticias","og_url":"https:\/\/newsroom.ferrovial.com\/es\/noticias\/biblioteca-les-corts-vidre-reconstruccion-edificio-historico-barcelona\/","og_site_name":"Sala de prensa Ferrovial | \u00daltimas noticias","article_publisher":"https:\/\/www.facebook.com\/ferrovial","article_modified_time":"2022-12-21T08:24:27+00:00","og_image":[{"width":1024,"height":869,"url":"https:\/\/newsroom.ferrovial.com\/wp-content\/uploads\/sites\/4\/2018\/07\/biblioteca-corts-vidre-barcelona-1024x869.jpg","type":"image\/jpeg"}],"twitter_card":"summary_large_image","twitter_site":"@ferrovial","schema":{"@context":"https:\/\/schema.org","@graph":[{"@type":"WebPage","@id":"https:\/\/newsroom.ferrovial.com\/es\/noticias\/biblioteca-les-corts-vidre-reconstruccion-edificio-historico-barcelona\/","url":"https:\/\/newsroom.ferrovial.com\/es\/noticias\/biblioteca-les-corts-vidre-reconstruccion-edificio-historico-barcelona\/","name":"Biblioteca Les Corts Vidre: Construcci\u00f3n y rehabilitaci\u00f3n de edificio hist\u00f3rico en Barcelona Sala de prensa Ferrovial | \u00daltimas noticias","isPartOf":{"@id":"https:\/\/newsroom.ferrovial.com\/es\/#website"},"primaryImageOfPage":{"@id":"https:\/\/newsroom.ferrovial.com\/es\/noticias\/biblioteca-les-corts-vidre-reconstruccion-edificio-historico-barcelona\/#primaryimage"},"image":{"@id":"https:\/\/newsroom.ferrovial.com\/es\/noticias\/biblioteca-les-corts-vidre-reconstruccion-edificio-historico-barcelona\/#primaryimage"},"thumbnailUrl":"https:\/\/static.newsroom.ferrovial.com\/wp-content\/uploads\/2018\/07\/15150546\/biblioteca-corts-vidre-barcelona.jpg","datePublished":"2017-12-06T00:00:00+00:00","dateModified":"2022-12-21T08:24:27+00:00","description":"Sala de prensa Ferrovial | \u00daltimas noticias","breadcrumb":{"@id":"https:\/\/newsroom.ferrovial.com\/es\/noticias\/biblioteca-les-corts-vidre-reconstruccion-edificio-historico-barcelona\/#breadcrumb"},"inLanguage":"es","potentialAction":[{"@type":"ReadAction","target":["https:\/\/newsroom.ferrovial.com\/es\/noticias\/biblioteca-les-corts-vidre-reconstruccion-edificio-historico-barcelona\/"]}]},{"@type":"ImageObject","inLanguage":"es","@id":"https:\/\/newsroom.ferrovial.com\/es\/noticias\/biblioteca-les-corts-vidre-reconstruccion-edificio-historico-barcelona\/#primaryimage","url":"https:\/\/static.newsroom.ferrovial.com\/wp-content\/uploads\/2018\/07\/15150546\/biblioteca-corts-vidre-barcelona.jpg","contentUrl":"https:\/\/static.newsroom.ferrovial.com\/wp-content\/uploads\/2018\/07\/15150546\/biblioteca-corts-vidre-barcelona.jpg","width":5468,"height":4641,"caption":"Biblioteca les corts vidre Barcelona Construcci\u00f3n y rehabilitaci\u00f3n"},{"@type":"BreadcrumbList","@id":"https:\/\/newsroom.ferrovial.com\/es\/noticias\/biblioteca-les-corts-vidre-reconstruccion-edificio-historico-barcelona\/#breadcrumb","itemListElement":[{"@type":"ListItem","position":1,"name":"Portada","item":"https:\/\/newsroom.ferrovial.com\/es\/"},{"@type":"ListItem","position":2,"name":"Biblioteca Les Corts Vidre: Construcci\u00f3n y rehabilitaci\u00f3n de edificio hist\u00f3rico en Barcelona"}]},{"@type":"WebSite","@id":"https:\/\/newsroom.ferrovial.com\/es\/#website","url":"https:\/\/newsroom.ferrovial.com\/es\/","name":"Sala de prensa Ferrovial | \u00daltimas noticias","description":"Sala de prensa Ferrovial | \u00daltimas noticias","publisher":{"@id":"https:\/\/newsroom.ferrovial.com\/es\/#organization"},"potentialAction":[{"@type":"SearchAction","target":{"@type":"EntryPoint","urlTemplate":"https:\/\/newsroom.ferrovial.com\/es\/?s={search_term_string}"},"query-input":{"@type":"PropertyValueSpecification","valueRequired":true,"valueName":"search_term_string"}}],"inLanguage":"es"},{"@type":"Organization","@id":"https:\/\/newsroom.ferrovial.com\/es\/#organization","name":"Ferrovial S.A.","url":"https:\/\/newsroom.ferrovial.com\/es\/","logo":{"@type":"ImageObject","inLanguage":"es","@id":"https:\/\/newsroom.ferrovial.com\/es\/#\/schema\/logo\/image\/","url":"https:\/\/static.newsroom.ferrovial.com\/wp-content\/uploads\/2018\/07\/15145720\/Ferrovial_Logotipo1.jpg","contentUrl":"https:\/\/static.newsroom.ferrovial.com\/wp-content\/uploads\/2018\/07\/15145720\/Ferrovial_Logotipo1.jpg","width":600,"height":300,"caption":"Ferrovial S.A."},"image":{"@id":"https:\/\/newsroom.ferrovial.com\/es\/#\/schema\/logo\/image\/"},"sameAs":["https:\/\/www.facebook.com\/ferrovial","https:\/\/x.com\/ferrovial","https:\/\/www.instagram.com\/ferrovial\/","https:\/\/www.linkedin.com\/company\/ferrovial","https:\/\/www.pinterest.es\/ferrovial\/","https:\/\/www.youtube.com\/ferrovial","https:\/\/en.wikipedia.org\/wiki\/Ferrovial"]}]}},"_links":{"self":[{"href":"https:\/\/newsroom.ferrovial.com\/es\/wp-json\/wp\/v2\/new\/4534","targetHints":{"allow":["GET"]}}],"collection":[{"href":"https:\/\/newsroom.ferrovial.com\/es\/wp-json\/wp\/v2\/new"}],"about":[{"href":"https:\/\/newsroom.ferrovial.com\/es\/wp-json\/wp\/v2\/types\/new"}],"replies":[{"embeddable":true,"href":"https:\/\/newsroom.ferrovial.com\/es\/wp-json\/wp\/v2\/comments?post=4534"}],"version-history":[{"count":1,"href":"https:\/\/newsroom.ferrovial.com\/es\/wp-json\/wp\/v2\/new\/4534\/revisions"}],"predecessor-version":[{"id":96612,"href":"https:\/\/newsroom.ferrovial.com\/es\/wp-json\/wp\/v2\/new\/4534\/revisions\/96612"}],"wp:featuredmedia":[{"embeddable":true,"href":"https:\/\/newsroom.ferrovial.com\/es\/wp-json\/wp\/v2\/media\/4535"}],"wp:attachment":[{"href":"https:\/\/newsroom.ferrovial.com\/es\/wp-json\/wp\/v2\/media?parent=4534"}],"wp:term":[{"taxonomy":"nivel-2","embeddable":true,"href":"https:\/\/newsroom.ferrovial.com\/es\/wp-json\/wp\/v2\/nivel-2?post=4534"},{"taxonomy":"nivel-5","embeddable":true,"href":"https:\/\/newsroom.ferrovial.com\/es\/wp-json\/wp\/v2\/nivel-5?post=4534"},{"taxonomy":"nivel-1","embeddable":true,"href":"https:\/\/newsroom.ferrovial.com\/es\/wp-json\/wp\/v2\/nivel-1?post=4534"},{"taxonomy":"nivel-3","embeddable":true,"href":"https:\/\/newsroom.ferrovial.com\/es\/wp-json\/wp\/v2\/nivel-3?post=4534"},{"taxonomy":"nivel-4","embeddable":true,"href":"https:\/\/newsroom.ferrovial.com\/es\/wp-json\/wp\/v2\/nivel-4?post=4534"}],"curies":[{"name":"wp","href":"https:\/\/api.w.org\/{rel}","templated":true}]}}