{"id":4669,"date":"2018-02-20T00:00:00","date_gmt":"2018-02-20T00:00:00","guid":{"rendered":"https:\/\/newsroom.ferrovial.com\/news\/premio-la-industria-transformadora-polaca\/"},"modified":"2022-12-21T09:20:47","modified_gmt":"2022-12-21T08:20:47","slug":"premio-la-industria-transformadora-polaca","status":"publish","type":"new","link":"https:\/\/newsroom.ferrovial.com\/es\/noticias\/premio-la-industria-transformadora-polaca\/","title":{"rendered":"Budimex recibe el premio \u201cLa Industria Transformadora Polaca\u201d"},"content":{"rendered":"    <section class=\"wysiwyg text-editor \" id=\"\">\n        <div class=\"container container--narrow container--p-10\">\n            <p>La publicaci\u00f3n econ\u00f3mica polaca <a title=\"Nowy Przemys\u0142\" href=\"http:\/\/www.wnp.pl\/artykuly\/,0_0_270_0_0.html\" target=\"_blank\" rel=\"dofollow noopener\">Nowy Przemys\u0142<\/a> y el portal web <a title=\"WNP\" href=\"http:\/\/www.wnp.pl\/\" target=\"_blank\" rel=\"dofollow noopener\">WNP<\/a> han premiado una vez m\u00e1s a empresas, negocios y personalidades de la administraci\u00f3n p\u00fablica que han tenido <strong>una influencia positiva en la transformaci\u00f3n de la industria y la econom\u00eda de Polonia<\/strong>.<\/p>\n<p>A la ceremonia de entrega de premios acudi\u00f3 Dariusz Blocher, que fue el encargado de recibir el premio \u201cLa Industria Transformadora Polaca \u2013 XX Aniversario\u201d en nombre de <a title=\"Budimex\" href=\"http:\/\/www.budimex.com.pl\/en\" target=\"_blank\" rel=\"dofollow noopener\">Budimex<\/a>. Los galardones de este a\u00f1o coincidieron con el XX aniversario de Nowy Przemys\u0142, por lo que la denominaci\u00f3n del premio reconoc\u00eda este hito.<\/p>\n<p>Como principal contratista general en el sector polaco de la construcci\u00f3n, Budimex recibi\u00f3 este galard\u00f3n <strong>en reconocimiento de su participaci\u00f3n en proyectos clave que han transformado el panorama de las infraestructuras en Polonia<\/strong>.<\/p>\n<p>Budimex es <strong>l\u00edder en un sector de la industria polaca<\/strong> que ha transformado el panorama de las infraestructuras en el pa\u00eds. Compite con \u00e9xito tambi\u00e9n en el mercado internacional como contratista y proveedor de elementos prefabricados especializados, adem\u00e1s de ser socio de confianza para proveedores y subcontratistas. Mediante la diversificaci\u00f3n constante de sus actividades, Budimex ha consolidado tambi\u00e9n una filial de servicios p\u00fablicos, ocupa una posici\u00f3n destacada en el desarrollo inmobiliario, y exporta servicios de construcci\u00f3n.<\/p>\n<p>Dariusz Blocher, al recibir el galard\u00f3n en nombre de Budimex, dijo:<\/p>\n<blockquote><p>\u201cEn 2018 celebraremos nuestro 50 aniversario. Budimex ha realizado miles de proyectos que siguen mejorando la calidad de vida de millones de ciudadanos polacos. Como empresa l\u00edder en el sector de la construcci\u00f3n en Polonia, evolucionamos constantemente y contribuimos de manera significativa al desarrollo del pa\u00eds.\u201d<\/p><\/blockquote>\n<p>Con m\u00e1s de 7.000 empleados, <strong>el Grupo Budimex es considerada como empresa atractiva y responsable con y para su plantilla<\/strong>, con unos resultados econ\u00f3micos notables y s\u00f3lidos, siempre por encima de la media del sector. Por estas razones, entre otras, se considera que la empresa ha desempe\u00f1ado una labor de estabilizaci\u00f3n en tiempos dif\u00edciles para la industria polaca de la construcci\u00f3n.<\/p>\n<p>Budimex sigue <strong>innovando con las nuevas tecnolog\u00edas<\/strong> y potencia cambios positivos en la industria polaca de la construcci\u00f3n. Gracias a su profesionalidad, su eficacia, su defensa del medio ambiente y las buenas relaciones con el entorno y las partes interesadas, Budimex contribuye al <strong>desarrollo sostenible de la totalidad de la econom\u00eda polaca<\/strong>.<\/p>\n<p>Para m\u00e1s informaci\u00f3n sobre el negocio de construcci\u00f3n de Ferrovial, <a title=\"Sobre Construcci\u00f3n - Ferrovial\" href=\"https:\/\/www.ferrovial.com\/es\/lineas-de-negocio\/construccion\/\" target=\"_blank\" rel=\"dofollow noopener\">pulsar aqu\u00ed<\/a>.<\/p>\n        <\/div>\n    <\/section>\n","protected":false},"excerpt":{"rendered":"","protected":false},"featured_media":4670,"menu_order":0,"comment_status":"closed","ping_status":"closed","template":"","nivel-2":[945,972,938,987,2200,1024],"nivel-5":[1741],"nivel-1":[2168],"nivel-3":[1262],"nivel-4":[],"class_list":["post-4669","new","type-new","status-publish","has-post-thumbnail","hentry","nivel-2-desarrollo-local-y-rural","nivel-2-eventos","nivel-2-industrial","nivel-2-infraestructuras","nivel-2-innovacion","nivel-2-premios","nivel-5-budimex","nivel-1-construccion","nivel-3-polonia"],"acf":[],"yoast_head":"<title>Budimex recibe el premio \u201cLa Industria Transformadora Polaca\u201d Sala de prensa Ferrovial | \u00daltimas noticias<\/title>\n<meta name=\"description\" content=\"Sala de prensa Ferrovial | \u00daltimas noticias\" \/>\n<meta name=\"robots\" content=\"index, follow, max-snippet:-1, max-image-preview:large, max-video-preview:-1\" \/>\n<link rel=\"canonical\" href=\"https:\/\/newsroom.ferrovial.com\/es\/noticias\/premio-la-industria-transformadora-polaca\/\" \/>\n<meta property=\"og:locale\" content=\"es_ES\" \/>\n<meta property=\"og:type\" content=\"article\" \/>\n<meta property=\"og:title\" content=\"Budimex recibe el premio \u201cLa Industria Transformadora Polaca\u201d Sala de prensa Ferrovial | \u00daltimas noticias\" \/>\n<meta property=\"og:description\" content=\"Sala de prensa Ferrovial | \u00daltimas noticias\" \/>\n<meta property=\"og:url\" content=\"https:\/\/newsroom.ferrovial.com\/es\/noticias\/premio-la-industria-transformadora-polaca\/\" \/>\n<meta property=\"og:site_name\" content=\"Sala de prensa Ferrovial | \u00daltimas noticias\" \/>\n<meta property=\"article:publisher\" content=\"https:\/\/www.facebook.com\/ferrovial\" \/>\n<meta property=\"article:modified_time\" content=\"2022-12-21T08:20:47+00:00\" \/>\n<meta property=\"og:image\" content=\"https:\/\/newsroom.ferrovial.com\/wp-content\/uploads\/sites\/4\/2018\/07\/dariusz-blocher-budimex-award-ceremony-1.jpg\" \/>\n\t<meta property=\"og:image:width\" content=\"850\" \/>\n\t<meta property=\"og:image:height\" content=\"415\" \/>\n\t<meta property=\"og:image:type\" content=\"image\/jpeg\" \/>\n<meta name=\"twitter:card\" content=\"summary_large_image\" \/>\n<meta name=\"twitter:site\" content=\"@ferrovial\" \/>\n<script type=\"application\/ld+json\" class=\"yoast-schema-graph\">{\"@context\":\"https:\/\/schema.org\",\"@graph\":[{\"@type\":\"WebPage\",\"@id\":\"https:\/\/newsroom.ferrovial.com\/es\/noticias\/premio-la-industria-transformadora-polaca\/\",\"url\":\"https:\/\/newsroom.ferrovial.com\/es\/noticias\/premio-la-industria-transformadora-polaca\/\",\"name\":\"Budimex recibe el premio \u201cLa Industria Transformadora Polaca\u201d Sala de prensa Ferrovial | \u00daltimas noticias\",\"isPartOf\":{\"@id\":\"https:\/\/newsroom.ferrovial.com\/es\/#website\"},\"primaryImageOfPage\":{\"@id\":\"https:\/\/newsroom.ferrovial.com\/es\/noticias\/premio-la-industria-transformadora-polaca\/#primaryimage\"},\"image\":{\"@id\":\"https:\/\/newsroom.ferrovial.com\/es\/noticias\/premio-la-industria-transformadora-polaca\/#primaryimage\"},\"thumbnailUrl\":\"https:\/\/static.newsroom.ferrovial.com\/wp-content\/uploads\/2018\/07\/15150429\/dariusz-blocher-budimex-award-ceremony-1.jpg\",\"datePublished\":\"2018-02-20T00:00:00+00:00\",\"dateModified\":\"2022-12-21T08:20:47+00:00\",\"description\":\"Sala de prensa Ferrovial | \u00daltimas noticias\",\"breadcrumb\":{\"@id\":\"https:\/\/newsroom.ferrovial.com\/es\/noticias\/premio-la-industria-transformadora-polaca\/#breadcrumb\"},\"inLanguage\":\"es\",\"potentialAction\":[{\"@type\":\"ReadAction\",\"target\":[\"https:\/\/newsroom.ferrovial.com\/es\/noticias\/premio-la-industria-transformadora-polaca\/\"]}]},{\"@type\":\"ImageObject\",\"inLanguage\":\"es\",\"@id\":\"https:\/\/newsroom.ferrovial.com\/es\/noticias\/premio-la-industria-transformadora-polaca\/#primaryimage\",\"url\":\"https:\/\/static.newsroom.ferrovial.com\/wp-content\/uploads\/2018\/07\/15150429\/dariusz-blocher-budimex-award-ceremony-1.jpg\",\"contentUrl\":\"https:\/\/static.newsroom.ferrovial.com\/wp-content\/uploads\/2018\/07\/15150429\/dariusz-blocher-budimex-award-ceremony-1.jpg\",\"width\":850,\"height\":415,\"caption\":\"Dariusz Blocher recibiendo el premio la Industria Transformadora Polaca\"},{\"@type\":\"BreadcrumbList\",\"@id\":\"https:\/\/newsroom.ferrovial.com\/es\/noticias\/premio-la-industria-transformadora-polaca\/#breadcrumb\",\"itemListElement\":[{\"@type\":\"ListItem\",\"position\":1,\"name\":\"Portada\",\"item\":\"https:\/\/newsroom.ferrovial.com\/es\/\"},{\"@type\":\"ListItem\",\"position\":2,\"name\":\"Budimex recibe el premio \u201cLa Industria Transformadora Polaca\u201d\"}]},{\"@type\":\"WebSite\",\"@id\":\"https:\/\/newsroom.ferrovial.com\/es\/#website\",\"url\":\"https:\/\/newsroom.ferrovial.com\/es\/\",\"name\":\"Sala de prensa Ferrovial | \u00daltimas noticias\",\"description\":\"Sala de prensa Ferrovial | \u00daltimas noticias\",\"publisher\":{\"@id\":\"https:\/\/newsroom.ferrovial.com\/es\/#organization\"},\"potentialAction\":[{\"@type\":\"SearchAction\",\"target\":{\"@type\":\"EntryPoint\",\"urlTemplate\":\"https:\/\/newsroom.ferrovial.com\/es\/?s={search_term_string}\"},\"query-input\":{\"@type\":\"PropertyValueSpecification\",\"valueRequired\":true,\"valueName\":\"search_term_string\"}}],\"inLanguage\":\"es\"},{\"@type\":\"Organization\",\"@id\":\"https:\/\/newsroom.ferrovial.com\/es\/#organization\",\"name\":\"Ferrovial S.A.\",\"url\":\"https:\/\/newsroom.ferrovial.com\/es\/\",\"logo\":{\"@type\":\"ImageObject\",\"inLanguage\":\"es\",\"@id\":\"https:\/\/newsroom.ferrovial.com\/es\/#\/schema\/logo\/image\/\",\"url\":\"https:\/\/static.newsroom.ferrovial.com\/wp-content\/uploads\/2018\/07\/15145720\/Ferrovial_Logotipo1.jpg\",\"contentUrl\":\"https:\/\/static.newsroom.ferrovial.com\/wp-content\/uploads\/2018\/07\/15145720\/Ferrovial_Logotipo1.jpg\",\"width\":600,\"height\":300,\"caption\":\"Ferrovial S.A.\"},\"image\":{\"@id\":\"https:\/\/newsroom.ferrovial.com\/es\/#\/schema\/logo\/image\/\"},\"sameAs\":[\"https:\/\/www.facebook.com\/ferrovial\",\"https:\/\/x.com\/ferrovial\",\"https:\/\/www.instagram.com\/ferrovial\/\",\"https:\/\/www.linkedin.com\/company\/ferrovial\",\"https:\/\/www.pinterest.es\/ferrovial\/\",\"https:\/\/www.youtube.com\/ferrovial\",\"https:\/\/en.wikipedia.org\/wiki\/Ferrovial\"]}]}<\/script>","yoast_head_json":{"title":"Budimex recibe el premio \u201cLa Industria Transformadora Polaca\u201d Sala de prensa Ferrovial | \u00daltimas noticias","description":"Sala de prensa Ferrovial | \u00daltimas noticias","robots":{"index":"index","follow":"follow","max-snippet":"max-snippet:-1","max-image-preview":"max-image-preview:large","max-video-preview":"max-video-preview:-1"},"canonical":"https:\/\/newsroom.ferrovial.com\/es\/noticias\/premio-la-industria-transformadora-polaca\/","og_locale":"es_ES","og_type":"article","og_title":"Budimex recibe el premio \u201cLa Industria Transformadora Polaca\u201d Sala de prensa Ferrovial | \u00daltimas noticias","og_description":"Sala de prensa Ferrovial | \u00daltimas noticias","og_url":"https:\/\/newsroom.ferrovial.com\/es\/noticias\/premio-la-industria-transformadora-polaca\/","og_site_name":"Sala de prensa Ferrovial | \u00daltimas noticias","article_publisher":"https:\/\/www.facebook.com\/ferrovial","article_modified_time":"2022-12-21T08:20:47+00:00","og_image":[{"width":850,"height":415,"url":"https:\/\/newsroom.ferrovial.com\/wp-content\/uploads\/sites\/4\/2018\/07\/dariusz-blocher-budimex-award-ceremony-1.jpg","type":"image\/jpeg"}],"twitter_card":"summary_large_image","twitter_site":"@ferrovial","schema":{"@context":"https:\/\/schema.org","@graph":[{"@type":"WebPage","@id":"https:\/\/newsroom.ferrovial.com\/es\/noticias\/premio-la-industria-transformadora-polaca\/","url":"https:\/\/newsroom.ferrovial.com\/es\/noticias\/premio-la-industria-transformadora-polaca\/","name":"Budimex recibe el premio \u201cLa Industria Transformadora Polaca\u201d Sala de prensa Ferrovial | \u00daltimas noticias","isPartOf":{"@id":"https:\/\/newsroom.ferrovial.com\/es\/#website"},"primaryImageOfPage":{"@id":"https:\/\/newsroom.ferrovial.com\/es\/noticias\/premio-la-industria-transformadora-polaca\/#primaryimage"},"image":{"@id":"https:\/\/newsroom.ferrovial.com\/es\/noticias\/premio-la-industria-transformadora-polaca\/#primaryimage"},"thumbnailUrl":"https:\/\/static.newsroom.ferrovial.com\/wp-content\/uploads\/2018\/07\/15150429\/dariusz-blocher-budimex-award-ceremony-1.jpg","datePublished":"2018-02-20T00:00:00+00:00","dateModified":"2022-12-21T08:20:47+00:00","description":"Sala de prensa Ferrovial | \u00daltimas noticias","breadcrumb":{"@id":"https:\/\/newsroom.ferrovial.com\/es\/noticias\/premio-la-industria-transformadora-polaca\/#breadcrumb"},"inLanguage":"es","potentialAction":[{"@type":"ReadAction","target":["https:\/\/newsroom.ferrovial.com\/es\/noticias\/premio-la-industria-transformadora-polaca\/"]}]},{"@type":"ImageObject","inLanguage":"es","@id":"https:\/\/newsroom.ferrovial.com\/es\/noticias\/premio-la-industria-transformadora-polaca\/#primaryimage","url":"https:\/\/static.newsroom.ferrovial.com\/wp-content\/uploads\/2018\/07\/15150429\/dariusz-blocher-budimex-award-ceremony-1.jpg","contentUrl":"https:\/\/static.newsroom.ferrovial.com\/wp-content\/uploads\/2018\/07\/15150429\/dariusz-blocher-budimex-award-ceremony-1.jpg","width":850,"height":415,"caption":"Dariusz Blocher recibiendo el premio la Industria Transformadora Polaca"},{"@type":"BreadcrumbList","@id":"https:\/\/newsroom.ferrovial.com\/es\/noticias\/premio-la-industria-transformadora-polaca\/#breadcrumb","itemListElement":[{"@type":"ListItem","position":1,"name":"Portada","item":"https:\/\/newsroom.ferrovial.com\/es\/"},{"@type":"ListItem","position":2,"name":"Budimex recibe el premio \u201cLa Industria Transformadora Polaca\u201d"}]},{"@type":"WebSite","@id":"https:\/\/newsroom.ferrovial.com\/es\/#website","url":"https:\/\/newsroom.ferrovial.com\/es\/","name":"Sala de prensa Ferrovial | \u00daltimas noticias","description":"Sala de prensa Ferrovial | \u00daltimas noticias","publisher":{"@id":"https:\/\/newsroom.ferrovial.com\/es\/#organization"},"potentialAction":[{"@type":"SearchAction","target":{"@type":"EntryPoint","urlTemplate":"https:\/\/newsroom.ferrovial.com\/es\/?s={search_term_string}"},"query-input":{"@type":"PropertyValueSpecification","valueRequired":true,"valueName":"search_term_string"}}],"inLanguage":"es"},{"@type":"Organization","@id":"https:\/\/newsroom.ferrovial.com\/es\/#organization","name":"Ferrovial S.A.","url":"https:\/\/newsroom.ferrovial.com\/es\/","logo":{"@type":"ImageObject","inLanguage":"es","@id":"https:\/\/newsroom.ferrovial.com\/es\/#\/schema\/logo\/image\/","url":"https:\/\/static.newsroom.ferrovial.com\/wp-content\/uploads\/2018\/07\/15145720\/Ferrovial_Logotipo1.jpg","contentUrl":"https:\/\/static.newsroom.ferrovial.com\/wp-content\/uploads\/2018\/07\/15145720\/Ferrovial_Logotipo1.jpg","width":600,"height":300,"caption":"Ferrovial S.A."},"image":{"@id":"https:\/\/newsroom.ferrovial.com\/es\/#\/schema\/logo\/image\/"},"sameAs":["https:\/\/www.facebook.com\/ferrovial","https:\/\/x.com\/ferrovial","https:\/\/www.instagram.com\/ferrovial\/","https:\/\/www.linkedin.com\/company\/ferrovial","https:\/\/www.pinterest.es\/ferrovial\/","https:\/\/www.youtube.com\/ferrovial","https:\/\/en.wikipedia.org\/wiki\/Ferrovial"]}]}},"_links":{"self":[{"href":"https:\/\/newsroom.ferrovial.com\/es\/wp-json\/wp\/v2\/new\/4669","targetHints":{"allow":["GET"]}}],"collection":[{"href":"https:\/\/newsroom.ferrovial.com\/es\/wp-json\/wp\/v2\/new"}],"about":[{"href":"https:\/\/newsroom.ferrovial.com\/es\/wp-json\/wp\/v2\/types\/new"}],"replies":[{"embeddable":true,"href":"https:\/\/newsroom.ferrovial.com\/es\/wp-json\/wp\/v2\/comments?post=4669"}],"version-history":[{"count":1,"href":"https:\/\/newsroom.ferrovial.com\/es\/wp-json\/wp\/v2\/new\/4669\/revisions"}],"predecessor-version":[{"id":96591,"href":"https:\/\/newsroom.ferrovial.com\/es\/wp-json\/wp\/v2\/new\/4669\/revisions\/96591"}],"wp:featuredmedia":[{"embeddable":true,"href":"https:\/\/newsroom.ferrovial.com\/es\/wp-json\/wp\/v2\/media\/4670"}],"wp:attachment":[{"href":"https:\/\/newsroom.ferrovial.com\/es\/wp-json\/wp\/v2\/media?parent=4669"}],"wp:term":[{"taxonomy":"nivel-2","embeddable":true,"href":"https:\/\/newsroom.ferrovial.com\/es\/wp-json\/wp\/v2\/nivel-2?post=4669"},{"taxonomy":"nivel-5","embeddable":true,"href":"https:\/\/newsroom.ferrovial.com\/es\/wp-json\/wp\/v2\/nivel-5?post=4669"},{"taxonomy":"nivel-1","embeddable":true,"href":"https:\/\/newsroom.ferrovial.com\/es\/wp-json\/wp\/v2\/nivel-1?post=4669"},{"taxonomy":"nivel-3","embeddable":true,"href":"https:\/\/newsroom.ferrovial.com\/es\/wp-json\/wp\/v2\/nivel-3?post=4669"},{"taxonomy":"nivel-4","embeddable":true,"href":"https:\/\/newsroom.ferrovial.com\/es\/wp-json\/wp\/v2\/nivel-4?post=4669"}],"curies":[{"name":"wp","href":"https:\/\/api.w.org\/{rel}","templated":true}]}}