{"id":4778,"date":"2018-04-27T00:00:00","date_gmt":"2018-04-27T00:00:00","guid":{"rendered":"https:\/\/newsroom.ferrovial.com\/news\/dia-mundial-seguridad-salud-2018\/"},"modified":"2024-12-13T20:06:50","modified_gmt":"2024-12-13T19:06:50","slug":"dia-mundial-seguridad-salud-2018","status":"publish","type":"new","link":"https:\/\/newsroom.ferrovial.com\/es\/noticias\/dia-mundial-seguridad-salud-2018\/","title":{"rendered":"Ferrovial se suma al D\u00eda Mundial de la Seguridad y la Salud en el Trabajo"},"content":{"rendered":"    <section class=\"wysiwyg text-editor \" id=\"\">\n        <div class=\"container container--narrow container--p-10\">\n            <p>La OIT celebra el <a title=\"D\u00eda Mundial de la Seguridad y la Salud\" href=\"http:\/\/www.ilo.org\/safework\/events\/safeday\/lang--es\/index.htm\" target=\"_blank\" rel=\"dofollow noopener\">D\u00eda Mundial de la Seguridad y la Salud<\/a> en el Trabajo el 28 de abril con el fin de promover <strong>la prevenci\u00f3n de accidentes de trabajo y enfermedades profesionales en todo el mundo<\/strong>. Se trata de una campa\u00f1a de sensibilizaci\u00f3n cuyo objetivo es centrar la atenci\u00f3n a nivel internacional sobre las nuevas tendencias en el \u00e1mbito de la <a title=\"Nuestro compromiso seguridad y salud - Ferrovial\" href=\"https:\/\/www.ferrovial.com\/es\/nuestro-compromiso-ferrovial\/seguridad-y-salud-laboral\/\" target=\"_blank\" rel=\"dofollow noopener\">seguridad y la salud<\/a> en el trabajo y sobre la importancia de las lesiones y enfermedades laborales.<\/p>\n<p>Ferrovial trabaja para crear entornos libres de riesgos para todos sus empleados, incluyendo a los usuarios de las infraestructuras y servicios. Dos principios rigen su actuaci\u00f3n: <em><a title=\"Sobre Target Zero - Ferrovial\" href=\"https:\/\/www.ferrovial.com\/es\/nuestro-compromiso-ferrovial\/seguridad-y-salud-laboral\/target-zero-seguridad-y-salud\/\" target=\"_blank\" rel=\"dofollow noopener\">Target Zero<\/a><\/em>\u00a0y cualquier accidente se puede evitar.<\/p>\n<p>Tener ambientes de trabajo seguros y saludables ayuda a que los trabajadores hagan sus funciones a gusto, y no es un secreto que, si las personas trabajan felices, hacen sus tareas de forma<strong> m\u00e1s positiva y productiva<\/strong>. Adem\u00e1s, disminuye la probabilidad de accidentarse y enfermarse y reduce el absentismo laboral por accidente o enfermedad.<\/p>\n<p>Seg\u00fan la <a title=\"OMS\" href=\"http:\/\/www.who.int\/es\/\" target=\"_blank\" rel=\"dofollow noopener\">OMS<\/a>, un entorno de trabajo saludable es un lugar donde todos trabajan unidos para alcanzar salud y bienestar. Desde la Direcci\u00f3n HSQE de Ferrovial queremos aprovechar la relevancia de este d\u00eda para <strong>concienciar y sensibilizar a todos nuestros trabajadores de la importancia de tener h\u00e1bitos saludables<\/strong>, con el fin de conseguir entre todos un entorno de trabajo seguro y saludable en todos los centros de trabajo.<\/p>\n<p>Los problemas de salud, y en especial de salud mental, afectan a una parte significativa de la poblaci\u00f3n. Seg\u00fan la encuesta ESE-MED-Espa\u00f1a, el<strong> 19,5%<\/strong> de personas presentan un trastorno mental a lo largo de su vida. En el an\u00e1lisis llevado a cabo en el Plan Estrat\u00e9gico 2014-2016 del Centro de Investigaci\u00f3n Biom\u00e9dica en Red de Salud Mental (CIBERSAM) se concluye que la salud mental supone la segunda causa de baja laboral (Moreno, J.O., L\u00f3pez Bastida, J., Montejo-Gonz\u00e1lez, A.L., Osuna-Guerrero, R., y Duque-Gonz\u00e1lez, B. (2009); <em>The socioeconomic costs of mental illness in Spain; European Journal of Health Economics<\/em>, 10 (4), 361-369).<\/p>\n<p>Seg\u00fan la Uni\u00f3n Europea son el segundo problema de salud relacionado con el trabajo en el continente. Sus datos: <strong>entre el 50 y el 60% de todos los d\u00edas de trabajo perdidos se pueden atribuir al estr\u00e9s y los riesgos psicosociales<\/strong>.<\/p>\n<p>El lugar de trabajo representa una excelente oportunidad para promover la pr\u00e1ctica de h\u00e1bitos saludables ya que la mayor\u00eda de los adultos nos encontramos en el trabajo la mayor parte del d\u00eda. Adem\u00e1s, en el trabajo tendemos a ser sedentarios y por lo tanto nos volvemos proclives a la aparici\u00f3n y el desarrollo de ciertas enfermedades. En un sondeo reciente realizado en la Uni\u00f3n Europea, la mitad de los encuestados dijeron que hac\u00edan poco o ning\u00fan ejercicio en el trabajo. Al menos dos tercios de los adultos en el oeste de Europa no son suficientemente activos y el nivel sigue decreciendo. <strong>La inactividad f\u00edsica puede causar hasta un 10% de las muertes en Europa<\/strong> seg\u00fan la Organizaci\u00f3n Mundial de la Salud (OMS).<\/p>\n<p>La <strong>actividad f\u00edsica<\/strong> es un factor importante que contribuye a la salud f\u00edsica y mental. Su pr\u00e1ctica regular, aun siendo de intensidad moderada, puede reducir la mortalidad, mejorar la calidad de vida y prevenir ciertas enfermedades. Disminuye el riesgo de enfermedades cr\u00f3nicas como las cardiovasculares, la diabetes, la osteoporosis y algunos tipos de c\u00e1ncer. Adem\u00e1s, el ejercicio disminuye la presi\u00f3n arterial y regula el nivel de colesterol. Tambi\u00e9n ayuda a mejorar la salud mental mediante la reducci\u00f3n de estr\u00e9s, ansiedad, trastornos depresivos y promueve el bienestar y la autoestima.<\/p>\n<h2><strong>Programas de salud y bienestar<\/strong><\/h2>\n<p>Los programas de salud y bienestar pretenden resaltar la importancia que para los trabajadores tiene el llevar una vida saludable, cuidando no s\u00f3lo nuestros h\u00e1bitos de alimentaci\u00f3n sino tambi\u00e9n la necesidad del ejercicio f\u00edsico.<\/p>\n<p>Son muchos los estudios e investigaciones que relacionan la actividad f\u00edsica en general, o en el entorno laboral, con la mejora de la salud o de la productividad, con el beneficio econ\u00f3mico del esfuerzo realizado o con la esperanza de vida o <strong>mejora de la calidad de la vida<\/strong> de las personas.<\/p>\n<p>Los programas de actividad f\u00edsica en el lugar de trabajo pueden reducir hasta el <strong>32%<\/strong> de las bajas laborales y aumentar la productividad en un 52%.<\/p>\n<p>Por todas estas razones, en los \u00faltimos a\u00f1os, en Ferrovial se han puesto en marcha numerosas iniciativas, basadas principalmente en tres pilares fundamentales:<\/p>\n<ul>\n<li>Nutrici\u00f3n.<\/li>\n<li>Actividad f\u00edsica.<\/li>\n<li>Salud y Persona.<\/li>\n<\/ul>\n<p>Desde la implantaci\u00f3n de las mismas, se ha mejorado de forma sobresaliente el ambiente de trabajo, impulsando<strong> la creatividad, el compromiso, la motivaci\u00f3n y la productividad<\/strong>, as\u00ed como reducido los costes por enfermedad y ratios de absentismo.<\/p>\n<p>Entre las numerosas iniciativas para favorecer h\u00e1bitos saludables implantadas en las distintas \u00e1reas de negocio y subsidiarias, destacan:<\/p>\n<ul>\n<li>El programa <strong>HASAVI<\/strong>, proyecto de salud y bienestar innovador implantado en <a title=\"Sobre Ferrovial Servicios - Ferrovial\" href=\"https:\/\/www.ferrovial.com\/es\/lineas-de-negocio\/ferrovial-servicios\/\" target=\"_blank\" rel=\"dofollow noopener\">Ferrovial Servicios<\/a> Espa\u00f1a cuyo objetivo es impulsar h\u00e1bitos y estilos de vida saludables entre los empleados, basado en los tres pilares anteriormente comentados, utilizando como palanca el entorno de trabajo.<\/li>\n<li>El programa Elige el camino m\u00e1s saludable en <a title=\"Sobre Cintra - Ferrovial\" href=\"https:\/\/www.ferrovial.com\/es\/lineas-de-negocio\/autopistas\/\" target=\"_blank\" rel=\"dofollow noopener\">Cintra<\/a><strong>, <\/strong>orientado a generar en cada uno de sus trabajadores una voluntad de adoptar h\u00e1bitos de vida saludables y a compartir estas experiencias formando redes de apoyo que motiven a los dem\u00e1s a alcanzar sus metas.<\/li>\n<li>Mental Health Ambassadors en <a title=\"Sobre Amey - Ferrovial\" href=\"https:\/\/www.ferrovial.com\/es\/lineas-de-negocio\/ferrovial-servicios\/sobre-ferrovial-servicios\/ferrovial-servicios-reino-unido\/\" target=\"_blank\" rel=\"dofollow noopener\">Amey<\/a>, que cuenta con una red de embajadores, cuyo prop\u00f3sito es aumentar la conciencia y el entendimiento de la salud mental, impulsar e incorporar el cambio dentro del lugar de trabajo y as\u00ed desafiar el estigma relacionado con la salud mental.<\/li>\n<li>Health &amp; Wellbeing Program at <a title=\"Sobre Broadspectrum - Ferrovial\" href=\"https:\/\/www.ferrovial.com\/es\/lineas-de-negocio\/ferrovial-servicios\/sobre-ferrovial-servicios\/australia-y-nueva-zelanda\/\" target=\"_blank\" rel=\"dofollow noopener\">Broadspectrum<\/a>, que ofrece distintas iniciativas y programas divididas en \u201cMind Health\u201d, \u201cNutritional Health &amp; Physical Health.<\/li>\n<li>Ferrovital, en Corporaci\u00f3n, que incluye talleres, charlas sobre salud o el servicio de fisioterapia, entre otros.<\/li>\n<li>La Semana del Bienestar, en las oficinas centrales de <a title=\"Sobre Construcci\u00f3n - Ferrovial\" href=\"https:\/\/www.ferrovial.com\/es\/lineas-de-negocio\/construccion\/\" target=\"_blank\" rel=\"dofollow noopener\">Construcci\u00f3n<\/a>, as\u00ed como en Ferrovial Agroman UK, orientada a ayudar a todos a tomar iniciativa para gestionar y mantener su salud y bienestar.<\/li>\n<li>Las <strong>Olimpiadas de Ferrovial<\/strong>, que cuentan con una media de<strong> 1.200 participantes<\/strong> anuales.<\/li>\n<li>Los talleres de mindfulness, impartidos en la Universidad Corporativa.<\/li>\n<\/ul>\n<p>Todas estas medidas pretenden ayudar al empleado a conseguir una mejor calidad de vida, que contribuye no solo a encontrarse mejor sino al desarrollo de sus competencias personales y sociales.<\/p>\n<p>Desde la Direcci\u00f3n de Calidad, Seguridad y Salud y Medio Ambiente de Ferrovial animamos a que este 28 de Abril, D\u00eda Mundial de la Seguridad y Salud en el Trabajo, os sum\u00e9is a nosotros y lo celebr\u00e9is de una manera saludable.<\/p>\n        <\/div>\n    <\/section>\n","protected":false},"excerpt":{"rendered":"","protected":false},"featured_media":4779,"menu_order":0,"comment_status":"closed","ping_status":"closed","template":"","nivel-2":[2621,1912,1019,1904,2240,2554],"nivel-5":[1729,2149],"nivel-1":[],"nivel-3":[],"nivel-4":[],"class_list":["post-4778","new","type-new","status-publish","has-post-thumbnail","hentry","nivel-2-comunicacion","nivel-2-corporativo","nivel-2-personas-y-equipo","nivel-2-recursos-humanos","nivel-2-seguridad-y-salud","nivel-2-servicios","nivel-5-cintra","nivel-5-ferrovial-construccion"],"acf":[],"yoast_head":"<title>Ferrovial se suma al D\u00eda Mundial de la Seguridad y la Salud en el Trabajo Sala de prensa Ferrovial | \u00daltimas noticias<\/title>\n<meta name=\"description\" content=\"Sala de prensa Ferrovial | \u00daltimas noticias\" \/>\n<meta name=\"robots\" content=\"index, follow, max-snippet:-1, max-image-preview:large, max-video-preview:-1\" \/>\n<link rel=\"canonical\" href=\"https:\/\/newsroom.ferrovial.com\/es\/noticias\/dia-mundial-seguridad-salud-2018\/\" \/>\n<meta property=\"og:locale\" content=\"es_ES\" \/>\n<meta property=\"og:type\" content=\"article\" \/>\n<meta property=\"og:title\" content=\"Ferrovial se suma al D\u00eda Mundial de la Seguridad y la Salud en el Trabajo Sala de prensa Ferrovial | \u00daltimas noticias\" \/>\n<meta property=\"og:description\" content=\"Sala de prensa Ferrovial | \u00daltimas noticias\" \/>\n<meta property=\"og:url\" content=\"https:\/\/newsroom.ferrovial.com\/es\/noticias\/dia-mundial-seguridad-salud-2018\/\" \/>\n<meta property=\"og:site_name\" content=\"Sala de prensa Ferrovial | \u00daltimas noticias\" \/>\n<meta property=\"article:publisher\" content=\"https:\/\/www.facebook.com\/ferrovial\" \/>\n<meta property=\"article:modified_time\" content=\"2024-12-13T19:06:50+00:00\" \/>\n<meta property=\"og:image\" content=\"https:\/\/newsroom.ferrovial.com\/wp-content\/uploads\/sites\/4\/2018\/07\/dia-mundial-seguridad-salud-2018-plaza-mayor-madrid-e1524821016143.jpg\" \/>\n\t<meta property=\"og:image:width\" content=\"1840\" \/>\n\t<meta property=\"og:image:height\" content=\"901\" \/>\n\t<meta property=\"og:image:type\" content=\"image\/jpeg\" \/>\n<meta name=\"twitter:card\" content=\"summary_large_image\" \/>\n<meta name=\"twitter:site\" content=\"@ferrovial\" \/>\n<meta name=\"twitter:label1\" content=\"Tiempo de lectura\" \/>\n\t<meta name=\"twitter:data1\" content=\"5 minutos\" \/>\n<script type=\"application\/ld+json\" class=\"yoast-schema-graph\">{\"@context\":\"https:\/\/schema.org\",\"@graph\":[{\"@type\":\"WebPage\",\"@id\":\"https:\/\/newsroom.ferrovial.com\/es\/noticias\/dia-mundial-seguridad-salud-2018\/\",\"url\":\"https:\/\/newsroom.ferrovial.com\/es\/noticias\/dia-mundial-seguridad-salud-2018\/\",\"name\":\"Ferrovial se suma al D\u00eda Mundial de la Seguridad y la Salud en el Trabajo Sala de prensa Ferrovial | \u00daltimas noticias\",\"isPartOf\":{\"@id\":\"https:\/\/newsroom.ferrovial.com\/es\/#website\"},\"primaryImageOfPage\":{\"@id\":\"https:\/\/newsroom.ferrovial.com\/es\/noticias\/dia-mundial-seguridad-salud-2018\/#primaryimage\"},\"image\":{\"@id\":\"https:\/\/newsroom.ferrovial.com\/es\/noticias\/dia-mundial-seguridad-salud-2018\/#primaryimage\"},\"thumbnailUrl\":\"https:\/\/static.newsroom.ferrovial.com\/wp-content\/uploads\/2018\/07\/15150314\/dia-mundial-seguridad-salud-2018-plaza-mayor-madrid-e1524821016143.jpg\",\"datePublished\":\"2018-04-27T00:00:00+00:00\",\"dateModified\":\"2024-12-13T19:06:50+00:00\",\"description\":\"Sala de prensa Ferrovial | \u00daltimas noticias\",\"breadcrumb\":{\"@id\":\"https:\/\/newsroom.ferrovial.com\/es\/noticias\/dia-mundial-seguridad-salud-2018\/#breadcrumb\"},\"inLanguage\":\"es\",\"potentialAction\":[{\"@type\":\"ReadAction\",\"target\":[\"https:\/\/newsroom.ferrovial.com\/es\/noticias\/dia-mundial-seguridad-salud-2018\/\"]}]},{\"@type\":\"ImageObject\",\"inLanguage\":\"es\",\"@id\":\"https:\/\/newsroom.ferrovial.com\/es\/noticias\/dia-mundial-seguridad-salud-2018\/#primaryimage\",\"url\":\"https:\/\/static.newsroom.ferrovial.com\/wp-content\/uploads\/2018\/07\/15150314\/dia-mundial-seguridad-salud-2018-plaza-mayor-madrid-e1524821016143.jpg\",\"contentUrl\":\"https:\/\/static.newsroom.ferrovial.com\/wp-content\/uploads\/2018\/07\/15150314\/dia-mundial-seguridad-salud-2018-plaza-mayor-madrid-e1524821016143.jpg\",\"width\":1840,\"height\":901,\"caption\":\"Trabajando en la Plaza Mayor de Madrid\"},{\"@type\":\"BreadcrumbList\",\"@id\":\"https:\/\/newsroom.ferrovial.com\/es\/noticias\/dia-mundial-seguridad-salud-2018\/#breadcrumb\",\"itemListElement\":[{\"@type\":\"ListItem\",\"position\":1,\"name\":\"Portada\",\"item\":\"https:\/\/newsroom.ferrovial.com\/es\/\"},{\"@type\":\"ListItem\",\"position\":2,\"name\":\"Ferrovial se suma al D\u00eda Mundial de la Seguridad y la Salud en el Trabajo\"}]},{\"@type\":\"WebSite\",\"@id\":\"https:\/\/newsroom.ferrovial.com\/es\/#website\",\"url\":\"https:\/\/newsroom.ferrovial.com\/es\/\",\"name\":\"Sala de prensa Ferrovial | \u00daltimas noticias\",\"description\":\"Sala de prensa Ferrovial | \u00daltimas noticias\",\"publisher\":{\"@id\":\"https:\/\/newsroom.ferrovial.com\/es\/#organization\"},\"potentialAction\":[{\"@type\":\"SearchAction\",\"target\":{\"@type\":\"EntryPoint\",\"urlTemplate\":\"https:\/\/newsroom.ferrovial.com\/es\/?s={search_term_string}\"},\"query-input\":{\"@type\":\"PropertyValueSpecification\",\"valueRequired\":true,\"valueName\":\"search_term_string\"}}],\"inLanguage\":\"es\"},{\"@type\":\"Organization\",\"@id\":\"https:\/\/newsroom.ferrovial.com\/es\/#organization\",\"name\":\"Ferrovial S.A.\",\"url\":\"https:\/\/newsroom.ferrovial.com\/es\/\",\"logo\":{\"@type\":\"ImageObject\",\"inLanguage\":\"es\",\"@id\":\"https:\/\/newsroom.ferrovial.com\/es\/#\/schema\/logo\/image\/\",\"url\":\"https:\/\/static.newsroom.ferrovial.com\/wp-content\/uploads\/2018\/07\/15145720\/Ferrovial_Logotipo1.jpg\",\"contentUrl\":\"https:\/\/static.newsroom.ferrovial.com\/wp-content\/uploads\/2018\/07\/15145720\/Ferrovial_Logotipo1.jpg\",\"width\":600,\"height\":300,\"caption\":\"Ferrovial S.A.\"},\"image\":{\"@id\":\"https:\/\/newsroom.ferrovial.com\/es\/#\/schema\/logo\/image\/\"},\"sameAs\":[\"https:\/\/www.facebook.com\/ferrovial\",\"https:\/\/x.com\/ferrovial\",\"https:\/\/www.instagram.com\/ferrovial\/\",\"https:\/\/www.linkedin.com\/company\/ferrovial\",\"https:\/\/www.pinterest.es\/ferrovial\/\",\"https:\/\/www.youtube.com\/ferrovial\",\"https:\/\/en.wikipedia.org\/wiki\/Ferrovial\"]}]}<\/script>","yoast_head_json":{"title":"Ferrovial se suma al D\u00eda Mundial de la Seguridad y la Salud en el Trabajo Sala de prensa Ferrovial | \u00daltimas noticias","description":"Sala de prensa Ferrovial | \u00daltimas noticias","robots":{"index":"index","follow":"follow","max-snippet":"max-snippet:-1","max-image-preview":"max-image-preview:large","max-video-preview":"max-video-preview:-1"},"canonical":"https:\/\/newsroom.ferrovial.com\/es\/noticias\/dia-mundial-seguridad-salud-2018\/","og_locale":"es_ES","og_type":"article","og_title":"Ferrovial se suma al D\u00eda Mundial de la Seguridad y la Salud en el Trabajo Sala de prensa Ferrovial | \u00daltimas noticias","og_description":"Sala de prensa Ferrovial | \u00daltimas noticias","og_url":"https:\/\/newsroom.ferrovial.com\/es\/noticias\/dia-mundial-seguridad-salud-2018\/","og_site_name":"Sala de prensa Ferrovial | \u00daltimas noticias","article_publisher":"https:\/\/www.facebook.com\/ferrovial","article_modified_time":"2024-12-13T19:06:50+00:00","og_image":[{"width":1840,"height":901,"url":"https:\/\/newsroom.ferrovial.com\/wp-content\/uploads\/sites\/4\/2018\/07\/dia-mundial-seguridad-salud-2018-plaza-mayor-madrid-e1524821016143.jpg","type":"image\/jpeg"}],"twitter_card":"summary_large_image","twitter_site":"@ferrovial","twitter_misc":{"Tiempo de lectura":"5 minutos"},"schema":{"@context":"https:\/\/schema.org","@graph":[{"@type":"WebPage","@id":"https:\/\/newsroom.ferrovial.com\/es\/noticias\/dia-mundial-seguridad-salud-2018\/","url":"https:\/\/newsroom.ferrovial.com\/es\/noticias\/dia-mundial-seguridad-salud-2018\/","name":"Ferrovial se suma al D\u00eda Mundial de la Seguridad y la Salud en el Trabajo Sala de prensa Ferrovial | \u00daltimas noticias","isPartOf":{"@id":"https:\/\/newsroom.ferrovial.com\/es\/#website"},"primaryImageOfPage":{"@id":"https:\/\/newsroom.ferrovial.com\/es\/noticias\/dia-mundial-seguridad-salud-2018\/#primaryimage"},"image":{"@id":"https:\/\/newsroom.ferrovial.com\/es\/noticias\/dia-mundial-seguridad-salud-2018\/#primaryimage"},"thumbnailUrl":"https:\/\/static.newsroom.ferrovial.com\/wp-content\/uploads\/2018\/07\/15150314\/dia-mundial-seguridad-salud-2018-plaza-mayor-madrid-e1524821016143.jpg","datePublished":"2018-04-27T00:00:00+00:00","dateModified":"2024-12-13T19:06:50+00:00","description":"Sala de prensa Ferrovial | \u00daltimas noticias","breadcrumb":{"@id":"https:\/\/newsroom.ferrovial.com\/es\/noticias\/dia-mundial-seguridad-salud-2018\/#breadcrumb"},"inLanguage":"es","potentialAction":[{"@type":"ReadAction","target":["https:\/\/newsroom.ferrovial.com\/es\/noticias\/dia-mundial-seguridad-salud-2018\/"]}]},{"@type":"ImageObject","inLanguage":"es","@id":"https:\/\/newsroom.ferrovial.com\/es\/noticias\/dia-mundial-seguridad-salud-2018\/#primaryimage","url":"https:\/\/static.newsroom.ferrovial.com\/wp-content\/uploads\/2018\/07\/15150314\/dia-mundial-seguridad-salud-2018-plaza-mayor-madrid-e1524821016143.jpg","contentUrl":"https:\/\/static.newsroom.ferrovial.com\/wp-content\/uploads\/2018\/07\/15150314\/dia-mundial-seguridad-salud-2018-plaza-mayor-madrid-e1524821016143.jpg","width":1840,"height":901,"caption":"Trabajando en la Plaza Mayor de Madrid"},{"@type":"BreadcrumbList","@id":"https:\/\/newsroom.ferrovial.com\/es\/noticias\/dia-mundial-seguridad-salud-2018\/#breadcrumb","itemListElement":[{"@type":"ListItem","position":1,"name":"Portada","item":"https:\/\/newsroom.ferrovial.com\/es\/"},{"@type":"ListItem","position":2,"name":"Ferrovial se suma al D\u00eda Mundial de la Seguridad y la Salud en el Trabajo"}]},{"@type":"WebSite","@id":"https:\/\/newsroom.ferrovial.com\/es\/#website","url":"https:\/\/newsroom.ferrovial.com\/es\/","name":"Sala de prensa Ferrovial | \u00daltimas noticias","description":"Sala de prensa Ferrovial | \u00daltimas noticias","publisher":{"@id":"https:\/\/newsroom.ferrovial.com\/es\/#organization"},"potentialAction":[{"@type":"SearchAction","target":{"@type":"EntryPoint","urlTemplate":"https:\/\/newsroom.ferrovial.com\/es\/?s={search_term_string}"},"query-input":{"@type":"PropertyValueSpecification","valueRequired":true,"valueName":"search_term_string"}}],"inLanguage":"es"},{"@type":"Organization","@id":"https:\/\/newsroom.ferrovial.com\/es\/#organization","name":"Ferrovial S.A.","url":"https:\/\/newsroom.ferrovial.com\/es\/","logo":{"@type":"ImageObject","inLanguage":"es","@id":"https:\/\/newsroom.ferrovial.com\/es\/#\/schema\/logo\/image\/","url":"https:\/\/static.newsroom.ferrovial.com\/wp-content\/uploads\/2018\/07\/15145720\/Ferrovial_Logotipo1.jpg","contentUrl":"https:\/\/static.newsroom.ferrovial.com\/wp-content\/uploads\/2018\/07\/15145720\/Ferrovial_Logotipo1.jpg","width":600,"height":300,"caption":"Ferrovial S.A."},"image":{"@id":"https:\/\/newsroom.ferrovial.com\/es\/#\/schema\/logo\/image\/"},"sameAs":["https:\/\/www.facebook.com\/ferrovial","https:\/\/x.com\/ferrovial","https:\/\/www.instagram.com\/ferrovial\/","https:\/\/www.linkedin.com\/company\/ferrovial","https:\/\/www.pinterest.es\/ferrovial\/","https:\/\/www.youtube.com\/ferrovial","https:\/\/en.wikipedia.org\/wiki\/Ferrovial"]}]}},"_links":{"self":[{"href":"https:\/\/newsroom.ferrovial.com\/es\/wp-json\/wp\/v2\/new\/4778","targetHints":{"allow":["GET"]}}],"collection":[{"href":"https:\/\/newsroom.ferrovial.com\/es\/wp-json\/wp\/v2\/new"}],"about":[{"href":"https:\/\/newsroom.ferrovial.com\/es\/wp-json\/wp\/v2\/types\/new"}],"replies":[{"embeddable":true,"href":"https:\/\/newsroom.ferrovial.com\/es\/wp-json\/wp\/v2\/comments?post=4778"}],"version-history":[{"count":3,"href":"https:\/\/newsroom.ferrovial.com\/es\/wp-json\/wp\/v2\/new\/4778\/revisions"}],"predecessor-version":[{"id":126098,"href":"https:\/\/newsroom.ferrovial.com\/es\/wp-json\/wp\/v2\/new\/4778\/revisions\/126098"}],"wp:featuredmedia":[{"embeddable":true,"href":"https:\/\/newsroom.ferrovial.com\/es\/wp-json\/wp\/v2\/media\/4779"}],"wp:attachment":[{"href":"https:\/\/newsroom.ferrovial.com\/es\/wp-json\/wp\/v2\/media?parent=4778"}],"wp:term":[{"taxonomy":"nivel-2","embeddable":true,"href":"https:\/\/newsroom.ferrovial.com\/es\/wp-json\/wp\/v2\/nivel-2?post=4778"},{"taxonomy":"nivel-5","embeddable":true,"href":"https:\/\/newsroom.ferrovial.com\/es\/wp-json\/wp\/v2\/nivel-5?post=4778"},{"taxonomy":"nivel-1","embeddable":true,"href":"https:\/\/newsroom.ferrovial.com\/es\/wp-json\/wp\/v2\/nivel-1?post=4778"},{"taxonomy":"nivel-3","embeddable":true,"href":"https:\/\/newsroom.ferrovial.com\/es\/wp-json\/wp\/v2\/nivel-3?post=4778"},{"taxonomy":"nivel-4","embeddable":true,"href":"https:\/\/newsroom.ferrovial.com\/es\/wp-json\/wp\/v2\/nivel-4?post=4778"}],"curies":[{"name":"wp","href":"https:\/\/api.w.org\/{rel}","templated":true}]}}