{"id":4839,"date":"2018-06-11T00:00:00","date_gmt":"2018-06-11T00:00:00","guid":{"rendered":"https:\/\/newsroom.ferrovial.com\/news\/inauguracion-hospital-cmv-caridad-murcia\/"},"modified":"2022-12-21T09:14:51","modified_gmt":"2022-12-21T08:14:51","slug":"inauguracion-hospital-cmv-caridad-murcia","status":"publish","type":"new","link":"https:\/\/newsroom.ferrovial.com\/es\/noticias\/inauguracion-hospital-cmv-caridad-murcia\/","title":{"rendered":"Ferrovial Agroman inaugura el Hospital CMV-Caridad en Cartagena, Murcia"},"content":{"rendered":"    <section class=\"wysiwyg text-editor \" id=\"\">\n        <div class=\"container container--narrow container--p-10\">\n            <p><a href=\"https:\/\/www.ferrovial.com\/es\/lineas-de-negocio\/construccion\/\">Ferrovial\u00a0Agroman<\/a>\u00a0inaugur\u00f3 el pasado 18 de Mayo <strong>el Hospital CMV-Caridad situado en Cartagena<\/strong>, provincia de Murcia. El proyecto que ha ejecutado nuestra compa\u00f1\u00eda ha ampliado en m\u00e1s de 4.000 m2 el edificio y redistribuido las instalaciones existentes.<span>\u00a0<\/span><\/p>\n<p>La ampliaci\u00f3n se ha desarrollado en tres actuaciones principales. La primera ha consistido en<strong> la construcci\u00f3n de un nuevo edificio<\/strong>, contiguo al ya existente por su fachada este, que se ha distribuido en tres plantas m\u00e1s una conexi\u00f3n interior entre el edificio existente y el de nueva construcci\u00f3n. En el nuevo edificio se han localizado los servicios generales del Centro M\u00e9dico, recepci\u00f3n, cafeter\u00eda, oficinas del\u00a0\u00e1rea de direcci\u00f3n y consultas.<span>\u00a0<\/span><\/p>\n<p>En una segunda actuaci\u00f3n <strong>se ha construido un nuevo edificio situado sobre el existente<\/strong> y la ampliaci\u00f3n adosada de la primera fase, distribuido en dos plantas dedicadas a habitaciones hospitalarias para un total de 40 camas, a\u00f1adi\u00e9ndole corredores y ascensores de camillas.<span>\u00a0<\/span><\/p>\n<p>La tercera fase ha a\u00f1adido un nuevo tercer volumen en su fachada oeste que consta de dos plantas. En este edificio se sit\u00faan los servicios de urgencias y acceso a quir\u00f3fanos.<span>\u00a0<\/span><\/p>\n<blockquote><p>\u201cLa ejecuci\u00f3n de esta obra ha supuesto un reto para el equipo, no solo por la complejidad intr\u00ednseca de las distintas actuaciones, en especial la estructura met\u00e1lica de soporte de las dos plantas, sino tambi\u00e9n por el hecho de estar trabajando en un Centro M\u00e9dico en funcionamiento ininterrumpido durante 20 meses\u201d, ha comentado Antonio Raya, Jefe de la Obra.<span>\u00a0<\/span><\/p><\/blockquote>\n<h3><strong>Principales magnitudes:\u00a0<\/strong><\/h3>\n<ul>\n<li>Cimentaciones: 644 m de pilotes de 850 y 650 mm de di\u00e1metro, 628 m de\u00a0micropilotes\u00a0de 220\u00a0mm.\u00a0y 813 m3\u00a0de hormig\u00f3n<span>\u00a0<\/span><\/li>\n<li>Estructura: 480 m3 de hormig\u00f3n en forjados de losa maciza, 2855 m2 de forjado de chapa\u00a0colaborante\u00a0y 301.500 kg en perfiles de acero estructural<span>\u00a0<\/span><\/li>\n<li>Fachadas: 1.058 m2 de muro cortina con 900 m2 de vidrio c\u00e1mara serigrafiado con motivos de nubes.<span>\u00a0<\/span><\/li>\n<li>Acabados interiores: Instalaci\u00f3n de alrededor de 5.500 m2 de tabiquer\u00eda y trasdosados de cart\u00f3n-yeso, 2.250 m2 de falsos techos de placas de cart\u00f3n-yeso y otros 1.000 de falsos techos desmontables. Los pavimentos han estado formados fundamentalmente por la colocaci\u00f3n de 1.000 m2 de lin\u00f3leo sobre pavimento de terrazo, 670 m2 resina epoxi como pavimento sobre las soleras, 450 m2 de terrazo continuo in situ, y otros 1.000 m2 de soleras de hormig\u00f3n en urbanizaci\u00f3n, adem\u00e1s del acabado de pinturas del tipo epoxi y pl\u00e1stica.<span>\u00a0<\/span><\/li>\n<li>Carpinter\u00eda Madera: Se han instalado 50 armarios y 120 puertas de paso de madera acabadas en diferentes colores, adem\u00e1s de 300 m2 de revestimiento de paredes con paneles de HPL y curvas.<span>\u00a0<\/span><\/li>\n<li>Instalaciones: Se han ejecutado las instalaciones de electricidad, climatizaci\u00f3n, fontaner\u00eda, saneamiento, telecomunicaciones, gases medicinales, gas natural, contraincendios e\u00a0inm\u00f3tica, y en varias de ellas su integraci\u00f3n con las instalaciones existentes en el centro m\u00e9dico.<span>\u00a0<\/span><\/li>\n<\/ul>\n<p>Al acto y posterior recorrido por las nuevas instalaciones del Centro asistieron el Presidente de la Comunidad Aut\u00f3noma de Murcia, <strong>Fernando L\u00f3pez<\/strong>; la Alcaldesa de Cartagena, <strong>Ana Bel\u00e9n Castej\u00f3n<\/strong>; as\u00ed como el Director General del Centro M\u00e9dico, <strong>Jos\u00e9 Mar\u00eda Ferrer<\/strong>. Por parte de Ferrovial asistieron <strong>\u00c1ngel Luis S\u00e1nchez<\/strong>, Director de Construcci\u00f3n Zona I; <strong>Jorge Sanz<\/strong>, Director de Murcia y Obra Civil de la Comunidad Valenciana; y <strong>Juan Gabriel Jim\u00e9nez<\/strong>, Jefe de Obras, entre otros.<span>\u00a0<\/span><\/p>\n<p>El equipo de obra ha estado formado por <strong>Antonio Raya<\/strong>, Jefe de Obra; <strong>Antonio J.\u00a0Cerezuela<\/strong>, Jefe de Producci\u00f3n; <strong>Jos\u00e9 Manuel Izquierdo<\/strong>, Encargado de Obra; y <strong>Mar\u00eda Teresa Gonz\u00e1lez<\/strong>, Administrativa de la obra.<span>\u00a0<\/span><\/p>\n        <\/div>\n    <\/section>\n","protected":false},"excerpt":{"rendered":"","protected":false},"featured_media":4840,"menu_order":0,"comment_status":"closed","ping_status":"closed","template":"","nivel-2":[2208,2209,987,2234,1008,2206],"nivel-5":[2149],"nivel-1":[2168],"nivel-3":[1258],"nivel-4":[1813],"class_list":["post-4839","new","type-new","status-publish","has-post-thumbnail","hentry","nivel-2-diseno-e-ingenieria","nivel-2-edificacion","nivel-2-infraestructuras","nivel-2-instalaciones","nivel-2-obra-civil","nivel-2-obras","nivel-5-ferrovial-construccion","nivel-1-construccion","nivel-3-espana","nivel-4-murcia"],"acf":[],"yoast_head":"<title>Ferrovial Agroman inaugura el Hospital CMV-Caridad en Cartagena, Murcia Sala de prensa Ferrovial | \u00daltimas noticias<\/title>\n<meta name=\"description\" content=\"Sala de prensa Ferrovial | \u00daltimas noticias\" \/>\n<meta name=\"robots\" content=\"index, follow, max-snippet:-1, max-image-preview:large, max-video-preview:-1\" \/>\n<link rel=\"canonical\" href=\"https:\/\/newsroom.ferrovial.com\/es\/noticias\/inauguracion-hospital-cmv-caridad-murcia\/\" \/>\n<meta property=\"og:locale\" content=\"es_ES\" \/>\n<meta property=\"og:type\" content=\"article\" \/>\n<meta property=\"og:title\" content=\"Ferrovial Agroman inaugura el Hospital CMV-Caridad en Cartagena, Murcia Sala de prensa Ferrovial | \u00daltimas noticias\" \/>\n<meta property=\"og:description\" content=\"Sala de prensa Ferrovial | \u00daltimas noticias\" \/>\n<meta property=\"og:url\" content=\"https:\/\/newsroom.ferrovial.com\/es\/noticias\/inauguracion-hospital-cmv-caridad-murcia\/\" \/>\n<meta property=\"og:site_name\" content=\"Sala de prensa Ferrovial | \u00daltimas noticias\" \/>\n<meta property=\"article:publisher\" content=\"https:\/\/www.facebook.com\/ferrovial\" \/>\n<meta property=\"article:modified_time\" content=\"2022-12-21T08:14:51+00:00\" \/>\n<meta property=\"og:image\" content=\"https:\/\/newsroom.ferrovial.com\/wp-content\/uploads\/sites\/4\/2018\/07\/hospital-cmv-caridad-murcia.jpg\" \/>\n\t<meta property=\"og:image:width\" content=\"850\" \/>\n\t<meta property=\"og:image:height\" content=\"415\" \/>\n\t<meta property=\"og:image:type\" content=\"image\/jpeg\" \/>\n<meta name=\"twitter:card\" content=\"summary_large_image\" \/>\n<meta name=\"twitter:site\" content=\"@ferrovial\" \/>\n<script type=\"application\/ld+json\" class=\"yoast-schema-graph\">{\"@context\":\"https:\/\/schema.org\",\"@graph\":[{\"@type\":\"WebPage\",\"@id\":\"https:\/\/newsroom.ferrovial.com\/es\/noticias\/inauguracion-hospital-cmv-caridad-murcia\/\",\"url\":\"https:\/\/newsroom.ferrovial.com\/es\/noticias\/inauguracion-hospital-cmv-caridad-murcia\/\",\"name\":\"Ferrovial Agroman inaugura el Hospital CMV-Caridad en Cartagena, Murcia Sala de prensa Ferrovial | \u00daltimas noticias\",\"isPartOf\":{\"@id\":\"https:\/\/newsroom.ferrovial.com\/es\/#website\"},\"primaryImageOfPage\":{\"@id\":\"https:\/\/newsroom.ferrovial.com\/es\/noticias\/inauguracion-hospital-cmv-caridad-murcia\/#primaryimage\"},\"image\":{\"@id\":\"https:\/\/newsroom.ferrovial.com\/es\/noticias\/inauguracion-hospital-cmv-caridad-murcia\/#primaryimage\"},\"thumbnailUrl\":\"https:\/\/static.newsroom.ferrovial.com\/wp-content\/uploads\/2018\/07\/15150239\/hospital-cmv-caridad-murcia.jpg\",\"datePublished\":\"2018-06-11T00:00:00+00:00\",\"dateModified\":\"2022-12-21T08:14:51+00:00\",\"description\":\"Sala de prensa Ferrovial | \u00daltimas noticias\",\"breadcrumb\":{\"@id\":\"https:\/\/newsroom.ferrovial.com\/es\/noticias\/inauguracion-hospital-cmv-caridad-murcia\/#breadcrumb\"},\"inLanguage\":\"es\",\"potentialAction\":[{\"@type\":\"ReadAction\",\"target\":[\"https:\/\/newsroom.ferrovial.com\/es\/noticias\/inauguracion-hospital-cmv-caridad-murcia\/\"]}]},{\"@type\":\"ImageObject\",\"inLanguage\":\"es\",\"@id\":\"https:\/\/newsroom.ferrovial.com\/es\/noticias\/inauguracion-hospital-cmv-caridad-murcia\/#primaryimage\",\"url\":\"https:\/\/static.newsroom.ferrovial.com\/wp-content\/uploads\/2018\/07\/15150239\/hospital-cmv-caridad-murcia.jpg\",\"contentUrl\":\"https:\/\/static.newsroom.ferrovial.com\/wp-content\/uploads\/2018\/07\/15150239\/hospital-cmv-caridad-murcia.jpg\",\"width\":850,\"height\":415,\"caption\":\"Hospital CMV-Caridad Murcia\"},{\"@type\":\"BreadcrumbList\",\"@id\":\"https:\/\/newsroom.ferrovial.com\/es\/noticias\/inauguracion-hospital-cmv-caridad-murcia\/#breadcrumb\",\"itemListElement\":[{\"@type\":\"ListItem\",\"position\":1,\"name\":\"Portada\",\"item\":\"https:\/\/newsroom.ferrovial.com\/es\/\"},{\"@type\":\"ListItem\",\"position\":2,\"name\":\"Ferrovial Agroman inaugura el Hospital CMV-Caridad en Cartagena, Murcia\"}]},{\"@type\":\"WebSite\",\"@id\":\"https:\/\/newsroom.ferrovial.com\/es\/#website\",\"url\":\"https:\/\/newsroom.ferrovial.com\/es\/\",\"name\":\"Sala de prensa Ferrovial | \u00daltimas noticias\",\"description\":\"Sala de prensa Ferrovial | \u00daltimas noticias\",\"publisher\":{\"@id\":\"https:\/\/newsroom.ferrovial.com\/es\/#organization\"},\"potentialAction\":[{\"@type\":\"SearchAction\",\"target\":{\"@type\":\"EntryPoint\",\"urlTemplate\":\"https:\/\/newsroom.ferrovial.com\/es\/?s={search_term_string}\"},\"query-input\":{\"@type\":\"PropertyValueSpecification\",\"valueRequired\":true,\"valueName\":\"search_term_string\"}}],\"inLanguage\":\"es\"},{\"@type\":\"Organization\",\"@id\":\"https:\/\/newsroom.ferrovial.com\/es\/#organization\",\"name\":\"Ferrovial S.A.\",\"url\":\"https:\/\/newsroom.ferrovial.com\/es\/\",\"logo\":{\"@type\":\"ImageObject\",\"inLanguage\":\"es\",\"@id\":\"https:\/\/newsroom.ferrovial.com\/es\/#\/schema\/logo\/image\/\",\"url\":\"https:\/\/static.newsroom.ferrovial.com\/wp-content\/uploads\/2018\/07\/15145720\/Ferrovial_Logotipo1.jpg\",\"contentUrl\":\"https:\/\/static.newsroom.ferrovial.com\/wp-content\/uploads\/2018\/07\/15145720\/Ferrovial_Logotipo1.jpg\",\"width\":600,\"height\":300,\"caption\":\"Ferrovial S.A.\"},\"image\":{\"@id\":\"https:\/\/newsroom.ferrovial.com\/es\/#\/schema\/logo\/image\/\"},\"sameAs\":[\"https:\/\/www.facebook.com\/ferrovial\",\"https:\/\/x.com\/ferrovial\",\"https:\/\/www.instagram.com\/ferrovial\/\",\"https:\/\/www.linkedin.com\/company\/ferrovial\",\"https:\/\/www.pinterest.es\/ferrovial\/\",\"https:\/\/www.youtube.com\/ferrovial\",\"https:\/\/en.wikipedia.org\/wiki\/Ferrovial\"]}]}<\/script>","yoast_head_json":{"title":"Ferrovial Agroman inaugura el Hospital CMV-Caridad en Cartagena, Murcia Sala de prensa Ferrovial | \u00daltimas noticias","description":"Sala de prensa Ferrovial | \u00daltimas noticias","robots":{"index":"index","follow":"follow","max-snippet":"max-snippet:-1","max-image-preview":"max-image-preview:large","max-video-preview":"max-video-preview:-1"},"canonical":"https:\/\/newsroom.ferrovial.com\/es\/noticias\/inauguracion-hospital-cmv-caridad-murcia\/","og_locale":"es_ES","og_type":"article","og_title":"Ferrovial Agroman inaugura el Hospital CMV-Caridad en Cartagena, Murcia Sala de prensa Ferrovial | \u00daltimas noticias","og_description":"Sala de prensa Ferrovial | \u00daltimas noticias","og_url":"https:\/\/newsroom.ferrovial.com\/es\/noticias\/inauguracion-hospital-cmv-caridad-murcia\/","og_site_name":"Sala de prensa Ferrovial | \u00daltimas noticias","article_publisher":"https:\/\/www.facebook.com\/ferrovial","article_modified_time":"2022-12-21T08:14:51+00:00","og_image":[{"width":850,"height":415,"url":"https:\/\/newsroom.ferrovial.com\/wp-content\/uploads\/sites\/4\/2018\/07\/hospital-cmv-caridad-murcia.jpg","type":"image\/jpeg"}],"twitter_card":"summary_large_image","twitter_site":"@ferrovial","schema":{"@context":"https:\/\/schema.org","@graph":[{"@type":"WebPage","@id":"https:\/\/newsroom.ferrovial.com\/es\/noticias\/inauguracion-hospital-cmv-caridad-murcia\/","url":"https:\/\/newsroom.ferrovial.com\/es\/noticias\/inauguracion-hospital-cmv-caridad-murcia\/","name":"Ferrovial Agroman inaugura el Hospital CMV-Caridad en Cartagena, Murcia Sala de prensa Ferrovial | \u00daltimas noticias","isPartOf":{"@id":"https:\/\/newsroom.ferrovial.com\/es\/#website"},"primaryImageOfPage":{"@id":"https:\/\/newsroom.ferrovial.com\/es\/noticias\/inauguracion-hospital-cmv-caridad-murcia\/#primaryimage"},"image":{"@id":"https:\/\/newsroom.ferrovial.com\/es\/noticias\/inauguracion-hospital-cmv-caridad-murcia\/#primaryimage"},"thumbnailUrl":"https:\/\/static.newsroom.ferrovial.com\/wp-content\/uploads\/2018\/07\/15150239\/hospital-cmv-caridad-murcia.jpg","datePublished":"2018-06-11T00:00:00+00:00","dateModified":"2022-12-21T08:14:51+00:00","description":"Sala de prensa Ferrovial | \u00daltimas noticias","breadcrumb":{"@id":"https:\/\/newsroom.ferrovial.com\/es\/noticias\/inauguracion-hospital-cmv-caridad-murcia\/#breadcrumb"},"inLanguage":"es","potentialAction":[{"@type":"ReadAction","target":["https:\/\/newsroom.ferrovial.com\/es\/noticias\/inauguracion-hospital-cmv-caridad-murcia\/"]}]},{"@type":"ImageObject","inLanguage":"es","@id":"https:\/\/newsroom.ferrovial.com\/es\/noticias\/inauguracion-hospital-cmv-caridad-murcia\/#primaryimage","url":"https:\/\/static.newsroom.ferrovial.com\/wp-content\/uploads\/2018\/07\/15150239\/hospital-cmv-caridad-murcia.jpg","contentUrl":"https:\/\/static.newsroom.ferrovial.com\/wp-content\/uploads\/2018\/07\/15150239\/hospital-cmv-caridad-murcia.jpg","width":850,"height":415,"caption":"Hospital CMV-Caridad Murcia"},{"@type":"BreadcrumbList","@id":"https:\/\/newsroom.ferrovial.com\/es\/noticias\/inauguracion-hospital-cmv-caridad-murcia\/#breadcrumb","itemListElement":[{"@type":"ListItem","position":1,"name":"Portada","item":"https:\/\/newsroom.ferrovial.com\/es\/"},{"@type":"ListItem","position":2,"name":"Ferrovial Agroman inaugura el Hospital CMV-Caridad en Cartagena, Murcia"}]},{"@type":"WebSite","@id":"https:\/\/newsroom.ferrovial.com\/es\/#website","url":"https:\/\/newsroom.ferrovial.com\/es\/","name":"Sala de prensa Ferrovial | \u00daltimas noticias","description":"Sala de prensa Ferrovial | \u00daltimas noticias","publisher":{"@id":"https:\/\/newsroom.ferrovial.com\/es\/#organization"},"potentialAction":[{"@type":"SearchAction","target":{"@type":"EntryPoint","urlTemplate":"https:\/\/newsroom.ferrovial.com\/es\/?s={search_term_string}"},"query-input":{"@type":"PropertyValueSpecification","valueRequired":true,"valueName":"search_term_string"}}],"inLanguage":"es"},{"@type":"Organization","@id":"https:\/\/newsroom.ferrovial.com\/es\/#organization","name":"Ferrovial S.A.","url":"https:\/\/newsroom.ferrovial.com\/es\/","logo":{"@type":"ImageObject","inLanguage":"es","@id":"https:\/\/newsroom.ferrovial.com\/es\/#\/schema\/logo\/image\/","url":"https:\/\/static.newsroom.ferrovial.com\/wp-content\/uploads\/2018\/07\/15145720\/Ferrovial_Logotipo1.jpg","contentUrl":"https:\/\/static.newsroom.ferrovial.com\/wp-content\/uploads\/2018\/07\/15145720\/Ferrovial_Logotipo1.jpg","width":600,"height":300,"caption":"Ferrovial S.A."},"image":{"@id":"https:\/\/newsroom.ferrovial.com\/es\/#\/schema\/logo\/image\/"},"sameAs":["https:\/\/www.facebook.com\/ferrovial","https:\/\/x.com\/ferrovial","https:\/\/www.instagram.com\/ferrovial\/","https:\/\/www.linkedin.com\/company\/ferrovial","https:\/\/www.pinterest.es\/ferrovial\/","https:\/\/www.youtube.com\/ferrovial","https:\/\/en.wikipedia.org\/wiki\/Ferrovial"]}]}},"_links":{"self":[{"href":"https:\/\/newsroom.ferrovial.com\/es\/wp-json\/wp\/v2\/new\/4839","targetHints":{"allow":["GET"]}}],"collection":[{"href":"https:\/\/newsroom.ferrovial.com\/es\/wp-json\/wp\/v2\/new"}],"about":[{"href":"https:\/\/newsroom.ferrovial.com\/es\/wp-json\/wp\/v2\/types\/new"}],"replies":[{"embeddable":true,"href":"https:\/\/newsroom.ferrovial.com\/es\/wp-json\/wp\/v2\/comments?post=4839"}],"version-history":[{"count":1,"href":"https:\/\/newsroom.ferrovial.com\/es\/wp-json\/wp\/v2\/new\/4839\/revisions"}],"predecessor-version":[{"id":96538,"href":"https:\/\/newsroom.ferrovial.com\/es\/wp-json\/wp\/v2\/new\/4839\/revisions\/96538"}],"wp:featuredmedia":[{"embeddable":true,"href":"https:\/\/newsroom.ferrovial.com\/es\/wp-json\/wp\/v2\/media\/4840"}],"wp:attachment":[{"href":"https:\/\/newsroom.ferrovial.com\/es\/wp-json\/wp\/v2\/media?parent=4839"}],"wp:term":[{"taxonomy":"nivel-2","embeddable":true,"href":"https:\/\/newsroom.ferrovial.com\/es\/wp-json\/wp\/v2\/nivel-2?post=4839"},{"taxonomy":"nivel-5","embeddable":true,"href":"https:\/\/newsroom.ferrovial.com\/es\/wp-json\/wp\/v2\/nivel-5?post=4839"},{"taxonomy":"nivel-1","embeddable":true,"href":"https:\/\/newsroom.ferrovial.com\/es\/wp-json\/wp\/v2\/nivel-1?post=4839"},{"taxonomy":"nivel-3","embeddable":true,"href":"https:\/\/newsroom.ferrovial.com\/es\/wp-json\/wp\/v2\/nivel-3?post=4839"},{"taxonomy":"nivel-4","embeddable":true,"href":"https:\/\/newsroom.ferrovial.com\/es\/wp-json\/wp\/v2\/nivel-4?post=4839"}],"curies":[{"name":"wp","href":"https:\/\/api.w.org\/{rel}","templated":true}]}}