{"id":70121,"date":"2019-02-06T16:58:58","date_gmt":"2019-02-06T15:58:58","guid":{"rendered":"https:\/\/newsroom.ferrovial.com\/?post_type=new&#038;p=70121"},"modified":"2022-12-21T09:07:55","modified_gmt":"2022-12-21T08:07:55","slug":"rafael-del-pino-y-el-obispo-de-la-diocesis-de-calahorra-y-la-calzada-logrono-firman-un-convenio-de-colaboracion","status":"publish","type":"new","link":"https:\/\/newsroom.ferrovial.com\/es\/noticias\/rafael-del-pino-y-el-obispo-de-la-diocesis-de-calahorra-y-la-calzada-logrono-firman-un-convenio-de-colaboracion\/","title":{"rendered":"Ferrovial firma un convenio de colaboraci\u00f3n para restaurar la Cripta de Santo Domingo de La Calzada"},"content":{"rendered":"    <section class=\"wysiwyg text-editor \" id=\"\">\n        <div class=\"container container--narrow container--p-10\">\n            <p>La compa\u00f1\u00eda aportar\u00e1 la cantidad de 20.000 euros que se destinar\u00e1 a la restauraci\u00f3n de la cripta de la catedral donde yace el Santo, y\u00a0la mejora de la\u00a0iluminaci\u00f3n. Las obras se llevar\u00e1n a cabo\u00a0durante los meses de marzo y primeros de abril de este 2019, a\u00f1o en el que tiene lugar la celebraci\u00f3n del Milenario del Nacimiento de Santo Domingo de la Calzada y del A\u00f1o Jubilar concedido por la Santa Sede con motivo del aniversario de quien fue una figura capital en la consolidaci\u00f3n del Camino de Santiago. Asimismo, el Cabildo design\u00f3 al presidente de <strong>Ferrovial miembro del Comit\u00e9 de Honor, presidido por SS.MM. el Rey.<\/strong><\/p>\n<p>A Santo Domingo de La Calzada se le conoce como el\u00a0ingeniero del camino por ser\u00a0un pionero de la ruta jacobea en la concepci\u00f3n y construcci\u00f3n de las distintas estructuras que se encuentran a lo largo del Camino de Santiago.\u00a0Durante el acto de firma del convenio,\u00a0Rafael del Pino se\u00f1al\u00f3\u00a0que:<\/p>\n        <\/div>\n    <\/section>\n    <section class=\"block-quote \" id=\"\">\n        <div class=\"container container--narrow container--p-10 block-quote__body\">\n            <blockquote class=\"block-quote__text\" aria-label=\"\">\n                En Ferrovial nos sentimos muy orgullosos y honrados de poder colaborar con la restauraci\u00f3n de la cripta            <\/blockquote>\n\n            <footer class=\"block-quote__footer\">\n                                    <p class=\"block-quote__author\" aria-label=\"\">\n                        <span class=\"block-quote__author-name\">Rafael del Pino <\/span>\n                    <\/p>\n                                    <p class=\"block-quote__author-role\" aria-label=\"\">\n                        Presidente de Ferrovial                    <\/p>\n                            <\/footer>\n        <\/div>\n    <\/section>\n    <section class=\"wysiwyg text-editor \" id=\"\">\n        <div class=\"container container--narrow container--p-10\">\n            <p>Y a\u00f1adi\u00f3:<\/p>\n        <\/div>\n    <\/section>\n    <section class=\"block-quote \" id=\"\">\n        <div class=\"container container--narrow container--p-10 block-quote__body\">\n            <blockquote class=\"block-quote__text\" aria-label=\"\">\n                La empresa emplea a muchos ingenieros de caminos y por lo tanto tenemos una gran admiraci\u00f3n y respeto por el Santo            <\/blockquote>\n\n            <footer class=\"block-quote__footer\">\n                            <\/footer>\n        <\/div>\n    <\/section>\n    <section class=\"wysiwyg text-editor \" id=\"\">\n        <div class=\"container container--narrow container--p-10\">\n            <p>El <strong>A\u00f1o Jubilar Calceatense<\/strong> se extender\u00e1 desde el <strong>25 de abril de 2019 hasta el 13 de enero de 2020<\/strong>. Arrancar\u00e1 con la apertura de la Puerta Santa del Perd\u00f3n de la catedral y con una eucarist\u00eda presidida por el presidente de la Conferencia Episcopal Espa\u00f1ola, el cardenal Ricardo Bl\u00e1zquez.<\/p>\n        <\/div>\n    <\/section>\n","protected":false},"excerpt":{"rendered":"","protected":false},"featured_media":70722,"menu_order":0,"comment_status":"closed","ping_status":"closed","template":"","nivel-2":[906,2206,2091,2201,2204,1036,1037],"nivel-5":[],"nivel-1":[],"nivel-3":[1258],"nivel-4":[1789],"class_list":["post-70121","new","type-new","status-publish","has-post-thumbnail","hentry","nivel-2-accion-social","nivel-2-obras","nivel-2-proyectos","nivel-2-proyectos-sociales","nivel-2-rehabilitacion-y-conservacion","nivel-2-responsabilidad-social-corporativa","nivel-2-restauracion","nivel-3-espana","nivel-4-castilla-y-leon"],"acf":[],"yoast_head":"<title>Ferrovial en la restauraci\u00f3n de Santo Domingo de La Calzada<\/title>\n<meta name=\"description\" content=\"Ferrovial firma un convenio de colaboraci\u00f3n para restaurar la Cripta de Santo Domingo de La Calzada\" \/>\n<meta name=\"robots\" content=\"index, follow, max-snippet:-1, max-image-preview:large, max-video-preview:-1\" \/>\n<link rel=\"canonical\" href=\"https:\/\/newsroom.ferrovial.com\/es\/noticias\/rafael-del-pino-y-el-obispo-de-la-diocesis-de-calahorra-y-la-calzada-logrono-firman-un-convenio-de-colaboracion\/\" \/>\n<meta property=\"og:locale\" content=\"es_ES\" \/>\n<meta property=\"og:type\" content=\"article\" \/>\n<meta property=\"og:title\" content=\"Ferrovial en la restauraci\u00f3n de Santo Domingo de La Calzada\" \/>\n<meta property=\"og:description\" content=\"Ferrovial firma un convenio de colaboraci\u00f3n para restaurar la Cripta de Santo Domingo de La Calzada\" \/>\n<meta property=\"og:url\" content=\"https:\/\/newsroom.ferrovial.com\/es\/noticias\/rafael-del-pino-y-el-obispo-de-la-diocesis-de-calahorra-y-la-calzada-logrono-firman-un-convenio-de-colaboracion\/\" \/>\n<meta property=\"og:site_name\" content=\"Sala de prensa Ferrovial | \u00daltimas noticias\" \/>\n<meta property=\"article:publisher\" content=\"https:\/\/www.facebook.com\/ferrovial\" \/>\n<meta property=\"article:modified_time\" content=\"2022-12-21T08:07:55+00:00\" \/>\n<meta property=\"og:image\" content=\"https:\/\/newsroom.ferrovial.com\/wp-content\/uploads\/sites\/4\/2019\/02\/convenio-presidente-de-ferrovial-y-obispo-de-calahorra-e1549967164153.jpg\" \/>\n\t<meta property=\"og:image:width\" content=\"3960\" \/>\n\t<meta property=\"og:image:height\" content=\"2098\" \/>\n\t<meta property=\"og:image:type\" content=\"image\/jpeg\" \/>\n<meta name=\"twitter:card\" content=\"summary_large_image\" \/>\n<meta name=\"twitter:site\" content=\"@ferrovial\" \/>\n<script type=\"application\/ld+json\" class=\"yoast-schema-graph\">{\"@context\":\"https:\/\/schema.org\",\"@graph\":[{\"@type\":\"WebPage\",\"@id\":\"https:\/\/newsroom.ferrovial.com\/es\/noticias\/rafael-del-pino-y-el-obispo-de-la-diocesis-de-calahorra-y-la-calzada-logrono-firman-un-convenio-de-colaboracion\/\",\"url\":\"https:\/\/newsroom.ferrovial.com\/es\/noticias\/rafael-del-pino-y-el-obispo-de-la-diocesis-de-calahorra-y-la-calzada-logrono-firman-un-convenio-de-colaboracion\/\",\"name\":\"Ferrovial en la restauraci\u00f3n de Santo Domingo de La Calzada\",\"isPartOf\":{\"@id\":\"https:\/\/newsroom.ferrovial.com\/es\/#website\"},\"primaryImageOfPage\":{\"@id\":\"https:\/\/newsroom.ferrovial.com\/es\/noticias\/rafael-del-pino-y-el-obispo-de-la-diocesis-de-calahorra-y-la-calzada-logrono-firman-un-convenio-de-colaboracion\/#primaryimage\"},\"image\":{\"@id\":\"https:\/\/newsroom.ferrovial.com\/es\/noticias\/rafael-del-pino-y-el-obispo-de-la-diocesis-de-calahorra-y-la-calzada-logrono-firman-un-convenio-de-colaboracion\/#primaryimage\"},\"thumbnailUrl\":\"https:\/\/static.newsroom.ferrovial.com\/wp-content\/uploads\/2019\/02\/15152346\/convenio-presidente-de-ferrovial-y-obispo-de-calahorra-e1549967164153.jpg\",\"datePublished\":\"2019-02-06T15:58:58+00:00\",\"dateModified\":\"2022-12-21T08:07:55+00:00\",\"description\":\"Ferrovial firma un convenio de colaboraci\u00f3n para restaurar la Cripta de Santo Domingo de La Calzada\",\"breadcrumb\":{\"@id\":\"https:\/\/newsroom.ferrovial.com\/es\/noticias\/rafael-del-pino-y-el-obispo-de-la-diocesis-de-calahorra-y-la-calzada-logrono-firman-un-convenio-de-colaboracion\/#breadcrumb\"},\"inLanguage\":\"es\",\"potentialAction\":[{\"@type\":\"ReadAction\",\"target\":[\"https:\/\/newsroom.ferrovial.com\/es\/noticias\/rafael-del-pino-y-el-obispo-de-la-diocesis-de-calahorra-y-la-calzada-logrono-firman-un-convenio-de-colaboracion\/\"]}]},{\"@type\":\"ImageObject\",\"inLanguage\":\"es\",\"@id\":\"https:\/\/newsroom.ferrovial.com\/es\/noticias\/rafael-del-pino-y-el-obispo-de-la-diocesis-de-calahorra-y-la-calzada-logrono-firman-un-convenio-de-colaboracion\/#primaryimage\",\"url\":\"https:\/\/static.newsroom.ferrovial.com\/wp-content\/uploads\/2019\/02\/15152346\/convenio-presidente-de-ferrovial-y-obispo-de-calahorra-e1549967164153.jpg\",\"contentUrl\":\"https:\/\/static.newsroom.ferrovial.com\/wp-content\/uploads\/2019\/02\/15152346\/convenio-presidente-de-ferrovial-y-obispo-de-calahorra-e1549967164153.jpg\",\"width\":3960,\"height\":2098,\"caption\":\"Rafael del Pino Ferrovial y Obispo de Calahorra\"},{\"@type\":\"BreadcrumbList\",\"@id\":\"https:\/\/newsroom.ferrovial.com\/es\/noticias\/rafael-del-pino-y-el-obispo-de-la-diocesis-de-calahorra-y-la-calzada-logrono-firman-un-convenio-de-colaboracion\/#breadcrumb\",\"itemListElement\":[{\"@type\":\"ListItem\",\"position\":1,\"name\":\"Portada\",\"item\":\"https:\/\/newsroom.ferrovial.com\/es\/\"},{\"@type\":\"ListItem\",\"position\":2,\"name\":\"Ferrovial firma un convenio de colaboraci\u00f3n para restaurar la Cripta de Santo Domingo de La Calzada\"}]},{\"@type\":\"WebSite\",\"@id\":\"https:\/\/newsroom.ferrovial.com\/es\/#website\",\"url\":\"https:\/\/newsroom.ferrovial.com\/es\/\",\"name\":\"Sala de prensa Ferrovial | \u00daltimas noticias\",\"description\":\"Sala de prensa Ferrovial | \u00daltimas noticias\",\"publisher\":{\"@id\":\"https:\/\/newsroom.ferrovial.com\/es\/#organization\"},\"potentialAction\":[{\"@type\":\"SearchAction\",\"target\":{\"@type\":\"EntryPoint\",\"urlTemplate\":\"https:\/\/newsroom.ferrovial.com\/es\/?s={search_term_string}\"},\"query-input\":{\"@type\":\"PropertyValueSpecification\",\"valueRequired\":true,\"valueName\":\"search_term_string\"}}],\"inLanguage\":\"es\"},{\"@type\":\"Organization\",\"@id\":\"https:\/\/newsroom.ferrovial.com\/es\/#organization\",\"name\":\"Ferrovial S.A.\",\"url\":\"https:\/\/newsroom.ferrovial.com\/es\/\",\"logo\":{\"@type\":\"ImageObject\",\"inLanguage\":\"es\",\"@id\":\"https:\/\/newsroom.ferrovial.com\/es\/#\/schema\/logo\/image\/\",\"url\":\"https:\/\/static.newsroom.ferrovial.com\/wp-content\/uploads\/2018\/07\/15145720\/Ferrovial_Logotipo1.jpg\",\"contentUrl\":\"https:\/\/static.newsroom.ferrovial.com\/wp-content\/uploads\/2018\/07\/15145720\/Ferrovial_Logotipo1.jpg\",\"width\":600,\"height\":300,\"caption\":\"Ferrovial S.A.\"},\"image\":{\"@id\":\"https:\/\/newsroom.ferrovial.com\/es\/#\/schema\/logo\/image\/\"},\"sameAs\":[\"https:\/\/www.facebook.com\/ferrovial\",\"https:\/\/x.com\/ferrovial\",\"https:\/\/www.instagram.com\/ferrovial\/\",\"https:\/\/www.linkedin.com\/company\/ferrovial\",\"https:\/\/www.pinterest.es\/ferrovial\/\",\"https:\/\/www.youtube.com\/ferrovial\",\"https:\/\/en.wikipedia.org\/wiki\/Ferrovial\"]}]}<\/script>","yoast_head_json":{"title":"Ferrovial en la restauraci\u00f3n de Santo Domingo de La Calzada","description":"Ferrovial firma un convenio de colaboraci\u00f3n para restaurar la Cripta de Santo Domingo de La Calzada","robots":{"index":"index","follow":"follow","max-snippet":"max-snippet:-1","max-image-preview":"max-image-preview:large","max-video-preview":"max-video-preview:-1"},"canonical":"https:\/\/newsroom.ferrovial.com\/es\/noticias\/rafael-del-pino-y-el-obispo-de-la-diocesis-de-calahorra-y-la-calzada-logrono-firman-un-convenio-de-colaboracion\/","og_locale":"es_ES","og_type":"article","og_title":"Ferrovial en la restauraci\u00f3n de Santo Domingo de La Calzada","og_description":"Ferrovial firma un convenio de colaboraci\u00f3n para restaurar la Cripta de Santo Domingo de La Calzada","og_url":"https:\/\/newsroom.ferrovial.com\/es\/noticias\/rafael-del-pino-y-el-obispo-de-la-diocesis-de-calahorra-y-la-calzada-logrono-firman-un-convenio-de-colaboracion\/","og_site_name":"Sala de prensa Ferrovial | \u00daltimas noticias","article_publisher":"https:\/\/www.facebook.com\/ferrovial","article_modified_time":"2022-12-21T08:07:55+00:00","og_image":[{"width":3960,"height":2098,"url":"https:\/\/newsroom.ferrovial.com\/wp-content\/uploads\/sites\/4\/2019\/02\/convenio-presidente-de-ferrovial-y-obispo-de-calahorra-e1549967164153.jpg","type":"image\/jpeg"}],"twitter_card":"summary_large_image","twitter_site":"@ferrovial","schema":{"@context":"https:\/\/schema.org","@graph":[{"@type":"WebPage","@id":"https:\/\/newsroom.ferrovial.com\/es\/noticias\/rafael-del-pino-y-el-obispo-de-la-diocesis-de-calahorra-y-la-calzada-logrono-firman-un-convenio-de-colaboracion\/","url":"https:\/\/newsroom.ferrovial.com\/es\/noticias\/rafael-del-pino-y-el-obispo-de-la-diocesis-de-calahorra-y-la-calzada-logrono-firman-un-convenio-de-colaboracion\/","name":"Ferrovial en la restauraci\u00f3n de Santo Domingo de La Calzada","isPartOf":{"@id":"https:\/\/newsroom.ferrovial.com\/es\/#website"},"primaryImageOfPage":{"@id":"https:\/\/newsroom.ferrovial.com\/es\/noticias\/rafael-del-pino-y-el-obispo-de-la-diocesis-de-calahorra-y-la-calzada-logrono-firman-un-convenio-de-colaboracion\/#primaryimage"},"image":{"@id":"https:\/\/newsroom.ferrovial.com\/es\/noticias\/rafael-del-pino-y-el-obispo-de-la-diocesis-de-calahorra-y-la-calzada-logrono-firman-un-convenio-de-colaboracion\/#primaryimage"},"thumbnailUrl":"https:\/\/static.newsroom.ferrovial.com\/wp-content\/uploads\/2019\/02\/15152346\/convenio-presidente-de-ferrovial-y-obispo-de-calahorra-e1549967164153.jpg","datePublished":"2019-02-06T15:58:58+00:00","dateModified":"2022-12-21T08:07:55+00:00","description":"Ferrovial firma un convenio de colaboraci\u00f3n para restaurar la Cripta de Santo Domingo de La Calzada","breadcrumb":{"@id":"https:\/\/newsroom.ferrovial.com\/es\/noticias\/rafael-del-pino-y-el-obispo-de-la-diocesis-de-calahorra-y-la-calzada-logrono-firman-un-convenio-de-colaboracion\/#breadcrumb"},"inLanguage":"es","potentialAction":[{"@type":"ReadAction","target":["https:\/\/newsroom.ferrovial.com\/es\/noticias\/rafael-del-pino-y-el-obispo-de-la-diocesis-de-calahorra-y-la-calzada-logrono-firman-un-convenio-de-colaboracion\/"]}]},{"@type":"ImageObject","inLanguage":"es","@id":"https:\/\/newsroom.ferrovial.com\/es\/noticias\/rafael-del-pino-y-el-obispo-de-la-diocesis-de-calahorra-y-la-calzada-logrono-firman-un-convenio-de-colaboracion\/#primaryimage","url":"https:\/\/static.newsroom.ferrovial.com\/wp-content\/uploads\/2019\/02\/15152346\/convenio-presidente-de-ferrovial-y-obispo-de-calahorra-e1549967164153.jpg","contentUrl":"https:\/\/static.newsroom.ferrovial.com\/wp-content\/uploads\/2019\/02\/15152346\/convenio-presidente-de-ferrovial-y-obispo-de-calahorra-e1549967164153.jpg","width":3960,"height":2098,"caption":"Rafael del Pino Ferrovial y Obispo de Calahorra"},{"@type":"BreadcrumbList","@id":"https:\/\/newsroom.ferrovial.com\/es\/noticias\/rafael-del-pino-y-el-obispo-de-la-diocesis-de-calahorra-y-la-calzada-logrono-firman-un-convenio-de-colaboracion\/#breadcrumb","itemListElement":[{"@type":"ListItem","position":1,"name":"Portada","item":"https:\/\/newsroom.ferrovial.com\/es\/"},{"@type":"ListItem","position":2,"name":"Ferrovial firma un convenio de colaboraci\u00f3n para restaurar la Cripta de Santo Domingo de La Calzada"}]},{"@type":"WebSite","@id":"https:\/\/newsroom.ferrovial.com\/es\/#website","url":"https:\/\/newsroom.ferrovial.com\/es\/","name":"Sala de prensa Ferrovial | \u00daltimas noticias","description":"Sala de prensa Ferrovial | \u00daltimas noticias","publisher":{"@id":"https:\/\/newsroom.ferrovial.com\/es\/#organization"},"potentialAction":[{"@type":"SearchAction","target":{"@type":"EntryPoint","urlTemplate":"https:\/\/newsroom.ferrovial.com\/es\/?s={search_term_string}"},"query-input":{"@type":"PropertyValueSpecification","valueRequired":true,"valueName":"search_term_string"}}],"inLanguage":"es"},{"@type":"Organization","@id":"https:\/\/newsroom.ferrovial.com\/es\/#organization","name":"Ferrovial S.A.","url":"https:\/\/newsroom.ferrovial.com\/es\/","logo":{"@type":"ImageObject","inLanguage":"es","@id":"https:\/\/newsroom.ferrovial.com\/es\/#\/schema\/logo\/image\/","url":"https:\/\/static.newsroom.ferrovial.com\/wp-content\/uploads\/2018\/07\/15145720\/Ferrovial_Logotipo1.jpg","contentUrl":"https:\/\/static.newsroom.ferrovial.com\/wp-content\/uploads\/2018\/07\/15145720\/Ferrovial_Logotipo1.jpg","width":600,"height":300,"caption":"Ferrovial S.A."},"image":{"@id":"https:\/\/newsroom.ferrovial.com\/es\/#\/schema\/logo\/image\/"},"sameAs":["https:\/\/www.facebook.com\/ferrovial","https:\/\/x.com\/ferrovial","https:\/\/www.instagram.com\/ferrovial\/","https:\/\/www.linkedin.com\/company\/ferrovial","https:\/\/www.pinterest.es\/ferrovial\/","https:\/\/www.youtube.com\/ferrovial","https:\/\/en.wikipedia.org\/wiki\/Ferrovial"]}]}},"_links":{"self":[{"href":"https:\/\/newsroom.ferrovial.com\/es\/wp-json\/wp\/v2\/new\/70121","targetHints":{"allow":["GET"]}}],"collection":[{"href":"https:\/\/newsroom.ferrovial.com\/es\/wp-json\/wp\/v2\/new"}],"about":[{"href":"https:\/\/newsroom.ferrovial.com\/es\/wp-json\/wp\/v2\/types\/new"}],"replies":[{"embeddable":true,"href":"https:\/\/newsroom.ferrovial.com\/es\/wp-json\/wp\/v2\/comments?post=70121"}],"version-history":[{"count":1,"href":"https:\/\/newsroom.ferrovial.com\/es\/wp-json\/wp\/v2\/new\/70121\/revisions"}],"predecessor-version":[{"id":97835,"href":"https:\/\/newsroom.ferrovial.com\/es\/wp-json\/wp\/v2\/new\/70121\/revisions\/97835"}],"wp:featuredmedia":[{"embeddable":true,"href":"https:\/\/newsroom.ferrovial.com\/es\/wp-json\/wp\/v2\/media\/70722"}],"wp:attachment":[{"href":"https:\/\/newsroom.ferrovial.com\/es\/wp-json\/wp\/v2\/media?parent=70121"}],"wp:term":[{"taxonomy":"nivel-2","embeddable":true,"href":"https:\/\/newsroom.ferrovial.com\/es\/wp-json\/wp\/v2\/nivel-2?post=70121"},{"taxonomy":"nivel-5","embeddable":true,"href":"https:\/\/newsroom.ferrovial.com\/es\/wp-json\/wp\/v2\/nivel-5?post=70121"},{"taxonomy":"nivel-1","embeddable":true,"href":"https:\/\/newsroom.ferrovial.com\/es\/wp-json\/wp\/v2\/nivel-1?post=70121"},{"taxonomy":"nivel-3","embeddable":true,"href":"https:\/\/newsroom.ferrovial.com\/es\/wp-json\/wp\/v2\/nivel-3?post=70121"},{"taxonomy":"nivel-4","embeddable":true,"href":"https:\/\/newsroom.ferrovial.com\/es\/wp-json\/wp\/v2\/nivel-4?post=70121"}],"curies":[{"name":"wp","href":"https:\/\/api.w.org\/{rel}","templated":true}]}}