{"id":85945,"date":"2019-04-10T11:07:46","date_gmt":"2019-04-10T09:07:46","guid":{"rendered":"https:\/\/newsroom.ferrovial.com\/?post_type=new&#038;p=85945"},"modified":"2022-12-20T12:30:24","modified_gmt":"2022-12-20T11:30:24","slug":"centro-desarrollo-jovenes-rescatadores-talento","status":"publish","type":"new","link":"https:\/\/newsroom.ferrovial.com\/es\/noticias\/centro-desarrollo-jovenes-rescatadores-talento\/","title":{"rendered":"Ferrovial y La Fundaci\u00f3n Princesa de Girona organizan el II Centro de Desarrollo para j\u00f3venes del programa \u2018Rescatadores de Talento\u2019"},"content":{"rendered":"    <section class=\"wysiwyg text-editor \" id=\"\">\n        <div class=\"container container--narrow container--p-10\">\n            <p>La primera jornada del Centro de Desarrollo ha dado comienzo en el <a href=\"https:\/\/www.ferrovial.com\/es\/nuestro-compromiso-ferrovial\/innovacion\/digital-hub\/\" target=\"_blank\" rel=\"noopener\">Digital Hub<\/a> de Ferrovial con la bienvenida de Josefina Ibarra, de la Fundaci\u00f3n Princesa de Girona, y Helena Valderas, jefa de Compromiso y Diversidad. All\u00ed, los j\u00f3venes han tenido la oportunidad de<strong> conocer a trav\u00e9s de los expertos del Hub c\u00f3mo se aplican las tecnolog\u00edas emergentes <\/strong>(<strong>Internet of Things, Inteligencia Artificial, Drones, Impresi\u00f3n 3D, Customer Experience<\/strong>) a nuestros negocios. Posteriormente, han visitado una de las obras que est\u00e1 ejecutando Ferrovial en Madrid, el nuevo centro de ense\u00f1anza universitaria para el <a href=\"https:\/\/www.iese.edu\/es\/\" target=\"_blank\" rel=\"noopener\">IESE<\/a> en Madrid. La segunda jornada del Centro de Desarrollo se ha desarrollado en la <a href=\"https:\/\/newsroom.ferrovial.com\/es\/videos\/universidad-ferrovial-summa-piensa-comparte-crea\/\" target=\"_blank\" rel=\"noopener\">Universidad Corporativa<\/a> de Ferrovial, donde se llevaron a cabo diversos <strong>talleres de marca personal<\/strong>, <strong>redes sociales<\/strong> y de <strong>mejora de CV<\/strong> y<strong> cartas de presentaci\u00f3n<\/strong>. Para finalizar, los j\u00f3venes han participado en varios \u00abrole-playing\u00bb en los que han podido simular entrevistas de trabajo con expertos de selecci\u00f3n de las distintas divisiones de negocio de Ferrovial. Todas las sesiones han sido impartidas por ponentes internos que han actuado como voluntarios, compartiendo su experiencia y conocimiento con estos j\u00f3venes para mejorar sus habilidades a la hora de buscar empleo.<\/p>\n        <\/div>\n    <\/section>\n    <section class=\"image-section \" id=\"\">\n        <div class=\"container container--narrow container--p-10\">\n        <figure class=\"image-section__figure\">\n            <img decoding=\"async\" src=\"https:\/\/static.newsroom.ferrovial.com\/wp-content\/uploads\/2019\/04\/15145247\/construccion2.png\" title=\"Primera jornada del Centro de Desarrollo para j\u00f3venes en el Digital Hub de Ferrovial\" alt=\"Primera jornada del Centro de Desarrollo para j\u00f3venes en el Digital Hub de Ferrovial\" class=\"image-section__image\">\n                    <\/figure>\n        <\/div>\n    <\/section>\n    <section class=\"wysiwyg text-editor \" id=\"\">\n        <div class=\"container container--narrow container--p-10\">\n            <h2><strong>El programa Rescatadores de Talento<\/strong><\/h2>\n<p>El programa Rescatadores de Talento promueve <strong>la empleabilidad de los j\u00f3venes de entre 20 y 30<\/strong> a\u00f1os fomentando su<strong> movilidad laboral entre comunidades aut\u00f3nomas<\/strong>. Se trata de un proyecto transformador que supone un paso m\u00e1s en el compromiso de la Fundaci\u00f3n Princesa de Girona con la ocupaci\u00f3n juvenil. El proyecto prioriza a los j\u00f3venes que son la primera generaci\u00f3n de su familia en obtener una titulaci\u00f3n superior, garantizando la igualdad de oportunidades en el acceso al mercado de trabajo. Este programa pionero ofrece a sus participantes<strong> una hoja de ruta personalizada<\/strong>, <strong>formaci\u00f3n<\/strong>, <strong>una bolsa de empleo<\/strong>, <strong>ayudas a la movilidad y <em>mentoring <\/em>profesional,<\/strong> en el que Ferrovial participa activamente desde hac<strong>e 3 a\u00f1os con 50 profesionales<\/strong> que act\u00faan como mentores de estos j\u00f3venes durante 6 meses.<\/p>\n        <\/div>\n    <\/section>\n    <section class=\"image-section \" id=\"\">\n        <div class=\"container container--narrow container--p-10\">\n        <figure class=\"image-section__figure\">\n            <img decoding=\"async\" src=\"https:\/\/static.newsroom.ferrovial.com\/wp-content\/uploads\/2019\/04\/15145247\/3.jpg\" title=\"Primera jornada del Centro de Desarrollo para j\u00f3venes en el Digital Hub de Ferrovial\" alt=\"Primera jornada del Centro de Desarrollo para j\u00f3venes en el Digital Hub de Ferrovial\" class=\"image-section__image\">\n                    <\/figure>\n        <\/div>\n    <\/section>\n    <section class=\"wysiwyg text-editor \" id=\"\">\n        <div class=\"container container--narrow container--p-10\">\n            <h2><strong>\u00bfC\u00f3mo participar?<\/strong><\/h2>\n<p>Si tienes entre 20 y 30 a\u00f1os, has acabado tus estudios y te interesa mejorar tu empleabilidad, te puedes inscribir en el programa Rescatadores de Talento. Descubre m\u00e1s sobre el programa <a href=\"https:\/\/rescatadoresdetalento.org\/sobre-el-programa\" target=\"_blank\" rel=\"noopener\">aqu\u00ed<\/a>.<\/p>\n<h2><strong>La Fundaci\u00f3n Princesa de Girona<\/strong><\/h2>\n<p>Ferrovial es patrono de la Fundaci\u00f3n Princesa de Girona que tiene como <strong>objetivo trabajar para los j\u00f3venes espa\u00f1oles <\/strong>en todos aquellos aspectos cr\u00edticos para su futuro y potenciar<strong> la capacidad de las nuevas generaciones en la construcci\u00f3n <\/strong>de una sociedad mejor, con un claro enfoque de fomento de la iniciativa emprendedora y la mejora de la empleabilidad.<\/p>\n        <\/div>\n    <\/section>\n    <section class=\"image-section \" id=\"\">\n        <div class=\"container container--narrow container--p-10\">\n        <figure class=\"image-section__figure\">\n            <img decoding=\"async\" src=\"https:\/\/newsroom.ferrovial.com\/wp-content\/uploads\/2019\/04\/2-e1554881498296.jpg\" title=\"Primera jornada del Centro de Desarrollo para j\u00f3venes en el Digital Hub de Ferrovial\" alt=\"Primera jornada del Centro de Desarrollo para j\u00f3venes en el Digital Hub de Ferrovial\" class=\"image-section__image\">\n                    <\/figure>\n        <\/div>\n    <\/section>\n    <section class=\"wysiwyg text-editor \" id=\"\">\n        <div class=\"container container--narrow container--p-10\">\n            <p>Muchas gracias a todos los ponentes internos que actuaron como voluntarios: Luis Cesar Fuentes, Ana Olaguibel, Ana Salgado, Cristina Cruz, Andr\u00e9s Santos, Ana Cantero, Pilar de Teran, Beatriz Rodriguez, F\u00e1tima Fuertes, \u00c1lvaro Deleito y Beatriz Ventureira.<\/p>\n        <\/div>\n    <\/section>\n","protected":false},"excerpt":{"rendered":"","protected":false},"featured_media":85949,"menu_order":0,"comment_status":"closed","ping_status":"closed","template":"","nivel-2":[906,2231,1019,1904,1036,2242],"nivel-5":[],"nivel-1":[],"nivel-3":[1258],"nivel-4":[],"class_list":["post-85945","new","type-new","status-publish","has-post-thumbnail","hentry","nivel-2-accion-social","nivel-2-cultura-empresarial","nivel-2-personas-y-equipo","nivel-2-recursos-humanos","nivel-2-responsabilidad-social-corporativa","nivel-2-talento","nivel-3-espana"],"acf":[],"yoast_head":"<title>Ferrovial organiza el programa \u2018Rescatadores de Talento\u2019<\/title>\n<meta name=\"description\" content=\"Ferrovial y La Fundaci\u00f3n Princesa de Girona han celebrado el segundo Centro de Desarrollo a trav\u00e9s del programa Rescatadores de Talento.\" \/>\n<meta name=\"robots\" content=\"index, follow, max-snippet:-1, max-image-preview:large, max-video-preview:-1\" \/>\n<link rel=\"canonical\" href=\"https:\/\/newsroom.ferrovial.com\/es\/noticias\/centro-desarrollo-jovenes-rescatadores-talento\/\" \/>\n<meta property=\"og:locale\" content=\"es_ES\" \/>\n<meta property=\"og:type\" content=\"article\" \/>\n<meta property=\"og:title\" content=\"Ferrovial organiza el programa \u2018Rescatadores de Talento\u2019\" \/>\n<meta property=\"og:description\" content=\"Ferrovial y La Fundaci\u00f3n Princesa de Girona han celebrado el segundo Centro de Desarrollo a trav\u00e9s del programa Rescatadores de Talento.\" \/>\n<meta property=\"og:url\" content=\"https:\/\/newsroom.ferrovial.com\/es\/noticias\/centro-desarrollo-jovenes-rescatadores-talento\/\" \/>\n<meta property=\"og:site_name\" content=\"Sala de prensa Ferrovial | \u00daltimas noticias\" \/>\n<meta property=\"article:publisher\" content=\"https:\/\/www.facebook.com\/ferrovial\" \/>\n<meta property=\"article:modified_time\" content=\"2022-12-20T11:30:24+00:00\" \/>\n<meta property=\"og:image\" content=\"https:\/\/newsroom.ferrovial.com\/wp-content\/uploads\/sites\/4\/2019\/04\/construccion3-e1554882452211.png\" \/>\n\t<meta property=\"og:image:width\" content=\"3247\" \/>\n\t<meta property=\"og:image:height\" content=\"1493\" \/>\n\t<meta property=\"og:image:type\" content=\"image\/png\" \/>\n<meta name=\"twitter:card\" content=\"summary_large_image\" \/>\n<meta name=\"twitter:site\" content=\"@ferrovial\" \/>\n<script type=\"application\/ld+json\" class=\"yoast-schema-graph\">{\"@context\":\"https:\/\/schema.org\",\"@graph\":[{\"@type\":\"WebPage\",\"@id\":\"https:\/\/newsroom.ferrovial.com\/es\/noticias\/centro-desarrollo-jovenes-rescatadores-talento\/\",\"url\":\"https:\/\/newsroom.ferrovial.com\/es\/noticias\/centro-desarrollo-jovenes-rescatadores-talento\/\",\"name\":\"Ferrovial organiza el programa \u2018Rescatadores de Talento\u2019\",\"isPartOf\":{\"@id\":\"https:\/\/newsroom.ferrovial.com\/es\/#website\"},\"primaryImageOfPage\":{\"@id\":\"https:\/\/newsroom.ferrovial.com\/es\/noticias\/centro-desarrollo-jovenes-rescatadores-talento\/#primaryimage\"},\"image\":{\"@id\":\"https:\/\/newsroom.ferrovial.com\/es\/noticias\/centro-desarrollo-jovenes-rescatadores-talento\/#primaryimage\"},\"thumbnailUrl\":\"https:\/\/newsroom.ferrovial.com\/wp-content\/uploads\/2019\/04\/construccion3-e1554882452211.png\",\"datePublished\":\"2019-04-10T09:07:46+00:00\",\"dateModified\":\"2022-12-20T11:30:24+00:00\",\"description\":\"Ferrovial y La Fundaci\u00f3n Princesa de Girona han celebrado el segundo Centro de Desarrollo a trav\u00e9s del programa Rescatadores de Talento.\",\"breadcrumb\":{\"@id\":\"https:\/\/newsroom.ferrovial.com\/es\/noticias\/centro-desarrollo-jovenes-rescatadores-talento\/#breadcrumb\"},\"inLanguage\":\"es\",\"potentialAction\":[{\"@type\":\"ReadAction\",\"target\":[\"https:\/\/newsroom.ferrovial.com\/es\/noticias\/centro-desarrollo-jovenes-rescatadores-talento\/\"]}]},{\"@type\":\"ImageObject\",\"inLanguage\":\"es\",\"@id\":\"https:\/\/newsroom.ferrovial.com\/es\/noticias\/centro-desarrollo-jovenes-rescatadores-talento\/#primaryimage\",\"url\":\"https:\/\/newsroom.ferrovial.com\/wp-content\/uploads\/2019\/04\/construccion3-e1554882452211.png\",\"contentUrl\":\"https:\/\/newsroom.ferrovial.com\/wp-content\/uploads\/2019\/04\/construccion3-e1554882452211.png\",\"width\":3247,\"height\":1493,\"caption\":\"Ferrovial y La Fundaci\u00f3n Princesa de Girona organizan el II Centro de Desarrollo para j\u00f3venes del programa \u2018Rescatadores de Talento\u2019\"},{\"@type\":\"BreadcrumbList\",\"@id\":\"https:\/\/newsroom.ferrovial.com\/es\/noticias\/centro-desarrollo-jovenes-rescatadores-talento\/#breadcrumb\",\"itemListElement\":[{\"@type\":\"ListItem\",\"position\":1,\"name\":\"Portada\",\"item\":\"https:\/\/newsroom.ferrovial.com\/es\/\"},{\"@type\":\"ListItem\",\"position\":2,\"name\":\"Ferrovial y La Fundaci\u00f3n Princesa de Girona organizan el II Centro de Desarrollo para j\u00f3venes del programa \u2018Rescatadores de Talento\u2019\"}]},{\"@type\":\"WebSite\",\"@id\":\"https:\/\/newsroom.ferrovial.com\/es\/#website\",\"url\":\"https:\/\/newsroom.ferrovial.com\/es\/\",\"name\":\"Sala de prensa Ferrovial | \u00daltimas noticias\",\"description\":\"Sala de prensa Ferrovial | \u00daltimas noticias\",\"publisher\":{\"@id\":\"https:\/\/newsroom.ferrovial.com\/es\/#organization\"},\"potentialAction\":[{\"@type\":\"SearchAction\",\"target\":{\"@type\":\"EntryPoint\",\"urlTemplate\":\"https:\/\/newsroom.ferrovial.com\/es\/?s={search_term_string}\"},\"query-input\":{\"@type\":\"PropertyValueSpecification\",\"valueRequired\":true,\"valueName\":\"search_term_string\"}}],\"inLanguage\":\"es\"},{\"@type\":\"Organization\",\"@id\":\"https:\/\/newsroom.ferrovial.com\/es\/#organization\",\"name\":\"Ferrovial S.A.\",\"url\":\"https:\/\/newsroom.ferrovial.com\/es\/\",\"logo\":{\"@type\":\"ImageObject\",\"inLanguage\":\"es\",\"@id\":\"https:\/\/newsroom.ferrovial.com\/es\/#\/schema\/logo\/image\/\",\"url\":\"https:\/\/static.newsroom.ferrovial.com\/wp-content\/uploads\/2018\/07\/15145720\/Ferrovial_Logotipo1.jpg\",\"contentUrl\":\"https:\/\/static.newsroom.ferrovial.com\/wp-content\/uploads\/2018\/07\/15145720\/Ferrovial_Logotipo1.jpg\",\"width\":600,\"height\":300,\"caption\":\"Ferrovial S.A.\"},\"image\":{\"@id\":\"https:\/\/newsroom.ferrovial.com\/es\/#\/schema\/logo\/image\/\"},\"sameAs\":[\"https:\/\/www.facebook.com\/ferrovial\",\"https:\/\/x.com\/ferrovial\",\"https:\/\/www.instagram.com\/ferrovial\/\",\"https:\/\/www.linkedin.com\/company\/ferrovial\",\"https:\/\/www.pinterest.es\/ferrovial\/\",\"https:\/\/www.youtube.com\/ferrovial\",\"https:\/\/en.wikipedia.org\/wiki\/Ferrovial\"]}]}<\/script>","yoast_head_json":{"title":"Ferrovial organiza el programa \u2018Rescatadores de Talento\u2019","description":"Ferrovial y La Fundaci\u00f3n Princesa de Girona han celebrado el segundo Centro de Desarrollo a trav\u00e9s del programa Rescatadores de Talento.","robots":{"index":"index","follow":"follow","max-snippet":"max-snippet:-1","max-image-preview":"max-image-preview:large","max-video-preview":"max-video-preview:-1"},"canonical":"https:\/\/newsroom.ferrovial.com\/es\/noticias\/centro-desarrollo-jovenes-rescatadores-talento\/","og_locale":"es_ES","og_type":"article","og_title":"Ferrovial organiza el programa \u2018Rescatadores de Talento\u2019","og_description":"Ferrovial y La Fundaci\u00f3n Princesa de Girona han celebrado el segundo Centro de Desarrollo a trav\u00e9s del programa Rescatadores de Talento.","og_url":"https:\/\/newsroom.ferrovial.com\/es\/noticias\/centro-desarrollo-jovenes-rescatadores-talento\/","og_site_name":"Sala de prensa Ferrovial | \u00daltimas noticias","article_publisher":"https:\/\/www.facebook.com\/ferrovial","article_modified_time":"2022-12-20T11:30:24+00:00","og_image":[{"width":3247,"height":1493,"url":"https:\/\/newsroom.ferrovial.com\/wp-content\/uploads\/sites\/4\/2019\/04\/construccion3-e1554882452211.png","type":"image\/png"}],"twitter_card":"summary_large_image","twitter_site":"@ferrovial","schema":{"@context":"https:\/\/schema.org","@graph":[{"@type":"WebPage","@id":"https:\/\/newsroom.ferrovial.com\/es\/noticias\/centro-desarrollo-jovenes-rescatadores-talento\/","url":"https:\/\/newsroom.ferrovial.com\/es\/noticias\/centro-desarrollo-jovenes-rescatadores-talento\/","name":"Ferrovial organiza el programa \u2018Rescatadores de Talento\u2019","isPartOf":{"@id":"https:\/\/newsroom.ferrovial.com\/es\/#website"},"primaryImageOfPage":{"@id":"https:\/\/newsroom.ferrovial.com\/es\/noticias\/centro-desarrollo-jovenes-rescatadores-talento\/#primaryimage"},"image":{"@id":"https:\/\/newsroom.ferrovial.com\/es\/noticias\/centro-desarrollo-jovenes-rescatadores-talento\/#primaryimage"},"thumbnailUrl":"https:\/\/newsroom.ferrovial.com\/wp-content\/uploads\/2019\/04\/construccion3-e1554882452211.png","datePublished":"2019-04-10T09:07:46+00:00","dateModified":"2022-12-20T11:30:24+00:00","description":"Ferrovial y La Fundaci\u00f3n Princesa de Girona han celebrado el segundo Centro de Desarrollo a trav\u00e9s del programa Rescatadores de Talento.","breadcrumb":{"@id":"https:\/\/newsroom.ferrovial.com\/es\/noticias\/centro-desarrollo-jovenes-rescatadores-talento\/#breadcrumb"},"inLanguage":"es","potentialAction":[{"@type":"ReadAction","target":["https:\/\/newsroom.ferrovial.com\/es\/noticias\/centro-desarrollo-jovenes-rescatadores-talento\/"]}]},{"@type":"ImageObject","inLanguage":"es","@id":"https:\/\/newsroom.ferrovial.com\/es\/noticias\/centro-desarrollo-jovenes-rescatadores-talento\/#primaryimage","url":"https:\/\/newsroom.ferrovial.com\/wp-content\/uploads\/2019\/04\/construccion3-e1554882452211.png","contentUrl":"https:\/\/newsroom.ferrovial.com\/wp-content\/uploads\/2019\/04\/construccion3-e1554882452211.png","width":3247,"height":1493,"caption":"Ferrovial y La Fundaci\u00f3n Princesa de Girona organizan el II Centro de Desarrollo para j\u00f3venes del programa \u2018Rescatadores de Talento\u2019"},{"@type":"BreadcrumbList","@id":"https:\/\/newsroom.ferrovial.com\/es\/noticias\/centro-desarrollo-jovenes-rescatadores-talento\/#breadcrumb","itemListElement":[{"@type":"ListItem","position":1,"name":"Portada","item":"https:\/\/newsroom.ferrovial.com\/es\/"},{"@type":"ListItem","position":2,"name":"Ferrovial y La Fundaci\u00f3n Princesa de Girona organizan el II Centro de Desarrollo para j\u00f3venes del programa \u2018Rescatadores de Talento\u2019"}]},{"@type":"WebSite","@id":"https:\/\/newsroom.ferrovial.com\/es\/#website","url":"https:\/\/newsroom.ferrovial.com\/es\/","name":"Sala de prensa Ferrovial | \u00daltimas noticias","description":"Sala de prensa Ferrovial | \u00daltimas noticias","publisher":{"@id":"https:\/\/newsroom.ferrovial.com\/es\/#organization"},"potentialAction":[{"@type":"SearchAction","target":{"@type":"EntryPoint","urlTemplate":"https:\/\/newsroom.ferrovial.com\/es\/?s={search_term_string}"},"query-input":{"@type":"PropertyValueSpecification","valueRequired":true,"valueName":"search_term_string"}}],"inLanguage":"es"},{"@type":"Organization","@id":"https:\/\/newsroom.ferrovial.com\/es\/#organization","name":"Ferrovial S.A.","url":"https:\/\/newsroom.ferrovial.com\/es\/","logo":{"@type":"ImageObject","inLanguage":"es","@id":"https:\/\/newsroom.ferrovial.com\/es\/#\/schema\/logo\/image\/","url":"https:\/\/static.newsroom.ferrovial.com\/wp-content\/uploads\/2018\/07\/15145720\/Ferrovial_Logotipo1.jpg","contentUrl":"https:\/\/static.newsroom.ferrovial.com\/wp-content\/uploads\/2018\/07\/15145720\/Ferrovial_Logotipo1.jpg","width":600,"height":300,"caption":"Ferrovial S.A."},"image":{"@id":"https:\/\/newsroom.ferrovial.com\/es\/#\/schema\/logo\/image\/"},"sameAs":["https:\/\/www.facebook.com\/ferrovial","https:\/\/x.com\/ferrovial","https:\/\/www.instagram.com\/ferrovial\/","https:\/\/www.linkedin.com\/company\/ferrovial","https:\/\/www.pinterest.es\/ferrovial\/","https:\/\/www.youtube.com\/ferrovial","https:\/\/en.wikipedia.org\/wiki\/Ferrovial"]}]}},"_links":{"self":[{"href":"https:\/\/newsroom.ferrovial.com\/es\/wp-json\/wp\/v2\/new\/85945","targetHints":{"allow":["GET"]}}],"collection":[{"href":"https:\/\/newsroom.ferrovial.com\/es\/wp-json\/wp\/v2\/new"}],"about":[{"href":"https:\/\/newsroom.ferrovial.com\/es\/wp-json\/wp\/v2\/types\/new"}],"replies":[{"embeddable":true,"href":"https:\/\/newsroom.ferrovial.com\/es\/wp-json\/wp\/v2\/comments?post=85945"}],"version-history":[{"count":1,"href":"https:\/\/newsroom.ferrovial.com\/es\/wp-json\/wp\/v2\/new\/85945\/revisions"}],"predecessor-version":[{"id":110478,"href":"https:\/\/newsroom.ferrovial.com\/es\/wp-json\/wp\/v2\/new\/85945\/revisions\/110478"}],"wp:featuredmedia":[{"embeddable":true,"href":"https:\/\/newsroom.ferrovial.com\/es\/wp-json\/wp\/v2\/media\/85949"}],"wp:attachment":[{"href":"https:\/\/newsroom.ferrovial.com\/es\/wp-json\/wp\/v2\/media?parent=85945"}],"wp:term":[{"taxonomy":"nivel-2","embeddable":true,"href":"https:\/\/newsroom.ferrovial.com\/es\/wp-json\/wp\/v2\/nivel-2?post=85945"},{"taxonomy":"nivel-5","embeddable":true,"href":"https:\/\/newsroom.ferrovial.com\/es\/wp-json\/wp\/v2\/nivel-5?post=85945"},{"taxonomy":"nivel-1","embeddable":true,"href":"https:\/\/newsroom.ferrovial.com\/es\/wp-json\/wp\/v2\/nivel-1?post=85945"},{"taxonomy":"nivel-3","embeddable":true,"href":"https:\/\/newsroom.ferrovial.com\/es\/wp-json\/wp\/v2\/nivel-3?post=85945"},{"taxonomy":"nivel-4","embeddable":true,"href":"https:\/\/newsroom.ferrovial.com\/es\/wp-json\/wp\/v2\/nivel-4?post=85945"}],"curies":[{"name":"wp","href":"https:\/\/api.w.org\/{rel}","templated":true}]}}