{"id":88840,"date":"2019-07-02T09:20:06","date_gmt":"2019-07-02T07:20:06","guid":{"rendered":"https:\/\/newsroom.ferrovial.com\/?post_type=new&#038;p=88840"},"modified":"2022-12-21T08:59:55","modified_gmt":"2022-12-21T07:59:55","slug":"budimex-recibe-premio-benefactor-ano-2019","status":"publish","type":"new","link":"https:\/\/newsroom.ferrovial.com\/es\/noticias\/budimex-recibe-premio-benefactor-ano-2019\/","title":{"rendered":"Budimex recibe el premio \u00abBenefactor del a\u00f1o 2019\u00bb"},"content":{"rendered":"    <section class=\"wysiwyg text-editor \" id=\"\">\n        <div class=\"container container--narrow container--p-10\">\n            <p>El jurado del concurso otorg\u00f3 el galard\u00f3n a la compa\u00f1\u00eda por su cooperaci\u00f3n con la fundaci\u00f3n Trzy czte ry! para, entre otras, la fundaci\u00f3n de la primera escuela forestal en Polonia, \u201cPuszczyk\u201d, cerca de Bia\u0142ystok.<\/p>\n<p>La empresa fue inscrita en el concurso por la fundaci\u00f3n Czte ry Trzy!. En 2018, mediante el uso de la beca otorgada en el programa social jubilar de Budimex llamado \u201cChange the world. 50 years of Budimex\u201d, la fundaci\u00f3n construy\u00f3 la escuela primaria Puszczyk cerca de Bia\u0142ystok, la primera escuela forestal en Polonia.<\/p>\n        <\/div>\n    <\/section>\n    <section class=\"block-quote \" id=\"\">\n        <div class=\"container container--narrow container--p-10 block-quote__body\">\n            <blockquote class=\"block-quote__text\" aria-label=\"\">\n                Gracias a Budimex, hemos podido cumplir nuestro sue\u00f1o y demostrar que existe una alternativa a la escuela tradicional y debe redefinirse el rol del maestro. Como demuestra la investigaci\u00f3n del mercado laboral, lo que nos falta no es conocimientos, sino competencias sociales como la capacidad de cooperar, de abrirse al cambio, la capacidad de escuchar las ideas de otros y la asertividad. Esas son las habilidades que queremos ense\u00f1ar primero a nuestros hijos            <\/blockquote>\n\n            <footer class=\"block-quote__footer\">\n                                    <p class=\"block-quote__author\" aria-label=\"\">\n                        <span class=\"block-quote__author-name\">Agnieszka Kudraszow<\/span>\n                    <\/p>\n                                    <p class=\"block-quote__author-role\" aria-label=\"\">\n                        Presidenta de la fundaci\u00f3n y creadora y fundadora de la escuela forestal                    <\/p>\n                            <\/footer>\n        <\/div>\n    <\/section>\n    <section class=\"wysiwyg text-editor \" id=\"\">\n        <div class=\"container container--narrow container--p-10\">\n            <p>En 2018, como parte de las celebraciones de su 50 aniversario, <a href=\"http:\/\/www.budimex.pl\/en\" target=\"_blank\" rel=\"noopener\">Budimex<\/a> anunci\u00f3 un concurso para una iniciativa social que mejorar\u00eda de forma significativa la calidad de vida de la comunidad local. Se presentaron a la empresa casi 250 propuestas por parte de fundaciones, asociaciones, organizaciones sociales e iniciativa ciudadana: personas emprendedoras, creativas y deseosas de trabajar por el bien com\u00fan. Aunque hubo cerca de 100 solicitudes que cumpl\u00edan los criterios normativos del concurso, el jurado decidi\u00f3 que el proyecto para crear la infraestructura de la primera escuela forestal en Polonia merec\u00eda el premio.<\/p>\n<p>El certamen \u201cBenefactor del a\u00f1o\u201d lo organiza la Academia para el Desarrollo Filantr\u00f3pico en Polonia. Es el mayor concurso de este tipo y con m\u00e1s larga tradici\u00f3n en Polonia. Empresas con responsabilidad social reciben los premios \u201cBenefactor del a\u00f1o\u201d desde hace 20 a\u00f1os. En la edici\u00f3n de este a\u00f1o, el jurado del concurso otorg\u00f3 los galardones a los vencedores en 7 categor\u00edas: desarrollo local, fundaci\u00f3n corporativa, educaci\u00f3n, ecolog\u00eda, bienestar social, salud y deporte.<\/p>\n        <\/div>\n    <\/section>\n","protected":false},"excerpt":{"rendered":"","protected":false},"featured_media":0,"menu_order":0,"comment_status":"closed","ping_status":"closed","template":"","nivel-2":[945,1024,2239,2201,1036],"nivel-5":[],"nivel-1":[2168],"nivel-3":[1262],"nivel-4":[],"class_list":["post-88840","new","type-new","status-publish","hentry","nivel-2-desarrollo-local-y-rural","nivel-2-premios","nivel-2-programas-sociales","nivel-2-proyectos-sociales","nivel-2-responsabilidad-social-corporativa","nivel-1-construccion","nivel-3-polonia"],"acf":[],"yoast_head":"<title>Budimex recibe el premio &quot;Benefactor del a\u00f1o 2019&quot;<\/title>\n<meta name=\"description\" content=\"Budimex ha ganado la 22\u00aa edici\u00f3n del certamen \u201cBenefactor del a\u00f1o\u201d en la categor\u00eda \u201cEducaci\u00f3n - Gran empresa\u201d por su cooperaci\u00f3n con la fundaci\u00f3n Trzy czte ry!\" \/>\n<meta name=\"robots\" content=\"index, follow, max-snippet:-1, max-image-preview:large, max-video-preview:-1\" \/>\n<link rel=\"canonical\" href=\"https:\/\/newsroom.ferrovial.com\/es\/noticias\/budimex-recibe-premio-benefactor-ano-2019\/\" \/>\n<meta property=\"og:locale\" content=\"es_ES\" \/>\n<meta property=\"og:type\" content=\"article\" \/>\n<meta property=\"og:title\" content=\"Budimex recibe el premio &quot;Benefactor del a\u00f1o 2019&quot;\" \/>\n<meta property=\"og:description\" content=\"Budimex ha ganado la 22\u00aa edici\u00f3n del certamen \u201cBenefactor del a\u00f1o\u201d en la categor\u00eda \u201cEducaci\u00f3n - Gran empresa\u201d por su cooperaci\u00f3n con la fundaci\u00f3n Trzy czte ry!\" \/>\n<meta property=\"og:url\" content=\"https:\/\/newsroom.ferrovial.com\/es\/noticias\/budimex-recibe-premio-benefactor-ano-2019\/\" \/>\n<meta property=\"og:site_name\" content=\"Sala de prensa Ferrovial | \u00daltimas noticias\" \/>\n<meta property=\"article:publisher\" content=\"https:\/\/www.facebook.com\/ferrovial\" \/>\n<meta property=\"article:modified_time\" content=\"2022-12-21T07:59:55+00:00\" \/>\n<meta name=\"twitter:card\" content=\"summary_large_image\" \/>\n<meta name=\"twitter:site\" content=\"@ferrovial\" \/>\n<script type=\"application\/ld+json\" class=\"yoast-schema-graph\">{\"@context\":\"https:\/\/schema.org\",\"@graph\":[{\"@type\":\"WebPage\",\"@id\":\"https:\/\/newsroom.ferrovial.com\/es\/noticias\/budimex-recibe-premio-benefactor-ano-2019\/\",\"url\":\"https:\/\/newsroom.ferrovial.com\/es\/noticias\/budimex-recibe-premio-benefactor-ano-2019\/\",\"name\":\"Budimex recibe el premio \\\"Benefactor del a\u00f1o 2019\\\"\",\"isPartOf\":{\"@id\":\"https:\/\/newsroom.ferrovial.com\/es\/#website\"},\"datePublished\":\"2019-07-02T07:20:06+00:00\",\"dateModified\":\"2022-12-21T07:59:55+00:00\",\"description\":\"Budimex ha ganado la 22\u00aa edici\u00f3n del certamen \u201cBenefactor del a\u00f1o\u201d en la categor\u00eda \u201cEducaci\u00f3n - Gran empresa\u201d por su cooperaci\u00f3n con la fundaci\u00f3n Trzy czte ry!\",\"breadcrumb\":{\"@id\":\"https:\/\/newsroom.ferrovial.com\/es\/noticias\/budimex-recibe-premio-benefactor-ano-2019\/#breadcrumb\"},\"inLanguage\":\"es\",\"potentialAction\":[{\"@type\":\"ReadAction\",\"target\":[\"https:\/\/newsroom.ferrovial.com\/es\/noticias\/budimex-recibe-premio-benefactor-ano-2019\/\"]}]},{\"@type\":\"BreadcrumbList\",\"@id\":\"https:\/\/newsroom.ferrovial.com\/es\/noticias\/budimex-recibe-premio-benefactor-ano-2019\/#breadcrumb\",\"itemListElement\":[{\"@type\":\"ListItem\",\"position\":1,\"name\":\"Portada\",\"item\":\"https:\/\/newsroom.ferrovial.com\/es\/\"},{\"@type\":\"ListItem\",\"position\":2,\"name\":\"Budimex recibe el premio \u00abBenefactor del a\u00f1o 2019\u00bb\"}]},{\"@type\":\"WebSite\",\"@id\":\"https:\/\/newsroom.ferrovial.com\/es\/#website\",\"url\":\"https:\/\/newsroom.ferrovial.com\/es\/\",\"name\":\"Sala de prensa Ferrovial | \u00daltimas noticias\",\"description\":\"Sala de prensa Ferrovial | \u00daltimas noticias\",\"publisher\":{\"@id\":\"https:\/\/newsroom.ferrovial.com\/es\/#organization\"},\"potentialAction\":[{\"@type\":\"SearchAction\",\"target\":{\"@type\":\"EntryPoint\",\"urlTemplate\":\"https:\/\/newsroom.ferrovial.com\/es\/?s={search_term_string}\"},\"query-input\":{\"@type\":\"PropertyValueSpecification\",\"valueRequired\":true,\"valueName\":\"search_term_string\"}}],\"inLanguage\":\"es\"},{\"@type\":\"Organization\",\"@id\":\"https:\/\/newsroom.ferrovial.com\/es\/#organization\",\"name\":\"Ferrovial S.A.\",\"url\":\"https:\/\/newsroom.ferrovial.com\/es\/\",\"logo\":{\"@type\":\"ImageObject\",\"inLanguage\":\"es\",\"@id\":\"https:\/\/newsroom.ferrovial.com\/es\/#\/schema\/logo\/image\/\",\"url\":\"https:\/\/static.newsroom.ferrovial.com\/wp-content\/uploads\/2018\/07\/15145720\/Ferrovial_Logotipo1.jpg\",\"contentUrl\":\"https:\/\/static.newsroom.ferrovial.com\/wp-content\/uploads\/2018\/07\/15145720\/Ferrovial_Logotipo1.jpg\",\"width\":600,\"height\":300,\"caption\":\"Ferrovial S.A.\"},\"image\":{\"@id\":\"https:\/\/newsroom.ferrovial.com\/es\/#\/schema\/logo\/image\/\"},\"sameAs\":[\"https:\/\/www.facebook.com\/ferrovial\",\"https:\/\/x.com\/ferrovial\",\"https:\/\/www.instagram.com\/ferrovial\/\",\"https:\/\/www.linkedin.com\/company\/ferrovial\",\"https:\/\/www.pinterest.es\/ferrovial\/\",\"https:\/\/www.youtube.com\/ferrovial\",\"https:\/\/en.wikipedia.org\/wiki\/Ferrovial\"]}]}<\/script>","yoast_head_json":{"title":"Budimex recibe el premio \"Benefactor del a\u00f1o 2019\"","description":"Budimex ha ganado la 22\u00aa edici\u00f3n del certamen \u201cBenefactor del a\u00f1o\u201d en la categor\u00eda \u201cEducaci\u00f3n - Gran empresa\u201d por su cooperaci\u00f3n con la fundaci\u00f3n Trzy czte ry!","robots":{"index":"index","follow":"follow","max-snippet":"max-snippet:-1","max-image-preview":"max-image-preview:large","max-video-preview":"max-video-preview:-1"},"canonical":"https:\/\/newsroom.ferrovial.com\/es\/noticias\/budimex-recibe-premio-benefactor-ano-2019\/","og_locale":"es_ES","og_type":"article","og_title":"Budimex recibe el premio \"Benefactor del a\u00f1o 2019\"","og_description":"Budimex ha ganado la 22\u00aa edici\u00f3n del certamen \u201cBenefactor del a\u00f1o\u201d en la categor\u00eda \u201cEducaci\u00f3n - Gran empresa\u201d por su cooperaci\u00f3n con la fundaci\u00f3n Trzy czte ry!","og_url":"https:\/\/newsroom.ferrovial.com\/es\/noticias\/budimex-recibe-premio-benefactor-ano-2019\/","og_site_name":"Sala de prensa Ferrovial | \u00daltimas noticias","article_publisher":"https:\/\/www.facebook.com\/ferrovial","article_modified_time":"2022-12-21T07:59:55+00:00","twitter_card":"summary_large_image","twitter_site":"@ferrovial","schema":{"@context":"https:\/\/schema.org","@graph":[{"@type":"WebPage","@id":"https:\/\/newsroom.ferrovial.com\/es\/noticias\/budimex-recibe-premio-benefactor-ano-2019\/","url":"https:\/\/newsroom.ferrovial.com\/es\/noticias\/budimex-recibe-premio-benefactor-ano-2019\/","name":"Budimex recibe el premio \"Benefactor del a\u00f1o 2019\"","isPartOf":{"@id":"https:\/\/newsroom.ferrovial.com\/es\/#website"},"datePublished":"2019-07-02T07:20:06+00:00","dateModified":"2022-12-21T07:59:55+00:00","description":"Budimex ha ganado la 22\u00aa edici\u00f3n del certamen \u201cBenefactor del a\u00f1o\u201d en la categor\u00eda \u201cEducaci\u00f3n - Gran empresa\u201d por su cooperaci\u00f3n con la fundaci\u00f3n Trzy czte ry!","breadcrumb":{"@id":"https:\/\/newsroom.ferrovial.com\/es\/noticias\/budimex-recibe-premio-benefactor-ano-2019\/#breadcrumb"},"inLanguage":"es","potentialAction":[{"@type":"ReadAction","target":["https:\/\/newsroom.ferrovial.com\/es\/noticias\/budimex-recibe-premio-benefactor-ano-2019\/"]}]},{"@type":"BreadcrumbList","@id":"https:\/\/newsroom.ferrovial.com\/es\/noticias\/budimex-recibe-premio-benefactor-ano-2019\/#breadcrumb","itemListElement":[{"@type":"ListItem","position":1,"name":"Portada","item":"https:\/\/newsroom.ferrovial.com\/es\/"},{"@type":"ListItem","position":2,"name":"Budimex recibe el premio \u00abBenefactor del a\u00f1o 2019\u00bb"}]},{"@type":"WebSite","@id":"https:\/\/newsroom.ferrovial.com\/es\/#website","url":"https:\/\/newsroom.ferrovial.com\/es\/","name":"Sala de prensa Ferrovial | \u00daltimas noticias","description":"Sala de prensa Ferrovial | \u00daltimas noticias","publisher":{"@id":"https:\/\/newsroom.ferrovial.com\/es\/#organization"},"potentialAction":[{"@type":"SearchAction","target":{"@type":"EntryPoint","urlTemplate":"https:\/\/newsroom.ferrovial.com\/es\/?s={search_term_string}"},"query-input":{"@type":"PropertyValueSpecification","valueRequired":true,"valueName":"search_term_string"}}],"inLanguage":"es"},{"@type":"Organization","@id":"https:\/\/newsroom.ferrovial.com\/es\/#organization","name":"Ferrovial S.A.","url":"https:\/\/newsroom.ferrovial.com\/es\/","logo":{"@type":"ImageObject","inLanguage":"es","@id":"https:\/\/newsroom.ferrovial.com\/es\/#\/schema\/logo\/image\/","url":"https:\/\/static.newsroom.ferrovial.com\/wp-content\/uploads\/2018\/07\/15145720\/Ferrovial_Logotipo1.jpg","contentUrl":"https:\/\/static.newsroom.ferrovial.com\/wp-content\/uploads\/2018\/07\/15145720\/Ferrovial_Logotipo1.jpg","width":600,"height":300,"caption":"Ferrovial S.A."},"image":{"@id":"https:\/\/newsroom.ferrovial.com\/es\/#\/schema\/logo\/image\/"},"sameAs":["https:\/\/www.facebook.com\/ferrovial","https:\/\/x.com\/ferrovial","https:\/\/www.instagram.com\/ferrovial\/","https:\/\/www.linkedin.com\/company\/ferrovial","https:\/\/www.pinterest.es\/ferrovial\/","https:\/\/www.youtube.com\/ferrovial","https:\/\/en.wikipedia.org\/wiki\/Ferrovial"]}]}},"_links":{"self":[{"href":"https:\/\/newsroom.ferrovial.com\/es\/wp-json\/wp\/v2\/new\/88840","targetHints":{"allow":["GET"]}}],"collection":[{"href":"https:\/\/newsroom.ferrovial.com\/es\/wp-json\/wp\/v2\/new"}],"about":[{"href":"https:\/\/newsroom.ferrovial.com\/es\/wp-json\/wp\/v2\/types\/new"}],"replies":[{"embeddable":true,"href":"https:\/\/newsroom.ferrovial.com\/es\/wp-json\/wp\/v2\/comments?post=88840"}],"version-history":[{"count":3,"href":"https:\/\/newsroom.ferrovial.com\/es\/wp-json\/wp\/v2\/new\/88840\/revisions"}],"predecessor-version":[{"id":111228,"href":"https:\/\/newsroom.ferrovial.com\/es\/wp-json\/wp\/v2\/new\/88840\/revisions\/111228"}],"wp:attachment":[{"href":"https:\/\/newsroom.ferrovial.com\/es\/wp-json\/wp\/v2\/media?parent=88840"}],"wp:term":[{"taxonomy":"nivel-2","embeddable":true,"href":"https:\/\/newsroom.ferrovial.com\/es\/wp-json\/wp\/v2\/nivel-2?post=88840"},{"taxonomy":"nivel-5","embeddable":true,"href":"https:\/\/newsroom.ferrovial.com\/es\/wp-json\/wp\/v2\/nivel-5?post=88840"},{"taxonomy":"nivel-1","embeddable":true,"href":"https:\/\/newsroom.ferrovial.com\/es\/wp-json\/wp\/v2\/nivel-1?post=88840"},{"taxonomy":"nivel-3","embeddable":true,"href":"https:\/\/newsroom.ferrovial.com\/es\/wp-json\/wp\/v2\/nivel-3?post=88840"},{"taxonomy":"nivel-4","embeddable":true,"href":"https:\/\/newsroom.ferrovial.com\/es\/wp-json\/wp\/v2\/nivel-4?post=88840"}],"curies":[{"name":"wp","href":"https:\/\/api.w.org\/{rel}","templated":true}]}}