{"id":89640,"date":"2019-08-19T08:30:21","date_gmt":"2019-08-19T06:30:21","guid":{"rendered":"https:\/\/newsroom.ferrovial.com\/?post_type=new&#038;p=89640"},"modified":"2024-10-28T08:30:39","modified_gmt":"2024-10-28T07:30:39","slug":"amey-anuncia-nuevas-reducciones-en-su-huella-de-carbono-en-sheffield","status":"publish","type":"new","link":"https:\/\/newsroom.ferrovial.com\/es\/noticias\/amey-anuncia-nuevas-reducciones-en-su-huella-de-carbono-en-sheffield\/","title":{"rendered":"Amey anuncia nuevas reducciones en su huella de carbono en Sheffield"},"content":{"rendered":"    <section class=\"wysiwyg text-editor \" id=\"\">\n        <div class=\"container container--narrow container--p-10\">\n            <p>La compa\u00f1\u00eda desde 2012 se encarga de transformar y mantener la red de carreteras y pavimentos de la ciudad.<\/p>\n<p>En el caso de Sheffield, una ciudad de aproximadamente medio mill\u00f3n de personas, la calidad del aire est\u00e1 por debajo de los niveles seguros de la UE.\u00a0Las emisiones de los veh\u00edculos, especialmente el diesel, son la principal fuente de contaminantes nocivos.<\/p>\n<p>El Ayuntamiento de Sheffield se encuentra entre varias autoridades locales en el Reino Unido que est\u00e1 considerando introducir una <strong>zona de aire limpio<\/strong>.\u00a0Est\u00e1 desarrollando paquetes de apoyo y buscando financiaci\u00f3n del gobierno central para proporcionar una gama de incentivos, como pr\u00e9stamos sin intereses, para permitir que los conductores cambien sus veh\u00edculos para cumplir con los nuevos est\u00e1ndares.<\/p>\n<p>La flota actual de Amey en Sheffield comprende 183 veh\u00edculos en su mayor\u00eda con motor di\u00e9sel, que van desde peque\u00f1as camionetas hasta enormes vagones y <em>gritters<\/em>.\u00a0El consumo total anual de di\u00e9sel del equipo es de 403.218 litros, con un impacto de <strong>1.059 toneladas de CO2e por a\u00f1o<\/strong>.<\/p>\n<p>Con inminentes restricciones de di\u00e9sel y aumentos inevitables en el coste de combustible, los gerentes locales tomaron la decisi\u00f3n en 2017 de probar una gama de <strong>nuevas tecnolog\u00edas de veh\u00edculos sostenibles<\/strong> para reducir su impacto. Los veh\u00edculos el\u00e9ctricos <strong>Nissan ENV200<\/strong> se probaron durante un per\u00edodo de dos a\u00f1os y los conductores de Amey respondieron positivamente comentando una conducci\u00f3n m\u00e1s suave sin ruido del motor, cambios de marcha o requisitos de embrague.<\/p>\n<p>Alentada por el \u00e9xito de esta prueba, Amey hizo una oferta exitosa para la financiaci\u00f3n de la Oficina de Veh\u00edculos de Baja Emisi\u00f3n (OLEV) para incluir veh\u00edculos que ayuden a la ciudad a reducir la huella de carbono. La inversi\u00f3n<strong> reducir\u00e1 el consumo anual de diesel<\/strong> del equipo en 22.700 litros y <strong>reducir\u00e1 las emisiones <\/strong>en 59.58 toneladas de carbono y 65.4 kg de NOx y part\u00edculas por a\u00f1o (utilizando la calculadora de emisiones nextgreencar.com).<\/p>\n<p>La flota el\u00e9ctrica de 22 veh\u00edculos y dos veh\u00edculos impulsados \u200b\u200bpor hidr\u00f3geno se encuentran ahora en la red de carreteras de Sheffield con 21 nuevos puntos de carga el\u00e9ctrica m\u00e1s un cargador r\u00e1pido disponible para su uso.<\/p>\n        <\/div>\n    <\/section>\n","protected":false},"excerpt":{"rendered":"","protected":false},"featured_media":89647,"menu_order":0,"comment_status":"closed","ping_status":"closed","template":"","nivel-2":[918,936,978,1005,1033,1036,2554,1045],"nivel-5":[],"nivel-1":[],"nivel-3":[1264],"nivel-4":[],"class_list":["post-89640","new","type-new","status-publish","has-post-thumbnail","hentry","nivel-2-automoviles","nivel-2-conservacion-del-medio-ambiente","nivel-2-hidrocarburos","nivel-2-movilidad-sostenible","nivel-2-reduccion-de-emisiones","nivel-2-responsabilidad-social-corporativa","nivel-2-servicios","nivel-2-sostenibilidad","nivel-3-reino-unido"],"acf":[],"yoast_head":"<title>Amey anuncia nuevas reducciones en su huella de carbono en Sheffield<\/title>\n<meta name=\"description\" content=\"Amey anuncia nuevas medidas para reducir su huella de carbono en la cuidad de Sheffield, Reino Unido\" \/>\n<meta name=\"robots\" content=\"index, follow, max-snippet:-1, max-image-preview:large, max-video-preview:-1\" \/>\n<link rel=\"canonical\" href=\"https:\/\/newsroom.ferrovial.com\/es\/noticias\/amey-anuncia-nuevas-reducciones-en-su-huella-de-carbono-en-sheffield\/\" \/>\n<meta property=\"og:locale\" content=\"es_ES\" \/>\n<meta property=\"og:type\" content=\"article\" \/>\n<meta property=\"og:title\" content=\"Amey anuncia nuevas reducciones en su huella de carbono en Sheffield\" \/>\n<meta property=\"og:description\" content=\"Amey anuncia nuevas medidas para reducir su huella de carbono en la cuidad de Sheffield, Reino Unido\" \/>\n<meta property=\"og:url\" content=\"https:\/\/newsroom.ferrovial.com\/es\/noticias\/amey-anuncia-nuevas-reducciones-en-su-huella-de-carbono-en-sheffield\/\" \/>\n<meta property=\"og:site_name\" content=\"Sala de prensa Ferrovial | \u00daltimas noticias\" \/>\n<meta property=\"article:publisher\" content=\"https:\/\/www.facebook.com\/ferrovial\" \/>\n<meta property=\"article:modified_time\" content=\"2024-10-28T07:30:39+00:00\" \/>\n<meta property=\"og:image\" content=\"https:\/\/newsroom.ferrovial.com\/wp-content\/uploads\/sites\/4\/2019\/08\/amey-press-release-asset-amey-green-fleet-sheffield-1-e1565789325131.jpg\" \/>\n\t<meta property=\"og:image:width\" content=\"1200\" \/>\n\t<meta property=\"og:image:height\" content=\"516\" \/>\n\t<meta property=\"og:image:type\" content=\"image\/jpeg\" \/>\n<meta name=\"twitter:card\" content=\"summary_large_image\" \/>\n<meta name=\"twitter:site\" content=\"@ferrovial\" \/>\n<meta name=\"twitter:label1\" content=\"Tiempo de lectura\" \/>\n\t<meta name=\"twitter:data1\" content=\"2 minutos\" \/>\n<script type=\"application\/ld+json\" class=\"yoast-schema-graph\">{\"@context\":\"https:\/\/schema.org\",\"@graph\":[{\"@type\":\"WebPage\",\"@id\":\"https:\/\/newsroom.ferrovial.com\/es\/noticias\/amey-anuncia-nuevas-reducciones-en-su-huella-de-carbono-en-sheffield\/\",\"url\":\"https:\/\/newsroom.ferrovial.com\/es\/noticias\/amey-anuncia-nuevas-reducciones-en-su-huella-de-carbono-en-sheffield\/\",\"name\":\"Amey anuncia nuevas reducciones en su huella de carbono en Sheffield\",\"isPartOf\":{\"@id\":\"https:\/\/newsroom.ferrovial.com\/es\/#website\"},\"primaryImageOfPage\":{\"@id\":\"https:\/\/newsroom.ferrovial.com\/es\/noticias\/amey-anuncia-nuevas-reducciones-en-su-huella-de-carbono-en-sheffield\/#primaryimage\"},\"image\":{\"@id\":\"https:\/\/newsroom.ferrovial.com\/es\/noticias\/amey-anuncia-nuevas-reducciones-en-su-huella-de-carbono-en-sheffield\/#primaryimage\"},\"thumbnailUrl\":\"https:\/\/static.newsroom.ferrovial.com\/wp-content\/uploads\/2019\/08\/15144805\/amey-press-release-asset-amey-green-fleet-sheffield-1-e1565789325131.jpg\",\"datePublished\":\"2019-08-19T06:30:21+00:00\",\"dateModified\":\"2024-10-28T07:30:39+00:00\",\"description\":\"Amey anuncia nuevas medidas para reducir su huella de carbono en la cuidad de Sheffield, Reino Unido\",\"breadcrumb\":{\"@id\":\"https:\/\/newsroom.ferrovial.com\/es\/noticias\/amey-anuncia-nuevas-reducciones-en-su-huella-de-carbono-en-sheffield\/#breadcrumb\"},\"inLanguage\":\"es\",\"potentialAction\":[{\"@type\":\"ReadAction\",\"target\":[\"https:\/\/newsroom.ferrovial.com\/es\/noticias\/amey-anuncia-nuevas-reducciones-en-su-huella-de-carbono-en-sheffield\/\"]}]},{\"@type\":\"ImageObject\",\"inLanguage\":\"es\",\"@id\":\"https:\/\/newsroom.ferrovial.com\/es\/noticias\/amey-anuncia-nuevas-reducciones-en-su-huella-de-carbono-en-sheffield\/#primaryimage\",\"url\":\"https:\/\/static.newsroom.ferrovial.com\/wp-content\/uploads\/2019\/08\/15144805\/amey-press-release-asset-amey-green-fleet-sheffield-1-e1565789325131.jpg\",\"contentUrl\":\"https:\/\/static.newsroom.ferrovial.com\/wp-content\/uploads\/2019\/08\/15144805\/amey-press-release-asset-amey-green-fleet-sheffield-1-e1565789325131.jpg\",\"width\":1200,\"height\":516,\"caption\":\"Imagen de un operario comprobando un coche en un aparcamiento de coches el\u00e9ctricos\"},{\"@type\":\"BreadcrumbList\",\"@id\":\"https:\/\/newsroom.ferrovial.com\/es\/noticias\/amey-anuncia-nuevas-reducciones-en-su-huella-de-carbono-en-sheffield\/#breadcrumb\",\"itemListElement\":[{\"@type\":\"ListItem\",\"position\":1,\"name\":\"Portada\",\"item\":\"https:\/\/newsroom.ferrovial.com\/es\/\"},{\"@type\":\"ListItem\",\"position\":2,\"name\":\"Amey anuncia nuevas reducciones en su huella de carbono en Sheffield\"}]},{\"@type\":\"WebSite\",\"@id\":\"https:\/\/newsroom.ferrovial.com\/es\/#website\",\"url\":\"https:\/\/newsroom.ferrovial.com\/es\/\",\"name\":\"Sala de prensa Ferrovial | \u00daltimas noticias\",\"description\":\"Sala de prensa Ferrovial | \u00daltimas noticias\",\"publisher\":{\"@id\":\"https:\/\/newsroom.ferrovial.com\/es\/#organization\"},\"potentialAction\":[{\"@type\":\"SearchAction\",\"target\":{\"@type\":\"EntryPoint\",\"urlTemplate\":\"https:\/\/newsroom.ferrovial.com\/es\/?s={search_term_string}\"},\"query-input\":{\"@type\":\"PropertyValueSpecification\",\"valueRequired\":true,\"valueName\":\"search_term_string\"}}],\"inLanguage\":\"es\"},{\"@type\":\"Organization\",\"@id\":\"https:\/\/newsroom.ferrovial.com\/es\/#organization\",\"name\":\"Ferrovial S.A.\",\"url\":\"https:\/\/newsroom.ferrovial.com\/es\/\",\"logo\":{\"@type\":\"ImageObject\",\"inLanguage\":\"es\",\"@id\":\"https:\/\/newsroom.ferrovial.com\/es\/#\/schema\/logo\/image\/\",\"url\":\"https:\/\/static.newsroom.ferrovial.com\/wp-content\/uploads\/2018\/07\/15145720\/Ferrovial_Logotipo1.jpg\",\"contentUrl\":\"https:\/\/static.newsroom.ferrovial.com\/wp-content\/uploads\/2018\/07\/15145720\/Ferrovial_Logotipo1.jpg\",\"width\":600,\"height\":300,\"caption\":\"Ferrovial S.A.\"},\"image\":{\"@id\":\"https:\/\/newsroom.ferrovial.com\/es\/#\/schema\/logo\/image\/\"},\"sameAs\":[\"https:\/\/www.facebook.com\/ferrovial\",\"https:\/\/x.com\/ferrovial\",\"https:\/\/www.instagram.com\/ferrovial\/\",\"https:\/\/www.linkedin.com\/company\/ferrovial\",\"https:\/\/www.pinterest.es\/ferrovial\/\",\"https:\/\/www.youtube.com\/ferrovial\",\"https:\/\/en.wikipedia.org\/wiki\/Ferrovial\"]}]}<\/script>","yoast_head_json":{"title":"Amey anuncia nuevas reducciones en su huella de carbono en Sheffield","description":"Amey anuncia nuevas medidas para reducir su huella de carbono en la cuidad de Sheffield, Reino Unido","robots":{"index":"index","follow":"follow","max-snippet":"max-snippet:-1","max-image-preview":"max-image-preview:large","max-video-preview":"max-video-preview:-1"},"canonical":"https:\/\/newsroom.ferrovial.com\/es\/noticias\/amey-anuncia-nuevas-reducciones-en-su-huella-de-carbono-en-sheffield\/","og_locale":"es_ES","og_type":"article","og_title":"Amey anuncia nuevas reducciones en su huella de carbono en Sheffield","og_description":"Amey anuncia nuevas medidas para reducir su huella de carbono en la cuidad de Sheffield, Reino Unido","og_url":"https:\/\/newsroom.ferrovial.com\/es\/noticias\/amey-anuncia-nuevas-reducciones-en-su-huella-de-carbono-en-sheffield\/","og_site_name":"Sala de prensa Ferrovial | \u00daltimas noticias","article_publisher":"https:\/\/www.facebook.com\/ferrovial","article_modified_time":"2024-10-28T07:30:39+00:00","og_image":[{"width":1200,"height":516,"url":"https:\/\/newsroom.ferrovial.com\/wp-content\/uploads\/sites\/4\/2019\/08\/amey-press-release-asset-amey-green-fleet-sheffield-1-e1565789325131.jpg","type":"image\/jpeg"}],"twitter_card":"summary_large_image","twitter_site":"@ferrovial","twitter_misc":{"Tiempo de lectura":"2 minutos"},"schema":{"@context":"https:\/\/schema.org","@graph":[{"@type":"WebPage","@id":"https:\/\/newsroom.ferrovial.com\/es\/noticias\/amey-anuncia-nuevas-reducciones-en-su-huella-de-carbono-en-sheffield\/","url":"https:\/\/newsroom.ferrovial.com\/es\/noticias\/amey-anuncia-nuevas-reducciones-en-su-huella-de-carbono-en-sheffield\/","name":"Amey anuncia nuevas reducciones en su huella de carbono en Sheffield","isPartOf":{"@id":"https:\/\/newsroom.ferrovial.com\/es\/#website"},"primaryImageOfPage":{"@id":"https:\/\/newsroom.ferrovial.com\/es\/noticias\/amey-anuncia-nuevas-reducciones-en-su-huella-de-carbono-en-sheffield\/#primaryimage"},"image":{"@id":"https:\/\/newsroom.ferrovial.com\/es\/noticias\/amey-anuncia-nuevas-reducciones-en-su-huella-de-carbono-en-sheffield\/#primaryimage"},"thumbnailUrl":"https:\/\/static.newsroom.ferrovial.com\/wp-content\/uploads\/2019\/08\/15144805\/amey-press-release-asset-amey-green-fleet-sheffield-1-e1565789325131.jpg","datePublished":"2019-08-19T06:30:21+00:00","dateModified":"2024-10-28T07:30:39+00:00","description":"Amey anuncia nuevas medidas para reducir su huella de carbono en la cuidad de Sheffield, Reino Unido","breadcrumb":{"@id":"https:\/\/newsroom.ferrovial.com\/es\/noticias\/amey-anuncia-nuevas-reducciones-en-su-huella-de-carbono-en-sheffield\/#breadcrumb"},"inLanguage":"es","potentialAction":[{"@type":"ReadAction","target":["https:\/\/newsroom.ferrovial.com\/es\/noticias\/amey-anuncia-nuevas-reducciones-en-su-huella-de-carbono-en-sheffield\/"]}]},{"@type":"ImageObject","inLanguage":"es","@id":"https:\/\/newsroom.ferrovial.com\/es\/noticias\/amey-anuncia-nuevas-reducciones-en-su-huella-de-carbono-en-sheffield\/#primaryimage","url":"https:\/\/static.newsroom.ferrovial.com\/wp-content\/uploads\/2019\/08\/15144805\/amey-press-release-asset-amey-green-fleet-sheffield-1-e1565789325131.jpg","contentUrl":"https:\/\/static.newsroom.ferrovial.com\/wp-content\/uploads\/2019\/08\/15144805\/amey-press-release-asset-amey-green-fleet-sheffield-1-e1565789325131.jpg","width":1200,"height":516,"caption":"Imagen de un operario comprobando un coche en un aparcamiento de coches el\u00e9ctricos"},{"@type":"BreadcrumbList","@id":"https:\/\/newsroom.ferrovial.com\/es\/noticias\/amey-anuncia-nuevas-reducciones-en-su-huella-de-carbono-en-sheffield\/#breadcrumb","itemListElement":[{"@type":"ListItem","position":1,"name":"Portada","item":"https:\/\/newsroom.ferrovial.com\/es\/"},{"@type":"ListItem","position":2,"name":"Amey anuncia nuevas reducciones en su huella de carbono en Sheffield"}]},{"@type":"WebSite","@id":"https:\/\/newsroom.ferrovial.com\/es\/#website","url":"https:\/\/newsroom.ferrovial.com\/es\/","name":"Sala de prensa Ferrovial | \u00daltimas noticias","description":"Sala de prensa Ferrovial | \u00daltimas noticias","publisher":{"@id":"https:\/\/newsroom.ferrovial.com\/es\/#organization"},"potentialAction":[{"@type":"SearchAction","target":{"@type":"EntryPoint","urlTemplate":"https:\/\/newsroom.ferrovial.com\/es\/?s={search_term_string}"},"query-input":{"@type":"PropertyValueSpecification","valueRequired":true,"valueName":"search_term_string"}}],"inLanguage":"es"},{"@type":"Organization","@id":"https:\/\/newsroom.ferrovial.com\/es\/#organization","name":"Ferrovial S.A.","url":"https:\/\/newsroom.ferrovial.com\/es\/","logo":{"@type":"ImageObject","inLanguage":"es","@id":"https:\/\/newsroom.ferrovial.com\/es\/#\/schema\/logo\/image\/","url":"https:\/\/static.newsroom.ferrovial.com\/wp-content\/uploads\/2018\/07\/15145720\/Ferrovial_Logotipo1.jpg","contentUrl":"https:\/\/static.newsroom.ferrovial.com\/wp-content\/uploads\/2018\/07\/15145720\/Ferrovial_Logotipo1.jpg","width":600,"height":300,"caption":"Ferrovial S.A."},"image":{"@id":"https:\/\/newsroom.ferrovial.com\/es\/#\/schema\/logo\/image\/"},"sameAs":["https:\/\/www.facebook.com\/ferrovial","https:\/\/x.com\/ferrovial","https:\/\/www.instagram.com\/ferrovial\/","https:\/\/www.linkedin.com\/company\/ferrovial","https:\/\/www.pinterest.es\/ferrovial\/","https:\/\/www.youtube.com\/ferrovial","https:\/\/en.wikipedia.org\/wiki\/Ferrovial"]}]}},"_links":{"self":[{"href":"https:\/\/newsroom.ferrovial.com\/es\/wp-json\/wp\/v2\/new\/89640","targetHints":{"allow":["GET"]}}],"collection":[{"href":"https:\/\/newsroom.ferrovial.com\/es\/wp-json\/wp\/v2\/new"}],"about":[{"href":"https:\/\/newsroom.ferrovial.com\/es\/wp-json\/wp\/v2\/types\/new"}],"replies":[{"embeddable":true,"href":"https:\/\/newsroom.ferrovial.com\/es\/wp-json\/wp\/v2\/comments?post=89640"}],"version-history":[{"count":2,"href":"https:\/\/newsroom.ferrovial.com\/es\/wp-json\/wp\/v2\/new\/89640\/revisions"}],"predecessor-version":[{"id":116691,"href":"https:\/\/newsroom.ferrovial.com\/es\/wp-json\/wp\/v2\/new\/89640\/revisions\/116691"}],"wp:featuredmedia":[{"embeddable":true,"href":"https:\/\/newsroom.ferrovial.com\/es\/wp-json\/wp\/v2\/media\/89647"}],"wp:attachment":[{"href":"https:\/\/newsroom.ferrovial.com\/es\/wp-json\/wp\/v2\/media?parent=89640"}],"wp:term":[{"taxonomy":"nivel-2","embeddable":true,"href":"https:\/\/newsroom.ferrovial.com\/es\/wp-json\/wp\/v2\/nivel-2?post=89640"},{"taxonomy":"nivel-5","embeddable":true,"href":"https:\/\/newsroom.ferrovial.com\/es\/wp-json\/wp\/v2\/nivel-5?post=89640"},{"taxonomy":"nivel-1","embeddable":true,"href":"https:\/\/newsroom.ferrovial.com\/es\/wp-json\/wp\/v2\/nivel-1?post=89640"},{"taxonomy":"nivel-3","embeddable":true,"href":"https:\/\/newsroom.ferrovial.com\/es\/wp-json\/wp\/v2\/nivel-3?post=89640"},{"taxonomy":"nivel-4","embeddable":true,"href":"https:\/\/newsroom.ferrovial.com\/es\/wp-json\/wp\/v2\/nivel-4?post=89640"}],"curies":[{"name":"wp","href":"https:\/\/api.w.org\/{rel}","templated":true}]}}