{"id":89766,"date":"2019-08-26T11:52:41","date_gmt":"2019-08-26T09:52:41","guid":{"rendered":"https:\/\/newsroom.ferrovial.com\/?post_type=new&#038;p=89766"},"modified":"2022-12-21T08:57:52","modified_gmt":"2022-12-21T07:57:52","slug":"ferrovial-agroman-en-expodronica-2019","status":"publish","type":"new","link":"https:\/\/newsroom.ferrovial.com\/es\/noticias\/ferrovial-agroman-en-expodronica-2019\/","title":{"rendered":"Ferrovial\u00a0Agroman\u00a0en EXPODR\u00d3NICA 2019\u00a0"},"content":{"rendered":"    <section class=\"wysiwyg text-editor \" id=\"\">\n        <div class=\"container container--narrow container--p-10\">\n            <p><span data-contrast=\"auto\">Luis Moratinos, desde la Direcci\u00f3n T\u00e9cnica de Ferrovial\u00a0<\/span><span data-contrast=\"auto\">Agroman<\/span><span data-contrast=\"auto\">\u00a0y en representaci\u00f3n de la compa\u00f1\u00eda, fue el encargado de presentar la visi\u00f3n del grupo en el panel de discusi\u00f3n sobre URBAN AIR MOBILITY &amp; BVLOS que reuni\u00f3 a expertos de Ferrovial\u00a0<\/span><span data-contrast=\"auto\">Agroman,\u00a0<\/span><span data-contrast=\"auto\">Aerosolutions<\/span><span data-contrast=\"auto\">\u00a0y\u00a0<\/span><span data-contrast=\"auto\">Gesd<\/span><span data-contrast=\"auto\">ron<\/span><span data-contrast=\"auto\">.<\/span><span data-ccp-props=\"{&quot;201341983&quot;:0,&quot;335559739&quot;:160,&quot;335559740&quot;:259}\">\u00a0<\/span><\/p>\n<p><span data-contrast=\"auto\">La sesi\u00f3n tuvo como objetivo<\/span><b><span data-contrast=\"auto\">\u00a0<\/span><\/b><span data-contrast=\"auto\">la\u00a0<\/span><b><span data-contrast=\"auto\">definici\u00f3n de servicios, usos y aplicaciones que actualmente se realizan desde el plano 2D pasarlos al 3D con la ayuda de <a href=\"https:\/\/www.ferrovial.com\/es-es\/innovacion\/tecnologias\/drones\/\">drones<\/a><\/span><\/b><span data-contrast=\"auto\">, entendidos como plataformas rob\u00f3ticas que vuelan o no. <\/span><\/p>\n<blockquote><p><span data-contrast=\"auto\">\u00abLos drones y la inteligencia artificial han revolucionado el desarrollo y mantenimiento de las infraestructuras, y con ellos los proyectos que se llevan a cabo desde empresas como Ferrovial\u00a0<\/span><span data-contrast=\"auto\">Agroman<\/span><span data-contrast=\"auto\">. Desde 2013 nos apoyamos en estas tecnolog\u00edas tanto para el dise\u00f1o como para el control de la o<\/span><span data-contrast=\"auto\">bra\u00bb, comenta Luis Moratinos.\u00a0\u00a0<\/span><span data-ccp-props=\"{&quot;201341983&quot;:0,&quot;335559739&quot;:160,&quot;335559740&quot;:259}\">\u00a0<\/span><\/p><\/blockquote>\n<p><span data-contrast=\"auto\">Otras sesiones de la feria versaron sobre las\u00a0<\/span><b><span data-contrast=\"auto\">nuevas regulaciones europeas\u00a0<\/span><\/b><span data-contrast=\"auto\">sobre drones, UTM\/U-<\/span><span data-contrast=\"auto\">Space<\/span><span data-contrast=\"auto\">, riesgos y oportunidades del uso de drones,\u00a0<\/span><span data-contrast=\"auto\">blockchain<\/span><span data-contrast=\"auto\">, integraci\u00f3n de IA para an\u00e1lisis de datos,\u00a0<\/span><span data-contrast=\"auto\">sensorizaci\u00f3n<\/span><span data-contrast=\"auto\">\u00a0y UAS<\/span><span data-contrast=\"auto\">\u00a0humanitarias.<\/span><span data-ccp-props=\"{&quot;201341983&quot;:0,&quot;335559739&quot;:160,&quot;335559740&quot;:259}\">\u00a0<\/span><\/p>\n<p><span data-contrast=\"auto\">La organizaci\u00f3n del evento present\u00f3 adicionalmente\u00a0<\/span><b><span data-contrast=\"auto\">cuatro casos de \u00e9xito<\/span><\/b><span data-contrast=\"auto\">, llevados a cabo en el \u00faltimo a\u00f1o por empresas especializadas:\u00a0<\/span><span data-contrast=\"auto\">Tecnitop<\/span><span data-contrast=\"auto\">,\u00a0<\/span><span data-contrast=\"auto\">Aerotools<\/span><span data-contrast=\"auto\">,\u00a0<\/span><span data-contrast=\"auto\">Cegadrone<\/span><span data-contrast=\"auto\">\u00a0y\u00a0<\/span><span data-contrast=\"auto\">Atyges<\/span><span data-contrast=\"auto\">, que centraron sus exposiciones en los avances en tecnolog\u00eda y aplicaciones legales durante el a\u00f1o en curso. Algunos de los casos expuestos se han realizado en contratos del grupo, demostrando una vez m\u00e1s, la implicaci\u00f3n con la innovaci\u00f3n incorporada a las mejores pr\u00e1cticas y el firme compromiso de aportar valor a nuestros clientes.<\/span><span data-ccp-props=\"{&quot;201341983&quot;:0,&quot;335559739&quot;:160,&quot;335559740&quot;:259}\">\u00a0<\/span><\/p>\n        <\/div>\n    <\/section>\n","protected":false},"excerpt":{"rendered":"","protected":false},"featured_media":89768,"menu_order":0,"comment_status":"closed","ping_status":"closed","template":"","nivel-2":[954,2200,991,2206],"nivel-5":[2149],"nivel-1":[2168],"nivel-3":[1258],"nivel-4":[1809],"class_list":["post-89766","new","type-new","status-publish","has-post-thumbnail","hentry","nivel-2-drones","nivel-2-innovacion","nivel-2-inteligencia-artificial","nivel-2-obras","nivel-5-ferrovial-construccion","nivel-1-construccion","nivel-3-espana","nivel-4-madrid"],"acf":[],"yoast_head":"<title>Ferrovial\u00a0Agroman\u00a0en EXPODR\u00d3NICA 2019\u00a0 Sala de prensa Ferrovial | \u00daltimas noticias<\/title>\n<meta name=\"description\" content=\"Ferrovial participa en Expodr\u00f3nica 2019 de Ifema\" \/>\n<meta name=\"robots\" content=\"index, follow, max-snippet:-1, max-image-preview:large, max-video-preview:-1\" \/>\n<link rel=\"canonical\" href=\"https:\/\/newsroom.ferrovial.com\/es\/noticias\/ferrovial-agroman-en-expodronica-2019\/\" \/>\n<meta property=\"og:locale\" content=\"es_ES\" \/>\n<meta property=\"og:type\" content=\"article\" \/>\n<meta property=\"og:title\" content=\"Ferrovial\u00a0Agroman\u00a0en EXPODR\u00d3NICA 2019\u00a0 Sala de prensa Ferrovial | \u00daltimas noticias\" \/>\n<meta property=\"og:description\" content=\"Ferrovial participa en Expodr\u00f3nica 2019 de Ifema\" \/>\n<meta property=\"og:url\" content=\"https:\/\/newsroom.ferrovial.com\/es\/noticias\/ferrovial-agroman-en-expodronica-2019\/\" \/>\n<meta property=\"og:site_name\" content=\"Sala de prensa Ferrovial | \u00daltimas noticias\" \/>\n<meta property=\"article:publisher\" content=\"https:\/\/www.facebook.com\/ferrovial\" \/>\n<meta property=\"article:modified_time\" content=\"2022-12-21T07:57:52+00:00\" \/>\n<meta property=\"og:image\" content=\"https:\/\/newsroom.ferrovial.com\/wp-content\/uploads\/sites\/4\/2019\/08\/dron02.jpg\" \/>\n\t<meta property=\"og:image:width\" content=\"850\" \/>\n\t<meta property=\"og:image:height\" content=\"415\" \/>\n\t<meta property=\"og:image:type\" content=\"image\/jpeg\" \/>\n<meta name=\"twitter:card\" content=\"summary_large_image\" \/>\n<meta name=\"twitter:site\" content=\"@ferrovial\" \/>\n<script type=\"application\/ld+json\" class=\"yoast-schema-graph\">{\"@context\":\"https:\/\/schema.org\",\"@graph\":[{\"@type\":\"WebPage\",\"@id\":\"https:\/\/newsroom.ferrovial.com\/es\/noticias\/ferrovial-agroman-en-expodronica-2019\/\",\"url\":\"https:\/\/newsroom.ferrovial.com\/es\/noticias\/ferrovial-agroman-en-expodronica-2019\/\",\"name\":\"Ferrovial\u00a0Agroman\u00a0en EXPODR\u00d3NICA 2019\u00a0 Sala de prensa Ferrovial | \u00daltimas noticias\",\"isPartOf\":{\"@id\":\"https:\/\/newsroom.ferrovial.com\/es\/#website\"},\"primaryImageOfPage\":{\"@id\":\"https:\/\/newsroom.ferrovial.com\/es\/noticias\/ferrovial-agroman-en-expodronica-2019\/#primaryimage\"},\"image\":{\"@id\":\"https:\/\/newsroom.ferrovial.com\/es\/noticias\/ferrovial-agroman-en-expodronica-2019\/#primaryimage\"},\"thumbnailUrl\":\"https:\/\/static.newsroom.ferrovial.com\/wp-content\/uploads\/2019\/08\/15144756\/dron02.jpg\",\"datePublished\":\"2019-08-26T09:52:41+00:00\",\"dateModified\":\"2022-12-21T07:57:52+00:00\",\"description\":\"Ferrovial participa en Expodr\u00f3nica 2019 de Ifema\",\"breadcrumb\":{\"@id\":\"https:\/\/newsroom.ferrovial.com\/es\/noticias\/ferrovial-agroman-en-expodronica-2019\/#breadcrumb\"},\"inLanguage\":\"es\",\"potentialAction\":[{\"@type\":\"ReadAction\",\"target\":[\"https:\/\/newsroom.ferrovial.com\/es\/noticias\/ferrovial-agroman-en-expodronica-2019\/\"]}]},{\"@type\":\"ImageObject\",\"inLanguage\":\"es\",\"@id\":\"https:\/\/newsroom.ferrovial.com\/es\/noticias\/ferrovial-agroman-en-expodronica-2019\/#primaryimage\",\"url\":\"https:\/\/static.newsroom.ferrovial.com\/wp-content\/uploads\/2019\/08\/15144756\/dron02.jpg\",\"contentUrl\":\"https:\/\/static.newsroom.ferrovial.com\/wp-content\/uploads\/2019\/08\/15144756\/dron02.jpg\",\"width\":850,\"height\":415},{\"@type\":\"BreadcrumbList\",\"@id\":\"https:\/\/newsroom.ferrovial.com\/es\/noticias\/ferrovial-agroman-en-expodronica-2019\/#breadcrumb\",\"itemListElement\":[{\"@type\":\"ListItem\",\"position\":1,\"name\":\"Portada\",\"item\":\"https:\/\/newsroom.ferrovial.com\/es\/\"},{\"@type\":\"ListItem\",\"position\":2,\"name\":\"Ferrovial\u00a0Agroman\u00a0en EXPODR\u00d3NICA 2019\u00a0\"}]},{\"@type\":\"WebSite\",\"@id\":\"https:\/\/newsroom.ferrovial.com\/es\/#website\",\"url\":\"https:\/\/newsroom.ferrovial.com\/es\/\",\"name\":\"Sala de prensa Ferrovial | \u00daltimas noticias\",\"description\":\"Sala de prensa Ferrovial | \u00daltimas noticias\",\"publisher\":{\"@id\":\"https:\/\/newsroom.ferrovial.com\/es\/#organization\"},\"potentialAction\":[{\"@type\":\"SearchAction\",\"target\":{\"@type\":\"EntryPoint\",\"urlTemplate\":\"https:\/\/newsroom.ferrovial.com\/es\/?s={search_term_string}\"},\"query-input\":{\"@type\":\"PropertyValueSpecification\",\"valueRequired\":true,\"valueName\":\"search_term_string\"}}],\"inLanguage\":\"es\"},{\"@type\":\"Organization\",\"@id\":\"https:\/\/newsroom.ferrovial.com\/es\/#organization\",\"name\":\"Ferrovial S.A.\",\"url\":\"https:\/\/newsroom.ferrovial.com\/es\/\",\"logo\":{\"@type\":\"ImageObject\",\"inLanguage\":\"es\",\"@id\":\"https:\/\/newsroom.ferrovial.com\/es\/#\/schema\/logo\/image\/\",\"url\":\"https:\/\/static.newsroom.ferrovial.com\/wp-content\/uploads\/2018\/07\/15145720\/Ferrovial_Logotipo1.jpg\",\"contentUrl\":\"https:\/\/static.newsroom.ferrovial.com\/wp-content\/uploads\/2018\/07\/15145720\/Ferrovial_Logotipo1.jpg\",\"width\":600,\"height\":300,\"caption\":\"Ferrovial S.A.\"},\"image\":{\"@id\":\"https:\/\/newsroom.ferrovial.com\/es\/#\/schema\/logo\/image\/\"},\"sameAs\":[\"https:\/\/www.facebook.com\/ferrovial\",\"https:\/\/x.com\/ferrovial\",\"https:\/\/www.instagram.com\/ferrovial\/\",\"https:\/\/www.linkedin.com\/company\/ferrovial\",\"https:\/\/www.pinterest.es\/ferrovial\/\",\"https:\/\/www.youtube.com\/ferrovial\",\"https:\/\/en.wikipedia.org\/wiki\/Ferrovial\"]}]}<\/script>","yoast_head_json":{"title":"Ferrovial\u00a0Agroman\u00a0en EXPODR\u00d3NICA 2019\u00a0 Sala de prensa Ferrovial | \u00daltimas noticias","description":"Ferrovial participa en Expodr\u00f3nica 2019 de Ifema","robots":{"index":"index","follow":"follow","max-snippet":"max-snippet:-1","max-image-preview":"max-image-preview:large","max-video-preview":"max-video-preview:-1"},"canonical":"https:\/\/newsroom.ferrovial.com\/es\/noticias\/ferrovial-agroman-en-expodronica-2019\/","og_locale":"es_ES","og_type":"article","og_title":"Ferrovial\u00a0Agroman\u00a0en EXPODR\u00d3NICA 2019\u00a0 Sala de prensa Ferrovial | \u00daltimas noticias","og_description":"Ferrovial participa en Expodr\u00f3nica 2019 de Ifema","og_url":"https:\/\/newsroom.ferrovial.com\/es\/noticias\/ferrovial-agroman-en-expodronica-2019\/","og_site_name":"Sala de prensa Ferrovial | \u00daltimas noticias","article_publisher":"https:\/\/www.facebook.com\/ferrovial","article_modified_time":"2022-12-21T07:57:52+00:00","og_image":[{"width":850,"height":415,"url":"https:\/\/newsroom.ferrovial.com\/wp-content\/uploads\/sites\/4\/2019\/08\/dron02.jpg","type":"image\/jpeg"}],"twitter_card":"summary_large_image","twitter_site":"@ferrovial","schema":{"@context":"https:\/\/schema.org","@graph":[{"@type":"WebPage","@id":"https:\/\/newsroom.ferrovial.com\/es\/noticias\/ferrovial-agroman-en-expodronica-2019\/","url":"https:\/\/newsroom.ferrovial.com\/es\/noticias\/ferrovial-agroman-en-expodronica-2019\/","name":"Ferrovial\u00a0Agroman\u00a0en EXPODR\u00d3NICA 2019\u00a0 Sala de prensa Ferrovial | \u00daltimas noticias","isPartOf":{"@id":"https:\/\/newsroom.ferrovial.com\/es\/#website"},"primaryImageOfPage":{"@id":"https:\/\/newsroom.ferrovial.com\/es\/noticias\/ferrovial-agroman-en-expodronica-2019\/#primaryimage"},"image":{"@id":"https:\/\/newsroom.ferrovial.com\/es\/noticias\/ferrovial-agroman-en-expodronica-2019\/#primaryimage"},"thumbnailUrl":"https:\/\/static.newsroom.ferrovial.com\/wp-content\/uploads\/2019\/08\/15144756\/dron02.jpg","datePublished":"2019-08-26T09:52:41+00:00","dateModified":"2022-12-21T07:57:52+00:00","description":"Ferrovial participa en Expodr\u00f3nica 2019 de Ifema","breadcrumb":{"@id":"https:\/\/newsroom.ferrovial.com\/es\/noticias\/ferrovial-agroman-en-expodronica-2019\/#breadcrumb"},"inLanguage":"es","potentialAction":[{"@type":"ReadAction","target":["https:\/\/newsroom.ferrovial.com\/es\/noticias\/ferrovial-agroman-en-expodronica-2019\/"]}]},{"@type":"ImageObject","inLanguage":"es","@id":"https:\/\/newsroom.ferrovial.com\/es\/noticias\/ferrovial-agroman-en-expodronica-2019\/#primaryimage","url":"https:\/\/static.newsroom.ferrovial.com\/wp-content\/uploads\/2019\/08\/15144756\/dron02.jpg","contentUrl":"https:\/\/static.newsroom.ferrovial.com\/wp-content\/uploads\/2019\/08\/15144756\/dron02.jpg","width":850,"height":415},{"@type":"BreadcrumbList","@id":"https:\/\/newsroom.ferrovial.com\/es\/noticias\/ferrovial-agroman-en-expodronica-2019\/#breadcrumb","itemListElement":[{"@type":"ListItem","position":1,"name":"Portada","item":"https:\/\/newsroom.ferrovial.com\/es\/"},{"@type":"ListItem","position":2,"name":"Ferrovial\u00a0Agroman\u00a0en EXPODR\u00d3NICA 2019\u00a0"}]},{"@type":"WebSite","@id":"https:\/\/newsroom.ferrovial.com\/es\/#website","url":"https:\/\/newsroom.ferrovial.com\/es\/","name":"Sala de prensa Ferrovial | \u00daltimas noticias","description":"Sala de prensa Ferrovial | \u00daltimas noticias","publisher":{"@id":"https:\/\/newsroom.ferrovial.com\/es\/#organization"},"potentialAction":[{"@type":"SearchAction","target":{"@type":"EntryPoint","urlTemplate":"https:\/\/newsroom.ferrovial.com\/es\/?s={search_term_string}"},"query-input":{"@type":"PropertyValueSpecification","valueRequired":true,"valueName":"search_term_string"}}],"inLanguage":"es"},{"@type":"Organization","@id":"https:\/\/newsroom.ferrovial.com\/es\/#organization","name":"Ferrovial S.A.","url":"https:\/\/newsroom.ferrovial.com\/es\/","logo":{"@type":"ImageObject","inLanguage":"es","@id":"https:\/\/newsroom.ferrovial.com\/es\/#\/schema\/logo\/image\/","url":"https:\/\/static.newsroom.ferrovial.com\/wp-content\/uploads\/2018\/07\/15145720\/Ferrovial_Logotipo1.jpg","contentUrl":"https:\/\/static.newsroom.ferrovial.com\/wp-content\/uploads\/2018\/07\/15145720\/Ferrovial_Logotipo1.jpg","width":600,"height":300,"caption":"Ferrovial S.A."},"image":{"@id":"https:\/\/newsroom.ferrovial.com\/es\/#\/schema\/logo\/image\/"},"sameAs":["https:\/\/www.facebook.com\/ferrovial","https:\/\/x.com\/ferrovial","https:\/\/www.instagram.com\/ferrovial\/","https:\/\/www.linkedin.com\/company\/ferrovial","https:\/\/www.pinterest.es\/ferrovial\/","https:\/\/www.youtube.com\/ferrovial","https:\/\/en.wikipedia.org\/wiki\/Ferrovial"]}]}},"_links":{"self":[{"href":"https:\/\/newsroom.ferrovial.com\/es\/wp-json\/wp\/v2\/new\/89766","targetHints":{"allow":["GET"]}}],"collection":[{"href":"https:\/\/newsroom.ferrovial.com\/es\/wp-json\/wp\/v2\/new"}],"about":[{"href":"https:\/\/newsroom.ferrovial.com\/es\/wp-json\/wp\/v2\/types\/new"}],"replies":[{"embeddable":true,"href":"https:\/\/newsroom.ferrovial.com\/es\/wp-json\/wp\/v2\/comments?post=89766"}],"version-history":[{"count":2,"href":"https:\/\/newsroom.ferrovial.com\/es\/wp-json\/wp\/v2\/new\/89766\/revisions"}],"predecessor-version":[{"id":116687,"href":"https:\/\/newsroom.ferrovial.com\/es\/wp-json\/wp\/v2\/new\/89766\/revisions\/116687"}],"wp:featuredmedia":[{"embeddable":true,"href":"https:\/\/newsroom.ferrovial.com\/es\/wp-json\/wp\/v2\/media\/89768"}],"wp:attachment":[{"href":"https:\/\/newsroom.ferrovial.com\/es\/wp-json\/wp\/v2\/media?parent=89766"}],"wp:term":[{"taxonomy":"nivel-2","embeddable":true,"href":"https:\/\/newsroom.ferrovial.com\/es\/wp-json\/wp\/v2\/nivel-2?post=89766"},{"taxonomy":"nivel-5","embeddable":true,"href":"https:\/\/newsroom.ferrovial.com\/es\/wp-json\/wp\/v2\/nivel-5?post=89766"},{"taxonomy":"nivel-1","embeddable":true,"href":"https:\/\/newsroom.ferrovial.com\/es\/wp-json\/wp\/v2\/nivel-1?post=89766"},{"taxonomy":"nivel-3","embeddable":true,"href":"https:\/\/newsroom.ferrovial.com\/es\/wp-json\/wp\/v2\/nivel-3?post=89766"},{"taxonomy":"nivel-4","embeddable":true,"href":"https:\/\/newsroom.ferrovial.com\/es\/wp-json\/wp\/v2\/nivel-4?post=89766"}],"curies":[{"name":"wp","href":"https:\/\/api.w.org\/{rel}","templated":true}]}}