{"id":98268,"date":"2020-07-17T11:10:34","date_gmt":"2020-07-17T09:10:34","guid":{"rendered":"https:\/\/newsroom.ferrovial.com\/?post_type=new&#038;p=98268"},"modified":"2024-12-13T20:04:21","modified_gmt":"2024-12-13T19:04:21","slug":"reconocemos-sanitarios-covid19","status":"publish","type":"new","link":"https:\/\/newsroom.ferrovial.com\/es\/noticias\/reconocemos-sanitarios-covid19\/","title":{"rendered":"Reconocemos la labor de los sanitarios que han estado en primera l\u00ednea durante la pandemia"},"content":{"rendered":"    <section class=\"wysiwyg text-editor \" id=\"\">\n        <div class=\"container container--narrow container--p-10\">\n            <p><img loading=\"lazy\" decoding=\"async\" class=\"aligncenter wp-image-98270 size-L\" src=\"https:\/\/newsroom.ferrovial.com\/wp-content\/uploads\/sites\/4\/2020\/07\/premio-a-los-sanitarios-covid-19-1024x576.jpg\" alt=\"Premio a los sanitarios pandemia covid-19\" width=\"1024\" height=\"576\" \/><\/p>\n<p><span data-contrast=\"auto\">Todos los d\u00edas, durante los casi\u00a0<\/span><span data-contrast=\"auto\">tres<\/span><span data-contrast=\"auto\">\u00a0meses<\/span><span data-contrast=\"auto\">\u00a0<\/span><span data-contrast=\"auto\">de\u00a0<\/span><span data-contrast=\"auto\">confinamiento<\/span><span data-contrast=\"auto\">, nos hemos asomado a los balcones para aplaudir en se\u00f1al de gratitud a los sanitarios del pa\u00eds. Su esfuerzo, dedicaci\u00f3n y trabajo incansable contra la COVID-19 les han convertido en los verdaderos h\u00e9roes de esta crisis sanitaria. Por este motivo, Ferrovial ha patrocinado este homenaje organizado por el peri\u00f3dico La Raz\u00f3n<\/span><span data-contrast=\"auto\">\u00a0que ha reconocido la labor de<\/span><span data-contrast=\"auto\">\u00a026 organizaciones<\/span><span data-contrast=\"auto\">.<\/span><span data-ccp-props=\"{&quot;201341983&quot;:0,&quot;335551550&quot;:6,&quot;335551620&quot;:6,&quot;335559739&quot;:160,&quot;335559740&quot;:259}\">\u00a0<\/span><\/p>\n<p><span data-contrast=\"auto\">Uno de los galardonados fue el <a title=\"Servicio de Urgencia M\u00e9dica de la Comunidad de Madrid (SUMMA)\" href=\"https:\/\/www.comunidad.madrid\/hospital\/summa112\/\" target=\"_blank\" rel=\"dofollow noopener\">Servicio de Urgencia M\u00e9dica de la Comunidad de Madrid (SUMMA)<\/a>. Nuestro director de Comunicaci\u00f3n y RSC,\u00a0<\/span><b><span data-contrast=\"auto\">Juan Francisco Polo<\/span><\/b><span data-contrast=\"auto\">, entreg\u00f3 la placa al director gerente del SUMMA,\u00a0<\/span><b><span data-contrast=\"auto\">Pablo Busca,\u00a0<\/span><\/b><span data-contrast=\"auto\">en representaci\u00f3n de todos los trabajadores cuya labor result\u00f3 fundamental para salvar muchas vidas.\u00a0<\/span><span data-ccp-props=\"{&quot;201341983&quot;:0,&quot;335551550&quot;:6,&quot;335551620&quot;:6,&quot;335559739&quot;:160,&quot;335559740&quot;:259}\">\u00a0<\/span><\/p>\n<p><span data-contrast=\"auto\">Durante el evento, l<\/span><span data-contrast=\"auto\">a presidenta de la Comunidad de Madrid, Isabel D\u00edaz Ayuso<\/span><span data-contrast=\"auto\">,<\/span><span data-contrast=\"auto\">\u00a0hizo una menci\u00f3n especial al <strong>hospital de campa\u00f1a\u00a0<\/strong><\/span><strong>de<\/strong><span data-contrast=\"auto\"><strong>\u00a0IFEMA<\/strong>\u00a0<\/span><span data-contrast=\"auto\">levantado<\/span><span data-contrast=\"auto\">\u00a0por trabajadores de Ferrovial<\/span><span data-contrast=\"auto\">\u00a0para aliviar la saturaci\u00f3n hospitalaria<\/span><span data-contrast=\"auto\">\u00a0durante las peores semanas de la pandemia:<\/span><span data-contrast=\"auto\">\u00a0\u201cun testimonio de vida y de c\u00f3mo hay que trabajar\u201d.\u00a0<\/span><span data-ccp-props=\"{&quot;201341983&quot;:0,&quot;335551550&quot;:6,&quot;335551620&quot;:6,&quot;335559739&quot;:160,&quot;335559740&quot;:259}\">\u00a0<\/span><\/p>\n<p><span data-contrast=\"auto\">Asimismo,\u00a0<\/span><span data-contrast=\"auto\">el director de<\/span><span data-contrast=\"auto\">l peri\u00f3dico<\/span><span data-contrast=\"auto\">\u00a0La Raz\u00f3n, Francisco\u00a0<\/span><span data-contrast=\"auto\">Marhuen<\/span><span data-contrast=\"auto\">da<\/span><span data-contrast=\"auto\">,<\/span><span data-contrast=\"auto\">\u00a0en la apertura del evento, manifest\u00f3 que: \u201cEl acto\u00a0<\/span><span data-contrast=\"auto\">genera satisfacci\u00f3n y tristeza, porque nos hubiera gustado que esta pandemia nunca hubiera sucedido. Pero si hay algo que hemos aprendido de ella es que contamos con unos sanitarios de elevado nivel y una extraordinaria capacidad de sacrificio\u201d<\/span><span data-contrast=\"auto\">.<\/span><\/p>\n<h2><span class=\"TextRun SCXW176214982 BCX0\" lang=\"ES-ES\" xml:lang=\"ES-ES\" data-contrast=\"auto\"><span class=\"NormalTextRun SCXW176214982 BCX0\">Nuestro compromiso \u2018<\/span><\/span><span class=\"TextRun SCXW176214982 BCX0\" lang=\"ES-ES\" xml:lang=\"ES-ES\" data-contrast=\"auto\"><span class=\"NormalTextRun SCXW176214982 BCX0\">Ferrovial Juntos COVID-19<\/span><\/span><span class=\"TextRun SCXW176214982 BCX0\" lang=\"ES-ES\" xml:lang=\"ES-ES\" data-contrast=\"auto\"><span class=\"NormalTextRun SCXW176214982 BCX0\">\u2019<\/span><\/span><span class=\"EOP SCXW176214982 BCX0\" data-ccp-props=\"{&quot;201341983&quot;:0,&quot;335551550&quot;:6,&quot;335551620&quot;:6,&quot;335559739&quot;:160,&quot;335559740&quot;:259}\">\u00a0<\/span><\/h2>\n<p><span data-contrast=\"auto\">En Ferrovial concebimos nuestra<\/span><span data-contrast=\"auto\">\u00a0inversi\u00f3n en la comunidad como un instrumento para el desarrollo de la sociedad y del entorno\u00a0<\/span><span data-contrast=\"auto\">en que trabajamos<\/span><span data-contrast=\"auto\">.\u00a0<\/span><span data-contrast=\"auto\">Por ello, en este contexto, constituimos al inicio de la crisis sanitaria<\/span><span data-contrast=\"auto\"> el fondo<a title=\"\u201cFerrovial Juntos COVID-19&quot;\" href=\"https:\/\/www.ferrovial.com\/es\/como-colaborar-con-el-fondo-ferrovial-juntos-covid-19\/\" target=\"_blank\" rel=\"dofollow noopener\"> \u201cFerrovial Juntos COVID-19&#8243;<\/a><\/span><span data-contrast=\"auto\">,\u00a0<\/span><span data-contrast=\"auto\">con una dotaci\u00f3n de hasta 10 millones de euros<\/span><span data-contrast=\"auto\">\u00a0con el que hemos recaudado<\/span><span data-contrast=\"auto\">\u00a0fondos\u00a0<\/span><span data-contrast=\"auto\">para luchar contra la pandemia<\/span><span data-contrast=\"auto\">.<\/span><span data-ccp-props=\"{&quot;201341983&quot;:0,&quot;335551550&quot;:6,&quot;335551620&quot;:6,&quot;335559739&quot;:160,&quot;335559740&quot;:259}\">\u00a0<\/span><\/p>\n<p><span data-contrast=\"auto\">El Fondo tiene por objetivo la aportaci\u00f3n de recursos econ\u00f3micos a la<\/span><span data-contrast=\"auto\">s<\/span><span data-contrast=\"auto\">\u00a0<\/span><span data-contrast=\"auto\">a<\/span><span data-contrast=\"auto\">dministraci<\/span><span data-contrast=\"auto\">ones<\/span><span data-contrast=\"auto\">\u00a0sanitaria<\/span><span data-contrast=\"auto\">s<\/span><span data-contrast=\"auto\">, hospitales, universidades y centros de investigaci\u00f3n o desarrollo, as\u00ed como a\u00a0<\/span><span data-contrast=\"auto\">ONGs<\/span><span data-contrast=\"auto\">\u00a0en una serie de proyectos espec\u00edficos\u00a0<\/span><span data-contrast=\"auto\">centrados<\/span><span data-contrast=\"auto\">\u00a0en la<strong> adquisici\u00f3n de material sanitario<\/strong> y equipamiento m\u00e9dico y la investigaci\u00f3n de soluciones farmacol\u00f3gicas o <strong>vacunas<\/strong> para combatir los efectos de la pandemia\u00a0<\/span><span data-contrast=\"auto\">provocada por el virus COVID-19. Asimismo,\u00a0<\/span><span data-contrast=\"auto\">hemos destinado recursos<\/span><span data-contrast=\"auto\">\u00a0econ\u00f3micos del Fondo para la ayuda a <strong>grupos vulnerables<\/strong> o en riesgo de exclusi\u00f3n\u00a0<\/span><span data-contrast=\"auto\">como\u00a0<\/span><span data-contrast=\"auto\">consecuencia de la actual crisis sanitaria.<\/span><\/p>\n<p>&nbsp;<\/p>\n        <\/div>\n    <\/section>\n","protected":false},"excerpt":{"rendered":"","protected":false},"featured_media":98273,"menu_order":0,"comment_status":"closed","ping_status":"closed","template":"","nivel-2":[906,2621,1912,1024,2201,1036],"nivel-5":[],"nivel-1":[],"nivel-3":[],"nivel-4":[],"class_list":["post-98268","new","type-new","status-publish","has-post-thumbnail","hentry","nivel-2-accion-social","nivel-2-comunicacion","nivel-2-corporativo","nivel-2-premios","nivel-2-proyectos-sociales","nivel-2-responsabilidad-social-corporativa"],"acf":[],"yoast_head":"<title>Reconocemos la labor de los sanitarios que han estado en primera l\u00ednea durante la pandemia Sala de prensa Ferrovial | \u00daltimas noticias<\/title>\n<meta name=\"description\" content=\"En el homenaje del peri\u00f3dico La Raz\u00f3n, nuestro director de Comunicaci\u00f3n y RSC,\u00a0Juan Francisco Polo, entreg\u00f3 la placa al director gerente del SUMMA,\u00a0Pablo Busca,\u00a0en representaci\u00f3n de todos los trabajadores cuya labor result\u00f3 fundamental para salvar muchas vidas durante la crisis de la covid-19.\" \/>\n<meta name=\"robots\" content=\"index, follow, max-snippet:-1, max-image-preview:large, max-video-preview:-1\" \/>\n<link rel=\"canonical\" href=\"https:\/\/newsroom.ferrovial.com\/es\/noticias\/reconocemos-sanitarios-covid19\/\" \/>\n<meta property=\"og:locale\" content=\"es_ES\" \/>\n<meta property=\"og:type\" content=\"article\" \/>\n<meta property=\"og:title\" content=\"Reconocemos la labor de los sanitarios que han estado en primera l\u00ednea durante la pandemia Sala de prensa Ferrovial | \u00daltimas noticias\" \/>\n<meta property=\"og:description\" content=\"En el homenaje del peri\u00f3dico La Raz\u00f3n, nuestro director de Comunicaci\u00f3n y RSC,\u00a0Juan Francisco Polo, entreg\u00f3 la placa al director gerente del SUMMA,\u00a0Pablo Busca,\u00a0en representaci\u00f3n de todos los trabajadores cuya labor result\u00f3 fundamental para salvar muchas vidas durante la crisis de la covid-19.\" \/>\n<meta property=\"og:url\" content=\"https:\/\/newsroom.ferrovial.com\/es\/noticias\/reconocemos-sanitarios-covid19\/\" \/>\n<meta property=\"og:site_name\" content=\"Sala de prensa Ferrovial | \u00daltimas noticias\" \/>\n<meta property=\"article:publisher\" content=\"https:\/\/www.facebook.com\/ferrovial\" \/>\n<meta property=\"article:modified_time\" content=\"2024-12-13T19:04:21+00:00\" \/>\n<meta property=\"og:image\" content=\"https:\/\/newsroom.ferrovial.com\/wp-content\/uploads\/sites\/4\/2020\/07\/premios-sanitarios-la-razon-scaled-e1594973963447.jpg\" \/>\n\t<meta property=\"og:image:width\" content=\"1971\" \/>\n\t<meta property=\"og:image:height\" content=\"1708\" \/>\n\t<meta property=\"og:image:type\" content=\"image\/jpeg\" \/>\n<meta name=\"twitter:card\" content=\"summary_large_image\" \/>\n<meta name=\"twitter:site\" content=\"@ferrovial\" \/>\n<meta name=\"twitter:label1\" content=\"Tiempo de lectura\" \/>\n\t<meta name=\"twitter:data1\" content=\"3 minutos\" \/>\n<script type=\"application\/ld+json\" class=\"yoast-schema-graph\">{\"@context\":\"https:\/\/schema.org\",\"@graph\":[{\"@type\":\"WebPage\",\"@id\":\"https:\/\/newsroom.ferrovial.com\/es\/noticias\/reconocemos-sanitarios-covid19\/\",\"url\":\"https:\/\/newsroom.ferrovial.com\/es\/noticias\/reconocemos-sanitarios-covid19\/\",\"name\":\"Reconocemos la labor de los sanitarios que han estado en primera l\u00ednea durante la pandemia Sala de prensa Ferrovial | \u00daltimas noticias\",\"isPartOf\":{\"@id\":\"https:\/\/newsroom.ferrovial.com\/es\/#website\"},\"primaryImageOfPage\":{\"@id\":\"https:\/\/newsroom.ferrovial.com\/es\/noticias\/reconocemos-sanitarios-covid19\/#primaryimage\"},\"image\":{\"@id\":\"https:\/\/newsroom.ferrovial.com\/es\/noticias\/reconocemos-sanitarios-covid19\/#primaryimage\"},\"thumbnailUrl\":\"https:\/\/newsroom.ferrovial.com\/wp-content\/uploads\/2020\/07\/premios-sanitarios-la-razon-scaled-e1594973963447.jpg\",\"datePublished\":\"2020-07-17T09:10:34+00:00\",\"dateModified\":\"2024-12-13T19:04:21+00:00\",\"description\":\"En el homenaje del peri\u00f3dico La Raz\u00f3n, nuestro director de Comunicaci\u00f3n y RSC,\u00a0Juan Francisco Polo, entreg\u00f3 la placa al director gerente del SUMMA,\u00a0Pablo Busca,\u00a0en representaci\u00f3n de todos los trabajadores cuya labor result\u00f3 fundamental para salvar muchas vidas durante la crisis de la covid-19.\",\"breadcrumb\":{\"@id\":\"https:\/\/newsroom.ferrovial.com\/es\/noticias\/reconocemos-sanitarios-covid19\/#breadcrumb\"},\"inLanguage\":\"es\",\"potentialAction\":[{\"@type\":\"ReadAction\",\"target\":[\"https:\/\/newsroom.ferrovial.com\/es\/noticias\/reconocemos-sanitarios-covid19\/\"]}]},{\"@type\":\"ImageObject\",\"inLanguage\":\"es\",\"@id\":\"https:\/\/newsroom.ferrovial.com\/es\/noticias\/reconocemos-sanitarios-covid19\/#primaryimage\",\"url\":\"https:\/\/newsroom.ferrovial.com\/wp-content\/uploads\/2020\/07\/premios-sanitarios-la-razon-scaled-e1594973963447.jpg\",\"contentUrl\":\"https:\/\/newsroom.ferrovial.com\/wp-content\/uploads\/2020\/07\/premios-sanitarios-la-razon-scaled-e1594973963447.jpg\",\"width\":1971,\"height\":1708,\"caption\":\"Premios sanitarios pandemia covid-19 La Raz\u00f3n\"},{\"@type\":\"BreadcrumbList\",\"@id\":\"https:\/\/newsroom.ferrovial.com\/es\/noticias\/reconocemos-sanitarios-covid19\/#breadcrumb\",\"itemListElement\":[{\"@type\":\"ListItem\",\"position\":1,\"name\":\"Portada\",\"item\":\"https:\/\/newsroom.ferrovial.com\/es\/\"},{\"@type\":\"ListItem\",\"position\":2,\"name\":\"Reconocemos la labor de los sanitarios que han estado en primera l\u00ednea durante la pandemia\"}]},{\"@type\":\"WebSite\",\"@id\":\"https:\/\/newsroom.ferrovial.com\/es\/#website\",\"url\":\"https:\/\/newsroom.ferrovial.com\/es\/\",\"name\":\"Sala de prensa Ferrovial | \u00daltimas noticias\",\"description\":\"Sala de prensa Ferrovial | \u00daltimas noticias\",\"publisher\":{\"@id\":\"https:\/\/newsroom.ferrovial.com\/es\/#organization\"},\"potentialAction\":[{\"@type\":\"SearchAction\",\"target\":{\"@type\":\"EntryPoint\",\"urlTemplate\":\"https:\/\/newsroom.ferrovial.com\/es\/?s={search_term_string}\"},\"query-input\":{\"@type\":\"PropertyValueSpecification\",\"valueRequired\":true,\"valueName\":\"search_term_string\"}}],\"inLanguage\":\"es\"},{\"@type\":\"Organization\",\"@id\":\"https:\/\/newsroom.ferrovial.com\/es\/#organization\",\"name\":\"Ferrovial S.A.\",\"url\":\"https:\/\/newsroom.ferrovial.com\/es\/\",\"logo\":{\"@type\":\"ImageObject\",\"inLanguage\":\"es\",\"@id\":\"https:\/\/newsroom.ferrovial.com\/es\/#\/schema\/logo\/image\/\",\"url\":\"https:\/\/static.newsroom.ferrovial.com\/wp-content\/uploads\/2018\/07\/15145720\/Ferrovial_Logotipo1.jpg\",\"contentUrl\":\"https:\/\/static.newsroom.ferrovial.com\/wp-content\/uploads\/2018\/07\/15145720\/Ferrovial_Logotipo1.jpg\",\"width\":600,\"height\":300,\"caption\":\"Ferrovial S.A.\"},\"image\":{\"@id\":\"https:\/\/newsroom.ferrovial.com\/es\/#\/schema\/logo\/image\/\"},\"sameAs\":[\"https:\/\/www.facebook.com\/ferrovial\",\"https:\/\/x.com\/ferrovial\",\"https:\/\/www.instagram.com\/ferrovial\/\",\"https:\/\/www.linkedin.com\/company\/ferrovial\",\"https:\/\/www.pinterest.es\/ferrovial\/\",\"https:\/\/www.youtube.com\/ferrovial\",\"https:\/\/en.wikipedia.org\/wiki\/Ferrovial\"]}]}<\/script>","yoast_head_json":{"title":"Reconocemos la labor de los sanitarios que han estado en primera l\u00ednea durante la pandemia Sala de prensa Ferrovial | \u00daltimas noticias","description":"En el homenaje del peri\u00f3dico La Raz\u00f3n, nuestro director de Comunicaci\u00f3n y RSC,\u00a0Juan Francisco Polo, entreg\u00f3 la placa al director gerente del SUMMA,\u00a0Pablo Busca,\u00a0en representaci\u00f3n de todos los trabajadores cuya labor result\u00f3 fundamental para salvar muchas vidas durante la crisis de la covid-19.","robots":{"index":"index","follow":"follow","max-snippet":"max-snippet:-1","max-image-preview":"max-image-preview:large","max-video-preview":"max-video-preview:-1"},"canonical":"https:\/\/newsroom.ferrovial.com\/es\/noticias\/reconocemos-sanitarios-covid19\/","og_locale":"es_ES","og_type":"article","og_title":"Reconocemos la labor de los sanitarios que han estado en primera l\u00ednea durante la pandemia Sala de prensa Ferrovial | \u00daltimas noticias","og_description":"En el homenaje del peri\u00f3dico La Raz\u00f3n, nuestro director de Comunicaci\u00f3n y RSC,\u00a0Juan Francisco Polo, entreg\u00f3 la placa al director gerente del SUMMA,\u00a0Pablo Busca,\u00a0en representaci\u00f3n de todos los trabajadores cuya labor result\u00f3 fundamental para salvar muchas vidas durante la crisis de la covid-19.","og_url":"https:\/\/newsroom.ferrovial.com\/es\/noticias\/reconocemos-sanitarios-covid19\/","og_site_name":"Sala de prensa Ferrovial | \u00daltimas noticias","article_publisher":"https:\/\/www.facebook.com\/ferrovial","article_modified_time":"2024-12-13T19:04:21+00:00","og_image":[{"width":1971,"height":1708,"url":"https:\/\/newsroom.ferrovial.com\/wp-content\/uploads\/sites\/4\/2020\/07\/premios-sanitarios-la-razon-scaled-e1594973963447.jpg","type":"image\/jpeg"}],"twitter_card":"summary_large_image","twitter_site":"@ferrovial","twitter_misc":{"Tiempo de lectura":"3 minutos"},"schema":{"@context":"https:\/\/schema.org","@graph":[{"@type":"WebPage","@id":"https:\/\/newsroom.ferrovial.com\/es\/noticias\/reconocemos-sanitarios-covid19\/","url":"https:\/\/newsroom.ferrovial.com\/es\/noticias\/reconocemos-sanitarios-covid19\/","name":"Reconocemos la labor de los sanitarios que han estado en primera l\u00ednea durante la pandemia Sala de prensa Ferrovial | \u00daltimas noticias","isPartOf":{"@id":"https:\/\/newsroom.ferrovial.com\/es\/#website"},"primaryImageOfPage":{"@id":"https:\/\/newsroom.ferrovial.com\/es\/noticias\/reconocemos-sanitarios-covid19\/#primaryimage"},"image":{"@id":"https:\/\/newsroom.ferrovial.com\/es\/noticias\/reconocemos-sanitarios-covid19\/#primaryimage"},"thumbnailUrl":"https:\/\/newsroom.ferrovial.com\/wp-content\/uploads\/2020\/07\/premios-sanitarios-la-razon-scaled-e1594973963447.jpg","datePublished":"2020-07-17T09:10:34+00:00","dateModified":"2024-12-13T19:04:21+00:00","description":"En el homenaje del peri\u00f3dico La Raz\u00f3n, nuestro director de Comunicaci\u00f3n y RSC,\u00a0Juan Francisco Polo, entreg\u00f3 la placa al director gerente del SUMMA,\u00a0Pablo Busca,\u00a0en representaci\u00f3n de todos los trabajadores cuya labor result\u00f3 fundamental para salvar muchas vidas durante la crisis de la covid-19.","breadcrumb":{"@id":"https:\/\/newsroom.ferrovial.com\/es\/noticias\/reconocemos-sanitarios-covid19\/#breadcrumb"},"inLanguage":"es","potentialAction":[{"@type":"ReadAction","target":["https:\/\/newsroom.ferrovial.com\/es\/noticias\/reconocemos-sanitarios-covid19\/"]}]},{"@type":"ImageObject","inLanguage":"es","@id":"https:\/\/newsroom.ferrovial.com\/es\/noticias\/reconocemos-sanitarios-covid19\/#primaryimage","url":"https:\/\/newsroom.ferrovial.com\/wp-content\/uploads\/2020\/07\/premios-sanitarios-la-razon-scaled-e1594973963447.jpg","contentUrl":"https:\/\/newsroom.ferrovial.com\/wp-content\/uploads\/2020\/07\/premios-sanitarios-la-razon-scaled-e1594973963447.jpg","width":1971,"height":1708,"caption":"Premios sanitarios pandemia covid-19 La Raz\u00f3n"},{"@type":"BreadcrumbList","@id":"https:\/\/newsroom.ferrovial.com\/es\/noticias\/reconocemos-sanitarios-covid19\/#breadcrumb","itemListElement":[{"@type":"ListItem","position":1,"name":"Portada","item":"https:\/\/newsroom.ferrovial.com\/es\/"},{"@type":"ListItem","position":2,"name":"Reconocemos la labor de los sanitarios que han estado en primera l\u00ednea durante la pandemia"}]},{"@type":"WebSite","@id":"https:\/\/newsroom.ferrovial.com\/es\/#website","url":"https:\/\/newsroom.ferrovial.com\/es\/","name":"Sala de prensa Ferrovial | \u00daltimas noticias","description":"Sala de prensa Ferrovial | \u00daltimas noticias","publisher":{"@id":"https:\/\/newsroom.ferrovial.com\/es\/#organization"},"potentialAction":[{"@type":"SearchAction","target":{"@type":"EntryPoint","urlTemplate":"https:\/\/newsroom.ferrovial.com\/es\/?s={search_term_string}"},"query-input":{"@type":"PropertyValueSpecification","valueRequired":true,"valueName":"search_term_string"}}],"inLanguage":"es"},{"@type":"Organization","@id":"https:\/\/newsroom.ferrovial.com\/es\/#organization","name":"Ferrovial S.A.","url":"https:\/\/newsroom.ferrovial.com\/es\/","logo":{"@type":"ImageObject","inLanguage":"es","@id":"https:\/\/newsroom.ferrovial.com\/es\/#\/schema\/logo\/image\/","url":"https:\/\/static.newsroom.ferrovial.com\/wp-content\/uploads\/2018\/07\/15145720\/Ferrovial_Logotipo1.jpg","contentUrl":"https:\/\/static.newsroom.ferrovial.com\/wp-content\/uploads\/2018\/07\/15145720\/Ferrovial_Logotipo1.jpg","width":600,"height":300,"caption":"Ferrovial S.A."},"image":{"@id":"https:\/\/newsroom.ferrovial.com\/es\/#\/schema\/logo\/image\/"},"sameAs":["https:\/\/www.facebook.com\/ferrovial","https:\/\/x.com\/ferrovial","https:\/\/www.instagram.com\/ferrovial\/","https:\/\/www.linkedin.com\/company\/ferrovial","https:\/\/www.pinterest.es\/ferrovial\/","https:\/\/www.youtube.com\/ferrovial","https:\/\/en.wikipedia.org\/wiki\/Ferrovial"]}]}},"_links":{"self":[{"href":"https:\/\/newsroom.ferrovial.com\/es\/wp-json\/wp\/v2\/new\/98268","targetHints":{"allow":["GET"]}}],"collection":[{"href":"https:\/\/newsroom.ferrovial.com\/es\/wp-json\/wp\/v2\/new"}],"about":[{"href":"https:\/\/newsroom.ferrovial.com\/es\/wp-json\/wp\/v2\/types\/new"}],"replies":[{"embeddable":true,"href":"https:\/\/newsroom.ferrovial.com\/es\/wp-json\/wp\/v2\/comments?post=98268"}],"version-history":[{"count":3,"href":"https:\/\/newsroom.ferrovial.com\/es\/wp-json\/wp\/v2\/new\/98268\/revisions"}],"predecessor-version":[{"id":127278,"href":"https:\/\/newsroom.ferrovial.com\/es\/wp-json\/wp\/v2\/new\/98268\/revisions\/127278"}],"wp:featuredmedia":[{"embeddable":true,"href":"https:\/\/newsroom.ferrovial.com\/es\/wp-json\/wp\/v2\/media\/98273"}],"wp:attachment":[{"href":"https:\/\/newsroom.ferrovial.com\/es\/wp-json\/wp\/v2\/media?parent=98268"}],"wp:term":[{"taxonomy":"nivel-2","embeddable":true,"href":"https:\/\/newsroom.ferrovial.com\/es\/wp-json\/wp\/v2\/nivel-2?post=98268"},{"taxonomy":"nivel-5","embeddable":true,"href":"https:\/\/newsroom.ferrovial.com\/es\/wp-json\/wp\/v2\/nivel-5?post=98268"},{"taxonomy":"nivel-1","embeddable":true,"href":"https:\/\/newsroom.ferrovial.com\/es\/wp-json\/wp\/v2\/nivel-1?post=98268"},{"taxonomy":"nivel-3","embeddable":true,"href":"https:\/\/newsroom.ferrovial.com\/es\/wp-json\/wp\/v2\/nivel-3?post=98268"},{"taxonomy":"nivel-4","embeddable":true,"href":"https:\/\/newsroom.ferrovial.com\/es\/wp-json\/wp\/v2\/nivel-4?post=98268"}],"curies":[{"name":"wp","href":"https:\/\/api.w.org\/{rel}","templated":true}]}}