{"id":7685,"date":"2013-11-27T00:00:00","date_gmt":"2013-11-27T00:00:00","guid":{"rendered":"https:\/\/newsroom.ferrovial.com\/videos\/rafael-del-pino-recoge-el-premio-academiae-dilecta-2013-de-la-real-academia-de-ingenieria\/"},"modified":"2018-09-13T10:49:48","modified_gmt":"2018-09-13T08:49:48","slug":"rafael-del-pino-recoge-el-premio-academiae-dilecta-2013-de-la-real-academia-de-ingenieria","status":"publish","type":"video","link":"https:\/\/newsroom.ferrovial.com\/es\/videos\/rafael-del-pino-recoge-el-premio-academiae-dilecta-2013-de-la-real-academia-de-ingenieria\/","title":{"rendered":"Rafael del Pino recoge el premio Academiae Dilecta 2013 de la Real Academia de Ingenier\u00eda"},"content":{"rendered":"    <section class=\"wysiwyg text-editor \" id=\"\">\n        <div class=\"container container--narrow container--p-10\">\n            <p><a title=\"Rafael del Pino Presidente\" href=\"https:\/\/www.ferrovial.com\/es\/compania\/sobre-nosotros\/presidente\/\" target=\"_blank\" rel=\"noopener\">Rafael del Pino<\/a>, presidente de Ferrovial, ha recogido el\u00a0<a title=\"premio \u201cAcademiae Dilecta\u201d 2013 (ventana nueva)\" href=\"http:\/\/www.raing.es\/es\/premios\/premios-academiae-dilecta\/premio-academiae-dilecta-2013\" target=\"_blank\" rel=\"noopener\">premio \u201cAcademiae Dilecta\u201d 2013<\/a>\u00a0concedido por la\u00a0<a title=\"Real Academia de Ingenier\u00eda (ventana nueva)\" href=\"http:\/\/www.raing.es\/es\" target=\"_blank\" rel=\"noopener\">Real Academia de Ingenier\u00eda<\/a>\u00a0en un solemne acto celebrado en su sede.<\/p>\n        <\/div>\n    <\/section>\n","protected":false},"excerpt":{"rendered":"","protected":false},"featured_media":814,"menu_order":0,"comment_status":"closed","ping_status":"closed","template":"","nivel-2":[972,987,2200,1024],"nivel-5":[1902],"nivel-1":[],"nivel-3":[1258],"nivel-4":[],"class_list":["post-7685","video","type-video","status-publish","has-post-thumbnail","hentry","nivel-2-eventos","nivel-2-infraestructuras","nivel-2-innovacion","nivel-2-premios","nivel-5-ferrovial","nivel-3-espana"],"acf":[],"yoast_head":"<title>Rafael del Pino recoge el premio Academiae Dilecta 2013 de la Real Academia de Ingenier\u00eda Sala de prensa Ferrovial | \u00daltimas noticias<\/title>\n<meta name=\"description\" content=\"Sala de prensa Ferrovial | \u00daltimas noticias\" \/>\n<meta name=\"robots\" content=\"index, follow, max-snippet:-1, max-image-preview:large, max-video-preview:-1\" \/>\n<link rel=\"canonical\" href=\"https:\/\/newsroom.ferrovial.com\/es\/videos\/rafael-del-pino-recoge-el-premio-academiae-dilecta-2013-de-la-real-academia-de-ingenieria\/\" \/>\n<meta property=\"og:locale\" content=\"es_ES\" \/>\n<meta property=\"og:type\" content=\"article\" \/>\n<meta property=\"og:title\" content=\"Rafael del Pino recoge el premio Academiae Dilecta 2013 de la Real Academia de Ingenier\u00eda Sala de prensa Ferrovial | \u00daltimas noticias\" \/>\n<meta property=\"og:description\" content=\"Sala de prensa Ferrovial | \u00daltimas noticias\" \/>\n<meta property=\"og:url\" content=\"https:\/\/newsroom.ferrovial.com\/es\/videos\/rafael-del-pino-recoge-el-premio-academiae-dilecta-2013-de-la-real-academia-de-ingenieria\/\" \/>\n<meta property=\"og:site_name\" content=\"Sala de prensa Ferrovial | \u00daltimas noticias\" \/>\n<meta property=\"article:publisher\" content=\"https:\/\/www.facebook.com\/ferrovial\" \/>\n<meta property=\"article:modified_time\" content=\"2018-09-13T08:49:48+00:00\" \/>\n<meta property=\"og:image\" content=\"https:\/\/static.newsroom.ferrovial.com\/wp-content\/uploads\/sites\/4\/2018\/07\/13174605\/rafael-del-pino-premio-academiae-dilecta.jpg\" \/>\n\t<meta property=\"og:image:width\" content=\"520\" \/>\n\t<meta property=\"og:image:height\" content=\"346\" \/>\n\t<meta property=\"og:image:type\" content=\"image\/jpeg\" \/>\n<meta name=\"twitter:card\" content=\"summary_large_image\" \/>\n<meta name=\"twitter:site\" content=\"@ferrovial\" \/>\n<script type=\"application\/ld+json\" class=\"yoast-schema-graph\">{\"@context\":\"https:\/\/schema.org\",\"@graph\":[{\"@type\":\"WebPage\",\"@id\":\"https:\/\/newsroom.ferrovial.com\/es\/videos\/rafael-del-pino-recoge-el-premio-academiae-dilecta-2013-de-la-real-academia-de-ingenieria\/\",\"url\":\"https:\/\/newsroom.ferrovial.com\/es\/videos\/rafael-del-pino-recoge-el-premio-academiae-dilecta-2013-de-la-real-academia-de-ingenieria\/\",\"name\":\"Rafael del Pino recoge el premio Academiae Dilecta 2013 de la Real Academia de Ingenier\u00eda Sala de prensa Ferrovial | \u00daltimas noticias\",\"isPartOf\":{\"@id\":\"https:\/\/newsroom.ferrovial.com\/es\/#website\"},\"primaryImageOfPage\":{\"@id\":\"https:\/\/newsroom.ferrovial.com\/es\/videos\/rafael-del-pino-recoge-el-premio-academiae-dilecta-2013-de-la-real-academia-de-ingenieria\/#primaryimage\"},\"image\":{\"@id\":\"https:\/\/newsroom.ferrovial.com\/es\/videos\/rafael-del-pino-recoge-el-premio-academiae-dilecta-2013-de-la-real-academia-de-ingenieria\/#primaryimage\"},\"thumbnailUrl\":\"https:\/\/static.newsroom.ferrovial.com\/wp-content\/uploads\/2018\/07\/15154222\/rafael-del-pino-premio-academiae-dilecta.jpg\",\"datePublished\":\"2013-11-27T00:00:00+00:00\",\"dateModified\":\"2018-09-13T08:49:48+00:00\",\"description\":\"Sala de prensa Ferrovial | \u00daltimas noticias\",\"breadcrumb\":{\"@id\":\"https:\/\/newsroom.ferrovial.com\/es\/videos\/rafael-del-pino-recoge-el-premio-academiae-dilecta-2013-de-la-real-academia-de-ingenieria\/#breadcrumb\"},\"inLanguage\":\"es\",\"potentialAction\":[{\"@type\":\"ReadAction\",\"target\":[\"https:\/\/newsroom.ferrovial.com\/es\/videos\/rafael-del-pino-recoge-el-premio-academiae-dilecta-2013-de-la-real-academia-de-ingenieria\/\"]}]},{\"@type\":\"ImageObject\",\"inLanguage\":\"es\",\"@id\":\"https:\/\/newsroom.ferrovial.com\/es\/videos\/rafael-del-pino-recoge-el-premio-academiae-dilecta-2013-de-la-real-academia-de-ingenieria\/#primaryimage\",\"url\":\"https:\/\/static.newsroom.ferrovial.com\/wp-content\/uploads\/2018\/07\/15154222\/rafael-del-pino-premio-academiae-dilecta.jpg\",\"contentUrl\":\"https:\/\/static.newsroom.ferrovial.com\/wp-content\/uploads\/2018\/07\/15154222\/rafael-del-pino-premio-academiae-dilecta.jpg\",\"width\":520,\"height\":346},{\"@type\":\"BreadcrumbList\",\"@id\":\"https:\/\/newsroom.ferrovial.com\/es\/videos\/rafael-del-pino-recoge-el-premio-academiae-dilecta-2013-de-la-real-academia-de-ingenieria\/#breadcrumb\",\"itemListElement\":[{\"@type\":\"ListItem\",\"position\":1,\"name\":\"Portada\",\"item\":\"https:\/\/newsroom.ferrovial.com\/es\/\"},{\"@type\":\"ListItem\",\"position\":2,\"name\":\"V\u00eddeos\",\"item\":\"https:\/\/newsroom.ferrovial.com\/es\/videos\/\"},{\"@type\":\"ListItem\",\"position\":3,\"name\":\"Rafael del Pino recoge el premio Academiae Dilecta 2013 de la Real Academia de Ingenier\u00eda\"}]},{\"@type\":\"WebSite\",\"@id\":\"https:\/\/newsroom.ferrovial.com\/es\/#website\",\"url\":\"https:\/\/newsroom.ferrovial.com\/es\/\",\"name\":\"Sala de prensa Ferrovial | \u00daltimas noticias\",\"description\":\"Sala de prensa Ferrovial | \u00daltimas noticias\",\"publisher\":{\"@id\":\"https:\/\/newsroom.ferrovial.com\/es\/#organization\"},\"potentialAction\":[{\"@type\":\"SearchAction\",\"target\":{\"@type\":\"EntryPoint\",\"urlTemplate\":\"https:\/\/newsroom.ferrovial.com\/es\/?s={search_term_string}\"},\"query-input\":{\"@type\":\"PropertyValueSpecification\",\"valueRequired\":true,\"valueName\":\"search_term_string\"}}],\"inLanguage\":\"es\"},{\"@type\":\"Organization\",\"@id\":\"https:\/\/newsroom.ferrovial.com\/es\/#organization\",\"name\":\"Ferrovial S.A.\",\"url\":\"https:\/\/newsroom.ferrovial.com\/es\/\",\"logo\":{\"@type\":\"ImageObject\",\"inLanguage\":\"es\",\"@id\":\"https:\/\/newsroom.ferrovial.com\/es\/#\/schema\/logo\/image\/\",\"url\":\"https:\/\/static.newsroom.ferrovial.com\/wp-content\/uploads\/2018\/07\/15145720\/Ferrovial_Logotipo1.jpg\",\"contentUrl\":\"https:\/\/static.newsroom.ferrovial.com\/wp-content\/uploads\/2018\/07\/15145720\/Ferrovial_Logotipo1.jpg\",\"width\":600,\"height\":300,\"caption\":\"Ferrovial S.A.\"},\"image\":{\"@id\":\"https:\/\/newsroom.ferrovial.com\/es\/#\/schema\/logo\/image\/\"},\"sameAs\":[\"https:\/\/www.facebook.com\/ferrovial\",\"https:\/\/x.com\/ferrovial\",\"https:\/\/www.instagram.com\/ferrovial\/\",\"https:\/\/www.linkedin.com\/company\/ferrovial\",\"https:\/\/www.pinterest.es\/ferrovial\/\",\"https:\/\/www.youtube.com\/ferrovial\",\"https:\/\/en.wikipedia.org\/wiki\/Ferrovial\"]}]}<\/script>","yoast_head_json":{"title":"Rafael del Pino recoge el premio Academiae Dilecta 2013 de la Real Academia de Ingenier\u00eda Sala de prensa Ferrovial | \u00daltimas noticias","description":"Sala de prensa Ferrovial | \u00daltimas noticias","robots":{"index":"index","follow":"follow","max-snippet":"max-snippet:-1","max-image-preview":"max-image-preview:large","max-video-preview":"max-video-preview:-1"},"canonical":"https:\/\/newsroom.ferrovial.com\/es\/videos\/rafael-del-pino-recoge-el-premio-academiae-dilecta-2013-de-la-real-academia-de-ingenieria\/","og_locale":"es_ES","og_type":"article","og_title":"Rafael del Pino recoge el premio Academiae Dilecta 2013 de la Real Academia de Ingenier\u00eda Sala de prensa Ferrovial | \u00daltimas noticias","og_description":"Sala de prensa Ferrovial | \u00daltimas noticias","og_url":"https:\/\/newsroom.ferrovial.com\/es\/videos\/rafael-del-pino-recoge-el-premio-academiae-dilecta-2013-de-la-real-academia-de-ingenieria\/","og_site_name":"Sala de prensa Ferrovial | \u00daltimas noticias","article_publisher":"https:\/\/www.facebook.com\/ferrovial","article_modified_time":"2018-09-13T08:49:48+00:00","og_image":[{"width":520,"height":346,"url":"https:\/\/static.newsroom.ferrovial.com\/wp-content\/uploads\/sites\/4\/2018\/07\/13174605\/rafael-del-pino-premio-academiae-dilecta.jpg","type":"image\/jpeg"}],"twitter_card":"summary_large_image","twitter_site":"@ferrovial","schema":{"@context":"https:\/\/schema.org","@graph":[{"@type":"WebPage","@id":"https:\/\/newsroom.ferrovial.com\/es\/videos\/rafael-del-pino-recoge-el-premio-academiae-dilecta-2013-de-la-real-academia-de-ingenieria\/","url":"https:\/\/newsroom.ferrovial.com\/es\/videos\/rafael-del-pino-recoge-el-premio-academiae-dilecta-2013-de-la-real-academia-de-ingenieria\/","name":"Rafael del Pino recoge el premio Academiae Dilecta 2013 de la Real Academia de Ingenier\u00eda Sala de prensa Ferrovial | \u00daltimas noticias","isPartOf":{"@id":"https:\/\/newsroom.ferrovial.com\/es\/#website"},"primaryImageOfPage":{"@id":"https:\/\/newsroom.ferrovial.com\/es\/videos\/rafael-del-pino-recoge-el-premio-academiae-dilecta-2013-de-la-real-academia-de-ingenieria\/#primaryimage"},"image":{"@id":"https:\/\/newsroom.ferrovial.com\/es\/videos\/rafael-del-pino-recoge-el-premio-academiae-dilecta-2013-de-la-real-academia-de-ingenieria\/#primaryimage"},"thumbnailUrl":"https:\/\/static.newsroom.ferrovial.com\/wp-content\/uploads\/2018\/07\/15154222\/rafael-del-pino-premio-academiae-dilecta.jpg","datePublished":"2013-11-27T00:00:00+00:00","dateModified":"2018-09-13T08:49:48+00:00","description":"Sala de prensa Ferrovial | \u00daltimas noticias","breadcrumb":{"@id":"https:\/\/newsroom.ferrovial.com\/es\/videos\/rafael-del-pino-recoge-el-premio-academiae-dilecta-2013-de-la-real-academia-de-ingenieria\/#breadcrumb"},"inLanguage":"es","potentialAction":[{"@type":"ReadAction","target":["https:\/\/newsroom.ferrovial.com\/es\/videos\/rafael-del-pino-recoge-el-premio-academiae-dilecta-2013-de-la-real-academia-de-ingenieria\/"]}]},{"@type":"ImageObject","inLanguage":"es","@id":"https:\/\/newsroom.ferrovial.com\/es\/videos\/rafael-del-pino-recoge-el-premio-academiae-dilecta-2013-de-la-real-academia-de-ingenieria\/#primaryimage","url":"https:\/\/static.newsroom.ferrovial.com\/wp-content\/uploads\/2018\/07\/15154222\/rafael-del-pino-premio-academiae-dilecta.jpg","contentUrl":"https:\/\/static.newsroom.ferrovial.com\/wp-content\/uploads\/2018\/07\/15154222\/rafael-del-pino-premio-academiae-dilecta.jpg","width":520,"height":346},{"@type":"BreadcrumbList","@id":"https:\/\/newsroom.ferrovial.com\/es\/videos\/rafael-del-pino-recoge-el-premio-academiae-dilecta-2013-de-la-real-academia-de-ingenieria\/#breadcrumb","itemListElement":[{"@type":"ListItem","position":1,"name":"Portada","item":"https:\/\/newsroom.ferrovial.com\/es\/"},{"@type":"ListItem","position":2,"name":"V\u00eddeos","item":"https:\/\/newsroom.ferrovial.com\/es\/videos\/"},{"@type":"ListItem","position":3,"name":"Rafael del Pino recoge el premio Academiae Dilecta 2013 de la Real Academia de Ingenier\u00eda"}]},{"@type":"WebSite","@id":"https:\/\/newsroom.ferrovial.com\/es\/#website","url":"https:\/\/newsroom.ferrovial.com\/es\/","name":"Sala de prensa Ferrovial | \u00daltimas noticias","description":"Sala de prensa Ferrovial | \u00daltimas noticias","publisher":{"@id":"https:\/\/newsroom.ferrovial.com\/es\/#organization"},"potentialAction":[{"@type":"SearchAction","target":{"@type":"EntryPoint","urlTemplate":"https:\/\/newsroom.ferrovial.com\/es\/?s={search_term_string}"},"query-input":{"@type":"PropertyValueSpecification","valueRequired":true,"valueName":"search_term_string"}}],"inLanguage":"es"},{"@type":"Organization","@id":"https:\/\/newsroom.ferrovial.com\/es\/#organization","name":"Ferrovial S.A.","url":"https:\/\/newsroom.ferrovial.com\/es\/","logo":{"@type":"ImageObject","inLanguage":"es","@id":"https:\/\/newsroom.ferrovial.com\/es\/#\/schema\/logo\/image\/","url":"https:\/\/static.newsroom.ferrovial.com\/wp-content\/uploads\/2018\/07\/15145720\/Ferrovial_Logotipo1.jpg","contentUrl":"https:\/\/static.newsroom.ferrovial.com\/wp-content\/uploads\/2018\/07\/15145720\/Ferrovial_Logotipo1.jpg","width":600,"height":300,"caption":"Ferrovial S.A."},"image":{"@id":"https:\/\/newsroom.ferrovial.com\/es\/#\/schema\/logo\/image\/"},"sameAs":["https:\/\/www.facebook.com\/ferrovial","https:\/\/x.com\/ferrovial","https:\/\/www.instagram.com\/ferrovial\/","https:\/\/www.linkedin.com\/company\/ferrovial","https:\/\/www.pinterest.es\/ferrovial\/","https:\/\/www.youtube.com\/ferrovial","https:\/\/en.wikipedia.org\/wiki\/Ferrovial"]}]}},"_links":{"self":[{"href":"https:\/\/newsroom.ferrovial.com\/es\/wp-json\/wp\/v2\/video\/7685","targetHints":{"allow":["GET"]}}],"collection":[{"href":"https:\/\/newsroom.ferrovial.com\/es\/wp-json\/wp\/v2\/video"}],"about":[{"href":"https:\/\/newsroom.ferrovial.com\/es\/wp-json\/wp\/v2\/types\/video"}],"replies":[{"embeddable":true,"href":"https:\/\/newsroom.ferrovial.com\/es\/wp-json\/wp\/v2\/comments?post=7685"}],"version-history":[{"count":0,"href":"https:\/\/newsroom.ferrovial.com\/es\/wp-json\/wp\/v2\/video\/7685\/revisions"}],"wp:featuredmedia":[{"embeddable":true,"href":"https:\/\/newsroom.ferrovial.com\/es\/wp-json\/wp\/v2\/media\/814"}],"wp:attachment":[{"href":"https:\/\/newsroom.ferrovial.com\/es\/wp-json\/wp\/v2\/media?parent=7685"}],"wp:term":[{"taxonomy":"nivel-2","embeddable":true,"href":"https:\/\/newsroom.ferrovial.com\/es\/wp-json\/wp\/v2\/nivel-2?post=7685"},{"taxonomy":"nivel-5","embeddable":true,"href":"https:\/\/newsroom.ferrovial.com\/es\/wp-json\/wp\/v2\/nivel-5?post=7685"},{"taxonomy":"nivel-1","embeddable":true,"href":"https:\/\/newsroom.ferrovial.com\/es\/wp-json\/wp\/v2\/nivel-1?post=7685"},{"taxonomy":"nivel-3","embeddable":true,"href":"https:\/\/newsroom.ferrovial.com\/es\/wp-json\/wp\/v2\/nivel-3?post=7685"},{"taxonomy":"nivel-4","embeddable":true,"href":"https:\/\/newsroom.ferrovial.com\/es\/wp-json\/wp\/v2\/nivel-4?post=7685"}],"curies":[{"name":"wp","href":"https:\/\/api.w.org\/{rel}","templated":true}]}}